{"id":13166,"date":"2017-01-24T10:31:25","date_gmt":"2017-01-24T09:31:25","guid":{"rendered":"http:\/\/www.josemariatornay.com\/?page_id=13166"},"modified":"2020-04-27T21:23:20","modified_gmt":"2020-04-27T20:23:20","slug":"palacios","status":"publish","type":"page","link":"http:\/\/www.josemariatornay.com\/index.php\/palacios\/","title":{"rendered":"Cicerone y Trovador: Palacios y Casas"},"content":{"rendered":"\t\t<div data-elementor-type=\"wp-post\" data-elementor-id=\"13166\" class=\"elementor elementor-13166 elementor-bc-flex-widget\">\n\t\t\t\t\t\t<section class=\"elementor-section elementor-top-section elementor-element elementor-element-ptzam3t elementor-section-boxed elementor-section-height-default elementor-section-height-default\" data-id=\"ptzam3t\" data-element_type=\"section\">\n\t\t\t\t\t\t<div class=\"elementor-container elementor-column-gap-default\">\n\t\t\t\t\t<div class=\"elementor-column elementor-col-50 elementor-top-column elementor-element elementor-element-fnzbgpa\" data-id=\"fnzbgpa\" data-element_type=\"column\">\n\t\t\t<div class=\"elementor-widget-wrap elementor-element-populated\">\n\t\t\t\t\t\t<div class=\"elementor-element elementor-element-h839bd8 elementor-widget elementor-widget-image\" data-id=\"h839bd8\" data-element_type=\"widget\" data-widget_type=\"image.default\">\n\t\t\t\t<div class=\"elementor-widget-container\">\n\t\t\t<style>\/*! elementor - v3.20.0 - 20-03-2024 *\/\n.elementor-widget-image{text-align:center}.elementor-widget-image a{display:inline-block}.elementor-widget-image a img[src$=\".svg\"]{width:48px}.elementor-widget-image img{vertical-align:middle;display:inline-block}<\/style>\t\t\t\t\t\t\t\t\t\t<img fetchpriority=\"high\" decoding=\"async\" width=\"400\" height=\"300\" src=\"http:\/\/www.josemariatornay.com\/wp-content\/uploads\/2017\/01\/3-1.jpg\" class=\"attachment-large size-large wp-image-13509\" alt=\"\" srcset=\"http:\/\/www.josemariatornay.com\/wp-content\/uploads\/2017\/01\/3-1.jpg 400w, http:\/\/www.josemariatornay.com\/wp-content\/uploads\/2017\/01\/3-1-300x225.jpg 300w\" sizes=\"(max-width: 400px) 100vw, 400px\" \/>\t\t\t\t\t\t\t\t\t\t\t\t\t<\/div>\n\t\t\t\t<\/div>\n\t\t\t\t<div class=\"elementor-element elementor-element-98usmbv elementor-widget elementor-widget-heading\" data-id=\"98usmbv\" data-element_type=\"widget\" data-widget_type=\"heading.default\">\n\t\t\t\t<div class=\"elementor-widget-container\">\n\t\t\t<style>\/*! elementor - v3.20.0 - 20-03-2024 *\/\n.elementor-heading-title{padding:0;margin:0;line-height:1}.elementor-widget-heading .elementor-heading-title[class*=elementor-size-]>a{color:inherit;font-size:inherit;line-height:inherit}.elementor-widget-heading .elementor-heading-title.elementor-size-small{font-size:15px}.elementor-widget-heading .elementor-heading-title.elementor-size-medium{font-size:19px}.elementor-widget-heading .elementor-heading-title.elementor-size-large{font-size:29px}.elementor-widget-heading .elementor-heading-title.elementor-size-xl{font-size:39px}.elementor-widget-heading .elementor-heading-title.elementor-size-xxl{font-size:59px}<\/style><h2 class=\"elementor-heading-title elementor-size-small\">Casa DE LOS MARTOS<\/h2>\t\t<\/div>\n\t\t\t\t<\/div>\n\t\t\t\t<div class=\"elementor-element elementor-element-1hsxgts elementor-widget elementor-widget-text-editor\" data-id=\"1hsxgts\" data-element_type=\"widget\" data-widget_type=\"text-editor.default\">\n\t\t\t\t<div class=\"elementor-widget-container\">\n\t\t\t<style>\/*! elementor - v3.20.0 - 20-03-2024 *\/\n.elementor-widget-text-editor.elementor-drop-cap-view-stacked .elementor-drop-cap{background-color:#69727d;color:#fff}.elementor-widget-text-editor.elementor-drop-cap-view-framed .elementor-drop-cap{color:#69727d;border:3px solid;background-color:transparent}.elementor-widget-text-editor:not(.elementor-drop-cap-view-default) .elementor-drop-cap{margin-top:8px}.elementor-widget-text-editor:not(.elementor-drop-cap-view-default) .elementor-drop-cap-letter{width:1em;height:1em}.elementor-widget-text-editor .elementor-drop-cap{float:left;text-align:center;line-height:1;font-size:50px}.elementor-widget-text-editor .elementor-drop-cap-letter{display:inline-block}<\/style>\t\t\t\t<p><strong>En la casa de los Martos <\/strong><br \/><strong>una veleta traviesa <\/strong><br \/><strong>dice d\u00f3nde nace el viento: <\/strong><br \/><strong>en la campi\u00f1a, en la sierra; <\/strong><br \/><strong>flama tibia\u00a0 del levante, <\/strong><br \/><strong>hielo del norte que pela, <\/strong><br \/><strong>caricia del sur radiante, <\/strong><br \/><strong>del poniente, las tormentas. <\/strong><\/p><p><strong>.<\/strong><\/p>\t\t\t\t\t\t<\/div>\n\t\t\t\t<\/div>\n\t\t\t\t<div class=\"elementor-element elementor-element-a3oms6z elementor-widget elementor-widget-text-editor\" data-id=\"a3oms6z\" data-element_type=\"widget\" data-widget_type=\"text-editor.default\">\n\t\t\t\t<div class=\"elementor-widget-container\">\n\t\t\t\t\t\t\t<p>La casa que conocemos hoy con el nombre gen\u00e9rico de \u201cla Casa del Campillo\u201d, es propiedad de la familia Martos, en la actualidad de las nietas de D. Francisco Martos Crooke y de su Esposa D\u00aa Maria Avil\u00e9s-Casco. La casa, en sus or\u00edgenes, era una casita corriente adosada a la puerta de los Molinos, que compr\u00f3 el padre de D. Francisco , abogado malague\u00f1o que se traslad\u00f3 a Ronda con su familia.\u00a0\u00a0 \u00c9l mand\u00f3 derruir la casa vieja y le encarg\u00f3 la obra a D. Andr\u00e9s Ram\u00edrez, un constructor afamado de Ronda que subcontrat\u00f3 la casa al abuelo de Rafael Aguilera Hormigo, Rafael Aguilera. Su hijo Francisco, heredero de la casa, se cas\u00f3 con una muchacha muy adinerada de Ronda, llamada Mar\u00eda Alejandra Avil\u00e9s-Casco (ella se hac\u00eda llamar Mar\u00eda-Alex y as\u00ed firmaba sus \u00f3leos), mientras que sus\u00a0hermanas se casaron, Dolores, con un militar que lleg\u00f3 a General,\u00a0 G\u00f3mez L\u00f3pez y Ana con\u00a0 un miembro \u00a0de los Ramos Paul. <br \/>Como an\u00e9cdota contar\u00e9 que el abuelo de los Martos, el que mand\u00f3 construir la casa, mantuvo un litigio con los hortelanos, porque destruy\u00f3 la puerta que hab\u00eda donde actualmente empieza el camino y que era la\u00a0 entrada y salida para acceder a los Molinos y\u00a0 a las huertas. Esto no gust\u00f3 a los hortelanos, que denunciaron el atropello, y la actitud del tal\u00a0 Martos, que los apedreaba cuando sub\u00edan por el camino.\u00a0\u00a0 \u00a0Pero la puerta no volvi\u00f3. En compensaci\u00f3n se puso el azulejo que vemos hoy en d\u00eda, con la inscripci\u00f3n \u201cCiudad de Ronda, Puerta de los Molinos\u201d.\u00a0 <br \/>La casa cuenta con una situaci\u00f3n estrat\u00e9gica envidiable y es una mansi\u00f3n se\u00f1orial con una estructura muy s\u00f3lida y unos trabajos en madera de caoba, sobre todo puertas y z\u00f3calos. Este Martos,\u00a0 que era muy buen abogado, gan\u00f3 un litigio con una familia de Cuba y se trajo bastante madera de caoba que luego utiliz\u00f3 para su casa. Adem\u00e1s de este detalle de las puertas, z\u00f3calos y muebles, la casa posee una riqueza importante en cer\u00e1micas de estilo sevillano y granadino.\u00a0 \u00a0<br \/>El jard\u00edn, aunque peque\u00f1o, es muy coqueto y posee unas panor\u00e1micas del sector norte de Ronda que son una maravilla; se procur\u00f3 en alguna ocasi\u00f3n instalar alg\u00fan tipo de actividad de tipo tur\u00edstico por los nietos de la familia, pero todos los intentos han fracasado a m\u00e1s o menos plazo.\u00a0\u00a0 \u00a0Por su situaci\u00f3n, por sus instalaciones y sobre todo por la parcela importante que ocupa,, merecer\u00eda la pena que se tuviera en cuenta, por parte del Municipio, la posibilidad de recuperarla y ponerla en valor como parte del Patrimonio ronde\u00f1o.\u00a0 \u00a0Los bajos\u00a0 estaban dedicados al servicio, las cocinas, los fregaderos, los gallineros y un peque\u00f1o huerto, que cuidaba la familia de los Carrasco, unos t\u00edos de Mar\u00eda de los \u00c1ngeles, mi primera mujer; as\u00ed que yo, con determinada frecuencia acud\u00eda con mi novia a visitar a sus t\u00edos, los caseros, de ah\u00ed que conociera un poco la casa.<\/p>\t\t\t\t\t\t<\/div>\n\t\t\t\t<\/div>\n\t\t\t\t\t<\/div>\n\t\t<\/div>\n\t\t\t\t<div class=\"elementor-column elementor-col-50 elementor-top-column elementor-element elementor-element-chtkjt5\" data-id=\"chtkjt5\" data-element_type=\"column\">\n\t\t\t<div class=\"elementor-widget-wrap elementor-element-populated\">\n\t\t\t\t\t\t<div class=\"elementor-element elementor-element-rc8shxp elementor-widget elementor-widget-image\" data-id=\"rc8shxp\" data-element_type=\"widget\" data-widget_type=\"image.default\">\n\t\t\t\t<div class=\"elementor-widget-container\">\n\t\t\t\t\t\t\t\t\t\t\t\t\t<img decoding=\"async\" width=\"400\" height=\"300\" src=\"http:\/\/www.josemariatornay.com\/wp-content\/uploads\/2017\/01\/1-4.jpg\" class=\"attachment-large size-large wp-image-13547\" alt=\"\" srcset=\"http:\/\/www.josemariatornay.com\/wp-content\/uploads\/2017\/01\/1-4.jpg 400w, http:\/\/www.josemariatornay.com\/wp-content\/uploads\/2017\/01\/1-4-300x225.jpg 300w\" sizes=\"(max-width: 400px) 100vw, 400px\" \/>\t\t\t\t\t\t\t\t\t\t\t\t\t<\/div>\n\t\t\t\t<\/div>\n\t\t\t\t<div class=\"elementor-element elementor-element-8rgonep elementor-widget elementor-widget-heading\" data-id=\"8rgonep\" data-element_type=\"widget\" data-widget_type=\"heading.default\">\n\t\t\t\t<div class=\"elementor-widget-container\">\n\t\t\t<h2 class=\"elementor-heading-title elementor-size-small\">Casa DE LOS DUQUES DE AHUMADA<\/h2>\t\t<\/div>\n\t\t\t\t<\/div>\n\t\t\t\t<div class=\"elementor-element elementor-element-e8dc1ne elementor-widget elementor-widget-text-editor\" data-id=\"e8dc1ne\" data-element_type=\"widget\" data-widget_type=\"text-editor.default\">\n\t\t\t\t<div class=\"elementor-widget-container\">\n\t\t\t\t\t\t\t<p><strong>En esta casa vivi\u00f3<\/strong><br \/><strong>y escribi\u00f3 el gran Don Vicente<\/strong><br \/><strong>Espinel, aquel ronde\u00f1o<\/strong><br \/><strong>de las letras un orfebre.<\/strong><br \/><strong>Gloria que Ronda dio al\u00a0 mundo,<\/strong><br \/><strong>regio fruto de su vientre.<\/strong><\/p>\t\t\t\t\t\t<\/div>\n\t\t\t\t<\/div>\n\t\t\t\t<div class=\"elementor-element elementor-element-6xmr3lq elementor-widget elementor-widget-text-editor\" data-id=\"6xmr3lq\" data-element_type=\"widget\" data-widget_type=\"text-editor.default\">\n\t\t\t\t<div class=\"elementor-widget-container\">\n\t\t\t\t\t\t\t<p>La casa de los Duques de Ahumada se encuentra justo a la derecha de la primitiva iglesia de los Salesianos y frente a la casa de D. Francisco Hinojosa. A pesar del t\u00edtulo, se hizo la demolici\u00f3n con la intenci\u00f3n de recuperarla, pero despu\u00e9s de m\u00e1s de veinte a\u00f1os, nadie se ha preocupado de ese tema. Sin embargo, el Ayuntamiento de la \u00e9poca, permiti\u00f3 la demolici\u00f3n, despu\u00e9s de haber segregado las caballerizas para hacer apartamentos y sin vigilar, para nada, la misma. De esta forma ha desaparecido de un \u201cgruazo\u201d una de las casa m\u00e1s emblem\u00e1ticas de Ronda. <br \/>No debemos olvidar que el Duque de Ahumada fue el fundador del Cuerpo de la Guardia Civil, de tanto prestigio en Espa\u00f1a. Actualmente, es un solar lleno de hierbajos, con el brocal del antiguo pozo que hab\u00eda en el patio interior. La casa ocupaba toda la manzana, pero en su tiempo se segreg\u00f3 la parte trasera y las caballerizas y se hicieron unas casitas individuales en la parte posterior y en las caballerizas un bloque enorme, sin haber respetado los vol\u00famenes que ten\u00eda. La parte posterior de la casa era, as\u00ed mismo, propiedad de la familia Ahumada; se trataba de una serie de casitas adosadas; entre ellas, y en la del rinc\u00f3n, estuvo durante mucho tiempo el taller de un carpintero famoso de Ronda, llamado Juan Gonz\u00e1lez \u00abEl Sordo\u00bb. Y, asimismo, la casa que lindaba con la anterior se restaur\u00f3 tambi\u00e9n, ya adquirida por unos privados. <br \/>En esta casa se cuenta, y as\u00ed lo dec\u00eda una plaza que hab\u00eda situada en la fachada, \u201cvivi\u00f3 el beneficiario de Santa Mar\u00eda, el Maestro Vicente Espinel\u201d. Hoy se ha puesto una placa que rememora este detalle, aunque no est\u00e1 en la casa original, que era la de m\u00e1s abajo, sino en la de mi amigo Juan \u00abEl Sordo\u00bb. El \u00faltimo Duque se llam\u00f3 D. Diego Chico de Guzm\u00e1n y Mencos, que estaba casado con D\u00aa Ana Mar\u00eda Gir\u00f3n y Canthal. Estos duques tuvieron mucho tiempo de caseros a la familia Troyano, familia muy querida y reconocida en Ronda y que habitaban la casa en las largas temporadas en que los Duques no estaban en Ronda. De hecho, los \u00faltimos moradores han sido ellos. Se ha conservado la fachada con la portada en piedra y el escudo de la familia de los Ahumada.<\/p>\t\t\t\t\t\t<\/div>\n\t\t\t\t<\/div>\n\t\t\t\t\t<\/div>\n\t\t<\/div>\n\t\t\t\t\t<\/div>\n\t\t<\/section>\n\t\t\t\t<section class=\"elementor-section elementor-top-section elementor-element elementor-element-a3e5680 elementor-section-boxed elementor-section-height-default elementor-section-height-default\" data-id=\"a3e5680\" data-element_type=\"section\">\n\t\t\t\t\t\t<div class=\"elementor-container elementor-column-gap-default\">\n\t\t\t\t\t<div class=\"elementor-column elementor-col-100 elementor-top-column elementor-element elementor-element-11df052\" data-id=\"11df052\" data-element_type=\"column\">\n\t\t\t<div class=\"elementor-widget-wrap elementor-element-populated\">\n\t\t\t\t\t\t<div class=\"elementor-element elementor-element-a89e403 elementor-widget-divider--view-line elementor-widget elementor-widget-divider\" data-id=\"a89e403\" data-element_type=\"widget\" data-widget_type=\"divider.default\">\n\t\t\t\t<div class=\"elementor-widget-container\">\n\t\t\t<style>\/*! elementor - v3.20.0 - 20-03-2024 *\/\n.elementor-widget-divider{--divider-border-style:none;--divider-border-width:1px;--divider-color:#0c0d0e;--divider-icon-size:20px;--divider-element-spacing:10px;--divider-pattern-height:24px;--divider-pattern-size:20px;--divider-pattern-url:none;--divider-pattern-repeat:repeat-x}.elementor-widget-divider .elementor-divider{display:flex}.elementor-widget-divider .elementor-divider__text{font-size:15px;line-height:1;max-width:95%}.elementor-widget-divider .elementor-divider__element{margin:0 var(--divider-element-spacing);flex-shrink:0}.elementor-widget-divider .elementor-icon{font-size:var(--divider-icon-size)}.elementor-widget-divider .elementor-divider-separator{display:flex;margin:0;direction:ltr}.elementor-widget-divider--view-line_icon .elementor-divider-separator,.elementor-widget-divider--view-line_text .elementor-divider-separator{align-items:center}.elementor-widget-divider--view-line_icon .elementor-divider-separator:after,.elementor-widget-divider--view-line_icon .elementor-divider-separator:before,.elementor-widget-divider--view-line_text .elementor-divider-separator:after,.elementor-widget-divider--view-line_text .elementor-divider-separator:before{display:block;content:\"\";border-block-end:0;flex-grow:1;border-block-start:var(--divider-border-width) var(--divider-border-style) var(--divider-color)}.elementor-widget-divider--element-align-left .elementor-divider .elementor-divider-separator>.elementor-divider__svg:first-of-type{flex-grow:0;flex-shrink:100}.elementor-widget-divider--element-align-left .elementor-divider-separator:before{content:none}.elementor-widget-divider--element-align-left .elementor-divider__element{margin-left:0}.elementor-widget-divider--element-align-right .elementor-divider .elementor-divider-separator>.elementor-divider__svg:last-of-type{flex-grow:0;flex-shrink:100}.elementor-widget-divider--element-align-right .elementor-divider-separator:after{content:none}.elementor-widget-divider--element-align-right .elementor-divider__element{margin-right:0}.elementor-widget-divider--element-align-start .elementor-divider .elementor-divider-separator>.elementor-divider__svg:first-of-type{flex-grow:0;flex-shrink:100}.elementor-widget-divider--element-align-start .elementor-divider-separator:before{content:none}.elementor-widget-divider--element-align-start .elementor-divider__element{margin-inline-start:0}.elementor-widget-divider--element-align-end .elementor-divider .elementor-divider-separator>.elementor-divider__svg:last-of-type{flex-grow:0;flex-shrink:100}.elementor-widget-divider--element-align-end .elementor-divider-separator:after{content:none}.elementor-widget-divider--element-align-end .elementor-divider__element{margin-inline-end:0}.elementor-widget-divider:not(.elementor-widget-divider--view-line_text):not(.elementor-widget-divider--view-line_icon) .elementor-divider-separator{border-block-start:var(--divider-border-width) var(--divider-border-style) var(--divider-color)}.elementor-widget-divider--separator-type-pattern{--divider-border-style:none}.elementor-widget-divider--separator-type-pattern.elementor-widget-divider--view-line .elementor-divider-separator,.elementor-widget-divider--separator-type-pattern:not(.elementor-widget-divider--view-line) .elementor-divider-separator:after,.elementor-widget-divider--separator-type-pattern:not(.elementor-widget-divider--view-line) .elementor-divider-separator:before,.elementor-widget-divider--separator-type-pattern:not([class*=elementor-widget-divider--view]) .elementor-divider-separator{width:100%;min-height:var(--divider-pattern-height);-webkit-mask-size:var(--divider-pattern-size) 100%;mask-size:var(--divider-pattern-size) 100%;-webkit-mask-repeat:var(--divider-pattern-repeat);mask-repeat:var(--divider-pattern-repeat);background-color:var(--divider-color);-webkit-mask-image:var(--divider-pattern-url);mask-image:var(--divider-pattern-url)}.elementor-widget-divider--no-spacing{--divider-pattern-size:auto}.elementor-widget-divider--bg-round{--divider-pattern-repeat:round}.rtl .elementor-widget-divider .elementor-divider__text{direction:rtl}.e-con-inner>.elementor-widget-divider,.e-con>.elementor-widget-divider{width:var(--container-widget-width,100%);--flex-grow:var(--container-widget-flex-grow)}<\/style>\t\t<div class=\"elementor-divider\">\n\t\t\t<span class=\"elementor-divider-separator\">\n\t\t\t\t\t\t<\/span>\n\t\t<\/div>\n\t\t\t\t<\/div>\n\t\t\t\t<\/div>\n\t\t\t\t\t<\/div>\n\t\t<\/div>\n\t\t\t\t\t<\/div>\n\t\t<\/section>\n\t\t\t\t<section class=\"elementor-section elementor-top-section elementor-element elementor-element-v804fde elementor-section-boxed elementor-section-height-default elementor-section-height-default\" data-id=\"v804fde\" data-element_type=\"section\">\n\t\t\t\t\t\t<div class=\"elementor-container elementor-column-gap-default\">\n\t\t\t\t\t<div class=\"elementor-column elementor-col-50 elementor-top-column elementor-element elementor-element-6l3d3kf\" data-id=\"6l3d3kf\" data-element_type=\"column\">\n\t\t\t<div class=\"elementor-widget-wrap elementor-element-populated\">\n\t\t\t\t\t\t<div class=\"elementor-element elementor-element-862do4m elementor-widget elementor-widget-image\" data-id=\"862do4m\" data-element_type=\"widget\" data-widget_type=\"image.default\">\n\t\t\t\t<div class=\"elementor-widget-container\">\n\t\t\t\t\t\t\t\t\t\t\t\t\t<img decoding=\"async\" width=\"400\" height=\"300\" src=\"http:\/\/www.josemariatornay.com\/wp-content\/uploads\/2017\/01\/1-3.jpg\" class=\"attachment-large size-large wp-image-13483\" alt=\"\" srcset=\"http:\/\/www.josemariatornay.com\/wp-content\/uploads\/2017\/01\/1-3.jpg 400w, http:\/\/www.josemariatornay.com\/wp-content\/uploads\/2017\/01\/1-3-300x225.jpg 300w\" sizes=\"(max-width: 400px) 100vw, 400px\" \/>\t\t\t\t\t\t\t\t\t\t\t\t\t<\/div>\n\t\t\t\t<\/div>\n\t\t\t\t<div class=\"elementor-element elementor-element-8uj0srj elementor-widget elementor-widget-heading\" data-id=\"8uj0srj\" data-element_type=\"widget\" data-widget_type=\"heading.default\">\n\t\t\t\t<div class=\"elementor-widget-container\">\n\t\t\t<h2 class=\"elementor-heading-title elementor-size-small\">Casa DE LOS CONDES DE SANTA POLA<\/h2>\t\t<\/div>\n\t\t\t\t<\/div>\n\t\t\t\t<div class=\"elementor-element elementor-element-zmxqpzs elementor-widget elementor-widget-text-editor\" data-id=\"zmxqpzs\" data-element_type=\"widget\" data-widget_type=\"text-editor.default\">\n\t\t\t\t<div class=\"elementor-widget-container\">\n\t\t\t\t\t\t\t<p style=\"text-align: center;\"><strong>\u00a1Ay, ese rancio abolengo!<\/strong><br \/><strong>que envidiaban los vecinos;<\/strong><br \/><strong>que cuidaban los lacayos<\/strong><br \/><strong>con dedicaci\u00f3n y mimo.<\/strong><br \/><strong>\u00a0<\/strong><br \/><strong>\u00a1Ay, ese rancio prestigio!<\/strong><br \/><strong>de veranos en el pueblo<\/strong><br \/><strong>acumulando calores<\/strong><br \/><strong>para aguantar el invierno.<\/strong><br \/><strong>Aquel ilustreportal<\/strong><br \/><strong>aquella eximia nobleza<\/strong><br \/><strong>hoy es un traj\u00edn de platos,<\/strong><br \/><strong>solaz de la clase media.<\/strong><\/p>\t\t\t\t\t\t<\/div>\n\t\t\t\t<\/div>\n\t\t\t\t<div class=\"elementor-element elementor-element-2zbz7gq elementor-widget elementor-widget-text-editor\" data-id=\"2zbz7gq\" data-element_type=\"widget\" data-widget_type=\"text-editor.default\">\n\t\t\t\t<div class=\"elementor-widget-container\">\n\t\t\t\t\t\t\t<p>Lo recuerdo como si fuese ayer. Justo enfrente de mi casa natal. Un hombre alto, elegante, pulcro y su se\u00f1ora bajita, igual de elegante, con estilo de mujer que \u201chab\u00eda tenido\u201d, pero \u00a1ay! los a\u00f1os borran esas cosas a las que las mujeres se aferran tanto. Era el matrimonio que formaban los Condes de Santa Pola, los Antequera, familia de rancio abolengo nobiliario que hab\u00edan elegido Ronda para vivir sus veranos. Cuando llegaban era una fiesta: los coches, los ni\u00f1os, las criadas y los criados y un sin fin de cosas que bajaban de aquellos coches. Felicidad Cabezudo y Miguel , su marido, que viv\u00edan en la casa todo el a\u00f1o sal\u00edan con aquella alegr\u00eda a recibir a sus se\u00f1ores que se hab\u00edan acordado de regresar a este nido ronde\u00f1o de sus reposos.<br \/>La casa de los Condes de Santa Pola, hab\u00eda formado parte de la Mina de Ronda en los tiempos antiguos. Hay que tener en cuenta que la estructura de la Mina ocupaba casi toda la cornisa oeste de la garganta. Despu\u00e9s fue adquirido este espacio y privatizado, aunque conserva todav\u00eda en los bajos restos de estructuras \u00e1rabes, con arcos y construcci\u00f3n en ladrillo que hab\u00edan fabricado los \u00e1rabes y que formaban parte de la citada estructura de la Mina. Tambi\u00e9n se conservaba una aljibe que a los ni\u00f1os de entonces nos daba mucho miedo. <br \/>La casa es mas bien peque\u00f1a, pero suficiente para la familia. La portada es de piedra del Arroyo del Toro y tiene en el dintel el Escudo de Armas de los Santa Pola. Est\u00e1 distribuida de la siguiente manera: en la parte baja, un recibidor y a continuaci\u00f3n un pasillo con una serie de habitaciones a la izquierda y un sal\u00f3n al fondo con unas vistas preciosas e impresionantes de la garganta. A la derecha estaba situada la cocina. En la parte superior, las habitaciones de los ni\u00f1os, los cuartos de ba\u00f1o y, al final de pasillo, como en la planta anterior, la habitaci\u00f3n de los Condes, con las mismas vistas que el sal\u00f3n del piso bajo.<br \/>Posteriormente, la casa fue vendida a los Condes, que la convirtieron en su residencia de verano, o lo que en Ronda se ha conocido siempre como \u201ccasa solariega\u201d. A Ronda acudieron, como ya hemos dicho en alguna otra ocasi\u00f3n, muchas de estas familias que vinieron llamados por la situaci\u00f3n, por el clima y por la tranquilidad. Estos nobles acud\u00edan buscando la soledad de la sierra y el aire puro para los pulmones de sus hijos y de ellos mismos. Pero esta familia era muy accesible, humilde, simp\u00e1tica y se codearon con nosotros sin ning\u00fan tipo de dificultas. Sobre todo los ni\u00f1os \u00e9ramos una pandilla de nervios gritones que pod\u00edamos volver loco al conde m\u00e1s pintado. Me acuerdo de Luciano, el mayor de los ni\u00f1os y c\u00f3mo baj\u00e1bamos por aquellas escaleras que conduc\u00edan a los s\u00f3tanos de la casa y con qu\u00e9 miedo entr\u00e1bamos en los recintos estrechos y l\u00f3bregos. Recuerdo que ellos ten\u00edan agua corriente y servicios, cuando en nuestras casas de vecinos s\u00f3lo hab\u00eda uno com\u00fan y un grifo de agua para todos. Alrededor de estos nobles siempre acud\u00edan las personas del servicio que habitaban las casas de alrededor que eran m\u00e1s humildes, pero dignas. <br \/>En la actualidad, el Conde es Luciano Antequera, aquel que de ni\u00f1o jugaba con nosotros, que ha vendido la casa a Jos\u00e9 Mu\u00f1oz, que la ha convertido en un restaurante asador que regenta mi amigo Nacho y su esposa, hija de mi amigo Tom\u00e1s Mayo, gran profesional que conserva en Ronda, a trav\u00e9s de sus hijos, su bien hacer en el mundo de la restauraci\u00f3n que aprendiera en el Hotel Ritz de Madrid.<\/p>\t\t\t\t\t\t<\/div>\n\t\t\t\t<\/div>\n\t\t\t\t\t<\/div>\n\t\t<\/div>\n\t\t\t\t<div class=\"elementor-column elementor-col-50 elementor-top-column elementor-element elementor-element-qvqh8fb\" data-id=\"qvqh8fb\" data-element_type=\"column\">\n\t\t\t<div class=\"elementor-widget-wrap elementor-element-populated\">\n\t\t\t\t\t\t<div class=\"elementor-element elementor-element-sfyb95g elementor-widget elementor-widget-heading\" data-id=\"sfyb95g\" data-element_type=\"widget\" data-widget_type=\"heading.default\">\n\t\t\t\t<div class=\"elementor-widget-container\">\n\t\t\t<h2 class=\"elementor-heading-title elementor-size-small\">Casa DE LOS CONDES DE MONTELIRIO<\/h2>\t\t<\/div>\n\t\t\t\t<\/div>\n\t\t\t\t<div class=\"elementor-element elementor-element-tkcucy6 elementor-widget elementor-widget-text-editor\" data-id=\"tkcucy6\" data-element_type=\"widget\" data-widget_type=\"text-editor.default\">\n\t\t\t\t<div class=\"elementor-widget-container\">\n\t\t\t\t\t\t\t<p><strong>Sobre alturas imposibles<\/strong><br \/><strong> entre El Tajo y la nostalgia<\/strong><br \/><strong> sigue brillando el encanto<\/strong><br \/><strong> y el resplandor de esta casa.<\/strong><\/p><p><strong>Hunde sus luengas ra\u00edces<\/strong><br \/><strong> en una roca dorada<\/strong><br \/><strong> y desde su altura el r\u00edo<\/strong><br \/><strong> parece un hilo de plata.<\/strong><\/p>\t\t\t\t\t\t<\/div>\n\t\t\t\t<\/div>\n\t\t\t\t<div class=\"elementor-element elementor-element-na3ctle elementor-widget elementor-widget-text-editor\" data-id=\"na3ctle\" data-element_type=\"widget\" data-widget_type=\"text-editor.default\">\n\t\t\t\t<div class=\"elementor-widget-container\">\n\t\t\t\t\t\t\t<p>La casa de los Condes de Montelirio es la que se ha reconvertido en Hotel y Restaurante con ese nombre, en la calle Tenorio. Esta casa es una de las muchas que entraron en las particiones que los Reyes Cat\u00f3licos hicieron; \u00e9sta le toc\u00f3 a los Atienza, es decir a D. Mariano Atienza y Tello. \u00c9ste Atienza hered\u00f3 de los Aguados una fortuna inmensa y de ah\u00ed tambi\u00e9n hered\u00f3 el t\u00edtulo de Conde de Montelirio. Estos Aguados eran banqueros en Londres y eran inmensamente ricos, as\u00ed que con el dinero de su familiar, D. Mariano ampli\u00f3 su casa y la moderniz\u00f3, haciendo una mucho m\u00e1s acorde con el dinero y la posici\u00f3n social que le correspond\u00eda. Cuando vino a ser Conde, el Atienza se convirti\u00f3 en un dandy, y con su chofer Guillermo (William), que era ingl\u00e9s, se recorr\u00eda en la \u00e9poca los lugares m\u00e1s importantes de juegos y carreras, incluidos Biarrizt y Niza, sin privarse, por supuesto, de sus flirteos con mujeres, a las que el dinero le hizo muy aficionado. <br \/>Los Condes de Montelirio eran los due\u00f1os de la finca del Duende, la que se conoce popularmente como Lourdes. Ah\u00ed mandaron construir una capilla dedicada a la Virgen de Lourdes, de la que ellos eran muy devotos y en la que siempre se ten\u00edan los ornamentos para la celebraci\u00f3n de la misa. De igual forma construyeron un mausoleo, en el que se hac\u00edan los enterramientos de los Atienza.<br \/>La casa de los condes y sus propiedades las hered\u00f3 D. Rafael Atienza, hermano del Marqu\u00e9s de Salvatierra, D. Pablo Atienza, al que denominaba el pueblo con el sobrenombre de \u201cel marquesito\u201d. El p\u00fablico, con el tiempo, fue entrando, forzando cancelas y candados y ultrajando aquel lugar, de manera que D. Rafael, mand\u00f3 que los restos de sus antepasados se trasladaran a Ronda. Las \u00faltimas personas que yo recuerdo que han estado en ese lugar y han celebrado misa hemos sido los miembros del TES de Ronda que un buen d\u00eda organizamos una excursi\u00f3n y all\u00ed, Jos\u00e9 Mustaf\u00e1 (Pepe \u201cEl Moro\u201d) nos hizo un arroz de los suyos y D. Gonzalo Huesa ofici\u00f3 la Eucarist\u00eda. <br \/>En la actualidad, la casa ha sido vendida por los Atienza a una sociedad sevillana, que ha instalado en ella un hotel con el nombre de Montelirio. El Hotel conserva la estructura de la casa que estaba situada en la cornisa este del Tajo. Se ha hecho una restauraci\u00f3n espl\u00e9ndida y se han conservado las terrazas exteriores con unas vistas del Tajo y del Puente Nuevo que son una maravilla. La fachada es la cl\u00e1sica de las casas solariegas de Ronda, austera, en piedra de canter\u00eda ronde\u00f1a y con una arco decorado de medio punto.<\/p>\t\t\t\t\t\t<\/div>\n\t\t\t\t<\/div>\n\t\t\t\t<div class=\"elementor-element elementor-element-3bde7c8 elementor-widget elementor-widget-image\" data-id=\"3bde7c8\" data-element_type=\"widget\" data-widget_type=\"image.default\">\n\t\t\t\t<div class=\"elementor-widget-container\">\n\t\t\t\t\t\t\t\t\t\t\t\t\t<img loading=\"lazy\" decoding=\"async\" width=\"550\" height=\"238\" src=\"http:\/\/www.josemariatornay.com\/wp-content\/uploads\/2020\/04\/montelirio1.jpg\" class=\"attachment-large size-large wp-image-20126\" alt=\"\" srcset=\"http:\/\/www.josemariatornay.com\/wp-content\/uploads\/2020\/04\/montelirio1.jpg 550w, http:\/\/www.josemariatornay.com\/wp-content\/uploads\/2020\/04\/montelirio1-300x130.jpg 300w\" sizes=\"(max-width: 550px) 100vw, 550px\" \/>\t\t\t\t\t\t\t\t\t\t\t\t\t<\/div>\n\t\t\t\t<\/div>\n\t\t\t\t<div class=\"elementor-element elementor-element-970453c elementor-widget elementor-widget-image\" data-id=\"970453c\" data-element_type=\"widget\" data-widget_type=\"image.default\">\n\t\t\t\t<div class=\"elementor-widget-container\">\n\t\t\t\t\t\t\t\t\t\t\t\t\t<img loading=\"lazy\" decoding=\"async\" width=\"275\" height=\"183\" src=\"http:\/\/www.josemariatornay.com\/wp-content\/uploads\/2020\/04\/montelirio2-1.jpg\" class=\"attachment-large size-large wp-image-20128\" alt=\"\" \/>\t\t\t\t\t\t\t\t\t\t\t\t\t<\/div>\n\t\t\t\t<\/div>\n\t\t\t\t\t<\/div>\n\t\t<\/div>\n\t\t\t\t\t<\/div>\n\t\t<\/section>\n\t\t\t\t<section class=\"elementor-section elementor-top-section elementor-element elementor-element-d52261c elementor-section-boxed elementor-section-height-default elementor-section-height-default\" data-id=\"d52261c\" data-element_type=\"section\">\n\t\t\t\t\t\t<div class=\"elementor-container elementor-column-gap-default\">\n\t\t\t\t\t<div class=\"elementor-column elementor-col-100 elementor-top-column elementor-element elementor-element-0ce4ca2\" data-id=\"0ce4ca2\" data-element_type=\"column\">\n\t\t\t<div class=\"elementor-widget-wrap elementor-element-populated\">\n\t\t\t\t\t\t<div class=\"elementor-element elementor-element-04bbdfb elementor-widget-divider--view-line elementor-widget elementor-widget-divider\" data-id=\"04bbdfb\" data-element_type=\"widget\" data-widget_type=\"divider.default\">\n\t\t\t\t<div class=\"elementor-widget-container\">\n\t\t\t\t\t<div class=\"elementor-divider\">\n\t\t\t<span class=\"elementor-divider-separator\">\n\t\t\t\t\t\t<\/span>\n\t\t<\/div>\n\t\t\t\t<\/div>\n\t\t\t\t<\/div>\n\t\t\t\t\t<\/div>\n\t\t<\/div>\n\t\t\t\t\t<\/div>\n\t\t<\/section>\n\t\t\t\t<section class=\"elementor-section elementor-top-section elementor-element elementor-element-s2lzdly elementor-section-boxed elementor-section-height-default elementor-section-height-default\" data-id=\"s2lzdly\" data-element_type=\"section\">\n\t\t\t\t\t\t<div class=\"elementor-container elementor-column-gap-default\">\n\t\t\t\t\t<div class=\"elementor-column elementor-col-50 elementor-top-column elementor-element elementor-element-gtj6u8j\" data-id=\"gtj6u8j\" data-element_type=\"column\">\n\t\t\t<div class=\"elementor-widget-wrap elementor-element-populated\">\n\t\t\t\t\t\t<div class=\"elementor-element elementor-element-5hwqbvj elementor-widget elementor-widget-image\" data-id=\"5hwqbvj\" data-element_type=\"widget\" data-widget_type=\"image.default\">\n\t\t\t\t<div class=\"elementor-widget-container\">\n\t\t\t\t\t\t\t\t\t\t\t\t\t<img loading=\"lazy\" decoding=\"async\" width=\"400\" height=\"300\" src=\"http:\/\/www.josemariatornay.com\/wp-content\/uploads\/2017\/01\/2.jpg\" class=\"attachment-large size-large wp-image-13473\" alt=\"\" srcset=\"http:\/\/www.josemariatornay.com\/wp-content\/uploads\/2017\/01\/2.jpg 400w, http:\/\/www.josemariatornay.com\/wp-content\/uploads\/2017\/01\/2-300x225.jpg 300w\" sizes=\"(max-width: 400px) 100vw, 400px\" \/>\t\t\t\t\t\t\t\t\t\t\t\t\t<\/div>\n\t\t\t\t<\/div>\n\t\t\t\t<div class=\"elementor-element elementor-element-2r7irfg elementor-widget elementor-widget-heading\" data-id=\"2r7irfg\" data-element_type=\"widget\" data-widget_type=\"heading.default\">\n\t\t\t\t<div class=\"elementor-widget-container\">\n\t\t\t<h2 class=\"elementor-heading-title elementor-size-small\">Casa CUARTEL DE LA GUARDIA CIVIL<\/h2>\t\t<\/div>\n\t\t\t\t<\/div>\n\t\t\t\t<div class=\"elementor-element elementor-element-j23vsga elementor-widget elementor-widget-text-editor\" data-id=\"j23vsga\" data-element_type=\"widget\" data-widget_type=\"text-editor.default\">\n\t\t\t\t<div class=\"elementor-widget-container\">\n\t\t\t\t\t\t\t<p style=\"text-align: center;\"><strong>En tiempo de bandidos<\/strong><br \/><strong>y bandoleros,<\/strong><br \/><strong>en esta casa moraban<\/strong><br \/><strong>los picoletos.<\/strong><br \/><strong>Tricornios y guerreras<\/strong><br \/><strong>en los balcones<\/strong><br \/><strong>y detr\u00e1s de las rejas<\/strong><br \/><strong>vidas de pobres.<\/strong><\/p>\t\t\t\t\t\t<\/div>\n\t\t\t\t<\/div>\n\t\t\t\t<div class=\"elementor-element elementor-element-0oryce9 elementor-widget elementor-widget-text-editor\" data-id=\"0oryce9\" data-element_type=\"widget\" data-widget_type=\"text-editor.default\">\n\t\t\t\t<div class=\"elementor-widget-container\">\n\t\t\t\t\t\t\t<p>En la Plaza del Ruedo de Do\u00f1a Elvira, la Duquesa de Parcent compr\u00f3 una casa que hab\u00eda en la esquina, justo enfrente de la suya, para poner sus cocheras y, asimismo, hacer una peque\u00f1a casita para el servicio. Tambi\u00e9n compr\u00f3 otra vivienda enorme, que estaba m\u00e1s arriba., en el rinc\u00f3n, que es la conocida como el cuartel.<br \/>La causa de su nombre viene dada, porque \u00a0la Duquesa la cedi\u00f3\u00a0 para que se alojara un batall\u00f3n de caballer\u00eda de la Guardia Civil que ven\u00eda al mando de un teniente y que se alojar\u00eda en Ronda. Desde esas fechas la casa pas\u00f3 a ser propiedad de dicho Cuerpo, hasta que casi arruinada se vendi\u00f3 a unos privados.<br \/>El cuartel, como nosotros lo conoc\u00edamos, era una Casa Cuartel de las t\u00edpicas que exist\u00edan en toda Espa\u00f1a. Eran casas muy mal dotadas y donde las familias de los <br \/>guardias malviv\u00edan. La ventaja era que ten\u00edan donde vivir y se ahorraban el pago de alquileres y con el ef\u00edmero sueldo que ganaban manten\u00edan de mala manera a la familia. En esta Casa Cuartel vivi\u00f3 una hermano de mi padre, cabo guardia civil, casado con una hermana de mi madre. All\u00ed les conoc\u00ed en una de las visitas que mi madre hac\u00eda a sus hermanos ronde\u00f1os.<br \/>Por un suceso desgraciado que ocurri\u00f3 en Ronda y en el que intervino una pareja de la guardia civil, el Ministro de Defensa de la \u00e9poca expuls\u00f3 del cuerpo a todo el destacamento de Ronda, incluido el cabo al mando.\u00a0 Al teniente lo trasladaron de puesto. Entonces los guardias\u00a0 se vieron en la calle sin sueldo y sin oficio, menos mal, que se hab\u00edan dedicado a perseguir a los contrabandistas<\/p><p><br \/>\u00a0que ven\u00edan de Gibraltar con sus matutes llenos de caf\u00e9, tabaco, az\u00facar, sedas, penicilinas, quesos de bola, edulcorantes, conjuntos de lana, \u00a0etc. As\u00ed que algunos de ellos, que hab\u00edan aprendido el oficio, se dedicaron a ser perseguidos por sus compa\u00f1eros, pues no les qued\u00f3 m\u00e1s remedio que dedicarse al contrabando.<br \/>Entre estos civiles hubo uno que era una persona maravillosa, que ten\u00eda tres hijos, estupendos ellos tambi\u00e9n, y que fueron durante muchos a\u00f1os compa\u00f1eros de travesuras, e incluso ahora conservo una buena amistad con ellos. Entre nuestras aventuras estaba una muy arriesgada: como la guardia civil persegu\u00eda a los contrabandistas, estos, a la altura de la Estaci\u00f3n de la Indiana, le tiraban los matutes de tabaco, caf\u00e9, etc. a sus mujeres o a sus hijos, que los tomaban y se ve\u00edan a Ronda corriendo por los bajos del Tajo. <br \/>En m\u00e1s de una ocasi\u00f3n \u00edbamos, estos amigos y yo mismo, a la estaci\u00f3n y recog\u00edamos la mercanc\u00eda para huir, cual alma que lleva el diablo, cuesta arriba para evitar a los civiles. \u00c9ramos j\u00f3venes y de pies muy ligeros, as\u00ed que nunca tuvimos problemas, pero era demasiado arriesgado, en opini\u00f3n de nuestras madres. \u00a1Qu\u00e9 remedio! Hab\u00eda que ayudar.<br \/>En la actualidad, las cocheras siguen si\u00e9ndolo y la casa, muy deteriorada, la compraron al alim\u00f3n Antonio Aguilera (El Farfollito) y su cu\u00f1ado Antonio Troyano, as\u00ed que, en la actualidad, son sus viudas las due\u00f1as de esta espl\u00e9ndida casa, aunque est\u00e9 en ruinas.\u00a0<\/p>\t\t\t\t\t\t<\/div>\n\t\t\t\t<\/div>\n\t\t\t\t\t<\/div>\n\t\t<\/div>\n\t\t\t\t<div class=\"elementor-column elementor-col-50 elementor-top-column elementor-element elementor-element-1l7mizj\" data-id=\"1l7mizj\" data-element_type=\"column\">\n\t\t\t<div class=\"elementor-widget-wrap elementor-element-populated\">\n\t\t\t\t\t\t<div class=\"elementor-element elementor-element-6r4wsbv elementor-widget elementor-widget-image\" data-id=\"6r4wsbv\" data-element_type=\"widget\" data-widget_type=\"image.default\">\n\t\t\t\t<div class=\"elementor-widget-container\">\n\t\t\t\t\t\t\t\t\t\t\t\t\t<img loading=\"lazy\" decoding=\"async\" width=\"400\" height=\"300\" src=\"http:\/\/www.josemariatornay.com\/wp-content\/uploads\/2017\/01\/1-2.jpg\" class=\"attachment-large size-large wp-image-13479\" alt=\"\" srcset=\"http:\/\/www.josemariatornay.com\/wp-content\/uploads\/2017\/01\/1-2.jpg 400w, http:\/\/www.josemariatornay.com\/wp-content\/uploads\/2017\/01\/1-2-300x225.jpg 300w\" sizes=\"(max-width: 400px) 100vw, 400px\" \/>\t\t\t\t\t\t\t\t\t\t\t\t\t<\/div>\n\t\t\t\t<\/div>\n\t\t\t\t<div class=\"elementor-element elementor-element-i6vc590 elementor-widget elementor-widget-heading\" data-id=\"i6vc590\" data-element_type=\"widget\" data-widget_type=\"heading.default\">\n\t\t\t\t<div class=\"elementor-widget-container\">\n\t\t\t<h2 class=\"elementor-heading-title elementor-size-small\">Casa DE LOS HERN\u00c1NDEZ<\/h2>\t\t<\/div>\n\t\t\t\t<\/div>\n\t\t\t\t<div class=\"elementor-element elementor-element-4fgt13i elementor-widget elementor-widget-text-editor\" data-id=\"4fgt13i\" data-element_type=\"widget\" data-widget_type=\"text-editor.default\">\n\t\t\t\t<div class=\"elementor-widget-container\">\n\t\t\t\t\t\t\t<p style=\"text-align: center;\"><strong>Una casa en ruinas<\/strong><br \/><strong>es un sue\u00f1o vencido;<\/strong><br \/><strong>una brutal venganza<\/strong><br \/><strong>que se toma el destino.<\/strong><br \/><strong>Una casa desierta;<\/strong><br \/><strong>sin risas ni gemidos<\/strong><br \/><strong>es un triste naufragio<\/strong><br \/><strong>donde habita el olvido.<\/strong><\/p>\t\t\t\t\t\t<\/div>\n\t\t\t\t<\/div>\n\t\t\t\t<div class=\"elementor-element elementor-element-ytsod2a elementor-widget elementor-widget-text-editor\" data-id=\"ytsod2a\" data-element_type=\"widget\" data-widget_type=\"text-editor.default\">\n\t\t\t\t<div class=\"elementor-widget-container\">\n\t\t\t\t\t\t\t<p>Justo por encima de la casa de vecinos donde yo naciera, en el n\u00famero 2 de la calle Santo Domingo, han vivido tradicionalmente los Hern\u00e1ndez. Ya hablamos de la Duquesa de Parcent en varios lugares de este libro y de la importancia que esta se\u00f1ora tuvo con su aportaci\u00f3n a las artesan\u00edas de Ronda. Ella, que era una inquieta y que adem\u00e1s quer\u00eda terminar de decorar su casa, trajo de Castilla a un buen n\u00famero de artesanos; con ellos termin\u00f3 su casa, hoy conocida como del Rey Moro, aunque la vivienda es muy moderna y nunca vivi\u00f3 en ella ning\u00fan Rey tal, pero esa es una historia que ya contamos en su lugar. <br \/>Ella, la Duquesa, trajo ebanistas, carpinteros, tallistas, tejedores, jardineros, bordadores, etc. Entre los tallistas se encontraba el padre de los hermanos Hern\u00e1ndez, Juan, Manolo y Antonio. A aqu\u00e9l le encarga la Duquesa la decoraci\u00f3n de su casa con artesonados, escaleras, puertas, muebles, etcetera, que a\u00fan hoy se mantienen a pesar de la ruina en la que se encuentra. <br \/>La duquesa le busc\u00f3 hospedaje a esta familia cerca de su casa, en distintas ubicaciones; se trataba de casas que ella le alquilaba a esta familia, hasta que encontraron una que hab\u00eda al comienzo de la calle, una casa amplia, con un hermoso patio de columnas, habitaciones abajo, que Hern\u00e1ndez padre, convirti\u00f3 enseguida en taller de carpinter\u00eda, talla, ebanister\u00eda y pintura. La parte alta la reserv\u00f3 para las habitaciones de su familia. Pasado el tiempo, los hijos la heredaron y en ella han vivido tradicionalmente.<br \/>Principalmente, Manolo y Juan, han sido los dos grandes artistas de la ebanister\u00eda y la talla y la pintura; de sus manos han salido algunas, maravillosas, para familias de Ronda y muebles castellanos para la incipiente Costa del Sol. Muchos pisos y apartamentos de la Costa salieron de las manos de los Hern\u00e1ndez. Y tambi\u00e9n salieron de los pinceles de Juan verdaderas obras de arte. De sus manos sali\u00f3, tambi\u00e9n, el antiguo trono del Cristo de la Sangre y algunos otros m\u00e1s que ellos realizaron para hermandades de Ronda, de Sevilla y M\u00e1laga. Al final desparecieron los hijos y qued\u00f3 s\u00f3lo la hija, Carmela Hern\u00e1ndez, que ya muy avanzada de edad se retir\u00f3 a M\u00e1laga a vivir con sus sobrinos, pues Manolo y Juan, como tambi\u00e9n Carmela, eran solteros. Yo mantuve una relaci\u00f3n de vecindad con Manolo (\u00e9l fue el carpintero que me hizo el dormitorio para mi primer matrimonio, un dormitorio castellano envidia de muchos) y mucha con Carmela. Ella me dec\u00eda \u201cPepillo\u201d y le gustaba que le recordara mis tiempos de ni\u00f1o, que eran sus tiempos de mozuela. Esta familia, con sus trabajos, hizo bastante dinero y cuando se present\u00f3 la ocasi\u00f3n, Carmela, compr\u00f3 la casa que su padre le hab\u00eda decorado y la que hab\u00eda tra\u00eddo a su madre, a ella y a sus hermanos a Ronda No s\u00f3lo compr\u00f3 esa casa sino que hizo lo mismo con todas las de enfrente de la de la Duquesa y casi todo el Ruedo de Do\u00f1a Elvira. Ella se dedic\u00f3 a las antig\u00fcedades, a la muerte de sus hermanos e hizo una expoliaci\u00f3n importante de los muebles y objetos de decoraci\u00f3n para venderlos como tales. Descuid\u00f3 la casa y as\u00ed ha terminado en la ruina que es actualmente y que ha sido comprada por una compa\u00f1\u00eda alemana para construir un hotel de cinco estrellas. Eso han dicho, al menos. Recuerdo lo mal que lo pas\u00f3 cuando tuvo que dejar Ronda por causa de su mala salud y del disgusto que le dieron unos ladronzuelos que asaltaron la casa y la dejaron a ella en muy mal estado. A ra\u00edz de esto, se fue a vivir con sus sobrimos y Antonio restaur\u00f3 la vivienda y la habita actualmente.<\/p>\t\t\t\t\t\t<\/div>\n\t\t\t\t<\/div>\n\t\t\t\t\t<\/div>\n\t\t<\/div>\n\t\t\t\t\t<\/div>\n\t\t<\/section>\n\t\t\t\t<section class=\"elementor-section elementor-top-section elementor-element elementor-element-c60a201 elementor-section-boxed elementor-section-height-default elementor-section-height-default\" data-id=\"c60a201\" data-element_type=\"section\">\n\t\t\t\t\t\t<div class=\"elementor-container elementor-column-gap-default\">\n\t\t\t\t\t<div class=\"elementor-column elementor-col-100 elementor-top-column elementor-element elementor-element-5dff515\" data-id=\"5dff515\" data-element_type=\"column\">\n\t\t\t<div class=\"elementor-widget-wrap elementor-element-populated\">\n\t\t\t\t\t\t<div class=\"elementor-element elementor-element-0cea0b2 elementor-widget-divider--view-line elementor-widget elementor-widget-divider\" data-id=\"0cea0b2\" data-element_type=\"widget\" data-widget_type=\"divider.default\">\n\t\t\t\t<div class=\"elementor-widget-container\">\n\t\t\t\t\t<div class=\"elementor-divider\">\n\t\t\t<span class=\"elementor-divider-separator\">\n\t\t\t\t\t\t<\/span>\n\t\t<\/div>\n\t\t\t\t<\/div>\n\t\t\t\t<\/div>\n\t\t\t\t\t<\/div>\n\t\t<\/div>\n\t\t\t\t\t<\/div>\n\t\t<\/section>\n\t\t\t\t<section class=\"elementor-section elementor-top-section elementor-element elementor-element-ye00f5p elementor-section-boxed elementor-section-height-default elementor-section-height-default\" data-id=\"ye00f5p\" data-element_type=\"section\">\n\t\t\t\t\t\t<div class=\"elementor-container elementor-column-gap-default\">\n\t\t\t\t\t<div class=\"elementor-column elementor-col-50 elementor-top-column elementor-element elementor-element-fl56rdy\" data-id=\"fl56rdy\" data-element_type=\"column\">\n\t\t\t<div class=\"elementor-widget-wrap elementor-element-populated\">\n\t\t\t\t\t\t<div class=\"elementor-element elementor-element-bqvz7er elementor-widget elementor-widget-image\" data-id=\"bqvz7er\" data-element_type=\"widget\" data-widget_type=\"image.default\">\n\t\t\t\t<div class=\"elementor-widget-container\">\n\t\t\t\t\t\t\t\t\t\t\t\t\t<img loading=\"lazy\" decoding=\"async\" width=\"400\" height=\"300\" src=\"http:\/\/www.josemariatornay.com\/wp-content\/uploads\/2017\/01\/1.jpg\" class=\"attachment-large size-large wp-image-13425\" alt=\"\" srcset=\"http:\/\/www.josemariatornay.com\/wp-content\/uploads\/2017\/01\/1.jpg 400w, http:\/\/www.josemariatornay.com\/wp-content\/uploads\/2017\/01\/1-300x225.jpg 300w\" sizes=\"(max-width: 400px) 100vw, 400px\" \/>\t\t\t\t\t\t\t\t\t\t\t\t\t<\/div>\n\t\t\t\t<\/div>\n\t\t\t\t<div class=\"elementor-element elementor-element-j1p6dxd elementor-widget elementor-widget-heading\" data-id=\"j1p6dxd\" data-element_type=\"widget\" data-widget_type=\"heading.default\">\n\t\t\t\t<div class=\"elementor-widget-container\">\n\t\t\t<h2 class=\"elementor-heading-title elementor-size-small\">Casa del GIGANTE<\/h2>\t\t<\/div>\n\t\t\t\t<\/div>\n\t\t\t\t<div class=\"elementor-element elementor-element-axe7n30 elementor-widget elementor-widget-text-editor\" data-id=\"axe7n30\" data-element_type=\"widget\" data-widget_type=\"text-editor.default\">\n\t\t\t\t<div class=\"elementor-widget-container\">\n\t\t\t\t\t\t\t<p style=\"text-align: center;\">Sarc\u00f3fagos, estucados,<br \/>en la Casa del Gigante,<br \/>restos de un tiempo perdido,<br \/>de las grandezas de antes.<br \/>Ayer moros la moraron<br \/>con sus lujos deslumbrantes;<br \/>Casa que no es una casa,<br \/>gigante que no es gigante.<\/p>\t\t\t\t\t\t<\/div>\n\t\t\t\t<\/div>\n\t\t\t\t<div class=\"elementor-element elementor-element-9299u8n elementor-widget elementor-widget-text-editor\" data-id=\"9299u8n\" data-element_type=\"widget\" data-widget_type=\"text-editor.default\">\n\t\t\t\t<div class=\"elementor-widget-container\">\n\t\t\t\t\t\t\t<p>El Museo de la Casa del Gigante, situado frente al Palacio de los Marqueses de Moctezuma, en la Plaza de su mismo nombre, era antiguamente la Casa de los G\u00f3mez de las Cortinas, familia noble de Ronda que particip\u00f3 en la reconquista de la Ciudad y que ten\u00edan varias viviendas en la misma, una de ellas \u00e9sta, ahora Museo. <br \/>La casa, de origen \u00e1rabe, conserva en su interior un sal\u00f3n que estaba a la entrada de la misma y en el que se pueden ver una serie de estucados \u00e1rabes bastante bien conservados y un artesonado en Madera, de estilo mud\u00e9jar, recuperado en la actualidad. Es la \u00fanica casa en Ronda en la que se conservan estos restos de origen totalmente \u00e1rabe.<br \/>La casa ha estado abandonada durante una buena parte del siglo XX, ya que \u00e9sta familia viv\u00eda habitualmente en la que tienen al lado de la Puerta de la Ecijara, aunque realmente su residencia la tiene D. Mariano G\u00f3mez de las Cortinas en Granada; la casa de Ronda se la ha cuidado tradicionalmente la Familia Sede\u00f1o Lara, m\u00e1s conocida en Ronda por los \u201cPepe m\u00edo\u201d. <br \/>La Plaza del Gigante llevaba, antiguamente, el nombre de los Marqueses de Moctezuma, pero cuando las aguas de lluvia que bajaban por la calle de San Francisco, a veces en forma de riada, pusieron al descubierto la figura de un H\u00e9rcules de piedra berroque\u00f1a del siglo VII a.C. (lo que se ha investigado hace pocas fechas por un equipo de arque\u00f3logos de Madrid), D. Pedro Guerrero de Escalante, antiguo propietario, mand\u00f3 poner en la esquina izquierda de su casa la citada figura, y el pueblo le empez\u00f3 a llamar Casa del Gigante, por las dimensiones de la figura, y posteriormente Plaza del Gigante, que es el nombre que conserva en la actualidad. <br \/>Una vez expropiada la Casa por el Ayuntamiento, ha sido restaurada y abierta al p\u00fablico, hace dos a\u00f1os, como Museo. En \u00e9l se encuentran principalmente restos de vasijas de la \u00e9poca \u00e1rabe y una colecci\u00f3n importante de la arqueolog\u00eda \u00e1rabe. La figura se sustituy\u00f3 por una copia, y el original se expone, actualmente, en el Museo, como la pieza m\u00e1s importante del mismo. Se hizo una restauraci\u00f3n del artesonadoy tambi\u00e9n de la decoraci\u00f3n en estuco del sal\u00f3n principal y de otros que se han encontrado en la casa. Hay una muestra de artesonado antiguo, de igual forma expuesto como pieza de museo. En la casa se encontraron unos recipientes en forma de sarc\u00f3fagos, que se suponen de la \u00e9poca romana y que se encuentran expuestos. Con esta restauraci\u00f3n se ha recuperado uno de los edificios m\u00e1s importantes que Ronda tiene de la civilizaci\u00f3n musulmana. Ha sido otro de los Buenos trabajos de recuperaci\u00f3n que la municipalidad ha llevado a cabo.<\/p>\t\t\t\t\t\t<\/div>\n\t\t\t\t<\/div>\n\t\t\t\t<div class=\"elementor-element elementor-element-f4e130e elementor-widget elementor-widget-image\" data-id=\"f4e130e\" data-element_type=\"widget\" data-widget_type=\"image.default\">\n\t\t\t\t<div class=\"elementor-widget-container\">\n\t\t\t\t\t\t\t\t\t\t\t\t\t<img loading=\"lazy\" decoding=\"async\" width=\"672\" height=\"372\" src=\"http:\/\/www.josemariatornay.com\/wp-content\/uploads\/2020\/04\/casadelgigante.jpg\" class=\"attachment-large size-large wp-image-20129\" alt=\"\" srcset=\"http:\/\/www.josemariatornay.com\/wp-content\/uploads\/2020\/04\/casadelgigante.jpg 672w, http:\/\/www.josemariatornay.com\/wp-content\/uploads\/2020\/04\/casadelgigante-300x166.jpg 300w\" sizes=\"(max-width: 672px) 100vw, 672px\" \/>\t\t\t\t\t\t\t\t\t\t\t\t\t<\/div>\n\t\t\t\t<\/div>\n\t\t\t\t\t<\/div>\n\t\t<\/div>\n\t\t\t\t<div class=\"elementor-column elementor-col-50 elementor-top-column elementor-element elementor-element-dcl6psn\" data-id=\"dcl6psn\" data-element_type=\"column\">\n\t\t\t<div class=\"elementor-widget-wrap elementor-element-populated\">\n\t\t\t\t\t\t<div class=\"elementor-element elementor-element-da8yb9w elementor-widget elementor-widget-image\" data-id=\"da8yb9w\" data-element_type=\"widget\" data-widget_type=\"image.default\">\n\t\t\t\t<div class=\"elementor-widget-container\">\n\t\t\t\t\t\t\t\t\t\t\t\t\t<img loading=\"lazy\" decoding=\"async\" width=\"400\" height=\"300\" src=\"http:\/\/www.josemariatornay.com\/wp-content\/uploads\/2017\/01\/1-1.jpg\" class=\"attachment-large size-large wp-image-13464\" alt=\"\" srcset=\"http:\/\/www.josemariatornay.com\/wp-content\/uploads\/2017\/01\/1-1.jpg 400w, http:\/\/www.josemariatornay.com\/wp-content\/uploads\/2017\/01\/1-1-300x225.jpg 300w\" sizes=\"(max-width: 400px) 100vw, 400px\" \/>\t\t\t\t\t\t\t\t\t\t\t\t\t<\/div>\n\t\t\t\t<\/div>\n\t\t\t\t<div class=\"elementor-element elementor-element-x7s6erz elementor-widget elementor-widget-heading\" data-id=\"x7s6erz\" data-element_type=\"widget\" data-widget_type=\"heading.default\">\n\t\t\t\t<div class=\"elementor-widget-container\">\n\t\t\t<h2 class=\"elementor-heading-title elementor-size-small\">Casa DEL REY MORO<\/h2>\t\t<\/div>\n\t\t\t\t<\/div>\n\t\t\t\t<div class=\"elementor-element elementor-element-34t4bbs elementor-widget elementor-widget-text-editor\" data-id=\"34t4bbs\" data-element_type=\"widget\" data-widget_type=\"text-editor.default\">\n\t\t\t\t<div class=\"elementor-widget-container\">\n\t\t\t\t\t\t\t<p style=\"text-align: center;\">Besos de moros altivos<br \/>y moras enamoradas<br \/>se acurrucan en sus piedras,<br \/>ahnegados entre l\u00e1grimas;<br \/>leyendas que teji\u00f3 Ronda<br \/>alrededor de esta casa,<br \/>que no conoci\u00f3 princesas<br \/>ni majestades isl\u00e1micas.<\/p>\t\t\t\t\t\t<\/div>\n\t\t\t\t<\/div>\n\t\t\t\t<div class=\"elementor-element elementor-element-eszkozk elementor-widget elementor-widget-text-editor\" data-id=\"eszkozk\" data-element_type=\"widget\" data-widget_type=\"text-editor.default\">\n\t\t\t\t<div class=\"elementor-widget-container\">\n\t\t\t\t\t\t\t<p>La conocida como Casa del Rey Moro,fue\u00a0 en origen una sucesi\u00f3n de viviendas, propiedad de los Marqueses de Salvatierra, que las vendieron a la Duquesa de Parcent, para que \u00e9sta construyera la Casa Palacio de su nombre.<br \/>Est\u00e1 construida sobre lo que fuera el antiguo acceso a la mina de agua que hay en su fondo, a unos cien metros de profundidad. La as\u00ed llamada es un pasadizo que arranca de la propia casa baja, aprovechando una grieta de la roca, hasta el fondo. En la citada falla se hizo un pasaje de origen \u00e1rabe por el que a trav\u00e9s de m\u00e1s de doscientos escalones se acced\u00eda al nacimiento del r\u00edo Guadalev\u00edn, del que retomaba agua para la ciudad y la casa. <br \/>En la actualidad se ha restaurado el pasaje y arreglado el acceso a la mina, que se puede visitar, como as\u00ed mismo los jardines, que, aunque un poco deteriorados, tienen un encanto especial.<br \/>\u00a0 Los jardines son obra del dise\u00f1ador y bot\u00e1nico franc\u00e9s Forestier, personaje que fue tra\u00eddo por la Duquesa para dise\u00f1arlos y construirlos\u00a0 y los de la Plaza de la Ciudad o de la Duquesa de Parcent. Como cosa curiosa, el citado Forrestier, dise\u00f1\u00f3 los jardines de la Plaza utilizando la forma perimetral de la corona ducal, d\u00e1ndole en su interior la forma del escudo, hoy casi desaparecido, ya que al ser restaurados,\u00a0 no se ha tenido en cuenta este detalle.<br \/>La Duquesa, cuando termin\u00f3 su palacio, mand\u00f3 poner en la puerta de entrada del servicio un mosaico con la figura, supuesta, del Rey Abomelic I, de ah\u00ed que el pueblo llano la apodara con el nombre de \u201cRey Moro\u201d, con el que es conocido en la actualidad, m\u00e1s que por el de\u00a0 su ilustre inquilina.<br \/>La casa se encuentra en la conocida como calle o cuesta de Santo Domingo, y se extiende su fachada,a lo largo de la misma aprovechando la curva que la cuesta hace y donde m\u00e1s de una vez\u00a0 nos hemos estrellado con las bicicletas que alquil\u00e1bamos en casa Peso. La casa posee una distribuci\u00f3n muy irregular, ya que ha pasado por varios propietarios, que al ser tan grande, la han ido adaptando a sus necesidades y segregando apartamentos para\u00a0\u00a0 alquilar. Pese a ello, a\u00fan conserva las obras que en madera hiciese el maestro Hern\u00e1ndez, principalmente escaleras y artesonados.<br \/>La casa posee, una vez que se accede por la puerta principal, un patio interior cerrado, ocho columnas de piedra, por el que, a trav\u00e9s de una enorme puerta vidriera, se sale a los jardines; \u00e9stos est\u00e1n hechos en distintos niveles y con fuentes y ca\u00eddas de aguas y un brocal de pozo en piedra de estilo cl\u00e1sico de un valor incalculable. A trav\u00e9s de estos desniveles se accede a la puerta de entrada de la mina, y asimismo a la salida que se encuentra totalmente al este de la casa y que viene a dar muy cerca del Arco de Felipe V. La bajada por el jard\u00edn es una gozada de vistas del Paseo de Cuenca y de la cornisa oeste de Ronda, con la profundidad de la garganta, el espejo del r\u00edo al fondo y la riqueza bot\u00e1nica que \u00a0\u00a0\u00a0\u00a0\u00a0\u00a0\u00a0\u00a0\u00a0\u00a0\u00a0\u00a0\u00a0 <br \/>encierra.\u00a0\u00a0\u00a0\u00a0\u00a0 <br \/>La casa tiene dos torretas que parecen dos minaretes por su forma y por estar construidos en ladrillo y en la fachada, un poco m\u00e1s arriba de la puerta de servicio, hay una hornacina con una imagen de la Virgen de la Paloma, patrona de Madrid, de donde era originaria la tal Duquesa. <br \/>La Puerta principal se encuentra un poco m\u00e1s abajo de la curva que forma la calle-cuesta y es de estilo barroco con un balc\u00f3n espl\u00e9ndido en hierro de forja ronde\u00f1a\u00a0\u00a0 y el escudo de la familia justo debajo,\u00a0 que se encuentra destruido en la actualidad. La casa fue comprada al americano que la habit\u00f3 despu\u00e9s de la Duquesa,\u00a0 por un banquero ronde\u00f1o llamado D. Juan Gir\u00f3n que a su vez la vendi\u00f3 a Carmela Hern\u00e1ndez, hija del ebanista y tallista que decor\u00f3 la casa originaria.<br \/>\u00a0\u00a0\u00a0\u00a0\u00a0\u00a0\u00a0Esta compra se realiz\u00f3 por una cuesti\u00f3n rom\u00e1ntica ya que Carmela Hern\u00e1ndez, estuvo pagando la casa, los cinco millones que cost\u00f3, en peque\u00f1os plazos durante muchos a\u00f1os, incluso despu\u00e9s de fallecer D. Juan Gir\u00f3n.<br \/>En la actualidad se est\u00e1 especulando con la posibilidad de instalar en ella, y en el entorno de la misma, un hotel de lujo promovido por una firma alemana, que ha ido comprando casi todas las casas que se encuentran en el entorno.<\/p>\t\t\t\t\t\t<\/div>\n\t\t\t\t<\/div>\n\t\t\t\t\t<\/div>\n\t\t<\/div>\n\t\t\t\t\t<\/div>\n\t\t<\/section>\n\t\t\t\t<section class=\"elementor-section elementor-top-section elementor-element elementor-element-a57cz1x elementor-section-boxed elementor-section-height-default elementor-section-height-default\" data-id=\"a57cz1x\" data-element_type=\"section\">\n\t\t\t\t\t\t<div class=\"elementor-container elementor-column-gap-default\">\n\t\t\t\t\t<div class=\"elementor-column elementor-col-50 elementor-top-column elementor-element elementor-element-78qc9v3\" data-id=\"78qc9v3\" data-element_type=\"column\">\n\t\t\t<div class=\"elementor-widget-wrap elementor-element-populated\">\n\t\t\t\t\t\t<div class=\"elementor-element elementor-element-ekf8d6j elementor-widget elementor-widget-image\" data-id=\"ekf8d6j\" data-element_type=\"widget\" data-widget_type=\"image.default\">\n\t\t\t\t<div class=\"elementor-widget-container\">\n\t\t\t\t\t\t\t\t\t\t\t\t\t<img loading=\"lazy\" decoding=\"async\" width=\"375\" height=\"500\" src=\"http:\/\/www.josemariatornay.com\/wp-content\/uploads\/2017\/01\/salvatierra1.jpg\" class=\"attachment-large size-large wp-image-13383\" alt=\"\" srcset=\"http:\/\/www.josemariatornay.com\/wp-content\/uploads\/2017\/01\/salvatierra1.jpg 375w, http:\/\/www.josemariatornay.com\/wp-content\/uploads\/2017\/01\/salvatierra1-225x300.jpg 225w\" sizes=\"(max-width: 375px) 100vw, 375px\" \/>\t\t\t\t\t\t\t\t\t\t\t\t\t<\/div>\n\t\t\t\t<\/div>\n\t\t\t\t<div class=\"elementor-element elementor-element-m20xnxh elementor-widget elementor-widget-heading\" data-id=\"m20xnxh\" data-element_type=\"widget\" data-widget_type=\"heading.default\">\n\t\t\t\t<div class=\"elementor-widget-container\">\n\t\t\t<h2 class=\"elementor-heading-title elementor-size-small\">DEL MARQU\u00c9S DE SALVATIERRA<\/h2>\t\t<\/div>\n\t\t\t\t<\/div>\n\t\t\t\t<section class=\"elementor-section elementor-inner-section elementor-element elementor-element-vwyp8zi elementor-section-boxed elementor-section-height-default elementor-section-height-default\" data-id=\"vwyp8zi\" data-element_type=\"section\">\n\t\t\t\t\t\t<div class=\"elementor-container elementor-column-gap-default\">\n\t\t\t\t\t<div class=\"elementor-column elementor-col-50 elementor-inner-column elementor-element elementor-element-0b20iya\" data-id=\"0b20iya\" data-element_type=\"column\">\n\t\t\t<div class=\"elementor-widget-wrap elementor-element-populated\">\n\t\t\t\t\t\t<div class=\"elementor-element elementor-element-erh0eck elementor-widget elementor-widget-text-editor\" data-id=\"erh0eck\" data-element_type=\"widget\" data-widget_type=\"text-editor.default\">\n\t\t\t\t<div class=\"elementor-widget-container\">\n\t\t\t\t\t\t\t<p style=\"text-align: center;\"><strong>Conquistadores de reinos:<\/strong><br \/><strong>nuevos mundos a sus pies,<\/strong><br \/><strong>salvajes indios que rezan<\/strong><br \/><strong>el rosario sin querer.<\/strong><br \/><strong>Am\u00e9rica sometida<\/strong><br \/><strong>con la espada y con la fe;<\/strong><br \/><strong>los blasones de Castilla<\/strong><br \/><strong>blasonando por doquier.<\/strong><\/p>\t\t\t\t\t\t<\/div>\n\t\t\t\t<\/div>\n\t\t\t\t\t<\/div>\n\t\t<\/div>\n\t\t\t\t<div class=\"elementor-column elementor-col-50 elementor-inner-column elementor-element elementor-element-cmps86i\" data-id=\"cmps86i\" data-element_type=\"column\">\n\t\t\t<div class=\"elementor-widget-wrap elementor-element-populated\">\n\t\t\t\t\t\t<div class=\"elementor-element elementor-element-k5fjpoq elementor-widget elementor-widget-text-editor\" data-id=\"k5fjpoq\" data-element_type=\"widget\" data-widget_type=\"text-editor.default\">\n\t\t\t\t<div class=\"elementor-widget-container\">\n\t\t\t\t\t\t\t<p style=\"text-align: center;\"><strong>Testimonio de un imperio<\/strong><br \/><strong>apariencias y oropel,<\/strong><br \/><strong>restos de un trozo de historia,<\/strong><br \/><strong>lejanas gestas de ayer<\/strong><\/p><p style=\"text-align: center;\"><strong>Abolengos que se apagan<\/strong><br \/><strong>y glorias que desfallecen.<\/strong><br \/><strong>Ese es el sino de todo:<\/strong><br \/><strong>pasar del ser a la muerte.<\/strong><\/p>\t\t\t\t\t\t<\/div>\n\t\t\t\t<\/div>\n\t\t\t\t\t<\/div>\n\t\t<\/div>\n\t\t\t\t\t<\/div>\n\t\t<\/section>\n\t\t\t\t<div class=\"elementor-element elementor-element-82663hw elementor-widget elementor-widget-text-editor\" data-id=\"82663hw\" data-element_type=\"widget\" data-widget_type=\"text-editor.default\">\n\t\t\t\t<div class=\"elementor-widget-container\">\n\t\t\t\t\t\t\t<p>\u00a0Esta casa se encuentra en la bajada de la \u00abcuesta de Santo Domingo\u00bb. Es, m\u00e1s que un Palacio, una casa solariega que han habitado tradicionalmente los Marqueses de Salvatierra desde su construcci\u00f3n en el a\u00f1o 1.798, seg\u00fan consta en el dintel del balc\u00f3n. <br \/>\u00a0\u00a0\u00a0\u00a0\u00a0\u00a0\u00a0\u00a0\u00a0\u00a0 Se cree que los marqueses de Salvatierra y, as\u00ed mismo, marqueses de Parada, fueron representantes de la Corona Espa\u00f1ola en\u00a0 tierras incas, por lo que la Portada est\u00e1 llena de dichos motivos: los dos soles, como s\u00edmbolo de su Dios; la m\u00e1scara,que se encuentra en el dintel de su puerta; las cuatro figuras que hacen de medias columnas y la\u00a0 guirnalda de medallones que decoran el balc\u00f3n;en cada medall\u00f3n hay una figura de inca. La puerta es de estilo renacentista, con cuatro columnas d\u00f3ricas, dos a cada lado de la puerta y un balc\u00f3n de cerrajer\u00eda ronde\u00f1a, que le dan a la casa un sabor de rancio abolengo, pasando\u00a0 por ser una de las portadas m\u00e1s emblem\u00e1ticas de Ronda.<\/p><p>\u00a0La Casa est\u00e1 situada sobre una roca enorme, cuya estructura se ve por su parte este. As\u00ed mismo desde su jard\u00edn se ven unas panor\u00e1micas espl\u00e9ndidas de las murallas, de la puerta Este de Ronda o puerta de la Ecijara y una panor\u00e1mica de las sierras Este de Ronda, que nos conducen al mar. La casa es totalmente de piedra de canter\u00eda ronde\u00f1a y se supone, por la inscripci\u00f3n del dintel del balc\u00f3n, que se construy\u00f3 a finales del siglo XVIII. Es una casa solariega, sin m\u00e1s pretensiones, con un patio central y, en torno a \u00e9ste, salones, caballerizas y alguna habitaci\u00f3n. En la \u00a0parte superior es donde se encuentran los servicios dom\u00e9sticos de la casa: recibidor, comedor, cocina, dormitorios y salas de reposo. <br \/>\u00a0\u00a0\u00a0\u00a0\u00a0\u00a0\u00a0\u00a0\u00a0\u00a0\u00a0\u00a0 Hace algunos a\u00f1os se pod\u00eda visitar, por gentileza de la Marquesa Viuda de D. Pablo Atienza, padre del actual marqu\u00e9s.<br \/>El actual\u00a0 es D. Rafael Atienza Medina, sucesor de aquel Gaspar Atienza que en el siglo XIX heredara el t\u00edtulo de su t\u00edo D. Bartolom\u00e9 F\u00e9lix Atienza, al fallecimiento de \u00e9ste. El actual Marqu\u00e9s est\u00e1 casado con D\u00aa Soledad Becerril Bustamante. Ellos, habitualmente viven en Sevilla, y, de tiempo en tiempo, vienen a Ronda por las obligaciones que el Marqu\u00e9s tiene, al ser Teniente de Hermano Mayor de la Real Maestranza de Caballer\u00edas de Ronda. <br \/>\u00a0\u00a0\u00a0\u00a0\u00a0\u00a0\u00a0\u00a0\u00a0\u00a0\u00a0 Popularmente, en el entorno de ese barrio siempre hemos conocido la casa como la de los mu\u00f1ecos, por los cuatro personajes incas que se encuentran a los lados del balc\u00f3n principal. Se supone que son dos chicas y dos chicos, por la postura de los mismos: las chicas tapan pudorosamente sus \u00f3rganos genitales, mientras los chicos los muestran al descubierto. Bueno, los mostrar\u00edan si no se los hubieran destruido en los tiempos en los que la moral era m\u00e1s estricta.<br \/>\u00a0\u00a0\u00a0\u00a0\u00a0\u00a0\u00a0\u00a0\u00a0\u00a0\u00a0 Los ni\u00f1os que viv\u00edamos en el entorno de la casa siempre nos guase\u00e1bamos de la desnudez de estos mu\u00f1ecos, habiendo sido nosotros mismos los que nominamos la casa con ese nombre.<\/p>\t\t\t\t\t\t<\/div>\n\t\t\t\t<\/div>\n\t\t\t\t\t<\/div>\n\t\t<\/div>\n\t\t\t\t<div class=\"elementor-column elementor-col-50 elementor-top-column elementor-element elementor-element-b6rafct\" data-id=\"b6rafct\" data-element_type=\"column\">\n\t\t\t<div class=\"elementor-widget-wrap elementor-element-populated\">\n\t\t\t\t\t\t<div class=\"elementor-element elementor-element-zttfom4 elementor-widget elementor-widget-image\" data-id=\"zttfom4\" data-element_type=\"widget\" data-widget_type=\"image.default\">\n\t\t\t\t<div class=\"elementor-widget-container\">\n\t\t\t\t\t\t\t\t\t\t\t\t\t<img loading=\"lazy\" decoding=\"async\" width=\"400\" height=\"300\" src=\"http:\/\/www.josemariatornay.com\/wp-content\/uploads\/2017\/01\/3.jpg\" class=\"attachment-large size-large wp-image-13395\" alt=\"\" srcset=\"http:\/\/www.josemariatornay.com\/wp-content\/uploads\/2017\/01\/3.jpg 400w, http:\/\/www.josemariatornay.com\/wp-content\/uploads\/2017\/01\/3-300x225.jpg 300w\" sizes=\"(max-width: 400px) 100vw, 400px\" \/>\t\t\t\t\t\t\t\t\t\t\t\t\t<\/div>\n\t\t\t\t<\/div>\n\t\t\t\t<div class=\"elementor-element elementor-element-2qbh5j9 elementor-widget elementor-widget-heading\" data-id=\"2qbh5j9\" data-element_type=\"widget\" data-widget_type=\"heading.default\">\n\t\t\t\t<div class=\"elementor-widget-container\">\n\t\t\t<h2 class=\"elementor-heading-title elementor-size-small\">CASA DE DON BOSCO<\/h2>\t\t<\/div>\n\t\t\t\t<\/div>\n\t\t\t\t<div class=\"elementor-element elementor-element-bau2nyk elementor-widget elementor-widget-text-editor\" data-id=\"bau2nyk\" data-element_type=\"widget\" data-widget_type=\"text-editor.default\">\n\t\t\t\t<div class=\"elementor-widget-container\">\n\t\t\t\t\t\t\t<p style=\"text-align: center;\">En tus jardines viven los mejores <br \/>instantes de ese tiempo irreverente, <br \/>primera juventud torpe, imprudente, <br \/>escarchada de dudas y temores.\u00a0<br \/>Cupido dispar\u00f3 desde tu fuente <br \/>hacia m\u00ed la saeta envenenada <br \/>que dej\u00f3 mi sustancia enamorada <br \/>de unos ojos y un cuerpo adolescentes.<br \/>\u00a0Una guitarra, un micro y un piano, <br \/>y el ritmo y el calor de unos amigos <br \/>transformaron mi vida en melod\u00eda.<br \/>\u00a0A\u00fan llevo aquellas \u00a0notas en mi mano <br \/>y para siempre vivir\u00e1n conmigo<br \/>porque siguen sonando todav\u00eda.<\/p>\t\t\t\t\t\t<\/div>\n\t\t\t\t<\/div>\n\t\t\t\t<div class=\"elementor-element elementor-element-gye34je elementor-widget elementor-widget-text-editor\" data-id=\"gye34je\" data-element_type=\"widget\" data-widget_type=\"text-editor.default\">\n\t\t\t\t<div class=\"elementor-widget-container\">\n\t\t\t\t\t\t\t<p>En la calle Tenorio, descrita en otro cap\u00edtulo, se encuentra, a la altura del n\u00famero 20, la casa que fue propiedad de D. Francisco Granadinos P\u00e9rez y de su esposa, D\u00aa Dolores G\u00f3mez Mart\u00ednez, arquitecto \u00e9l y ama de casa ella. Este matrimonio s\u00f3lo se rompi\u00f3 al morir, en el a\u00f1o 1.934, D. Francisco, quedando D\u00aa Dolores desconsolada, pues se ve\u00eda totalmente sola, ya que el matrimonio no hab\u00eda tenido hijos. Al poco, la se\u00f1ora cay\u00f3 enferma y cuando se vio morir, mand\u00f3 que viniese el representante de los Salesianos de la Inspector\u00eda de C\u00f3rdoba, que a la saz\u00f3n lo era D. Francisco de la Hoz, y en el lecho de muerte le cedi\u00f3 en beneficio y como Fundaci\u00f3n, a la Congregaci\u00f3n de D. Bosco, su casa para que ellos la utilizaran como mansi\u00f3n de reposo para los salesianos enfermos o le dieran una utilidad seg\u00fan los principios de la Orden. <br \/>Entre los salesianos, la casa cogi\u00f3 mala fama, tanta, que le pusieron por apodo el \u201cmortero\u201d, as\u00ed que ninguno quer\u00eda venir a terminar sus d\u00edas en ella, por lo que con el tiempo fue perdiendo su prestigio en la Congregaci\u00f3n y s\u00f3lo ven\u00edan los que estaban muy mal o les recomendaban el aire de la sierra para sus pulmones. <br \/>La Inspector\u00eda de C\u00f3rdoba pens\u00f3 en la posibilidad de venderla, ya que realmente no ten\u00eda ninguna utilidad, pero en un Consejo inspectorial, al que asist\u00eda D. Gonzalo Huesa, \u00e9ste propuso una iniciativa que entraba en los c\u00e1lculos previstos por la Fundaci\u00f3n y que era usar la casa para crear un centro juvenil, que es la filosof\u00eda de D. Bosco, entretener a los j\u00f3venes, sac\u00e1ndolos de las calles y d\u00e1ndoles acogida y actividades para su enriquecimiento espiritual. Oratorios Festivos, \u00a1vamos! <br \/>Despu\u00e9s de largas discusiones se le acept\u00f3 la idea y aqu\u00ed tienen ustedes al inquieto \u00abparidor de ideas\u00bb, en su ciudad natal, a mediados del mes de septiembre de 1.970, creando el T.E.S. de Ronda (Teatro Espa\u00f1ol Salesiano). La base fue un grupo de c\u00f3micos que exist\u00eda en Ronda bajo mi direcci\u00f3n, y que le sirvi\u00f3 para tomar la Casa de D. Bosco y convertirla en ese Centro Juvenil, que D. Bosco hubiera aplaudido; D. Gonzalo, como salesiano, estaba dispuesto a ofrecerla a D. Bosco como realizaci\u00f3n de recogimiento de la juventud ronde\u00f1a, pero sus superiores, posteriormente, con la excusa de arreglarla, dejaron a la juventud en la calle y a D. Gonzalo tambi\u00e9n.<br \/>En la actualidad, los salesianos, despu\u00e9s de ciento cinco a\u00f1os, han dejado Ronda, qued\u00e1ndose, tan solo, con la Casa y el Santuario de Mar\u00eda Auxiliadora. Ni colegios, ni juventud. \u00a1Pena!, porque la casa hubiese tenido la utilidad que D. Gonzalo le quer\u00eda dar y que la tuvo durante cinco a\u00f1os, pero\u2026 los intereses han ido por otros lares.<\/p>\t\t\t\t\t\t<\/div>\n\t\t\t\t<\/div>\n\t\t\t\t\t<\/div>\n\t\t<\/div>\n\t\t\t\t\t<\/div>\n\t\t<\/section>\n\t\t\t\t<section class=\"elementor-section elementor-top-section elementor-element elementor-element-5d0a8e9 elementor-section-boxed elementor-section-height-default elementor-section-height-default\" data-id=\"5d0a8e9\" data-element_type=\"section\">\n\t\t\t\t\t\t<div class=\"elementor-container elementor-column-gap-default\">\n\t\t\t\t\t<div class=\"elementor-column elementor-col-100 elementor-top-column elementor-element elementor-element-0eab611\" data-id=\"0eab611\" data-element_type=\"column\">\n\t\t\t<div class=\"elementor-widget-wrap elementor-element-populated\">\n\t\t\t\t\t\t<div class=\"elementor-element elementor-element-78e5aa5 elementor-widget-divider--view-line elementor-widget elementor-widget-divider\" data-id=\"78e5aa5\" data-element_type=\"widget\" data-widget_type=\"divider.default\">\n\t\t\t\t<div class=\"elementor-widget-container\">\n\t\t\t\t\t<div class=\"elementor-divider\">\n\t\t\t<span class=\"elementor-divider-separator\">\n\t\t\t\t\t\t<\/span>\n\t\t<\/div>\n\t\t\t\t<\/div>\n\t\t\t\t<\/div>\n\t\t\t\t\t<\/div>\n\t\t<\/div>\n\t\t\t\t\t<\/div>\n\t\t<\/section>\n\t\t\t\t<section class=\"elementor-section elementor-top-section elementor-element elementor-element-7ubikhu elementor-section-boxed elementor-section-height-default elementor-section-height-default\" data-id=\"7ubikhu\" data-element_type=\"section\">\n\t\t\t\t\t\t<div class=\"elementor-container elementor-column-gap-default\">\n\t\t\t\t\t<div class=\"elementor-column elementor-col-50 elementor-top-column elementor-element elementor-element-y7752ua\" data-id=\"y7752ua\" data-element_type=\"column\">\n\t\t\t<div class=\"elementor-widget-wrap elementor-element-populated\">\n\t\t\t\t\t\t<div class=\"elementor-element elementor-element-gw7hh4x elementor-widget elementor-widget-image\" data-id=\"gw7hh4x\" data-element_type=\"widget\" data-widget_type=\"image.default\">\n\t\t\t\t<div class=\"elementor-widget-container\">\n\t\t\t\t\t\t\t\t\t\t\t\t\t<img loading=\"lazy\" decoding=\"async\" width=\"400\" height=\"300\" src=\"http:\/\/www.josemariatornay.com\/wp-content\/uploads\/2017\/01\/Margarita-de-Austria.jpg\" class=\"attachment-large size-large wp-image-13169\" alt=\"\" srcset=\"http:\/\/www.josemariatornay.com\/wp-content\/uploads\/2017\/01\/Margarita-de-Austria.jpg 400w, http:\/\/www.josemariatornay.com\/wp-content\/uploads\/2017\/01\/Margarita-de-Austria-300x225.jpg 300w\" sizes=\"(max-width: 400px) 100vw, 400px\" \/>\t\t\t\t\t\t\t\t\t\t\t\t\t<\/div>\n\t\t\t\t<\/div>\n\t\t\t\t<div class=\"elementor-element elementor-element-a44hf9v elementor-widget elementor-widget-heading\" data-id=\"a44hf9v\" data-element_type=\"widget\" data-widget_type=\"heading.default\">\n\t\t\t\t<div class=\"elementor-widget-container\">\n\t\t\t<h2 class=\"elementor-heading-title elementor-size-small\">DE MARGARITA DE AUSTRIA<\/h2>\t\t<\/div>\n\t\t\t\t<\/div>\n\t\t\t\t<div class=\"elementor-element elementor-element-w20jteu elementor-widget elementor-widget-text-editor\" data-id=\"w20jteu\" data-element_type=\"widget\" data-widget_type=\"text-editor.default\">\n\t\t\t\t<div class=\"elementor-widget-container\">\n\t\t\t\t\t\t\t<p style=\"text-align: center;\"><strong>Han tenido que pasar <\/strong><br \/><strong>muchos a\u00f1os de mi vida <\/strong><br \/><strong>para que yo me enterara <\/strong><br \/><strong>que aqu\u00ed vivi\u00f3 Margarita. <\/strong><br \/><strong>Por eso es bueno juntarse <\/strong><br \/><strong>de vez en cuando con sabios, <\/strong><br \/><strong>que saben todas las cosas <\/strong><br \/><strong>de los asuntos de anta\u00f1o.<\/strong><\/p>\t\t\t\t\t\t<\/div>\n\t\t\t\t<\/div>\n\t\t\t\t<div class=\"elementor-element elementor-element-yf1kejz elementor-widget elementor-widget-text-editor\" data-id=\"yf1kejz\" data-element_type=\"widget\" data-widget_type=\"text-editor.default\">\n\t\t\t\t<div class=\"elementor-widget-container\">\n\t\t\t\t\t\t\t<p>La hasta hace poco sede de los Juzgados de distrito de Ronda, fue antiguamente la del Ayuntamiento y la c\u00e1rcel de Ronda. A mediados del siglo XIX se convirti\u00f3 s\u00f3lo en prisi\u00f3n, ya que se hab\u00eda hecho el Consistorio o casa Capitular en la Plaza de San Carlos (1.847), despu\u00e9s de la Constituci\u00f3n y hoy Plaza de Espa\u00f1a. Cuando se reconquista Ronda, en el a\u00f1o de 1.485, por el Rey Fernando el Cat\u00f3lico, \u00e9ste cede a su hijo primog\u00e9nito, Juan (Pr\u00edncipe de Asturias), el Principado y Se\u00f1or\u00edo de Ronda, decreto que se firm\u00f3 en 1.495, y que el Pr\u00edncipe recibi\u00f3 en Salamanca el 16 de enero del a\u00f1o 1.596, de manos del Bachiller Rui Guti\u00e9rrez de Escalante, al que el Pr\u00edncipe encarg\u00f3 de trasladarse a Ronda para organizar su venida. El Pr\u00edncipe no lleg\u00f3 a tomar posesi\u00f3n del tal Se\u00f1or\u00edo, ya que en el a\u00f1o 1.497 se cas\u00f3 con la Princesa Margarita de Austria (de la Casa de Saboya) y ese mismo a\u00f1o, el d\u00eda 4 de octubre muri\u00f3 en la ciudad de Salamanca, sin haber podido disfrutar de su reci\u00e9n estrenado matrimonio. Por lo tanto, no dej\u00f3 herederos. Ronda tuvo que suspender todos los actos y festejos, que a lo largo de un a\u00f1o se hab\u00edan preparado, con arreglo y decoro de fachadas, de plazas, de calles, de edificios p\u00fablicos, etcetera, que se hab\u00edan programado para recibir a Su Se\u00f1or, con lo que la ciudad sufri\u00f3 un importante varapalo, en lo referente a los beneficios que le hubiera reportado este Se\u00f1or\u00edo. <br \/>La Viuda, Margarita de Austria, vino a Ronda y tom\u00f3 posesi\u00f3n de la casa, que la Reina le hab\u00eda donado al Pr\u00edncipe como vivienda en su Se\u00f1or\u00edo, de ah\u00ed que se lo conociese como Palacio de Margarita de Austria. La Princesa, no obstante, al poco tiempo se march\u00f3 de Ronda y de Espa\u00f1a ya que otras obligaciones le esperaban en los Pa\u00edses Bajos, donde muri\u00f3 en el a\u00f1o 1.630.<br \/>Qued\u00f3 como justificaci\u00f3n de su estancia la decoraci\u00f3n exterior que ten\u00eda la casa, que era el Escudo de Armas de los Austrias, hoy casi desaparecido, pues al ser restaurada para convertirse en edificio de los Juzgados, se traslad\u00f3 la puerta a la calle Armi\u00f1an, habiendo estado en su tiempo original en la plaza de la duquesa de Parcent, o mejor Plaza Mayor, en aquel tiempo. Al trasladar la entrada al lugar actual, se destruyeron portada y escudo que, al rehacerlos fueron colocados otra vez pero con el \u00e1guila unicef\u00e1lica y no la bicef\u00e1lica t\u00edpica de los Austrias. La Puerta principal estaba en el rinc\u00f3n, a la derecha, una vez se ha subido a la Plaza. <br \/>Mientras fue c\u00e1rcel, se cuenta que de ella se escap\u00f3 por \u00faltima vez el c\u00e9lebre bandido Juan Mingolla Gallardo, \u201cPasoslargos\u201d, que posteriormente, fue localizado por la Guardia Civil, que le dio muerte en la Cueva conocida como el Parmito, cerca del Burgo, que era su ciudad natal. Como curiosidad hist\u00f3rica dir\u00e9 que el peque\u00f1o pelot\u00f3n de la Guardia Civil estaba formado por tres n\u00fameros, el cabo Antonio Ram\u00edrez Gil, su hermano Manuel y mi t\u00edo Miguel Ortega Molina, que era guardia segundo y el que disparaba a Pasos Largos ( el otro n\u00famero hab\u00eda sido herido), desde el frontal de la cueva para que se pusiera a descubierto y el cabo le disparara desde arriba. Al final Pasoslargos se defendi\u00f3 con sus dos escopetas y recibi\u00f3 en total ocho disparos entre fusiles y pistola del cabo. El cabo y mi t\u00edo no recibieron ninguna herida, pese a la buena punter\u00eda que ten\u00eda el bandido.<\/p>\t\t\t\t\t\t<\/div>\n\t\t\t\t<\/div>\n\t\t\t\t\t<\/div>\n\t\t<\/div>\n\t\t\t\t<div class=\"elementor-column elementor-col-50 elementor-top-column elementor-element elementor-element-m3gsxyu\" data-id=\"m3gsxyu\" data-element_type=\"column\">\n\t\t\t<div class=\"elementor-widget-wrap elementor-element-populated\">\n\t\t\t\t\t\t<div class=\"elementor-element elementor-element-an6chsk elementor-widget elementor-widget-image\" data-id=\"an6chsk\" data-element_type=\"widget\" data-widget_type=\"image.default\">\n\t\t\t\t<div class=\"elementor-widget-container\">\n\t\t\t\t\t\t\t\t\t\t\t\t\t<img loading=\"lazy\" decoding=\"async\" width=\"400\" height=\"300\" src=\"http:\/\/www.josemariatornay.com\/wp-content\/uploads\/2017\/01\/Mondragon.jpg\" class=\"attachment-large size-large wp-image-13369\" alt=\"\" srcset=\"http:\/\/www.josemariatornay.com\/wp-content\/uploads\/2017\/01\/Mondragon.jpg 400w, http:\/\/www.josemariatornay.com\/wp-content\/uploads\/2017\/01\/Mondragon-300x225.jpg 300w\" sizes=\"(max-width: 400px) 100vw, 400px\" \/>\t\t\t\t\t\t\t\t\t\t\t\t\t<\/div>\n\t\t\t\t<\/div>\n\t\t\t\t<div class=\"elementor-element elementor-element-0ywoaaq elementor-widget elementor-widget-heading\" data-id=\"0ywoaaq\" data-element_type=\"widget\" data-widget_type=\"heading.default\">\n\t\t\t\t<div class=\"elementor-widget-container\">\n\t\t\t<h2 class=\"elementor-heading-title elementor-size-small\">DE MONDRAG\u00d3N<\/h2>\t\t<\/div>\n\t\t\t\t<\/div>\n\t\t\t\t<section class=\"elementor-section elementor-inner-section elementor-element elementor-element-it9rmxa elementor-section-boxed elementor-section-height-default elementor-section-height-default\" data-id=\"it9rmxa\" data-element_type=\"section\">\n\t\t\t\t\t\t<div class=\"elementor-container elementor-column-gap-default\">\n\t\t\t\t\t<div class=\"elementor-column elementor-col-50 elementor-inner-column elementor-element elementor-element-3son9q9\" data-id=\"3son9q9\" data-element_type=\"column\">\n\t\t\t<div class=\"elementor-widget-wrap elementor-element-populated\">\n\t\t\t\t\t\t<div class=\"elementor-element elementor-element-m4ty0yn elementor-widget elementor-widget-text-editor\" data-id=\"m4ty0yn\" data-element_type=\"widget\" data-widget_type=\"text-editor.default\">\n\t\t\t\t<div class=\"elementor-widget-container\">\n\t\t\t\t\t\t\t<p style=\"text-align: center;\"><strong>Conquistadores de reinos:<\/strong><br \/><strong>nuevos mundos a sus pies,<\/strong><br \/><strong>salvajes indios que rezan<\/strong><br \/><strong>el rosario sin querer.<\/strong><br \/><strong>Am\u00e9rica sometida<\/strong><br \/><strong>con la espada y con la fe;<\/strong><br \/><strong>los blasones de Castilla<\/strong><br \/><strong>blasonando por doquier.<\/strong><\/p><p style=\"text-align: center;\">\u00a0<\/p>\t\t\t\t\t\t<\/div>\n\t\t\t\t<\/div>\n\t\t\t\t\t<\/div>\n\t\t<\/div>\n\t\t\t\t<div class=\"elementor-column elementor-col-50 elementor-inner-column elementor-element elementor-element-91yqows\" data-id=\"91yqows\" data-element_type=\"column\">\n\t\t\t<div class=\"elementor-widget-wrap elementor-element-populated\">\n\t\t\t\t\t\t<div class=\"elementor-element elementor-element-b46mrk3 elementor-widget elementor-widget-text-editor\" data-id=\"b46mrk3\" data-element_type=\"widget\" data-widget_type=\"text-editor.default\">\n\t\t\t\t<div class=\"elementor-widget-container\">\n\t\t\t\t\t\t\t<p>Testimonio de un imperio<br \/>apariencias y oropel,<br \/>restos de un trozo de historia,<br \/>lejanas gestas de ayer<\/p><p>Abolengos que se apagan<br \/>y glorias que desfallecen.<br \/>Ese es el sino de todo:<br \/>pasar del ser a la muerte.<\/p>\t\t\t\t\t\t<\/div>\n\t\t\t\t<\/div>\n\t\t\t\t\t<\/div>\n\t\t<\/div>\n\t\t\t\t\t<\/div>\n\t\t<\/section>\n\t\t\t\t<div class=\"elementor-element elementor-element-r13y9bm elementor-widget elementor-widget-text-editor\" data-id=\"r13y9bm\" data-element_type=\"widget\" data-widget_type=\"text-editor.default\">\n\t\t\t\t<div class=\"elementor-widget-container\">\n\t\t\t\t\t\t\t<p>Esta casa se encuentra en la bajada de la \u00abcuesta de Santo Domingo\u00bb. Es, m\u00e1s que un Palacio, una casa solariega que han habitado tradicionalmente los Marqueses de Salvatierra desde su construcci\u00f3n en el a\u00f1o 1.798, seg\u00fan consta en el dintel del balc\u00f3n.\u00a0<\/p><p>\u00a0\u00a0\u00a0\u00a0\u00a0\u00a0\u00a0\u00a0\u00a0\u00a0 Se cree que los marqueses de Salvatierra y, as\u00ed mismo, marqueses de Parada, fueron representantes de la Corona Espa\u00f1ola en\u00a0 tierras incas, por lo que la Portada est\u00e1 llena de dichos motivos: los dos soles, como s\u00edmbolo de su Dios; la m\u00e1scara,que se encuentra en el dintel de su puerta; las cuatro figuras que hacen de medias columnas y la\u00a0 guirnalda de medallones que decoran el balc\u00f3n;en cada medall\u00f3n hay una figura de inca. La puerta es de estilo renacentista, con cuatro columnas d\u00f3ricas, dos a cada lado de la puerta y un balc\u00f3n de cerrajer\u00eda ronde\u00f1a, que le dan a la casa un sabor de rancio abolengo, pasando\u00a0 por ser una de las portadas m\u00e1s emblem\u00e1ticas de Ronda.<\/p><p>La Casa est\u00e1 situada sobre una roca enorme, cuya estructura se ve por su parte este. As\u00ed mismo desde su jard\u00edn se ven unas panor\u00e1micas espl\u00e9ndidas de las murallas, de la puerta Este de Ronda o puerta de la Ecijara y una panor\u00e1mica de las sierras Este de Ronda, que nos conducen al mar. La casa es totalmente de piedra de canter\u00eda ronde\u00f1a y se supone, por la inscripci\u00f3n del dintel del balc\u00f3n, que se construy\u00f3 a finales del siglo XVIII. Es una casa solariega, sin m\u00e1s pretensiones, con un patio central y, en torno a \u00e9ste, salones, caballerizas y alguna habitaci\u00f3n. En la \u00a0parte superior es donde se encuentran los servicios dom\u00e9sticos de la casa: recibidor, comedor, cocina, dormitorios y salas de reposo. <br \/>\u00a0\u00a0\u00a0\u00a0\u00a0\u00a0\u00a0\u00a0\u00a0\u00a0\u00a0\u00a0 Hace algunos a\u00f1os se pod\u00eda visitar, por gentileza de la Marquesa Viuda de D. Pablo Atienza, padre del actual marqu\u00e9s.<br \/>El actual\u00a0 es D. Rafael Atienza Medina, sucesor de aquel Gaspar Atienza que en el siglo XIX heredara el t\u00edtulo de su t\u00edo D. Bartolom\u00e9 F\u00e9lix Atienza, al fallecimiento de \u00e9ste. El actual Marqu\u00e9s est\u00e1 casado con D\u00aa Soledad Becerril Bustamante. Ellos, habitualmente viven en Sevilla, y, de tiempo en tiempo, vienen a Ronda por las obligaciones que el Marqu\u00e9s tiene, al ser Teniente de Hermano Mayor de la Real Maestranza de Caballer\u00edas de Ronda. <br \/>\u00a0\u00a0\u00a0\u00a0\u00a0\u00a0\u00a0\u00a0\u00a0\u00a0\u00a0 Popularmente, en el entorno de ese barrio siempre hemos conocido la casa como la de los mu\u00f1ecos, por los cuatro personajes incas que se encuentran a los lados del balc\u00f3n principal. Se supone que son dos chicas y dos chicos, por la postura de los mismos: las chicas tapan pudorosamente sus \u00f3rganos genitales, mientras los chicos los muestran al descubierto. Bueno, los mostrar\u00edan si no se los hubieran destruido en los tiempos en los que la moral era m\u00e1s estricta.<br \/>\u00a0\u00a0\u00a0\u00a0\u00a0\u00a0\u00a0\u00a0\u00a0\u00a0\u00a0 Los ni\u00f1os que viv\u00edamos en el entorno de la casa siempre nos guase\u00e1bamos de la desnudez de estos mu\u00f1ecos, habiendo sido nosotros mismos los que nominamos la casa con ese nombre.<\/p>\t\t\t\t\t\t<\/div>\n\t\t\t\t<\/div>\n\t\t\t\t\t<\/div>\n\t\t<\/div>\n\t\t\t\t\t<\/div>\n\t\t<\/section>\n\t\t\t\t<section class=\"elementor-section elementor-top-section elementor-element elementor-element-a2588b9 elementor-section-boxed elementor-section-height-default elementor-section-height-default\" data-id=\"a2588b9\" data-element_type=\"section\">\n\t\t\t\t\t\t<div class=\"elementor-container elementor-column-gap-default\">\n\t\t\t\t\t<div class=\"elementor-column elementor-col-100 elementor-top-column elementor-element elementor-element-400259f\" data-id=\"400259f\" data-element_type=\"column\">\n\t\t\t<div class=\"elementor-widget-wrap elementor-element-populated\">\n\t\t\t\t\t\t<div class=\"elementor-element elementor-element-0f81e3d elementor-widget-divider--view-line elementor-widget elementor-widget-divider\" data-id=\"0f81e3d\" data-element_type=\"widget\" data-widget_type=\"divider.default\">\n\t\t\t\t<div class=\"elementor-widget-container\">\n\t\t\t\t\t<div class=\"elementor-divider\">\n\t\t\t<span class=\"elementor-divider-separator\">\n\t\t\t\t\t\t<\/span>\n\t\t<\/div>\n\t\t\t\t<\/div>\n\t\t\t\t<\/div>\n\t\t\t\t\t<\/div>\n\t\t<\/div>\n\t\t\t\t\t<\/div>\n\t\t<\/section>\n\t\t\t\t<\/div>\n\t\t","protected":false},"excerpt":{"rendered":"<p>Casa DE LOS MARTOS En la casa de los Martos una veleta traviesa dice d\u00f3nde nace el viento: en la campi\u00f1a, en la sierra; flama tibia\u00a0 del levante, hielo del norte que pela, caricia del sur radiante, del poniente, las tormentas. . La casa que conocemos hoy con el nombre gen\u00e9rico de \u201cla Casa del [&hellip;]<\/p>\n","protected":false},"author":1,"featured_media":0,"parent":0,"menu_order":0,"comment_status":"closed","ping_status":"closed","template":"","meta":{"_aioseop_title":"","_aioseop_description":"","ngg_post_thumbnail":0,"footnotes":""},"_links":{"self":[{"href":"http:\/\/www.josemariatornay.com\/index.php\/wp-json\/wp\/v2\/pages\/13166"}],"collection":[{"href":"http:\/\/www.josemariatornay.com\/index.php\/wp-json\/wp\/v2\/pages"}],"about":[{"href":"http:\/\/www.josemariatornay.com\/index.php\/wp-json\/wp\/v2\/types\/page"}],"author":[{"embeddable":true,"href":"http:\/\/www.josemariatornay.com\/index.php\/wp-json\/wp\/v2\/users\/1"}],"replies":[{"embeddable":true,"href":"http:\/\/www.josemariatornay.com\/index.php\/wp-json\/wp\/v2\/comments?post=13166"}],"version-history":[{"count":0,"href":"http:\/\/www.josemariatornay.com\/index.php\/wp-json\/wp\/v2\/pages\/13166\/revisions"}],"wp:attachment":[{"href":"http:\/\/www.josemariatornay.com\/index.php\/wp-json\/wp\/v2\/media?parent=13166"}],"curies":[{"name":"wp","href":"https:\/\/api.w.org\/{rel}","templated":true}]}}