{"id":13341,"date":"2017-02-05T20:17:13","date_gmt":"2017-02-05T19:17:13","guid":{"rendered":"http:\/\/www.josemariatornay.com\/?page_id=13341"},"modified":"2020-04-30T12:01:20","modified_gmt":"2020-04-30T11:01:20","slug":"cicerone-trovador-personajes","status":"publish","type":"page","link":"http:\/\/www.josemariatornay.com\/index.php\/cicerone-trovador-personajes\/","title":{"rendered":"CICERONE Y TROVADOR: PERSONAJES"},"content":{"rendered":"\t\t<div data-elementor-type=\"wp-post\" data-elementor-id=\"13341\" class=\"elementor elementor-13341 elementor-bc-flex-widget\">\n\t\t\t\t\t\t<section class=\"elementor-section elementor-top-section elementor-element elementor-element-vjc838y elementor-section-boxed elementor-section-height-default elementor-section-height-default\" data-id=\"vjc838y\" data-element_type=\"section\">\n\t\t\t\t\t\t<div class=\"elementor-container elementor-column-gap-default\">\n\t\t\t\t\t<div class=\"elementor-column elementor-col-33 elementor-top-column elementor-element elementor-element-u9ubkmi\" data-id=\"u9ubkmi\" data-element_type=\"column\">\n\t\t\t<div class=\"elementor-widget-wrap elementor-element-populated\">\n\t\t\t\t\t\t<div class=\"elementor-element elementor-element-m44ggfr elementor-widget elementor-widget-heading\" data-id=\"m44ggfr\" data-element_type=\"widget\" data-widget_type=\"heading.default\">\n\t\t\t\t<div class=\"elementor-widget-container\">\n\t\t\t<style>\/*! elementor - v3.20.0 - 20-03-2024 *\/\n.elementor-heading-title{padding:0;margin:0;line-height:1}.elementor-widget-heading .elementor-heading-title[class*=elementor-size-]>a{color:inherit;font-size:inherit;line-height:inherit}.elementor-widget-heading .elementor-heading-title.elementor-size-small{font-size:15px}.elementor-widget-heading .elementor-heading-title.elementor-size-medium{font-size:19px}.elementor-widget-heading .elementor-heading-title.elementor-size-large{font-size:29px}.elementor-widget-heading .elementor-heading-title.elementor-size-xl{font-size:39px}.elementor-widget-heading .elementor-heading-title.elementor-size-xxl{font-size:59px}<\/style><h2 class=\"elementor-heading-title elementor-size-small\">FERNANDO DE LOS R\u00cdOS<\/h2>\t\t<\/div>\n\t\t\t\t<\/div>\n\t\t\t\t<div class=\"elementor-element elementor-element-guvb7dl elementor-widget elementor-widget-text-editor\" data-id=\"guvb7dl\" data-element_type=\"widget\" data-widget_type=\"text-editor.default\">\n\t\t\t\t<div class=\"elementor-widget-container\">\n\t\t\t<style>\/*! elementor - v3.20.0 - 20-03-2024 *\/\n.elementor-widget-text-editor.elementor-drop-cap-view-stacked .elementor-drop-cap{background-color:#69727d;color:#fff}.elementor-widget-text-editor.elementor-drop-cap-view-framed .elementor-drop-cap{color:#69727d;border:3px solid;background-color:transparent}.elementor-widget-text-editor:not(.elementor-drop-cap-view-default) .elementor-drop-cap{margin-top:8px}.elementor-widget-text-editor:not(.elementor-drop-cap-view-default) .elementor-drop-cap-letter{width:1em;height:1em}.elementor-widget-text-editor .elementor-drop-cap{float:left;text-align:center;line-height:1;font-size:50px}.elementor-widget-text-editor .elementor-drop-cap-letter{display:inline-block}<\/style>\t\t\t\t<p><strong>Luch\u00f3 contra la Espa\u00f1a de alma quieta <\/strong><br \/><strong>y a favor de alumbrar otros senderos <\/strong><br \/><strong>ocultos por la historia, prisioneros <\/strong><br \/><strong>de miedos y verdades incompletas.<br \/><br \/><\/strong><strong>Se enfrent\u00f3 a los fantasmas del pasado <\/strong><br \/><strong>con la esperanza puesta en el futuro <\/strong><br \/><strong>ante unos tiempos con el rostro duro <\/strong><br \/><strong>de rencores sin fin apasionados.<br \/><\/strong><br \/><strong>Pero esta patria, \u00a0pr\u00f3diga en quimeras <\/strong><br \/><strong>que juega con delirios de grandeza, <\/strong><br \/><strong>que cubre el fanatismo con banderas<br \/><\/strong><br \/><strong>y troca las razones en fiereza, <\/strong><br \/><strong>no lo dej\u00f3 ni vislumbrar siquiera <\/strong><br \/><strong>la Espa\u00f1a que llevaba en la cabeza.<\/strong><\/p>\t\t\t\t\t\t<\/div>\n\t\t\t\t<\/div>\n\t\t\t\t\t<\/div>\n\t\t<\/div>\n\t\t\t\t<div class=\"elementor-column elementor-col-66 elementor-top-column elementor-element elementor-element-e0276bm\" data-id=\"e0276bm\" data-element_type=\"column\">\n\t\t\t<div class=\"elementor-widget-wrap elementor-element-populated\">\n\t\t\t\t\t\t<div class=\"elementor-element elementor-element-iiz1z8i elementor-widget elementor-widget-image\" data-id=\"iiz1z8i\" data-element_type=\"widget\" data-widget_type=\"image.default\">\n\t\t\t\t<div class=\"elementor-widget-container\">\n\t\t\t<style>\/*! elementor - v3.20.0 - 20-03-2024 *\/\n.elementor-widget-image{text-align:center}.elementor-widget-image a{display:inline-block}.elementor-widget-image a img[src$=\".svg\"]{width:48px}.elementor-widget-image img{vertical-align:middle;display:inline-block}<\/style>\t\t\t\t\t\t\t\t\t\t<img fetchpriority=\"high\" decoding=\"async\" width=\"340\" height=\"305\" src=\"http:\/\/www.josemariatornay.com\/wp-content\/uploads\/2017\/02\/rios_fernando.jpg\" class=\"attachment-large size-large wp-image-13591\" alt=\"\" srcset=\"http:\/\/www.josemariatornay.com\/wp-content\/uploads\/2017\/02\/rios_fernando.jpg 340w, http:\/\/www.josemariatornay.com\/wp-content\/uploads\/2017\/02\/rios_fernando-300x269.jpg 300w\" sizes=\"(max-width: 340px) 100vw, 340px\" \/>\t\t\t\t\t\t\t\t\t\t\t\t\t<\/div>\n\t\t\t\t<\/div>\n\t\t\t\t\t<\/div>\n\t\t<\/div>\n\t\t\t\t\t<\/div>\n\t\t<\/section>\n\t\t\t\t<section class=\"elementor-section elementor-top-section elementor-element elementor-element-bvebt68 elementor-section-boxed elementor-section-height-default elementor-section-height-default\" data-id=\"bvebt68\" data-element_type=\"section\">\n\t\t\t\t\t\t<div class=\"elementor-container elementor-column-gap-default\">\n\t\t\t\t\t<div class=\"elementor-column elementor-col-100 elementor-top-column elementor-element elementor-element-l5vl1gz\" data-id=\"l5vl1gz\" data-element_type=\"column\">\n\t\t\t<div class=\"elementor-widget-wrap elementor-element-populated\">\n\t\t\t\t\t\t<div class=\"elementor-element elementor-element-qcd8roe elementor-widget elementor-widget-text-editor\" data-id=\"qcd8roe\" data-element_type=\"widget\" data-widget_type=\"text-editor.default\">\n\t\t\t\t<div class=\"elementor-widget-container\">\n\t\t\t\t\t\t\t<p>Otro de los personajes apellidado \u201cde los R\u00edos\u201d natural de Ronda, donde naciera el a\u00f1o 1.879, para morir, exiliado, en Nueva York en el a\u00f1o de 1.949. Tal vez haya sido el pol\u00edtico m\u00e1s importante de los oriundos de nuestra ciudad. Afiliado al Partido Socialista Obrero Espa\u00f1ol, ha sido en el siglo XX uno de los pol\u00edticos m\u00e1s preclaros de la vida Espa\u00f1ola. <br \/>Ocup\u00f3 las Carteras Ministeriales de Justicia, en el Gobierno Provisional de la Segunda Rep\u00fablica; de Instrucci\u00f3n Publica (diciembre de 1.931 a junio de 1.933)) y de Estado (de junio a septiembre de 1.933). Exiliado en Nueva York, fue Ministro de Asuntos Exteriores del Gobierno Republicano en el Exilio. Asisti\u00f3 a la Conferencia del Trabajo de 1.919 en Washington, siendo dirigente del PSOE. Maestro mas\u00f3n, perteneci\u00f3 al tri\u00e1ngulo \u201cAlhambra n\u00ba 39\u201d, fue un hombre muy vinculado a la Instituci\u00f3n Libre de Ense\u00f1anza. Ser\u00e1 el defensor de la Libertad, as\u00ed con may\u00fasculas, y un hombre de Estado de los m\u00e1s importantes de esa \u00e9poca del socialismo. En esta parte de la historia de Espa\u00f1a supo mantenerse al margen de los radicalismos, sin renunciar a las esencias del movimiento obrero.<br \/>Por estar en desacuerdo con la Dictadura del General Primo de Rivera, con la que otros compa\u00f1eros, que se consideraban m\u00e1s radicales, colaboraron, renunci\u00f3 a la C\u00e1tedra de la Universidad de Granada. Abandona Espa\u00f1a y se traslada a Nueva York donde imparti\u00f3 clases y conferencias, como asimismo en la Universidad Nacional de M\u00e9jico. A su regreso a Espa\u00f1a consigue, por oposici\u00f3n la C\u00e1tedra en la Universidad Central. <br \/>Es en Granada donde consigue su primera acta como diputado, gracias al apoyo del sector obrero de los granadinos, sobre los que pose\u00eda un enorme ascendente. Redact\u00f3 el Estatuto Jur\u00eddico del Gobierno de la II Rep\u00fablica, periodo en el que desempe\u00f1\u00f3 los distintos Ministerios ya rese\u00f1ados. Estando al frente del de Instrucciones P\u00fablicas se produjo un aumento muy importante, dir\u00edamos que sobresaliente, de las Escuelas Publicas, muy deficitarias en etapas anteriores.<br \/>En Ronda, su ciudad natal, se le han hecho varios homenajes y colocaci\u00f3n de una placa en la casa donde naci\u00f3, as\u00ed como series de conferencias sobre su persona, pol\u00edtica y cultural, llevadas a cabo por personalidades del mundo pol\u00edtico espa\u00f1ol y de compa\u00f1eros del Partido Socialista. Como ultimo homenaje por el momento, Unicaja ha puesto su nombre a uno de sus colegios, el ubicado en el barrio de San Francisco, en el antiguo convento.<\/p>\t\t\t\t\t\t<\/div>\n\t\t\t\t<\/div>\n\t\t\t\t<div class=\"elementor-element elementor-element-2e2a52d elementor-widget elementor-widget-heading\" data-id=\"2e2a52d\" data-element_type=\"widget\" data-widget_type=\"heading.default\">\n\t\t\t\t<div class=\"elementor-widget-container\">\n\t\t\t<h2 class=\"elementor-heading-title elementor-size-default\">DIEGO EL DE EL GASTOR<\/h2>\t\t<\/div>\n\t\t\t\t<\/div>\n\t\t\t\t\t<\/div>\n\t\t<\/div>\n\t\t\t\t\t<\/div>\n\t\t<\/section>\n\t\t\t\t<section class=\"elementor-section elementor-top-section elementor-element elementor-element-ue25fyy elementor-section-boxed elementor-section-height-default elementor-section-height-default\" data-id=\"ue25fyy\" data-element_type=\"section\">\n\t\t\t\t\t\t<div class=\"elementor-container elementor-column-gap-default\">\n\t\t\t\t\t<div class=\"elementor-column elementor-col-66 elementor-top-column elementor-element elementor-element-nfy38p3\" data-id=\"nfy38p3\" data-element_type=\"column\">\n\t\t\t<div class=\"elementor-widget-wrap elementor-element-populated\">\n\t\t\t\t\t\t<div class=\"elementor-element elementor-element-wzzmi67 elementor-widget elementor-widget-image\" data-id=\"wzzmi67\" data-element_type=\"widget\" data-widget_type=\"image.default\">\n\t\t\t\t<div class=\"elementor-widget-container\">\n\t\t\t\t\t\t\t\t\t\t\t\t\t<img decoding=\"async\" src=\"http:\/\/www.josemariatornay.com\/wp-content\/uploads\/elementor\/thumbs\/diego02grande-n5agrbhn5uxruie5u3md1emxsx7015zzt7d2eiiabc.jpg\" title=\"diego02grande\" alt=\"diego02grande\" loading=\"lazy\" \/>\t\t\t\t\t\t\t\t\t\t\t\t\t<\/div>\n\t\t\t\t<\/div>\n\t\t\t\t\t<\/div>\n\t\t<\/div>\n\t\t\t\t<div class=\"elementor-column elementor-col-33 elementor-top-column elementor-element elementor-element-uw3do5s\" data-id=\"uw3do5s\" data-element_type=\"column\">\n\t\t\t<div class=\"elementor-widget-wrap elementor-element-populated\">\n\t\t\t\t\t\t<div class=\"elementor-element elementor-element-orhutmj elementor-widget elementor-widget-text-editor\" data-id=\"orhutmj\" data-element_type=\"widget\" data-widget_type=\"text-editor.default\">\n\t\t\t\t<div class=\"elementor-widget-container\">\n\t\t\t\t\t\t\t<p>DIEGO EL DEL GASTOR<\/p><p>En contacto con su pecho,<br \/>como un trasunto del alma,<br \/>lanza sus flores al viento<br \/>la fuente de su guitarra.<br \/>Vuelan notas, teje sue\u00f1os,<br \/>brotan duendes, cubre canas<br \/>y en los balcones del cielo<br \/>suenan celestiales palmas;<br \/>que siga tocando Diego<br \/>que siga sembrando magia<br \/>que siga ardiendo su fuego<br \/>dentro de cada guitarra.<\/p>\t\t\t\t\t\t<\/div>\n\t\t\t\t<\/div>\n\t\t\t\t\t<\/div>\n\t\t<\/div>\n\t\t\t\t\t<\/div>\n\t\t<\/section>\n\t\t\t\t<section class=\"elementor-section elementor-top-section elementor-element elementor-element-x6m98rd elementor-section-boxed elementor-section-height-default elementor-section-height-default\" data-id=\"x6m98rd\" data-element_type=\"section\">\n\t\t\t\t\t\t<div class=\"elementor-container elementor-column-gap-default\">\n\t\t\t\t\t<div class=\"elementor-column elementor-col-100 elementor-top-column elementor-element elementor-element-ky2no8b\" data-id=\"ky2no8b\" data-element_type=\"column\">\n\t\t\t<div class=\"elementor-widget-wrap elementor-element-populated\">\n\t\t\t\t\t\t<div class=\"elementor-element elementor-element-gi2zzw3 elementor-widget elementor-widget-text-editor\" data-id=\"gi2zzw3\" data-element_type=\"widget\" data-widget_type=\"text-editor.default\">\n\t\t\t\t<div class=\"elementor-widget-container\">\n\t\t\t\t\t\t\t<p>El azar quiso que cuando su familia regresaba a Ronda de uno de los viajes de negocios por la comarca, Diego Amaya Flores viniera al mundo en la posada de la vecina localidad de Arriate en 1908. Sus padres naturales eran de Grazalema \u00e9l, y ella de Cortes de la Frontera. Fue bautizado en Ronda, y en 1912 marcha desde aqu\u00ed\u00a0 hacia El Gastor, donde pasar\u00eda su juventud y de donde a\u00f1os mas tarde tomar\u00eda su nombre art\u00edstico. En 1923 se traslada con su familia a Mor\u00f3n de la Frontera donde fijaron definitivamente su residencia.<br \/>Emparentado con Aniya la Gitana (sobrino-nieto), estaba dotado de una gran\u00a0 sensibilidad e intuici\u00f3n para la m\u00fasica. Comienza a frecuentar Ronda a finales de los a\u00f1os sesenta. En Diego se cumple el refr\u00e1n: \u201cde casta\u00a0 le viene al galgo\u201d o aquel otro \u201cDe tal palo\u2026\u201d. Su padre, cantaor no profesional, <br \/>conservaba\u00a0 los cantes de Aniya, y su hermano Jos\u00e9 era tocaor; \u00e9l le ense\u00f1\u00f3 los secretos de la guitarra.<br \/>Conoc\u00eda todos los toque flamencos, pero su preferencia la dirig\u00eda hacia determinados estilos de soleares, seguiriyas y buler\u00edas.\u00a0 Hay quien ha manifestado que era un cantaor corto, es decir, de poco repertorio, precisamente bas\u00e1ndose en esa preferencia\u00a0 en los toques, que dec\u00edamos anteriormente. Diego no gustaba del aplauso y el ruido; s\u00f3lo pertenec\u00eda al silencio y, al final, el ruido pudo m\u00e1s que \u00e9l mismo. Tal vez por esto, su trayectoria art\u00edstica se desarroll\u00f3 principalmente en reuniones de cabales, salvo espor\u00e1dicas actuaciones en p\u00fablico y en programas de televisi\u00f3n, lo que no fue impedimento para que su fama\u00a0 llegara a ser universal, dadas las caracter\u00edsticas personal\u00edsimas de su toque.<br \/>Lo importante en la vida de Diego es su guitarra, su toque, que contiene m\u00e1s alma, m\u00e1s duende, que el toque de cualquier guitarrista flamenco de\u00a0 hoy en d\u00eda; sin embargo, no es lo que toca, sino c\u00f3mo lo toca. Diego posee el coraz\u00f3n y el talento de convertir, incluso la falseta m\u00e1s anodina en una red que va tejiendo la m\u00e1s pura expresi\u00f3n de un arte, que no es simplemente un alubi\u00f3n de notas, sino una expresiva combinaci\u00f3n de m\u00fasica y alma. <br \/>Otra de las facetas que contribuy\u00f3 a la grandeza del toque de Diego es su exquisito talento para acompa\u00f1ar el cante y el hecho de que mucho del material que tocaba sea de su propia creaci\u00f3n; en la actualidad reconocido como una autentica escuela y estilo. En <br \/>Jap\u00f3n, dicho estilo se ense\u00f1a en los conservatorios y en Nueva Cork existe una escuela de guitarra que estudia sus\u00a0 formas y modos art\u00edsticos.<br \/>En el acompa\u00f1amiento del cante por sole\u00e1 mostraba predilecci\u00f3n sobre todo por la variante de la solea corta, que hacia su padre, de los antiguos y casi perdidos ecos de la solea de\u00a0\u00a0 Triana, recogidos por Aniya la Gitana y conservados casi milagrosamente por su cu\u00f1ado \u201cJoselero de Mor\u00f3n\u201d.<br \/>Ten\u00eda fama de mani\u00e1tico y raro porque\u00a0 cuando no le gustaba una reuni\u00f3n se marchaba dejando plantados a los asistentes. De ah\u00ed\u00a0 que se hicieran famosas sus \u201cespantas\u201d. Tampoco quiso entrar en el mundo del espect\u00e1culo, ten\u00eda al respecto un criterio muy particular de ese mundillo y manten\u00eda su\u00a0 independencia y libertad por encima de todo. <br \/>Sol\u00eda decir:\u201dla guitarra es demasiado sublime para que<br \/>se pueda comprar o vender\u201d. Sabemos que frecuentaba las reuniones de cabales de algunos paisanos nuestros, con los que se encontraba a gusto y c\u00f3modo, donde en alguna ocasi\u00f3n se le oy\u00f3 cantar, recordando los cantes de Aniya. La siguiente letra nos puede dar idea de cual era la forma de pensar de Diego: <br \/>Tengo la luz y la candela,<br \/>el dinero que\u00a0 t\u00fa ganes<br \/>que se lo coma la tierra.<br \/>Con este convencimiento y acompa\u00f1ado de su\u00a0 guitarra, como el Piyayo y como Aniya la Gitana,\u00a0 en julio del 73, dejaba este mundo de mortales, para reunirse, sin lugar a dudas, con ellos.<br \/>Tengo en la memoria todav\u00eda aquella noche del TES, en la Casa de D. Bosco, en el verano del a\u00f1o 1.972, cuando Diego, acompa\u00f1ado por Bergam\u00edn, nos visit\u00f3 y sorprendi\u00f3 con su toque y sus cosas.<br \/>Este a\u00f1o de 2.008 se cumple el centenario del nacimiento de este guitarrista universal. Vaya, como adelanto del homenaje que se le prepara por los Ayuntamientos de Ronda, Arriate, Mor\u00f3n y El Gastor, este nuestro.<\/p>\t\t\t\t\t\t<\/div>\n\t\t\t\t<\/div>\n\t\t\t\t\t<\/div>\n\t\t<\/div>\n\t\t\t\t\t<\/div>\n\t\t<\/section>\n\t\t\t\t<section class=\"elementor-section elementor-top-section elementor-element elementor-element-amd8urw elementor-section-boxed elementor-section-height-default elementor-section-height-default\" data-id=\"amd8urw\" data-element_type=\"section\">\n\t\t\t\t\t\t<div class=\"elementor-container elementor-column-gap-default\">\n\t\t\t\t\t<div class=\"elementor-column elementor-col-33 elementor-top-column elementor-element elementor-element-h0gpfdy\" data-id=\"h0gpfdy\" data-element_type=\"column\">\n\t\t\t<div class=\"elementor-widget-wrap elementor-element-populated\">\n\t\t\t\t\t\t<div class=\"elementor-element elementor-element-6yq2cuc elementor-widget elementor-widget-heading\" data-id=\"6yq2cuc\" data-element_type=\"widget\" data-widget_type=\"heading.default\">\n\t\t\t\t<div class=\"elementor-widget-container\">\n\t\t\t<h2 class=\"elementor-heading-title elementor-size-small\">ANIYA LA GITANA<\/h2>\t\t<\/div>\n\t\t\t\t<\/div>\n\t\t\t\t<div class=\"elementor-element elementor-element-cpx4jfk elementor-widget elementor-widget-image\" data-id=\"cpx4jfk\" data-element_type=\"widget\" data-widget_type=\"image.default\">\n\t\t\t\t<div class=\"elementor-widget-container\">\n\t\t\t\t\t\t\t\t\t\t\t\t\t<img decoding=\"async\" width=\"400\" height=\"300\" src=\"http:\/\/www.josemariatornay.com\/wp-content\/uploads\/2017\/02\/2.jpg\" class=\"attachment-large size-large wp-image-13354\" alt=\"\" srcset=\"http:\/\/www.josemariatornay.com\/wp-content\/uploads\/2017\/02\/2.jpg 400w, http:\/\/www.josemariatornay.com\/wp-content\/uploads\/2017\/02\/2-300x225.jpg 300w\" sizes=\"(max-width: 400px) 100vw, 400px\" \/>\t\t\t\t\t\t\t\t\t\t\t\t\t<\/div>\n\t\t\t\t<\/div>\n\t\t\t\t\t<\/div>\n\t\t<\/div>\n\t\t\t\t<div class=\"elementor-column elementor-col-66 elementor-top-column elementor-element elementor-element-gw84gyh\" data-id=\"gw84gyh\" data-element_type=\"column\">\n\t\t\t<div class=\"elementor-widget-wrap elementor-element-populated\">\n\t\t\t\t\t\t<div class=\"elementor-element elementor-element-micp2db elementor-widget elementor-widget-text-editor\" data-id=\"micp2db\" data-element_type=\"widget\" data-widget_type=\"text-editor.default\">\n\t\t\t\t<div class=\"elementor-widget-container\">\n\t\t\t\t\t\t\t<p style=\"text-align: center;\">\n<\/p><p style=\"text-align: center;\"><strong>Se conjuraban las musas<\/strong><br><strong>en noches de luna clara<\/strong><br><strong>cuando lloraban su llanto<\/strong><br><strong>las cuerdas de su guitarra<\/strong><strong>&nbsp;<\/strong><br><strong>Sangre de fuego encendido<\/strong><br><strong>bordan sus dedos al alba<\/strong><br><strong>y la brisa se detiene<\/strong><br><strong>para entrar por su ventana.<\/strong><br><strong>Aniya, luz de bohemia,<\/strong><br><strong>mujer de miel y de rabia,<\/strong><br><strong>verano de sol ardiente,<\/strong><br><strong>linterna en la madrugada. <\/strong><br><strong>Por las esquinas del aire<\/strong><br><strong>retoza su voz quebrada,<\/strong><br><strong>mientras deslumbra la noche<\/strong><br><strong>la reina de las gitanas.<\/strong><\/p>\t\t\t\t\t\t<\/div>\n\t\t\t\t<\/div>\n\t\t\t\t\t<\/div>\n\t\t<\/div>\n\t\t\t\t\t<\/div>\n\t\t<\/section>\n\t\t\t\t<section class=\"elementor-section elementor-top-section elementor-element elementor-element-3low7hv elementor-section-boxed elementor-section-height-default elementor-section-height-default\" data-id=\"3low7hv\" data-element_type=\"section\">\n\t\t\t\t\t\t<div class=\"elementor-container elementor-column-gap-default\">\n\t\t\t\t\t<div class=\"elementor-column elementor-col-100 elementor-top-column elementor-element elementor-element-7z9ns5x\" data-id=\"7z9ns5x\" data-element_type=\"column\">\n\t\t\t<div class=\"elementor-widget-wrap elementor-element-populated\">\n\t\t\t\t\t\t<div class=\"elementor-element elementor-element-sjmdoa5 elementor-widget elementor-widget-text-editor\" data-id=\"sjmdoa5\" data-element_type=\"widget\" data-widget_type=\"text-editor.default\">\n\t\t\t\t<div class=\"elementor-widget-container\">\n\t\t\t\t\t\t\t<p>Amaya Molina nace en Ronda el 27 de Septiembre del a\u00f1o 1.855 y muere en Ronda el d\u00eda de Todos los Santos del a\u00f1o 1.933. Cantaora y guitarrista, sol\u00eda acompa\u00f1arse ella misma. De vida azarosa, esclava del amor, contrabandista en su juventud, llena de an\u00e9cdotas, una mujer repleta de ternura, simpat\u00eda;yo dir\u00eda que una mujer del pueblo, querida por todos, desde la Reina Victoria Eugenia, que le regal\u00f3 un mant\u00f3n de Manila, hasta Pastora Imperio que le obsequi\u00f3 con una bata de cola. <br \/>Poetas y literatos han glosado y loado la figura de Anilla. Federico Garc\u00eda Lorca la cita en 1922 en su conferencia \u201cImportancia hist\u00f3rica y art\u00edstica del primitivo cante andaluz llamado cante jondo\u201d le\u00edda en Granada con motivo del concurso de Cante Grande. En 1930, con setenta y cinco a\u00f1os, fue la figura m\u00e1s admirada en la Exposici\u00f3n de Barcelona, en la Semana de Andaluc\u00eda, que tuvo lugar en el Pueblo Espa\u00f1ol de la Ciudad Condal. All\u00ed cant\u00f3 y bail\u00f3 Aniya, y estuvo acompa\u00f1ada a la guitarra por Ram\u00f3n Montoya. Desde Barcelona se mandaba informaci\u00f3n al secretario del Ayuntamiento de Ronda sobre la salud de nuestra paisana, y entre otras cosas dec\u00edan:\u201d \u2026 la anciana gitana, come bien, duerme poco y bebe mucho\u201d. <br \/>Jos\u00e9 Carlos de Luna le dedica un poema con su nombre en la obra \u201cLa Taberna de los 3 Reyes\u201d. Tambi\u00e9n N\u00fa\u00f1ez de Prado le dedica un cap\u00edtulo en su obra \u00abCantaores andaluces\u00bb, donde glosa su cante por soleares y su vida. De ah\u00ed sacamos una de las letras por sole\u00e1 que con m\u00e1s frecuencia cantaba:<br \/>Estoy viviendo en el mundo <br \/>con la esperanzza perd\u00eda; <br \/>no es menester que me entierren <br \/>porque estoy enterr\u00e1 en v\u00eda. <br \/>Como cantaora lo hizo en los caf\u00e9s cantantes de Ronda, Fornos, La Primera de Ronda y El Pollo, donde se cuenta que conoci\u00f3 al gran cantaor jerezano Don Antonio Chac\u00f3n y a los hermanos Javier y Antonio Molina, el primero toca\u00f3 y el segundo baila\u00f3, que hac\u00edan gira con Chac\u00f3n. <br \/>Cant\u00f3 en el Burrero de Sevilla y, en M\u00e1laga, en el Sin Techo y el de Chinitas, donde conoce a su paisana Paca Aguilera, en 1890. Sus valores art\u00edsticos han sido siempre reconocidos por todos, porque Aniya sent\u00eda el arte como el coraz\u00f3n que m\u00e1s lo sienta y viv\u00eda la grandiosidad de ese arte con el alma y nos dej\u00f3 un estilo poco cantado, que solo conocen unos pocos aficionados, como sus solearillas, o solares cortas. <br \/>Hay otras an\u00e9cdotas y curiosidades que reflejan todo lo que fue la vida y el cante de esta gitana ronde\u00f1a. De su cante debemos hacer hincapi\u00e9 en las citadas soleares, hechas y creadas a su forma y que, aunque perdidas en el tiempo, las conocemos gracias al padre de \u201cDiego del Gastor\u201d , Juan Amaya Cort\u00e9s, que a su vez las aprendi\u00f3 del abuelo de Diego, Francisco Amaya, y que nuestro guitarrista universal cantaba. <br \/>Una letra de sole\u00e1, escrita por Juan Ortiz Ord\u00f3\u00f1ez para el concurso de letras flamencas de Ronda en 1971, y premiada en en el mismo, recoge como nadie lo que era y c\u00f3mo era el cante de Aniya: <br \/>Nadie ha podio cant\u00e1 <br \/>como Aniya la Gitana <br \/>lloraba por sole\u00e1. <br \/>En Ronda ha tenido varios homenajes, uno de ellos, hecho por el TES de Ronda en \u201cUna taberna en otro lugar\u201d, obra escrita por Antonio Becerra y representada en el Teatro Espinel, el 31 de enero del a\u00f1o 2.003. Posteriormente, el Ayuntamiento le erigi\u00f3 un monumento situado al lado de la Iglesia de Padre Jes\u00fas.<\/p>\t\t\t\t\t\t<\/div>\n\t\t\t\t<\/div>\n\t\t\t\t\t<\/div>\n\t\t<\/div>\n\t\t\t\t\t<\/div>\n\t\t<\/section>\n\t\t\t\t<section class=\"elementor-section elementor-top-section elementor-element elementor-element-89bdd0b elementor-section-boxed elementor-section-height-default elementor-section-height-default\" data-id=\"89bdd0b\" data-element_type=\"section\">\n\t\t\t\t\t\t<div class=\"elementor-container elementor-column-gap-default\">\n\t\t\t\t\t<div class=\"elementor-column elementor-col-100 elementor-top-column elementor-element elementor-element-7f08676\" data-id=\"7f08676\" data-element_type=\"column\">\n\t\t\t<div class=\"elementor-widget-wrap elementor-element-populated\">\n\t\t\t\t\t\t<div class=\"elementor-element elementor-element-bd8f069 elementor-widget-divider--view-line elementor-widget elementor-widget-divider\" data-id=\"bd8f069\" data-element_type=\"widget\" data-widget_type=\"divider.default\">\n\t\t\t\t<div class=\"elementor-widget-container\">\n\t\t\t<style>\/*! elementor - v3.20.0 - 20-03-2024 *\/\n.elementor-widget-divider{--divider-border-style:none;--divider-border-width:1px;--divider-color:#0c0d0e;--divider-icon-size:20px;--divider-element-spacing:10px;--divider-pattern-height:24px;--divider-pattern-size:20px;--divider-pattern-url:none;--divider-pattern-repeat:repeat-x}.elementor-widget-divider .elementor-divider{display:flex}.elementor-widget-divider .elementor-divider__text{font-size:15px;line-height:1;max-width:95%}.elementor-widget-divider .elementor-divider__element{margin:0 var(--divider-element-spacing);flex-shrink:0}.elementor-widget-divider .elementor-icon{font-size:var(--divider-icon-size)}.elementor-widget-divider .elementor-divider-separator{display:flex;margin:0;direction:ltr}.elementor-widget-divider--view-line_icon .elementor-divider-separator,.elementor-widget-divider--view-line_text .elementor-divider-separator{align-items:center}.elementor-widget-divider--view-line_icon .elementor-divider-separator:after,.elementor-widget-divider--view-line_icon .elementor-divider-separator:before,.elementor-widget-divider--view-line_text .elementor-divider-separator:after,.elementor-widget-divider--view-line_text .elementor-divider-separator:before{display:block;content:\"\";border-block-end:0;flex-grow:1;border-block-start:var(--divider-border-width) var(--divider-border-style) var(--divider-color)}.elementor-widget-divider--element-align-left .elementor-divider .elementor-divider-separator>.elementor-divider__svg:first-of-type{flex-grow:0;flex-shrink:100}.elementor-widget-divider--element-align-left .elementor-divider-separator:before{content:none}.elementor-widget-divider--element-align-left .elementor-divider__element{margin-left:0}.elementor-widget-divider--element-align-right .elementor-divider .elementor-divider-separator>.elementor-divider__svg:last-of-type{flex-grow:0;flex-shrink:100}.elementor-widget-divider--element-align-right .elementor-divider-separator:after{content:none}.elementor-widget-divider--element-align-right .elementor-divider__element{margin-right:0}.elementor-widget-divider--element-align-start .elementor-divider .elementor-divider-separator>.elementor-divider__svg:first-of-type{flex-grow:0;flex-shrink:100}.elementor-widget-divider--element-align-start .elementor-divider-separator:before{content:none}.elementor-widget-divider--element-align-start .elementor-divider__element{margin-inline-start:0}.elementor-widget-divider--element-align-end .elementor-divider .elementor-divider-separator>.elementor-divider__svg:last-of-type{flex-grow:0;flex-shrink:100}.elementor-widget-divider--element-align-end .elementor-divider-separator:after{content:none}.elementor-widget-divider--element-align-end .elementor-divider__element{margin-inline-end:0}.elementor-widget-divider:not(.elementor-widget-divider--view-line_text):not(.elementor-widget-divider--view-line_icon) .elementor-divider-separator{border-block-start:var(--divider-border-width) var(--divider-border-style) var(--divider-color)}.elementor-widget-divider--separator-type-pattern{--divider-border-style:none}.elementor-widget-divider--separator-type-pattern.elementor-widget-divider--view-line .elementor-divider-separator,.elementor-widget-divider--separator-type-pattern:not(.elementor-widget-divider--view-line) .elementor-divider-separator:after,.elementor-widget-divider--separator-type-pattern:not(.elementor-widget-divider--view-line) .elementor-divider-separator:before,.elementor-widget-divider--separator-type-pattern:not([class*=elementor-widget-divider--view]) .elementor-divider-separator{width:100%;min-height:var(--divider-pattern-height);-webkit-mask-size:var(--divider-pattern-size) 100%;mask-size:var(--divider-pattern-size) 100%;-webkit-mask-repeat:var(--divider-pattern-repeat);mask-repeat:var(--divider-pattern-repeat);background-color:var(--divider-color);-webkit-mask-image:var(--divider-pattern-url);mask-image:var(--divider-pattern-url)}.elementor-widget-divider--no-spacing{--divider-pattern-size:auto}.elementor-widget-divider--bg-round{--divider-pattern-repeat:round}.rtl .elementor-widget-divider .elementor-divider__text{direction:rtl}.e-con-inner>.elementor-widget-divider,.e-con>.elementor-widget-divider{width:var(--container-widget-width,100%);--flex-grow:var(--container-widget-flex-grow)}<\/style>\t\t<div class=\"elementor-divider\">\n\t\t\t<span class=\"elementor-divider-separator\">\n\t\t\t\t\t\t<\/span>\n\t\t<\/div>\n\t\t\t\t<\/div>\n\t\t\t\t<\/div>\n\t\t\t\t\t<\/div>\n\t\t<\/div>\n\t\t\t\t\t<\/div>\n\t\t<\/section>\n\t\t\t\t<section class=\"elementor-section elementor-top-section elementor-element elementor-element-4407015 elementor-section-boxed elementor-section-height-default elementor-section-height-default\" data-id=\"4407015\" data-element_type=\"section\">\n\t\t\t\t\t\t<div class=\"elementor-container elementor-column-gap-default\">\n\t\t\t\t\t<div class=\"elementor-column elementor-col-50 elementor-top-column elementor-element elementor-element-1bc8a63\" data-id=\"1bc8a63\" data-element_type=\"column\">\n\t\t\t<div class=\"elementor-widget-wrap elementor-element-populated\">\n\t\t\t\t\t\t<div class=\"elementor-element elementor-element-3ecb152 elementor-widget elementor-widget-image\" data-id=\"3ecb152\" data-element_type=\"widget\" data-widget_type=\"image.default\">\n\t\t\t\t<div class=\"elementor-widget-container\">\n\t\t\t\t\t\t\t\t\t\t\t\t\t<img decoding=\"async\" src=\"http:\/\/www.josemariatornay.com\/wp-content\/uploads\/elementor\/thumbs\/giner1-opngmmfe70gaunyfj8rfmd4b01g7dwu6i65fligwsg.jpg\" title=\"giner1\" alt=\"giner1\" loading=\"lazy\" \/>\t\t\t\t\t\t\t\t\t\t\t\t\t<\/div>\n\t\t\t\t<\/div>\n\t\t\t\t<div class=\"elementor-element elementor-element-2065870 elementor-widget elementor-widget-text-editor\" data-id=\"2065870\" data-element_type=\"widget\" data-widget_type=\"text-editor.default\">\n\t\t\t\t<div class=\"elementor-widget-container\">\n\t\t\t\t\t\t\t<p>Maestro de maestros, visionario<br \/>en un pueblo con alma de opereta,<br \/>quiso rendir la hiel de la escopeta<br \/>a la c\u00e1lida luz del diccionario.<\/p><p>Pero esta patria de ra\u00edz liviana,<br \/>del odio eterno y credos infalibles<br \/>fue enterrando en el mar de lo imposible<br \/>su germen portador de otro ma\u00f1ana.<\/p><p>Con hombres y mujeres liberados<br \/>de cadenas y dogmas seculares<br \/>so\u00f1\u00f3 un pueblo de pulso atemperado<\/p><p>con el alma pre\u00f1ada y sin pesares<br \/>del frescor de los campos olvidados<br \/>y el vigor de los recios olivares.<\/p>\t\t\t\t\t\t<\/div>\n\t\t\t\t<\/div>\n\t\t\t\t<div class=\"elementor-element elementor-element-38081f2 elementor-widget elementor-widget-image\" data-id=\"38081f2\" data-element_type=\"widget\" data-widget_type=\"image.default\">\n\t\t\t\t<div class=\"elementor-widget-container\">\n\t\t\t\t\t\t\t\t\t\t\t\t\t<img decoding=\"async\" src=\"http:\/\/www.josemariatornay.com\/wp-content\/uploads\/elementor\/thumbs\/Giner2-oop3e18xunqjlaz44ai7oh1ntj45sbsurzfcfxzb40.jpg\" title=\"Giner2\" alt=\"Giner2\" loading=\"lazy\" \/>\t\t\t\t\t\t\t\t\t\t\t\t\t<\/div>\n\t\t\t\t<\/div>\n\t\t\t\t\t<\/div>\n\t\t<\/div>\n\t\t\t\t<div class=\"elementor-column elementor-col-50 elementor-top-column elementor-element elementor-element-f029120\" data-id=\"f029120\" data-element_type=\"column\">\n\t\t\t<div class=\"elementor-widget-wrap elementor-element-populated\">\n\t\t\t\t\t\t<div class=\"elementor-element elementor-element-d68930d elementor-widget elementor-widget-heading\" data-id=\"d68930d\" data-element_type=\"widget\" data-widget_type=\"heading.default\">\n\t\t\t\t<div class=\"elementor-widget-container\">\n\t\t\t<h2 class=\"elementor-heading-title elementor-size-default\">GINER DE LOS R\u00cdOS<\/h2>\t\t<\/div>\n\t\t\t\t<\/div>\n\t\t\t\t<div class=\"elementor-element elementor-element-df04d79 elementor-widget elementor-widget-text-editor\" data-id=\"df04d79\" data-element_type=\"widget\" data-widget_type=\"text-editor.default\">\n\t\t\t\t<div class=\"elementor-widget-container\">\n\t\t\t\t\t\t\t<p>D. Francisco Giner de los R\u00edos naci\u00f3 en Ronda el a\u00f1o de 1.839 y muri\u00f3 en Madrid el a\u00f1o 1.915.\u2028 Actualmente ya no existe la casa donde naciera, aunque se mantiene el recuerdo con una placa de m\u00e1rmol, en la cual se puede leer que all\u00ed estuvo ubicada. El lugar es muy f\u00e1cil de encontrar, pues es la casa que hace esquina en el estrechamiento de la calle Armi\u00f1an, justo enfrente de la Casa donde viviera el poeta Pedro P\u00e9rez Clotet.<br>\u2028\u00c9l, de joven, ya se traslad\u00f3 a C\u00e1diz para estudiar y posteriormente a Alicante. Fue en Barcelona y en su Universidad donde empez\u00f3 sus estudios para continuar posteriormente en Granada donde termina las carreras de Derecho y de Filosof\u00eda y Letras. \u2028Se traslada a Madrid donde gana la C\u00e1tedra de Filosof\u00eda del Derecho en el a\u00f1o 1.866, a la que posteriormente renuncia por solidaridad con dos de los profesores.<br>\u2028Fue perseguido y separado de la c\u00e1tedra, siendo recluido en el Castillo de Santa Catalina en C\u00e1diz, pero esto no hizo m\u00e1s que aumentar sus ganas de cambiar el sistema de ense\u00f1anza y cultural que exist\u00eda en nuestro pa\u00eds, lo que consigue, en parte, fundando la Instituci\u00f3n Libre de Ense\u00f1anza. \u00c9sta, a lo largo de los a\u00f1os, fue un hervidero de conciencias culturales nuevas y por ella pasaron un buen n\u00famero de los personajes m\u00e1s influyentes e importantes de la vida cultural del siglo XX durante el periodo comprendido entre 1.875 y el final de la Segunda Rep\u00fablica. Ha sido el ronde\u00f1o m\u00e1s importante en el mundo de la ense\u00f1anza, en la Espa\u00f1a del siglo XIX y XX, Su filosof\u00eda, es la que m\u00e1s ha repercutido en el profesorado de la \u00e9poca y, a\u00fan, en el actual. Fue el gran reformador de la vida humanista y liberal, o al menos lo intent\u00f3.<br>Giner de los R\u00edos se inici\u00f3 en la vida literaria y pol\u00edtica en la Revista Meridional (1.863), contact\u00f3 con el c\u00edrculo krausista de Sanz del R\u00edo, fund\u00f3 el Bolet\u00edn Revista de la Universidad de Madrid y fue portavoz del movimiento krausista.\u2028 Muri\u00f3 en Madrid a los 76 a\u00f1os de edad, dejando a sus espaldas un n\u00famero importante de publicaciones sobre sus ideas de la ense\u00f1anza y la cultura y dejando un n\u00famero incontable de seguidores de su vida, su filosof\u00eda y sus ense\u00f1anzas. \u2028En su Ciudad natal hay un monumento, erigido en la Plaza de los Descalzos, instalado y promovido por el Colectivo Cultural Giner de los R\u00edos (1.988), que preside como alma y factotum del mismo, mi amigo y admirado inquieto, Manuel Casillas.<\/p>\t\t\t\t\t\t<\/div>\n\t\t\t\t<\/div>\n\t\t\t\t\t<\/div>\n\t\t<\/div>\n\t\t\t\t\t<\/div>\n\t\t<\/section>\n\t\t\t\t<section class=\"elementor-section elementor-top-section elementor-element elementor-element-0e1420a elementor-section-boxed elementor-section-height-default elementor-section-height-default\" data-id=\"0e1420a\" data-element_type=\"section\">\n\t\t\t\t\t\t<div class=\"elementor-container elementor-column-gap-default\">\n\t\t\t\t\t<div class=\"elementor-column elementor-col-100 elementor-top-column elementor-element elementor-element-12f28c3\" data-id=\"12f28c3\" data-element_type=\"column\">\n\t\t\t<div class=\"elementor-widget-wrap elementor-element-populated\">\n\t\t\t\t\t\t<div class=\"elementor-element elementor-element-3c451e4 elementor-widget-divider--view-line elementor-widget elementor-widget-divider\" data-id=\"3c451e4\" data-element_type=\"widget\" data-widget_type=\"divider.default\">\n\t\t\t\t<div class=\"elementor-widget-container\">\n\t\t\t\t\t<div class=\"elementor-divider\">\n\t\t\t<span class=\"elementor-divider-separator\">\n\t\t\t\t\t\t<\/span>\n\t\t<\/div>\n\t\t\t\t<\/div>\n\t\t\t\t<\/div>\n\t\t\t\t\t<\/div>\n\t\t<\/div>\n\t\t\t\t\t<\/div>\n\t\t<\/section>\n\t\t\t\t<section class=\"elementor-section elementor-top-section elementor-element elementor-element-0814f70 elementor-section-boxed elementor-section-height-default elementor-section-height-default\" data-id=\"0814f70\" data-element_type=\"section\">\n\t\t\t\t\t\t<div class=\"elementor-container elementor-column-gap-default\">\n\t\t\t\t\t<div class=\"elementor-column elementor-col-50 elementor-top-column elementor-element elementor-element-47bd67d\" data-id=\"47bd67d\" data-element_type=\"column\">\n\t\t\t<div class=\"elementor-widget-wrap elementor-element-populated\">\n\t\t\t\t\t\t<div class=\"elementor-element elementor-element-5ac4de1 elementor-widget elementor-widget-text-editor\" data-id=\"5ac4de1\" data-element_type=\"widget\" data-widget_type=\"text-editor.default\">\n\t\t\t\t<div class=\"elementor-widget-container\">\n\t\t\t\t\t\t\t<p>En el siglo XX se produce un evento de los m\u00e1s importantes de la historia de la vida taurina espa\u00f1ola. Nace en Ronda la Dinast\u00eda de los Ord\u00f3\u00f1ez. All\u00e1 por el Hoyo del Bote (Barrio de Padre Jes\u00fas), Juan Ord\u00f3\u00f1ez, que hab\u00eda sido carabinero, abri\u00f3 un negocio a la que llam\u00f3 \u201dZapater\u00eda La Palma\u201d. De ah\u00ed que sus hijos adoptaran este sobrenombre de \u201cNi\u00f1o de la Palma\u201d.<br \/>Aunque el que populariz\u00f3 el nombre fue Cayetano, ya su hermano Antonio, (Marbella 1.894), en sus tiempos de novillero, se hab\u00eda hecho llamar \u201cNi\u00f1o de la Palma\u201d. El segundo hijo de Juan Ord\u00f3\u00f1ez, Manuel, fue siempre de banderillero y hombre de confianza de su hermano Cayetano. Rafael, el cuarto de los Ord\u00f3\u00f1ez Aguilera no pas\u00f3 de ser un modesto torero de plata y Alfonso, el benjam\u00edn de la familia, qued\u00f3, asimismo, encuadrado en esa categor\u00eda. El grande de los hermanos Ord\u00f3\u00f1ez Aguilera fue Cayetano, el famoso \u201cNi\u00f1o de la Palma\u201d, de quien dijera Corrochano, celebre cronista taurino, \u201cEs de Ronda y se llama Cayetano\u201d, frase lapidaria que ha quedado grabada en los anales del mundo taurino.<br \/>Nace Cayetano en Ronda el d\u00eda 4 de enero de 1.904 y muere en Madrid el 28 de septiembre de 1.961. Tom\u00f3 la alternativa de manos de Juan Belmonte, siendo testigo \u201cEl Algabe\u00f1o\u201d, en Sevilla el 11 de junio de 1.925. En lo de su alternativa hay una leyenda por la que se cuenta que, estando Cayetano en el Bar de su padre en La L\u00ednea de la Concepci\u00f3n, donde la familia se hab\u00eda trasladado en el a\u00f1o 1.917, entr\u00f3 el diestro trianero, ya en pleno apogeo de su arte y su suerte taurina, y al ver que el cr\u00edo lo miraba con tanta admiraci\u00f3n le pregunt\u00f3: \u201c\u00bfY \u00fa, qu\u00e9 piensas mocito? \u201cYo, le respondi\u00f3 Cayetano, que usted me va a dar la alternativa alg\u00fan d\u00eda\u201d. Parece ser que en el momento de dicha ceremonia, Belmonte le record\u00f3 la frase del caf\u00e9 de La L\u00ednea.<br \/>La elegancia, la espontaneidad y la naturalidad de un gusto exquisito, fueron las muestras diferenciadoras del arte del ronde\u00f1o. Cayetano tuvo cinco hijos: Cayetano, Juan, Antonio, Pepe y Alfonso. Menos Alfonso que no lleg\u00f3 a tomar la alternativa, los cuatro restantes fueron toreros. Cayetano , Ni\u00f1o de la Palma (hijo), tom\u00f3 la alternativa en Ronda el 8 de septiembre del a\u00f1o 1.946. Despu\u00e9s le sigui\u00f3 su hermano Juan, que termin\u00f3 siendo mozo de brega de su hermano Antonio; Antonio merece cuesti\u00f3n aparte; Pepe fue visto y no visto; podr\u00eda haber sido una gran figura del toreo, pero a las primera de cambi\u00f3 dej\u00f3 ese mundo; y Alfonso no pas\u00f3 de novillero, pero ha sido uno de los mejores peones de brega que ha habido, siendo disputado por la figuras del toreo, aunque \u00e9l, mientras Antonio estuvo en activo, lo fue de su hermano.<br \/>Y como colof\u00f3n de esta dinast\u00eda ronde\u00f1a de toreros, \u201cAntonio Ord\u00f3\u00f1ez\u201d; \u00e9l rompi\u00f3 con la dinast\u00eda \u00abde la Palma\u00bb; sus hermanos se hab\u00edan hecho llamar con ese apelativo: Cayetano se hizo llamar \u201cNi\u00f1o de la Palma, (hijo)\u201d; su hermano Juan, se hizo llamar \u201cJuan de la Palma\u201d. \u00c9l empez\u00f3 nombr\u00e1ndose tamb\u00eden de esa manera, pero ya desde sus tiempos de novillero se hac\u00eda llamar Antonio Ord\u00f3\u00f1ez, y con \u00e9ste nombre ha pasado a la historia.<br \/>En una ocasi\u00f3n torearon los cinco hermanos de la Palma en una corrida en Ronda y todos ellos se pusieron en el cartel, de la Palma. Solo Cayetano y Juan eran toreros, Antonio, Pepe y Alfonso eran novilleros. Antonio naci\u00f3 en Ronda el 16 de Febrero del a\u00f1o 1.932; tom\u00f3 la alternativa de manos de Julio Aparicio, siendo testigo El Litri, el d\u00eda 28 de junio de 1.951, con un toro de Galache de nombre \u201cBrav\u00edo\u201d. A partir de ah\u00ed torear\u00e1 m\u00e1s de mil corridas hasta su retirada en San Sebasti\u00e1n en el a\u00f1o 1.971, aunque despu\u00e9s, mientras f\u00edsicamente pudo, tore\u00f3 la cl\u00e1sica Corrida Goyesca de Ronda, que \u00e9l lanzar\u00eda al estrellado como una Fiesta Taurina que nadie se quer\u00eda perder y que nadie se quiere perder en la actualidad, aunque por motivos bien distintos.<br \/>Antonio Ord\u00f3\u00f1ez ha pasado a la historia como \u201cel torero m\u00e1s completo de todos los tiempos\u201d. Diestro que crea el arte con su tranquilidad, su elegancia, su prestancia, su saber estar y su maestr\u00eda delante del toro. Sobre \u00e9l se han escrito las m\u00e1s bellas p\u00e1ginas que sobre un torero se pueden escribir. Con \u00e9l han estado de acuerdo lo m\u00e1s importantes cr\u00edticos taurinos al destacar que ha sido el torero del siglo XX. Siempre se mantuvo en la vanguardia de la Fiesta y mientras estuvo en activo, por donde \u00e9l pasaba la gente se volv\u00eda para verlo andar elegante y esbelto.<br \/>En Ronda se le adora y se le odia a la vez, cosas del amor y del cari\u00f1o. El a\u00f1o 1.997, en la gran fiesta de septiembre se inaugur\u00f3 un Monumento al Ni\u00f1o de la Palma y otro a su hijo Antonio Ord\u00f3\u00f1ez, justo delante de la puerta principal de la Maestranza . Sus cenizas reposan, desde su fallecimiento en diciembre de 1.998, delante del toril de su Plaza de Ronda, porque para siempre \u00e9sta ser\u00e1 suya.<\/p>\t\t\t\t\t\t<\/div>\n\t\t\t\t<\/div>\n\t\t\t\t\t<\/div>\n\t\t<\/div>\n\t\t\t\t<div class=\"elementor-column elementor-col-50 elementor-top-column elementor-element elementor-element-7e11b86\" data-id=\"7e11b86\" data-element_type=\"column\">\n\t\t\t<div class=\"elementor-widget-wrap elementor-element-populated\">\n\t\t\t\t\t\t<div class=\"elementor-element elementor-element-840873e elementor-widget elementor-widget-heading\" data-id=\"840873e\" data-element_type=\"widget\" data-widget_type=\"heading.default\">\n\t\t\t\t<div class=\"elementor-widget-container\">\n\t\t\t<h2 class=\"elementor-heading-title elementor-size-default\">DINAST\u00cdA DE LOS ORD\u00d3\u00d1EZ<\/h2>\t\t<\/div>\n\t\t\t\t<\/div>\n\t\t\t\t<div class=\"elementor-element elementor-element-fca073e elementor-widget elementor-widget-image\" data-id=\"fca073e\" data-element_type=\"widget\" data-widget_type=\"image.default\">\n\t\t\t\t<div class=\"elementor-widget-container\">\n\t\t\t\t\t\t\t\t\t\t\t\t\t<img decoding=\"async\" width=\"400\" height=\"533\" src=\"http:\/\/www.josemariatornay.com\/wp-content\/uploads\/2020\/04\/ordonez1.jpg\" class=\"attachment-large size-large wp-image-20085\" alt=\"\" srcset=\"http:\/\/www.josemariatornay.com\/wp-content\/uploads\/2020\/04\/ordonez1.jpg 400w, http:\/\/www.josemariatornay.com\/wp-content\/uploads\/2020\/04\/ordonez1-225x300.jpg 225w\" sizes=\"(max-width: 400px) 100vw, 400px\" \/>\t\t\t\t\t\t\t\t\t\t\t\t\t<\/div>\n\t\t\t\t<\/div>\n\t\t\t\t<div class=\"elementor-element elementor-element-f1e5825 elementor-widget elementor-widget-text-editor\" data-id=\"f1e5825\" data-element_type=\"widget\" data-widget_type=\"text-editor.default\">\n\t\t\t\t<div class=\"elementor-widget-container\">\n\t\t\t\t\t\t\t<p>Tu cuerpo se estremece, goza y gime<br \/>cuando tu mano traza la distancia<br \/>que media entre el valor y la elegancia,<br \/>que va desde la gracia a lo sublime.<\/p><p>Del alma del azahar y del romero<br \/>de la recia y vetusta serran\u00eda<br \/>se alimenta el volc\u00e1n de la armon\u00eda<br \/>que brota por tu cr\u00e1ter de torero.<\/p><p>De Ronda se engrandece tu muleta:<br \/>del puente, su equilibrio y majestad,<br \/>del Tajo, vertical y sobria hondura<\/p><p>que recogi\u00f3 tu espada de poeta<br \/>para elevar al sol de la verdad<br \/>su firme y proverbial arquitectura.<\/p>\t\t\t\t\t\t<\/div>\n\t\t\t\t<\/div>\n\t\t\t\t<div class=\"elementor-element elementor-element-8db10a0 elementor-widget elementor-widget-image\" data-id=\"8db10a0\" data-element_type=\"widget\" data-widget_type=\"image.default\">\n\t\t\t\t<div class=\"elementor-widget-container\">\n\t\t\t\t\t\t\t\t\t\t\t\t\t<img loading=\"lazy\" decoding=\"async\" width=\"400\" height=\"533\" src=\"http:\/\/www.josemariatornay.com\/wp-content\/uploads\/2020\/04\/ordonez3.jpg\" class=\"attachment-large size-large wp-image-20086\" alt=\"\" srcset=\"http:\/\/www.josemariatornay.com\/wp-content\/uploads\/2020\/04\/ordonez3.jpg 400w, http:\/\/www.josemariatornay.com\/wp-content\/uploads\/2020\/04\/ordonez3-225x300.jpg 225w\" sizes=\"(max-width: 400px) 100vw, 400px\" \/>\t\t\t\t\t\t\t\t\t\t\t\t\t<\/div>\n\t\t\t\t<\/div>\n\t\t\t\t\t<\/div>\n\t\t<\/div>\n\t\t\t\t\t<\/div>\n\t\t<\/section>\n\t\t\t\t<section class=\"elementor-section elementor-top-section elementor-element elementor-element-79297de elementor-section-boxed elementor-section-height-default elementor-section-height-default\" data-id=\"79297de\" data-element_type=\"section\">\n\t\t\t\t\t\t<div class=\"elementor-container elementor-column-gap-default\">\n\t\t\t\t\t<div class=\"elementor-column elementor-col-100 elementor-top-column elementor-element elementor-element-f1aa0fd\" data-id=\"f1aa0fd\" data-element_type=\"column\">\n\t\t\t<div class=\"elementor-widget-wrap elementor-element-populated\">\n\t\t\t\t\t\t<div class=\"elementor-element elementor-element-dcc7cca elementor-widget-divider--view-line elementor-widget elementor-widget-divider\" data-id=\"dcc7cca\" data-element_type=\"widget\" data-widget_type=\"divider.default\">\n\t\t\t\t<div class=\"elementor-widget-container\">\n\t\t\t\t\t<div class=\"elementor-divider\">\n\t\t\t<span class=\"elementor-divider-separator\">\n\t\t\t\t\t\t<\/span>\n\t\t<\/div>\n\t\t\t\t<\/div>\n\t\t\t\t<\/div>\n\t\t\t\t\t<\/div>\n\t\t<\/div>\n\t\t\t\t\t<\/div>\n\t\t<\/section>\n\t\t\t\t<section class=\"elementor-section elementor-top-section elementor-element elementor-element-c44e5f1 elementor-section-boxed elementor-section-height-default elementor-section-height-default\" data-id=\"c44e5f1\" data-element_type=\"section\">\n\t\t\t\t\t\t<div class=\"elementor-container elementor-column-gap-default\">\n\t\t\t\t\t<div class=\"elementor-column elementor-col-50 elementor-top-column elementor-element elementor-element-537a86d\" data-id=\"537a86d\" data-element_type=\"column\">\n\t\t\t<div class=\"elementor-widget-wrap elementor-element-populated\">\n\t\t\t\t\t\t<div class=\"elementor-element elementor-element-42b9c8a elementor-widget elementor-widget-image\" data-id=\"42b9c8a\" data-element_type=\"widget\" data-widget_type=\"image.default\">\n\t\t\t\t<div class=\"elementor-widget-container\">\n\t\t\t\t\t\t\t\t\t\t\t\t\t<img decoding=\"async\" width=\"400\" height=\"533\" src=\"http:\/\/www.josemariatornay.com\/wp-content\/uploads\/2020\/04\/ordonez1.jpg\" class=\"attachment-large size-large wp-image-20085\" alt=\"\" srcset=\"http:\/\/www.josemariatornay.com\/wp-content\/uploads\/2020\/04\/ordonez1.jpg 400w, http:\/\/www.josemariatornay.com\/wp-content\/uploads\/2020\/04\/ordonez1-225x300.jpg 225w\" sizes=\"(max-width: 400px) 100vw, 400px\" \/>\t\t\t\t\t\t\t\t\t\t\t\t\t<\/div>\n\t\t\t\t<\/div>\n\t\t\t\t<div class=\"elementor-element elementor-element-8e004ca elementor-widget elementor-widget-text-editor\" data-id=\"8e004ca\" data-element_type=\"widget\" data-widget_type=\"text-editor.default\">\n\t\t\t\t<div class=\"elementor-widget-container\">\n\t\t\t\t\t\t\t<p>Ning\u00fan torero<br \/>pudo hacer lo que hizo<br \/>Pedro Romero.<\/p><p>Flor de leyenda<br \/>de aquella dinast\u00eda<br \/>que convirti\u00f3 en historia<br \/>la torer\u00eda.<\/p><p>Pedro Romero:<br \/>la joya m\u00e1s brillante<br \/>sobre el albero.<\/p><p>Y fue el primero<br \/>en matar a los toros<br \/>como un torero.<\/p>\t\t\t\t\t\t<\/div>\n\t\t\t\t<\/div>\n\t\t\t\t<div class=\"elementor-element elementor-element-235576a elementor-widget elementor-widget-image\" data-id=\"235576a\" data-element_type=\"widget\" data-widget_type=\"image.default\">\n\t\t\t\t<div class=\"elementor-widget-container\">\n\t\t\t\t\t\t\t\t\t\t\t\t\t<img decoding=\"async\" src=\"http:\/\/www.josemariatornay.com\/wp-content\/uploads\/elementor\/thumbs\/pedroromero2-oop41cmtdpog9z4agzcqtqzavdv8mvbxjm8p1h7668.jpg\" title=\"pedroromero2\" alt=\"pedroromero2\" loading=\"lazy\" \/>\t\t\t\t\t\t\t\t\t\t\t\t\t<\/div>\n\t\t\t\t<\/div>\n\t\t\t\t\t<\/div>\n\t\t<\/div>\n\t\t\t\t<div class=\"elementor-column elementor-col-50 elementor-top-column elementor-element elementor-element-196feca\" data-id=\"196feca\" data-element_type=\"column\">\n\t\t\t<div class=\"elementor-widget-wrap elementor-element-populated\">\n\t\t\t\t\t\t<div class=\"elementor-element elementor-element-5ca14d0 elementor-widget elementor-widget-heading\" data-id=\"5ca14d0\" data-element_type=\"widget\" data-widget_type=\"heading.default\">\n\t\t\t\t<div class=\"elementor-widget-container\">\n\t\t\t<h2 class=\"elementor-heading-title elementor-size-default\">PEDRO ROMERO<\/h2>\t\t<\/div>\n\t\t\t\t<\/div>\n\t\t\t\t<div class=\"elementor-element elementor-element-7a9b863 elementor-widget elementor-widget-text-editor\" data-id=\"7a9b863\" data-element_type=\"widget\" data-widget_type=\"text-editor.default\">\n\t\t\t\t<div class=\"elementor-widget-container\">\n\t\t\t\t\t\t\t<p>El conocido como Pedro Romero, de oficio carpintero como su padre y su abuelo, arranca desde ni\u00f1o acompa\u00f1ando a aqu\u00e9l en eso de enfrentarse a los toros. Ya por el a\u00f1o de 1.771, cuando s\u00f3lo ten\u00eda 17 a\u00f1os, tore\u00f3 por primera vez en Jerez de la Frontera. <br \/>Pedro Romero Mart\u00ednez naci\u00f3 en Ronda en noviembre de 1.754 y muri\u00f3 en la misma ciudad el d\u00eda 10 de febrero de 1.839. Su padre ,Juan Romero hab\u00eda nacido en Ronda el d\u00eda 8 de Marzo de 1.727 y tuvo cuatro hijos toreros, el mayor Gaspar, el segundo Pedro, el tercero Antonio y finalmente el cuarto y m\u00e1s peque\u00f1o Pepe. Todos ellos fueron toreros como su padre y su abuelo, al que se le atribuye haber sido el iniciador de la tarea de matar toros a pie. <br \/>Juan Romero fue un buen torero y se le atribuye haber sido el personaje que aport\u00f3 el nombre a la actual muleta, pues \u00e9l, se cuenta, mand\u00f3 que se hiciera, como buen carpintero, un tal aparato para apoyarse en \u00e9l y poder matar los toros con m\u00e1s facilidad. Se retir\u00f3 en el a\u00f1o 1.779 y muri\u00f3 a la edad de ciento dos a\u00f1os en su ciudad natal. De los hijos de Juan, dos fueron muertos por asta de toro, Antonio, en Granada, en el a\u00f1o 1.802 y Gaspar, en Salamanca, aunque se desconoce el a\u00f1o de su muerte. Los otros dos hijos de tan ilustre ronde\u00f1o tuvieron m\u00e1s suerte y sobrevivieron a las astas de los toros. Jos\u00e9 Romero, que hab\u00eda nacido en Ronda en el a\u00f1o 1.760, tom\u00f3 la alternativa de manos de Pepe Hillo en la Plaza de Madrid el mismo d\u00eda en que un toro mat\u00f3 a su padrino. Era el a\u00f1o 1.818, cuando el maestro de Ronda se cort\u00f3 la coleta en Madrid; muri\u00f3 a los 75 a\u00f1os en Ronda. <br \/>Y ahora vayamos al personaje m\u00e1s importante de la dinast\u00eda, a Pedro Romero. Quiz\u00e1 la leyenda es la que nos ha tra\u00eddo a nuestros tiempos esta figura important\u00edsima en la vida de la tauromaquia e important\u00edsima en la vida de Ronda. Se presenta en Madrid el a\u00f1o 1.775 y a partir de ah\u00ed se convierte en el personaje imprescindible en cualquier festejo de importancia que se diera en la tierra patria. En el Barrio de San Francisco, donde hab\u00eda nacido, se cuenta que muri\u00f3, despu\u00e9s de haber estoqueado 5.600 toros, sin que ninguno de ellos se pudiera llevar en sus astas ni una gota de sangre del ronde\u00f1o, de una insolaci\u00f3n, \u00a1vamos, de tabardillo! , que se dec\u00eda antiguamente. \u00a1Una tonter\u00eda!<br \/>Se retir\u00f3 de los ruedos a los veintinueve a\u00f1os de haber iniciado su periplo taurino y se vino a descansar a su Ronda natal; por poco tiempo, porque el rey Fernando VII le nombro Director de la Real Escuela Taurina que el propio Rey hab\u00eda creado en Sevilla y a la que hab\u00eda dotado con doce mil reales anuales, una fortuna para la \u00e9poca. <br \/>En la Alameda del Tajo, desde el a\u00f1o 1.954, cuenta con un nonumento erigido por el pueblo de Ronda y realizado por el escultor Vicente Bol\u00f3s. Pedro Romero, en la actualidad, es festejado en Ronda \u2013 Cuna del Toreo &#8211; como el creador del toreo a pie y maestro de maestros de este arte ancestral. Para ello, desde el bicentenario de su nacimiento, en 1.954, se celebran unas Fiestas y Ferias que llevan su nombre y dentro de las que, cada a\u00f1o, se hace una corrida de toros al estilo goyesco en memoria de sus aportaciones a este mundo tan particular que es el de la Fiesta Nacional.<\/p>\t\t\t\t\t\t<\/div>\n\t\t\t\t<\/div>\n\t\t\t\t\t<\/div>\n\t\t<\/div>\n\t\t\t\t\t<\/div>\n\t\t<\/section>\n\t\t\t\t<section class=\"elementor-section elementor-top-section elementor-element elementor-element-94ed407 elementor-section-boxed elementor-section-height-default elementor-section-height-default\" data-id=\"94ed407\" data-element_type=\"section\">\n\t\t\t\t\t\t<div class=\"elementor-container elementor-column-gap-default\">\n\t\t\t\t\t<div class=\"elementor-column elementor-col-100 elementor-top-column elementor-element elementor-element-470196e\" data-id=\"470196e\" data-element_type=\"column\">\n\t\t\t<div class=\"elementor-widget-wrap elementor-element-populated\">\n\t\t\t\t\t\t<div class=\"elementor-element elementor-element-587e551 elementor-widget-divider--view-line elementor-widget elementor-widget-divider\" data-id=\"587e551\" data-element_type=\"widget\" data-widget_type=\"divider.default\">\n\t\t\t\t<div class=\"elementor-widget-container\">\n\t\t\t\t\t<div class=\"elementor-divider\">\n\t\t\t<span class=\"elementor-divider-separator\">\n\t\t\t\t\t\t<\/span>\n\t\t<\/div>\n\t\t\t\t<\/div>\n\t\t\t\t<\/div>\n\t\t\t\t\t<\/div>\n\t\t<\/div>\n\t\t\t\t\t<\/div>\n\t\t<\/section>\n\t\t\t\t<section class=\"elementor-section elementor-top-section elementor-element elementor-element-464cd95 elementor-section-boxed elementor-section-height-default elementor-section-height-default\" data-id=\"464cd95\" data-element_type=\"section\">\n\t\t\t\t\t\t<div class=\"elementor-container elementor-column-gap-default\">\n\t\t\t\t\t<div class=\"elementor-column elementor-col-50 elementor-top-column elementor-element elementor-element-d619341\" data-id=\"d619341\" data-element_type=\"column\">\n\t\t\t<div class=\"elementor-widget-wrap elementor-element-populated\">\n\t\t\t\t\t\t<div class=\"elementor-element elementor-element-adeaf29 elementor-widget elementor-widget-text-editor\" data-id=\"adeaf29\" data-element_type=\"widget\" data-widget_type=\"text-editor.default\">\n\t\t\t\t<div class=\"elementor-widget-container\">\n\t\t\t\t\t\t\t<p>Estamos ante otro ronde\u00f1o nacido en el siglo XIX. Finalizando \u00e9ste, Joaqu\u00edn Peinado Vallejo nace en Ronda en el a\u00f1o 1.898 y muere en Par\u00eds en el a\u00f1o 1.975.<br \/>Con s\u00f3lo veinte a\u00f1os se traslada a Madrid para realizar sus estudios de pintura en la Real Academia de Bellas Artes de San Fernando, obteniendo en el a\u00f1o 1.921 y 1.922 el premio del Paular, concedido a los alumnos m\u00e1s destacados de la Escuela.<\/p><p>En el a\u00f1o 1.923 se traslada a Par\u00eds para perfeccionar su estilo y avanzar en el conocimiento de los pintores impresionistas; sobre todo fue un admirador y continuador de Cezanne, habiendo sido considerado como el sucesor de \u00e9ste. En Par\u00eds conoce y entabla una amistad profunda con su paisano malague\u00f1o Pablo Ruiz Picasso.<\/p><p>Se percibe en la pintura de Peinado la influencia que ejerci\u00f3 sobre \u00e9l el pintor malague\u00f1o; tanto es as\u00ed, que se ha dicho que era \u201cel hijo espiritual de Picasso\u201d. Fue cofundador con \u00e9l de la Escuela Espa\u00f1ola en Paris. La preferencia por las formas derivadas del cubismo y la geometr\u00edzaci\u00f3n de las formas le llevaron a ser considerado el continuador de Cezanne.<\/p><p>En el a\u00f1o 1.927, recibe el Premio de Pintura de la Diputaci\u00f3n de M\u00e1laga y en el 1.931 es nombrado Vicepresidente del Patronato de Turismo de la Rep\u00fablica Espa\u00f1ola en Par\u00eds. En el a\u00f1o 1.969 es nombrado Acad\u00e9mico Correspondiente de la Real Academia de Bellas Artes de San Telmo de M\u00e1laga.<\/p><p>Pintor prol\u00edfico y reconocido en todo el mundo, su obra se encuentra en los pa\u00edses m\u00e1s importantes y, asimismo, en los museos m\u00e1s prestigiosos. Gran parte de ella la compr\u00f3, en vida del artista, Agust\u00edn Rodr\u00edguez Sahag\u00fan, pol\u00edtico espa\u00f1ol de la UCD y alcalde de Madrid. Posteriormente, la Caja de Ahorros de Ronda, en contacto con la familia de aqu\u00e9l, que ya hab\u00eda fallecido, consigue una buena parte de la colecci\u00f3n y crea en esta ciudad el Museo Joaqu\u00edn Peinado, situado en la antigua Casa de los Marqueses de Moctezuma. Un honor que este ronde\u00f1o se merec\u00eda.<br \/>Yo tuve la inmensa fortuna de conocer a Joaqu\u00edn Peinado en su casa de Par\u00eds, donde tomamos t\u00e9, mis hermanas Mari, Bea y Ana y mi primera mujer M\u00aa de los \u00c1ngeles. Era un hombre encantador y con una a\u00f1oranza profunda de Ronda. \u2028Recuerdo que me dijo que ten\u00eda miedo de volver a su tierra y no encontrar la ciudad que \u00e9l dejara. Ya le advert\u00ed que Ronda, ese sector en el que \u00e9l hab\u00eda nacido, la \u00faltima casa de la calle Nueva y la parte monumental, no hab\u00edan cambiado nada, pero tend\u00eda a ser una ciudad moderna y grande. Corr\u00eda el a\u00f1o 1.969.<br \/>\u2028Este encuentro fue totalmente fortuito. Mis hermanas se hab\u00edan marchado, como muchos andaluces, a buscar su futuro por esa Europa que en los a\u00f1os sesenta nos abri\u00f3 las puertas. Un buen d\u00eda, de regreso a casa, en el metro y hablando en andaluz, se les acerc\u00f3 un se\u00f1or, entrado en a\u00f1os y les dijo que \u00e9l era espa\u00f1ol y que pensaba que por el acento ellas eran andaluzas; mis hermanas le dijeron que s\u00ed, que lo eran y adem\u00e1s de Ronda. A \u00e9l le cambi\u00f3 el color y enseguida les respondi\u00f3, casi con l\u00e1grimas en los ojos, que tambi\u00e9n era de nuestra tierra y que le gustar\u00eda que le hablaran de su pueblo, del que sali\u00f3 en el a\u00f1o 1.923 y no hab\u00eda vuelto. \u2028<br \/>A partir de ah\u00ed mis hermanas y mis cu\u00f1ados se convirtieron en confidentes de Ronda y del ronde\u00f1ismo ante aquel paisano expatriado. Fueron muy frecuentes y muy intensas las relaciones de estas Ortega con este Peinado al que manten\u00edan informado de la Ronda que ellos visitaban cada verano. En una de estas visitas me lo comentaron y quedamos en la promesa de que ellos le hablar\u00edan de m\u00ed y nos invitar\u00eda a tomar el t\u00e9 en su casa, como as\u00ed fue.\u2028En la actualidad poseo dos pinturas de Peinado, una, un boceto de su gato en el sof\u00e1 de su casa, de cuando yo estuve con \u00e9l, y otra, una acuarela con un desnudo de mujer, dedicado a mi hermana Beatriz y a su marido Fernando.<\/p>\t\t\t\t\t\t<\/div>\n\t\t\t\t<\/div>\n\t\t\t\t\t<\/div>\n\t\t<\/div>\n\t\t\t\t<div class=\"elementor-column elementor-col-50 elementor-top-column elementor-element elementor-element-3dd18c4\" data-id=\"3dd18c4\" data-element_type=\"column\">\n\t\t\t<div class=\"elementor-widget-wrap elementor-element-populated\">\n\t\t\t\t\t\t<div class=\"elementor-element elementor-element-e406fe4 elementor-widget elementor-widget-heading\" data-id=\"e406fe4\" data-element_type=\"widget\" data-widget_type=\"heading.default\">\n\t\t\t\t<div class=\"elementor-widget-container\">\n\t\t\t<h2 class=\"elementor-heading-title elementor-size-default\">JOAQU\u00cdN PEINADO<\/h2>\t\t<\/div>\n\t\t\t\t<\/div>\n\t\t\t\t<div class=\"elementor-element elementor-element-a68137b elementor-widget elementor-widget-heading\" data-id=\"a68137b\" data-element_type=\"widget\" data-widget_type=\"heading.default\">\n\t\t\t\t<div class=\"elementor-widget-container\">\n\t\t\t<h2 class=\"elementor-heading-title elementor-size-default\">JOAQU\u00cdN PEINADO<\/h2>\t\t<\/div>\n\t\t\t\t<\/div>\n\t\t\t\t<div class=\"elementor-element elementor-element-f80277a elementor-widget elementor-widget-image\" data-id=\"f80277a\" data-element_type=\"widget\" data-widget_type=\"image.default\">\n\t\t\t\t<div class=\"elementor-widget-container\">\n\t\t\t\t\t\t\t\t\t\t\t\t\t<img loading=\"lazy\" decoding=\"async\" width=\"229\" height=\"300\" src=\"http:\/\/www.josemariatornay.com\/wp-content\/uploads\/2020\/04\/peinado1.jpg\" class=\"attachment-large size-large wp-image-20091\" alt=\"\" \/>\t\t\t\t\t\t\t\t\t\t\t\t\t<\/div>\n\t\t\t\t<\/div>\n\t\t\t\t<div class=\"elementor-element elementor-element-6a8ac14 elementor-widget elementor-widget-image\" data-id=\"6a8ac14\" data-element_type=\"widget\" data-widget_type=\"image.default\">\n\t\t\t\t<div class=\"elementor-widget-container\">\n\t\t\t\t\t\t\t\t\t\t\t\t\t<img loading=\"lazy\" decoding=\"async\" width=\"400\" height=\"278\" src=\"http:\/\/www.josemariatornay.com\/wp-content\/uploads\/2020\/04\/peinado2-1.jpg\" class=\"attachment-large size-large wp-image-20093\" alt=\"\" srcset=\"http:\/\/www.josemariatornay.com\/wp-content\/uploads\/2020\/04\/peinado2-1.jpg 400w, http:\/\/www.josemariatornay.com\/wp-content\/uploads\/2020\/04\/peinado2-1-300x209.jpg 300w\" sizes=\"(max-width: 400px) 100vw, 400px\" \/>\t\t\t\t\t\t\t\t\t\t\t\t\t<\/div>\n\t\t\t\t<\/div>\n\t\t\t\t<div class=\"elementor-element elementor-element-76671d9 elementor-widget elementor-widget-text-editor\" data-id=\"76671d9\" data-element_type=\"widget\" data-widget_type=\"text-editor.default\">\n\t\t\t\t<div class=\"elementor-widget-container\">\n\t\t\t\t\t\t\t<p>\u00c9l fue capaz de llenar<br \/>su apasionada cabeza<br \/>con la luz de las ma\u00f1anas<br \/>y el brillo de las estrellas;<br \/>con el color de las flores<br \/>de jardines sin fronteras.<br \/>Y con inmensa ternura<br \/>deposit\u00f3 en su maleta,<br \/>el perfume de estos campos;<br \/>la desnudez de estas sierras,<br \/>el orgullo de sus gentes<br \/>y su natural nobleza.<\/p>\t\t\t\t\t\t<\/div>\n\t\t\t\t<\/div>\n\t\t\t\t<div class=\"elementor-element elementor-element-36c4560 elementor-widget elementor-widget-image\" data-id=\"36c4560\" data-element_type=\"widget\" data-widget_type=\"image.default\">\n\t\t\t\t<div class=\"elementor-widget-container\">\n\t\t\t\t\t\t\t\t\t\t\t\t\t<img loading=\"lazy\" decoding=\"async\" width=\"320\" height=\"293\" src=\"http:\/\/www.josemariatornay.com\/wp-content\/uploads\/2020\/04\/peinado3.jpg\" class=\"attachment-large size-large wp-image-20094\" alt=\"\" srcset=\"http:\/\/www.josemariatornay.com\/wp-content\/uploads\/2020\/04\/peinado3.jpg 320w, http:\/\/www.josemariatornay.com\/wp-content\/uploads\/2020\/04\/peinado3-300x275.jpg 300w\" sizes=\"(max-width: 320px) 100vw, 320px\" \/>\t\t\t\t\t\t\t\t\t\t\t\t\t<\/div>\n\t\t\t\t<\/div>\n\t\t\t\t<div class=\"elementor-element elementor-element-2ace92e elementor-widget elementor-widget-image\" data-id=\"2ace92e\" data-element_type=\"widget\" data-widget_type=\"image.default\">\n\t\t\t\t<div class=\"elementor-widget-container\">\n\t\t\t\t\t\t\t\t\t\t\t\t\t<img loading=\"lazy\" decoding=\"async\" width=\"300\" height=\"224\" src=\"http:\/\/www.josemariatornay.com\/wp-content\/uploads\/2020\/04\/peinado4.jpg\" class=\"attachment-large size-large wp-image-20095\" alt=\"\" \/>\t\t\t\t\t\t\t\t\t\t\t\t\t<\/div>\n\t\t\t\t<\/div>\n\t\t\t\t\t<\/div>\n\t\t<\/div>\n\t\t\t\t\t<\/div>\n\t\t<\/section>\n\t\t\t\t<section class=\"elementor-section elementor-top-section elementor-element elementor-element-f7a242a elementor-section-boxed elementor-section-height-default elementor-section-height-default\" data-id=\"f7a242a\" data-element_type=\"section\">\n\t\t\t\t\t\t<div class=\"elementor-container elementor-column-gap-default\">\n\t\t\t\t\t<div class=\"elementor-column elementor-col-100 elementor-top-column elementor-element elementor-element-deed074\" data-id=\"deed074\" data-element_type=\"column\">\n\t\t\t<div class=\"elementor-widget-wrap elementor-element-populated\">\n\t\t\t\t\t\t<div class=\"elementor-element elementor-element-b03cd73 elementor-widget-divider--view-line elementor-widget elementor-widget-divider\" data-id=\"b03cd73\" data-element_type=\"widget\" data-widget_type=\"divider.default\">\n\t\t\t\t<div class=\"elementor-widget-container\">\n\t\t\t\t\t<div class=\"elementor-divider\">\n\t\t\t<span class=\"elementor-divider-separator\">\n\t\t\t\t\t\t<\/span>\n\t\t<\/div>\n\t\t\t\t<\/div>\n\t\t\t\t<\/div>\n\t\t\t\t\t<\/div>\n\t\t<\/div>\n\t\t\t\t\t<\/div>\n\t\t<\/section>\n\t\t\t\t<section class=\"elementor-section elementor-top-section elementor-element elementor-element-6d31891 elementor-section-boxed elementor-section-height-default elementor-section-height-default\" data-id=\"6d31891\" data-element_type=\"section\">\n\t\t\t\t\t\t<div class=\"elementor-container elementor-column-gap-default\">\n\t\t\t\t\t<div class=\"elementor-column elementor-col-50 elementor-top-column elementor-element elementor-element-995a273\" data-id=\"995a273\" data-element_type=\"column\">\n\t\t\t<div class=\"elementor-widget-wrap elementor-element-populated\">\n\t\t\t\t\t\t<div class=\"elementor-element elementor-element-08408b5 elementor-widget elementor-widget-heading\" data-id=\"08408b5\" data-element_type=\"widget\" data-widget_type=\"heading.default\">\n\t\t\t\t<div class=\"elementor-widget-container\">\n\t\t\t<h2 class=\"elementor-heading-title elementor-size-default\">JUAN P\u00c9REZ DE GUZM\u00c1N<\/h2>\t\t<\/div>\n\t\t\t\t<\/div>\n\t\t\t\t<div class=\"elementor-element elementor-element-0997425 elementor-widget elementor-widget-image\" data-id=\"0997425\" data-element_type=\"widget\" data-widget_type=\"image.default\">\n\t\t\t\t<div class=\"elementor-widget-container\">\n\t\t\t\t\t\t\t\t\t\t\t\t\t<img loading=\"lazy\" decoding=\"async\" width=\"266\" height=\"325\" src=\"http:\/\/www.josemariatornay.com\/wp-content\/uploads\/2020\/04\/PEREZDEGUAMAN1.jpg\" class=\"attachment-large size-large wp-image-20097\" alt=\"\" srcset=\"http:\/\/www.josemariatornay.com\/wp-content\/uploads\/2020\/04\/PEREZDEGUAMAN1.jpg 266w, http:\/\/www.josemariatornay.com\/wp-content\/uploads\/2020\/04\/PEREZDEGUAMAN1-246x300.jpg 246w\" sizes=\"(max-width: 266px) 100vw, 266px\" \/>\t\t\t\t\t\t\t\t\t\t\t\t\t<\/div>\n\t\t\t\t<\/div>\n\t\t\t\t<div class=\"elementor-element elementor-element-f6205fa elementor-widget elementor-widget-text-editor\" data-id=\"f6205fa\" data-element_type=\"widget\" data-widget_type=\"text-editor.default\">\n\t\t\t\t<div class=\"elementor-widget-container\">\n\t\t\t\t\t\t\t<p>Que este hombre fue importante,<br \/>Ortega, no lo discuto;<br \/>pero a m\u00ed, ahora y antes<br \/>de una manera constante,<br \/>me sigue oliendo a instituto.<br \/>A d\u00edas de amor y rosas,<br \/>a juegos adolescentes,<br \/>a notas, clases y cosas,<br \/>en su tiempo deliciosas<br \/>y en el recuerdo inocentes.<\/p>\t\t\t\t\t\t<\/div>\n\t\t\t\t<\/div>\n\t\t\t\t<div class=\"elementor-element elementor-element-06ed52c elementor-widget elementor-widget-image\" data-id=\"06ed52c\" data-element_type=\"widget\" data-widget_type=\"image.default\">\n\t\t\t\t<div class=\"elementor-widget-container\">\n\t\t\t\t\t\t\t\t\t\t\t\t\t<img loading=\"lazy\" decoding=\"async\" width=\"400\" height=\"300\" src=\"http:\/\/www.josemariatornay.com\/wp-content\/uploads\/2020\/04\/PEREZDEGUZMAN3.jpg\" class=\"attachment-large size-large wp-image-20100\" alt=\"\" srcset=\"http:\/\/www.josemariatornay.com\/wp-content\/uploads\/2020\/04\/PEREZDEGUZMAN3.jpg 400w, http:\/\/www.josemariatornay.com\/wp-content\/uploads\/2020\/04\/PEREZDEGUZMAN3-300x225.jpg 300w\" sizes=\"(max-width: 400px) 100vw, 400px\" \/>\t\t\t\t\t\t\t\t\t\t\t\t\t<\/div>\n\t\t\t\t<\/div>\n\t\t\t\t<div class=\"elementor-element elementor-element-0b4bb3a elementor-widget elementor-widget-image\" data-id=\"0b4bb3a\" data-element_type=\"widget\" data-widget_type=\"image.default\">\n\t\t\t\t<div class=\"elementor-widget-container\">\n\t\t\t\t\t\t\t\t\t\t\t\t\t<img loading=\"lazy\" decoding=\"async\" width=\"1024\" height=\"676\" src=\"http:\/\/www.josemariatornay.com\/wp-content\/uploads\/2020\/04\/PEREZDEGUZMAN4-1024x676.jpg\" class=\"attachment-large size-large wp-image-20102\" alt=\"\" srcset=\"http:\/\/www.josemariatornay.com\/wp-content\/uploads\/2020\/04\/PEREZDEGUZMAN4-1024x676.jpg 1024w, http:\/\/www.josemariatornay.com\/wp-content\/uploads\/2020\/04\/PEREZDEGUZMAN4-300x198.jpg 300w, http:\/\/www.josemariatornay.com\/wp-content\/uploads\/2020\/04\/PEREZDEGUZMAN4-768x507.jpg 768w, http:\/\/www.josemariatornay.com\/wp-content\/uploads\/2020\/04\/PEREZDEGUZMAN4.jpg 1200w\" sizes=\"(max-width: 1024px) 100vw, 1024px\" \/>\t\t\t\t\t\t\t\t\t\t\t\t\t<\/div>\n\t\t\t\t<\/div>\n\t\t\t\t\t<\/div>\n\t\t<\/div>\n\t\t\t\t<div class=\"elementor-column elementor-col-50 elementor-top-column elementor-element elementor-element-7f9a1a1\" data-id=\"7f9a1a1\" data-element_type=\"column\">\n\t\t\t<div class=\"elementor-widget-wrap elementor-element-populated\">\n\t\t\t\t\t\t<div class=\"elementor-element elementor-element-d248927 elementor-widget elementor-widget-text-editor\" data-id=\"d248927\" data-element_type=\"widget\" data-widget_type=\"text-editor.default\">\n\t\t\t\t<div class=\"elementor-widget-container\">\n\t\t\t\t\t\t\t<p>Nace este ilustre ronde\u00f1o el 25 de febrero del a\u00f1o 1.841, hijo de D. Jos\u00e9 P\u00e9rez de Guzm\u00e1n y de su esposa, D\u00aa Mar\u00eda Merino Gallo. En el siglo XIX alumbr\u00f3 Ronda una serie de personajes que jam\u00e1s en su historia se ha vuelto a repetir; ya hablamos de algunos de ellos en estas p\u00e1ginas y hay otros muchos que por cuestiones de espacio no podremos recoger. Pero nacieron en el siglo m\u00e1s convulso de la historia de Espa\u00f1a; siglo de sometimientos patrios a fuerzas extranjeras; siglo de demasiadas tinieblas, siglo de la primera Rep\u00fablica, siglo de reyes extranjeros, siglo de nuevas constituciones, siglo de regreso de reyes, siglo controvertido\u2026<br \/>En este siglo vio la luz este personaje ronde\u00f1o, que aprendi\u00f3 dando sus primeros pasos de la mano su padre profesor versado en lat\u00edn y elocuencia castellana, aficion\u00e1ndolo a las lenguas cl\u00e1sicas y dot\u00e1ndolo de unos conocimientos que no le abandonaron nuca. Cuando muere el cabeza de familia, Juan completa su formaci\u00f3n solamente en Andaluc\u00eda: M\u00e1laga, C\u00e1diz y Sevilla son ciudades en las que deja constancia de su val\u00eda, colaborando en diversos diarios que ser\u00e1n su pasi\u00f3n. Ya en Ronda en el a\u00f1o 1.860 le encontramos de director en el \u201cAvisador de Ronda y su Comarca\u201d.<br \/>Se traslada a Madrid en contra del criterio de su familia, pero \u00e9l necesita volar en busca de perfeccionar su formaci\u00f3n y ampliar sus horizontes, por lo que se deja convencer por sus amigos que estudiaban all\u00ed, Manuel Izquierdo y Manuel Troyano. All\u00ed avanz\u00f3 tremendamente en perfeccionar sus estilos, hasta tal punto que con sus art\u00edculos period\u00edsticos provoca m\u00e1s de una crisis ministerial. Su prestigio le llev\u00f3 a la direcci\u00f3n de \u201cEl Progreso\u201d (1.873), \u201cLa Br\u00fajula\u201d (1.875) y, sobre todo \u201cLa \u00c9poca\u201d (1.875). De una importancia preclara fue su obra de investigaci\u00f3n, que a\u00fan hoy sirve como motivo de estudios: el \u201cDos de Mayo en Madrid\u201d, \u201cEl cancionero de la rosa\u201d y \u201cCancionero de Pr\u00edncipes y Se\u00f1ores\u201d son obras notables en este aspecto.<br \/>Fue un hombre enamorado de Ronda y llev\u00f3 sus ronde\u00f1ismo por dondequiera que pasaba; tan as\u00ed, que no se neg\u00f3 cuando le pidieron que asumiera la alcald\u00eda de su ciudad. En sus art\u00edculos no faltaron nunca referencias a su patria chica, a la que amaba profundamente.<br \/>En una ocasi\u00f3n tuvo que intervenir en un asunto relacionado con la noticia de la venta de la Casa de la Duquesa de Parcent (Casa del Rey Moro), que, como ya indicamos en otro cap\u00edtulo, fue comprada por un americano, propagando \u00e9ste el bulo de que en un pasaje secreto que encerraba hab\u00eda encontrado \u00e1nforas llenas de riquezas, lo que era totalmente falso y as\u00ed lo hizo saber nuestro paisano en la Corte cuando la noticia lleg\u00f3 a Madrid, por la especulaci\u00f3n que se hab\u00eda creado sobre estas riquezas desconocidas.<br \/>Hombre serio, escrupuloso y honrado pas\u00f3 por la corte dejando un halo de ronde\u00f1o inteligente, tenaz e imparcial. No pudo acudir a la muerte de su madre y esto lo dej\u00f3 tocado para siempre, dejando escrita este cuarteto en la que renuncia voluntariamente a volver:<br \/>\u201cYa jam\u00e1s te he de ver ilustre Ronda,<br \/>no la he visto morir, no la vi muerta<br \/>y nunca he de volver a aquella puerta<br \/>donde a mi voz mi madre no responda\u201d.<\/p>\t\t\t\t\t\t<\/div>\n\t\t\t\t<\/div>\n\t\t\t\t\t<\/div>\n\t\t<\/div>\n\t\t\t\t\t<\/div>\n\t\t<\/section>\n\t\t\t\t<section class=\"elementor-section elementor-top-section elementor-element elementor-element-6943854 elementor-section-boxed elementor-section-height-default elementor-section-height-default\" data-id=\"6943854\" data-element_type=\"section\">\n\t\t\t\t\t\t<div class=\"elementor-container elementor-column-gap-default\">\n\t\t\t\t\t<div class=\"elementor-column elementor-col-100 elementor-top-column elementor-element elementor-element-534ee21\" data-id=\"534ee21\" data-element_type=\"column\">\n\t\t\t<div class=\"elementor-widget-wrap elementor-element-populated\">\n\t\t\t\t\t\t<div class=\"elementor-element elementor-element-5c2e002 elementor-widget-divider--view-line elementor-widget elementor-widget-divider\" data-id=\"5c2e002\" data-element_type=\"widget\" data-widget_type=\"divider.default\">\n\t\t\t\t<div class=\"elementor-widget-container\">\n\t\t\t\t\t<div class=\"elementor-divider\">\n\t\t\t<span class=\"elementor-divider-separator\">\n\t\t\t\t\t\t<\/span>\n\t\t<\/div>\n\t\t\t\t<\/div>\n\t\t\t\t<\/div>\n\t\t\t\t\t<\/div>\n\t\t<\/div>\n\t\t\t\t\t<\/div>\n\t\t<\/section>\n\t\t\t\t<section class=\"elementor-section elementor-top-section elementor-element elementor-element-69eb105 elementor-section-boxed elementor-section-height-default elementor-section-height-default\" data-id=\"69eb105\" data-element_type=\"section\">\n\t\t\t\t\t\t<div class=\"elementor-container elementor-column-gap-default\">\n\t\t\t\t\t<div class=\"elementor-column elementor-col-50 elementor-top-column elementor-element elementor-element-a71379a\" data-id=\"a71379a\" data-element_type=\"column\">\n\t\t\t<div class=\"elementor-widget-wrap elementor-element-populated\">\n\t\t\t\t\t\t<div class=\"elementor-element elementor-element-b3fe5a9 elementor-widget elementor-widget-heading\" data-id=\"b3fe5a9\" data-element_type=\"widget\" data-widget_type=\"heading.default\">\n\t\t\t\t<div class=\"elementor-widget-container\">\n\t\t\t<h2 class=\"elementor-heading-title elementor-size-default\">ANTONIO DE LOS R\u00cdOS ROSAS<\/h2>\t\t<\/div>\n\t\t\t\t<\/div>\n\t\t\t\t<div class=\"elementor-element elementor-element-5c412b8 elementor-widget elementor-widget-text-editor\" data-id=\"5c412b8\" data-element_type=\"widget\" data-widget_type=\"text-editor.default\">\n\t\t\t\t<div class=\"elementor-widget-container\">\n\t\t\t\t\t\t\t<p>Antonio de los R\u00edos Rosas naci\u00f3 en Ronda el 5 de diciembre de 1.812, haciendo los primeros estudios de la mano de su padre, D. Francisco de los R\u00edos Zambrano.\u2028 Al salir de la tutela paterna, estudi\u00f3 Derecho. Una vez Licenciado, acept\u00f3 la Diputaci\u00f3n de M\u00e1laga en 1.835. En el a\u00f1o 1.836 fue nombrado Diputado a Cortes por la ciudad de Ronda; despu\u00e9s fu sucesivamente Diputado a Cortes por C\u00f3rdoba, por M\u00e1laga y por Almer\u00eda en 1.844. Fue nombrado miembro del Consejo Real en 1.849, recibiendo la Cruz de Carlos III. \u2028Es dif\u00edcil entender, si pensamos desde estos tiempos nuestros, que un pol\u00edtico pueda mantenerse dentro de los niveles de honestidad, honradez y caballerosidad que mantuvo a lo largo de su vida D. Antonio. Gran orador, en el Congreso tuvo enfrentamientos sonados con lo lideres de los otros partidos. \u00c9l milit\u00f3 en las filas de los moderados.<br \/>Se opuso a Espartero y despu\u00e9s tuvo la oferta en 1.850 de la cartera de Gobernaci\u00f3n, que rechaz\u00f3 por no estar de acuerdo con los Ministros Narv\u00e1ez y Bravo Murillo.\u2028 Tuvo varias ofertas de carteras ministeriales, pero no se dej\u00f3 influir por ellas, hasta que accedi\u00f3 a serlo de La Gobernaci\u00f3n en el Gabinete que presidi\u00f3 el Duque de Rivas. Fue elegido en las Constituyentes que la revoluci\u00f3n nombr\u00f3 en 1.854.<br \/>En esta \u00e9poca es cuando demuestra con m\u00e1s fuerza su capacidad oratoria y la gran importancia y fama que ya ten\u00eda como tribuno.\u2028 Fue Embajador en Roma en el a\u00f1o 1.858, llegando a grandes acuerdos con la Santa Sede. Presidiendo del Congreso en el a\u00f1o 1.862 defendi\u00f3 el cargo con tanta dignidad y mesura que podr\u00eda servir de ejemplo a todos los que lo desempe\u00f1aron posteriormente.\u2028<br \/>Proporcion\u00f3 a O\u2019Donnell la base pol\u00edtica de la Uni\u00f3n Liberal y \u00e9ste le volvi\u00f3 a nombrar Ministro de la Gobernaci\u00f3n. Despu\u00e9s de 1.868 colabor\u00f3 con los sucesivos gobiernos de la etapa revolucionaria. Muri\u00f3 en Madrid en el a\u00f1o 1.873 y sus restos reposan en el Pante\u00f3n de Espa\u00f1oles Ilustres de la capital, en la que una de sus calles principales lleva su nombre.\u2028<br \/>A tan ilustre pol\u00edtico ronde\u00f1o su ciudad natal le dedic\u00f3 un monumento que preside la Plaza m\u00e1s importante de Ronda, la Plaza de Espa\u00f1a y la calle en que naciera, llamada antiguamente de la Parra, lleva tambi\u00e9n su nombre, como homenaje y reconocimiento.<\/p>\t\t\t\t\t\t<\/div>\n\t\t\t\t<\/div>\n\t\t\t\t\t<\/div>\n\t\t<\/div>\n\t\t\t\t<div class=\"elementor-column elementor-col-50 elementor-top-column elementor-element elementor-element-e5dec0c\" data-id=\"e5dec0c\" data-element_type=\"column\">\n\t\t\t<div class=\"elementor-widget-wrap elementor-element-populated\">\n\t\t\t\t\t\t<div class=\"elementor-element elementor-element-ee7c22d elementor-widget elementor-widget-image\" data-id=\"ee7c22d\" data-element_type=\"widget\" data-widget_type=\"image.default\">\n\t\t\t\t<div class=\"elementor-widget-container\">\n\t\t\t\t\t\t\t\t\t\t\t\t\t<img loading=\"lazy\" decoding=\"async\" width=\"340\" height=\"299\" src=\"http:\/\/www.josemariatornay.com\/wp-content\/uploads\/2020\/04\/RIOSROSAS1.jpg\" class=\"attachment-large size-large wp-image-20105\" alt=\"\" srcset=\"http:\/\/www.josemariatornay.com\/wp-content\/uploads\/2020\/04\/RIOSROSAS1.jpg 340w, http:\/\/www.josemariatornay.com\/wp-content\/uploads\/2020\/04\/RIOSROSAS1-300x264.jpg 300w\" sizes=\"(max-width: 340px) 100vw, 340px\" \/>\t\t\t\t\t\t\t\t\t\t\t\t\t<\/div>\n\t\t\t\t<\/div>\n\t\t\t\t<div class=\"elementor-element elementor-element-b958e0e elementor-widget elementor-widget-text-editor\" data-id=\"b958e0e\" data-element_type=\"widget\" data-widget_type=\"text-editor.default\">\n\t\t\t\t<div class=\"elementor-widget-container\">\n\t\t\t\t\t\t\t<p>Diputado, pragm\u00e1tico y prudente,<br \/>erige su elegancia R\u00edos Rosas,<br \/>ocupado en cuidar las mismas cosas<br \/>que ocupaban al pueblo y a su gente.<\/p><p>Luch\u00f3 como un jabato entre titanes<br \/>defendiendo la l\u00f3gica y la \u00e9tica<br \/>en una Espa\u00f1a escu\u00e1lida y pat\u00e9tica<br \/>de pol\u00edticos zafios y rufianes.<\/p><p>Ronde\u00f1o de talante y de talento<br \/>a\u00fan sigue vigilante en su tribuna<br \/>de la plaza de Espa\u00f1a, siempre atento;<\/p><p>su palabra certera y oportuna<br \/>sigue viva alentando el Parlamento,<br \/>brillante y sideral como ninguna.<\/p>\t\t\t\t\t\t<\/div>\n\t\t\t\t<\/div>\n\t\t\t\t<div class=\"elementor-element elementor-element-23156ad elementor-widget elementor-widget-image\" data-id=\"23156ad\" data-element_type=\"widget\" data-widget_type=\"image.default\">\n\t\t\t\t<div class=\"elementor-widget-container\">\n\t\t\t\t\t\t\t\t\t\t\t\t\t<img decoding=\"async\" src=\"http:\/\/www.josemariatornay.com\/wp-content\/uploads\/elementor\/thumbs\/RIOSROSAS3-1-oop51zedq9t05bd4xf44erlzszbqyk6svedqpuedxc.jpg\" title=\"RIOSROSAS3\" alt=\"RIOSROSAS3\" loading=\"lazy\" \/>\t\t\t\t\t\t\t\t\t\t\t\t\t<\/div>\n\t\t\t\t<\/div>\n\t\t\t\t\t<\/div>\n\t\t<\/div>\n\t\t\t\t\t<\/div>\n\t\t<\/section>\n\t\t\t\t<section class=\"elementor-section elementor-top-section elementor-element elementor-element-daa0b18 elementor-section-boxed elementor-section-height-default elementor-section-height-default\" data-id=\"daa0b18\" data-element_type=\"section\">\n\t\t\t\t\t\t<div class=\"elementor-container elementor-column-gap-default\">\n\t\t\t\t\t<div class=\"elementor-column elementor-col-100 elementor-top-column elementor-element elementor-element-ec46804\" data-id=\"ec46804\" data-element_type=\"column\">\n\t\t\t<div class=\"elementor-widget-wrap elementor-element-populated\">\n\t\t\t\t\t\t<div class=\"elementor-element elementor-element-00f3e46 elementor-widget-divider--view-line elementor-widget elementor-widget-divider\" data-id=\"00f3e46\" data-element_type=\"widget\" data-widget_type=\"divider.default\">\n\t\t\t\t<div class=\"elementor-widget-container\">\n\t\t\t\t\t<div class=\"elementor-divider\">\n\t\t\t<span class=\"elementor-divider-separator\">\n\t\t\t\t\t\t<\/span>\n\t\t<\/div>\n\t\t\t\t<\/div>\n\t\t\t\t<\/div>\n\t\t\t\t\t<\/div>\n\t\t<\/div>\n\t\t\t\t\t<\/div>\n\t\t<\/section>\n\t\t\t\t<section class=\"elementor-section elementor-top-section elementor-element elementor-element-f1baa4a elementor-section-boxed elementor-section-height-default elementor-section-height-default\" data-id=\"f1baa4a\" data-element_type=\"section\">\n\t\t\t\t\t\t<div class=\"elementor-container elementor-column-gap-default\">\n\t\t\t\t\t<div class=\"elementor-column elementor-col-50 elementor-top-column elementor-element elementor-element-9c79f46\" data-id=\"9c79f46\" data-element_type=\"column\">\n\t\t\t<div class=\"elementor-widget-wrap elementor-element-populated\">\n\t\t\t\t\t\t<div class=\"elementor-element elementor-element-e714237 elementor-widget elementor-widget-heading\" data-id=\"e714237\" data-element_type=\"widget\" data-widget_type=\"heading.default\">\n\t\t\t\t<div class=\"elementor-widget-container\">\n\t\t\t<h2 class=\"elementor-heading-title elementor-size-default\">TRAGABUCHES<\/h2>\t\t<\/div>\n\t\t\t\t<\/div>\n\t\t\t\t<div class=\"elementor-element elementor-element-f0abf99 elementor-widget elementor-widget-image\" data-id=\"f0abf99\" data-element_type=\"widget\" data-widget_type=\"image.default\">\n\t\t\t\t<div class=\"elementor-widget-container\">\n\t\t\t\t\t\t\t\t\t\t\t\t\t<img loading=\"lazy\" decoding=\"async\" width=\"300\" height=\"188\" src=\"http:\/\/www.josemariatornay.com\/wp-content\/uploads\/2020\/04\/tragabuches.jpg\" class=\"attachment-large size-large wp-image-20111\" alt=\"\" \/>\t\t\t\t\t\t\t\t\t\t\t\t\t<\/div>\n\t\t\t\t<\/div>\n\t\t\t\t<div class=\"elementor-element elementor-element-5135062 elementor-widget elementor-widget-text-editor\" data-id=\"5135062\" data-element_type=\"widget\" data-widget_type=\"text-editor.default\">\n\t\t\t\t<div class=\"elementor-widget-container\">\n\t\t\t\t\t\t\t<p>Llega Jos\u00e9 en su caballo,<br \/>fatigado del camino<br \/>con una pierna maltrecha,<br \/>buscando en su casa abrigo.<br \/>Nadie le abre la puerta:<br \/>su mujer con \u00abel listilllo\u00bb,<br \/>consuman el adulterio<br \/>que lo conduce al abismo.<br \/>En un momento tres vidas<br \/>de pronto se hacen a\u00f1icos<br \/>y la muerte se apodera<br \/>del coraz\u00f3n malherido.<br \/>La leyenda se abre paso<br \/>y vuelve a los muertos vivos.<\/p>\t\t\t\t\t\t<\/div>\n\t\t\t\t<\/div>\n\t\t\t\t<div class=\"elementor-element elementor-element-de70368 elementor-widget elementor-widget-image\" data-id=\"de70368\" data-element_type=\"widget\" data-widget_type=\"image.default\">\n\t\t\t\t<div class=\"elementor-widget-container\">\n\t\t\t\t\t\t\t\t\t\t\t\t\t<img loading=\"lazy\" decoding=\"async\" width=\"400\" height=\"394\" src=\"http:\/\/www.josemariatornay.com\/wp-content\/uploads\/2020\/04\/tragabuches3.jpg\" class=\"attachment-large size-large wp-image-20112\" alt=\"\" srcset=\"http:\/\/www.josemariatornay.com\/wp-content\/uploads\/2020\/04\/tragabuches3.jpg 400w, http:\/\/www.josemariatornay.com\/wp-content\/uploads\/2020\/04\/tragabuches3-300x296.jpg 300w\" sizes=\"(max-width: 400px) 100vw, 400px\" \/>\t\t\t\t\t\t\t\t\t\t\t\t\t<\/div>\n\t\t\t\t<\/div>\n\t\t\t\t\t<\/div>\n\t\t<\/div>\n\t\t\t\t<div class=\"elementor-column elementor-col-50 elementor-top-column elementor-element elementor-element-3dc9234\" data-id=\"3dc9234\" data-element_type=\"column\">\n\t\t\t<div class=\"elementor-widget-wrap elementor-element-populated\">\n\t\t\t\t\t\t<div class=\"elementor-element elementor-element-b00b63e elementor-widget elementor-widget-text-editor\" data-id=\"b00b63e\" data-element_type=\"widget\" data-widget_type=\"text-editor.default\">\n\t\t\t\t<div class=\"elementor-widget-container\">\n\t\t\t\t\t\t\t<p>Siempre ha sido esta ciudad tierra de hombres valientes, hombres arriesgados, hombres con coraje. Jos\u00e9 Ulloa, fue uno de ellos. Incluso fue torero famoso de la escuela ronde\u00f1a.\u2028<br \/>Aunque naci\u00f3 en Arcos de la Frontera, el 21 de septiembre de 1.781, de muy ni\u00f1o sus padres se trasladaron a Ronda, donde vivi\u00f3 sus primeros a\u00f1os y su juventud.\u2028 Siendo muy joven form\u00f3 cuadrilla en la de los toreros ronde\u00f1os de la dinast\u00eda de los Romero, Jos\u00e9 y Gaspar, siendo despu\u00e9s sobresaliente de espadas con este \u00faltimo, de quien recibi\u00f3 la alternativa en la misma corrida celebrada en Salamanca el d\u00eda 12 de Septiembre de 1.802, en la que dicho torero fue cogido y muerto en su primer toro, vi\u00e9ndose Tragabuches obligado a terminar la corrida.<br \/>El apodo de \u00abTragabuches\u00bb le ven\u00eda dado de su padre, que al parecer era un buen glot\u00f3n, pues cuentan que de un trago se pod\u00eda comer una perdiz entera. \u2028<br \/>Un buen d\u00eda, negro para su historia, mandaron llamar a Jos\u00e9 para torear unas corridas en M\u00e1laga y para all\u00e1 sali\u00f3 con sus trastos, pero la mala suerte hizo que no llegase, pues a la altura del Puerto del Viento, una v\u00edbora le espant\u00f3 el caballo y en la ca\u00edda se rompi\u00f3 una pierna, as\u00ed que como pudo recogi\u00f3 a aqu\u00e9l y puso rumbo a Ronda, pues mal torero iba a ser con una pierna de tal guisa.\u2028 Al llegar a su casa se encontr\u00f3 con la puerta cerrada. Llam\u00f3 y llam\u00f3 y nadie le contestaba, hasta que finalmente, despu\u00e9s de quince minutos, sali\u00f3 la mujer toda azorada y nerviosa, lo que indujo a Jos\u00e9 a sospechar de su posible infidelidad; la apart\u00f3 de mala manera y como pudo se puso a registrar la casa. La b\u00fasqueda fue infructuosa, ya que no encontr\u00f3 nada sospechoso; se tranquilizo y, apurado y sudoroso como ven\u00eda, cogi\u00f3 un jarrillo para tomar agua fresca de la tinaja. \u00a1Mala suerte, Jos\u00e9!\u2028 Al intentar cogerla se encontr\u00f3 con que dentro de la misma estaba escondido el ac\u00f3lito de Santa Mar\u00eda, Pepe \u00abel Listillo\u00bb, que era el amante de la mujer y que ten\u00eda, como se puede suponer, muy cerca los amores de su amada, ya que se cree que Jos\u00e9 Ulloa viv\u00eda en los alrededores de la Iglesia.\u2028 No lo dud\u00f3 un momento, tom\u00f3 su trabuco, mat\u00f3 al ac\u00f3lito y tir\u00f3 a la mujer por el balc\u00f3n de la casa, que al caer a la calle muri\u00f3 al instante. \u2028<br \/>En aquel rapto de desesperaci\u00f3n que le hab\u00eda llevado a esta tragedia, la \u00fanica soluci\u00f3n que encontr\u00f3 fue la de \u00abecharse a la Sierra\u00bb, uni\u00e9ndose, seg\u00fan cuentan a la partida de \u201cLos siete ni\u00f1os de \u00c9cija\u201d, cuyo cabecilla, a la saz\u00f3n, era Juan Palomo, que estaba en pleno apogeo por ese tiempo.\u2028Cuando se disuelve la partida de los Ni\u00f1os de \u00c9cija, a muchos de ellos les concedieron el indulto, pero no as\u00ed a Tragabuches. Desde ese momento desaparece y se deja de hablar de \u00e9l, sin que nos hayan llegado m\u00e1s noticias de su persona, por m\u00e1s que se haya investigado; ni su fecha de defunci\u00f3n, ni c\u00f3mo ocurri\u00f3, ni cu\u00e1ndo.\u2028 S\u00ed corri\u00f3 una coplilla que cuentan que \u00e9l dec\u00eda y que era \u00e9sta:<br \/>\u201cUna mujer fue la causa \u2028<br \/>de mi perdici\u00f3n primera.\u2028<br \/>No hay perdici\u00f3n de los hombres, \u2028<br \/>que de mujeres no venga.\u201d<\/p>\t\t\t\t\t\t<\/div>\n\t\t\t\t<\/div>\n\t\t\t\t\t<\/div>\n\t\t<\/div>\n\t\t\t\t\t<\/div>\n\t\t<\/section>\n\t\t\t\t<section class=\"elementor-section elementor-top-section elementor-element elementor-element-135feab elementor-section-boxed elementor-section-height-default elementor-section-height-default\" data-id=\"135feab\" data-element_type=\"section\">\n\t\t\t\t\t\t<div class=\"elementor-container elementor-column-gap-default\">\n\t\t\t\t\t<div class=\"elementor-column elementor-col-100 elementor-top-column elementor-element elementor-element-811329f\" data-id=\"811329f\" data-element_type=\"column\">\n\t\t\t<div class=\"elementor-widget-wrap elementor-element-populated\">\n\t\t\t\t\t\t<div class=\"elementor-element elementor-element-74da8bc elementor-widget-divider--view-line elementor-widget elementor-widget-divider\" data-id=\"74da8bc\" data-element_type=\"widget\" data-widget_type=\"divider.default\">\n\t\t\t\t<div class=\"elementor-widget-container\">\n\t\t\t\t\t<div class=\"elementor-divider\">\n\t\t\t<span class=\"elementor-divider-separator\">\n\t\t\t\t\t\t<\/span>\n\t\t<\/div>\n\t\t\t\t<\/div>\n\t\t\t\t<\/div>\n\t\t\t\t\t<\/div>\n\t\t<\/div>\n\t\t\t\t\t<\/div>\n\t\t<\/section>\n\t\t\t\t<section class=\"elementor-section elementor-top-section elementor-element elementor-element-faad3e8 elementor-section-boxed elementor-section-height-default elementor-section-height-default\" data-id=\"faad3e8\" data-element_type=\"section\">\n\t\t\t\t\t\t<div class=\"elementor-container elementor-column-gap-default\">\n\t\t\t\t\t<div class=\"elementor-column elementor-col-50 elementor-top-column elementor-element elementor-element-0f82e09\" data-id=\"0f82e09\" data-element_type=\"column\">\n\t\t\t<div class=\"elementor-widget-wrap elementor-element-populated\">\n\t\t\t\t\t\t<div class=\"elementor-element elementor-element-e1f3a0c elementor-widget elementor-widget-text-editor\" data-id=\"e1f3a0c\" data-element_type=\"widget\" data-widget_type=\"text-editor.default\">\n\t\t\t\t<div class=\"elementor-widget-container\">\n\t\t\t\t\t\t\t<p>Vicente G\u00f3mez Mart\u00edn, hijo de Francisco G\u00f3mez y de Juana Mart\u00edn, naci\u00f3 en Ronda en los \u00faltimos d\u00edas del a\u00f1o 1550 y consta bautizado en la parroquia de Santa Cecilia (Padre Jes\u00fas en la actualidad), por el p\u00e1rroco de la misma D. Francisco de Valdealmendra, el 28 de diciembre del mismo a\u00f1o. Aunque el registro bautismal de la citada parroquia se destruy\u00f3 en la Guerra Civil, se encuentran dos copias del original en la Biblioteca Nacional, en el manuscrito 7.155, donde consta: \u201cNotas para ilustrar la vida de Vicente Espinel\u201d.<br \/>De d\u00f3nde pudo venir el apellido Espinel, que \u00e9l utiliza en la Universidad de Salamanca cuando se registra con \u00e9l, es un tema muy controvertido, aunque se cree que pudo ser del tercer apellido de su padre Francisco G\u00f3mez Adorno y Espinel, ya que en la casa donde vivi\u00f3, en la parte posterior de Santa Mar\u00eda, se encontraba una placa de m\u00e1rmol en la que se pod\u00eda leer lo siguiente: \u201cAqu\u00ed vivi\u00f3 en el a\u00f1o 1596 el pr\u00edncipe de los poetas l\u00edricos Vicente Mart\u00ednez Espinel y G\u00f3mez Adorno\u201d. Pero como se puede ver es muy raro, ya que \u00e9l mismo se hizo llamar Mart\u00ednez Espinel, cuando su padre era G\u00f3mez y su madre Mart\u00edn, y no Mart\u00ednez, aunque los hermanos de \u00e9sta, como queda constancia, eran Mart\u00ednez Labrasola, creadores de un beneficio para su sobrino en Santa Mar\u00eda, del que \u00e9ste disfrut\u00f3 mientras vivi\u00f3, dej\u00e1ndoselo, al morir, a su sobrino Jacinto.<br \/>Aunque se haya creado esta confusi\u00f3n con el apellido lo que s\u00ed est\u00e1 demostrado es que naci\u00f3 en Ronda, en el entorno de la calle Pe\u00f1as, al final de la actual calle Real, a la derecha. Y, asimismo, est\u00e1 demostrado que vivi\u00f3 en esta ciudad hasta los veinti\u00fan a\u00f1os, ya que a esta edad aparece matriculado en la Universidad de Salamanca, en el curso de 1571\/72.<br \/>Por lo tanto, se supone que estudi\u00f3 Humanidades en Ronda con el maestro D. Juan Enciso y que sus t\u00edos le ayudaron para que se fuese a la citada capital a completar los estudios y acceder al sacerdocio, que era la intenci\u00f3n de \u00e9stos. Vicente Espinel pasa por ser el escritor, poeta y m\u00fasico andaluz, m\u00e1s importante del Siglo de Oro espa\u00f1ol. Como escritor, public\u00f3, bajo el mecenazgo de la Casa de Alba, \u201cLa vida del Escudero Marcos de Obreg\u00f3n\u201d, obra b\u00e1sica de la picaresca espa\u00f1ola, autobiogr\u00e1fica, aunque no en su totalidad. Cre\u00f3 para la po\u00e9tica espa\u00f1ola, la estrofa llamada \u201cd\u00e9cima\u201d, a la que Lope de Vega dijo se le pusiera el nombre de<br \/>\u201cEspinela\u201d en memoria de su creador, y public\u00f3 un libro de poemas al que \u00e9l mismo llam\u00f3 \u201cDiversas Rimas\u201d y que es un compendio de la riqueza de versificaci\u00f3n que pose\u00eda el ronde\u00f1o. Finalmente, como m\u00fasico, se sabe que estudi\u00f3 \u00f3rgano con el Maestro Salinas en Salamanca, habiendo llegado a ser un gran int\u00e9rprete. De hecho, muri\u00f3 con el t\u00edtulo de Organista Mayor de la Capilla del Obispo de Plasencia. Tambi\u00e9n como m\u00fasico se le atribuye el haber sido el personaje que le puso la quinta cuerda (la nota LA) a la guitarra que, a partir de ah\u00ed, se llam\u00f3 \u201cguitarra espa\u00f1ola\u201d.<br \/>Sobre este tema se ha derramado mucha tinta, con historiadores que le niegan esta capacidad y otros que no s\u00f3lo se la dan sino que lo alaban, como es el caso del mism\u00edsimo Miguel de Cervantes, que en su \u201cLaurel de Apolo\u201d, dice: \u201cAgradezcamos al Maestro Espinel que le haya a\u00f1adido una cuerda m\u00e1s a la guitarra, con lo que \u00e9sta ha quedado tan perfecta como cualquier otro instrumento\u201d. Otros han escrito y demostrado que Espinel fue el m\u00fasico mel\u00f3dico que afin\u00f3 la guitarra \u201cen cuartas\u201d, partiendo de la quinta cuerda a la que le puso la nota LA, afinaci\u00f3n que se ha mantenido desde entonces hasta nuestros d\u00edas.<br \/>\u00c9l se acompa\u00f1aba con su guitarra en las fiestas a las que le llamaban para tocar, cantar y recitar, con lo que consegu\u00eda un extra para sus estudios y necesidades. Lo que s\u00ed es verdad es que Vicente Espinel en su tiempo fue un gran mel\u00f3dico, escritor, poeta y m\u00fasico. Ten\u00eda un sentido de la melod\u00eda muy sensible y desarrollado y compuso algunas que no han llegado escritas a nuestros d\u00edas, aunque actualmente suenan sin que se pueda demostrar su origen.<\/p>\t\t\t\t\t\t<\/div>\n\t\t\t\t<\/div>\n\t\t\t\t\t<\/div>\n\t\t<\/div>\n\t\t\t\t<div class=\"elementor-column elementor-col-50 elementor-top-column elementor-element elementor-element-b15f533\" data-id=\"b15f533\" data-element_type=\"column\">\n\t\t\t<div class=\"elementor-widget-wrap elementor-element-populated\">\n\t\t\t\t\t\t<div class=\"elementor-element elementor-element-6ea6e3d elementor-widget elementor-widget-heading\" data-id=\"6ea6e3d\" data-element_type=\"widget\" data-widget_type=\"heading.default\">\n\t\t\t\t<div class=\"elementor-widget-container\">\n\t\t\t<h2 class=\"elementor-heading-title elementor-size-default\">VICENTE ESPINEL<\/h2>\t\t<\/div>\n\t\t\t\t<\/div>\n\t\t\t\t<div class=\"elementor-element elementor-element-8b19f82 elementor-widget elementor-widget-image\" data-id=\"8b19f82\" data-element_type=\"widget\" data-widget_type=\"image.default\">\n\t\t\t\t<div class=\"elementor-widget-container\">\n\t\t\t\t\t\t\t\t\t\t\t\t\t<img decoding=\"async\" src=\"http:\/\/www.josemariatornay.com\/wp-content\/plugins\/elementor\/assets\/images\/placeholder.png\" title=\"\" alt=\"\" loading=\"lazy\" \/>\t\t\t\t\t\t\t\t\t\t\t\t\t<\/div>\n\t\t\t\t<\/div>\n\t\t\t\t<div class=\"elementor-element elementor-element-2ed612b elementor-widget elementor-widget-text-editor\" data-id=\"2ed612b\" data-element_type=\"widget\" data-widget_type=\"text-editor.default\">\n\t\t\t\t<div class=\"elementor-widget-container\">\n\t\t\t\t\t\t\t<p>Poeta primero<br \/>que Ronda engendr\u00f3,<br \/>para seguir tu sendero<br \/>yo quiero ser tu escudero<br \/>como Marcos de Obreg\u00f3n.<br \/>\u00a0<br \/>Guitarra, poemas, Ronda, <br \/>Vicente Espinel,<br \/>el alma de nuestra tierra<br \/>atrapada en un papel,<br \/>notas volando en el tiempo,<br \/>versos que ruedan en \u00e9l.<br \/>\u00a0<br \/>\u00a0Redondillas y cuartetas,<br \/>d\u00e9cimas enamoradas,<br \/>palabras que traen los vientos,<br \/>palabras, dulces palabras<br \/>que como flechas caminan <br \/>y como dardos se clavan<\/p><p>Con su sabia pluma en ristre,<br \/>su sotana y su bonete<br \/>camin\u00f3 por los senderos<br \/>haciendo caminos siempre,<br \/>abriendo nuevas veredas<br \/>a\u00fan a costa de perderse.<br \/>\u00a0<br \/>Faro y gu\u00eda de poetas<br \/>y de genios consagrados,<br \/>vivi\u00f3 Vicente en la Corte<br \/>como maestro de sabios<br \/>y Ronda siempre latiendo<br \/>en su coraz\u00f3n serrano.<br \/>\u00a0<br \/>Poeta primero<br \/>que Ronda engendr\u00f3,<br \/>para seguir tu sendero<br \/>yo quiero ser tu escudero<br \/>como Marcos de Obreg\u00f3n.<br \/>\u00a0<\/p>\t\t\t\t\t\t<\/div>\n\t\t\t\t<\/div>\n\t\t\t\t\t<\/div>\n\t\t<\/div>\n\t\t\t\t\t<\/div>\n\t\t<\/section>\n\t\t\t\t<\/div>\n\t\t","protected":false},"excerpt":{"rendered":"<p>FERNANDO DE LOS R\u00cdOS Luch\u00f3 contra la Espa\u00f1a de alma quieta y a favor de alumbrar otros senderos ocultos por la historia, prisioneros de miedos y verdades incompletas. Se enfrent\u00f3 a los fantasmas del pasado con la esperanza puesta en el futuro ante unos tiempos con el rostro duro de rencores sin fin apasionados.Pero esta [&hellip;]<\/p>\n","protected":false},"author":1,"featured_media":0,"parent":0,"menu_order":0,"comment_status":"closed","ping_status":"closed","template":"","meta":{"_aioseop_title":"","_aioseop_description":"","ngg_post_thumbnail":0,"footnotes":""},"_links":{"self":[{"href":"http:\/\/www.josemariatornay.com\/index.php\/wp-json\/wp\/v2\/pages\/13341"}],"collection":[{"href":"http:\/\/www.josemariatornay.com\/index.php\/wp-json\/wp\/v2\/pages"}],"about":[{"href":"http:\/\/www.josemariatornay.com\/index.php\/wp-json\/wp\/v2\/types\/page"}],"author":[{"embeddable":true,"href":"http:\/\/www.josemariatornay.com\/index.php\/wp-json\/wp\/v2\/users\/1"}],"replies":[{"embeddable":true,"href":"http:\/\/www.josemariatornay.com\/index.php\/wp-json\/wp\/v2\/comments?post=13341"}],"version-history":[{"count":0,"href":"http:\/\/www.josemariatornay.com\/index.php\/wp-json\/wp\/v2\/pages\/13341\/revisions"}],"wp:attachment":[{"href":"http:\/\/www.josemariatornay.com\/index.php\/wp-json\/wp\/v2\/media?parent=13341"}],"curies":[{"name":"wp","href":"https:\/\/api.w.org\/{rel}","templated":true}]}}