{"id":13353,"date":"2017-02-07T19:17:35","date_gmt":"2017-02-07T18:17:35","guid":{"rendered":"http:\/\/www.josemariatornay.com\/?page_id=13353"},"modified":"2020-04-30T09:48:15","modified_gmt":"2020-04-30T08:48:15","slug":"trovador-personajes-contemporaneos","status":"publish","type":"page","link":"http:\/\/www.josemariatornay.com\/index.php\/trovador-personajes-contemporaneos\/","title":{"rendered":"CICERONE Y TROVADOR: PERSONAJES CONTEMPOR\u00c1NEOS"},"content":{"rendered":"\t\t<div data-elementor-type=\"wp-post\" data-elementor-id=\"13353\" class=\"elementor elementor-13353 elementor-bc-flex-widget\">\n\t\t\t\t\t\t<section class=\"elementor-section elementor-top-section elementor-element elementor-element-2358031 elementor-section-boxed elementor-section-height-default elementor-section-height-default\" data-id=\"2358031\" data-element_type=\"section\">\n\t\t\t\t\t\t<div class=\"elementor-container elementor-column-gap-default\">\n\t\t\t\t\t<div class=\"elementor-column elementor-col-50 elementor-top-column elementor-element elementor-element-ae7fd35\" data-id=\"ae7fd35\" data-element_type=\"column\">\n\t\t\t<div class=\"elementor-widget-wrap elementor-element-populated\">\n\t\t\t\t\t\t<div class=\"elementor-element elementor-element-8df6c04 elementor-widget elementor-widget-text-editor\" data-id=\"8df6c04\" data-element_type=\"widget\" data-widget_type=\"text-editor.default\">\n\t\t\t\t<div class=\"elementor-widget-container\">\n\t\t\t<style>\/*! elementor - v3.20.0 - 20-03-2024 *\/\n.elementor-widget-text-editor.elementor-drop-cap-view-stacked .elementor-drop-cap{background-color:#69727d;color:#fff}.elementor-widget-text-editor.elementor-drop-cap-view-framed .elementor-drop-cap{color:#69727d;border:3px solid;background-color:transparent}.elementor-widget-text-editor:not(.elementor-drop-cap-view-default) .elementor-drop-cap{margin-top:8px}.elementor-widget-text-editor:not(.elementor-drop-cap-view-default) .elementor-drop-cap-letter{width:1em;height:1em}.elementor-widget-text-editor .elementor-drop-cap{float:left;text-align:center;line-height:1;font-size:50px}.elementor-widget-text-editor .elementor-drop-cap-letter{display:inline-block}<\/style>\t\t\t\t<p>Este ronde\u00f1o universal nace en Ronda en el a\u00f1o 1915. Actualmente vive en Madrid. Desde muy joven empieza a sentir que dentro de \u00e9l se desata la pasi\u00f3n por la Medicina y de manera muy particular por el estudio de las neuronas y su estudio experimental para mejor conocer el cerebro humano. Se licencia en la Universidad de Madrid donde llega a ejercer de profesor adjunto de la c\u00e1tedra de Fisiolog\u00eda. Adem\u00e1s, entra a formar parte del grupo de cient\u00edficos del Consejo Superior de Investigaciones Cient\u00edficas. Como le pas\u00f3 a muchos investigadores espa\u00f1oles, despu\u00e9s de la Guerra Civil, y a la vista de la necesidad que ten\u00edan de avanzar en sus estudios, lo que en Espa\u00f1a era imposible en aquellos a\u00f1os, parte en 1950 para Estados Unidos donde ingresa en la Universidad de Yale como profesor. Permanece en este pa\u00eds veinte a\u00f1os. Durante ese tiempo se le empieza a reconocer como uno de los grandes investigadores del cerebro humano, habiendo utilizado los de gibones y chimpanc\u00e9s para sus trabajos, que fueron aceptados inmediatamente por la comunidad cient\u00edfica internacional. Permanece en Estados Unidos hasta el a\u00f1o 1972, en que regresa a Espa\u00f1a, pero sin desconectarse totalmente de Yale y Nueva York. Aqu\u00ed ocupa la c\u00e1tedra de Fisiolog\u00eda de la Universidad Aut\u00f3noma, y poco despu\u00e9s el puesto de director de Investigaci\u00f3n del Hospital \u201cRam\u00f3n y Cajal\u201d. <br \/>A lo largo de su dilatada vida ha sido propuesto en varias ocasiones para el Nobel de Medicina. Abandona definitivamente Estados Unidos y se reintegra totalmente en los equipos de Investigaci\u00f3n del Consejo Superior de Investigaciones Cient\u00edficas. D. Jos\u00e9 Manuel Rodr\u00edguez Delgado naci\u00f3 y vivi\u00f3 con su familia en el barrio de la Ciudad, muy cerca de donde yo viv\u00ed de ni\u00f1o; incluso la casa de vecinos donde viv\u00edamos era propiedad de su familia, por parte de los Delgado. Siendo yo miembro del Consejo Escolar del Nuevo Instituto que se cre\u00f3 en Ronda, luch\u00e9 porque \u00e9ste llevara su nombre, defendiendo la propuesta de Pepa Becerra. En la actualidad, \u00e9l ha venido a Ronda en muchas ocasiones, la \u00faltima en el a\u00f1o 2000 en el que servidor lo hab\u00eda propuesto como miembro de Honor de la Comisi\u00f3n que, presidida por El Pr\u00edncipe de Asturias, se cre\u00f3 en Ronda para homenajear a otro ronde\u00f1o ilustre: Vicente Espinel. Tambi\u00e9n vino a la inauguraci\u00f3n del Instituto que lleva su nombre y nos dio una conferencia-coloquio de lo m\u00e1s entretenido que yo he o\u00eddo, trat\u00e1ndose de un tema tan farragoso como el cerebro humano.<\/p>\t\t\t\t\t\t<\/div>\n\t\t\t\t<\/div>\n\t\t\t\t\t<\/div>\n\t\t<\/div>\n\t\t\t\t<div class=\"elementor-column elementor-col-50 elementor-top-column elementor-element elementor-element-0764013\" data-id=\"0764013\" data-element_type=\"column\">\n\t\t\t<div class=\"elementor-widget-wrap elementor-element-populated\">\n\t\t\t\t\t\t<div class=\"elementor-element elementor-element-f9a43ff elementor-widget elementor-widget-heading\" data-id=\"f9a43ff\" data-element_type=\"widget\" data-widget_type=\"heading.default\">\n\t\t\t\t<div class=\"elementor-widget-container\">\n\t\t\t<style>\/*! elementor - v3.20.0 - 20-03-2024 *\/\n.elementor-heading-title{padding:0;margin:0;line-height:1}.elementor-widget-heading .elementor-heading-title[class*=elementor-size-]>a{color:inherit;font-size:inherit;line-height:inherit}.elementor-widget-heading .elementor-heading-title.elementor-size-small{font-size:15px}.elementor-widget-heading .elementor-heading-title.elementor-size-medium{font-size:19px}.elementor-widget-heading .elementor-heading-title.elementor-size-large{font-size:29px}.elementor-widget-heading .elementor-heading-title.elementor-size-xl{font-size:39px}.elementor-widget-heading .elementor-heading-title.elementor-size-xxl{font-size:59px}<\/style><h2 class=\"elementor-heading-title elementor-size-default\">RODR\u00cdGUEZ DELGADO<\/h2>\t\t<\/div>\n\t\t\t\t<\/div>\n\t\t\t\t<div class=\"elementor-element elementor-element-98652e0 elementor-widget elementor-widget-image\" data-id=\"98652e0\" data-element_type=\"widget\" data-widget_type=\"image.default\">\n\t\t\t\t<div class=\"elementor-widget-container\">\n\t\t\t<style>\/*! elementor - v3.20.0 - 20-03-2024 *\/\n.elementor-widget-image{text-align:center}.elementor-widget-image a{display:inline-block}.elementor-widget-image a img[src$=\".svg\"]{width:48px}.elementor-widget-image img{vertical-align:middle;display:inline-block}<\/style>\t\t\t\t\t\t\t\t\t\t<img fetchpriority=\"high\" decoding=\"async\" width=\"1024\" height=\"596\" src=\"http:\/\/www.josemariatornay.com\/wp-content\/uploads\/2020\/04\/rodriguezdelgado-1024x596.jpg\" class=\"attachment-large size-large wp-image-20391\" alt=\"\" srcset=\"http:\/\/www.josemariatornay.com\/wp-content\/uploads\/2020\/04\/rodriguezdelgado-1024x596.jpg 1024w, http:\/\/www.josemariatornay.com\/wp-content\/uploads\/2020\/04\/rodriguezdelgado-300x174.jpg 300w, http:\/\/www.josemariatornay.com\/wp-content\/uploads\/2020\/04\/rodriguezdelgado-768x447.jpg 768w, http:\/\/www.josemariatornay.com\/wp-content\/uploads\/2020\/04\/rodriguezdelgado.jpg 1145w\" sizes=\"(max-width: 1024px) 100vw, 1024px\" \/>\t\t\t\t\t\t\t\t\t\t\t\t\t<\/div>\n\t\t\t\t<\/div>\n\t\t\t\t<div class=\"elementor-element elementor-element-147d648 elementor-widget elementor-widget-text-editor\" data-id=\"147d648\" data-element_type=\"widget\" data-widget_type=\"text-editor.default\">\n\t\t\t\t<div class=\"elementor-widget-container\">\n\t\t\t\t\t\t\t<p>Profesor \u201camericano\u201d,<br \/>marinero de la ciencia<br \/>que a bordo de su sapiencia<br \/>navega el cerebro humano.<br \/>En su coraz\u00f3n serrano<br \/>lleva a este pueblo sure\u00f1o,<br \/>de amaneceres de ensue\u00f1o<br \/>y atardeceres dorados.<br \/>Doctor Rodr\u00edguez Delgado,<br \/>orgullo de los ronde\u00f1os.<\/p>\t\t\t\t\t\t<\/div>\n\t\t\t\t<\/div>\n\t\t\t\t<div class=\"elementor-element elementor-element-5b95d26 elementor-widget elementor-widget-image\" data-id=\"5b95d26\" data-element_type=\"widget\" data-widget_type=\"image.default\">\n\t\t\t\t<div class=\"elementor-widget-container\">\n\t\t\t\t\t\t\t\t\t\t\t\t\t<img decoding=\"async\" width=\"450\" height=\"332\" src=\"http:\/\/www.josemariatornay.com\/wp-content\/uploads\/2020\/04\/rodriguezdelgado2.jpg\" class=\"attachment-large size-large wp-image-20392\" alt=\"\" srcset=\"http:\/\/www.josemariatornay.com\/wp-content\/uploads\/2020\/04\/rodriguezdelgado2.jpg 450w, http:\/\/www.josemariatornay.com\/wp-content\/uploads\/2020\/04\/rodriguezdelgado2-300x221.jpg 300w\" sizes=\"(max-width: 450px) 100vw, 450px\" \/>\t\t\t\t\t\t\t\t\t\t\t\t\t<\/div>\n\t\t\t\t<\/div>\n\t\t\t\t\t<\/div>\n\t\t<\/div>\n\t\t\t\t\t<\/div>\n\t\t<\/section>\n\t\t\t\t<section class=\"elementor-section elementor-top-section elementor-element elementor-element-658469b elementor-section-boxed elementor-section-height-default elementor-section-height-default\" data-id=\"658469b\" data-element_type=\"section\">\n\t\t\t\t\t\t<div class=\"elementor-container elementor-column-gap-default\">\n\t\t\t\t\t<div class=\"elementor-column elementor-col-100 elementor-top-column elementor-element elementor-element-c2a3e1d\" data-id=\"c2a3e1d\" data-element_type=\"column\">\n\t\t\t<div class=\"elementor-widget-wrap elementor-element-populated\">\n\t\t\t\t\t\t<div class=\"elementor-element elementor-element-6cc6959 elementor-widget-divider--view-line elementor-widget elementor-widget-divider\" data-id=\"6cc6959\" data-element_type=\"widget\" data-widget_type=\"divider.default\">\n\t\t\t\t<div class=\"elementor-widget-container\">\n\t\t\t<style>\/*! elementor - v3.20.0 - 20-03-2024 *\/\n.elementor-widget-divider{--divider-border-style:none;--divider-border-width:1px;--divider-color:#0c0d0e;--divider-icon-size:20px;--divider-element-spacing:10px;--divider-pattern-height:24px;--divider-pattern-size:20px;--divider-pattern-url:none;--divider-pattern-repeat:repeat-x}.elementor-widget-divider .elementor-divider{display:flex}.elementor-widget-divider .elementor-divider__text{font-size:15px;line-height:1;max-width:95%}.elementor-widget-divider .elementor-divider__element{margin:0 var(--divider-element-spacing);flex-shrink:0}.elementor-widget-divider .elementor-icon{font-size:var(--divider-icon-size)}.elementor-widget-divider .elementor-divider-separator{display:flex;margin:0;direction:ltr}.elementor-widget-divider--view-line_icon .elementor-divider-separator,.elementor-widget-divider--view-line_text .elementor-divider-separator{align-items:center}.elementor-widget-divider--view-line_icon .elementor-divider-separator:after,.elementor-widget-divider--view-line_icon .elementor-divider-separator:before,.elementor-widget-divider--view-line_text .elementor-divider-separator:after,.elementor-widget-divider--view-line_text .elementor-divider-separator:before{display:block;content:\"\";border-block-end:0;flex-grow:1;border-block-start:var(--divider-border-width) var(--divider-border-style) var(--divider-color)}.elementor-widget-divider--element-align-left .elementor-divider .elementor-divider-separator>.elementor-divider__svg:first-of-type{flex-grow:0;flex-shrink:100}.elementor-widget-divider--element-align-left .elementor-divider-separator:before{content:none}.elementor-widget-divider--element-align-left .elementor-divider__element{margin-left:0}.elementor-widget-divider--element-align-right .elementor-divider .elementor-divider-separator>.elementor-divider__svg:last-of-type{flex-grow:0;flex-shrink:100}.elementor-widget-divider--element-align-right .elementor-divider-separator:after{content:none}.elementor-widget-divider--element-align-right .elementor-divider__element{margin-right:0}.elementor-widget-divider--element-align-start .elementor-divider .elementor-divider-separator>.elementor-divider__svg:first-of-type{flex-grow:0;flex-shrink:100}.elementor-widget-divider--element-align-start .elementor-divider-separator:before{content:none}.elementor-widget-divider--element-align-start .elementor-divider__element{margin-inline-start:0}.elementor-widget-divider--element-align-end .elementor-divider .elementor-divider-separator>.elementor-divider__svg:last-of-type{flex-grow:0;flex-shrink:100}.elementor-widget-divider--element-align-end .elementor-divider-separator:after{content:none}.elementor-widget-divider--element-align-end .elementor-divider__element{margin-inline-end:0}.elementor-widget-divider:not(.elementor-widget-divider--view-line_text):not(.elementor-widget-divider--view-line_icon) .elementor-divider-separator{border-block-start:var(--divider-border-width) var(--divider-border-style) var(--divider-color)}.elementor-widget-divider--separator-type-pattern{--divider-border-style:none}.elementor-widget-divider--separator-type-pattern.elementor-widget-divider--view-line .elementor-divider-separator,.elementor-widget-divider--separator-type-pattern:not(.elementor-widget-divider--view-line) .elementor-divider-separator:after,.elementor-widget-divider--separator-type-pattern:not(.elementor-widget-divider--view-line) .elementor-divider-separator:before,.elementor-widget-divider--separator-type-pattern:not([class*=elementor-widget-divider--view]) .elementor-divider-separator{width:100%;min-height:var(--divider-pattern-height);-webkit-mask-size:var(--divider-pattern-size) 100%;mask-size:var(--divider-pattern-size) 100%;-webkit-mask-repeat:var(--divider-pattern-repeat);mask-repeat:var(--divider-pattern-repeat);background-color:var(--divider-color);-webkit-mask-image:var(--divider-pattern-url);mask-image:var(--divider-pattern-url)}.elementor-widget-divider--no-spacing{--divider-pattern-size:auto}.elementor-widget-divider--bg-round{--divider-pattern-repeat:round}.rtl .elementor-widget-divider .elementor-divider__text{direction:rtl}.e-con-inner>.elementor-widget-divider,.e-con>.elementor-widget-divider{width:var(--container-widget-width,100%);--flex-grow:var(--container-widget-flex-grow)}<\/style>\t\t<div class=\"elementor-divider\">\n\t\t\t<span class=\"elementor-divider-separator\">\n\t\t\t\t\t\t<\/span>\n\t\t<\/div>\n\t\t\t\t<\/div>\n\t\t\t\t<\/div>\n\t\t\t\t\t<\/div>\n\t\t<\/div>\n\t\t\t\t\t<\/div>\n\t\t<\/section>\n\t\t\t\t<section class=\"elementor-section elementor-top-section elementor-element elementor-element-ed08388 elementor-section-boxed elementor-section-height-default elementor-section-height-default\" data-id=\"ed08388\" data-element_type=\"section\">\n\t\t\t\t\t\t<div class=\"elementor-container elementor-column-gap-default\">\n\t\t\t\t\t<div class=\"elementor-column elementor-col-50 elementor-top-column elementor-element elementor-element-8b66629\" data-id=\"8b66629\" data-element_type=\"column\">\n\t\t\t<div class=\"elementor-widget-wrap elementor-element-populated\">\n\t\t\t\t\t\t<div class=\"elementor-element elementor-element-0227179 elementor-widget elementor-widget-heading\" data-id=\"0227179\" data-element_type=\"widget\" data-widget_type=\"heading.default\">\n\t\t\t\t<div class=\"elementor-widget-container\">\n\t\t\t<h2 class=\"elementor-heading-title elementor-size-default\">GIGI VELA<\/h2>\t\t<\/div>\n\t\t\t\t<\/div>\n\t\t\t\t<div class=\"elementor-element elementor-element-350ff31 elementor-widget elementor-widget-image\" data-id=\"350ff31\" data-element_type=\"widget\" data-widget_type=\"image.default\">\n\t\t\t\t<div class=\"elementor-widget-container\">\n\t\t\t\t\t\t\t\t\t\t\t\t\t<img decoding=\"async\" width=\"400\" height=\"400\" src=\"http:\/\/www.josemariatornay.com\/wp-content\/uploads\/2020\/04\/gigivela.jpeg\" class=\"attachment-large size-large wp-image-20396\" alt=\"\" srcset=\"http:\/\/www.josemariatornay.com\/wp-content\/uploads\/2020\/04\/gigivela.jpeg 400w, http:\/\/www.josemariatornay.com\/wp-content\/uploads\/2020\/04\/gigivela-150x150.jpeg 150w, http:\/\/www.josemariatornay.com\/wp-content\/uploads\/2020\/04\/gigivela-300x300.jpeg 300w\" sizes=\"(max-width: 400px) 100vw, 400px\" \/>\t\t\t\t\t\t\t\t\t\t\t\t\t<\/div>\n\t\t\t\t<\/div>\n\t\t\t\t<div class=\"elementor-element elementor-element-c6c9e2e elementor-widget elementor-widget-text-editor\" data-id=\"c6c9e2e\" data-element_type=\"widget\" data-widget_type=\"text-editor.default\">\n\t\t\t\t<div class=\"elementor-widget-container\">\n\t\t\t\t\t\t\t<p>En cada bota un pincel,<br \/>relucientes como soles,<br \/>dibujando un carrusel<br \/>de centros, pases y goles.<br \/>Una br\u00fajula en la frente,<br \/>una batuta en la mano;<br \/>una muleta valiente<br \/>citando a un bal\u00f3n meano.<br \/>Conejos de la chistera<br \/>saca su magia y lo mismo<br \/>es su habilidad certera<br \/>con un pl\u00e1tano o una pera<br \/>haciendo malabarismos.<br \/>Gigi, cincel luminoso<br \/>que labra con la pelota,<br \/>con el primor de sus botas,<br \/>versos sabios y gloriosos.<\/p>\t\t\t\t\t\t<\/div>\n\t\t\t\t<\/div>\n\t\t\t\t<div class=\"elementor-element elementor-element-4084ed7 elementor-widget elementor-widget-image\" data-id=\"4084ed7\" data-element_type=\"widget\" data-widget_type=\"image.default\">\n\t\t\t\t<div class=\"elementor-widget-container\">\n\t\t\t\t\t\t\t\t\t\t\t\t\t<img loading=\"lazy\" decoding=\"async\" width=\"768\" height=\"1024\" src=\"http:\/\/www.josemariatornay.com\/wp-content\/uploads\/2020\/04\/gigivela2-768x1024.jpg\" class=\"attachment-large size-large wp-image-20398\" alt=\"\" srcset=\"http:\/\/www.josemariatornay.com\/wp-content\/uploads\/2020\/04\/gigivela2-768x1024.jpg 768w, http:\/\/www.josemariatornay.com\/wp-content\/uploads\/2020\/04\/gigivela2-225x300.jpg 225w\" sizes=\"(max-width: 768px) 100vw, 768px\" \/>\t\t\t\t\t\t\t\t\t\t\t\t\t<\/div>\n\t\t\t\t<\/div>\n\t\t\t\t\t<\/div>\n\t\t<\/div>\n\t\t\t\t<div class=\"elementor-column elementor-col-50 elementor-top-column elementor-element elementor-element-25035e9\" data-id=\"25035e9\" data-element_type=\"column\">\n\t\t\t<div class=\"elementor-widget-wrap elementor-element-populated\">\n\t\t\t\t\t\t<div class=\"elementor-element elementor-element-0fad47a elementor-widget elementor-widget-text-editor\" data-id=\"0fad47a\" data-element_type=\"widget\" data-widget_type=\"text-editor.default\">\n\t\t\t\t<div class=\"elementor-widget-container\">\n\t\t\t\t\t\t\t<p>Jos\u00e9 Lu\u00eds Gil Vela, conocido popularmente como \u201cGigi\u201d, es un personaje de lo m\u00e1s peculiar de Ronda en la actualidad. Panadero de profesi\u00f3n y futbolista de afici\u00f3n, va derramando su gracia y su buen hacer por donde quiera que pasa. <br \/>Lo de Gigi le viene dado por su compa\u00f1ero de afici\u00f3n, nuestro com\u00fan amigo, ya desaparecido, \u00c1ngel Harillo Ord\u00f3\u00f1ez. S\u00ed Ord\u00f3\u00f1ez, como el \u201cMaestro\u201d; de hecho, primo hermano de \u00e9l. Pues fue \u00c1ngel el que, al verlo jugar y comportarse en el campo, dijo que se parec\u00ed a Gigi Riva, por entonces jugador del Mil\u00e1n. De ah\u00ed que tanto \u00c1ngel como mi compadre \u201cEl Loco\u201d y otros amigos y compa\u00f1eros de la \u00e9poca le rompieran con el apodo de \u201cGigi\u201d. <br \/>Nuestro amigo Jos\u00e9 Lu\u00eds naci\u00f3 en el Ruedo Alameda, como a \u00e9l le gusta decir, al lado del pilar, un d\u00eda 9 de marzo del a\u00f1o de 1948. De una familia de panaderos le viene la tradici\u00f3n de su oficio; ya su abuela, Isabel, all\u00e1 por el a\u00f1o 1925 funda la dinast\u00eda, de ah\u00ed que la panader\u00eda se llame de Santa Isabel en la actualidad. <br \/>Su padre, panadero tambi\u00e9n; es decir que la afici\u00f3n al f\u00fatbol no le viene por v\u00eda paterna ni materna, le viene por su hermano Manolo, \u201cEl Vela\u201d, que jugaba al f\u00fatbol y que incluso lleg\u00f3 a jugar en el Ronda, pero al salir de la mili, aquello dejaba m\u00e1s disgustos que dinero y hubo que abandonarlo para dedicarse a algo m\u00e1s productivo, la panader\u00eda. <br \/>Jos\u00e9 Lu\u00eds ve\u00eda a Manolo y en la misma panader\u00eda siendo un cr\u00edo de seis o siete a\u00f1os, imitaba a su hermano. Fue un salesiano, D. Abrah\u00e1n Lorenzo, el que se fij\u00f3 en el ni\u00f1o y lo \u201cfich\u00f3\u201d para que jugase en el Domingo Savio. As\u00ed que con trece a\u00f1os ya lo tenemos dando patadas en los patios de Santa Teresa y el Castillo. <br \/>Por aquel tiempo, Enrique Carrillo, el de \u201cCalzados la Giralda\u201d, portero del Ronda, le coment\u00f3 al entrenador, Pedro Ferrer, (Pedr\u00edn), que en Santa Teresa hab\u00eda un hermano del Vela que le daba de miedo al bal\u00f3n. Pedr\u00edn le dijo que se lo trajese y ah\u00ed lo tienen ustedes con su valedor empezando a jugar con los mayores. Pedr\u00edn, jugador del Ceuta, del M\u00e1laga y del Sevilla, recal\u00f3 en Ronda como entrenador y ha sido funcionario del Ayuntamiento hasta su jubilaci\u00f3n. Ha fallecido hace pocas fechas para dolor de sus amigos y admiradores. <br \/>En la temporada del 64-65 el Ronda fue castigado un a\u00f1o sin jugar por un conflicto con el CD Malague\u00f1o, a\u00f1o que Pedr\u00edn se ocup\u00f3 de que el Gigi no dejara de entrenar y cada d\u00eda se reun\u00eda son su pupilo para que no perdiera la forma. Un sacrificio que el Gigi le ha agradecido toda la vida. <br \/>En la temporada 65-66 y vali\u00e9ndose Pedr\u00edn de sus contactos, consigui\u00f3 que el Sevilla y el Real Madrid se interesaran por su pupilo. El Sevilla, en primer lugar, por medio de Ignacio Eizaguirre y Diego Villalonga, que lo tuvieron probando 15 d\u00edas, al t\u00e9rmino de los cuales le dijeron que quer\u00edan que firmara por el club sevillista. Una vez consultada la familia y el propio Pedr\u00edn, se hizo efectivo un contrato con el citado club &#8211; 213 <br \/>de la Ciudad de la Giralda. Al poco de firmar recibi\u00f3 un telegrama de Molowny, del Real Madrid, en el que le invitaban a desplazarse a la Capital de Espa\u00f1a para probar all\u00ed. Tarde lleg\u00f3 la propuesta pues nuestro Gigi ya hab\u00eda firmado por el club hispalense.<br \/>En Sevilla estuvo un a\u00f1o cedido al Sevilla Atl\u00e9tico, otro al Alcal\u00e1 de Guada\u00edra y uno m\u00e1s al Badajoz. En esto la mili que se mete por medio y\u2026 a servir a la Patria. Enfriamiento y a la vuelta, aquellos eran otros tiempos, a trabajar, que hab\u00eda que comer y el f\u00fatbol no daba para nada, s\u00f3lo para la mala fama que los jugadores ten\u00edan.<br \/>Estuvo alternando el trabajo en la panader\u00eda con el f\u00fatbol al que se dedic\u00f3 en cuerpo y alma, pero aqu\u00ed en su ciudad, donde ha estado jugando hasta los treinta y cinco a\u00f1os, habi\u00e9ndolo hecho en 1\u00aa Regional y en 3\u00aa Divisi\u00f3n, logrando ascender con el Ronda en dos ocasiones a 3\u00aa. <br \/>Felizmente casado con Ana M\u00aa Garc\u00eda Bautista, es padre de tres hijos, Jos\u00e9 David, Daniel y Mar\u00eda, que le han dado un nieto y dos que est\u00e1n en camino. Que se\u00e1is muy felices y que no dejemos de compartir tu buen humor y tu car\u00e1cter afable y picaresco.<\/p>\t\t\t\t\t\t<\/div>\n\t\t\t\t<\/div>\n\t\t\t\t\t<\/div>\n\t\t<\/div>\n\t\t\t\t\t<\/div>\n\t\t<\/section>\n\t\t\t\t<section class=\"elementor-section elementor-top-section elementor-element elementor-element-bce10a4 elementor-section-boxed elementor-section-height-default elementor-section-height-default\" data-id=\"bce10a4\" data-element_type=\"section\">\n\t\t\t\t\t\t<div class=\"elementor-container elementor-column-gap-default\">\n\t\t\t\t\t<div class=\"elementor-column elementor-col-50 elementor-top-column elementor-element elementor-element-db0a1ce\" data-id=\"db0a1ce\" data-element_type=\"column\">\n\t\t\t<div class=\"elementor-widget-wrap elementor-element-populated\">\n\t\t\t\t\t\t<div class=\"elementor-element elementor-element-2ffbd4e elementor-widget elementor-widget-text-editor\" data-id=\"2ffbd4e\" data-element_type=\"widget\" data-widget_type=\"text-editor.default\">\n\t\t\t\t<div class=\"elementor-widget-container\">\n\t\t\t\t\t\t\t<p>Quiz\u00e1s el ronde\u00f1o que m\u00e1s ha viajado por esos mundos de Dios, haya sido mi amigo de la ni\u00f1ez y amigo de siempre \u201cEl Cuqui\u201d. Desde Ronda a Jap\u00f3n, Rusia, India, China, Australia, \u00c1frica, donde hace amistad con el Pr\u00edncipe Mohamed Loani de Argelia, al que lleva a Jap\u00f3n, toda Europa, Estados Unidos, Canad\u00e1, M\u00e9jico y un buen n\u00famero de pa\u00edses sudamericanos. La vida le ha llevado por el Mundo hasta reciclar en Ronda, cansado de tanto periplo y tanta aventura, se ha refugiado en su ciudad natal por aquello \u201cdel descanso del guerrero\u201d. Felizmente casado con Angelita S\u00e1nchez Ramos, disfruta de sus paseos por Ronda seguido de japoneses y de sus c\u00e9lebres paradas con los amigos y paisanos.<\/p><p>\u201cEl Cuqui\u201d, naci\u00f3 en Ronda en la antigua calle Teniente Corr\u00f3, hoy calle Armi\u00f1an, n\u00famero 9, el d\u00eda 28 de Abril del a\u00f1o 1.946, del matrimonio formado por D. Antonio Gonz\u00e1lez y D.\u00aa Mercedes Mu\u00f1oz, matrimonio del que ya hab\u00edan nacido Crist\u00f3bal Cucufate y Mercedes.<\/p><p>Lo de \u201cCuqui\u201d viene justo de ah\u00ed, de San Cucufate. Este Santo m\u00e1rtir, de origen Cartagin\u00e9s que fue misionero en el siglo III despu\u00e9s de Cristo y evangeliz\u00f3 Barcelona, de ah\u00ed que su nombre, San Cugat, est\u00e9 tan introducido en la cultura religiosa de Catalu\u00f1a.<\/p><p>El tatarabuelo de nuestro biografiado, se dedicaba al transporte con bestias de yeso, su familia ten\u00eda una yeser\u00eda en la calle de la Ermita y ellos pagaron parte de la construcci\u00f3n de la Ermita de la Concepci\u00f3n, y un buen d\u00eda, se produjo un eclipse de sol total y el buen hombre se encontr\u00f3 a oscuras en pleno d\u00eda y, asustado, recurri\u00f3 a San Cucufate, que la tradici\u00f3n dec\u00eda que le hab\u00eda iluminado el camino a San Crist\u00f3bal cuando pas\u00f3 por el Jordan a la Sagrada Familia camino de Egipto. Su camino se ilumin\u00f3, porque pas\u00f3 el eclipse, y \u00e9l creyendo en el milagro, en promesa dijo que a su primer hijo le pondr\u00eda el nombre de Cucufate; diminutivo \u201cCuqui\u201d. De ah\u00ed que todos los primog\u00e9nitos de \u00e9sta familia llevaran el nombre de Cucufate. Antonio Gonz\u00e1lez, padre de mi amigo decidi\u00f3 ponerle Cucufate a su primog\u00e9nito por deseo de su esposa Mercedes, bisnieta del yesero de la promesa. De ah\u00ed que encontremos a nuestro Antonio con el apodo, nombre, de Cuqui.<\/p><p>Antonio Gonz\u00e1lez, el padre, regentaba una barber\u00eda en la calle Teniente Corr\u00f3, 9 de nuestra ciudad y ah\u00ed nacieron sus hijos. El peque\u00f1o de ellos, Antonio, como el padre, fue un ni\u00f1o inquieto y le encantaba andar con los artesanos de los alrededores: Manolo Hern\u00e1ndez (Carpintero, ebanista y buen tallista) y Antonio Aguilera (Herrero). Pegado a ellos e inquieto, toma buena nota de todo, aunque a \u00e9l lo que m\u00e1s le tiraba era la m\u00fasica. Con D. Aureliano del Real empieza a tomar clases m\u00fasica ya que quer\u00eda aprender a tocar el saxof\u00f3n, pero no iban los tiros por esos derroteros ventosos, los tiros iban por la guitarra. As\u00ed que se hace una de una lata de jam\u00f3n York y empieza por su cuenta a sacarle sonido a tan rudimentario instrumento.<\/p><p>La primera guitarra de verdad la compra por cien pesetas al Maestro Junio y, yo, le empiezo a ense\u00f1ar los primeros acordes con una vieja guitarra que yo ten\u00eda. Al poco cambia de guitarra y le compra una a un barrendero por trescientas pesetas. Todo esto sin dejar de ayudar a su padre en la barber\u00eda-peluquer\u00eda. Con \u00e9l empieza a los seis a\u00f1os y subido en un caj\u00f3n de madera afeitaba y pelaba a la par que su padre.<\/p><p>Nuestro muchacho se va haciendo mayor y a trav\u00e9s de Manolo Ben\u00edtez entra en los Coros y Danza con Pepa Guerra y posteriormente con Adela Ram\u00edrez en la Sesi\u00f3n Femenina. Con ellos va por primera vez a Francia, Nantes.<\/p><p>En el barrio de San Francisco el a\u00f1o 1.969 conoce a Diego el del Gastor, con el que mantendr\u00eda posteriormente una relaci\u00f3n muy interesante y del que aprender\u00eda, por su inquietud, algunas maneras t\u00edpicas de Diego. Marcha a Francia a la vendimia con Jos\u00e9 Garc\u00eda (El cojito) y Antonio Ca\u00f1estro (Makinley). Se marcha a Par\u00eds, 1.970, donde conoce a Picasso casualmente y a \u201cManita de Plata\u201d. En el Trabuco, Discoteca de Ronda, conoce a la due\u00f1a del Molino Rojo de Ly\u00f3n, que le servir\u00eda para sus contactos en Francia posteriormente.<\/p><p>Un buen d\u00eda conoce a un grupo de pintores japoneses cuando \u00e9l tocaba su guitarra en la barber\u00eda y estos lo invitaron a que se fuese a Jap\u00f3n, principalmente una chica que ven\u00eda con ellos, Tamami Togo. Aprovechando que los Coros de Ronda iban a Suiza en Junio de 1.971, \u00e9l salt\u00f3 a Par\u00eds y de all\u00ed a Tokio.<\/p><p>Ya est\u00e1 donde \u00e9l pretend\u00eda, con un esfuerzo imposible y una constancia a prueba de bombas, empieza a estudiar japon\u00e9s y, en la Escuela de Bellas Artes de Jap\u00f3n, pintura, bajo la mano del que ser\u00eda su mentor y padre adoptivo Seji Togo, padre la citada Tamami. Seji le introduce en los c\u00edrculos importantes de Tokio y Jap\u00f3n, llegando a conocer a la hoy Emperatriz Mishiko, esposa del Emperador Akihito.<\/p><p>Introducido por Seji Togo, conoce al Primer Ministro de Jap\u00f3n y a seis amigos de Togo con los que se queda como alumno de pintura. Pasa a formar parte del c\u00edrculo selecto de la Asociaci\u00f3n Nikakaii. El segundo a\u00f1o de estancia en Jap\u00f3n gana el \u201cPremio de Selecci\u00f3n Especial de Jap\u00f3n\u201d, Premio que le entrega la propia Princesa Mishiko, acompa\u00f1ada por su marido Akihito. La segunda vez que coincide con la futura Emperatriz es en el Palacio de los Emperadores, en una recepci\u00f3n que Akihito y Mishiko hicieron a la Asociaci\u00f3n Nikakaii, y la tercera vez en Brasil con motivo de cumplirse el cincuenta aniversario de la ida de los primeros japoneses a Brasil.<\/p>\t\t\t\t\t\t<\/div>\n\t\t\t\t<\/div>\n\t\t\t\t\t<\/div>\n\t\t<\/div>\n\t\t\t\t<div class=\"elementor-column elementor-col-50 elementor-top-column elementor-element elementor-element-412d0ea\" data-id=\"412d0ea\" data-element_type=\"column\">\n\t\t\t<div class=\"elementor-widget-wrap elementor-element-populated\">\n\t\t\t\t\t\t<div class=\"elementor-element elementor-element-0fa7757 elementor-widget elementor-widget-image\" data-id=\"0fa7757\" data-element_type=\"widget\" data-widget_type=\"image.default\">\n\t\t\t\t<div class=\"elementor-widget-container\">\n\t\t\t\t\t\t\t\t\t\t\t\t\t<img loading=\"lazy\" decoding=\"async\" width=\"400\" height=\"300\" src=\"http:\/\/www.josemariatornay.com\/wp-content\/uploads\/2020\/04\/cuqui2.jpg\" class=\"attachment-large size-large wp-image-20072\" alt=\"\" srcset=\"http:\/\/www.josemariatornay.com\/wp-content\/uploads\/2020\/04\/cuqui2.jpg 400w, http:\/\/www.josemariatornay.com\/wp-content\/uploads\/2020\/04\/cuqui2-300x225.jpg 300w\" sizes=\"(max-width: 400px) 100vw, 400px\" \/>\t\t\t\t\t\t\t\t\t\t\t\t\t<\/div>\n\t\t\t\t<\/div>\n\t\t\t\t<div class=\"elementor-element elementor-element-8a1f101 elementor-widget elementor-widget-text-editor\" data-id=\"8a1f101\" data-element_type=\"widget\" data-widget_type=\"text-editor.default\">\n\t\t\t\t<div class=\"elementor-widget-container\">\n\t\t\t\t\t\t\t<div class=\"elementor-element elementor-element-edit-mode elementor-element-b2a5ffc ui-sortable-handle elementor-widget elementor-widget-text-editor\" data-id=\"b2a5ffc\" data-element_type=\"text-editor.default\" data-model-cid=\"c137\"><div class=\"elementor-widget-container\"><div class=\"elementor-text-editor elementor-clearfix elementor-inline-editing\" data-elementor-setting-key=\"editor\" data-elementor-inline-editing-toolbar=\"advanced\"><p>A lomos del caballo de su arte<br \/>has llenado de arpegios medio mundo,<br \/>con \u00e1nimo flem\u00e1tico y rotundo,<br \/>llevando a Ronda siempre de estandarte.<\/p><p>Con luces de bohemia has alumbrado<br \/>un camino entre Oriente y Occidente<br \/>y con rigor de artista has demostrado<br \/>que no hay nada m\u00e1s grande que la gente.<\/p><p>Tu sue\u00f1o ha sido un lienzo, una quimera,<br \/>pintado con jirones de tu vida<br \/>que te bebes a tragos, sin medida,<\/p><p>de tu guitarra s\u00f3lo prisionera;<br \/>por notas y pinceles convertida<br \/>en pl\u00e1cida y eterna primavera.<\/p><\/div><\/div><\/div><div id=\"\" class=\"elementor-element elementor-element-edit-mode elementor-element-96afb45 ui-sortable-handle elementor-widget elementor-widget-image\" data-id=\"96afb45\" data-element_type=\"image.default\" data-model-cid=\"c140\"><div class=\"elementor-element-overlay\">\u00a0<\/div><div class=\"elementor-widget-container\">\u00a0<\/div><\/div>\t\t\t\t\t\t<\/div>\n\t\t\t\t<\/div>\n\t\t\t\t<div class=\"elementor-element elementor-element-65d1223 elementor-widget elementor-widget-image\" data-id=\"65d1223\" data-element_type=\"widget\" data-widget_type=\"image.default\">\n\t\t\t\t<div class=\"elementor-widget-container\">\n\t\t\t\t\t\t\t\t\t\t\t\t\t<img loading=\"lazy\" decoding=\"async\" width=\"400\" height=\"300\" src=\"http:\/\/www.josemariatornay.com\/wp-content\/uploads\/2020\/04\/cuqui2-1.jpg\" class=\"attachment-large size-large wp-image-20073\" alt=\"\" srcset=\"http:\/\/www.josemariatornay.com\/wp-content\/uploads\/2020\/04\/cuqui2-1.jpg 400w, http:\/\/www.josemariatornay.com\/wp-content\/uploads\/2020\/04\/cuqui2-1-300x225.jpg 300w\" sizes=\"(max-width: 400px) 100vw, 400px\" \/>\t\t\t\t\t\t\t\t\t\t\t\t\t<\/div>\n\t\t\t\t<\/div>\n\t\t\t\t<div class=\"elementor-element elementor-element-db32068 elementor-widget elementor-widget-image\" data-id=\"db32068\" data-element_type=\"widget\" data-widget_type=\"image.default\">\n\t\t\t\t<div class=\"elementor-widget-container\">\n\t\t\t\t\t\t\t\t\t\t\t\t\t<img loading=\"lazy\" decoding=\"async\" width=\"400\" height=\"300\" src=\"http:\/\/www.josemariatornay.com\/wp-content\/uploads\/2020\/04\/cuqui3.jpg\" class=\"attachment-large size-large wp-image-20075\" alt=\"\" srcset=\"http:\/\/www.josemariatornay.com\/wp-content\/uploads\/2020\/04\/cuqui3.jpg 400w, http:\/\/www.josemariatornay.com\/wp-content\/uploads\/2020\/04\/cuqui3-300x225.jpg 300w\" sizes=\"(max-width: 400px) 100vw, 400px\" \/>\t\t\t\t\t\t\t\t\t\t\t\t\t<\/div>\n\t\t\t\t<\/div>\n\t\t\t\t<div class=\"elementor-element elementor-element-fbe45aa elementor-widget elementor-widget-text-editor\" data-id=\"fbe45aa\" data-element_type=\"widget\" data-widget_type=\"text-editor.default\">\n\t\t\t\t<div class=\"elementor-widget-container\">\n\t\t\t\t\t\t\t<p>Seji lo acoge como hijo adoptivo (1.973) y al entregar sus cuadros al Museo de Arte Contempor\u00e1neo de Tokio, incluye algunos de su hijo adoptivo y amigo nuestro, \u201cCuqui\u201d. \u201cCuqui\u201d es el \u00fanico espa\u00f1ol que ha ganado el Premio de Selecci\u00f3n Japon\u00e9s y uno de los pocos que tienen cuadros expuestos en el citado Museo.<\/p><p>Rodeado de esa fama a los diez a\u00f1os regresa a Ronda donde se le tributan diversos homenajes, viniendo acompa\u00f1ado de Tamami Togo. La Pe\u00f1a \u201cEl Pa\u00f1uelo\u201d, bajo mi presidencia, le hizo entrega del \u201cEscudo de Oro\u201d de la misma. En el a\u00f1o 1.977, estando \u00e9l y Tamami en Ronda muere Seji Togo y regresan urgentemente a Jap\u00f3n para las exequias, y en Julio de ese mismo a\u00f1o muere su padre natural, Antonio, pero a estas exequias no le dio tiempo a llegar.<\/p><p>Definitivamente regresa a Ronda en el a\u00f1o 1.981. En el a\u00f1o 2.002 se casa con \u00c1ngeles S\u00e1nchez Ramos y, despu\u00e9s de un esfuerzo importante se examina de gu\u00eda de turismo aprovechando sus estudios de japon\u00e9s y el dominio de la lengua. Es el \u00fanico gu\u00eda de japon\u00e9s que hay en la Provincia de M\u00e1laga. Ha realizado varias exposiciones a lo largo y ancho de Espa\u00f1a, Jap\u00f3n y en el Sal\u00f3n de Oto\u00f1o de Par\u00eds. Tiene editados 7 disco de guitarra: dos en Jap\u00f3n, uno en Par\u00eds, uno en Viena uno en B\u00e9lgica y dos en Espa\u00f1a, uno de ellos dedicado a Vicente Espinel y sus poemas. Tiene un \u00e1rbol dedicado en el Monte de la Paz de Israel y ha mantenido una relaci\u00f3n importante con la Directora de la Primera Cadena Nacional Francesa de Televisi\u00f3n. Marie Christiane Marek Ha dado recitales de guitarra por casi toda Espa\u00f1a y en todos los pa\u00edses en los que ha estado, dejando el Pabell\u00f3n de Ronda y Espa\u00f1a muy alto.<\/p><p>En la actualidad, un poco apartado de todo, menos de sus japoneses, vive en Ronda felizmente acompa\u00f1ado de Angelita, rodeado de sus amigos, yo lo soy, y paisanos.<\/p>\t\t\t\t\t\t<\/div>\n\t\t\t\t<\/div>\n\t\t\t\t<div class=\"elementor-element elementor-element-8d0d5db elementor-widget elementor-widget-image\" data-id=\"8d0d5db\" data-element_type=\"widget\" data-widget_type=\"image.default\">\n\t\t\t\t<div class=\"elementor-widget-container\">\n\t\t\t\t\t\t\t\t\t\t\t\t\t<img decoding=\"async\" src=\"http:\/\/www.josemariatornay.com\/wp-content\/uploads\/elementor\/thumbs\/cuqui3-oooun1jzlcisgz6d426jkuqsz97v1xbvjfnssuhtz4.jpg\" title=\"cuqui3\" alt=\"cuqui3\" loading=\"lazy\" \/>\t\t\t\t\t\t\t\t\t\t\t\t\t<\/div>\n\t\t\t\t<\/div>\n\t\t\t\t\t<\/div>\n\t\t<\/div>\n\t\t\t\t\t<\/div>\n\t\t<\/section>\n\t\t\t\t<section class=\"elementor-section elementor-top-section elementor-element elementor-element-8e2819f elementor-section-boxed elementor-section-height-default elementor-section-height-default\" data-id=\"8e2819f\" data-element_type=\"section\">\n\t\t\t\t\t\t<div class=\"elementor-container elementor-column-gap-default\">\n\t\t\t\t\t<div class=\"elementor-column elementor-col-100 elementor-top-column elementor-element elementor-element-f1d692e\" data-id=\"f1d692e\" data-element_type=\"column\">\n\t\t\t<div class=\"elementor-widget-wrap elementor-element-populated\">\n\t\t\t\t\t\t<div class=\"elementor-element elementor-element-e9f05f2 elementor-widget-divider--view-line elementor-widget elementor-widget-divider\" data-id=\"e9f05f2\" data-element_type=\"widget\" data-widget_type=\"divider.default\">\n\t\t\t\t<div class=\"elementor-widget-container\">\n\t\t\t\t\t<div class=\"elementor-divider\">\n\t\t\t<span class=\"elementor-divider-separator\">\n\t\t\t\t\t\t<\/span>\n\t\t<\/div>\n\t\t\t\t<\/div>\n\t\t\t\t<\/div>\n\t\t\t\t\t<\/div>\n\t\t<\/div>\n\t\t\t\t\t<\/div>\n\t\t<\/section>\n\t\t\t\t<section class=\"elementor-section elementor-top-section elementor-element elementor-element-7486cf0 elementor-section-boxed elementor-section-height-default elementor-section-height-default\" data-id=\"7486cf0\" data-element_type=\"section\">\n\t\t\t\t\t\t<div class=\"elementor-container elementor-column-gap-default\">\n\t\t\t\t\t<div class=\"elementor-column elementor-col-50 elementor-top-column elementor-element elementor-element-cbf1d87\" data-id=\"cbf1d87\" data-element_type=\"column\">\n\t\t\t<div class=\"elementor-widget-wrap elementor-element-populated\">\n\t\t\t\t\t\t<div class=\"elementor-element elementor-element-cbcdeeb elementor-widget elementor-widget-text-editor\" data-id=\"cbcdeeb\" data-element_type=\"widget\" data-widget_type=\"text-editor.default\">\n\t\t\t\t<div class=\"elementor-widget-container\">\n\t\t\t\t\t\t\t<p>Este personaje nuestro, nace en Ronda el d\u00eda 1 de Noviembre de 1944, en un lugar sagrado, la torre minarete de la Iglesia de Santa Mar\u00eda de la Encarnaci\u00f3n la Mayor. Primog\u00e9nito de Vicente Becerra,\u201dEl Sacrist\u00e1n\u201d, y de su esposa Encarna Becerra, ambos oriundos de Arriate y que compart\u00edan su hogar en el lateral izquierdo de la torre, en la casita mud\u00e9jar que tiene adosada la antigua torre de la Mezquita, actual campanario. <br \/>Todos los hijos, siete en total, de este matrimonio singular han salido un mucho artistas y un bastante bohemios, pero el que se lleva la palma entre todos es Antonio, el primog\u00e9nito. En esos primeros genes se volc\u00f3 la naturaleza y Dios, que estaba muy cerca vigilando, para que saliese un personaje de las caracter\u00eds\u00adticas de nuestro amigo y compa\u00f1ero. <br \/>Ni\u00f1o inquieto, da sus primeros pasos en la ense\u00f1anza en las Escuelas Salesianas de Santa Teresa, donde ya empieza a destacar en las facetas que lo van a marcar a lo largo de su vida, el deporte, la m\u00fasica y el teatro. Empieza el bachillerato en el Colegio Salesiano del Castillo, estudios que deja para continuarlos en el Seminario Secular de M\u00e1laga. Pero est\u00e1 visto que a pesar de haber estado Dios tan cerca en su nacimiento, no era ese el camino y regresa a Ronda, donde empieza a desarrollar su actividad deportiva jugando como portero. Se retira muy pronto del f\u00fatbol, pues lo de portero, como su amigo, compa\u00f1ero de juegos y c\u00f3mplice juvenil, Paquirri, le lleva a da\u00f1arse una rodilla que, tras diversas operaciones, queda lesionada irreversiblemente, lo que le impedir\u00e1 desarrollarse como deportista, el objetivo que persegu\u00eda. <br \/>Su gran amor al teatro y la m\u00fasica lo llevan con otros amigos a crear un Grupo que a la larga se convertir\u00e1 en el TES de Ronda (Teatro Espa\u00f1ol Salesiano). En este grupo lleva la friolera de cuarenta a\u00f1os ininterrumpidamente desarrollando sus grandes dotes de actor, habiendo interpretado a toda clase de dramaturgos, personajes y obras, entre ellas: \u201cEl Chico de la Tienda\u201d (Arniches); \u201cLa Barca sin pescador\u201d, \u201cSiete gritos en el Mar\u201d y \u201cLos \u00e1rboles mueren de pie\u201d (Casona); \u201cLas Manos de Erur\u00eddice\u201d (Pedro Bloch); \u201cLos Emigrados\u201d (Mrozek); \u201cEscuadra hacia la muerte\u201d, \u201cLa Mordaza\u201d y \u201cLa Sangre de Dios\u201d (Alfonso Sastre); \u201cEl Gran teatro del Mundo\u201d y \u201cLa vida es sue\u00f1o\u201d (Calder\u00f3n de la Barca); etc&#8230;, etc. Ha dirigido varias obras de teatro, adem\u00e1s de las de producci\u00f3n propia. <br \/>Inquieto musical ha montado varias obras de su propia cosecha, como Antlog\u00edas de la Zarzuela, Cuentos Navide\u00f1os y obras escritas y dirigidas por \u00e9l mismo como \u201cUna taberna en otro lugar\u201d, \u201cCuatro pitos y un tambor\u201d y \u201cLa Fuente\u201d. <br \/>Con el grupo de teatro del TES ha recorrido toda la Serran\u00eda de Ronda, muchas ciudades y pueblos de las provincias de M\u00e1laga, C\u00e1diz, C\u00f3rdoba y Ja\u00e9n y las capitales de M\u00e1laga, Ja\u00e9n y Madrid. <br \/>Deportista inquieto ha sido jugador de tenis, deporte al que le da un impulso importante en colaboraci\u00f3n con el TES y con su grupo de cursillistas de cristiandad. Con el TES fue campe\u00f3n del primer campeonato que se realiz\u00f3 en Ronda en el a\u00f1o 1974, en el Club de la Torrecilla.<br \/>Mel\u00f3mano natural, ha realizado montajes musicales y po\u00e9ticos con su hermana Pilar, con el grupo TES y colaborado con diversos grupos de Ronda en tal cometido.<br \/>De haber nacido en otro lugar hubiese llegado a ser un personaje de fama mundial, pero no ha querido salir de su tierra natal, por sus responsabilidades familiares, ya que se cas\u00f3 muy joven.<br \/>Hombre de una vitalidad envidiable, de un car\u00e1cter absolutamente extrovertido que le ha creado alg\u00fan problemilla y que ha hecho que algunas personas no lo acepten como es. <br \/>\u00c9ste es mi amigo Antonio Becerra, casado en primer matrimonio con Mar\u00eda Jos\u00e9 Cabrera con la que tuvo cinco hijos: Vicente, Mar\u00eda Jos\u00e9, Antonio, Mar\u00ed Paz y Roc\u00edo. Divorciad de su primera mujer, se casa con Mar\u00eda Isabel Mart\u00ednez con la que tiene dos hijos: Ana y Fernando. Felizmente casado con esta segunda mujer sigue con la necesidad de inventar cosas para el teatro, la m\u00fasica, contando siempre con el buen n\u00famero de amigos incondicionales que tiene.<br \/>Yo me honro de ser amigo de \u00e9l, aunque, por mi quebradiza salud, no lo haya acompa\u00f1ado como a \u00e9l le hubiera gustado, pero a \u00e9l me siento unido como la maza de pan a la levadura. De \u00e9l he aprendido montones de cosas, sobre todo las que tienen que ver con la sensibilidad, de la que \u00e9l tiene en abundancia.<\/p>\t\t\t\t\t\t<\/div>\n\t\t\t\t<\/div>\n\t\t\t\t\t<\/div>\n\t\t<\/div>\n\t\t\t\t<div class=\"elementor-column elementor-col-50 elementor-top-column elementor-element elementor-element-3dd6261\" data-id=\"3dd6261\" data-element_type=\"column\">\n\t\t\t<div class=\"elementor-widget-wrap elementor-element-populated\">\n\t\t\t\t\t\t<div class=\"elementor-element elementor-element-cd53b77 elementor-widget elementor-widget-heading\" data-id=\"cd53b77\" data-element_type=\"widget\" data-widget_type=\"heading.default\">\n\t\t\t\t<div class=\"elementor-widget-container\">\n\t\t\t<h2 class=\"elementor-heading-title elementor-size-default\">ANTONIO BECERRA<\/h2>\t\t<\/div>\n\t\t\t\t<\/div>\n\t\t\t\t<div class=\"elementor-element elementor-element-0ad1ea8 elementor-widget elementor-widget-image\" data-id=\"0ad1ea8\" data-element_type=\"widget\" data-widget_type=\"image.default\">\n\t\t\t\t<div class=\"elementor-widget-container\">\n\t\t\t\t\t\t\t\t\t\t\t\t\t<img loading=\"lazy\" decoding=\"async\" width=\"1024\" height=\"620\" src=\"http:\/\/www.josemariatornay.com\/wp-content\/uploads\/2020\/04\/antoniobecerra-1024x620.jpg\" class=\"attachment-large size-large wp-image-20402\" alt=\"\" srcset=\"http:\/\/www.josemariatornay.com\/wp-content\/uploads\/2020\/04\/antoniobecerra-1024x620.jpg 1024w, http:\/\/www.josemariatornay.com\/wp-content\/uploads\/2020\/04\/antoniobecerra-300x182.jpg 300w, http:\/\/www.josemariatornay.com\/wp-content\/uploads\/2020\/04\/antoniobecerra-768x465.jpg 768w, http:\/\/www.josemariatornay.com\/wp-content\/uploads\/2020\/04\/antoniobecerra.jpg 1400w\" sizes=\"(max-width: 1024px) 100vw, 1024px\" \/>\t\t\t\t\t\t\t\t\t\t\t\t\t<\/div>\n\t\t\t\t<\/div>\n\t\t\t\t<div class=\"elementor-element elementor-element-70ebd21 elementor-widget elementor-widget-text-editor\" data-id=\"70ebd21\" data-element_type=\"widget\" data-widget_type=\"text-editor.default\">\n\t\t\t\t<div class=\"elementor-widget-container\">\n\t\t\t\t\t\t\t<p>\u00bfQu\u00e9 extra\u00f1o mineral cubre tu cara,<br \/>Antonio, bendici\u00f3n de tus hermanos?<br \/>\u00bfQu\u00e9 noble coraz\u00f3n mueve tus manos?<br \/>\u00bfQu\u00e9 arlequ\u00edn sue\u00f1a en ti tu mente clara?<br \/><br \/>Cansado de nadar siempre en la orilla,<br \/>t\u00fa que lo hubieras hecho en alta mar,<br \/>si los dioses del sino o el azar<br \/>te hubieran apuntado en su cuadrilla.<br \/><br \/>En cada llaga pone un escenario<br \/>tu loca y portentosa fantas\u00eda.<br \/>\u00a1Gloria a ti, terrorista necesario<br \/><br \/>que traficas con arte y emociones,<br \/>que disparas con balas de alegr\u00eda<br \/>y pones bombas en los corazones!<\/p>\t\t\t\t\t\t<\/div>\n\t\t\t\t<\/div>\n\t\t\t\t<div class=\"elementor-element elementor-element-ab49d07 elementor-widget elementor-widget-image\" data-id=\"ab49d07\" data-element_type=\"widget\" data-widget_type=\"image.default\">\n\t\t\t\t<div class=\"elementor-widget-container\">\n\t\t\t\t\t\t\t\t\t\t\t\t\t<img loading=\"lazy\" decoding=\"async\" width=\"1024\" height=\"576\" src=\"http:\/\/www.josemariatornay.com\/wp-content\/uploads\/2020\/04\/Los-emigrados-1024x576.jpg\" class=\"attachment-large size-large wp-image-20403\" alt=\"\" srcset=\"http:\/\/www.josemariatornay.com\/wp-content\/uploads\/2020\/04\/Los-emigrados-1024x576.jpg 1024w, http:\/\/www.josemariatornay.com\/wp-content\/uploads\/2020\/04\/Los-emigrados-300x169.jpg 300w, http:\/\/www.josemariatornay.com\/wp-content\/uploads\/2020\/04\/Los-emigrados-768x432.jpg 768w, http:\/\/www.josemariatornay.com\/wp-content\/uploads\/2020\/04\/Los-emigrados.jpg 1280w\" sizes=\"(max-width: 1024px) 100vw, 1024px\" \/>\t\t\t\t\t\t\t\t\t\t\t\t\t<\/div>\n\t\t\t\t<\/div>\n\t\t\t\t<div class=\"elementor-element elementor-element-9d93a0a elementor-widget elementor-widget-image\" data-id=\"9d93a0a\" data-element_type=\"widget\" data-widget_type=\"image.default\">\n\t\t\t\t<div class=\"elementor-widget-container\">\n\t\t\t\t\t\t\t\t\t\t\t\t\t<img decoding=\"async\" src=\"http:\/\/www.josemariatornay.com\/wp-content\/uploads\/elementor\/thumbs\/tes-opnehs4dhl8r6cri18lg1q6qag1xlmeptnm1smklj4.png\" title=\"tes\" alt=\"tes\" loading=\"lazy\" \/>\t\t\t\t\t\t\t\t\t\t\t\t\t<\/div>\n\t\t\t\t<\/div>\n\t\t\t\t<div class=\"elementor-element elementor-element-2eb839c elementor-widget elementor-widget-image\" data-id=\"2eb839c\" data-element_type=\"widget\" data-widget_type=\"image.default\">\n\t\t\t\t<div class=\"elementor-widget-container\">\n\t\t\t\t\t\t\t\t\t\t\t\t\t<img loading=\"lazy\" decoding=\"async\" width=\"267\" height=\"189\" src=\"http:\/\/www.josemariatornay.com\/wp-content\/uploads\/2020\/04\/tes2.jpg\" class=\"attachment-large size-large wp-image-20406\" alt=\"\" \/>\t\t\t\t\t\t\t\t\t\t\t\t\t<\/div>\n\t\t\t\t<\/div>\n\t\t\t\t\t<\/div>\n\t\t<\/div>\n\t\t\t\t\t<\/div>\n\t\t<\/section>\n\t\t\t\t<section class=\"elementor-section elementor-top-section elementor-element elementor-element-a59b5d0 elementor-section-boxed elementor-section-height-default elementor-section-height-default\" data-id=\"a59b5d0\" data-element_type=\"section\">\n\t\t\t\t\t\t<div class=\"elementor-container elementor-column-gap-default\">\n\t\t\t\t\t<div class=\"elementor-column elementor-col-100 elementor-top-column elementor-element elementor-element-dd0b893\" data-id=\"dd0b893\" data-element_type=\"column\">\n\t\t\t<div class=\"elementor-widget-wrap elementor-element-populated\">\n\t\t\t\t\t\t<div class=\"elementor-element elementor-element-38ca848 elementor-widget-divider--view-line elementor-widget elementor-widget-divider\" data-id=\"38ca848\" data-element_type=\"widget\" data-widget_type=\"divider.default\">\n\t\t\t\t<div class=\"elementor-widget-container\">\n\t\t\t\t\t<div class=\"elementor-divider\">\n\t\t\t<span class=\"elementor-divider-separator\">\n\t\t\t\t\t\t<\/span>\n\t\t<\/div>\n\t\t\t\t<\/div>\n\t\t\t\t<\/div>\n\t\t\t\t\t<\/div>\n\t\t<\/div>\n\t\t\t\t\t<\/div>\n\t\t<\/section>\n\t\t\t\t<section class=\"elementor-section elementor-top-section elementor-element elementor-element-d97208c elementor-section-boxed elementor-section-height-default elementor-section-height-default\" data-id=\"d97208c\" data-element_type=\"section\">\n\t\t\t\t\t\t<div class=\"elementor-container elementor-column-gap-default\">\n\t\t\t\t\t<div class=\"elementor-column elementor-col-50 elementor-top-column elementor-element elementor-element-d652651\" data-id=\"d652651\" data-element_type=\"column\">\n\t\t\t<div class=\"elementor-widget-wrap elementor-element-populated\">\n\t\t\t\t\t\t<div class=\"elementor-element elementor-element-95d6441 elementor-widget elementor-widget-heading\" data-id=\"95d6441\" data-element_type=\"widget\" data-widget_type=\"heading.default\">\n\t\t\t\t<div class=\"elementor-widget-container\">\n\t\t\t<h2 class=\"elementor-heading-title elementor-size-default\">MANUEL OLIVENCIA<\/h2>\t\t<\/div>\n\t\t\t\t<\/div>\n\t\t\t\t<div class=\"elementor-element elementor-element-d6b172c elementor-widget elementor-widget-image\" data-id=\"d6b172c\" data-element_type=\"widget\" data-widget_type=\"image.default\">\n\t\t\t\t<div class=\"elementor-widget-container\">\n\t\t\t\t\t\t\t\t\t\t\t\t\t<img loading=\"lazy\" decoding=\"async\" width=\"644\" height=\"362\" src=\"http:\/\/www.josemariatornay.com\/wp-content\/uploads\/2020\/04\/manuel_olivencia_ruiz.jpg\" class=\"attachment-large size-large wp-image-20410\" alt=\"\" srcset=\"http:\/\/www.josemariatornay.com\/wp-content\/uploads\/2020\/04\/manuel_olivencia_ruiz.jpg 644w, http:\/\/www.josemariatornay.com\/wp-content\/uploads\/2020\/04\/manuel_olivencia_ruiz-300x169.jpg 300w\" sizes=\"(max-width: 644px) 100vw, 644px\" \/>\t\t\t\t\t\t\t\t\t\t\t\t\t<\/div>\n\t\t\t\t<\/div>\n\t\t\t\t<div class=\"elementor-element elementor-element-e19db78 elementor-widget elementor-widget-text-editor\" data-id=\"e19db78\" data-element_type=\"widget\" data-widget_type=\"text-editor.default\">\n\t\t\t\t<div class=\"elementor-widget-container\">\n\t\t\t\t\t\t\t<p>Este Espinel del Derecho,<br \/>con indomable certeza<br \/>lleva a Ronda en la cabeza<br \/>de igual forma que en su pecho.<br \/>Disfruta con buen provecho<br \/>los veranos, en Dom. P\u00edo,<br \/>en la ribera de un r\u00edo,<br \/>los inviernos, en Sevilla<br \/>disfrutando de la orilla<br \/>del Guadalquivir \u201cflor\u00edo\u201d.<\/p>\t\t\t\t\t\t<\/div>\n\t\t\t\t<\/div>\n\t\t\t\t<div class=\"elementor-element elementor-element-df50a67 elementor-widget elementor-widget-image\" data-id=\"df50a67\" data-element_type=\"widget\" data-widget_type=\"image.default\">\n\t\t\t\t<div class=\"elementor-widget-container\">\n\t\t\t\t\t\t\t\t\t\t\t\t\t<img loading=\"lazy\" decoding=\"async\" width=\"675\" height=\"400\" src=\"http:\/\/www.josemariatornay.com\/wp-content\/uploads\/2020\/04\/olivencia2.jpg\" class=\"attachment-large size-large wp-image-20412\" alt=\"\" srcset=\"http:\/\/www.josemariatornay.com\/wp-content\/uploads\/2020\/04\/olivencia2.jpg 675w, http:\/\/www.josemariatornay.com\/wp-content\/uploads\/2020\/04\/olivencia2-300x178.jpg 300w\" sizes=\"(max-width: 675px) 100vw, 675px\" \/>\t\t\t\t\t\t\t\t\t\t\t\t\t<\/div>\n\t\t\t\t<\/div>\n\t\t\t\t<div class=\"elementor-element elementor-element-b43ef39 elementor-widget elementor-widget-image\" data-id=\"b43ef39\" data-element_type=\"widget\" data-widget_type=\"image.default\">\n\t\t\t\t<div class=\"elementor-widget-container\">\n\t\t\t\t\t\t\t\t\t\t\t\t\t<img decoding=\"async\" src=\"http:\/\/www.josemariatornay.com\/wp-content\/uploads\/elementor\/thumbs\/olivencia3-opned6os2qygjyn362ouf0olus8lcnrbayfxxtcdfk.jpg\" title=\"olivencia3\" alt=\"olivencia3\" loading=\"lazy\" \/>\t\t\t\t\t\t\t\t\t\t\t\t\t<\/div>\n\t\t\t\t<\/div>\n\t\t\t\t\t<\/div>\n\t\t<\/div>\n\t\t\t\t<div class=\"elementor-column elementor-col-50 elementor-top-column elementor-element elementor-element-6fdfdee\" data-id=\"6fdfdee\" data-element_type=\"column\">\n\t\t\t<div class=\"elementor-widget-wrap elementor-element-populated\">\n\t\t\t\t\t\t<div class=\"elementor-element elementor-element-4ddbc5b elementor-widget elementor-widget-text-editor\" data-id=\"4ddbc5b\" data-element_type=\"widget\" data-widget_type=\"text-editor.default\">\n\t\t\t\t<div class=\"elementor-widget-container\">\n\t\t\t\t\t\t\t<p>D. Manuel Olivencia Ruiz, nace en Ronda en el a\u00f1o 1929, en una finca propiedad de la familia de su madre, D.\u00aa Carmen Ruiz. La citada finca es conocida popularmente como Dom. P\u00edo (Dominus P\u00edo) y se encuentra en la zona que en Ronda se conoce como el \u201cLlano de la Cruz\u201d. Una zona de huertas muy rica en agua y por lo tanto muy rica en vegetaci\u00f3n. Ha sido en esta zona donde se ha dado tradicionalmente el c\u00e9lebre \u201cPero de Ronda\u201d. <br \/>Es una lugar que actualmente se ha desarrollado urban\u00edsticamente y por \u00e9l pululan muchas casitas de ronde\u00f1os que lo han buscado para expansi\u00f3n y segunda vivienda. <br \/>Licenciado en Derecho en 1951 por la Universidad de Sevilla, en 1953 se doctor\u00f3 en la Universidad de Bolonia. Gan\u00f3 la plaza de profesor adjunto de Derecho Mercantil en la facultad de Derecho de la Universidad de Madrid en 1956 y en 1960 obtuvo la c\u00e1tedra de esta disciplina en la Universidad de Sevilla, donde fue decano de la Facultad entre 1968 y 1971. <br \/>En 1971 fue nombrado decano de la primera facultad de Ciencias Econ\u00f3micas y Empresariales creada en Sevilla, cargo en el que permaneci\u00f3 hasta 1975. Abandon\u00f3 moment\u00e1neamente su c\u00e1tedra para ser subsecretario de Educaci\u00f3n y Ciencia durante el primer gobierno de la transici\u00f3n democr\u00e1tica (1975-76). Entre 1982 y 1991 fue miembro del Consejo de Gobernaci\u00f3n del Banco de Espa\u00f1a y en 1992 fue nombrado Comisario General de la Exposici\u00f3n Universal de Sevilla. <br \/>Es miembro de las Reales Academias de las Buenas Letras, de Medicina y de Jurisprudencia y Legislaci\u00f3n de Sevilla. Ha recibido las \u00f3rdenes de Alfonso X el Sabio, de San Raimundo de Pe\u00f1afort, de Sant Jordi y del M\u00e9rito Militar. <br \/>Ha escritos obras important\u00edsimas en el \u00e1mbito del Derecho. Sirvan de ejemplo: \u201cLa compensaci\u00f3n en la quiebra\u201d y \u201cEl Art. 926 del C\u00f3digo de Comercio\u201d (1958), \u201cPublicidad registral de suspensiones y quiebras\u201d (1963) y \u201cEl Derecho Concursal: modernas orientaciones y perspectivas de reforma\u201d (1979). <br \/>Ha colaborado con el TES de Ronda en el Homenaje que este Grupo le hizo, en el a\u00f1o 2000, al ilustre ronde\u00f1o Vicente Espinel. \u00c9l fue el Vicepresidente de la Comisi\u00f3n Organizadora que presid\u00eda S.A.R. el Pr\u00edncipe D. Felipe. <br \/>Mantiene una relaci\u00f3n muy cordial conmigo, cosa que no es de extra\u00f1ar, pues la mantiene con todo ronde\u00f1o que se le acerque a saludarlo. Hombre sencillo y de gran humanidad siempre est\u00e1 dispuesto al servicio de la gente de su tierra. <br \/>Es normal verlo en Ronda durante el verano, huyendo de los calores sevillanos, donde posee una casita en la calle Tenorio, adem\u00e1s de la finca que sigue siendo propiedad de la familia. Le encanta desayunar en las terrazas de la calle de la Bola, principalmente en el caf\u00e9-churrer\u00eda de Alba.<\/p>\t\t\t\t\t\t<\/div>\n\t\t\t\t<\/div>\n\t\t\t\t\t<\/div>\n\t\t<\/div>\n\t\t\t\t\t<\/div>\n\t\t<\/section>\n\t\t\t\t<section class=\"elementor-section elementor-top-section elementor-element elementor-element-da1f46a elementor-section-boxed elementor-section-height-default elementor-section-height-default\" data-id=\"da1f46a\" data-element_type=\"section\">\n\t\t\t\t\t\t<div class=\"elementor-container elementor-column-gap-default\">\n\t\t\t\t\t<div class=\"elementor-column elementor-col-100 elementor-top-column elementor-element elementor-element-71bfed4\" data-id=\"71bfed4\" data-element_type=\"column\">\n\t\t\t<div class=\"elementor-widget-wrap elementor-element-populated\">\n\t\t\t\t\t\t<div class=\"elementor-element elementor-element-52e6d1f elementor-widget-divider--view-line elementor-widget elementor-widget-divider\" data-id=\"52e6d1f\" data-element_type=\"widget\" data-widget_type=\"divider.default\">\n\t\t\t\t<div class=\"elementor-widget-container\">\n\t\t\t\t\t<div class=\"elementor-divider\">\n\t\t\t<span class=\"elementor-divider-separator\">\n\t\t\t\t\t\t<\/span>\n\t\t<\/div>\n\t\t\t\t<\/div>\n\t\t\t\t<\/div>\n\t\t\t\t\t<\/div>\n\t\t<\/div>\n\t\t\t\t\t<\/div>\n\t\t<\/section>\n\t\t\t\t<section class=\"elementor-section elementor-top-section elementor-element elementor-element-cd0f08a elementor-section-boxed elementor-section-height-default elementor-section-height-default\" data-id=\"cd0f08a\" data-element_type=\"section\">\n\t\t\t\t\t\t<div class=\"elementor-container elementor-column-gap-default\">\n\t\t\t\t\t<div class=\"elementor-column elementor-col-50 elementor-top-column elementor-element elementor-element-ec99876\" data-id=\"ec99876\" data-element_type=\"column\">\n\t\t\t<div class=\"elementor-widget-wrap elementor-element-populated\">\n\t\t\t\t\t\t<div class=\"elementor-element elementor-element-00aa92f elementor-widget elementor-widget-heading\" data-id=\"00aa92f\" data-element_type=\"widget\" data-widget_type=\"heading.default\">\n\t\t\t\t<div class=\"elementor-widget-container\">\n\t\t\t<h2 class=\"elementor-heading-title elementor-size-default\">MAR\u00cdA VILLAL\u00d3N<\/h2>\t\t<\/div>\n\t\t\t\t<\/div>\n\t\t\t\t<div class=\"elementor-element elementor-element-82e37f6 elementor-widget elementor-widget-text-editor\" data-id=\"82e37f6\" data-element_type=\"widget\" data-widget_type=\"text-editor.default\">\n\t\t\t\t<div class=\"elementor-widget-container\">\n\t\t\t\t\t\t\t<p>Mar\u00eda Villal\u00f3n nace en Ronda, el d\u00eda 1 de abril de 1989. Es, sin duda, la ronde\u00f1a que m\u00e1s lejos ha llegado en el terreno de la canci\u00f3n pop, pues es una artista ya reconocida a nivel nacional y sus discos est\u00e1n expuestos en todas las tiendas de Espa\u00f1a y con sus actuaciones recorre todos los pueblos y ciudades de nuestro pa\u00eds. <br \/>Su relaci\u00f3n con la m\u00fasica es larga pese a su corta edad. Ya a los tres a\u00f1os, su abuela la empieza a introducir en el mundo de las notas y los arpegios, al ense\u00f1arle las canciones y coplas de su \u00e9poca. A partir de ah\u00ed no ha dejado de cantar. A los doce o trece a\u00f1os empieza a hacerlo en las ferias de los pueblos cercanos y en las fiestas de colegios y galas ben\u00e9ficas. <br \/>A los catorce a\u00f1os graba una maqueta, cuyo coste ha de amortizar vendiendo personalmente los discos por bares, casas y en la misma calle. Ella misma dice que fue una experiencia muy enriquecedora para su crecimiento personal pues tuvo que lidiar con todo tipo de situaciones embarazosas y con la indiferencia y la falta de educaci\u00f3n de mucha gente. <br \/>A los diecis\u00e9is a\u00f1os empieza a presentarse a todos los concursos de copla de los que tiene noticia, pese a no ser un g\u00e9nero que ella hubiera cultivado nunca. Son experiencias que la van enriqueciendo y van modelando el enorme tesoro que posee en su garganta y en su sensibilidad. A la vez, prosigue sus estudios de violoncello, instrumento que suele tocar en algunas de las canciones de sus discos. <br \/>Con dieciocho a\u00f1os le llega la gran oportunidad en el concurso del canal de tv \u201cCuatro\u201d llamado \u201cFactor X\u201d. All\u00ed puede demostrar toda su val\u00eda y es capaz de ir franqueando las distintas fases del programa hasta plantarse en la final. En ella y arropada por dos autobuses de ronde\u00f1os que acuden a Madrid para animarla, consigue hacerse con el triunfo final, que le da derecho a grabar una serie de discos y a convertirse en una cantante conocida en todo el territorio espa\u00f1ol. <br \/>Su primer disco de verdad, como a ella le gusta decir, aunque antes hubo varios, pero de menor trascendencia medi\u00e1tica, se titula \u201cTe espero aqu\u00ed\u201d y supone su lanzamiento general bajo la firma Sony. El coautor de esta obra, Jos\u00e9 Mar\u00eda Tornay, tuvo el honor de colaborar con ella en ese disco, aportando la canci\u00f3n que dio nombre al \u00e1lbum. <br \/>Su victoria en aquel concurso y el disco antes citado la catapultan al estrellato y la convierten en una de las cantantes de moda del momento. A partir de entonces no ha dejado de estar ligada a este complicado mundo de la m\u00fasica profesional, pese a lo cual no ha abandonado sus estudios universitarios. En septiembre de 2009 sale a la luz su nuevo disco, titulado \u201cLos tejados &#8211; 226 <br \/>donde fuimos m\u00e1s que amigos\u201d, cuyo primer single \u201cLa lluvia\u201d, en los momentos del cierre de este libro, est\u00e1 sonando sin cesar por todos los rincones de nuestra geograf\u00eda.<br \/>Es el premio al esfuerzo y el deseo inconmovible de convertirse en artista reconocida, de esta ronde\u00f1a ejemplar, que une a su enorme voluntad y vocaci\u00f3n, una inmensa capacidad en su voz y una extraordinaria aptitud para transmitir sentimientos y para emocionar a quienes tenemos la suerte de escuchar su m\u00fasica.<\/p>\t\t\t\t\t\t<\/div>\n\t\t\t\t<\/div>\n\t\t\t\t\t<\/div>\n\t\t<\/div>\n\t\t\t\t<div class=\"elementor-column elementor-col-50 elementor-top-column elementor-element elementor-element-70fbfbd\" data-id=\"70fbfbd\" data-element_type=\"column\">\n\t\t\t<div class=\"elementor-widget-wrap elementor-element-populated\">\n\t\t\t\t\t\t<div class=\"elementor-element elementor-element-c13930f elementor-widget elementor-widget-image\" data-id=\"c13930f\" data-element_type=\"widget\" data-widget_type=\"image.default\">\n\t\t\t\t<div class=\"elementor-widget-container\">\n\t\t\t\t\t\t\t\t\t\t\t\t\t<img loading=\"lazy\" decoding=\"async\" width=\"992\" height=\"558\" src=\"http:\/\/www.josemariatornay.com\/wp-content\/uploads\/2020\/04\/mariavillalon1.jpg\" class=\"attachment-large size-large wp-image-20416\" alt=\"\" srcset=\"http:\/\/www.josemariatornay.com\/wp-content\/uploads\/2020\/04\/mariavillalon1.jpg 992w, http:\/\/www.josemariatornay.com\/wp-content\/uploads\/2020\/04\/mariavillalon1-300x169.jpg 300w, http:\/\/www.josemariatornay.com\/wp-content\/uploads\/2020\/04\/mariavillalon1-768x432.jpg 768w\" sizes=\"(max-width: 992px) 100vw, 992px\" \/>\t\t\t\t\t\t\t\t\t\t\t\t\t<\/div>\n\t\t\t\t<\/div>\n\t\t\t\t<div class=\"elementor-element elementor-element-8c37a08 elementor-widget elementor-widget-text-editor\" data-id=\"8c37a08\" data-element_type=\"widget\" data-widget_type=\"text-editor.default\">\n\t\t\t\t<div class=\"elementor-widget-container\">\n\t\t\t\t\t\t\t<p>Una estrella que alumbra el escenario,<br \/>unas manos vibrando tras un chelo,<br \/>una voz que acaricia, y un consuelo,<br \/>un sol que no precisa comentarios.<br \/><br \/>Una \u201cag\u00fcita de abril\u201d que empapa entero<br \/>a cualquier coraz\u00f3n enamorado,<br \/>una nana que mece, un dulce fado,<br \/>una pasi\u00f3n que grita \u201caqu\u00ed te espero\u201d.<br \/><br \/>Un pincel en la boca, una acuarela,<br \/>una explosi\u00f3n de luz y de armon\u00eda<br \/>prendida a sus ra\u00edces y a su abuela.<br \/><br \/>Una c\u00e1lida y suave melod\u00eda,<br \/>una emoci\u00f3n traviesa que se cuela.<br \/>Todo eso y mucho m\u00e1s: as\u00ed es Mar\u00eda.<\/p>\t\t\t\t\t\t<\/div>\n\t\t\t\t<\/div>\n\t\t\t\t<div class=\"elementor-element elementor-element-a56f681 elementor-widget elementor-widget-image\" data-id=\"a56f681\" data-element_type=\"widget\" data-widget_type=\"image.default\">\n\t\t\t\t<div class=\"elementor-widget-container\">\n\t\t\t\t\t\t\t\t\t\t\t\t\t<img loading=\"lazy\" decoding=\"async\" width=\"512\" height=\"384\" src=\"http:\/\/www.josemariatornay.com\/wp-content\/uploads\/2020\/04\/mariavillalon2.jpg\" class=\"attachment-large size-large wp-image-20417\" alt=\"\" srcset=\"http:\/\/www.josemariatornay.com\/wp-content\/uploads\/2020\/04\/mariavillalon2.jpg 512w, http:\/\/www.josemariatornay.com\/wp-content\/uploads\/2020\/04\/mariavillalon2-300x225.jpg 300w\" sizes=\"(max-width: 512px) 100vw, 512px\" \/>\t\t\t\t\t\t\t\t\t\t\t\t\t<\/div>\n\t\t\t\t<\/div>\n\t\t\t\t<div class=\"elementor-element elementor-element-e918c26 elementor-widget elementor-widget-image\" data-id=\"e918c26\" data-element_type=\"widget\" data-widget_type=\"image.default\">\n\t\t\t\t<div class=\"elementor-widget-container\">\n\t\t\t\t\t\t\t\t\t\t\t\t\t<img loading=\"lazy\" decoding=\"async\" width=\"624\" height=\"385\" src=\"http:\/\/www.josemariatornay.com\/wp-content\/uploads\/2020\/04\/mariavillaon3.jpg\" class=\"attachment-large size-large wp-image-20418\" alt=\"\" srcset=\"http:\/\/www.josemariatornay.com\/wp-content\/uploads\/2020\/04\/mariavillaon3.jpg 624w, http:\/\/www.josemariatornay.com\/wp-content\/uploads\/2020\/04\/mariavillaon3-300x185.jpg 300w\" sizes=\"(max-width: 624px) 100vw, 624px\" \/>\t\t\t\t\t\t\t\t\t\t\t\t\t<\/div>\n\t\t\t\t<\/div>\n\t\t\t\t\t<\/div>\n\t\t<\/div>\n\t\t\t\t\t<\/div>\n\t\t<\/section>\n\t\t\t\t<section class=\"elementor-section elementor-top-section elementor-element elementor-element-ee6a711 elementor-section-boxed elementor-section-height-default elementor-section-height-default\" data-id=\"ee6a711\" data-element_type=\"section\">\n\t\t\t\t\t\t<div class=\"elementor-container elementor-column-gap-default\">\n\t\t\t\t\t<div class=\"elementor-column elementor-col-100 elementor-top-column elementor-element elementor-element-ccb49b0\" data-id=\"ccb49b0\" data-element_type=\"column\">\n\t\t\t<div class=\"elementor-widget-wrap elementor-element-populated\">\n\t\t\t\t\t\t<div class=\"elementor-element elementor-element-5fc5bef elementor-widget-divider--view-line elementor-widget elementor-widget-divider\" data-id=\"5fc5bef\" data-element_type=\"widget\" data-widget_type=\"divider.default\">\n\t\t\t\t<div class=\"elementor-widget-container\">\n\t\t\t\t\t<div class=\"elementor-divider\">\n\t\t\t<span class=\"elementor-divider-separator\">\n\t\t\t\t\t\t<\/span>\n\t\t<\/div>\n\t\t\t\t<\/div>\n\t\t\t\t<\/div>\n\t\t\t\t\t<\/div>\n\t\t<\/div>\n\t\t\t\t\t<\/div>\n\t\t<\/section>\n\t\t\t\t<\/div>\n\t\t","protected":false},"excerpt":{"rendered":"<p>Este ronde\u00f1o universal nace en Ronda en el a\u00f1o 1915. Actualmente vive en Madrid. Desde muy joven empieza a sentir que dentro de \u00e9l se desata la pasi\u00f3n por la Medicina y de manera muy particular por el estudio de las neuronas y su estudio experimental para mejor conocer el cerebro humano. Se licencia en [&hellip;]<\/p>\n","protected":false},"author":1,"featured_media":0,"parent":0,"menu_order":0,"comment_status":"closed","ping_status":"closed","template":"","meta":{"_aioseop_title":"","_aioseop_description":"","ngg_post_thumbnail":0,"footnotes":""},"_links":{"self":[{"href":"http:\/\/www.josemariatornay.com\/index.php\/wp-json\/wp\/v2\/pages\/13353"}],"collection":[{"href":"http:\/\/www.josemariatornay.com\/index.php\/wp-json\/wp\/v2\/pages"}],"about":[{"href":"http:\/\/www.josemariatornay.com\/index.php\/wp-json\/wp\/v2\/types\/page"}],"author":[{"embeddable":true,"href":"http:\/\/www.josemariatornay.com\/index.php\/wp-json\/wp\/v2\/users\/1"}],"replies":[{"embeddable":true,"href":"http:\/\/www.josemariatornay.com\/index.php\/wp-json\/wp\/v2\/comments?post=13353"}],"version-history":[{"count":0,"href":"http:\/\/www.josemariatornay.com\/index.php\/wp-json\/wp\/v2\/pages\/13353\/revisions"}],"wp:attachment":[{"href":"http:\/\/www.josemariatornay.com\/index.php\/wp-json\/wp\/v2\/media?parent=13353"}],"curies":[{"name":"wp","href":"https:\/\/api.w.org\/{rel}","templated":true}]}}