{"id":13430,"date":"2017-02-15T16:33:46","date_gmt":"2017-02-15T15:33:46","guid":{"rendered":"http:\/\/www.josemariatornay.com\/?page_id=13430"},"modified":"2020-04-30T12:24:28","modified_gmt":"2020-04-30T11:24:28","slug":"cicerone-trovador-jardines","status":"publish","type":"page","link":"http:\/\/www.josemariatornay.com\/index.php\/cicerone-trovador-jardines\/","title":{"rendered":"CICERONE Y TROVADOR: JARDINES"},"content":{"rendered":"\t\t<div data-elementor-type=\"wp-post\" data-elementor-id=\"13430\" class=\"elementor elementor-13430 elementor-bc-flex-widget\">\n\t\t\t\t\t\t<section class=\"elementor-section elementor-top-section elementor-element elementor-element-9g5wgrs elementor-section-boxed elementor-section-height-default elementor-section-height-default\" data-id=\"9g5wgrs\" data-element_type=\"section\">\n\t\t\t\t\t\t<div class=\"elementor-container elementor-column-gap-default\">\n\t\t\t\t\t<div class=\"elementor-column elementor-col-66 elementor-top-column elementor-element elementor-element-4vvq93g\" data-id=\"4vvq93g\" data-element_type=\"column\">\n\t\t\t<div class=\"elementor-widget-wrap elementor-element-populated\">\n\t\t\t\t\t\t<div class=\"elementor-element elementor-element-ryxnh2t elementor-widget elementor-widget-image\" data-id=\"ryxnh2t\" data-element_type=\"widget\" data-widget_type=\"image.default\">\n\t\t\t\t<div class=\"elementor-widget-container\">\n\t\t\t<style>\/*! elementor - v3.20.0 - 20-03-2024 *\/\n.elementor-widget-image{text-align:center}.elementor-widget-image a{display:inline-block}.elementor-widget-image a img[src$=\".svg\"]{width:48px}.elementor-widget-image img{vertical-align:middle;display:inline-block}<\/style>\t\t\t\t\t\t\t\t\t\t<img fetchpriority=\"high\" decoding=\"async\" width=\"778\" height=\"584\" src=\"http:\/\/www.josemariatornay.com\/wp-content\/uploads\/2016\/12\/alameda01.jpg\" class=\"attachment-large size-large wp-image-13436\" alt=\"\" srcset=\"http:\/\/www.josemariatornay.com\/wp-content\/uploads\/2016\/12\/alameda01.jpg 778w, http:\/\/www.josemariatornay.com\/wp-content\/uploads\/2016\/12\/alameda01-300x225.jpg 300w, http:\/\/www.josemariatornay.com\/wp-content\/uploads\/2016\/12\/alameda01-768x576.jpg 768w\" sizes=\"(max-width: 778px) 100vw, 778px\" \/>\t\t\t\t\t\t\t\t\t\t\t\t\t<\/div>\n\t\t\t\t<\/div>\n\t\t\t\t\t<\/div>\n\t\t<\/div>\n\t\t\t\t<div class=\"elementor-column elementor-col-33 elementor-top-column elementor-element elementor-element-ggrbvis\" data-id=\"ggrbvis\" data-element_type=\"column\">\n\t\t\t<div class=\"elementor-widget-wrap elementor-element-populated\">\n\t\t\t\t\t\t<div class=\"elementor-element elementor-element-k5tuyjm elementor-widget elementor-widget-heading\" data-id=\"k5tuyjm\" data-element_type=\"widget\" data-widget_type=\"heading.default\">\n\t\t\t\t<div class=\"elementor-widget-container\">\n\t\t\t<style>\/*! elementor - v3.20.0 - 20-03-2024 *\/\n.elementor-heading-title{padding:0;margin:0;line-height:1}.elementor-widget-heading .elementor-heading-title[class*=elementor-size-]>a{color:inherit;font-size:inherit;line-height:inherit}.elementor-widget-heading .elementor-heading-title.elementor-size-small{font-size:15px}.elementor-widget-heading .elementor-heading-title.elementor-size-medium{font-size:19px}.elementor-widget-heading .elementor-heading-title.elementor-size-large{font-size:29px}.elementor-widget-heading .elementor-heading-title.elementor-size-xl{font-size:39px}.elementor-widget-heading .elementor-heading-title.elementor-size-xxl{font-size:59px}<\/style><h2 class=\"elementor-heading-title elementor-size-default\">ALAMEDA DEL TAJO<\/h2>\t\t<\/div>\n\t\t\t\t<\/div>\n\t\t\t\t<div class=\"elementor-element elementor-element-uf6ckpl elementor-widget elementor-widget-text-editor\" data-id=\"uf6ckpl\" data-element_type=\"widget\" data-widget_type=\"text-editor.default\">\n\t\t\t\t<div class=\"elementor-widget-container\">\n\t\t\t<style>\/*! elementor - v3.20.0 - 20-03-2024 *\/\n.elementor-widget-text-editor.elementor-drop-cap-view-stacked .elementor-drop-cap{background-color:#69727d;color:#fff}.elementor-widget-text-editor.elementor-drop-cap-view-framed .elementor-drop-cap{color:#69727d;border:3px solid;background-color:transparent}.elementor-widget-text-editor:not(.elementor-drop-cap-view-default) .elementor-drop-cap{margin-top:8px}.elementor-widget-text-editor:not(.elementor-drop-cap-view-default) .elementor-drop-cap-letter{width:1em;height:1em}.elementor-widget-text-editor .elementor-drop-cap{float:left;text-align:center;line-height:1;font-size:50px}.elementor-widget-text-editor .elementor-drop-cap-letter{display:inline-block}<\/style>\t\t\t\t<p>\u00a0<\/p><p>\u00a0<\/p><p style=\"text-align: center;\"><strong>Escenario de suspiros<\/strong><br \/><strong>de enamorados sedientos,<\/strong><br \/><strong>de ilusiones infantiles<\/strong><br \/><strong>bajo los tejados frescos.<\/strong><br \/><strong>Reposo de almas cansadas<\/strong><br \/><strong>y de doloridos cuerpos.<\/strong><br \/><strong>Testigo de los furores<\/strong><br \/><strong>que llevan dentro los vientos.<\/strong><br \/><strong>M\u00edtica estampa serrana,<\/strong><br \/><strong>celosa de sus secretos.<\/strong><br \/><strong>nido de besos robados<\/strong><br \/><strong>en procelosos encuentros.<\/strong><br \/><strong>Siempre al borde del abismo<\/strong><br \/><strong>siembre mirando hacia el cielo,<\/strong><br \/><strong>dulce Alameda del Tajo,<\/strong><br \/><strong>para\u00edso de mis sue\u00f1os.<\/strong><\/p>\t\t\t\t\t\t<\/div>\n\t\t\t\t<\/div>\n\t\t\t\t\t<\/div>\n\t\t<\/div>\n\t\t\t\t\t<\/div>\n\t\t<\/section>\n\t\t\t\t<section class=\"elementor-section elementor-top-section elementor-element elementor-element-04c9911 elementor-section-boxed elementor-section-height-default elementor-section-height-default\" data-id=\"04c9911\" data-element_type=\"section\">\n\t\t\t\t\t\t<div class=\"elementor-container elementor-column-gap-default\">\n\t\t\t\t\t<div class=\"elementor-column elementor-col-100 elementor-top-column elementor-element elementor-element-9ab027c\" data-id=\"9ab027c\" data-element_type=\"column\">\n\t\t\t<div class=\"elementor-widget-wrap elementor-element-populated\">\n\t\t\t\t\t\t<div class=\"elementor-element elementor-element-3fdcb94 elementor-widget-divider--view-line elementor-widget elementor-widget-divider\" data-id=\"3fdcb94\" data-element_type=\"widget\" data-widget_type=\"divider.default\">\n\t\t\t\t<div class=\"elementor-widget-container\">\n\t\t\t<style>\/*! elementor - v3.20.0 - 20-03-2024 *\/\n.elementor-widget-divider{--divider-border-style:none;--divider-border-width:1px;--divider-color:#0c0d0e;--divider-icon-size:20px;--divider-element-spacing:10px;--divider-pattern-height:24px;--divider-pattern-size:20px;--divider-pattern-url:none;--divider-pattern-repeat:repeat-x}.elementor-widget-divider .elementor-divider{display:flex}.elementor-widget-divider .elementor-divider__text{font-size:15px;line-height:1;max-width:95%}.elementor-widget-divider .elementor-divider__element{margin:0 var(--divider-element-spacing);flex-shrink:0}.elementor-widget-divider .elementor-icon{font-size:var(--divider-icon-size)}.elementor-widget-divider .elementor-divider-separator{display:flex;margin:0;direction:ltr}.elementor-widget-divider--view-line_icon .elementor-divider-separator,.elementor-widget-divider--view-line_text .elementor-divider-separator{align-items:center}.elementor-widget-divider--view-line_icon .elementor-divider-separator:after,.elementor-widget-divider--view-line_icon .elementor-divider-separator:before,.elementor-widget-divider--view-line_text .elementor-divider-separator:after,.elementor-widget-divider--view-line_text .elementor-divider-separator:before{display:block;content:\"\";border-block-end:0;flex-grow:1;border-block-start:var(--divider-border-width) var(--divider-border-style) var(--divider-color)}.elementor-widget-divider--element-align-left .elementor-divider .elementor-divider-separator>.elementor-divider__svg:first-of-type{flex-grow:0;flex-shrink:100}.elementor-widget-divider--element-align-left .elementor-divider-separator:before{content:none}.elementor-widget-divider--element-align-left .elementor-divider__element{margin-left:0}.elementor-widget-divider--element-align-right .elementor-divider .elementor-divider-separator>.elementor-divider__svg:last-of-type{flex-grow:0;flex-shrink:100}.elementor-widget-divider--element-align-right .elementor-divider-separator:after{content:none}.elementor-widget-divider--element-align-right .elementor-divider__element{margin-right:0}.elementor-widget-divider--element-align-start .elementor-divider .elementor-divider-separator>.elementor-divider__svg:first-of-type{flex-grow:0;flex-shrink:100}.elementor-widget-divider--element-align-start .elementor-divider-separator:before{content:none}.elementor-widget-divider--element-align-start .elementor-divider__element{margin-inline-start:0}.elementor-widget-divider--element-align-end .elementor-divider .elementor-divider-separator>.elementor-divider__svg:last-of-type{flex-grow:0;flex-shrink:100}.elementor-widget-divider--element-align-end .elementor-divider-separator:after{content:none}.elementor-widget-divider--element-align-end .elementor-divider__element{margin-inline-end:0}.elementor-widget-divider:not(.elementor-widget-divider--view-line_text):not(.elementor-widget-divider--view-line_icon) .elementor-divider-separator{border-block-start:var(--divider-border-width) var(--divider-border-style) var(--divider-color)}.elementor-widget-divider--separator-type-pattern{--divider-border-style:none}.elementor-widget-divider--separator-type-pattern.elementor-widget-divider--view-line .elementor-divider-separator,.elementor-widget-divider--separator-type-pattern:not(.elementor-widget-divider--view-line) .elementor-divider-separator:after,.elementor-widget-divider--separator-type-pattern:not(.elementor-widget-divider--view-line) .elementor-divider-separator:before,.elementor-widget-divider--separator-type-pattern:not([class*=elementor-widget-divider--view]) .elementor-divider-separator{width:100%;min-height:var(--divider-pattern-height);-webkit-mask-size:var(--divider-pattern-size) 100%;mask-size:var(--divider-pattern-size) 100%;-webkit-mask-repeat:var(--divider-pattern-repeat);mask-repeat:var(--divider-pattern-repeat);background-color:var(--divider-color);-webkit-mask-image:var(--divider-pattern-url);mask-image:var(--divider-pattern-url)}.elementor-widget-divider--no-spacing{--divider-pattern-size:auto}.elementor-widget-divider--bg-round{--divider-pattern-repeat:round}.rtl .elementor-widget-divider .elementor-divider__text{direction:rtl}.e-con-inner>.elementor-widget-divider,.e-con>.elementor-widget-divider{width:var(--container-widget-width,100%);--flex-grow:var(--container-widget-flex-grow)}<\/style>\t\t<div class=\"elementor-divider\">\n\t\t\t<span class=\"elementor-divider-separator\">\n\t\t\t\t\t\t<\/span>\n\t\t<\/div>\n\t\t\t\t<\/div>\n\t\t\t\t<\/div>\n\t\t\t\t\t<\/div>\n\t\t<\/div>\n\t\t\t\t\t<\/div>\n\t\t<\/section>\n\t\t\t\t<section class=\"elementor-section elementor-top-section elementor-element elementor-element-pjlmrb1 elementor-section-boxed elementor-section-height-default elementor-section-height-default\" data-id=\"pjlmrb1\" data-element_type=\"section\">\n\t\t\t\t\t\t<div class=\"elementor-container elementor-column-gap-default\">\n\t\t\t\t\t<div class=\"elementor-column elementor-col-100 elementor-top-column elementor-element elementor-element-f1ywc3z\" data-id=\"f1ywc3z\" data-element_type=\"column\">\n\t\t\t<div class=\"elementor-widget-wrap elementor-element-populated\">\n\t\t\t\t\t\t<div class=\"elementor-element elementor-element-pfou4ec elementor-widget elementor-widget-text-editor\" data-id=\"pfou4ec\" data-element_type=\"widget\" data-widget_type=\"text-editor.default\">\n\t\t\t\t<div class=\"elementor-widget-container\">\n\t\t\t\t\t\t\t<p>Este c\u00e9ntrico, amable, luminoso y rico jard\u00edn bot\u00e1nico, se llam\u00f3 en su tiempo Alameda de San Carlos, (hoy Alameda del Tajo) por estar situada en la calle San Carlos, hoy Virgen de la Paz. Es el pulm\u00f3n m\u00e1s importante de Ronda, se construy\u00f3 a finales del siglo XIX y se cuenta que se financi\u00f3 su terminaci\u00f3n con el dinero de las multas que se le impon\u00eda a los blasfemos, por orden del Corregidor de la \u00e9poca D. Vicente Cano que hab\u00eda establecido una serie de sanciones a los que en las calles profirieran blasfemias contra la religi\u00f3n. Con el importe de \u00e9stas construy\u00f3 la citada Alameda.<br \/>\u00a0\u00a0\u00a0\u00a0\u00a0\u00a0\u00a0\u00a0\u00a0\u00a0\u00a0\u00a0\u00a0\u00a0\u00a0\u00a0\u00a0\u00a0 Est\u00e1 formada por siete calles. Una, la central, algo m\u00e1s ancha que las laterales, est\u00e1 adornada con \u00e1lamos enormes, de ah\u00ed el nombre de alameda. Adem\u00e1s de los \u00e1lamos cuenta con una riqueza bot\u00e1nica propia de los jardines de la \u00e9poca, principalmente con cedros del Himalaya, una acacia de tres espinas y un enorme pino pi\u00f1onero, adem\u00e1s de un innumerable n\u00famero de plantas de todo tipo y rosales de todas las variedades. En la calle lateral, m\u00e1s al norte, se encuentra el conocido como estanque de los patos, que es una peque\u00f1a alberca donde retozan, para diversi\u00f3n de los m\u00e1s peque\u00f1os, una colecci\u00f3n de ansares a los que los ni\u00f1os alimentan con los sobrantes de sus chucher\u00edas. Justo al lado, se encuentra la que fuese la casa del guarda de este parque, que ya se construy\u00f3 en la misma \u00e9poca para que cumpliese esas funciones. En la actualidad , el Ayuntamiento, la tiene cedido a la Junta de Andaluc\u00eda, como centro bot\u00e1nico para la ciudad y sus jardines.<\/p><p>La Alameda est\u00e1 situada en un cuadro de unos 180 metros de largo por 80 de ancho y est\u00e1 orientada de Este a Oeste. Hacia el Norte tiene un paseo longitudinal a la cornisa que llega hasta el Hotel Reina Victoria y que por haber sido el paseo que utilizaban los clientes de \u00e9ste hotel a principios del siglo XX, se le llama \u00abde los ingleses\u00bb. En la actualidad, por una apropiaci\u00f3n indebida, este paseo est\u00e1 cortado a su mediaci\u00f3n sin que el Ayuntamiento haya hecho nada para su reapertura y disfrute de la ciudadan\u00eda en general.\u00a0\u00a0\u00a0\u00a0 Hacia el oeste se encuentran las vistas m\u00e1s impresionantes de la Serran\u00eda de Ronda, consus picachos cortados en tonos grises, verdosos y azules, que al atardecer forman un espect\u00e1culo de colores y reflejos que hacen que los paseos por ese entorno sean inolvidables. Al fondo, como retando a la Ciudad, se encuentra el picacho de San Crist\u00f3bal, que ya pertenece a la Provincia de C\u00e1diz, aunque est\u00e1 en la Serran\u00eda de Ronda; es un pico de unos mil quinientos metros de altura que se encuentra rodeado de otros que van conformando sucesivamente las distintas sierras, que en ese sector no llegan nunca a bajar de los mil metros de altura.<\/p><p>La formaci\u00f3n de la inmensa hoya que forma el valle de Ronda, se supone que tuvo su origen en una erosi\u00f3n de un torrente de agua subterr\u00e1nea que abri\u00f3 una falla y que, a su vez, en los movimientos tel\u00faricos del final de la Terciaria, dej\u00f3 fuera las dos rocas o planos de Ronda, hundi\u00e9ndose el resto menos rocoso y saliendo al exterior el torrente de agua como r\u00edo de la Ciudad.<br \/>\u00a0\u00a0\u00a0\u00a0\u00a0\u00a0\u00a0\u00a0\u00a0\u00a0\u00a0\u00a0\u00a0 Desde las balconadas que cierran la Alameda por su parte oeste se puede imaginar esta formaci\u00f3n y observar que parece hundido el valle de la situaci\u00f3n original. En una de estas balconadas hab\u00eda una placa en m\u00e1rmol en memoria de los Reyes Cat\u00f3licos, hoy desaparecida.\u00a0<\/p><p>La Alameda se encuentra al borde mismo del precipicio donde llega a alcanzar su altura m\u00e1xima esta depresi\u00f3n de Ronda, llegando a los doscientos diez metros de desnivel hasta el r\u00edo. Hacia el norte de la cortada se encuentra el \u201cAsa de la Caldera\u201d, una formaci\u00f3n rocosa y calc\u00e1rea que en forma de saliente, da la impresi\u00f3n de que sea como una enorme asa de el plano norte de Ronda o Llano del Mercadillo.<br \/>\u00a0\u00a0\u00a0\u00a0\u00a0\u00a0\u00a0\u00a0\u00a0\u00a0 En la entrada principal de la Alameda a la derecha, se encuentra una Estatua del ilustre ronde\u00f1o D. Pedro Romero, puesta en ese lugar con motivo del doscientos aniversario de su nacimiento, 1.754 \u2013 1.954. La estatua est\u00e1 presidiendo el paseo central del Jard\u00edn m\u00e1s emblem\u00e1tico de Ronda. De este personaje tendr\u00e9 ocasi\u00f3n de hablar cuando tratemos a los personajes m\u00e1s importantes de Ronda.<\/p>\t\t\t\t\t\t<\/div>\n\t\t\t\t<\/div>\n\t\t\t\t\t<\/div>\n\t\t<\/div>\n\t\t\t\t\t<\/div>\n\t\t<\/section>\n\t\t\t\t<section class=\"elementor-section elementor-top-section elementor-element elementor-element-8ecdb4a elementor-section-boxed elementor-section-height-default elementor-section-height-default\" data-id=\"8ecdb4a\" data-element_type=\"section\">\n\t\t\t\t\t\t<div class=\"elementor-container elementor-column-gap-default\">\n\t\t\t\t\t<div class=\"elementor-column elementor-col-100 elementor-top-column elementor-element elementor-element-deca522\" data-id=\"deca522\" data-element_type=\"column\">\n\t\t\t<div class=\"elementor-widget-wrap elementor-element-populated\">\n\t\t\t\t\t\t<div class=\"elementor-element elementor-element-c49cd52 elementor-widget-divider--view-line elementor-widget elementor-widget-divider\" data-id=\"c49cd52\" data-element_type=\"widget\" data-widget_type=\"divider.default\">\n\t\t\t\t<div class=\"elementor-widget-container\">\n\t\t\t\t\t<div class=\"elementor-divider\">\n\t\t\t<span class=\"elementor-divider-separator\">\n\t\t\t\t\t\t<\/span>\n\t\t<\/div>\n\t\t\t\t<\/div>\n\t\t\t\t<\/div>\n\t\t\t\t\t<\/div>\n\t\t<\/div>\n\t\t\t\t\t<\/div>\n\t\t<\/section>\n\t\t\t\t<section class=\"elementor-section elementor-top-section elementor-element elementor-element-uv4f9zw elementor-section-boxed elementor-section-height-default elementor-section-height-default\" data-id=\"uv4f9zw\" data-element_type=\"section\">\n\t\t\t\t\t\t<div class=\"elementor-container elementor-column-gap-default\">\n\t\t\t\t\t<div class=\"elementor-column elementor-col-50 elementor-top-column elementor-element elementor-element-0s0qyrl\" data-id=\"0s0qyrl\" data-element_type=\"column\">\n\t\t\t<div class=\"elementor-widget-wrap elementor-element-populated\">\n\t\t\t\t\t\t<div class=\"elementor-element elementor-element-00t0jis elementor-widget elementor-widget-image\" data-id=\"00t0jis\" data-element_type=\"widget\" data-widget_type=\"image.default\">\n\t\t\t\t<div class=\"elementor-widget-container\">\n\t\t\t\t\t\t\t\t\t\t\t\t\t<img decoding=\"async\" src=\"http:\/\/www.josemariatornay.com\/wp-content\/uploads\/elementor\/thumbs\/cuenca4-opnybw2froopo3pikd038d0cpy0u8vxyx5f3bq2yew.jpg\" title=\"cuenca4\" alt=\"cuenca4\" loading=\"lazy\" \/>\t\t\t\t\t\t\t\t\t\t\t\t\t<\/div>\n\t\t\t\t<\/div>\n\t\t\t\t\t<\/div>\n\t\t<\/div>\n\t\t\t\t<div class=\"elementor-column elementor-col-50 elementor-top-column elementor-element elementor-element-hsg9v9a\" data-id=\"hsg9v9a\" data-element_type=\"column\">\n\t\t\t<div class=\"elementor-widget-wrap elementor-element-populated\">\n\t\t\t\t\t\t<div class=\"elementor-element elementor-element-6aolzqp elementor-widget elementor-widget-heading\" data-id=\"6aolzqp\" data-element_type=\"widget\" data-widget_type=\"heading.default\">\n\t\t\t\t<div class=\"elementor-widget-container\">\n\t\t\t<h2 class=\"elementor-heading-title elementor-size-default\">JARDINES DE CUENCA<\/h2>\t\t<\/div>\n\t\t\t\t<\/div>\n\t\t\t\t<div class=\"elementor-element elementor-element-4ohc573 elementor-widget elementor-widget-text-editor\" data-id=\"4ohc573\" data-element_type=\"widget\" data-widget_type=\"text-editor.default\">\n\t\t\t\t<div class=\"elementor-widget-container\">\n\t\t\t\t\t\t\t<p style=\"text-align: center;\"><strong>Hojas ca\u00eddas del cielo<\/strong><br \/><strong>sobre ramas trepadoras<\/strong><br \/><strong>desde un tronco que se escapa<\/strong><br \/><strong>de las infernales sombras.<\/strong><br \/><strong>\u00a1C\u00f3mo a\u00f1or\u00e1is unos ojos<\/strong><br \/><strong>para inundaros de roca,<\/strong><br \/><strong>rotunda, recia, brav\u00eda,<\/strong><br \/><strong>altiva, fuerte, gloriosa!<\/strong><br \/><strong>Ra\u00edces que est\u00e1is flotando<\/strong><br \/><strong>entre el misterio y la gloria.<\/strong><\/p>\t\t\t\t\t\t<\/div>\n\t\t\t\t<\/div>\n\t\t\t\t\t<\/div>\n\t\t<\/div>\n\t\t\t\t\t<\/div>\n\t\t<\/section>\n\t\t\t\t<section class=\"elementor-section elementor-top-section elementor-element elementor-element-hcrvhf6 elementor-section-boxed elementor-section-height-default elementor-section-height-default\" data-id=\"hcrvhf6\" data-element_type=\"section\">\n\t\t\t\t\t\t<div class=\"elementor-container elementor-column-gap-default\">\n\t\t\t\t\t<div class=\"elementor-column elementor-col-100 elementor-top-column elementor-element elementor-element-75q3yjv\" data-id=\"75q3yjv\" data-element_type=\"column\">\n\t\t\t<div class=\"elementor-widget-wrap elementor-element-populated\">\n\t\t\t\t\t\t<div class=\"elementor-element elementor-element-zgo5zzy elementor-widget elementor-widget-text-editor\" data-id=\"zgo5zzy\" data-element_type=\"widget\" data-widget_type=\"text-editor.default\">\n\t\t\t\t<div class=\"elementor-widget-container\">\n\t\t\t\t\t\t\t<p>\u00a0\u00a0\u00a0\u00a0El Paseo de Cuenca o cornisa este de la garganta del Tajo, se construye bajo proyecto del arquitecto local D. Javier Carrasco Sainz.\u00a0 Despu\u00e9s de limpiar esa parte de la cornisa, se allanaron los salientes de las rocas que conforman la misma y se le fueron haciendo unos muros de piedra ronde\u00f1a y ladrillo de barro de los tejares que sirven de miradores hacia la garganta.<br \/>\u00a0\u00a0\u00a0\u00a0\u00a0\u00a0\u00a0\u00a0\u00a0\u00a0\u00a0\u00a0 Siempre he o\u00eddo de Javier, la dificultad que le represent\u00f3 el ir salvado los desniveles de la bajada de la Cornisa y c\u00f3mo anduvo haciendo encajes de bollillos para llegar abajo salvando las entradas de cada casa en sus distintas cotas.<\/p><p>El que se llame Paseo de Cuenca se debe a una iniciativa que nace en el TES de Ronda (Teatro Espa\u00f1ol Salesiano), que cree que Ronda y Cuenca tienen determinadas similitudes de tipo orogr\u00e1fico y que se podr\u00eda proponer a la Corporaci\u00f3n Municipal la posibilidad del hermanamiento entre las dos ciudades. \u00a0\u00a0\u00a0 La propuesta\u00a0 fue presentada a la Corporaci\u00f3n Municipal y \u00e9sta, presidida en la \u00e9poca por el Iltmo. Sr. D, Francisco de Rosa Moreno, se puso a la labor y, finalmente, de acuerdo las dos Corporaciones llegaron a la conclusi\u00f3n de hermanarse, Se trata del primero de la Ciudad de Ronda con otra Ciudad, esta vez castellana.<br \/>\u00a0\u00a0\u00a0\u00a0\u00a0\u00a0\u00a0\u00a0 Entre Ronda y Cuenca, posteriormente, se han producido distintas visitas de tipo cultural y social, aunque en la actualidad estas relaciones se encuentran muy fr\u00edas.<br \/>\u00a0\u00a0\u00a0\u00a0\u00a0\u00a0 Al paseo de Cuenca se accede por la calle Rosario, que sale de la Plaza de Espa\u00f1a, y girando a la derecha, al final de la misma, se toma la calle de los Remedios para a su vez tomar la primera a la derecha conocida como calle de la Mina y salir al citado paseo que empieza, en su primer mirador con una panor\u00e1mica del Puente Nuevo, in\u00e9dita hasta la fecha de la construcci\u00f3n del paseo. Una vez disfrutada \u00e9sta panor\u00e1mica, bajamos un poco y en un peque\u00f1o recoveco o saliente se ve otra panor\u00e1mica del Puente de San Miguel. Se sale de este peque\u00f1o balc\u00f3n y bajando un poco m\u00e1s encontramos unos miradores en bajada que dan al frontispicio de la Casa de la Duquesa de Parcent (Casa del Rey Moro)\u00a0 y a la casa de los Condes de Santa Pola y, al fondo, la impresionante vista de la antigua presa, navegable en un tiempo hasta el puente \u00c1rabe. Desde esos miradores se puede ver tanto la puerta de entrada como la de salida del c\u00e9lebre pasaje de la Mina, que mandara construir el Rey Abomelic I.<\/p><p>Se sube un poco para reencontrar el paseo superior y se sigue en bajada hasta el \u00faltimo mirador, que est\u00e1 casi al nivel del puente de San Miguel. Desde este mirador hay una vista encantadora de los dos puentes, el de San Miguel y el \u00c1rabe. Una panor\u00e1mica de esas que nos dejar\u00e1n expectantes y maravillados de la situaci\u00f3n particular y \u00fanica de esta Ciudad bendecida por Dios.<\/p>\t\t\t\t\t\t<\/div>\n\t\t\t\t<\/div>\n\t\t\t\t\t<\/div>\n\t\t<\/div>\n\t\t\t\t\t<\/div>\n\t\t<\/section>\n\t\t\t\t<section class=\"elementor-section elementor-top-section elementor-element elementor-element-37999b3 elementor-section-boxed elementor-section-height-default elementor-section-height-default\" data-id=\"37999b3\" data-element_type=\"section\">\n\t\t\t\t\t\t<div class=\"elementor-container elementor-column-gap-default\">\n\t\t\t\t\t<div class=\"elementor-column elementor-col-100 elementor-top-column elementor-element elementor-element-cb9285a\" data-id=\"cb9285a\" data-element_type=\"column\">\n\t\t\t<div class=\"elementor-widget-wrap elementor-element-populated\">\n\t\t\t\t\t\t<div class=\"elementor-element elementor-element-b92a23e elementor-widget-divider--view-line elementor-widget elementor-widget-divider\" data-id=\"b92a23e\" data-element_type=\"widget\" data-widget_type=\"divider.default\">\n\t\t\t\t<div class=\"elementor-widget-container\">\n\t\t\t\t\t<div class=\"elementor-divider\">\n\t\t\t<span class=\"elementor-divider-separator\">\n\t\t\t\t\t\t<\/span>\n\t\t<\/div>\n\t\t\t\t<\/div>\n\t\t\t\t<\/div>\n\t\t\t\t\t<\/div>\n\t\t<\/div>\n\t\t\t\t\t<\/div>\n\t\t<\/section>\n\t\t\t\t<section class=\"elementor-section elementor-top-section elementor-element elementor-element-d9c317e elementor-section-boxed elementor-section-height-default elementor-section-height-default\" data-id=\"d9c317e\" data-element_type=\"section\">\n\t\t\t\t\t\t<div class=\"elementor-container elementor-column-gap-default\">\n\t\t\t\t\t<div class=\"elementor-column elementor-col-50 elementor-top-column elementor-element elementor-element-14baed1\" data-id=\"14baed1\" data-element_type=\"column\">\n\t\t\t<div class=\"elementor-widget-wrap elementor-element-populated\">\n\t\t\t\t\t\t<div class=\"elementor-element elementor-element-22a235c elementor-widget elementor-widget-heading\" data-id=\"22a235c\" data-element_type=\"widget\" data-widget_type=\"heading.default\">\n\t\t\t\t<div class=\"elementor-widget-container\">\n\t\t\t<h2 class=\"elementor-heading-title elementor-size-default\">REINA VICTORIA<\/h2>\t\t<\/div>\n\t\t\t\t<\/div>\n\t\t\t\t<div class=\"elementor-element elementor-element-750420a elementor-widget elementor-widget-text-editor\" data-id=\"750420a\" data-element_type=\"widget\" data-widget_type=\"text-editor.default\">\n\t\t\t\t<div class=\"elementor-widget-container\">\n\t\t\t\t\t\t\t<p>Sin lugar a dudas, por su situaci\u00f3n, su amplitud y variedad de plantas, el jard\u00edn del Hotel Reina Victoria es uno de los m\u00e1s importantes de Ronda, incluido el de la Alameda del Tajo. Actualmente est\u00e1 muy descuidado, por representar un coste muy elevado su mantenimiento, una excusa que no entendemos ya que dicho espacio deber\u00eda ser patrimonio de la ciudad y de los ronde\u00f1os y m\u00e1s teniendo en cuenta que aqu\u00e9l corre a cargo de la Fundaci\u00f3n UNICAJA Ronda. <br \/>Este espacio fue dise\u00f1ado por el bot\u00e1nico franc\u00e9s Forrestier, a finales del siglo XIX, principios del XX. Entonces es cuando la Mediterranean &amp; Iberian Company Inglesa, construye el Hotel. A modo de resumida historia diremos que esa compa\u00f1\u00eda, de la que era presidente del Consejo de Administraci\u00f3n Lord Wiber\u00adbroug, pariente directo del Rey de Inglaterra, ya hab\u00eda construido otro en Algeciras con el nombre de la Reina Cristina, Regente de la Corona Espa\u00f1ola. La idea era aprovechar la Colonia Inglesa de Gibraltar para traer turismo a Algeciras y a Ronda, cuya conexi\u00f3n ferroviaria se estaba terminando de hacer. Seg\u00fan consta en un escrito enviado por la Casa Real espa\u00f1ola, se autoriza a esta compa\u00f1\u00eda a que \u201cpueda usar el nombre de la Reina Victoria de Batemberg, para el hotel que actualmente se hace en esa Ciudad\u201d. As\u00ed fue c\u00f3mo el hotel toma el nombre por el que es conocido y coincidiendo con la celebraci\u00f3n del matrimonio entre Alfonso XIII y Victoria Eugenia (Nena, como se le conoc\u00eda popularmente en Inglaterra) se inaugura este establecimiento en el a\u00f1o 1906. <br \/>Despu\u00e9s de la Guerra Civil, los ingleses lo vendieron a una sociedad ronde\u00f1a, al frente de la cual figuraba D. Juan Gir\u00f3n, que compr\u00f3, con el tiempo, todas las partes y se qued\u00f3 como \u00fanico due\u00f1o. Vendido que fue por el Sr. Gir\u00f3n a una sociedad due\u00f1a del hotel Alhambra de M\u00e1laga, pas\u00f3 de manos ronde\u00f1as a manos malague\u00f1as. Esta Sociedad intent\u00f3 hacer una gran zona residencial, pero el Ayuntamiento lo impidi\u00f3 y lo compr\u00f3 con un pr\u00e9stamo que pidi\u00f3 a la Caja de Ahorros de Ronda que, posteriormente ejecut\u00f3 la deuda y se qued\u00f3 como \u00fanica propietaria. <br \/>Esta Entidad lo restaur\u00f3, ampli\u00f3 y adapt\u00f3 a los tiempos modernos y en el a\u00f1o 1962 se inaugura de nuevo bajo la direcci\u00f3n de la propia Caja de Ahorros, que puso de director a D. Antonio Siles Garc\u00eda. En la actualidad, est\u00e1 alquilado a la cadena HUSA, en detrimento del propio hotel, que fue el buque insignia del turismo en Ronda, siendo ahora el vag\u00f3n de cola. Los jardines son un conjunto inmenso de arboleda, con bancales ajardinados, con un sinf\u00edn de plantas de todo tipo, predominando las de olor, los rosales, las pitas, los almendros, los pinos pi\u00f1oneros, caquis, abetos, pinsapos, etc. La estructura del jard\u00edn es cl\u00e1sicamente inglesa, como el hotel, con el toque afrancesado del propio Forrestier. <br \/>Lo m\u00e1s impresionante es la situaci\u00f3n privilegiada del enclave y el paseo con la denominaci\u00f3n \u201cde los ingleses\u201d que, recorriendo la cornisa, llega hasta la Alameda.<br \/>del Tajo. Es una l\u00e1stima que el Ayuntamiento, de una vez por todas, no ponga pies en pared y obligue a la entidad bancaria a abrir la cancela que unilateralmente mantiene cerrada en perjuicio de los ronde\u00f1os y de los que nos visitan. Me consta que una Entidad religiosa ubicada en ese sector, fue obligada por el Ayuntamiento a retranquear su propiedad liberando la cornisa. \u00bfPor qu\u00e9 a esa entidad s\u00ed y a \u00e9sta no&#8230;?<\/p>\t\t\t\t\t\t<\/div>\n\t\t\t\t<\/div>\n\t\t\t\t\t<\/div>\n\t\t<\/div>\n\t\t\t\t<div class=\"elementor-column elementor-col-50 elementor-top-column elementor-element elementor-element-3b88eef\" data-id=\"3b88eef\" data-element_type=\"column\">\n\t\t\t<div class=\"elementor-widget-wrap elementor-element-populated\">\n\t\t\t\t\t\t<div class=\"elementor-element elementor-element-4289f3a elementor-widget elementor-widget-image\" data-id=\"4289f3a\" data-element_type=\"widget\" data-widget_type=\"image.default\">\n\t\t\t\t<div class=\"elementor-widget-container\">\n\t\t\t\t\t\t\t\t\t\t\t\t\t<img decoding=\"async\" width=\"1024\" height=\"683\" src=\"http:\/\/www.josemariatornay.com\/wp-content\/uploads\/2020\/04\/jardin-reina-victoria2-1024x683.jpg\" class=\"attachment-large size-large wp-image-20429\" alt=\"\" srcset=\"http:\/\/www.josemariatornay.com\/wp-content\/uploads\/2020\/04\/jardin-reina-victoria2-1024x683.jpg 1024w, http:\/\/www.josemariatornay.com\/wp-content\/uploads\/2020\/04\/jardin-reina-victoria2-300x200.jpg 300w, http:\/\/www.josemariatornay.com\/wp-content\/uploads\/2020\/04\/jardin-reina-victoria2-768x512.jpg 768w, http:\/\/www.josemariatornay.com\/wp-content\/uploads\/2020\/04\/jardin-reina-victoria2.jpg 1200w\" sizes=\"(max-width: 1024px) 100vw, 1024px\" \/>\t\t\t\t\t\t\t\t\t\t\t\t\t<\/div>\n\t\t\t\t<\/div>\n\t\t\t\t<div class=\"elementor-element elementor-element-9dcb98a elementor-widget elementor-widget-text-editor\" data-id=\"9dcb98a\" data-element_type=\"widget\" data-widget_type=\"text-editor.default\">\n\t\t\t\t<div class=\"elementor-widget-container\">\n\t\t\t\t\t\t\t<p>De tanto ver el Tajo,<br \/>los sue\u00f1os de una reina<br \/>echaron primorosas<br \/>ra\u00edces en la tierra.<br \/>Vergeles donde Rilke<br \/>pint\u00f3 de primavera<br \/>sus \u00e1ridas monta\u00f1as,<br \/>sus fr\u00e1giles praderas.<br \/>Frondosas explosiones<br \/>de verdes que despiertan<br \/>la luz de los sentidos,<br \/>la voz de la conciencia.<\/p>\t\t\t\t\t\t<\/div>\n\t\t\t\t<\/div>\n\t\t\t\t<div class=\"elementor-element elementor-element-23e03ba elementor-widget elementor-widget-image\" data-id=\"23e03ba\" data-element_type=\"widget\" data-widget_type=\"image.default\">\n\t\t\t\t<div class=\"elementor-widget-container\">\n\t\t\t\t\t\t\t\t\t\t\t\t\t<img decoding=\"async\" width=\"1024\" height=\"768\" src=\"http:\/\/www.josemariatornay.com\/wp-content\/uploads\/2020\/04\/jardin-reina-victoria-1024x768.jpg\" class=\"attachment-large size-large wp-image-20428\" alt=\"\" srcset=\"http:\/\/www.josemariatornay.com\/wp-content\/uploads\/2020\/04\/jardin-reina-victoria.jpg 1024w, http:\/\/www.josemariatornay.com\/wp-content\/uploads\/2020\/04\/jardin-reina-victoria-300x225.jpg 300w, http:\/\/www.josemariatornay.com\/wp-content\/uploads\/2020\/04\/jardin-reina-victoria-768x576.jpg 768w\" sizes=\"(max-width: 1024px) 100vw, 1024px\" \/>\t\t\t\t\t\t\t\t\t\t\t\t\t<\/div>\n\t\t\t\t<\/div>\n\t\t\t\t<div class=\"elementor-element elementor-element-56b28cd elementor-widget elementor-widget-image\" data-id=\"56b28cd\" data-element_type=\"widget\" data-widget_type=\"image.default\">\n\t\t\t\t<div class=\"elementor-widget-container\">\n\t\t\t\t\t\t\t\t\t\t\t\t\t<img loading=\"lazy\" decoding=\"async\" width=\"980\" height=\"653\" src=\"http:\/\/www.josemariatornay.com\/wp-content\/uploads\/2020\/04\/jardin-reina-victoria3.jpg\" class=\"attachment-large size-large wp-image-20430\" alt=\"\" srcset=\"http:\/\/www.josemariatornay.com\/wp-content\/uploads\/2020\/04\/jardin-reina-victoria3.jpg 980w, http:\/\/www.josemariatornay.com\/wp-content\/uploads\/2020\/04\/jardin-reina-victoria3-300x200.jpg 300w, http:\/\/www.josemariatornay.com\/wp-content\/uploads\/2020\/04\/jardin-reina-victoria3-768x512.jpg 768w\" sizes=\"(max-width: 980px) 100vw, 980px\" \/>\t\t\t\t\t\t\t\t\t\t\t\t\t<\/div>\n\t\t\t\t<\/div>\n\t\t\t\t\t<\/div>\n\t\t<\/div>\n\t\t\t\t\t<\/div>\n\t\t<\/section>\n\t\t\t\t<section class=\"elementor-section elementor-top-section elementor-element elementor-element-4868ff7 elementor-section-boxed elementor-section-height-default elementor-section-height-default\" data-id=\"4868ff7\" data-element_type=\"section\">\n\t\t\t\t\t\t<div class=\"elementor-container elementor-column-gap-default\">\n\t\t\t\t\t<div class=\"elementor-column elementor-col-100 elementor-top-column elementor-element elementor-element-748be8d\" data-id=\"748be8d\" data-element_type=\"column\">\n\t\t\t<div class=\"elementor-widget-wrap elementor-element-populated\">\n\t\t\t\t\t\t<div class=\"elementor-element elementor-element-d39bafd elementor-widget-divider--view-line elementor-widget elementor-widget-divider\" data-id=\"d39bafd\" data-element_type=\"widget\" data-widget_type=\"divider.default\">\n\t\t\t\t<div class=\"elementor-widget-container\">\n\t\t\t\t\t<div class=\"elementor-divider\">\n\t\t\t<span class=\"elementor-divider-separator\">\n\t\t\t\t\t\t<\/span>\n\t\t<\/div>\n\t\t\t\t<\/div>\n\t\t\t\t<\/div>\n\t\t\t\t\t<\/div>\n\t\t<\/div>\n\t\t\t\t\t<\/div>\n\t\t<\/section>\n\t\t\t\t<section class=\"elementor-section elementor-top-section elementor-element elementor-element-c06637f elementor-section-boxed elementor-section-height-default elementor-section-height-default\" data-id=\"c06637f\" data-element_type=\"section\">\n\t\t\t\t\t\t<div class=\"elementor-container elementor-column-gap-default\">\n\t\t\t\t\t<div class=\"elementor-column elementor-col-100 elementor-top-column elementor-element elementor-element-cf60e95\" data-id=\"cf60e95\" data-element_type=\"column\">\n\t\t\t<div class=\"elementor-widget-wrap elementor-element-populated\">\n\t\t\t\t\t\t<div class=\"elementor-element elementor-element-b4db61c elementor-widget elementor-widget-heading\" data-id=\"b4db61c\" data-element_type=\"widget\" data-widget_type=\"heading.default\">\n\t\t\t\t<div class=\"elementor-widget-container\">\n\t\t\t<h2 class=\"elementor-heading-title elementor-size-default\">MONDRAG\u00d3N, DON BOSCO Y SALVATIERRA<\/h2>\t\t<\/div>\n\t\t\t\t<\/div>\n\t\t\t\t\t<\/div>\n\t\t<\/div>\n\t\t\t\t\t<\/div>\n\t\t<\/section>\n\t\t\t\t<section class=\"elementor-section elementor-top-section elementor-element elementor-element-c17c5b3 elementor-section-boxed elementor-section-height-default elementor-section-height-default\" data-id=\"c17c5b3\" data-element_type=\"section\">\n\t\t\t\t\t\t<div class=\"elementor-container elementor-column-gap-default\">\n\t\t\t\t\t<div class=\"elementor-column elementor-col-50 elementor-top-column elementor-element elementor-element-5f274ae\" data-id=\"5f274ae\" data-element_type=\"column\">\n\t\t\t<div class=\"elementor-widget-wrap elementor-element-populated\">\n\t\t\t\t\t\t<div class=\"elementor-element elementor-element-741b5c2 elementor-widget elementor-widget-image\" data-id=\"741b5c2\" data-element_type=\"widget\" data-widget_type=\"image.default\">\n\t\t\t\t<div class=\"elementor-widget-container\">\n\t\t\t\t\t\t\t\t\t\t\t\t\t<img loading=\"lazy\" decoding=\"async\" width=\"550\" height=\"412\" src=\"http:\/\/www.josemariatornay.com\/wp-content\/uploads\/2020\/04\/jardinesdonbosco.jpg\" class=\"attachment-large size-large wp-image-20436\" alt=\"\" srcset=\"http:\/\/www.josemariatornay.com\/wp-content\/uploads\/2020\/04\/jardinesdonbosco.jpg 550w, http:\/\/www.josemariatornay.com\/wp-content\/uploads\/2020\/04\/jardinesdonbosco-300x225.jpg 300w\" sizes=\"(max-width: 550px) 100vw, 550px\" \/>\t\t\t\t\t\t\t\t\t\t\t\t\t<\/div>\n\t\t\t\t<\/div>\n\t\t\t\t<div class=\"elementor-element elementor-element-ecac59a elementor-widget elementor-widget-text-editor\" data-id=\"ecac59a\" data-element_type=\"widget\" data-widget_type=\"text-editor.default\">\n\t\t\t\t<div class=\"elementor-widget-container\">\n\t\t\t\t\t\t\t<p>En estos jardines<br \/>retozan las nubes<br \/>y juegan alegres<br \/>las musas al sol.<br \/>En estos vergeles<br \/>de rosas azules,<br \/>hay fuegos de nieve<br \/>y amores en flor.<\/p>\t\t\t\t\t\t<\/div>\n\t\t\t\t<\/div>\n\t\t\t\t<div class=\"elementor-element elementor-element-03f3f42 elementor-widget elementor-widget-image\" data-id=\"03f3f42\" data-element_type=\"widget\" data-widget_type=\"image.default\">\n\t\t\t\t<div class=\"elementor-widget-container\">\n\t\t\t\t\t\t\t\t\t\t\t\t\t<img loading=\"lazy\" decoding=\"async\" width=\"1024\" height=\"685\" src=\"http:\/\/www.josemariatornay.com\/wp-content\/uploads\/2020\/04\/jardinesmondragon-1024x685.jpg\" class=\"attachment-large size-large wp-image-20437\" alt=\"\" srcset=\"http:\/\/www.josemariatornay.com\/wp-content\/uploads\/2020\/04\/jardinesmondragon-1024x685.jpg 1024w, http:\/\/www.josemariatornay.com\/wp-content\/uploads\/2020\/04\/jardinesmondragon-300x201.jpg 300w, http:\/\/www.josemariatornay.com\/wp-content\/uploads\/2020\/04\/jardinesmondragon-768x514.jpg 768w, http:\/\/www.josemariatornay.com\/wp-content\/uploads\/2020\/04\/jardinesmondragon.jpg 1030w\" sizes=\"(max-width: 1024px) 100vw, 1024px\" \/>\t\t\t\t\t\t\t\t\t\t\t\t\t<\/div>\n\t\t\t\t<\/div>\n\t\t\t\t<div class=\"elementor-element elementor-element-469bd12 elementor-widget elementor-widget-image\" data-id=\"469bd12\" data-element_type=\"widget\" data-widget_type=\"image.default\">\n\t\t\t\t<div class=\"elementor-widget-container\">\n\t\t\t\t\t\t\t\t\t\t\t\t\t<img loading=\"lazy\" decoding=\"async\" width=\"616\" height=\"410\" src=\"http:\/\/www.josemariatornay.com\/wp-content\/uploads\/2020\/04\/jardinessalvatierra.jpg\" class=\"attachment-large size-large wp-image-20439\" alt=\"\" srcset=\"http:\/\/www.josemariatornay.com\/wp-content\/uploads\/2020\/04\/jardinessalvatierra.jpg 616w, http:\/\/www.josemariatornay.com\/wp-content\/uploads\/2020\/04\/jardinessalvatierra-300x200.jpg 300w\" sizes=\"(max-width: 616px) 100vw, 616px\" \/>\t\t\t\t\t\t\t\t\t\t\t\t\t<\/div>\n\t\t\t\t<\/div>\n\t\t\t\t\t<\/div>\n\t\t<\/div>\n\t\t\t\t<div class=\"elementor-column elementor-col-50 elementor-top-column elementor-element elementor-element-0205405\" data-id=\"0205405\" data-element_type=\"column\">\n\t\t\t<div class=\"elementor-widget-wrap elementor-element-populated\">\n\t\t\t\t\t\t<div class=\"elementor-element elementor-element-22de0e9 elementor-widget elementor-widget-text-editor\" data-id=\"22de0e9\" data-element_type=\"widget\" data-widget_type=\"text-editor.default\">\n\t\t\t\t<div class=\"elementor-widget-container\">\n\t\t\t\t\t\t\t<p>Nuestra ciudad cuenta, adem\u00e1s de con jardines o parques p\u00fablicos, con otros de propiedad privada que son relevantes y tuvieron mucha importancia en su tiempo. El m\u00e1s relevante de estos, sin duda, es el del Palacio de Mondrag\u00f3n, un jard\u00edn de estructura \u00e1rabe, que era m\u00e1s amplio que el actual y con unas panor\u00e1micas hacia el Suroeste espl\u00e9ndidas. <br \/>Despu\u00e9s de la Reconquista, como ya se explica al describir el palacio, \u00e9ste fue adquirido por la familia de ese nombre que adapt\u00f3 a sus necesidades la casa y, posteriormente, por los Marqueses de Villasierra, que hicieron otra restauraci\u00f3n, pero esta vez para ampliar la vivienda. Como consecuencia de ello, destruyeron parte del amplio jard\u00edn que exist\u00eda quedando en un peque\u00f1o rinc\u00f3n que ellos convirtieron en el que tiene la casa actualmente, aunque sus or\u00edgenes se remonten al siglo XI. El actual es una remodelaci\u00f3n que la Escuela Taller de Ronda ha hecho de aqu\u00e9l antiguo. La verdad es que la restauraci\u00f3n y adaptaci\u00f3n del mismo han quedado con un gusto exquisito, que nada tiene que envidiar al original \u00e1rabe. En el a\u00f1o 1991 se termin\u00f3 dicha restauraci\u00f3n de casa y jard\u00edn, que est\u00e1n en la actualidad abiertos al p\u00fablico para su disfrute. <br \/>Se cuenta que D. Francisco Granadinos P\u00e9rez, arquitecto de profesi\u00f3n, dise\u00f1\u00f3, y realiz\u00f3, a principios del siglo XX, estos jardines de la conocida en la actualidad como Casa de D. Bosco. El gusto fue exquisito, ya que se accede a \u00e9l por unas escalinatas en curva, realizadas en m\u00e1rmol blanco y con un peque\u00f1o muro en forma de barandas bajas realizadas en cer\u00e1micas blancas y azules, que dan acceso a una planta de, aproximadamente, treinta metros cuadrados, con una fuente, hecha en piedra y decorada con azulejos de cer\u00e1mica y rodeada de un juego de empedrado y peque\u00f1os azulejos con motivos t\u00edpicos de Ronda, que vistos desde la balconada superior causan un efecto estupendo. El jard\u00edn tiene una panor\u00e1mica espl\u00e9ndida de la Serran\u00eda en su sector Oeste, y una vista \u00fanica del Puente Nuevo. En la parte superior cuenta con unas terrazas amplias con \u00e1rboles frutales, que dan una sensaci\u00f3n de paz y tranquilidad muy propios de lo que pretend\u00edan aquellas familias pudientes de Ronda. <br \/>Por \u00faltimo, otro jard\u00edn estupendo y con una situaci\u00f3n privilegiada es el de la Casa de los Marqueses de Salvatierra. Se supone que se construy\u00f3 en el mismo tiempo que la edificaci\u00f3n, es decir en el siglo XVIII, aunque se puede suponer, asimismo, que exist\u00eda antes de que se construyese la casa actual. Se trata de un espacio dise\u00f1ado en tres bancales: al primero se accede directamente desde la casa y es un patio semicubierto que sirve en verano para tomar el desayuno, leer o disfrutar tranquilamente del clima de Ronda; el segundo es un bancal inferior, al que se accede desde el primero y que tiene unas panor\u00e1micas maravillosas de la Sierra de la Nieves, del barrio de Padre Jes\u00fas, del R\u00edo Guadalev\u00edn y en general de las sierras de la parte este de Ronda; y el tercer bancal es el superior, al que se accede por unas escaleras que llevan &#8211; 90 <br \/>hasta la piscina y en el que se encuentra el pinsapo m\u00e1s antiguo que hay en Ronda ciudad. Desde este \u00faltimo bancal se puede subir a un torre\u00f3n, que se supone vestigio de la antigua muralla \u00e1rabe, desde donde se ve una vista estupenda de la Puerta de la Ecijara, situada al este de Ronda. En el jard\u00edn se encuentra una colecci\u00f3n importante de plantas arom\u00e1ticas, muy t\u00edpicas de los jardines \u00e1rabes.<\/p>\t\t\t\t\t\t<\/div>\n\t\t\t\t<\/div>\n\t\t\t\t\t<\/div>\n\t\t<\/div>\n\t\t\t\t\t<\/div>\n\t\t<\/section>\n\t\t\t\t<section class=\"elementor-section elementor-top-section elementor-element elementor-element-ee7b6c7 elementor-section-boxed elementor-section-height-default elementor-section-height-default\" data-id=\"ee7b6c7\" data-element_type=\"section\">\n\t\t\t\t\t\t<div class=\"elementor-container elementor-column-gap-default\">\n\t\t\t\t\t<div class=\"elementor-column elementor-col-100 elementor-top-column elementor-element elementor-element-8c38963\" data-id=\"8c38963\" data-element_type=\"column\">\n\t\t\t<div class=\"elementor-widget-wrap elementor-element-populated\">\n\t\t\t\t\t\t<div class=\"elementor-element elementor-element-a40d4f8 elementor-widget-divider--view-line elementor-widget elementor-widget-divider\" data-id=\"a40d4f8\" data-element_type=\"widget\" data-widget_type=\"divider.default\">\n\t\t\t\t<div class=\"elementor-widget-container\">\n\t\t\t\t\t<div class=\"elementor-divider\">\n\t\t\t<span class=\"elementor-divider-separator\">\n\t\t\t\t\t\t<\/span>\n\t\t<\/div>\n\t\t\t\t<\/div>\n\t\t\t\t<\/div>\n\t\t\t\t\t<\/div>\n\t\t<\/div>\n\t\t\t\t\t<\/div>\n\t\t<\/section>\n\t\t\t\t<section class=\"elementor-section elementor-top-section elementor-element elementor-element-77447b2 elementor-section-boxed elementor-section-height-default elementor-section-height-default\" data-id=\"77447b2\" data-element_type=\"section\">\n\t\t\t\t\t\t<div class=\"elementor-container elementor-column-gap-default\">\n\t\t\t\t\t<div class=\"elementor-column elementor-col-100 elementor-top-column elementor-element elementor-element-216d57c\" data-id=\"216d57c\" data-element_type=\"column\">\n\t\t\t<div class=\"elementor-widget-wrap elementor-element-populated\">\n\t\t\t\t\t\t<div class=\"elementor-element elementor-element-6da5aba elementor-widget elementor-widget-heading\" data-id=\"6da5aba\" data-element_type=\"widget\" data-widget_type=\"heading.default\">\n\t\t\t\t<div class=\"elementor-widget-container\">\n\t\t\t<h2 class=\"elementor-heading-title elementor-size-default\">PASEO DE CUENCA<\/h2>\t\t<\/div>\n\t\t\t\t<\/div>\n\t\t\t\t<section class=\"elementor-section elementor-inner-section elementor-element elementor-element-509c9ee elementor-section-boxed elementor-section-height-default elementor-section-height-default\" data-id=\"509c9ee\" data-element_type=\"section\">\n\t\t\t\t\t\t<div class=\"elementor-container elementor-column-gap-default\">\n\t\t\t\t\t<div class=\"elementor-column elementor-col-50 elementor-inner-column elementor-element elementor-element-99e098d\" data-id=\"99e098d\" data-element_type=\"column\">\n\t\t\t<div class=\"elementor-widget-wrap elementor-element-populated\">\n\t\t\t\t\t\t<div class=\"elementor-element elementor-element-bc53b9b elementor-widget elementor-widget-text-editor\" data-id=\"bc53b9b\" data-element_type=\"widget\" data-widget_type=\"text-editor.default\">\n\t\t\t\t<div class=\"elementor-widget-container\">\n\t\t\t\t\t\t\t<p><br \/>El Paseo de Cuenca o cornisa Este de la garganta del Tajo, se construye bajo proyecto del arquitecto local D. Javier Carrasco Sainz. Despu\u00e9s de limpiar esa parte de la cornisa se allanaron los salientes de las rocas que conforman la misma y se le fueron haciendo unos muros de piedra ronde\u00f1a y ladrillo de barro de los tejares que sirven de miradores hacia la garganta. Siempre he o\u00eddo de Javier, la dificultad que le represent\u00f3 ir salvado los desniveles de la bajada de la cornisa y c\u00f3mo anduvo haciendo encajes de bolillos para llegar abajo eludiendo las entradas de cada casa en sus distintas cotas. <br \/>Su denominaci\u00f3n de Paseo de Cuenca se debe a una iniciativa que nace en el TES de Ronda (Teatro Espa\u00f1ol Salesiano), que cree que Ronda y esa capital tienen determinadas similitudes de tipo orogr\u00e1fico y que se podr\u00eda proponer a la Corporaci\u00f3n Municipal la posibilidad del hermanamiento entre las dos ciudades. La propuesta fue presentada a la Corporaci\u00f3n Municipal y \u00e9sta, presidida en la \u00e9poca por el Iltmo. Sr. D. Francisco de Rosa Moreno, se puso a la labor y, finalmente, de acuerdo las dos Corporaciones llegaron a la conclusi\u00f3n de hermanarse. <br \/>Se trata del primero de la Ciudad de Ronda con otra ciudad, esta vez castellana. Entre Ronda y Cuenca, posteriormente, se han producido distintas visitas de tipo cultural y social, aunque en la actualidad estas relaciones se encuentran muy fr\u00edas. Al paseo de Cuenca se accede por la calle Rosario, que sale de la Plaza de Espa\u00f1a, y girando a la derecha, al final de la misma, se toma la calle de los Remedios para a su vez tomar la primera a la derecha conocida como calle de la Mina. En su primer mirador, el Paseo arranca con una panor\u00e1mica del Puente Nuevo, in\u00e9dita hasta la fecha de la construcci\u00f3n del mismo. Una vez disfrutada esta panor\u00e1mica, bajamos un poco y en un peque\u00f1o recoveco o saliente se ve otra del Puente de San Miguel. Se sale de este peque\u00f1o balc\u00f3n y bajando un poco m\u00e1s encontramos unos miradores en bajada que dan al frontispicio de la Casa de la Duquesa de Parcent (Casa del Rey Moro) y a la casa de los Condes de Santa Pola. Al fondo, la impresionante vista de la antigua presa, navegable en un tiempo hasta el puente \u00c1rabe. Desde esos miradores se puede ver tanto la puerta de entrada como la de salida del c\u00e9lebre pasaje de la Mina, que mandara construir el Rey Abomelic I. <br \/>Se sube un poco para reencontrar el paseo superior y se sigue en bajada hasta el \u00faltimo mirador, que est\u00e1 casi al nivel del puente de San Miguel. Desde este mirador hay una vista encantadora de los dos puentes, el de San Miguel y el \u00c1rabe. Una panor\u00e1mica de esas que nos dejar\u00e1n expectantes y maravillados de la situaci\u00f3n particular y \u00fanica de esta ciudad bendecida por Dios.<\/p>\t\t\t\t\t\t<\/div>\n\t\t\t\t<\/div>\n\t\t\t\t\t<\/div>\n\t\t<\/div>\n\t\t\t\t<div class=\"elementor-column elementor-col-50 elementor-inner-column elementor-element elementor-element-fd3f346\" data-id=\"fd3f346\" data-element_type=\"column\">\n\t\t\t<div class=\"elementor-widget-wrap elementor-element-populated\">\n\t\t\t\t\t\t<div class=\"elementor-element elementor-element-ace0a05 elementor-widget elementor-widget-image\" data-id=\"ace0a05\" data-element_type=\"widget\" data-widget_type=\"image.default\">\n\t\t\t\t<div class=\"elementor-widget-container\">\n\t\t\t\t\t\t\t\t\t\t\t\t\t<img loading=\"lazy\" decoding=\"async\" width=\"1024\" height=\"678\" src=\"http:\/\/www.josemariatornay.com\/wp-content\/uploads\/2020\/04\/paseodecuenc1-1024x678.jpg\" class=\"attachment-large size-large wp-image-20442\" alt=\"\" srcset=\"http:\/\/www.josemariatornay.com\/wp-content\/uploads\/2020\/04\/paseodecuenc1-1024x678.jpg 1024w, http:\/\/www.josemariatornay.com\/wp-content\/uploads\/2020\/04\/paseodecuenc1-300x199.jpg 300w, http:\/\/www.josemariatornay.com\/wp-content\/uploads\/2020\/04\/paseodecuenc1-768x508.jpg 768w, http:\/\/www.josemariatornay.com\/wp-content\/uploads\/2020\/04\/paseodecuenc1.jpg 1209w\" sizes=\"(max-width: 1024px) 100vw, 1024px\" \/>\t\t\t\t\t\t\t\t\t\t\t\t\t<\/div>\n\t\t\t\t<\/div>\n\t\t\t\t<div class=\"elementor-element elementor-element-f79933c elementor-widget elementor-widget-text-editor\" data-id=\"f79933c\" data-element_type=\"widget\" data-widget_type=\"text-editor.default\">\n\t\t\t\t<div class=\"elementor-widget-container\">\n\t\t\t\t\t\t\t<p>Hojas ca\u00eddas del cielo<br \/>sobre ramas trepadoras,<br \/>desde un tronco que se escapa<br \/>de las infernales sombras.<br \/>\u00a1C\u00f3mo a\u00f1or\u00e1is unos ojos<br \/>para inundaros de roca,<br \/>rotunda, recia, brav\u00eda,<br \/>altiva, fuerte, gloriosa!<br \/>Ra\u00edces que est\u00e1is flotando<br \/>entre el misterio y la gloria.<\/p>\t\t\t\t\t\t<\/div>\n\t\t\t\t<\/div>\n\t\t\t\t<div class=\"elementor-element elementor-element-0a8be17 elementor-widget elementor-widget-image\" data-id=\"0a8be17\" data-element_type=\"widget\" data-widget_type=\"image.default\">\n\t\t\t\t<div class=\"elementor-widget-container\">\n\t\t\t\t\t\t\t\t\t\t\t\t\t<img loading=\"lazy\" decoding=\"async\" width=\"275\" height=\"183\" src=\"http:\/\/www.josemariatornay.com\/wp-content\/uploads\/2020\/04\/paseodeceunca2.jpg\" class=\"attachment-large size-large wp-image-20443\" alt=\"\" \/>\t\t\t\t\t\t\t\t\t\t\t\t\t<\/div>\n\t\t\t\t<\/div>\n\t\t\t\t<div class=\"elementor-element elementor-element-e0f25a4 elementor-widget elementor-widget-image\" data-id=\"e0f25a4\" data-element_type=\"widget\" data-widget_type=\"image.default\">\n\t\t\t\t<div class=\"elementor-widget-container\">\n\t\t\t\t\t\t\t\t\t\t\t\t\t<img loading=\"lazy\" decoding=\"async\" width=\"550\" height=\"367\" src=\"http:\/\/www.josemariatornay.com\/wp-content\/uploads\/2020\/04\/paseodecuenca3.jpg\" class=\"attachment-large size-large wp-image-20444\" alt=\"\" srcset=\"http:\/\/www.josemariatornay.com\/wp-content\/uploads\/2020\/04\/paseodecuenca3.jpg 550w, http:\/\/www.josemariatornay.com\/wp-content\/uploads\/2020\/04\/paseodecuenca3-300x200.jpg 300w\" sizes=\"(max-width: 550px) 100vw, 550px\" \/>\t\t\t\t\t\t\t\t\t\t\t\t\t<\/div>\n\t\t\t\t<\/div>\n\t\t\t\t\t<\/div>\n\t\t<\/div>\n\t\t\t\t\t<\/div>\n\t\t<\/section>\n\t\t\t\t\t<\/div>\n\t\t<\/div>\n\t\t\t\t\t<\/div>\n\t\t<\/section>\n\t\t\t\t<section class=\"elementor-section elementor-top-section elementor-element elementor-element-a69f5d8 elementor-section-boxed elementor-section-height-default elementor-section-height-default\" data-id=\"a69f5d8\" data-element_type=\"section\">\n\t\t\t\t\t\t<div class=\"elementor-container elementor-column-gap-default\">\n\t\t\t\t\t<div class=\"elementor-column elementor-col-100 elementor-top-column elementor-element elementor-element-49ca6bf\" data-id=\"49ca6bf\" data-element_type=\"column\">\n\t\t\t<div class=\"elementor-widget-wrap elementor-element-populated\">\n\t\t\t\t\t\t<div class=\"elementor-element elementor-element-f5e02c3 elementor-widget-divider--view-line elementor-widget elementor-widget-divider\" data-id=\"f5e02c3\" data-element_type=\"widget\" data-widget_type=\"divider.default\">\n\t\t\t\t<div class=\"elementor-widget-container\">\n\t\t\t\t\t<div class=\"elementor-divider\">\n\t\t\t<span class=\"elementor-divider-separator\">\n\t\t\t\t\t\t<\/span>\n\t\t<\/div>\n\t\t\t\t<\/div>\n\t\t\t\t<\/div>\n\t\t\t\t\t<\/div>\n\t\t<\/div>\n\t\t\t\t\t<\/div>\n\t\t<\/section>\n\t\t\t\t<\/div>\n\t\t","protected":false},"excerpt":{"rendered":"<p>ALAMEDA DEL TAJO \u00a0 \u00a0 Escenario de suspirosde enamorados sedientos,de ilusiones infantilesbajo los tejados frescos.Reposo de almas cansadasy de doloridos cuerpos.Testigo de los furoresque llevan dentro los vientos.M\u00edtica estampa serrana,celosa de sus secretos.nido de besos robadosen procelosos encuentros.Siempre al borde del abismosiembre mirando hacia el cielo,dulce Alameda del Tajo,para\u00edso de mis sue\u00f1os. Este c\u00e9ntrico, amable, [&hellip;]<\/p>\n","protected":false},"author":1,"featured_media":0,"parent":0,"menu_order":0,"comment_status":"closed","ping_status":"closed","template":"","meta":{"_aioseop_title":"","_aioseop_description":"","ngg_post_thumbnail":0,"footnotes":""},"_links":{"self":[{"href":"http:\/\/www.josemariatornay.com\/index.php\/wp-json\/wp\/v2\/pages\/13430"}],"collection":[{"href":"http:\/\/www.josemariatornay.com\/index.php\/wp-json\/wp\/v2\/pages"}],"about":[{"href":"http:\/\/www.josemariatornay.com\/index.php\/wp-json\/wp\/v2\/types\/page"}],"author":[{"embeddable":true,"href":"http:\/\/www.josemariatornay.com\/index.php\/wp-json\/wp\/v2\/users\/1"}],"replies":[{"embeddable":true,"href":"http:\/\/www.josemariatornay.com\/index.php\/wp-json\/wp\/v2\/comments?post=13430"}],"version-history":[{"count":0,"href":"http:\/\/www.josemariatornay.com\/index.php\/wp-json\/wp\/v2\/pages\/13430\/revisions"}],"wp:attachment":[{"href":"http:\/\/www.josemariatornay.com\/index.php\/wp-json\/wp\/v2\/media?parent=13430"}],"curies":[{"name":"wp","href":"https:\/\/api.w.org\/{rel}","templated":true}]}}