{"id":13661,"date":"2017-03-23T22:53:36","date_gmt":"2017-03-23T21:53:36","guid":{"rendered":"http:\/\/www.josemariatornay.com\/?page_id=13661"},"modified":"2020-04-29T19:24:52","modified_gmt":"2020-04-29T18:24:52","slug":"cicerone-trovador-plazas","status":"publish","type":"page","link":"http:\/\/www.josemariatornay.com\/index.php\/cicerone-trovador-plazas\/","title":{"rendered":"Cicerone y Trovador: PLAZAS"},"content":{"rendered":"\t\t<div data-elementor-type=\"wp-post\" data-elementor-id=\"13661\" class=\"elementor elementor-13661 elementor-bc-flex-widget\">\n\t\t\t\t\t\t<section class=\"elementor-section elementor-top-section elementor-element elementor-element-j2wida9 elementor-section-boxed elementor-section-height-default elementor-section-height-default\" data-id=\"j2wida9\" data-element_type=\"section\">\n\t\t\t\t\t\t<div class=\"elementor-container elementor-column-gap-default\">\n\t\t\t\t\t<div class=\"elementor-column elementor-col-33 elementor-top-column elementor-element elementor-element-z8zlyu3\" data-id=\"z8zlyu3\" data-element_type=\"column\">\n\t\t\t<div class=\"elementor-widget-wrap elementor-element-populated\">\n\t\t\t\t\t\t<div class=\"elementor-element elementor-element-z9ln14z elementor-widget elementor-widget-heading\" data-id=\"z9ln14z\" data-element_type=\"widget\" data-widget_type=\"heading.default\">\n\t\t\t\t<div class=\"elementor-widget-container\">\n\t\t\t<style>\/*! elementor - v3.20.0 - 20-03-2024 *\/\n.elementor-heading-title{padding:0;margin:0;line-height:1}.elementor-widget-heading .elementor-heading-title[class*=elementor-size-]>a{color:inherit;font-size:inherit;line-height:inherit}.elementor-widget-heading .elementor-heading-title.elementor-size-small{font-size:15px}.elementor-widget-heading .elementor-heading-title.elementor-size-medium{font-size:19px}.elementor-widget-heading .elementor-heading-title.elementor-size-large{font-size:29px}.elementor-widget-heading .elementor-heading-title.elementor-size-xl{font-size:39px}.elementor-widget-heading .elementor-heading-title.elementor-size-xxl{font-size:59px}<\/style><h2 class=\"elementor-heading-title elementor-size-default\">PLAZA DE ESPA\u00d1A<\/h2>\t\t<\/div>\n\t\t\t\t<\/div>\n\t\t\t\t<div class=\"elementor-element elementor-element-a7htsct elementor-widget elementor-widget-text-editor\" data-id=\"a7htsct\" data-element_type=\"widget\" data-widget_type=\"text-editor.default\">\n\t\t\t\t<div class=\"elementor-widget-container\">\n\t\t\t<style>\/*! elementor - v3.20.0 - 20-03-2024 *\/\n.elementor-widget-text-editor.elementor-drop-cap-view-stacked .elementor-drop-cap{background-color:#69727d;color:#fff}.elementor-widget-text-editor.elementor-drop-cap-view-framed .elementor-drop-cap{color:#69727d;border:3px solid;background-color:transparent}.elementor-widget-text-editor:not(.elementor-drop-cap-view-default) .elementor-drop-cap{margin-top:8px}.elementor-widget-text-editor:not(.elementor-drop-cap-view-default) .elementor-drop-cap-letter{width:1em;height:1em}.elementor-widget-text-editor .elementor-drop-cap{float:left;text-align:center;line-height:1;font-size:50px}.elementor-widget-text-editor .elementor-drop-cap-letter{display:inline-block}<\/style>\t\t\t\t<p><strong>Plaza del Parador,<\/strong><br \/><strong>plaza de Espa\u00f1a,<\/strong><br \/><strong>con sus puertas abiertas<\/strong><br \/><strong>y su farmacia.<\/strong><br \/><strong>Con sus bares cerrados<\/strong><br \/><strong>y su cer\u00e1mica,<\/strong><br \/><strong>con R\u00edos Rosas pendiente<\/strong><br \/><strong>en su atalaya,<\/strong><br \/><strong>con su plaza de abastos,<\/strong><br \/><strong>pura nostalgia.<\/strong><br \/><strong>Por su cine y su torre<\/strong><br \/><strong>a\u00fan brotan l\u00e1grimas,<\/strong><br \/><strong>y por su barber\u00eda<\/strong><br \/><strong>lloran las barbas.<\/strong><br \/><strong>Plaza del Parador,<\/strong><br \/><strong>Plaza de Espa\u00f1a.<\/strong><\/p>\t\t\t\t\t\t<\/div>\n\t\t\t\t<\/div>\n\t\t\t\t\t<\/div>\n\t\t<\/div>\n\t\t\t\t<div class=\"elementor-column elementor-col-66 elementor-top-column elementor-element elementor-element-0ahecog\" data-id=\"0ahecog\" data-element_type=\"column\">\n\t\t\t<div class=\"elementor-widget-wrap elementor-element-populated\">\n\t\t\t\t\t\t<div class=\"elementor-element elementor-element-94mbnze elementor-widget elementor-widget-image\" data-id=\"94mbnze\" data-element_type=\"widget\" data-widget_type=\"image.default\">\n\t\t\t\t<div class=\"elementor-widget-container\">\n\t\t\t<style>\/*! elementor - v3.20.0 - 20-03-2024 *\/\n.elementor-widget-image{text-align:center}.elementor-widget-image a{display:inline-block}.elementor-widget-image a img[src$=\".svg\"]{width:48px}.elementor-widget-image img{vertical-align:middle;display:inline-block}<\/style>\t\t\t\t\t\t\t\t\t\t<img fetchpriority=\"high\" decoding=\"async\" width=\"375\" height=\"281\" src=\"http:\/\/www.josemariatornay.com\/wp-content\/uploads\/2017\/03\/01.jpg\" class=\"attachment-large size-large wp-image-13663\" alt=\"\" srcset=\"http:\/\/www.josemariatornay.com\/wp-content\/uploads\/2017\/03\/01.jpg 375w, http:\/\/www.josemariatornay.com\/wp-content\/uploads\/2017\/03\/01-300x225.jpg 300w\" sizes=\"(max-width: 375px) 100vw, 375px\" \/>\t\t\t\t\t\t\t\t\t\t\t\t\t<\/div>\n\t\t\t\t<\/div>\n\t\t\t\t\t<\/div>\n\t\t<\/div>\n\t\t\t\t\t<\/div>\n\t\t<\/section>\n\t\t\t\t<section class=\"elementor-section elementor-top-section elementor-element elementor-element-9a4l88w elementor-section-boxed elementor-section-height-default elementor-section-height-default\" data-id=\"9a4l88w\" data-element_type=\"section\">\n\t\t\t\t\t\t<div class=\"elementor-container elementor-column-gap-default\">\n\t\t\t\t\t<div class=\"elementor-column elementor-col-100 elementor-top-column elementor-element elementor-element-nlcw3w2\" data-id=\"nlcw3w2\" data-element_type=\"column\">\n\t\t\t<div class=\"elementor-widget-wrap elementor-element-populated\">\n\t\t\t\t\t\t<div class=\"elementor-element elementor-element-y2y6741 elementor-widget elementor-widget-text-editor\" data-id=\"y2y6741\" data-element_type=\"widget\" data-widget_type=\"text-editor.default\">\n\t\t\t\t<div class=\"elementor-widget-container\">\n\t\t\t\t\t\t\t<p>La Plaza de Espa\u00f1a se llam\u00f3, despu\u00e9s de la construcci\u00f3n del Puente Nuevo, Plaza del Puente, nombre que conserv\u00f3 hasta que en el siglo XIX se le puso el nombre de la Constituci\u00f3n para, en el siglo siguiente, ponerle el nombre de Espa\u00f1a.<br \/>La Plaza la mand\u00f3 construir en el a\u00f1o 1.806, el Corregidor D. Vicente Cano Almaz\u00e1n;\u00a0 constaba de 36 arcos sostenidos por\u00a0 columnas de piedra, bajo\u00a0 los cuales hab\u00eda un soportal corrido de cinco metros de ancho. La fachada ten\u00eda tres frentes con sus balconadas, que le daban el aspecto elegante de las cl\u00e1sicas plazas antiguas que se conservan en la actualidad en bastantes ciudades espa\u00f1olas.<br \/>En el a\u00f1o 1.847, con fondos propios de la Ciudad, se construy\u00f3 una Casa Capitular, al oeste de la Plaza, como as\u00ed mismo una\u00a0 Alh\u00f3ndiga que se encontraba a la derecha de la casa Capitular. Con lo que la Ciudad quedaba dotada de unas instalaciones capitulares m\u00e1s acordes con la importancia que hab\u00eda adquirido Ronda con la construcci\u00f3n del Puente Nuevo.<br \/>Esta Plaza por su situaci\u00f3n al poniente sufri\u00f3, a causa de los vientos y temporales de lluvia,\u00a0 un deterioro importante durante el siglo XIX, y as\u00ed mismo en el a\u00f1o 1.860 se derrumbaron una serie de arcos y columnas que la dejaron en un estado ruinoso, por lo que el Ayuntamiento decidi\u00f3 destinar la parte frontal al Ayuntamiento y el lateral norte, que fueron restaurados por los due\u00f1os de las casas, pero ya sin los arcos ni el los soportales que la hab\u00edan caracterizado anteriormente. \u00a0<br \/>Estando en pleno proceso de restauraci\u00f3n, el d\u00eda 7 de Agosto de 1.863, se oyeron unos crujidos e inmediatamente unos gritos que advert\u00edan de que la construcci\u00f3n se ven\u00eda a bajo, como as\u00ed fue. Despu\u00e9s de la consternaci\u00f3n y el miedo que hab\u00edan pasado las personas que se encontraban en los soportales, hubo que, <br \/>urgentemente, ir apartando los escombros para recuperar a las personas que hab\u00edan quedado bajo ellos, sin que se produjera m\u00e1s que una victima mortal y un buen n\u00famero de heridos. El susto fue morrocotudo y la consternaci\u00f3n y la p\u00e9rdida de los fondos, tambi\u00e9n, por lo que la Plaza estuvo muchos a\u00f1os en ruinas hasta que a finales del siglo el Ayuntamiento, con la colaboraci\u00f3n de los vecinos y due\u00f1os de los edificios, la restaur\u00f3 y consolid\u00f3.<br \/>La Casa Capitular, Ayuntamiento posteriormente, y la alh\u00f3ndiga, mercado de mayoristas y minoristas, se cedi\u00f3 por el Municipio en el a\u00f1o 1.984 al Ministerio de Turismo para la construcci\u00f3n de un Parador, que se inaugurar\u00eda el d\u00eda 19 de Septiembre del a\u00f1o 1.994.<br \/>La Plaza de Espa\u00f1a en la actualidad es el centro neur\u00e1lgico de Ronda ; es \u00a0amplia, elegante y a la par sobria, siendo, as\u00ed mismo, la plaza por excelencia de Ronda. En ella, adem\u00e1s del Parador de Turismo, se encuentra un Monumento al ilustre hijo de Ronda D. Antonio R\u00edos Rosas, como tambi\u00e9n, el inicio de la cornisa que, bordeando el Parador, va a dar a los jardines de Blas Infante, haciendo un recorrido espectacular por la cornisa oeste de Ronda, desde donde se puede disfrutar de la inmensidad de la Serran\u00eda, de los Molinos del Tajo y de todo el valle del Guadalev\u00edn.<br \/>La Plaza cuenta con otras instalaciones tur\u00edsticas, como hoteles, restaurantes, tiendas de recuerdos,\u00a0 alfarer\u00eda, y productos t\u00edpicos de la Serran\u00eda de Ronda. De esta Plaza arrancan en la actualidad, las salidas para la Costa del Sol y Sevilla-Jerez.\u00a0<\/p>\t\t\t\t\t\t<\/div>\n\t\t\t\t<\/div>\n\t\t\t\t\t<\/div>\n\t\t<\/div>\n\t\t\t\t\t<\/div>\n\t\t<\/section>\n\t\t\t\t<section class=\"elementor-section elementor-top-section elementor-element elementor-element-0bd4800 elementor-section-boxed elementor-section-height-default elementor-section-height-default\" data-id=\"0bd4800\" data-element_type=\"section\">\n\t\t\t\t\t\t<div class=\"elementor-container elementor-column-gap-default\">\n\t\t\t\t\t<div class=\"elementor-column elementor-col-100 elementor-top-column elementor-element elementor-element-7b145d6\" data-id=\"7b145d6\" data-element_type=\"column\">\n\t\t\t<div class=\"elementor-widget-wrap elementor-element-populated\">\n\t\t\t\t\t\t<div class=\"elementor-element elementor-element-afecbfe elementor-widget-divider--view-line elementor-widget elementor-widget-divider\" data-id=\"afecbfe\" data-element_type=\"widget\" data-widget_type=\"divider.default\">\n\t\t\t\t<div class=\"elementor-widget-container\">\n\t\t\t<style>\/*! elementor - v3.20.0 - 20-03-2024 *\/\n.elementor-widget-divider{--divider-border-style:none;--divider-border-width:1px;--divider-color:#0c0d0e;--divider-icon-size:20px;--divider-element-spacing:10px;--divider-pattern-height:24px;--divider-pattern-size:20px;--divider-pattern-url:none;--divider-pattern-repeat:repeat-x}.elementor-widget-divider .elementor-divider{display:flex}.elementor-widget-divider .elementor-divider__text{font-size:15px;line-height:1;max-width:95%}.elementor-widget-divider .elementor-divider__element{margin:0 var(--divider-element-spacing);flex-shrink:0}.elementor-widget-divider .elementor-icon{font-size:var(--divider-icon-size)}.elementor-widget-divider .elementor-divider-separator{display:flex;margin:0;direction:ltr}.elementor-widget-divider--view-line_icon .elementor-divider-separator,.elementor-widget-divider--view-line_text .elementor-divider-separator{align-items:center}.elementor-widget-divider--view-line_icon .elementor-divider-separator:after,.elementor-widget-divider--view-line_icon .elementor-divider-separator:before,.elementor-widget-divider--view-line_text .elementor-divider-separator:after,.elementor-widget-divider--view-line_text .elementor-divider-separator:before{display:block;content:\"\";border-block-end:0;flex-grow:1;border-block-start:var(--divider-border-width) var(--divider-border-style) var(--divider-color)}.elementor-widget-divider--element-align-left .elementor-divider .elementor-divider-separator>.elementor-divider__svg:first-of-type{flex-grow:0;flex-shrink:100}.elementor-widget-divider--element-align-left .elementor-divider-separator:before{content:none}.elementor-widget-divider--element-align-left .elementor-divider__element{margin-left:0}.elementor-widget-divider--element-align-right .elementor-divider .elementor-divider-separator>.elementor-divider__svg:last-of-type{flex-grow:0;flex-shrink:100}.elementor-widget-divider--element-align-right .elementor-divider-separator:after{content:none}.elementor-widget-divider--element-align-right .elementor-divider__element{margin-right:0}.elementor-widget-divider--element-align-start .elementor-divider .elementor-divider-separator>.elementor-divider__svg:first-of-type{flex-grow:0;flex-shrink:100}.elementor-widget-divider--element-align-start .elementor-divider-separator:before{content:none}.elementor-widget-divider--element-align-start .elementor-divider__element{margin-inline-start:0}.elementor-widget-divider--element-align-end .elementor-divider .elementor-divider-separator>.elementor-divider__svg:last-of-type{flex-grow:0;flex-shrink:100}.elementor-widget-divider--element-align-end .elementor-divider-separator:after{content:none}.elementor-widget-divider--element-align-end .elementor-divider__element{margin-inline-end:0}.elementor-widget-divider:not(.elementor-widget-divider--view-line_text):not(.elementor-widget-divider--view-line_icon) .elementor-divider-separator{border-block-start:var(--divider-border-width) var(--divider-border-style) var(--divider-color)}.elementor-widget-divider--separator-type-pattern{--divider-border-style:none}.elementor-widget-divider--separator-type-pattern.elementor-widget-divider--view-line .elementor-divider-separator,.elementor-widget-divider--separator-type-pattern:not(.elementor-widget-divider--view-line) .elementor-divider-separator:after,.elementor-widget-divider--separator-type-pattern:not(.elementor-widget-divider--view-line) .elementor-divider-separator:before,.elementor-widget-divider--separator-type-pattern:not([class*=elementor-widget-divider--view]) .elementor-divider-separator{width:100%;min-height:var(--divider-pattern-height);-webkit-mask-size:var(--divider-pattern-size) 100%;mask-size:var(--divider-pattern-size) 100%;-webkit-mask-repeat:var(--divider-pattern-repeat);mask-repeat:var(--divider-pattern-repeat);background-color:var(--divider-color);-webkit-mask-image:var(--divider-pattern-url);mask-image:var(--divider-pattern-url)}.elementor-widget-divider--no-spacing{--divider-pattern-size:auto}.elementor-widget-divider--bg-round{--divider-pattern-repeat:round}.rtl .elementor-widget-divider .elementor-divider__text{direction:rtl}.e-con-inner>.elementor-widget-divider,.e-con>.elementor-widget-divider{width:var(--container-widget-width,100%);--flex-grow:var(--container-widget-flex-grow)}<\/style>\t\t<div class=\"elementor-divider\">\n\t\t\t<span class=\"elementor-divider-separator\">\n\t\t\t\t\t\t<\/span>\n\t\t<\/div>\n\t\t\t\t<\/div>\n\t\t\t\t<\/div>\n\t\t\t\t\t<\/div>\n\t\t<\/div>\n\t\t\t\t\t<\/div>\n\t\t<\/section>\n\t\t\t\t<section class=\"elementor-section elementor-top-section elementor-element elementor-element-79d3d3e elementor-section-boxed elementor-section-height-default elementor-section-height-default\" data-id=\"79d3d3e\" data-element_type=\"section\">\n\t\t\t\t\t\t<div class=\"elementor-container elementor-column-gap-default\">\n\t\t\t\t\t<div class=\"elementor-column elementor-col-50 elementor-top-column elementor-element elementor-element-7d3efa4\" data-id=\"7d3efa4\" data-element_type=\"column\">\n\t\t\t<div class=\"elementor-widget-wrap elementor-element-populated\">\n\t\t\t\t\t\t<div class=\"elementor-element elementor-element-7fc8e7e elementor-widget elementor-widget-text-editor\" data-id=\"7fc8e7e\" data-element_type=\"widget\" data-widget_type=\"text-editor.default\">\n\t\t\t\t<div class=\"elementor-widget-container\">\n\t\t\t\t\t\t\t<p>Al final de la calle Tenorio se encuentra una plaza, que el pueblo la ha llamado siempre \u201cel Campillo\u201d, tal vez, por su reducido espacio como para ser un campo, y que era, eso, un peque\u00f1o lugar en el que terminaba este sector de Ronda, dando acceso por un camino, situado en el \u00e1ngulo de la derecha, a los antiguos Molinos del Tajo.<br \/>Este camino de los Molinos se ha arreglado y por \u00e9l circulan a diario un buen n\u00famero de turistas, que bajan para disfrutar de las vistas espectaculares del Tajo y el Puente Nuevo.<br \/>\u2028Con la venida de los Salesianos a Ronda en el a\u00f1o de 1.902, \u00e9stos solicitaron que la tal Plaza llevase el nombre de la Virgen que hab\u00eda ayudado a su Santo Fundador a crear la Congregaci\u00f3n: \u201cMar\u00eda Auxiliadora\u201d. La Corporaci\u00f3n de la \u00e9poca lo vio bien y con ese nombre oficial qued\u00f3. Por ello hay un azulejo con la figura de la citada Virgen y la inscripci\u00f3n con su nombre.\u2028<br \/>Se trata de una plaza coqueta y con unas balconadas que dan a la Serran\u00eda y que son un compendio de situaci\u00f3n privilegiada hacia el oeste de Ronda. Desde ella se ven las sierras m\u00e1s importantes de la cadena que cierra este valle, desde el Pe\u00f1\u00f3n del Mure hasta la Sierra de la Peineta. Ello incluye el espectacular Pico de San Crist\u00f3bal y la colecci\u00f3n de medias sierras de tonos grises y verdes que, al atardecer y amanecer, son un regalo que Dios le hace a los ronde\u00f1os para que crean en su existencia.\u2028<br \/>La Plaza cuenta con el muro exterior de la Escuelas Salesianas de Santa Teresa, hoy Conservatorio Elemental de M\u00fasica, que lleva el nombre de su creador Ram\u00f3n Corrales. De igual forma, cuenta con la Casa del matrimonio, desaparecidos hace a\u00f1os, Martos-Avil\u00e9s Casco; una vivienda con una situaci\u00f3n espl\u00e9ndida que se encuentra , en la actualidad, en media ruina, pero cuya situaci\u00f3n y enclave son perfectos; desde ella se disfruta de una panor\u00e1mica maravillosa del todo el sector oeste del Tajo, incluida el Asa de la Caldera. El edificio es una casa solariega con unos jardines estupendos y un interior amplio en dos plantas y un primer s\u00f3tano en el que estaba situado el servicio y las cocinas y en el segundo s\u00f3tano se encontraban los gallineros, las conejeras y un peque\u00f1o huerto. \u2028Esta casa linda, por su parte este con una segregaci\u00f3n que se hizo del Palacio de Mondrag\u00f3n y que en la actualidad ocupa D. Juli\u00e1n de Zulueta y Cebri\u00e1n, ilustre cient\u00edfico de la UNESCO y ex alcalde de nuestra Ciudad, en la segunda legislatura de la democracia.<br \/>A continuaci\u00f3n, hay una callejuela que lleva a la Plaza de Mondrag\u00f3n y una serie de casa del servicio, que se han restaurado \u00faltimamente con un gusto exquisito, habiendo conservado el sabor \u00e1rabe &#8211; andaluz que ten\u00edan.<\/p>\t\t\t\t\t\t<\/div>\n\t\t\t\t<\/div>\n\t\t\t\t\t<\/div>\n\t\t<\/div>\n\t\t\t\t<div class=\"elementor-column elementor-col-50 elementor-top-column elementor-element elementor-element-f3c8bf4\" data-id=\"f3c8bf4\" data-element_type=\"column\">\n\t\t\t<div class=\"elementor-widget-wrap elementor-element-populated\">\n\t\t\t\t\t\t<div class=\"elementor-element elementor-element-28e95b9 elementor-widget elementor-widget-heading\" data-id=\"28e95b9\" data-element_type=\"widget\" data-widget_type=\"heading.default\">\n\t\t\t\t<div class=\"elementor-widget-container\">\n\t\t\t<h2 class=\"elementor-heading-title elementor-size-default\">EL CAMPILLO<\/h2>\t\t<\/div>\n\t\t\t\t<\/div>\n\t\t\t\t<div class=\"elementor-element elementor-element-86fe0b2 elementor-widget elementor-widget-image\" data-id=\"86fe0b2\" data-element_type=\"widget\" data-widget_type=\"image.default\">\n\t\t\t\t<div class=\"elementor-widget-container\">\n\t\t\t\t\t\t\t\t\t\t\t\t\t<img decoding=\"async\" width=\"400\" height=\"300\" src=\"http:\/\/www.josemariatornay.com\/wp-content\/uploads\/2020\/04\/elcampillo1.jpg\" class=\"attachment-large size-large wp-image-19951\" alt=\"\" srcset=\"http:\/\/www.josemariatornay.com\/wp-content\/uploads\/2020\/04\/elcampillo1.jpg 400w, http:\/\/www.josemariatornay.com\/wp-content\/uploads\/2020\/04\/elcampillo1-300x225.jpg 300w\" sizes=\"(max-width: 400px) 100vw, 400px\" \/>\t\t\t\t\t\t\t\t\t\t\t\t\t<\/div>\n\t\t\t\t<\/div>\n\t\t\t\t<div class=\"elementor-element elementor-element-818de01 elementor-widget elementor-widget-text-editor\" data-id=\"818de01\" data-element_type=\"widget\" data-widget_type=\"text-editor.default\">\n\t\t\t\t<div class=\"elementor-widget-container\">\n\t\t\t\t\t\t\t<p>Mirando a ese horizonte tan travieso<br \/>donde el sol se retira hasta ma\u00f1ana,<br \/>la Plaza del Campillo se engalana<br \/>para asistir al m\u00e1gico suceso.<\/p><p>Recibe el homenaje como un beso<br \/>que manda el astro de la frente grana<br \/>y en su pecho se agita la liviana<br \/>nostalgia que reclama su regreso.<\/p><p>En tus jardines siguen mis anhelos<br \/>jugando entre los trozos de una infancia<br \/>que sigue disfrutando en tus balcones.<\/p><p>Escenario de dudas y desvelos,<br \/>universo pre\u00f1ado de fragancia,<br \/>escuela de imborrables emociones.<\/p>\t\t\t\t\t\t<\/div>\n\t\t\t\t<\/div>\n\t\t\t\t<div class=\"elementor-element elementor-element-dd06d03 elementor-widget elementor-widget-image\" data-id=\"dd06d03\" data-element_type=\"widget\" data-widget_type=\"image.default\">\n\t\t\t\t<div class=\"elementor-widget-container\">\n\t\t\t\t\t\t\t\t\t\t\t\t\t<img decoding=\"async\" width=\"400\" height=\"300\" src=\"http:\/\/www.josemariatornay.com\/wp-content\/uploads\/2020\/04\/elcampillo2.jpg\" class=\"attachment-large size-large wp-image-19952\" alt=\"\" srcset=\"http:\/\/www.josemariatornay.com\/wp-content\/uploads\/2020\/04\/elcampillo2.jpg 400w, http:\/\/www.josemariatornay.com\/wp-content\/uploads\/2020\/04\/elcampillo2-300x225.jpg 300w\" sizes=\"(max-width: 400px) 100vw, 400px\" \/>\t\t\t\t\t\t\t\t\t\t\t\t\t<\/div>\n\t\t\t\t<\/div>\n\t\t\t\t\t<\/div>\n\t\t<\/div>\n\t\t\t\t\t<\/div>\n\t\t<\/section>\n\t\t\t\t<section class=\"elementor-section elementor-top-section elementor-element elementor-element-3f0637b elementor-section-boxed elementor-section-height-default elementor-section-height-default\" data-id=\"3f0637b\" data-element_type=\"section\">\n\t\t\t\t\t\t<div class=\"elementor-container elementor-column-gap-default\">\n\t\t\t\t\t<div class=\"elementor-column elementor-col-100 elementor-top-column elementor-element elementor-element-d71a1d3\" data-id=\"d71a1d3\" data-element_type=\"column\">\n\t\t\t<div class=\"elementor-widget-wrap elementor-element-populated\">\n\t\t\t\t\t\t<div class=\"elementor-element elementor-element-3612c5b elementor-widget-divider--view-line elementor-widget elementor-widget-divider\" data-id=\"3612c5b\" data-element_type=\"widget\" data-widget_type=\"divider.default\">\n\t\t\t\t<div class=\"elementor-widget-container\">\n\t\t\t\t\t<div class=\"elementor-divider\">\n\t\t\t<span class=\"elementor-divider-separator\">\n\t\t\t\t\t\t<\/span>\n\t\t<\/div>\n\t\t\t\t<\/div>\n\t\t\t\t<\/div>\n\t\t\t\t\t<\/div>\n\t\t<\/div>\n\t\t\t\t\t<\/div>\n\t\t<\/section>\n\t\t\t\t<section class=\"elementor-section elementor-top-section elementor-element elementor-element-7a01ed0 elementor-section-boxed elementor-section-height-default elementor-section-height-default\" data-id=\"7a01ed0\" data-element_type=\"section\">\n\t\t\t\t\t\t<div class=\"elementor-container elementor-column-gap-default\">\n\t\t\t\t\t<div class=\"elementor-column elementor-col-50 elementor-top-column elementor-element elementor-element-01df499\" data-id=\"01df499\" data-element_type=\"column\">\n\t\t\t<div class=\"elementor-widget-wrap elementor-element-populated\">\n\t\t\t\t\t\t<div class=\"elementor-element elementor-element-fed1194 elementor-widget elementor-widget-heading\" data-id=\"fed1194\" data-element_type=\"widget\" data-widget_type=\"heading.default\">\n\t\t\t\t<div class=\"elementor-widget-container\">\n\t\t\t<h2 class=\"elementor-heading-title elementor-size-default\">DUQUESA DE PARCENT<\/h2>\t\t<\/div>\n\t\t\t\t<\/div>\n\t\t\t\t<div class=\"elementor-element elementor-element-e1fcf7b elementor-widget elementor-widget-image\" data-id=\"e1fcf7b\" data-element_type=\"widget\" data-widget_type=\"image.default\">\n\t\t\t\t<div class=\"elementor-widget-container\">\n\t\t\t\t\t\t\t\t\t\t\t\t\t<img loading=\"lazy\" decoding=\"async\" width=\"800\" height=\"536\" src=\"http:\/\/www.josemariatornay.com\/wp-content\/uploads\/2020\/04\/duquesadeparcent1.jpg\" class=\"attachment-large size-large wp-image-20343\" alt=\"\" srcset=\"http:\/\/www.josemariatornay.com\/wp-content\/uploads\/2020\/04\/duquesadeparcent1.jpg 800w, http:\/\/www.josemariatornay.com\/wp-content\/uploads\/2020\/04\/duquesadeparcent1-300x201.jpg 300w, http:\/\/www.josemariatornay.com\/wp-content\/uploads\/2020\/04\/duquesadeparcent1-768x515.jpg 768w\" sizes=\"(max-width: 800px) 100vw, 800px\" \/>\t\t\t\t\t\t\t\t\t\t\t\t\t<\/div>\n\t\t\t\t<\/div>\n\t\t\t\t<div class=\"elementor-element elementor-element-2f46189 elementor-widget elementor-widget-text-editor\" data-id=\"2f46189\" data-element_type=\"widget\" data-widget_type=\"text-editor.default\">\n\t\t\t\t<div class=\"elementor-widget-container\">\n\t\t\t\t\t\t\t<p>Ay, plaza de mi infancia!<br \/>\u00a1Ay, rinc\u00f3n de mis juegos!<br \/>De mis ojos sin nubes,<br \/>de mis d\u00edas sin miedo.<br \/>De una historia a estrenar,<br \/>de un futuro completo.<br \/>Duquesa de Parcent,<br \/>\u00a1cu\u00e1nto te quiero!<br \/>Me diste otro horizonte,<br \/>un mundo nuevo,<br \/>un mundo diferente,<br \/>un mundo viejo,<br \/>en tiempos complicados,<br \/>en buenos tiempos,<br \/>tiempos en que so\u00f1aba<br \/>que yo era eterno.<br \/>Guardada por castillos<br \/>y nobles templos,<br \/>Duquesa de Parcent,<br \/>\u00a1Cu\u00e1nto te quiero!<\/p>\t\t\t\t\t\t<\/div>\n\t\t\t\t<\/div>\n\t\t\t\t<div class=\"elementor-element elementor-element-58e8bea elementor-widget elementor-widget-image\" data-id=\"58e8bea\" data-element_type=\"widget\" data-widget_type=\"image.default\">\n\t\t\t\t<div class=\"elementor-widget-container\">\n\t\t\t\t\t\t\t\t\t\t\t\t\t<img loading=\"lazy\" decoding=\"async\" width=\"960\" height=\"540\" src=\"http:\/\/www.josemariatornay.com\/wp-content\/uploads\/2020\/04\/duquesadeparcent2.jpg\" class=\"attachment-large size-large wp-image-20344\" alt=\"\" srcset=\"http:\/\/www.josemariatornay.com\/wp-content\/uploads\/2020\/04\/duquesadeparcent2.jpg 960w, http:\/\/www.josemariatornay.com\/wp-content\/uploads\/2020\/04\/duquesadeparcent2-300x169.jpg 300w, http:\/\/www.josemariatornay.com\/wp-content\/uploads\/2020\/04\/duquesadeparcent2-768x432.jpg 768w\" sizes=\"(max-width: 960px) 100vw, 960px\" \/>\t\t\t\t\t\t\t\t\t\t\t\t\t<\/div>\n\t\t\t\t<\/div>\n\t\t\t\t\t<\/div>\n\t\t<\/div>\n\t\t\t\t<div class=\"elementor-column elementor-col-50 elementor-top-column elementor-element elementor-element-f821d14\" data-id=\"f821d14\" data-element_type=\"column\">\n\t\t\t<div class=\"elementor-widget-wrap elementor-element-populated\">\n\t\t\t\t\t\t<div class=\"elementor-element elementor-element-f14c10a elementor-widget elementor-widget-text-editor\" data-id=\"f14c10a\" data-element_type=\"widget\" data-widget_type=\"text-editor.default\">\n\t\t\t\t<div class=\"elementor-widget-container\">\n\t\t\t\t\t\t\t<p>La que hoy conocemos como Plaza de la Duquesa de Parcent, fue en su tiempo la Gran Plaza de la Alcazaba que, saliendo del Castillo, daba esplendor a la ciudad y la conduc\u00eda por calles hermosas hacia la parte m\u00e1s noble de la Ronda musulmana.<br \/>Despu\u00e9s de la Reconquista y con el da\u00f1o que sufri\u00f3 la Ciudad por los constantes bombardeos que sobre ella se hicieron, qued\u00f3 en ruinas hasta su restauraci\u00f3n, convirti\u00e9ndose en la Plaza de Santa Mar\u00eda. Era entonces la plaza principal, de ah\u00ed el nombre popular que ha llevado siempre de \u201cPlaza de la Ciudad\u201d.<br \/>En ella se celebraban las fiestas populares, las justas y concursos a caballo y los lanceamientos de toros en la \u00e9poca antigua. All\u00ed se encontraba el Ayuntamiento, el P\u00f3sito, los cuarteles, la c\u00e1rcel y el propio Castillo, construy\u00e9ndose en su espacio el Convento de Santa Isabel de los \u00c1ngeles, la Capilla de la Caridad y la actual Santa Mar\u00eda de la Encarnaci\u00f3n, sobre las ruinas de la antigua Mezquita Mayor.<br \/>Esta plaza fue construida por los \u00e1rabes sobre unos muros de contenci\u00f3n, por lo que se cree que est\u00e1 hueca, y que por sus bajos circula el pasadizo que, viniendo de Mondrag\u00f3n, conectaba con el Castillo, estructura \u00e1rabe que est\u00e1 cegada en la actualidad.<br \/>Cuando se construye el Puente Nuevo, la ciudad se empieza a desarrollar hacia el Norte (Llanos del Mercadillo), quedando un poco abandonado este barrio, que hab\u00eda sido la parte residencial de Ronda y donde se encontraban la mayor parte de las grandes mansiones de la nobleza y de los c\u00e9lebres \u201cse\u00f1oritos\u201d de Ronda.<br \/>Por ese tiempo y en agradecimiento a la labor que hab\u00eda hecho la Duquesa de Parcent en Ronda, al traer a ebanistas, carpinteros, tallistas, jardineros, tejedores, cerrajeros, etc\u00e9tera y promocionando entre los ronde\u00f1os estos oficios, que tanto prestigio le han dado a nuestra Ciudad, se le llam\u00f3 Plaza de la Duquesa de Parcent, sin que por ello perdiese su nombre popular. De hecho, el per\u00edmetro<br \/>del jard\u00edn que luce en ella es la corona del ducado de Parcent, hoy desaparecido.<br \/>Recientemente se ha colocado en el centro el busto de la Duquesa, gracias a la iniciativa de un grupo de ronde\u00f1os y del Alcalde Juan Ben\u00edtez Melgar. El busto, en m\u00e1rmol blanco, es un regalo que el nieto de la Duquesa, el Pr\u00edncipe Alfonso de Hohenlohe, hizo a la ciudad de Ronda y que dorm\u00eda el sue\u00f1o de los justos en un sal\u00f3n del Ayuntamiento actual.<br \/>El antiguo cuartel de milicias, situado al Este de la plaza, de la \u00e9poca de Carlos III, fue dinamitado por las tropas francesas cuando abandonaron la ciudad de Ronda y restaurado posteriormente en la \u00e9poca de Fernando VII, como cuartel y posterior Caja de Reclutas, colegio, escuela de m\u00fasica y casa de vecinos, ser definitivamente restaurado en los a\u00f1os setenta como Ayuntamiento de Ronda, habi\u00e9ndose cedido el antiguo para Parador de Turismo.<br \/><br \/><\/p>\t\t\t\t\t\t<\/div>\n\t\t\t\t<\/div>\n\t\t\t\t\t<\/div>\n\t\t<\/div>\n\t\t\t\t\t<\/div>\n\t\t<\/section>\n\t\t\t\t<section class=\"elementor-section elementor-top-section elementor-element elementor-element-121e158 elementor-section-boxed elementor-section-height-default elementor-section-height-default\" data-id=\"121e158\" data-element_type=\"section\">\n\t\t\t\t\t\t<div class=\"elementor-container elementor-column-gap-default\">\n\t\t\t\t\t<div class=\"elementor-column elementor-col-100 elementor-top-column elementor-element elementor-element-4306373\" data-id=\"4306373\" data-element_type=\"column\">\n\t\t\t<div class=\"elementor-widget-wrap elementor-element-populated\">\n\t\t\t\t\t\t<div class=\"elementor-element elementor-element-de081d1 elementor-widget elementor-widget-text-editor\" data-id=\"de081d1\" data-element_type=\"widget\" data-widget_type=\"text-editor.default\">\n\t\t\t\t<div class=\"elementor-widget-container\">\n\t\t\t\t\t\t\t<p>Por su parte Sur, la Plaza estaba cerrada, al borde del precipicio, por el antiguo Castillo del Laurel, que fue cedido, para convertirlo en colegio, a la orden de los Agustinos, hasta que en el a\u00f1o 1917 lo retomaron como colegio los Salesianos, cedido por la Fundaci\u00f3n Moctezuma, como colegio para internos. Fue un centro escolar de prestigio y fama nacional. En la actualidad, y una vez que los Salesianos lo dejaron hace dos a\u00f1os, ha sido adquirido por una sociedad de ronde\u00f1os para hacer una instalaci\u00f3n hotelera.<br \/>En la parte Suroeste se encuentra el citado Convento de Santa Isabel de los \u00c1ngeles que fue una cesi\u00f3n de la Reina Isabel a la orden franciscana de clausura, de Santa Clara de As\u00eds. Al Norte, la plaza es cerrada por la Iglesia de la Caridad, donde eran llevados los condenados a muerte para ponerse en paz con el Creador. Hoy es la Iglesia de las Hermanas de la Cruz, que recuperaron el antiguo comedor y hospicio p\u00fablico de chicos para hacer su convento y escuela. Al lado del convento se encuentran una serie de casas, habitadas en la actualidad, que fueron los talleres que mont\u00f3 la Duquesa.<br \/>Finalmente, mirando al Sureste se encuentra Santa Mar\u00eda de la Encarnaci\u00f3n la Mayor, con sus balconadas y su galer\u00eda, desde donde se cuenta que los Maestrantes ve\u00edan las corridas de Toros mientras se terminaba su Plaza. Una vez terminada \u00e9sta, los Maestrantes cedieron a los miembros del Cabildo y Beneficiarios de Santa Mar\u00eda un palco en su Plaza de Toros, que ha sido conocido hasta mediados del siglo XX como \u201cel palco de los curas\u201d.<br \/>Cierran la Plaza por su parte Este, los Juzgados de distrito, ya trasladados a un nuevo edificio construido al lado de la variante de Ronda, en la parte m\u00e1s al Norte de la ciudad moderna. En estos Juzgados se encontraba el Ayuntamiento en los tiempos posteriores a la Reconquista, y en los bajos, la c\u00e1rcel. Despu\u00e9s fue s\u00f3lo c\u00e1rcel y se cuenta que de ella se escap\u00f3 por \u00faltima vez de un centro penitenciario, el c\u00e9lebre bandolero \u201cPasos Largos\u201d, en el a\u00f1o 1934, en que le dio muerte la guardia civil; ha pasado a la historia del bandolerismo como el \u00faltimo de ellos.<br \/>En este edificio estuvo situada la casa que la Reina Isabel la Cat\u00f3lica, cedi\u00f3 a su hijo Juan, \u201cSe\u00f1or de Ronda\u201d, y a su nuera Margarita de Austria, cuando el Rey Fernando, despu\u00e9s de reconquistar nuestra ciudad, instituy\u00f3 el \u201cSe\u00f1or\u00edo de Ronda\u201d que cedi\u00f3 a su hijo el Pr\u00edncipe de Asturias, D. Juan, que muri\u00f3 en Salamanca a la edad de diecinueve a\u00f1os, dejando viuda a D\u00aa Margarita y sin herederos. Se cuenta que la princesa, una vez viuda, vivi\u00f3 en Ronda, de ah\u00ed que, en la fachada de los Juzgados se encuentre el escudo de los Austrias, que originalmente estaba colocado sobre la puerta principal de la casa, antes de su restauraci\u00f3n para palacio de justicia; esta puerta estaba situada frente a la puerta de Santa Mar\u00eda, que da a este sector de la Plaza.<\/p>\t\t\t\t\t\t<\/div>\n\t\t\t\t<\/div>\n\t\t\t\t\t<\/div>\n\t\t<\/div>\n\t\t\t\t\t<\/div>\n\t\t<\/section>\n\t\t\t\t<section class=\"elementor-section elementor-top-section elementor-element elementor-element-3eb7e6c elementor-section-boxed elementor-section-height-default elementor-section-height-default\" data-id=\"3eb7e6c\" data-element_type=\"section\">\n\t\t\t\t\t\t<div class=\"elementor-container elementor-column-gap-default\">\n\t\t\t\t\t<div class=\"elementor-column elementor-col-100 elementor-top-column elementor-element elementor-element-fbc9d62\" data-id=\"fbc9d62\" data-element_type=\"column\">\n\t\t\t<div class=\"elementor-widget-wrap elementor-element-populated\">\n\t\t\t\t\t\t<div class=\"elementor-element elementor-element-f5adbe6 elementor-widget-divider--view-line elementor-widget elementor-widget-divider\" data-id=\"f5adbe6\" data-element_type=\"widget\" data-widget_type=\"divider.default\">\n\t\t\t\t<div class=\"elementor-widget-container\">\n\t\t\t\t\t<div class=\"elementor-divider\">\n\t\t\t<span class=\"elementor-divider-separator\">\n\t\t\t\t\t\t<\/span>\n\t\t<\/div>\n\t\t\t\t<\/div>\n\t\t\t\t<\/div>\n\t\t\t\t\t<\/div>\n\t\t<\/div>\n\t\t\t\t\t<\/div>\n\t\t<\/section>\n\t\t\t\t<section class=\"elementor-section elementor-top-section elementor-element elementor-element-af868ef elementor-section-boxed elementor-section-height-default elementor-section-height-default\" data-id=\"af868ef\" data-element_type=\"section\">\n\t\t\t\t\t\t<div class=\"elementor-container elementor-column-gap-default\">\n\t\t\t\t\t<div class=\"elementor-column elementor-col-50 elementor-top-column elementor-element elementor-element-c95261a\" data-id=\"c95261a\" data-element_type=\"column\">\n\t\t\t<div class=\"elementor-widget-wrap elementor-element-populated\">\n\t\t\t\t\t\t<div class=\"elementor-element elementor-element-7b4071c elementor-widget elementor-widget-text-editor\" data-id=\"7b4071c\" data-element_type=\"widget\" data-widget_type=\"text-editor.default\">\n\t\t\t\t<div class=\"elementor-widget-container\">\n\t\t\t\t\t\t\t<p>Esta coqueta plazuela, peque\u00f1a pero encantadora, se sit\u00faa delante de la Casa del Gigante, tambi\u00e9n descrita en esta obra como museo y casa. La Plaza toma su nombre del gigante del Siglo VII antes de Cristo que figura en lo alto de la pared exterior de la casa, y que, antiguamente, estaba enclavado en el propio muro, hasta que, al ser restaurada por el Excelent\u00edsimo Ayuntamiento de Ronda,<br \/>se comprob\u00f3 por parte de los t\u00e9cnicos arque\u00f3logos, que databa del siglo VII antes de Cristo.<br \/>El citado busto ha estado situado en ese muro desde siempre, a plena intemperie sin que le haya pasado nada, ni nadie se preocupase de \u00e9l, al parecer. Actualmente se encuentra expuesto en el interior de la casa, ahora convertida en museo.<br \/>En la plaza se encuentra tambi\u00e9n el palacio de los Marqueses de Moctezuma, que fuera antiguamente casa de los Ovalle, familia importante de Ronda que, por matrimonio, pasaron a formar parte de la familia de los Moctezuma, ocupando la casa conocida con el nombre de estos segundos. Aqu\u00ed se instalaron las conocidas Escuelas Salesianas de Santa Teresa. A\u00fan recuerdo el d\u00eda de aquel oto\u00f1o del a\u00f1o 1966, cuando cruc\u00e9 su umbral para hacerme cargo de un grupo de<br \/>muchachos que quer\u00edan hacer teatro. Fue D. Abraham Lorenzo quien me solt\u00f3 la<br \/>responsabilidad, en el C\u00edrculo de Domingo Savio; responsabilidad que adquir\u00ed con<br \/>cari\u00f1o y que, hoy en d\u00eda, a\u00fan llevamos entre todos, como TES de Ronda.<br \/>En la plaza se encuentra tambi\u00e9n otra casa con escudo de armas que, en la actualidad habita la familia de los Verd\u00fa, industriales afamados de Ronda, unidos por matrimonio, tambi\u00e9n, con una de las familias conocidas, la de los Montero. Tengo que rese\u00f1ar que mi compa\u00f1era de oficio de gu\u00eda de turismo, Teresa Montero Verd\u00fa, vive en esa casa que es la de su madre. Una casa preciosa con una portada en piedra del Arroyo del Toro, que le da cierto aspecto de casa importante, aunque ha sido restaurada totalmente en su interior.<\/p>\t\t\t\t\t\t<\/div>\n\t\t\t\t<\/div>\n\t\t\t\t\t<\/div>\n\t\t<\/div>\n\t\t\t\t<div class=\"elementor-column elementor-col-50 elementor-top-column elementor-element elementor-element-1e90698\" data-id=\"1e90698\" data-element_type=\"column\">\n\t\t\t<div class=\"elementor-widget-wrap elementor-element-populated\">\n\t\t\t\t\t\t<div class=\"elementor-element elementor-element-e7f2bb6 elementor-widget elementor-widget-heading\" data-id=\"e7f2bb6\" data-element_type=\"widget\" data-widget_type=\"heading.default\">\n\t\t\t\t<div class=\"elementor-widget-container\">\n\t\t\t<h2 class=\"elementor-heading-title elementor-size-default\">PLAZA DEL GIGANTE<\/h2>\t\t<\/div>\n\t\t\t\t<\/div>\n\t\t\t\t<div class=\"elementor-element elementor-element-14d1834 elementor-widget elementor-widget-image\" data-id=\"14d1834\" data-element_type=\"widget\" data-widget_type=\"image.default\">\n\t\t\t\t<div class=\"elementor-widget-container\">\n\t\t\t\t\t\t\t\t\t\t\t\t\t<img loading=\"lazy\" decoding=\"async\" width=\"640\" height=\"419\" src=\"http:\/\/www.josemariatornay.com\/wp-content\/uploads\/2020\/04\/plazadelgigante.jpg\" class=\"attachment-large size-large wp-image-20345\" alt=\"\" srcset=\"http:\/\/www.josemariatornay.com\/wp-content\/uploads\/2020\/04\/plazadelgigante.jpg 640w, http:\/\/www.josemariatornay.com\/wp-content\/uploads\/2020\/04\/plazadelgigante-300x196.jpg 300w\" sizes=\"(max-width: 640px) 100vw, 640px\" \/>\t\t\t\t\t\t\t\t\t\t\t\t\t<\/div>\n\t\t\t\t<\/div>\n\t\t\t\t<div class=\"elementor-element elementor-element-8de3a41 elementor-widget elementor-widget-text-editor\" data-id=\"8de3a41\" data-element_type=\"widget\" data-widget_type=\"text-editor.default\">\n\t\t\t\t<div class=\"elementor-widget-container\">\n\t\t\t\t\t\t\t<p>Vestida de aristocracia,<br \/>entra\u00f1able plazoleta,<br \/>peque\u00f1a, sobria, coqueta,<br \/>ensimismada en su gracia.<br \/>Un gigante y un poeta<br \/>la cuidan a todas horas<br \/>y pintan con sus auroras<br \/>su estampa callada y quieta.<\/p>\t\t\t\t\t\t<\/div>\n\t\t\t\t<\/div>\n\t\t\t\t<div class=\"elementor-element elementor-element-2be73f9 elementor-widget elementor-widget-text-editor\" data-id=\"2be73f9\" data-element_type=\"widget\" data-widget_type=\"text-editor.default\">\n\t\t\t\t<div class=\"elementor-widget-container\">\n\t\t\t\t\t\t\t<p>Adosada a esta plaza y a la casa de los Verd\u00fa, se encuentra otra, situada ya en la calle de D. Jos\u00e9 Mar\u00eda Holgado, antiguo Marqu\u00e9s de Moctezuma, que sufri\u00f3 un incendio en los a\u00f1os 70 y que, adquirida por mi buen amigo Jos\u00e9 Manuel Arnal, ha sido convertida en un hotelito encantador, con unas habitaciones decoradas por \u00e9l mismo, cada una de un estilo diferente, pero con la exquisita sensibilidad que caracteriza a su due\u00f1o. El Hotel se conoce con el nombre de San Gabriel.<br \/>Despu\u00e9s de haber recorrido media Ronda de un lado para otro, en el centro de la Plaza se encuentra el monumento a Vicente Espinel.<\/p>\t\t\t\t\t\t<\/div>\n\t\t\t\t<\/div>\n\t\t\t\t\t<\/div>\n\t\t<\/div>\n\t\t\t\t\t<\/div>\n\t\t<\/section>\n\t\t\t\t<section class=\"elementor-section elementor-top-section elementor-element elementor-element-ffcc17e elementor-section-boxed elementor-section-height-default elementor-section-height-default\" data-id=\"ffcc17e\" data-element_type=\"section\">\n\t\t\t\t\t\t<div class=\"elementor-container elementor-column-gap-default\">\n\t\t\t\t\t<div class=\"elementor-column elementor-col-100 elementor-top-column elementor-element elementor-element-0e2cf45\" data-id=\"0e2cf45\" data-element_type=\"column\">\n\t\t\t<div class=\"elementor-widget-wrap elementor-element-populated\">\n\t\t\t\t\t\t<div class=\"elementor-element elementor-element-a7dc52a elementor-widget-divider--view-line elementor-widget elementor-widget-divider\" data-id=\"a7dc52a\" data-element_type=\"widget\" data-widget_type=\"divider.default\">\n\t\t\t\t<div class=\"elementor-widget-container\">\n\t\t\t\t\t<div class=\"elementor-divider\">\n\t\t\t<span class=\"elementor-divider-separator\">\n\t\t\t\t\t\t<\/span>\n\t\t<\/div>\n\t\t\t\t<\/div>\n\t\t\t\t<\/div>\n\t\t\t\t\t<\/div>\n\t\t<\/div>\n\t\t\t\t\t<\/div>\n\t\t<\/section>\n\t\t\t\t<section class=\"elementor-section elementor-top-section elementor-element elementor-element-7ee5aef elementor-section-boxed elementor-section-height-default elementor-section-height-default\" data-id=\"7ee5aef\" data-element_type=\"section\">\n\t\t\t\t\t\t<div class=\"elementor-container elementor-column-gap-default\">\n\t\t\t\t\t<div class=\"elementor-column elementor-col-100 elementor-top-column elementor-element elementor-element-dd9d822\" data-id=\"dd9d822\" data-element_type=\"column\">\n\t\t\t<div class=\"elementor-widget-wrap elementor-element-populated\">\n\t\t\t\t\t\t<div class=\"elementor-element elementor-element-8f75c78 elementor-widget elementor-widget-heading\" data-id=\"8f75c78\" data-element_type=\"widget\" data-widget_type=\"heading.default\">\n\t\t\t\t<div class=\"elementor-widget-container\">\n\t\t\t<h2 class=\"elementor-heading-title elementor-size-default\">MONDRAG\u00d3N, SOR \u00c1NGELA DE LA CRUZ Y PEDRO P\u00c9REZ CLOTET<\/h2>\t\t<\/div>\n\t\t\t\t<\/div>\n\t\t\t\t\t<\/div>\n\t\t<\/div>\n\t\t\t\t\t<\/div>\n\t\t<\/section>\n\t\t\t\t<section class=\"elementor-section elementor-top-section elementor-element elementor-element-c90622a elementor-section-boxed elementor-section-height-default elementor-section-height-default\" data-id=\"c90622a\" data-element_type=\"section\">\n\t\t\t\t\t\t<div class=\"elementor-container elementor-column-gap-default\">\n\t\t\t\t\t<div class=\"elementor-column elementor-col-50 elementor-top-column elementor-element elementor-element-cdc234b\" data-id=\"cdc234b\" data-element_type=\"column\">\n\t\t\t<div class=\"elementor-widget-wrap elementor-element-populated\">\n\t\t\t\t\t\t<div class=\"elementor-element elementor-element-b635bf3 elementor-widget elementor-widget-image\" data-id=\"b635bf3\" data-element_type=\"widget\" data-widget_type=\"image.default\">\n\t\t\t\t<div class=\"elementor-widget-container\">\n\t\t\t\t\t\t\t\t\t\t\t\t\t<img loading=\"lazy\" decoding=\"async\" width=\"620\" height=\"465\" src=\"http:\/\/www.josemariatornay.com\/wp-content\/uploads\/2020\/04\/MONDRAGON.jpg\" class=\"attachment-large size-large wp-image-20350\" alt=\"\" srcset=\"http:\/\/www.josemariatornay.com\/wp-content\/uploads\/2020\/04\/MONDRAGON.jpg 620w, http:\/\/www.josemariatornay.com\/wp-content\/uploads\/2020\/04\/MONDRAGON-300x225.jpg 300w\" sizes=\"(max-width: 620px) 100vw, 620px\" \/>\t\t\t\t\t\t\t\t\t\t\t\t\t<\/div>\n\t\t\t\t<\/div>\n\t\t\t\t<div class=\"elementor-element elementor-element-481fa51 elementor-widget elementor-widget-text-editor\" data-id=\"481fa51\" data-element_type=\"widget\" data-widget_type=\"text-editor.default\">\n\t\t\t\t<div class=\"elementor-widget-container\">\n\t\t\t\t\t\t\t<p>Rom\u00e1nticos rincones,<br \/>que acunan al amor<br \/>en las noches oscuras<br \/>y en las tardes de sol.<br \/>Vestidas de silencio,<br \/>su sencillo vigor<br \/>se alimenta de hierros,<br \/>de cal y tradici\u00f3n.<\/p>\t\t\t\t\t\t<\/div>\n\t\t\t\t<\/div>\n\t\t\t\t<div class=\"elementor-element elementor-element-2c03de5 elementor-widget elementor-widget-image\" data-id=\"2c03de5\" data-element_type=\"widget\" data-widget_type=\"image.default\">\n\t\t\t\t<div class=\"elementor-widget-container\">\n\t\t\t\t\t\t\t\t\t\t\t\t\t<img loading=\"lazy\" decoding=\"async\" width=\"1024\" height=\"683\" src=\"http:\/\/www.josemariatornay.com\/wp-content\/uploads\/2020\/04\/Ronda-Sor-Angela-de-laCruz-1024x683.jpg\" class=\"attachment-large size-large wp-image-20351\" alt=\"\" srcset=\"http:\/\/www.josemariatornay.com\/wp-content\/uploads\/2020\/04\/Ronda-Sor-Angela-de-laCruz.jpg 1024w, http:\/\/www.josemariatornay.com\/wp-content\/uploads\/2020\/04\/Ronda-Sor-Angela-de-laCruz-300x200.jpg 300w, http:\/\/www.josemariatornay.com\/wp-content\/uploads\/2020\/04\/Ronda-Sor-Angela-de-laCruz-768x512.jpg 768w\" sizes=\"(max-width: 1024px) 100vw, 1024px\" \/>\t\t\t\t\t\t\t\t\t\t\t\t\t<\/div>\n\t\t\t\t<\/div>\n\t\t\t\t\t<\/div>\n\t\t<\/div>\n\t\t\t\t<div class=\"elementor-column elementor-col-50 elementor-top-column elementor-element elementor-element-54dbcb4\" data-id=\"54dbcb4\" data-element_type=\"column\">\n\t\t\t<div class=\"elementor-widget-wrap elementor-element-populated\">\n\t\t\t\t\t\t<div class=\"elementor-element elementor-element-9fc4c0f elementor-widget elementor-widget-text-editor\" data-id=\"9fc4c0f\" data-element_type=\"widget\" data-widget_type=\"text-editor.default\">\n\t\t\t\t<div class=\"elementor-widget-container\">\n\t\t\t\t\t\t\t<p>La Plaza de Mondrag\u00f3n toma su nombre del palacio donde se cree que vivieron los reyes de taifas de Ronda. Es una plaza peque\u00f1a y angulada hacia la derecha, donde forma otra peque\u00f1a plazuela en la que se encuentra una casita antigua, en su \u00e1ngulo derecho, que ha recibido varios premios por su tipismo y estilo \u00e1rabe sobrio y que, tradicionalmente, despu\u00e9s de la Reconquista, se convirti\u00f3 en una casa de vecinos, crey\u00e9ndose que fue usada por el servicio de los Mondrag\u00f3n y Villasierra. Para el mismo fin sirvieron la serie de casas que hab\u00eda frente al Palacio, restauradas en la actualidad, pero conservadas con sus caracter\u00edsticas originales.<br \/>Pegada a la derecha del Palacio existe otra, que se supone era parte del propio Mondrag\u00f3n y que fue segregada por la familia y vendida a un particular o a alg\u00fan miembro de esta familia. La casa se conoce como Villa Paz y fue propiedad de D. Pedro S\u00e1nchez Castillo, alcalde de Ronda all\u00e1 por los a\u00f1os setenta. En la actualidad, el callej\u00f3n y mirador que da a las sierras, est\u00e1 segregado de lo que fuese Villa Paz y es un peque\u00f1o bar. La casa est\u00e1 habitada, actualmente, por D. Juli\u00e1n de Zulueta, un cient\u00edfico enamorado de Ronda, que tuvo la suerte de ser alcalde de esta ciudad, en la \u00e9poca reciente de la democracia.<\/p><p>En la Antig\u00fcedad, la Plaza Mayor o de Santa Mar\u00eda, hoy de la Duquesa de Parcent, no ten\u00eda tantas callejuelas que saliesen de ella y todo el entorno del templo era conocido como alrededores de la Iglesia; eran espacios totalmente abiertos. Poco a poco se fueron haciendo callejuelas y plazuelas a las que, con el tiempo, se les fueron dando otros nombres, para no crear confusi\u00f3n, por lo que la Plaza de Sor \u00c1ngela de la Cruz, se conoc\u00eda como Ruedo de Santa Mar\u00eda, y al instalarse en \u00e9l las Hermanas de la Cruz, y dando sus patios a esta Plaza, se le puso el nombre de su fundadora, Santa \u00c1ngela de la Cruz Guerrero, canonizada por el Papa Juan Pablo II en la \u00faltima visita de \u00e9ste a Sevilla.<\/p><p>A la Plaza de D. Pedro P\u00e9rez Clotet le pasaba exactamente igual; formaba parte del Ruedo de Santa Mar\u00eda, y as\u00ed continu\u00f3 hasta que, despu\u00e9s del fallecimiento del ilustre poeta de Villaluenga del Rosario, en Ronda, el 11 de Mayo del a\u00f1o 1964, se le puso su nombre a esta peque\u00f1a placita en honor y homenaje al San Juan de la Cruz de la Generaci\u00f3n del 27.<\/p>\t\t\t\t\t\t<\/div>\n\t\t\t\t<\/div>\n\t\t\t\t\t<\/div>\n\t\t<\/div>\n\t\t\t\t\t<\/div>\n\t\t<\/section>\n\t\t\t\t<section class=\"elementor-section elementor-top-section elementor-element elementor-element-7838629 elementor-section-boxed elementor-section-height-default elementor-section-height-default\" data-id=\"7838629\" data-element_type=\"section\">\n\t\t\t\t\t\t<div class=\"elementor-container elementor-column-gap-default\">\n\t\t\t\t\t<div class=\"elementor-column elementor-col-100 elementor-top-column elementor-element elementor-element-adaccdd\" data-id=\"adaccdd\" data-element_type=\"column\">\n\t\t\t<div class=\"elementor-widget-wrap elementor-element-populated\">\n\t\t\t\t\t\t<div class=\"elementor-element elementor-element-5765850 elementor-widget-divider--view-line elementor-widget elementor-widget-divider\" data-id=\"5765850\" data-element_type=\"widget\" data-widget_type=\"divider.default\">\n\t\t\t\t<div class=\"elementor-widget-container\">\n\t\t\t\t\t<div class=\"elementor-divider\">\n\t\t\t<span class=\"elementor-divider-separator\">\n\t\t\t\t\t\t<\/span>\n\t\t<\/div>\n\t\t\t\t<\/div>\n\t\t\t\t<\/div>\n\t\t\t\t\t<\/div>\n\t\t<\/div>\n\t\t\t\t\t<\/div>\n\t\t<\/section>\n\t\t\t\t<section class=\"elementor-section elementor-top-section elementor-element elementor-element-d3d3a6c elementor-section-boxed elementor-section-height-default elementor-section-height-default\" data-id=\"d3d3a6c\" data-element_type=\"section\">\n\t\t\t\t\t\t<div class=\"elementor-container elementor-column-gap-default\">\n\t\t\t\t\t<div class=\"elementor-column elementor-col-50 elementor-top-column elementor-element elementor-element-d5bb3ed\" data-id=\"d5bb3ed\" data-element_type=\"column\">\n\t\t\t<div class=\"elementor-widget-wrap elementor-element-populated\">\n\t\t\t\t\t\t<div class=\"elementor-element elementor-element-dacab98 elementor-widget elementor-widget-heading\" data-id=\"dacab98\" data-element_type=\"widget\" data-widget_type=\"heading.default\">\n\t\t\t\t<div class=\"elementor-widget-container\">\n\t\t\t<h2 class=\"elementor-heading-title elementor-size-default\">PLAZA DEL BEATO DIEGO<\/h2>\t\t<\/div>\n\t\t\t\t<\/div>\n\t\t\t\t<div class=\"elementor-element elementor-element-c7c6e25 elementor-widget elementor-widget-text-editor\" data-id=\"c7c6e25\" data-element_type=\"widget\" data-widget_type=\"text-editor.default\">\n\t\t\t\t<div class=\"elementor-widget-container\">\n\t\t\t\t\t\t\t<p>Esta peque\u00f1a plaza, que se encuentra a mediados de la calle de San Juan de Letr\u00e1n, se llam\u00f3 en su \u00e9poca m\u00e1s antigua, de Nuestra Se\u00f1ora de la Paz y posteriormente, al nominar la calle como de San Juan de Letr\u00e1n, la plaza tom\u00f3 ese nombre tambi\u00e9n hasta principios del siglo XIX en que, al morir el fraile de la orden<br \/>tercera de los capuchinos, Diego Jos\u00e9 de C\u00e1diz, en homenaje a su devoci\u00f3n a la Patrona de Ronda y, al haber muerto en esa misma plaza, justo en la casa frente a la Capilla de la Virgen, con halo de santidad, se nomin\u00f3 la Plaza con el nombre de este predicador de los capuchinos.<br \/>En la parte izquierda de la Capilla, con motivo del centenario de la beatificaci\u00f3n, se erigi\u00f3 un monumento a su memoria, por iniciativa del sacerdote salesiano D. Gonzalo Huesa L\u00f3pe, siendo p\u00e1rroco de Santa Mar\u00eda la Mayor. Ya hablamos en otro lugar de esta obra de la Capilla de la Patrona y del Cardenal Sp\u00ednola, que lo fuera de Sevilla, y que hab\u00eda sido Obispo de M\u00e1laga en los inicios del siglo XX y \u00e9ste cardenal arzobispo de Sevilla, desde su sede episcopal de M\u00e1laga, intent\u00f3 por todos los medios a su alcanceque determinadas \u00f3rdenes religiosas, que se dedicaban a la ense\u00f1anza y a acoger a ni\u00f1os pobres, se establecieran en Ronda a trav\u00e9s de fundaciones. Lo consigui\u00f3 con los Salesianos, como ya ha quedado dicho y, de igual forma, lo consigui\u00f3 con las Esclavas del Sagrado Coraz\u00f3n, Orden fundada por \u00e9l mismo.<br \/>\u00c9sta Orden religiosa es, en la actualidad, la que regenta la Capilla de la Patrona y, adosada a ella, tiene un colegio para chicas internas y externas, por el que han pasado, al igual que por los Salesianos, un n\u00famero ingente de alumnas, que han recibido educaci\u00f3n y manutenci\u00f3n de estas Hermanas. Yo tengo la suerte de tener una prima hermana m\u00eda, con mis mismos apellidos, Mar\u00eda Ortega de la Cruz, que fue, en la d\u00e9cada de los ochenta, Superiora General de las Esclavas Concepcionistas. Fue nombrada en un Consejo General del a\u00f1o ochenta y tuvo que venirse desde Brasil, donde ha vivido tradicionalmente, para ocupar el cargo para el que la hab\u00edan designado. Al terminar su mandato, la enviaron a Venezuela (Caracas), donde ejerci\u00f3 de Superiora Regional para Sudam\u00e9rica. En la actualidad, y ya jubilada, descansa de todos los avatares en el Colegio que esta Orden tiene en Ja\u00e9n (Espa\u00f1a).<\/p>\t\t\t\t\t\t<\/div>\n\t\t\t\t<\/div>\n\t\t\t\t\t<\/div>\n\t\t<\/div>\n\t\t\t\t<div class=\"elementor-column elementor-col-50 elementor-top-column elementor-element elementor-element-677a5ad\" data-id=\"677a5ad\" data-element_type=\"column\">\n\t\t\t<div class=\"elementor-widget-wrap elementor-element-populated\">\n\t\t\t\t\t\t<div class=\"elementor-element elementor-element-14ea143 elementor-widget elementor-widget-image\" data-id=\"14ea143\" data-element_type=\"widget\" data-widget_type=\"image.default\">\n\t\t\t\t<div class=\"elementor-widget-container\">\n\t\t\t\t\t\t\t\t\t\t\t\t\t<img loading=\"lazy\" decoding=\"async\" width=\"1024\" height=\"683\" src=\"http:\/\/www.josemariatornay.com\/wp-content\/uploads\/2020\/04\/plaza-beato-diego-1024x683.jpg\" class=\"attachment-large size-large wp-image-20356\" alt=\"\" srcset=\"http:\/\/www.josemariatornay.com\/wp-content\/uploads\/2020\/04\/plaza-beato-diego.jpg 1024w, http:\/\/www.josemariatornay.com\/wp-content\/uploads\/2020\/04\/plaza-beato-diego-300x200.jpg 300w, http:\/\/www.josemariatornay.com\/wp-content\/uploads\/2020\/04\/plaza-beato-diego-768x512.jpg 768w\" sizes=\"(max-width: 1024px) 100vw, 1024px\" \/>\t\t\t\t\t\t\t\t\t\t\t\t\t<\/div>\n\t\t\t\t<\/div>\n\t\t\t\t<div class=\"elementor-element elementor-element-fd866bd elementor-widget elementor-widget-text-editor\" data-id=\"fd866bd\" data-element_type=\"widget\" data-widget_type=\"text-editor.default\">\n\t\t\t\t<div class=\"elementor-widget-container\">\n\t\t\t\t\t\t\t<p>Con celo cristiano<br \/>preside su plaza<br \/>el Beato Diego<br \/>junto a las esclavas;<br \/>detr\u00e1s, la patrona,<br \/>delante, su casa.<br \/>Martillo de herejes<br \/>y pastor de almas,<br \/>con ardor guerrero<br \/>habita su estatua.<\/p>\t\t\t\t\t\t<\/div>\n\t\t\t\t<\/div>\n\t\t\t\t<div class=\"elementor-element elementor-element-9344cbe elementor-widget elementor-widget-image\" data-id=\"9344cbe\" data-element_type=\"widget\" data-widget_type=\"image.default\">\n\t\t\t\t<div class=\"elementor-widget-container\">\n\t\t\t\t\t\t\t\t\t\t\t\t\t<img decoding=\"async\" src=\"http:\/\/www.josemariatornay.com\/wp-content\/uploads\/elementor\/thumbs\/plaza-beato-diego-2-oosjd8cp4pj5s9jf300jrlhrkt6syr5y2wauuk86ps.jpg\" title=\"plaza beato diego 2\" alt=\"plaza beato diego 2\" loading=\"lazy\" \/>\t\t\t\t\t\t\t\t\t\t\t\t\t<\/div>\n\t\t\t\t<\/div>\n\t\t\t\t\t<\/div>\n\t\t<\/div>\n\t\t\t\t\t<\/div>\n\t\t<\/section>\n\t\t\t\t<section class=\"elementor-section elementor-top-section elementor-element elementor-element-5f29c43 elementor-section-boxed elementor-section-height-default elementor-section-height-default\" data-id=\"5f29c43\" data-element_type=\"section\">\n\t\t\t\t\t\t<div class=\"elementor-container elementor-column-gap-default\">\n\t\t\t\t\t<div class=\"elementor-column elementor-col-100 elementor-top-column elementor-element elementor-element-04b78ec\" data-id=\"04b78ec\" data-element_type=\"column\">\n\t\t\t<div class=\"elementor-widget-wrap elementor-element-populated\">\n\t\t\t\t\t\t<div class=\"elementor-element elementor-element-ae51d3e elementor-widget-divider--view-line elementor-widget elementor-widget-divider\" data-id=\"ae51d3e\" data-element_type=\"widget\" data-widget_type=\"divider.default\">\n\t\t\t\t<div class=\"elementor-widget-container\">\n\t\t\t\t\t<div class=\"elementor-divider\">\n\t\t\t<span class=\"elementor-divider-separator\">\n\t\t\t\t\t\t<\/span>\n\t\t<\/div>\n\t\t\t\t<\/div>\n\t\t\t\t<\/div>\n\t\t\t\t\t<\/div>\n\t\t<\/div>\n\t\t\t\t\t<\/div>\n\t\t<\/section>\n\t\t\t\t<section class=\"elementor-section elementor-top-section elementor-element elementor-element-728de5c elementor-section-boxed elementor-section-height-default elementor-section-height-default\" data-id=\"728de5c\" data-element_type=\"section\">\n\t\t\t\t\t\t<div class=\"elementor-container elementor-column-gap-default\">\n\t\t\t\t\t<div class=\"elementor-column elementor-col-50 elementor-top-column elementor-element elementor-element-471b1a9\" data-id=\"471b1a9\" data-element_type=\"column\">\n\t\t\t<div class=\"elementor-widget-wrap elementor-element-populated\">\n\t\t\t\t\t\t<div class=\"elementor-element elementor-element-71037c7 elementor-widget elementor-widget-heading\" data-id=\"71037c7\" data-element_type=\"widget\" data-widget_type=\"heading.default\">\n\t\t\t\t<div class=\"elementor-widget-container\">\n\t\t\t<h2 class=\"elementor-heading-title elementor-size-default\">PLAZA DEL SOCORRO<\/h2>\t\t<\/div>\n\t\t\t\t<\/div>\n\t\t\t\t<div class=\"elementor-element elementor-element-ce63c52 elementor-widget elementor-widget-image\" data-id=\"ce63c52\" data-element_type=\"widget\" data-widget_type=\"image.default\">\n\t\t\t\t<div class=\"elementor-widget-container\">\n\t\t\t\t\t\t\t\t\t\t\t\t\t<img loading=\"lazy\" decoding=\"async\" width=\"960\" height=\"640\" src=\"http:\/\/www.josemariatornay.com\/wp-content\/uploads\/2020\/04\/campillo1.jpg\" class=\"attachment-large size-large wp-image-20361\" alt=\"\" srcset=\"http:\/\/www.josemariatornay.com\/wp-content\/uploads\/2020\/04\/campillo1.jpg 960w, http:\/\/www.josemariatornay.com\/wp-content\/uploads\/2020\/04\/campillo1-300x200.jpg 300w, http:\/\/www.josemariatornay.com\/wp-content\/uploads\/2020\/04\/campillo1-768x512.jpg 768w\" sizes=\"(max-width: 960px) 100vw, 960px\" \/>\t\t\t\t\t\t\t\t\t\t\t\t\t<\/div>\n\t\t\t\t<\/div>\n\t\t\t\t<div class=\"elementor-element elementor-element-fb7e27f elementor-widget elementor-widget-text-editor\" data-id=\"fb7e27f\" data-element_type=\"widget\" data-widget_type=\"text-editor.default\">\n\t\t\t\t<div class=\"elementor-widget-container\">\n\t\t\t\t\t\t\t<p>Lugar de citas y encuentros<br \/>fortuitos y obligados,<br \/>voluntarios y sabrosos,<br \/>en las tardes de verano.<br \/>Por las ma\u00f1anas el sol,<br \/>que asoma por los tejados,<br \/>pone una alfombra de luz<br \/>a los impacientes pasos.<br \/>Hay una brisa que besa<br \/>y acaricia sin descanso,<br \/>a todas horas brotando<br \/>de su coraz\u00f3n urbano,<br \/>del bendito manantial<br \/>que deshace los agravios<br \/>y templa los corazones<br \/>mientras se escapan los a\u00f1os.<\/p>\t\t\t\t\t\t<\/div>\n\t\t\t\t<\/div>\n\t\t\t\t<div class=\"elementor-element elementor-element-b5c1e86 elementor-widget elementor-widget-image\" data-id=\"b5c1e86\" data-element_type=\"widget\" data-widget_type=\"image.default\">\n\t\t\t\t<div class=\"elementor-widget-container\">\n\t\t\t\t\t\t\t\t\t\t\t\t\t<img loading=\"lazy\" decoding=\"async\" width=\"259\" height=\"194\" src=\"http:\/\/www.josemariatornay.com\/wp-content\/uploads\/2020\/04\/campillo2.jpg\" class=\"attachment-large size-large wp-image-20363\" alt=\"\" \/>\t\t\t\t\t\t\t\t\t\t\t\t\t<\/div>\n\t\t\t\t<\/div>\n\t\t\t\t\t<\/div>\n\t\t<\/div>\n\t\t\t\t<div class=\"elementor-column elementor-col-50 elementor-top-column elementor-element elementor-element-d323fed\" data-id=\"d323fed\" data-element_type=\"column\">\n\t\t\t<div class=\"elementor-widget-wrap elementor-element-populated\">\n\t\t\t\t\t\t<div class=\"elementor-element elementor-element-1d700b7 elementor-widget elementor-widget-text-editor\" data-id=\"1d700b7\" data-element_type=\"widget\" data-widget_type=\"text-editor.default\">\n\t\t\t\t<div class=\"elementor-widget-container\">\n\t\t\t\t\t\t\t<p>La Plaza del Socorro toma su nombre de la Iglesia que habita en su entorno. Se construy\u00f3 en el tiempo en que fueron alcaldes de la ciudad D. Joaqu\u00edn Serna y, posteriormente, D. Miguel de Puya, en el a\u00f1o 1842. Esta Plaza, que siempre se llam\u00f3 popularmente del Socorro, ha estado rotulada en ocasiones con otros nombres: primero con el de Lamiable, un ingeniero que intervino decididamente en la construcci\u00f3n de la l\u00ednea de ferrocarril Algeciras-Ronda-Bobadilla; despu\u00e9s de la Guerra Civil se rotul\u00f3 con el nombre de Plaza del General\u00edsimo y en la actualidad y definitivamente, ha prevalecido el apelativo con el que siempre la hab\u00eda llamado el pueblo ronde\u00f1o.<br \/>Se trata de una plaza cuadrangular, con una serie de edificios de estilo modernista, en la que destacaba la casa que construy\u00f3 para \u00e9l y su familia D. Manuel G\u00f3mez de las Cortinas, que se distingui\u00f3 en su tiempo por el costo de los trabajos y que actualmente se encuentra en restauraci\u00f3n. Era la casa donde antiguamente<br \/>estaba la afamada confiter\u00eda de Las Campanas, que toma su nombre por estar justo al lado del antiguo campanario de la Iglesia. Actualmente la citada confiter\u00eda se encuentra enfrente de su ubicaci\u00f3n anterior y es c\u00e9lebre por su yemas del Tajo, un dulce t\u00edpico de la ciudad de Ronda y muy apreciado por quienes nos visitan.<br \/>En la parte Noroeste de la Plaza se encuentra el edificio del Circulo de Artistas de Ronda, conocido popularmente como el Casino, nombre que, durante el r\u00e9gimen estuvo prohibido, de ah\u00ed que se rotulase con el nombre antes indicado. El edificio es de estilo modernista como toda la Plaza lo era.<br \/>El Casino est\u00e1 formado por un n\u00facleo de socios que aportaron el dinero para comprar esa parcela y posteriormente construir el edificio en el a\u00f1o de 1.862. En aquellos a\u00f1os era un edificio elitista que se manten\u00eda con las cuotas de aqu\u00e9llos. Esto realmente no ha cambiado. Era un edificio lujoso, con unos salones espl\u00e9ndidos y un patio con soler\u00eda de m\u00e1rmol y columnas de hierro, mesas de billar, mesas de juego de cartas y domin\u00f3, salones de lectura y, en la parte alta, un lujoso sal\u00f3n de actos. En el principio se cre\u00eda que pudiera haber sido, con el paso de los a\u00f1os, un Liceo o un centro cultural importante de la vida ronde\u00f1a, pero no es cierto. Sigue siendo ese centro elitista que, no obstante, en la actualidad, ha abierto bastante sus puertas a iniciativas culturales y sociales. Parte de su espacio ha servido para la ampliaci\u00f3n del Hotel Polo y para la construcci\u00f3n de viviendas a las que han accedido sus propios socios, quedando como tal C\u00edrculo de Artistas la parte delantera. En la parte Oeste de la Plaza se han instalado, en los bajos de los antiguos edificios, varios negocios orientados a los turistas, como bares, restaurantes cafeter\u00eda, tiendas de recuerdos, tiendas de confecci\u00f3n y alguna que otra pizzer\u00eda. En el centro de la Plaza y por iniciativa del alcalde, D. Juan Ben\u00edtez Melgar, se ha instalado una enorme fuente con una estatua de H\u00e9rcules, las dos columnas y los dos leones que configuran el escudo de Andaluc\u00eda, aprobado en el Congreso Georgista celebrado en Ronda en el a\u00f1o 1918.<\/p>\t\t\t\t\t\t<\/div>\n\t\t\t\t<\/div>\n\t\t\t\t\t<\/div>\n\t\t<\/div>\n\t\t\t\t\t<\/div>\n\t\t<\/section>\n\t\t\t\t<section class=\"elementor-section elementor-top-section elementor-element elementor-element-20c8ae7 elementor-section-boxed elementor-section-height-default elementor-section-height-default\" data-id=\"20c8ae7\" data-element_type=\"section\">\n\t\t\t\t\t\t<div class=\"elementor-container elementor-column-gap-default\">\n\t\t\t\t\t<div class=\"elementor-column elementor-col-100 elementor-top-column elementor-element elementor-element-fe48d7e\" data-id=\"fe48d7e\" data-element_type=\"column\">\n\t\t\t<div class=\"elementor-widget-wrap elementor-element-populated\">\n\t\t\t\t\t\t<div class=\"elementor-element elementor-element-da92860 elementor-widget-divider--view-line elementor-widget elementor-widget-divider\" data-id=\"da92860\" data-element_type=\"widget\" data-widget_type=\"divider.default\">\n\t\t\t\t<div class=\"elementor-widget-container\">\n\t\t\t\t\t<div class=\"elementor-divider\">\n\t\t\t<span class=\"elementor-divider-separator\">\n\t\t\t\t\t\t<\/span>\n\t\t<\/div>\n\t\t\t\t<\/div>\n\t\t\t\t<\/div>\n\t\t\t\t\t<\/div>\n\t\t<\/div>\n\t\t\t\t\t<\/div>\n\t\t<\/section>\n\t\t\t\t<section class=\"elementor-section elementor-top-section elementor-element elementor-element-8e4cf17 elementor-section-boxed elementor-section-height-default elementor-section-height-default\" data-id=\"8e4cf17\" data-element_type=\"section\">\n\t\t\t\t\t\t<div class=\"elementor-container elementor-column-gap-default\">\n\t\t\t\t\t<div class=\"elementor-column elementor-col-100 elementor-top-column elementor-element elementor-element-e760804\" data-id=\"e760804\" data-element_type=\"column\">\n\t\t\t<div class=\"elementor-widget-wrap\">\n\t\t\t\t\t\t\t<\/div>\n\t\t<\/div>\n\t\t\t\t\t<\/div>\n\t\t<\/section>\n\t\t\t\t<\/div>\n\t\t","protected":false},"excerpt":{"rendered":"<p>PLAZA DE ESPA\u00d1A Plaza del Parador,plaza de Espa\u00f1a,con sus puertas abiertasy su farmacia.Con sus bares cerradosy su cer\u00e1mica,con R\u00edos Rosas pendienteen su atalaya,con su plaza de abastos,pura nostalgia.Por su cine y su torrea\u00fan brotan l\u00e1grimas,y por su barber\u00edalloran las barbas.Plaza del Parador,Plaza de Espa\u00f1a. La Plaza de Espa\u00f1a se llam\u00f3, despu\u00e9s de la construcci\u00f3n del [&hellip;]<\/p>\n","protected":false},"author":1,"featured_media":0,"parent":0,"menu_order":0,"comment_status":"closed","ping_status":"closed","template":"","meta":{"_aioseop_title":"","_aioseop_description":"","ngg_post_thumbnail":0,"footnotes":""},"_links":{"self":[{"href":"http:\/\/www.josemariatornay.com\/index.php\/wp-json\/wp\/v2\/pages\/13661"}],"collection":[{"href":"http:\/\/www.josemariatornay.com\/index.php\/wp-json\/wp\/v2\/pages"}],"about":[{"href":"http:\/\/www.josemariatornay.com\/index.php\/wp-json\/wp\/v2\/types\/page"}],"author":[{"embeddable":true,"href":"http:\/\/www.josemariatornay.com\/index.php\/wp-json\/wp\/v2\/users\/1"}],"replies":[{"embeddable":true,"href":"http:\/\/www.josemariatornay.com\/index.php\/wp-json\/wp\/v2\/comments?post=13661"}],"version-history":[{"count":0,"href":"http:\/\/www.josemariatornay.com\/index.php\/wp-json\/wp\/v2\/pages\/13661\/revisions"}],"wp:attachment":[{"href":"http:\/\/www.josemariatornay.com\/index.php\/wp-json\/wp\/v2\/media?parent=13661"}],"curies":[{"name":"wp","href":"https:\/\/api.w.org\/{rel}","templated":true}]}}