{"id":19943,"date":"2020-04-27T10:17:59","date_gmt":"2020-04-27T09:17:59","guid":{"rendered":"http:\/\/www.josemariatornay.com\/?page_id=19943"},"modified":"2020-04-29T19:35:49","modified_gmt":"2020-04-29T18:35:49","slug":"cicerone-trovador-museos","status":"publish","type":"page","link":"http:\/\/www.josemariatornay.com\/index.php\/cicerone-trovador-museos\/","title":{"rendered":"CICERONE Y TROVADOR: MUSEOS"},"content":{"rendered":"\t\t<div data-elementor-type=\"wp-post\" data-elementor-id=\"19943\" class=\"elementor elementor-19943 elementor-bc-flex-widget\">\n\t\t\t\t\t\t<section class=\"elementor-section elementor-top-section elementor-element elementor-element-8aa9430 elementor-section-boxed elementor-section-height-default elementor-section-height-default\" data-id=\"8aa9430\" data-element_type=\"section\">\n\t\t\t\t\t\t<div class=\"elementor-container elementor-column-gap-default\">\n\t\t\t\t\t<div class=\"elementor-column elementor-col-50 elementor-top-column elementor-element elementor-element-f647bd3\" data-id=\"f647bd3\" data-element_type=\"column\">\n\t\t\t<div class=\"elementor-widget-wrap elementor-element-populated\">\n\t\t\t\t\t\t<div class=\"elementor-element elementor-element-eb7e832 elementor-widget elementor-widget-heading\" data-id=\"eb7e832\" data-element_type=\"widget\" data-widget_type=\"heading.default\">\n\t\t\t\t<div class=\"elementor-widget-container\">\n\t\t\t<style>\/*! elementor - v3.20.0 - 20-03-2024 *\/\n.elementor-heading-title{padding:0;margin:0;line-height:1}.elementor-widget-heading .elementor-heading-title[class*=elementor-size-]>a{color:inherit;font-size:inherit;line-height:inherit}.elementor-widget-heading .elementor-heading-title.elementor-size-small{font-size:15px}.elementor-widget-heading .elementor-heading-title.elementor-size-medium{font-size:19px}.elementor-widget-heading .elementor-heading-title.elementor-size-large{font-size:29px}.elementor-widget-heading .elementor-heading-title.elementor-size-xl{font-size:39px}.elementor-widget-heading .elementor-heading-title.elementor-size-xxl{font-size:59px}<\/style><h2 class=\"elementor-heading-title elementor-size-default\">MUSEO DEL VINO<\/h2>\t\t<\/div>\n\t\t\t\t<\/div>\n\t\t\t\t<div class=\"elementor-element elementor-element-14446cc elementor-widget elementor-widget-text-editor\" data-id=\"14446cc\" data-element_type=\"widget\" data-widget_type=\"text-editor.default\">\n\t\t\t\t<div class=\"elementor-widget-container\">\n\t\t\t<style>\/*! elementor - v3.20.0 - 20-03-2024 *\/\n.elementor-widget-text-editor.elementor-drop-cap-view-stacked .elementor-drop-cap{background-color:#69727d;color:#fff}.elementor-widget-text-editor.elementor-drop-cap-view-framed .elementor-drop-cap{color:#69727d;border:3px solid;background-color:transparent}.elementor-widget-text-editor:not(.elementor-drop-cap-view-default) .elementor-drop-cap{margin-top:8px}.elementor-widget-text-editor:not(.elementor-drop-cap-view-default) .elementor-drop-cap-letter{width:1em;height:1em}.elementor-widget-text-editor .elementor-drop-cap{float:left;text-align:center;line-height:1;font-size:50px}.elementor-widget-text-editor .elementor-drop-cap-letter{display:inline-block}<\/style>\t\t\t\t<p>Este museo se encuentra enclavado en la calle Gonz\u00e1lez Campos, n\u00famero, 2. Es un callej\u00f3n que sale de la calle Armi\u00f1an, a la derecha y llega a las espaldas de la catedral. \u2028En la antig\u00fcedad se llamaba \u00abAlrededores de Santa Mar\u00eda\u00bb. Pues ah\u00ed est\u00e1 enclavado este museo, en esta antigua bodega de Ronda, de la familia de los Narv\u00e1ez. La sede, en su \u00e9poca \u00e1rabe, form\u00f3 parte de la conocida como Casa del Gigante. Fue tambi\u00e9n propiedad del Duque de Ahumada, que la segreg\u00f3 para hacer una casa de vecinos, que los Narv\u00e1ez, en el siglo XX, convirtieron en bodega. Los due\u00f1os actuales son los propietarios de las bodegas \u00abLa Sangre de Ronda\u00bb, instaladores del Museo.<br \/>La casa conserva algunos restos de la \u00e9poca romana y \u00e1rabe. Fue un peque\u00f1o palacete Nazar\u00ed en el siglo XIV. En la actualidad se ha recuperado el patio columnado que pose\u00eda y que estaba tapado por necesidades de espacio y, de igual forma, la galer\u00eda alta con unas balconadas en madera de muy buen gusto.\u2028 Todo lo que es museo verdadero est\u00e1 situado en la parte alta de la casa, cerrado por esa galer\u00eda de madera y cristal que le da un determinado cach\u00e9 de calidad y recogimiento.<br \/>A los visitantes los suelen invitar a una degustaci\u00f3n de sus vinos, lo cual va incluido en la entrada. El Museo hace, a trav\u00e9s de paneles de informaci\u00f3n escrita, un recorrido por la historia del precioso n\u00e9ctar en nuestra zona y se remonta \u00e9sta a casi 6.000 a\u00f1os de tradici\u00f3n. Hace una rese\u00f1a a la ciudad romana de Acinipo (en griego quiere decir el lugar del vino), por existir en esa zona una cantidad importante de vi\u00f1edos, hoy desaparecidos, aunque se empieza a retomar la labor, que ya los romanos explotaban para enviarlos a la capital del Impertio.<br \/>Hay unas \u00e1nforas, supongo que recuperadas de las muchas que quedaron tragadas por el mar, como demostraci\u00f3n e aquellos env\u00edos. Tambi\u00e9n utiliza la palabra guadalev\u00edn, de origen \u00e1rabe y nombre de nuestro r\u00edo, para hacer un s\u00edmil entre huad, r\u00edo en \u00e1rabe, y levin, que ellos dicen vino. Pero esto est\u00e1 cogido por los pelos y con demasiado inter\u00e9s, ya que el Guadalev\u00edn de Ronda quiere decir en \u00e1rabe \u201cr\u00edo del reques\u00f3n\u201d o de la leche agria, que es como lo llamaron los \u00e1rabes.<br \/>Est\u00e1n expuestos una serie de utensilios que se utilizaron en su tiempo para la recogida de la uva, para el tratamiento de las cepas, la construcci\u00f3n de las barricas, la fabricaci\u00f3n de corchos para los tapones y alambiques para la extracci\u00f3n de alcohol de los que en la Serran\u00eda eran muy c\u00e9lebres y los hab\u00eda en gran abundancia.\u2028<br \/>Habla luego de los distintos tipos de vinos y del tratamiento que se sigue para llegar a ellos, desde los blancos, los rosados a los tintos que son los m\u00e1s famosos y los de m\u00e1s calidad.<br \/>Lo cierto es que a trav\u00e9s de los siglos nos ha llegado este legado que los ronde\u00f1os ten\u00edamos olvidado por el castigo que sufrimos con la filoxera, que hizo que desaparecieran las pocas bodegas que quedaban en Ronda a mediados del siglo pasado. Nombrar\u00e9 como recuerdo, la ya mencionada de los Narv\u00e1ez, la de los P\u00e9rez S\u00e1nchez y su famoso Fino PUSA, la de Romero, la Verdad y alguna otra que me habr\u00e9 dejado en el tintero.<\/p>\t\t\t\t\t\t<\/div>\n\t\t\t\t<\/div>\n\t\t\t\t\t<\/div>\n\t\t<\/div>\n\t\t\t\t<div class=\"elementor-column elementor-col-50 elementor-top-column elementor-element elementor-element-fdce76f\" data-id=\"fdce76f\" data-element_type=\"column\">\n\t\t\t<div class=\"elementor-widget-wrap elementor-element-populated\">\n\t\t\t\t\t\t<div class=\"elementor-element elementor-element-dd5f18f elementor-widget elementor-widget-image\" data-id=\"dd5f18f\" data-element_type=\"widget\" data-widget_type=\"image.default\">\n\t\t\t\t<div class=\"elementor-widget-container\">\n\t\t\t<style>\/*! elementor - v3.20.0 - 20-03-2024 *\/\n.elementor-widget-image{text-align:center}.elementor-widget-image a{display:inline-block}.elementor-widget-image a img[src$=\".svg\"]{width:48px}.elementor-widget-image img{vertical-align:middle;display:inline-block}<\/style>\t\t\t\t\t\t\t\t\t\t<img fetchpriority=\"high\" decoding=\"async\" width=\"400\" height=\"300\" src=\"http:\/\/www.josemariatornay.com\/wp-content\/uploads\/2020\/04\/MUSEOVINO1.jpg\" class=\"attachment-large size-large wp-image-19946\" alt=\"\" srcset=\"http:\/\/www.josemariatornay.com\/wp-content\/uploads\/2020\/04\/MUSEOVINO1.jpg 400w, http:\/\/www.josemariatornay.com\/wp-content\/uploads\/2020\/04\/MUSEOVINO1-300x225.jpg 300w\" sizes=\"(max-width: 400px) 100vw, 400px\" \/>\t\t\t\t\t\t\t\t\t\t\t\t\t<\/div>\n\t\t\t\t<\/div>\n\t\t\t\t<div class=\"elementor-element elementor-element-9a28830 elementor-widget elementor-widget-text-editor\" data-id=\"9a28830\" data-element_type=\"widget\" data-widget_type=\"text-editor.default\">\n\t\t\t\t<div class=\"elementor-widget-container\">\n\t\t\t\t\t\t\t<p>Es n\u00e9ctar que refuerza los olvidos,<br \/>que aviva y edulcora los recuerdos,<br \/>que apaga la prudencia de los cuerdos<br \/>y da marcha a los tristes y aburridos.<\/p><p>Enturbia la raz\u00f3n y el buen sentido,<br \/>se cisca en la abstinencia y en la dieta,<br \/>convierte en libertino al sobrio asceta<br \/>y en buf\u00f3n al gendarme desabrido.<\/p><p>Es campana que llama a la pereza,<br \/>sirena que convoca a la alegr\u00eda,<br \/>que sienta en un columpio a la cabeza<br \/><br \/>y alienta la amistad y la armon\u00eda,<br \/>que espanta poco a poco la tristeza<br \/>y transforma la prosa en poes\u00eda.<\/p>\t\t\t\t\t\t<\/div>\n\t\t\t\t<\/div>\n\t\t\t\t<div class=\"elementor-element elementor-element-7b73248 elementor-widget elementor-widget-image\" data-id=\"7b73248\" data-element_type=\"widget\" data-widget_type=\"image.default\">\n\t\t\t\t<div class=\"elementor-widget-container\">\n\t\t\t\t\t\t\t\t\t\t\t\t\t<img decoding=\"async\" width=\"400\" height=\"300\" src=\"http:\/\/www.josemariatornay.com\/wp-content\/uploads\/2020\/04\/MUSEOVINO2.jpg\" class=\"attachment-large size-large wp-image-19947\" alt=\"\" srcset=\"http:\/\/www.josemariatornay.com\/wp-content\/uploads\/2020\/04\/MUSEOVINO2.jpg 400w, http:\/\/www.josemariatornay.com\/wp-content\/uploads\/2020\/04\/MUSEOVINO2-300x225.jpg 300w\" sizes=\"(max-width: 400px) 100vw, 400px\" \/>\t\t\t\t\t\t\t\t\t\t\t\t\t<\/div>\n\t\t\t\t<\/div>\n\t\t\t\t<div class=\"elementor-element elementor-element-de90677 elementor-widget elementor-widget-image\" data-id=\"de90677\" data-element_type=\"widget\" data-widget_type=\"image.default\">\n\t\t\t\t<div class=\"elementor-widget-container\">\n\t\t\t\t\t\t\t\t\t\t\t\t\t<img decoding=\"async\" src=\"http:\/\/www.josemariatornay.com\/wp-content\/uploads\/elementor\/thumbs\/MUSEOVINO3-ooofrtae0hujyzyvta1otiuw7jqwcdhdjs3a6om1a8.jpg\" title=\"MUSEOVINO3\" alt=\"MUSEOVINO3\" loading=\"lazy\" \/>\t\t\t\t\t\t\t\t\t\t\t\t\t<\/div>\n\t\t\t\t<\/div>\n\t\t\t\t\t<\/div>\n\t\t<\/div>\n\t\t\t\t\t<\/div>\n\t\t<\/section>\n\t\t\t\t<section class=\"elementor-section elementor-top-section elementor-element elementor-element-b5f6413 elementor-section-boxed elementor-section-height-default elementor-section-height-default\" data-id=\"b5f6413\" data-element_type=\"section\">\n\t\t\t\t\t\t<div class=\"elementor-container elementor-column-gap-default\">\n\t\t\t\t\t<div class=\"elementor-column elementor-col-100 elementor-top-column elementor-element elementor-element-bf58e20\" data-id=\"bf58e20\" data-element_type=\"column\">\n\t\t\t<div class=\"elementor-widget-wrap elementor-element-populated\">\n\t\t\t\t\t\t<div class=\"elementor-element elementor-element-0a41e40 elementor-widget-divider--view-line elementor-widget elementor-widget-divider\" data-id=\"0a41e40\" data-element_type=\"widget\" data-widget_type=\"divider.default\">\n\t\t\t\t<div class=\"elementor-widget-container\">\n\t\t\t<style>\/*! elementor - v3.20.0 - 20-03-2024 *\/\n.elementor-widget-divider{--divider-border-style:none;--divider-border-width:1px;--divider-color:#0c0d0e;--divider-icon-size:20px;--divider-element-spacing:10px;--divider-pattern-height:24px;--divider-pattern-size:20px;--divider-pattern-url:none;--divider-pattern-repeat:repeat-x}.elementor-widget-divider .elementor-divider{display:flex}.elementor-widget-divider .elementor-divider__text{font-size:15px;line-height:1;max-width:95%}.elementor-widget-divider .elementor-divider__element{margin:0 var(--divider-element-spacing);flex-shrink:0}.elementor-widget-divider .elementor-icon{font-size:var(--divider-icon-size)}.elementor-widget-divider .elementor-divider-separator{display:flex;margin:0;direction:ltr}.elementor-widget-divider--view-line_icon .elementor-divider-separator,.elementor-widget-divider--view-line_text .elementor-divider-separator{align-items:center}.elementor-widget-divider--view-line_icon .elementor-divider-separator:after,.elementor-widget-divider--view-line_icon .elementor-divider-separator:before,.elementor-widget-divider--view-line_text .elementor-divider-separator:after,.elementor-widget-divider--view-line_text .elementor-divider-separator:before{display:block;content:\"\";border-block-end:0;flex-grow:1;border-block-start:var(--divider-border-width) var(--divider-border-style) var(--divider-color)}.elementor-widget-divider--element-align-left .elementor-divider .elementor-divider-separator>.elementor-divider__svg:first-of-type{flex-grow:0;flex-shrink:100}.elementor-widget-divider--element-align-left .elementor-divider-separator:before{content:none}.elementor-widget-divider--element-align-left .elementor-divider__element{margin-left:0}.elementor-widget-divider--element-align-right .elementor-divider .elementor-divider-separator>.elementor-divider__svg:last-of-type{flex-grow:0;flex-shrink:100}.elementor-widget-divider--element-align-right .elementor-divider-separator:after{content:none}.elementor-widget-divider--element-align-right .elementor-divider__element{margin-right:0}.elementor-widget-divider--element-align-start .elementor-divider .elementor-divider-separator>.elementor-divider__svg:first-of-type{flex-grow:0;flex-shrink:100}.elementor-widget-divider--element-align-start .elementor-divider-separator:before{content:none}.elementor-widget-divider--element-align-start .elementor-divider__element{margin-inline-start:0}.elementor-widget-divider--element-align-end .elementor-divider .elementor-divider-separator>.elementor-divider__svg:last-of-type{flex-grow:0;flex-shrink:100}.elementor-widget-divider--element-align-end .elementor-divider-separator:after{content:none}.elementor-widget-divider--element-align-end .elementor-divider__element{margin-inline-end:0}.elementor-widget-divider:not(.elementor-widget-divider--view-line_text):not(.elementor-widget-divider--view-line_icon) .elementor-divider-separator{border-block-start:var(--divider-border-width) var(--divider-border-style) var(--divider-color)}.elementor-widget-divider--separator-type-pattern{--divider-border-style:none}.elementor-widget-divider--separator-type-pattern.elementor-widget-divider--view-line .elementor-divider-separator,.elementor-widget-divider--separator-type-pattern:not(.elementor-widget-divider--view-line) .elementor-divider-separator:after,.elementor-widget-divider--separator-type-pattern:not(.elementor-widget-divider--view-line) .elementor-divider-separator:before,.elementor-widget-divider--separator-type-pattern:not([class*=elementor-widget-divider--view]) .elementor-divider-separator{width:100%;min-height:var(--divider-pattern-height);-webkit-mask-size:var(--divider-pattern-size) 100%;mask-size:var(--divider-pattern-size) 100%;-webkit-mask-repeat:var(--divider-pattern-repeat);mask-repeat:var(--divider-pattern-repeat);background-color:var(--divider-color);-webkit-mask-image:var(--divider-pattern-url);mask-image:var(--divider-pattern-url)}.elementor-widget-divider--no-spacing{--divider-pattern-size:auto}.elementor-widget-divider--bg-round{--divider-pattern-repeat:round}.rtl .elementor-widget-divider .elementor-divider__text{direction:rtl}.e-con-inner>.elementor-widget-divider,.e-con>.elementor-widget-divider{width:var(--container-widget-width,100%);--flex-grow:var(--container-widget-flex-grow)}<\/style>\t\t<div class=\"elementor-divider\">\n\t\t\t<span class=\"elementor-divider-separator\">\n\t\t\t\t\t\t<\/span>\n\t\t<\/div>\n\t\t\t\t<\/div>\n\t\t\t\t<\/div>\n\t\t\t\t\t<\/div>\n\t\t<\/div>\n\t\t\t\t\t<\/div>\n\t\t<\/section>\n\t\t\t\t<section class=\"elementor-section elementor-top-section elementor-element elementor-element-f5a2fa2 elementor-section-boxed elementor-section-height-default elementor-section-height-default\" data-id=\"f5a2fa2\" data-element_type=\"section\">\n\t\t\t\t\t\t<div class=\"elementor-container elementor-column-gap-default\">\n\t\t\t\t\t<div class=\"elementor-column elementor-col-50 elementor-top-column elementor-element elementor-element-9f119b4\" data-id=\"9f119b4\" data-element_type=\"column\">\n\t\t\t<div class=\"elementor-widget-wrap elementor-element-populated\">\n\t\t\t\t\t\t<div class=\"elementor-element elementor-element-c808215 elementor-widget elementor-widget-heading\" data-id=\"c808215\" data-element_type=\"widget\" data-widget_type=\"heading.default\">\n\t\t\t\t<div class=\"elementor-widget-container\">\n\t\t\t<h2 class=\"elementor-heading-title elementor-size-default\">MUSEO ARQUE\u00d3LOGICO MUNICIPAL<\/h2>\t\t<\/div>\n\t\t\t\t<\/div>\n\t\t\t\t<div class=\"elementor-element elementor-element-302c884 elementor-widget elementor-widget-image\" data-id=\"302c884\" data-element_type=\"widget\" data-widget_type=\"image.default\">\n\t\t\t\t<div class=\"elementor-widget-container\">\n\t\t\t\t\t\t\t\t\t\t\t\t\t<img decoding=\"async\" width=\"375\" height=\"281\" src=\"http:\/\/www.josemariatornay.com\/wp-content\/uploads\/2020\/04\/muesoarqueologico01.jpg\" class=\"attachment-large size-large wp-image-20182\" alt=\"\" srcset=\"http:\/\/www.josemariatornay.com\/wp-content\/uploads\/2020\/04\/muesoarqueologico01.jpg 375w, http:\/\/www.josemariatornay.com\/wp-content\/uploads\/2020\/04\/muesoarqueologico01-300x225.jpg 300w\" sizes=\"(max-width: 375px) 100vw, 375px\" \/>\t\t\t\t\t\t\t\t\t\t\t\t\t<\/div>\n\t\t\t\t<\/div>\n\t\t\t\t<div class=\"elementor-element elementor-element-b12a71c elementor-widget elementor-widget-text-editor\" data-id=\"b12a71c\" data-element_type=\"widget\" data-widget_type=\"text-editor.default\">\n\t\t\t\t<div class=\"elementor-widget-container\">\n\t\t\t\t\t\t\t<p>Esclavo de un destino,<br \/>el hombre fue pasando<br \/>de las h\u00famedas cuevas<br \/>a los rojos tejados;<br \/>de las selvas frondosas<br \/>al calor del asfalto,<br \/>en una ingente historia,<br \/>en un inmenso parto;<br \/>adobado de risas,<br \/>de amores y de llantos,<br \/>de pasiones ardientes,<br \/>de dioses y diablos,<br \/>de miseria y grandeza,<br \/>de rencores y abrazos.<br \/>De labores concretas<br \/>a conceptos abstractos,<br \/>de la magia del brujo<br \/>al consejo del sabio.<br \/>Del pasado remoto<br \/>al futuro so\u00f1ado.<br \/>Pasando golpe a golpe<br \/>del suelo hasta los astros;<br \/>de contar siglo a siglo<br \/>a contar a\u00f1o a a\u00f1o.<br \/>Y siempre a contratiempo,<br \/>ganando palmo a palmo<br \/>la batalla al olvido,<br \/>la guerra al desamparo.<\/p>\t\t\t\t\t\t<\/div>\n\t\t\t\t<\/div>\n\t\t\t\t<div class=\"elementor-element elementor-element-fe4a16b elementor-widget elementor-widget-image\" data-id=\"fe4a16b\" data-element_type=\"widget\" data-widget_type=\"image.default\">\n\t\t\t\t<div class=\"elementor-widget-container\">\n\t\t\t\t\t\t\t\t\t\t\t\t\t<img loading=\"lazy\" decoding=\"async\" width=\"375\" height=\"281\" src=\"http:\/\/www.josemariatornay.com\/wp-content\/uploads\/2020\/04\/museoarqueologico02.jpg\" class=\"attachment-large size-large wp-image-20183\" alt=\"\" srcset=\"http:\/\/www.josemariatornay.com\/wp-content\/uploads\/2020\/04\/museoarqueologico02.jpg 375w, http:\/\/www.josemariatornay.com\/wp-content\/uploads\/2020\/04\/museoarqueologico02-300x225.jpg 300w\" sizes=\"(max-width: 375px) 100vw, 375px\" \/>\t\t\t\t\t\t\t\t\t\t\t\t\t<\/div>\n\t\t\t\t<\/div>\n\t\t\t\t\t<\/div>\n\t\t<\/div>\n\t\t\t\t<div class=\"elementor-column elementor-col-50 elementor-top-column elementor-element elementor-element-7a452ed\" data-id=\"7a452ed\" data-element_type=\"column\">\n\t\t\t<div class=\"elementor-widget-wrap elementor-element-populated\">\n\t\t\t\t\t\t<div class=\"elementor-element elementor-element-4154439 elementor-widget elementor-widget-text-editor\" data-id=\"4154439\" data-element_type=\"widget\" data-widget_type=\"text-editor.default\">\n\t\t\t\t<div class=\"elementor-widget-container\">\n\t\t\t\t\t\t\t<p>Ya, en otro lugar, describimos el Palacio de Mondrag\u00f3n y las vicisitudes que \u00e9sta Casa Palacio ha pasado a trav\u00e9s de los siglos. Ahora, acabada la \u00faltima restauraci\u00f3n realizada por la Escuela Taller de Ronda, dependiente del Exmo. Ayuntamiento, ha quedado convertido en el Museo Arqueol\u00f3gico Municipal.<br \/>El trabajo que la citada Escuela ha realizado en estas instalaciones, madre de los Taifas de Ronda, ha sido verdaderamente loable. Han conservado las formas que la casa ten\u00eda, han recuperado en su totalidad los tres patios, los dos castellanos y el mud\u00e9jar, a la par que ha realizado un pasaje exterior que sale a las antiguas murallas, con unos juego de aguas rumorosas que le dan un aspecto de verdadero relax y reposo.<\/p><p>Como Museo Arqueol\u00f3gico se ha intentado mostrar, a fuerza de imaginaci\u00f3n y estudio, c\u00f3mo hab\u00edan sido, principalmente, los distintos habit\u00e1culos que el hombre, a trav\u00e9s de los siglos, ha utilizado para su vivienda. Estos van desde las Cuevas del Neol\u00edtico, haciendo un estudio de las distintas que en la zona de Ronda existen, como \u201cLa Pileta\u201d, \u201cGato\u201d, etc\u00e9tera, a las antiguas chozas como primeros habit\u00e1culos cubiertos y fabricados por el hombre.<br \/>Estudia, asimismo, todo el aspecto necr\u00f3filo y monumentos funerarios de la humanidad, con un recorrido por los distintos D\u00f3lmenes que hay en la Serran\u00eda, mostrando fotograf\u00edas espectaculares de ellos, de enterramientos romanos y sobre todo, de enterramientos de la \u00e9poca de los musulmanes, con<\/p><p>fotos espectaculares de monumentos funerarios encontrados en el entorno de Ronda y, en general, de Andaluc\u00eda.<br \/>Hay un estudio hecho sobre la fabricaci\u00f3n de \u00fatiles, tanto de caza, como armas hechos en Siles y posteriormente fabricados en hierro. Se tiene expuesto el medio molde, labrado en piedra, de una espada del siglo VII a. Igualmente, hay un sala dedicada a la metalurgia y el proceso, en miniatura, de la extracci\u00f3n del hierro de la piedra, su fundido y posterior moldeamiento para cabezas de flechas, lanzas, espadas, y otros utensilios de defensa.<br \/>En el patio de la entrada se ha recuperado un brocal de pozo que ya exist\u00eda y que con el paso del tiempo se hab\u00eda deteriorado en exceso y que en la actualidad ha sido reemplazado por uno de piedra del Arroyo del Toro, obra<\/p><p>de los chicos canteros de la Escuela que lo han convertido en El \u00abPozo de los deseos\u00bb, donde los turistas que lo visitan suelen echar la cl\u00e1sica moneda y pedir el suyo.<br \/>Se muestra tambi\u00e9n el antiguo procedimiento de recogida de agua de lluvia a trav\u00e9s de las aljibes que estaban situadas en el subsuelo de los patios.<br \/>Se puede visitar tambi\u00e9n el jard\u00edn del Museo y la recuperaci\u00f3n del mismo por la Escuela Taller de jardiner\u00eda con una fuente y unas canalizaciones de agua que son un encanto, sin olvidar las vistas que desde este jard\u00edn se aprecian de la Serran\u00eda de Ronda, de las murallas antiguas y del barrio de San Francisco.<\/p>\t\t\t\t\t\t<\/div>\n\t\t\t\t<\/div>\n\t\t\t\t\t<\/div>\n\t\t<\/div>\n\t\t\t\t\t<\/div>\n\t\t<\/section>\n\t\t\t\t<section class=\"elementor-section elementor-top-section elementor-element elementor-element-cab58d1 elementor-section-boxed elementor-section-height-default elementor-section-height-default\" data-id=\"cab58d1\" data-element_type=\"section\">\n\t\t\t\t\t\t<div class=\"elementor-container elementor-column-gap-default\">\n\t\t\t\t\t<div class=\"elementor-column elementor-col-100 elementor-top-column elementor-element elementor-element-d42fdac\" data-id=\"d42fdac\" data-element_type=\"column\">\n\t\t\t<div class=\"elementor-widget-wrap elementor-element-populated\">\n\t\t\t\t\t\t<div class=\"elementor-element elementor-element-e95e3fe elementor-widget-divider--view-line elementor-widget elementor-widget-divider\" data-id=\"e95e3fe\" data-element_type=\"widget\" data-widget_type=\"divider.default\">\n\t\t\t\t<div class=\"elementor-widget-container\">\n\t\t\t\t\t<div class=\"elementor-divider\">\n\t\t\t<span class=\"elementor-divider-separator\">\n\t\t\t\t\t\t<\/span>\n\t\t<\/div>\n\t\t\t\t<\/div>\n\t\t\t\t<\/div>\n\t\t\t\t\t<\/div>\n\t\t<\/div>\n\t\t\t\t\t<\/div>\n\t\t<\/section>\n\t\t\t\t<section class=\"elementor-section elementor-top-section elementor-element elementor-element-304d289 elementor-section-boxed elementor-section-height-default elementor-section-height-default\" data-id=\"304d289\" data-element_type=\"section\">\n\t\t\t\t\t\t<div class=\"elementor-container elementor-column-gap-default\">\n\t\t\t\t\t<div class=\"elementor-column elementor-col-50 elementor-top-column elementor-element elementor-element-28ac838\" data-id=\"28ac838\" data-element_type=\"column\">\n\t\t\t<div class=\"elementor-widget-wrap elementor-element-populated\">\n\t\t\t\t\t\t<div class=\"elementor-element elementor-element-adf8039 elementor-widget elementor-widget-text-editor\" data-id=\"adf8039\" data-element_type=\"widget\" data-widget_type=\"text-editor.default\">\n\t\t\t\t<div class=\"elementor-widget-container\">\n\t\t\t\t\t\t\t<p>De indiscutible importancia tur\u00edstica es la Plaza de Toros de La Real Maestranza de Caballer\u00edas de Ronda, es el monumento m\u00e1s visitado de M\u00e1laga y uno de los m\u00e1s visitados de Andaluc\u00eda y es que el nombre atrae una enormidad. Plaza de Toros de Ronda, Pedro Romero, Cayetano Ord\u00f3\u00f1ez, Antonio Ord\u00f3\u00f1ez y Francisco Rivera, son nombres que producen ese hechizo que ha hecho de Ronda la cuna del toreo.<br \/>La Real Maestranza, se ha puesto a la labor de recoger el fruto de \u00e9sta efem\u00e9ride taurina, sin que haya hecho nada por lo taurino y s\u00ed por lo que lo taurino le ha producido.<br \/>Ha montado en los bajos de los tendidos oeste y sur-oeste tres museos que son dignos de visitarse, por la importancia hist\u00f3rica de la Instituci\u00f3n Armada y por la relevancia de lo taurino. Empecemos por lo taurino: Este<\/p><p>El Museo empieza por la evoluci\u00f3n de la fiesta de los toros, para lo que hace una descripci\u00f3n del origen del toro de lidia, (El Uro), con una reproducci\u00f3n del cr\u00e1neo de este animal de origen Ural. Posteriormente, sobre paneles, grafiados con im\u00e1genes e informaci\u00f3n escrita hace una descripci\u00f3n del toro, desde la Diosa Europa sobre un toro, hasta los toros de piedra de \u00c1vila.<br \/>Despu\u00e9s, siempre sobre paneles, sigue mostrando la habilidad de los caballeros para lancear toros, los juegos con toros en las Plazas, hasta llegar a la dinast\u00eda de los Romero, pasando por las distintas prohibiciones de algunos reyes empe\u00f1ados en acabar con esta cultura ancestral.<br \/>Termina con la exposici\u00f3n de las corridas de toros, conun panel donde quedan reflejados los m\u00e1s importantes diestros, desde Pedro Romero hasta Manuel Rodr\u00edguez, \u201cManolete\u201d.<br \/>Se completa la exposici\u00f3n con una serie de trajes y chaquetillas del siglo XVIII, trajes de toreros de la \u00e9poca (Antonio Ord\u00f3\u00f1ez, Paquirri, Manolete, Joselito, El Ni\u00f1o de la Palma\u2026 etc.), as\u00ed mismo unas cuantas cabezas de toros disecadas, y todos los instrumentos que se utilizan en las corridas de toros, y ah\u00ed se encuentran : Picas, botas de picador, sombrero de picador, banderillas, zapatillas, muletas, trajes de luces, trajes goyescos, monteras, medias, estoques , verduguillo y puntilla.<br \/>En seguida podemos pasar al de la Real Guarnicioner\u00eda de la Casa de Orle\u00e1ns, con una extraordinaria muestra de arreos y complementos de la m\u00e1s refinada artesan\u00eda que serv\u00edan para enganchar las carrozas a los caballos. \u00c9stas que se exponen en Ronda eran del Duque de Montpensier, quinto hijo del Rey Lu\u00eds Felipe de Francia, aunque \u00e9l estuvo afincado desde el a\u00f1o 1.846 en Andaluc\u00eda. La colecci\u00f3n la componen un doble juego de guarniciones uno de gala y el otro ordinario, con sus elementos met\u00e1licos convertidos en piezas de orfebrer\u00eda. Sillas de montar mamelucos y orientales, uniformes y accesorios y un espectacular juego que le regalara el Rey de Marruecos al Duque.<br \/>Debo contar aqu\u00ed que F\u00e9lix Zini, hermano de mi entra\u00f1able amigo Vito Zini, italianos y hombres refinados y educados en el servicio hotelero, era el Mayordomo, en Sanlucar de Barrameda, de la familia de los Orle\u00e1ns. Oficio que dej\u00f3 cuando se jubil\u00f3 ya muy mayor, y se vino a Ronda a la Residencia Parra Grossi, donde estuvohospedado unos meses. Estos Zini se han distinguido por ser todos muy longevos; yo los he conocido a todos ellos, a unos aqu\u00ed en Ronda y al resto en Italia, Bologna, Medicina y V\u00eda Nova, de donde eran originarios.<br \/><br \/><\/p>\t\t\t\t\t\t<\/div>\n\t\t\t\t<\/div>\n\t\t\t\t\t<\/div>\n\t\t<\/div>\n\t\t\t\t<div class=\"elementor-column elementor-col-50 elementor-top-column elementor-element elementor-element-56480b1\" data-id=\"56480b1\" data-element_type=\"column\">\n\t\t\t<div class=\"elementor-widget-wrap elementor-element-populated\">\n\t\t\t\t\t\t<div class=\"elementor-element elementor-element-ad16699 elementor-widget elementor-widget-heading\" data-id=\"ad16699\" data-element_type=\"widget\" data-widget_type=\"heading.default\">\n\t\t\t\t<div class=\"elementor-widget-container\">\n\t\t\t<h2 class=\"elementor-heading-title elementor-size-default\">DE LA REAL MAESTRANZA<\/h2>\t\t<\/div>\n\t\t\t\t<\/div>\n\t\t\t\t<div class=\"elementor-element elementor-element-6ab2331 elementor-widget elementor-widget-image\" data-id=\"6ab2331\" data-element_type=\"widget\" data-widget_type=\"image.default\">\n\t\t\t\t<div class=\"elementor-widget-container\">\n\t\t\t\t\t\t\t\t\t\t\t\t\t<img loading=\"lazy\" decoding=\"async\" width=\"512\" height=\"241\" src=\"http:\/\/www.josemariatornay.com\/wp-content\/uploads\/2020\/04\/museomaestranza.png\" class=\"attachment-large size-large wp-image-20186\" alt=\"\" srcset=\"http:\/\/www.josemariatornay.com\/wp-content\/uploads\/2020\/04\/museomaestranza.png 512w, http:\/\/www.josemariatornay.com\/wp-content\/uploads\/2020\/04\/museomaestranza-300x141.png 300w\" sizes=\"(max-width: 512px) 100vw, 512px\" \/>\t\t\t\t\t\t\t\t\t\t\t\t\t<\/div>\n\t\t\t\t<\/div>\n\t\t\t\t<div class=\"elementor-element elementor-element-3c71bf7 elementor-widget elementor-widget-text-editor\" data-id=\"3c71bf7\" data-element_type=\"widget\" data-widget_type=\"text-editor.default\">\n\t\t\t\t<div class=\"elementor-widget-container\">\n\t\t\t\t\t\t\t<p>Termina el recorrido por los museos visitando la colecci\u00f3n de armas antiguas. Preside esta sala un gran cuadro ecuestre, pintado por el italiano M\u00e1ximo Stanzione, del Duque de Medina de las Torres. La sala est\u00e1 presidida en primer t\u00e9rmino por una riqu\u00edsima colecci\u00f3n de armas para caza y duelo. Es un conjunto de unas doscientas noventa piezas originales de las armer\u00edas de Felipe IV y Carlos III; escopetas y carabinas europeas del los siglos XVII , XVIII y XIX; piezas de las armer\u00edas de Lu\u00eds XIV, (El Rey sol), Napole\u00f3n, y de algunos monarcas ingleses.<br \/>Hay una colecci\u00f3n de pistolas de duelo que son una maravilla, eran pistolas que se utilizaban en los lance de honor, como las del escritor Vicente Blasco Ib\u00e1\u00f1ez y las del Duque de Montpensier.<br \/>En la Galer\u00eda de la Maestranza se encuentra un retrato del Felipe II, de Espa\u00f1a, Fundador de la Real Maestranza de Caballer\u00eda, un retrato del Primer Hermano Mayor de la Maestranza el Pr\u00edncipe Carlos, otro del Primer Teniente de Hermano Mayor, uno de lo Valenzuela, y otro del Duque de Montpensier. Se muestran en esta Galer\u00eda algunos trajes y utensilios de los maestrantes y se muestra el traje de Gala, del anterior Hermano Mayor, D. Juan de Borb\u00f3n, Conde de Barcelona, padre del actual Rey D. Juan Carlos I Rey de Espa\u00f1a y Hermano Mayor de la Maestranza.<\/p>\t\t\t\t\t\t<\/div>\n\t\t\t\t<\/div>\n\t\t\t\t<div class=\"elementor-element elementor-element-ad85cf6 elementor-widget elementor-widget-text-editor\" data-id=\"ad85cf6\" data-element_type=\"widget\" data-widget_type=\"text-editor.default\">\n\t\t\t\t<div class=\"elementor-widget-container\">\n\t\t\t\t\t\t\t<p>De corridas de antes, de toros y toreros,<br \/>de \u201cEl Ni\u00f1o de la Palma\u201d,<br \/>del triunfo de afamados caballeros.<br \/>Del gran Antonio Ord\u00f3\u00f1ez<br \/>y de Pedro Romero.<br \/>De todos se nos muestra <br \/>alguna cosa amena en el museo.<\/p><p>La casa de Orle\u00e1ns<br \/>presenta sus arreos<br \/>para enganchar hist\u00f3ricas carrozas<br \/>labradas por grandes guarnicioneros.<br \/>Hasta el gran Montpensier<br \/>descubre sus secretos<br \/>en la sala que muestra sus enseres<br \/>y su rancio abolengo.<\/p><p>Los \u00fatiles de caza,<br \/>\u00f1as armas para duelo,<br \/>escopetas gastadas y lustrosas,<br \/>carabinas de ensue\u00f1o.<br \/>Retratos a caballo,<br \/>piezas de aquellos tiempos<br \/>y caprichos de pr\u00edncipes y reyes<br \/>para sus recios juegos.<\/p>\t\t\t\t\t\t<\/div>\n\t\t\t\t<\/div>\n\t\t\t\t\t<\/div>\n\t\t<\/div>\n\t\t\t\t\t<\/div>\n\t\t<\/section>\n\t\t\t\t<section class=\"elementor-section elementor-top-section elementor-element elementor-element-ddf0ab5 elementor-section-boxed elementor-section-height-default elementor-section-height-default\" data-id=\"ddf0ab5\" data-element_type=\"section\">\n\t\t\t\t\t\t<div class=\"elementor-container elementor-column-gap-default\">\n\t\t\t\t\t<div class=\"elementor-column elementor-col-100 elementor-top-column elementor-element elementor-element-0f99b2b\" data-id=\"0f99b2b\" data-element_type=\"column\">\n\t\t\t<div class=\"elementor-widget-wrap elementor-element-populated\">\n\t\t\t\t\t\t<div class=\"elementor-element elementor-element-5d51e51 elementor-widget-divider--view-line elementor-widget elementor-widget-divider\" data-id=\"5d51e51\" data-element_type=\"widget\" data-widget_type=\"divider.default\">\n\t\t\t\t<div class=\"elementor-widget-container\">\n\t\t\t\t\t<div class=\"elementor-divider\">\n\t\t\t<span class=\"elementor-divider-separator\">\n\t\t\t\t\t\t<\/span>\n\t\t<\/div>\n\t\t\t\t<\/div>\n\t\t\t\t<\/div>\n\t\t\t\t\t<\/div>\n\t\t<\/div>\n\t\t\t\t\t<\/div>\n\t\t<\/section>\n\t\t\t\t<section class=\"elementor-section elementor-top-section elementor-element elementor-element-8e220ea elementor-section-boxed elementor-section-height-default elementor-section-height-default\" data-id=\"8e220ea\" data-element_type=\"section\">\n\t\t\t\t\t\t<div class=\"elementor-container elementor-column-gap-default\">\n\t\t\t\t\t<div class=\"elementor-column elementor-col-50 elementor-top-column elementor-element elementor-element-4230e69\" data-id=\"4230e69\" data-element_type=\"column\">\n\t\t\t<div class=\"elementor-widget-wrap elementor-element-populated\">\n\t\t\t\t\t\t<div class=\"elementor-element elementor-element-a274feb elementor-widget elementor-widget-image\" data-id=\"a274feb\" data-element_type=\"widget\" data-widget_type=\"image.default\">\n\t\t\t\t<div class=\"elementor-widget-container\">\n\t\t\t\t\t\t\t\t\t\t\t\t\t<img loading=\"lazy\" decoding=\"async\" width=\"375\" height=\"281\" src=\"http:\/\/www.josemariatornay.com\/wp-content\/uploads\/2020\/04\/BANDOLERO01.jpg\" class=\"attachment-large size-large wp-image-20189\" alt=\"\" srcset=\"http:\/\/www.josemariatornay.com\/wp-content\/uploads\/2020\/04\/BANDOLERO01.jpg 375w, http:\/\/www.josemariatornay.com\/wp-content\/uploads\/2020\/04\/BANDOLERO01-300x225.jpg 300w\" sizes=\"(max-width: 375px) 100vw, 375px\" \/>\t\t\t\t\t\t\t\t\t\t\t\t\t<\/div>\n\t\t\t\t<\/div>\n\t\t\t\t<div class=\"elementor-element elementor-element-39df214 elementor-widget elementor-widget-text-editor\" data-id=\"39df214\" data-element_type=\"widget\" data-widget_type=\"text-editor.default\">\n\t\t\t\t<div class=\"elementor-widget-container\">\n\t\t\t\t\t\t\t<p>Hombres tirados al monte,<br \/>al abrigo de los cerros,<br \/>huyendo de su pasado,<br \/>con lances de honor por medio.<br \/>Entre espinos y retamas,<br \/>desafiando a los vientos,<br \/>cercados por migueletes,<br \/>sin m\u00e1s armas que sus pechos.<br \/>Entre pinsapos y encinas,<br \/>entre chaparros sedientos,<br \/>negros presagios de muerte<br \/>habitaban su misterio.<br \/>Rel\u00e1mpagos en la noche,<br \/>esclavos de sus recuerdos,<br \/>corazones malheridos<br \/>marcados con odio a fuego.<br \/>Personajes de leyenda,<br \/>del destino prisioneros,<br \/>que trocaron a esta tierra<br \/>en patria de bandoleros.<\/p>\t\t\t\t\t\t<\/div>\n\t\t\t\t<\/div>\n\t\t\t\t<div class=\"elementor-element elementor-element-b441162 elementor-widget elementor-widget-image\" data-id=\"b441162\" data-element_type=\"widget\" data-widget_type=\"image.default\">\n\t\t\t\t<div class=\"elementor-widget-container\">\n\t\t\t\t\t\t\t\t\t\t\t\t\t<img decoding=\"async\" src=\"http:\/\/www.josemariatornay.com\/wp-content\/uploads\/elementor\/thumbs\/museobandolero-opnemtj84m5blqdpcchfbsqp3clgdk7dvzpw87plhc.jpg\" title=\"museobandolero\" alt=\"museobandolero\" loading=\"lazy\" \/>\t\t\t\t\t\t\t\t\t\t\t\t\t<\/div>\n\t\t\t\t<\/div>\n\t\t\t\t\t<\/div>\n\t\t<\/div>\n\t\t\t\t<div class=\"elementor-column elementor-col-50 elementor-top-column elementor-element elementor-element-9df391a\" data-id=\"9df391a\" data-element_type=\"column\">\n\t\t\t<div class=\"elementor-widget-wrap elementor-element-populated\">\n\t\t\t\t\t\t<div class=\"elementor-element elementor-element-82f2aed elementor-widget elementor-widget-heading\" data-id=\"82f2aed\" data-element_type=\"widget\" data-widget_type=\"heading.default\">\n\t\t\t\t<div class=\"elementor-widget-container\">\n\t\t\t<h2 class=\"elementor-heading-title elementor-size-default\">DEL BANDOLERO<\/h2>\t\t<\/div>\n\t\t\t\t<\/div>\n\t\t\t\t<div class=\"elementor-element elementor-element-a87ec4a elementor-widget elementor-widget-text-editor\" data-id=\"a87ec4a\" data-element_type=\"widget\" data-widget_type=\"text-editor.default\">\n\t\t\t\t<div class=\"elementor-widget-container\">\n\t\t\t\t\t\t\t<p>Mis amigos Jes\u00fas Almaz\u00e1n y Jos\u00e9 Antonio Guerrero se reunieron un buen d\u00eda y tuvieron la feliz idea de dedicar un museo al Bandolero, al bandolerismo, al contrabando y al contrabandista y a las fuerzas represoras de estos. Para ello, compraron la casa de D. Jos\u00e9 Gonz\u00e1lez, un comerciante de Ronda, de familia de comerciantes y de dinast\u00eda de tales, que fundara D. Rafael Gonz\u00e1lez, padre de Antonio y de Jos\u00e9. D. Rafael siempre hab\u00eda regentado una el\u00e9ctrica en la entrada de la calle de La Bola, que despu\u00e9s mantuvo su hijo Antonio, y Pepe mont\u00f3 una ferreter\u00eda un poco m\u00e1s arriba.<br \/>Una vez comprada la casa, estos dos personajes decidieron montar un museo, para lo que tuvieron que hacer una serie de adaptaciones en el edificio, pero sin romper, para nada, el estilo y la forma del mismo, que est\u00e1 situado en la calle Armi\u00f1\u00e1n, entre el Ayuntamiento y las Murallas de la Ecijara. El Museo recoge la historia del bandolerismo andaluz y de los personajes m\u00e1s representativos del mismo como Jos\u00e9 Mar\u00eda \u201cEl Tempranillo\u201d, \u201cDiego Corrientes\u201d, \u201cEl Pernales\u201d, \u201cEl Bizco del Borgue\u201d, \u201cEl Vivillo\u201d, \u201cTragabuches\u201d, \u201cFlores Arocha\u201d y \u201cPasos Largos\u201d. De cada uno de ellos hacen un recorrido hist\u00f3rico por su persona y las fechor\u00edas que les llevaron a excluirse de la sociedad establecida para \u201cecharse al monte\u201d, que se dec\u00eda antiguamente, con aportaciones de documentaci\u00f3n exhaustiva de los personajes.<br \/>Asimismo, hace un recorrido por los caminos y trochas que utilizaron los contrabandistas que ven\u00edan de Gibraltar y pasaban sus productos al interior de la Pen\u00ednsula, cuando Espa\u00f1a pasaba por una situaci\u00f3n de carest\u00eda de bienes b\u00e1sicos y por una actitud tremendamente represora por parte de las autoridades.<br \/>Hay en el Museo un recuerdo a los sufridos vigilantes de la ley y el orden, aquellos antiguos Migueletes, venidos a ser posteriormente Cuerpo de la Guardia Civil, que fundara el Duque de Ahumada, del que hay una muestra de su vida y obra.<br \/>Hay una serie de armas que utilizaron los bandoleros: trabucos, facas, navajas enormes, etc\u00e9tera, usadas en la \u00e9poca, completadas con una serie de fusiles y escopetas de las fuerzas represivas. En la actualidad regenta la instalaci\u00f3n Jes\u00fas Almaz\u00e1n, pues la familia de Guerrero Pedraza se ha dedicado a un comercio distinto al museo, aunque tambi\u00e9n enfocado al turismo.<\/p>\t\t\t\t\t\t<\/div>\n\t\t\t\t<\/div>\n\t\t\t\t\t<\/div>\n\t\t<\/div>\n\t\t\t\t\t<\/div>\n\t\t<\/section>\n\t\t\t\t<section class=\"elementor-section elementor-top-section elementor-element elementor-element-7b1a0e7 elementor-section-boxed elementor-section-height-default elementor-section-height-default\" data-id=\"7b1a0e7\" data-element_type=\"section\">\n\t\t\t\t\t\t<div class=\"elementor-container elementor-column-gap-default\">\n\t\t\t\t\t<div class=\"elementor-column elementor-col-100 elementor-top-column elementor-element elementor-element-74e6ef9\" data-id=\"74e6ef9\" data-element_type=\"column\">\n\t\t\t<div class=\"elementor-widget-wrap elementor-element-populated\">\n\t\t\t\t\t\t<div class=\"elementor-element elementor-element-361a747 elementor-widget-divider--view-line elementor-widget elementor-widget-divider\" data-id=\"361a747\" data-element_type=\"widget\" data-widget_type=\"divider.default\">\n\t\t\t\t<div class=\"elementor-widget-container\">\n\t\t\t\t\t<div class=\"elementor-divider\">\n\t\t\t<span class=\"elementor-divider-separator\">\n\t\t\t\t\t\t<\/span>\n\t\t<\/div>\n\t\t\t\t<\/div>\n\t\t\t\t<\/div>\n\t\t\t\t\t<\/div>\n\t\t<\/div>\n\t\t\t\t\t<\/div>\n\t\t<\/section>\n\t\t\t\t<section class=\"elementor-section elementor-top-section elementor-element elementor-element-c60b688 elementor-section-boxed elementor-section-height-default elementor-section-height-default\" data-id=\"c60b688\" data-element_type=\"section\">\n\t\t\t\t\t\t<div class=\"elementor-container elementor-column-gap-default\">\n\t\t\t\t\t<div class=\"elementor-column elementor-col-50 elementor-top-column elementor-element elementor-element-d328b65\" data-id=\"d328b65\" data-element_type=\"column\">\n\t\t\t<div class=\"elementor-widget-wrap elementor-element-populated\">\n\t\t\t\t\t\t<div class=\"elementor-element elementor-element-f6a8cae elementor-widget elementor-widget-heading\" data-id=\"f6a8cae\" data-element_type=\"widget\" data-widget_type=\"heading.default\">\n\t\t\t\t<div class=\"elementor-widget-container\">\n\t\t\t<h2 class=\"elementor-heading-title elementor-size-default\">DE SANTA MAR\u00cdA LA MAYOR<\/h2>\t\t<\/div>\n\t\t\t\t<\/div>\n\t\t\t\t<div class=\"elementor-element elementor-element-738209c elementor-widget elementor-widget-text-editor\" data-id=\"738209c\" data-element_type=\"widget\" data-widget_type=\"text-editor.default\">\n\t\t\t\t<div class=\"elementor-widget-container\">\n\t\t\t\t\t\t\t<p>En el interior de Santa Mar\u00eda de la Encarnaci\u00f3n (La Catedral) hay una serie de im\u00e1genes, retablos y detalles que son dignos de menci\u00f3n y que todos ellos configuran un Museo, adem\u00e1s de las dos exposiciones que existen.<br \/>Empezando por la entrada, encontramos una pintura enorme de San Crist\u00f3bal, Patr\u00f3n de Ronda. San Crist\u00f3bal fue nombrado Patr\u00f3n por el Papa Benedicto XIV, a mediados del siglo XVIII; la idea era que protegiese a los viandantes, por esos caminos de Dios que le llevaban o tra\u00edan a Ronda, de los asaltadores de caminos que por esas fechas proliferaron tanto en esta zona.<br \/>Posteriormente a su nombramiento como Patr\u00f3n, el Cabildo de Santa Mar\u00eda le encarg\u00f3 al pintor ronde\u00f1o, Jos\u00e9 de Ramos Piquer, que pintase la figura de este santo, rog\u00e1ndole que fuera un San Crist\u00f3bal grande, como<\/p><p>se supone que era este Santo Var\u00f3n. Y as\u00ed encontramos, en ese arco del rinc\u00f3n izquierdo del altar del Sagrario, un fresco enorme que reproduce la imagen del Patr\u00f3n de Ronda. La pintura est\u00e1 fechada por el autor en el a\u00f1o 1.798. Se cuenta que a San Crist\u00f3bal lo pintaban as\u00ed de grande, con objeto de que se viese desde cualquier puerta de entrada a la iglesia, de manera que, principalmente los panaderos, ten\u00edan la superstici\u00f3n de que si sal\u00edan de trabajar y no saludaban al Santo, esto les traer\u00eda mala suerte, as\u00ed que con s\u00f3lo abrir la puerta le dec\u00edan \u201cbuenos d\u00edas\u201d a San Crist\u00f3bal y ya iban protegidos.<br \/>Inmediatamente de ver a San Crist\u00f3bal, encontramos dos retablos enormes fabricados en Ronda, y, seg\u00fan la inscripci\u00f3n que se encuentra en el central, fueron hechos en los talleres de la Iglesia en el a\u00f1o de 1.773 en estilo barroco. El de la derecha representa un retablo tambi\u00e9n barroco (churrigueresco) y hecho por las mismas fechas que el anterior. En el camer\u00edn de este retablo se encuentra Nuestra Se\u00f1ora del Mayor Dolor que se le atribuye a \u201cLa Roldana\u201d (Mar\u00eda Luisa Rold\u00e1n). Justo enfrente de estos dos retablos, en el trascoro, encontramos catorce placas en bronce situadas en un altar estructurado en madera de cedro y que<\/p><p>representan distintos momentos de la Vida de Nuestra Se\u00f1ora. Se hicieron y pusieron ah\u00ed por iniciativa del p\u00e1rroco D. Gonzalo Huesa y bendecido e inaugurado por Monse\u00f1or Dorado Soto, Obispo de M\u00e1laga el a\u00f1o 2.000 con motivo de bimilenario Mariano. Se llama \u201cV\u00eda Lucis Mariano\u201d, en contraposici\u00f3n del V\u00eda Crucis.<br \/>El coro es una obra maestra de la talla ronde\u00f1a hecho casi todo en nogal, como igualmente el \u00f3rgano. Tanto \u00e9ste como bastantes de las figuras que presiden los sitiales, fueron destruidos y quemados durante la 2\u00aa Rep\u00fablica. Posteriormente, las figuras fueron repuestas por los tallistas ronde\u00f1os, Vicente Becerra (El Sacrist\u00e1n de Santa Mar\u00eda) y Adolfo \u201cEl T\u00edtere\u201d.<\/p><p>Nos queda por describir el altar Mayor, en el que se encuentra un baldaquino de madera de cedro hecho en Ronda en estilo Rococ\u00f3, que es una maravilla y que se supone se hizo a finales del siglo XVIII.<br \/>En lo que era la Sacrist\u00eda Mayor, se ha instalado un peque\u00f1o Museo con relicarios, que van desde el siglo XVI hasta nuestros d\u00edas; im\u00e1genes del Ni\u00f1o Jes\u00fas y de la Virgen del Rosario, como, asimismo, una serie de libros en pergamino que datan de los siglo XVI al XVIII. En la actualidad se sale de la visita de la Iglesia por las antiguas catacumbas, adaptadas como peque\u00f1o museo de c\u00f3dices antiguos y de algunas reproducciones del Hombre de la Sindone (La S\u00e1bana Santa de Tur\u00edn), de la que hubo una exposici\u00f3n en La Catedral.<\/p><p>\u00a0<\/p>\t\t\t\t\t\t<\/div>\n\t\t\t\t<\/div>\n\t\t\t\t\t<\/div>\n\t\t<\/div>\n\t\t\t\t<div class=\"elementor-column elementor-col-50 elementor-top-column elementor-element elementor-element-5013d3b\" data-id=\"5013d3b\" data-element_type=\"column\">\n\t\t\t<div class=\"elementor-widget-wrap elementor-element-populated\">\n\t\t\t\t\t\t<div class=\"elementor-element elementor-element-bc54a2e elementor-widget elementor-widget-image\" data-id=\"bc54a2e\" data-element_type=\"widget\" data-widget_type=\"image.default\">\n\t\t\t\t<div class=\"elementor-widget-container\">\n\t\t\t\t\t\t\t\t\t\t\t\t\t<img loading=\"lazy\" decoding=\"async\" width=\"375\" height=\"281\" src=\"http:\/\/www.josemariatornay.com\/wp-content\/uploads\/2020\/04\/museo-santamaria1.jpg\" class=\"attachment-large size-large wp-image-20192\" alt=\"\" srcset=\"http:\/\/www.josemariatornay.com\/wp-content\/uploads\/2020\/04\/museo-santamaria1.jpg 375w, http:\/\/www.josemariatornay.com\/wp-content\/uploads\/2020\/04\/museo-santamaria1-300x225.jpg 300w\" sizes=\"(max-width: 375px) 100vw, 375px\" \/>\t\t\t\t\t\t\t\t\t\t\t\t\t<\/div>\n\t\t\t\t<\/div>\n\t\t\t\t<div class=\"elementor-element elementor-element-3b3d1af elementor-widget elementor-widget-text-editor\" data-id=\"3b3d1af\" data-element_type=\"widget\" data-widget_type=\"text-editor.default\">\n\t\t\t\t<div class=\"elementor-widget-container\">\n\t\t\t\t\t\t\t<p>Hermandad de reliquias y sotanas<br \/>compartiendo vitrinas y anaqueles,<br \/>im\u00e1genes sagradas y papeles<br \/>notarios de memorias diocesanas.<\/p><p>San Crist\u00f3bal preside en las alturas;<br \/>fabuloso angelote de la guarda<br \/>cuya imagen cicl\u00f3pea y gallarda<br \/>recuerda la miseria de los curas.<\/p><p>Casullas y retablos relucientes<br \/>en altares menores y mayores,<br \/>donde van a purgar los pecadores<br \/>y a cumplir su deber los penitentes.<\/p>\t\t\t\t\t\t<\/div>\n\t\t\t\t<\/div>\n\t\t\t\t<div class=\"elementor-element elementor-element-9005763 elementor-widget elementor-widget-image\" data-id=\"9005763\" data-element_type=\"widget\" data-widget_type=\"image.default\">\n\t\t\t\t<div class=\"elementor-widget-container\">\n\t\t\t\t\t\t\t\t\t\t\t\t\t<img loading=\"lazy\" decoding=\"async\" width=\"375\" height=\"478\" src=\"http:\/\/www.josemariatornay.com\/wp-content\/uploads\/2020\/04\/museosantamaria2.jpg\" class=\"attachment-large size-large wp-image-20193\" alt=\"\" srcset=\"http:\/\/www.josemariatornay.com\/wp-content\/uploads\/2020\/04\/museosantamaria2.jpg 375w, http:\/\/www.josemariatornay.com\/wp-content\/uploads\/2020\/04\/museosantamaria2-235x300.jpg 235w\" sizes=\"(max-width: 375px) 100vw, 375px\" \/>\t\t\t\t\t\t\t\t\t\t\t\t\t<\/div>\n\t\t\t\t<\/div>\n\t\t\t\t<div class=\"elementor-element elementor-element-d10227c elementor-widget elementor-widget-image\" data-id=\"d10227c\" data-element_type=\"widget\" data-widget_type=\"image.default\">\n\t\t\t\t<div class=\"elementor-widget-container\">\n\t\t\t\t\t\t\t\t\t\t\t\t\t<img loading=\"lazy\" decoding=\"async\" width=\"375\" height=\"281\" src=\"http:\/\/www.josemariatornay.com\/wp-content\/uploads\/2020\/04\/museosantamaria3.jpg\" class=\"attachment-large size-large wp-image-20194\" alt=\"\" srcset=\"http:\/\/www.josemariatornay.com\/wp-content\/uploads\/2020\/04\/museosantamaria3.jpg 375w, http:\/\/www.josemariatornay.com\/wp-content\/uploads\/2020\/04\/museosantamaria3-300x225.jpg 300w\" sizes=\"(max-width: 375px) 100vw, 375px\" \/>\t\t\t\t\t\t\t\t\t\t\t\t\t<\/div>\n\t\t\t\t<\/div>\n\t\t\t\t\t<\/div>\n\t\t<\/div>\n\t\t\t\t\t<\/div>\n\t\t<\/section>\n\t\t\t\t<section class=\"elementor-section elementor-top-section elementor-element elementor-element-f51047f elementor-section-boxed elementor-section-height-default elementor-section-height-default\" data-id=\"f51047f\" data-element_type=\"section\">\n\t\t\t\t\t\t<div class=\"elementor-container elementor-column-gap-default\">\n\t\t\t\t\t<div class=\"elementor-column elementor-col-100 elementor-top-column elementor-element elementor-element-5f49b9c\" data-id=\"5f49b9c\" data-element_type=\"column\">\n\t\t\t<div class=\"elementor-widget-wrap elementor-element-populated\">\n\t\t\t\t\t\t<div class=\"elementor-element elementor-element-827d8e5 elementor-widget-divider--view-line elementor-widget elementor-widget-divider\" data-id=\"827d8e5\" data-element_type=\"widget\" data-widget_type=\"divider.default\">\n\t\t\t\t<div class=\"elementor-widget-container\">\n\t\t\t\t\t<div class=\"elementor-divider\">\n\t\t\t<span class=\"elementor-divider-separator\">\n\t\t\t\t\t\t<\/span>\n\t\t<\/div>\n\t\t\t\t<\/div>\n\t\t\t\t<\/div>\n\t\t\t\t\t<\/div>\n\t\t<\/div>\n\t\t\t\t\t<\/div>\n\t\t<\/section>\n\t\t\t\t<section class=\"elementor-section elementor-top-section elementor-element elementor-element-42999ee elementor-section-boxed elementor-section-height-default elementor-section-height-default\" data-id=\"42999ee\" data-element_type=\"section\">\n\t\t\t\t\t\t<div class=\"elementor-container elementor-column-gap-default\">\n\t\t\t\t\t<div class=\"elementor-column elementor-col-50 elementor-top-column elementor-element elementor-element-59b56a4\" data-id=\"59b56a4\" data-element_type=\"column\">\n\t\t\t<div class=\"elementor-widget-wrap elementor-element-populated\">\n\t\t\t\t\t\t<div class=\"elementor-element elementor-element-92a29d6 elementor-widget elementor-widget-image\" data-id=\"92a29d6\" data-element_type=\"widget\" data-widget_type=\"image.default\">\n\t\t\t\t<div class=\"elementor-widget-container\">\n\t\t\t\t\t\t\t\t\t\t\t\t\t<img loading=\"lazy\" decoding=\"async\" width=\"375\" height=\"281\" src=\"http:\/\/www.josemariatornay.com\/wp-content\/uploads\/2020\/04\/01lara.jpg\" class=\"attachment-large size-large wp-image-20199\" alt=\"\" srcset=\"http:\/\/www.josemariatornay.com\/wp-content\/uploads\/2020\/04\/01lara.jpg 375w, http:\/\/www.josemariatornay.com\/wp-content\/uploads\/2020\/04\/01lara-300x225.jpg 300w\" sizes=\"(max-width: 375px) 100vw, 375px\" \/>\t\t\t\t\t\t\t\t\t\t\t\t\t<\/div>\n\t\t\t\t<\/div>\n\t\t\t\t<div class=\"elementor-element elementor-element-859ac0e elementor-widget elementor-widget-image\" data-id=\"859ac0e\" data-element_type=\"widget\" data-widget_type=\"image.default\">\n\t\t\t\t<div class=\"elementor-widget-container\">\n\t\t\t\t\t\t\t\t\t\t\t\t\t<img loading=\"lazy\" decoding=\"async\" width=\"375\" height=\"281\" src=\"http:\/\/www.josemariatornay.com\/wp-content\/uploads\/2020\/04\/02lara.jpg\" class=\"attachment-large size-large wp-image-20201\" alt=\"\" srcset=\"http:\/\/www.josemariatornay.com\/wp-content\/uploads\/2020\/04\/02lara.jpg 375w, http:\/\/www.josemariatornay.com\/wp-content\/uploads\/2020\/04\/02lara-300x225.jpg 300w\" sizes=\"(max-width: 375px) 100vw, 375px\" \/>\t\t\t\t\t\t\t\t\t\t\t\t\t<\/div>\n\t\t\t\t<\/div>\n\t\t\t\t<div class=\"elementor-element elementor-element-b8ef236 elementor-widget elementor-widget-heading\" data-id=\"b8ef236\" data-element_type=\"widget\" data-widget_type=\"heading.default\">\n\t\t\t\t<div class=\"elementor-widget-container\">\n\t\t\t<h2 class=\"elementor-heading-title elementor-size-default\">MUSEO LARA<\/h2>\t\t<\/div>\n\t\t\t\t<\/div>\n\t\t\t\t<div class=\"elementor-element elementor-element-033ade9 elementor-widget elementor-widget-text-editor\" data-id=\"033ade9\" data-element_type=\"widget\" data-widget_type=\"text-editor.default\">\n\t\t\t\t<div class=\"elementor-widget-container\">\n\t\t\t\t\t\t\t<p>Fabulosa colecci\u00f3n<br \/>de piezas bellas y raras,<br \/>producto de la pasi\u00f3n<br \/>y anticuaria devoci\u00f3n<br \/>de don Juan Antonio Lara.<\/p><p>\u00a0<\/p><p>MUSEO DE CAZA<\/p><p>Santuario de la caza,<br \/>deslumbrante zoolog\u00eda<br \/>que te inunda, te atenaza,<br \/>te sorprende, te amenaza,<br \/>embalsamada jaur\u00eda.<\/p>\t\t\t\t\t\t<\/div>\n\t\t\t\t<\/div>\n\t\t\t\t<div class=\"elementor-element elementor-element-73d5b1a elementor-widget elementor-widget-image\" data-id=\"73d5b1a\" data-element_type=\"widget\" data-widget_type=\"image.default\">\n\t\t\t\t<div class=\"elementor-widget-container\">\n\t\t\t\t\t\t\t\t\t\t\t\t\t<img loading=\"lazy\" decoding=\"async\" width=\"375\" height=\"281\" src=\"http:\/\/www.josemariatornay.com\/wp-content\/uploads\/2020\/04\/02caza.jpg\" class=\"attachment-large size-large wp-image-20200\" alt=\"\" srcset=\"http:\/\/www.josemariatornay.com\/wp-content\/uploads\/2020\/04\/02caza.jpg 375w, http:\/\/www.josemariatornay.com\/wp-content\/uploads\/2020\/04\/02caza-300x225.jpg 300w\" sizes=\"(max-width: 375px) 100vw, 375px\" \/>\t\t\t\t\t\t\t\t\t\t\t\t\t<\/div>\n\t\t\t\t<\/div>\n\t\t\t\t<div class=\"elementor-element elementor-element-3a72bab elementor-widget elementor-widget-image\" data-id=\"3a72bab\" data-element_type=\"widget\" data-widget_type=\"image.default\">\n\t\t\t\t<div class=\"elementor-widget-container\">\n\t\t\t\t\t\t\t\t\t\t\t\t\t<img loading=\"lazy\" decoding=\"async\" width=\"375\" height=\"281\" src=\"http:\/\/www.josemariatornay.com\/wp-content\/uploads\/2020\/04\/01caza.jpg\" class=\"attachment-large size-large wp-image-20202\" alt=\"\" srcset=\"http:\/\/www.josemariatornay.com\/wp-content\/uploads\/2020\/04\/01caza.jpg 375w, http:\/\/www.josemariatornay.com\/wp-content\/uploads\/2020\/04\/01caza-300x225.jpg 300w\" sizes=\"(max-width: 375px) 100vw, 375px\" \/>\t\t\t\t\t\t\t\t\t\t\t\t\t<\/div>\n\t\t\t\t<\/div>\n\t\t\t\t\t<\/div>\n\t\t<\/div>\n\t\t\t\t<div class=\"elementor-column elementor-col-50 elementor-top-column elementor-element elementor-element-6c7babb\" data-id=\"6c7babb\" data-element_type=\"column\">\n\t\t\t<div class=\"elementor-widget-wrap elementor-element-populated\">\n\t\t\t\t\t\t<div class=\"elementor-element elementor-element-3ad80e1 elementor-widget elementor-widget-heading\" data-id=\"3ad80e1\" data-element_type=\"widget\" data-widget_type=\"heading.default\">\n\t\t\t\t<div class=\"elementor-widget-container\">\n\t\t\t<h2 class=\"elementor-heading-title elementor-size-default\">MUSEO LARA Y MUSEO DE CAZA<\/h2>\t\t<\/div>\n\t\t\t\t<\/div>\n\t\t\t\t<div class=\"elementor-element elementor-element-0723a27 elementor-widget elementor-widget-text-editor\" data-id=\"0723a27\" data-element_type=\"widget\" data-widget_type=\"text-editor.default\">\n\t\t\t\t<div class=\"elementor-widget-container\">\n\t\t\t\t\t\t\t<p>Estos dos museos son de propiedad privada, pero tienen un valor incalculable, por la variedad de piezas el primero y por la calidad cineg\u00e9tica el segundo.<br \/>Vayamos con el Lara. Este Museo se encuentra situado en la calle Armi\u00f1an, en la que era Casa Palacio de los Condes de la Conquista y es una muerta de las casas- palacio del siglo XVIII ronde\u00f1o.<br \/>Desde la entrada se accede a un patio porticado con columnas, desde el que se distribuye el museo por salas y temas, empezando por un retrato de D. Jos\u00e9 Vasco y Vargas, Conde de la Conquista, conquistador de la Islas Batanes. Posteriormente, se pasa a la sala de los relojes, donde se encuentra una colecci\u00f3n de relojes de plata y de oro que pueden valer millones . Hay un peque\u00f1ito de oro que perteneci\u00f3 a la Reina Isabel II de Espa\u00f1a y una variedad abrumadora de ejemplares de ambos metales.<\/p><p>Despu\u00e9s, se pasa a la sala de las armas donde se pueden encontrar desde los m\u00e1s antiguos trabucos y arcabuces, hasta las m\u00e1s modernas pistolas, fusiles, pistolas de tres ca\u00f1ones, pistolas peque\u00f1\u00edsimas de mujer (de esas que se llevaban en el liguero), etc. En la sala rom\u00e1ntica hay una colecci\u00f3n espl\u00e9ndida de abanicos, mu\u00f1ecas de todo tipo y de todas las \u00e9pocas y objetos de belleza de la mujer antigua de los siglos XVIII y XIX. <br \/>En la sala museo de arqueolog\u00eda se encuentran recipientes de todas la \u00e9pocas y \u00fatiles de cer\u00e1mica as\u00ed como de todas las \u00e9pocas. Hay una colecci\u00f3n entera de monedas de las que se emitieron en Acinipo. En lo arqueol\u00f3gico hay muestras desde el siglo IX a. C.<\/p><p>Cristo hasta el XII d. C.<br \/>En la sala de fotograf\u00eda y cine, se encuentra una colecci\u00f3n de c\u00e1maras fotogr\u00e1ficas de los siglos XIX y XX; c\u00e1maras de todo tipo y estilo. En cuanto a cine, podemos apreciar desde la m\u00e1quina que perteneci\u00f3 a los Hermanos Lumi\u00e8re, que est\u00e1 situada en el Hall de la entrada hasta las que eran m\u00e1quinas de experimentos, siguiendo por la enorme colecci\u00f3n de estos aparatos que hay en esta sala. \u00a1Una maravilla!<br \/>En lo referente a instrumentos musicales, hay algo menos, pero muy interesante, desde vihuelas del siglo XV hasta guitarras del XVIII, la\u00fades, arpas, violines, violas\u2026etc.<br \/>Debo decir que en un viaje que hicimos con el Coro de la Hermandad del Roc\u00edo, en el que yo particip\u00e9 un poco como gu\u00eda y jefe, estuvimos en Polonia y ven\u00eda Juan<\/p><p>Antonio Lara Jurado, propietario del Museo; no quiero decir ni me puedo imaginar lo que aquel hombre compr\u00f3 en un mercadillo en la frontera ruso-polaca, en una peque\u00f1a poblaci\u00f3n que se llama Zakopane; una barbaridad de antig\u00fcedades que adquiri\u00f3 a muy buen precio.<br \/><br \/>MUSEO DE CAZA<br \/>El segundo museo est\u00e1 situado en la misma calle Armi\u00f1an en la casa que hab\u00eda sido, de toda la vida, de los Carrillo de Mendoza y Morales; D. Francisco, fue Alcalde de Ronda all\u00e1 por los a\u00f1os sesenta; era abogado y soltero en aquellos tiempos.<br \/>Actualmente hay instalado un Museo de Caza. Est\u00e1 muy bien montado, pero a mi parecer un poco abigarrado todo. Las paredes est\u00e1n llenas, \u00a1llenas! de cabezas de los m\u00e1s variados rumiantes. Cabras, gamos, ciervos, b\u00fafalos, bisontes, gacelas, ant\u00edlopes, cabra hisp\u00e1nica y un sin fin de estos rumiantes, incluido el c\u00e9lebre \u00f1u, que tanto nos muestra la tele.<br \/>En el sector de los felinos hay tigres, panteras, panteras negras, leones, leonas, leopardos, guepardos\u2026etc. Hay, adem\u00e1s, cocodrilos, linces, orix,<\/p><p>lobos, hienas, zorros, jabal\u00edes, osos y elefantes. Y en el sector de aves: perdices, urogallos, palomas de todo tipo, faisanes de todos los colores y una colecci\u00f3n de peque\u00f1as aves.<br \/>Es un museo digno de visitarse; adem\u00e1s dispone de una empresa que se dedica a la organizaci\u00f3n de caza, con sucursal en Marbella; esta sociedad se llama Marbella Hunter\u2019s S.A.<\/p>\t\t\t\t\t\t<\/div>\n\t\t\t\t<\/div>\n\t\t\t\t\t<\/div>\n\t\t<\/div>\n\t\t\t\t\t<\/div>\n\t\t<\/section>\n\t\t\t\t<section class=\"elementor-section elementor-top-section elementor-element elementor-element-025d2c7 elementor-section-boxed elementor-section-height-default elementor-section-height-default\" data-id=\"025d2c7\" data-element_type=\"section\">\n\t\t\t\t\t\t<div class=\"elementor-container elementor-column-gap-default\">\n\t\t\t\t\t<div class=\"elementor-column elementor-col-100 elementor-top-column elementor-element elementor-element-9d1c019\" data-id=\"9d1c019\" data-element_type=\"column\">\n\t\t\t<div class=\"elementor-widget-wrap elementor-element-populated\">\n\t\t\t\t\t\t<div class=\"elementor-element elementor-element-d248429 elementor-widget-divider--view-line elementor-widget elementor-widget-divider\" data-id=\"d248429\" data-element_type=\"widget\" data-widget_type=\"divider.default\">\n\t\t\t\t<div class=\"elementor-widget-container\">\n\t\t\t\t\t<div class=\"elementor-divider\">\n\t\t\t<span class=\"elementor-divider-separator\">\n\t\t\t\t\t\t<\/span>\n\t\t<\/div>\n\t\t\t\t<\/div>\n\t\t\t\t<\/div>\n\t\t\t\t\t<\/div>\n\t\t<\/div>\n\t\t\t\t\t<\/div>\n\t\t<\/section>\n\t\t\t\t<\/div>\n\t\t","protected":false},"excerpt":{"rendered":"<p>MUSEO DEL VINO Este museo se encuentra enclavado en la calle Gonz\u00e1lez Campos, n\u00famero, 2. Es un callej\u00f3n que sale de la calle Armi\u00f1an, a la derecha y llega a las espaldas de la catedral. \u2028En la antig\u00fcedad se llamaba \u00abAlrededores de Santa Mar\u00eda\u00bb. Pues ah\u00ed est\u00e1 enclavado este museo, en esta antigua bodega de [&hellip;]<\/p>\n","protected":false},"author":1,"featured_media":0,"parent":0,"menu_order":0,"comment_status":"closed","ping_status":"closed","template":"","meta":{"_aioseop_title":"","_aioseop_description":"","ngg_post_thumbnail":0,"footnotes":""},"_links":{"self":[{"href":"http:\/\/www.josemariatornay.com\/index.php\/wp-json\/wp\/v2\/pages\/19943"}],"collection":[{"href":"http:\/\/www.josemariatornay.com\/index.php\/wp-json\/wp\/v2\/pages"}],"about":[{"href":"http:\/\/www.josemariatornay.com\/index.php\/wp-json\/wp\/v2\/types\/page"}],"author":[{"embeddable":true,"href":"http:\/\/www.josemariatornay.com\/index.php\/wp-json\/wp\/v2\/users\/1"}],"replies":[{"embeddable":true,"href":"http:\/\/www.josemariatornay.com\/index.php\/wp-json\/wp\/v2\/comments?post=19943"}],"version-history":[{"count":0,"href":"http:\/\/www.josemariatornay.com\/index.php\/wp-json\/wp\/v2\/pages\/19943\/revisions"}],"wp:attachment":[{"href":"http:\/\/www.josemariatornay.com\/index.php\/wp-json\/wp\/v2\/media?parent=19943"}],"curies":[{"name":"wp","href":"https:\/\/api.w.org\/{rel}","templated":true}]}}