{"id":19992,"date":"2020-04-27T12:34:05","date_gmt":"2020-04-27T11:34:05","guid":{"rendered":"http:\/\/www.josemariatornay.com\/?page_id=19992"},"modified":"2020-04-28T10:11:39","modified_gmt":"2020-04-28T09:11:39","slug":"cicerone-trovador-monumentos","status":"publish","type":"page","link":"http:\/\/www.josemariatornay.com\/index.php\/cicerone-trovador-monumentos\/","title":{"rendered":"CICERONE Y TROVADOR: MONUMENTOS"},"content":{"rendered":"\t\t<div data-elementor-type=\"wp-post\" data-elementor-id=\"19992\" class=\"elementor elementor-19992 elementor-bc-flex-widget\">\n\t\t\t\t\t\t<section class=\"elementor-section elementor-top-section elementor-element elementor-element-e4e3e8f elementor-section-boxed elementor-section-height-default elementor-section-height-default\" data-id=\"e4e3e8f\" data-element_type=\"section\">\n\t\t\t\t\t\t<div class=\"elementor-container elementor-column-gap-default\">\n\t\t\t\t\t<div class=\"elementor-column elementor-col-50 elementor-top-column elementor-element elementor-element-43d5545\" data-id=\"43d5545\" data-element_type=\"column\">\n\t\t\t<div class=\"elementor-widget-wrap elementor-element-populated\">\n\t\t\t\t\t\t<div class=\"elementor-element elementor-element-e38a33b elementor-widget elementor-widget-text-editor\" data-id=\"e38a33b\" data-element_type=\"widget\" data-widget_type=\"text-editor.default\">\n\t\t\t\t<div class=\"elementor-widget-container\">\n\t\t\t<style>\/*! elementor - v3.20.0 - 20-03-2024 *\/\n.elementor-widget-text-editor.elementor-drop-cap-view-stacked .elementor-drop-cap{background-color:#69727d;color:#fff}.elementor-widget-text-editor.elementor-drop-cap-view-framed .elementor-drop-cap{color:#69727d;border:3px solid;background-color:transparent}.elementor-widget-text-editor:not(.elementor-drop-cap-view-default) .elementor-drop-cap{margin-top:8px}.elementor-widget-text-editor:not(.elementor-drop-cap-view-default) .elementor-drop-cap-letter{width:1em;height:1em}.elementor-widget-text-editor .elementor-drop-cap{float:left;text-align:center;line-height:1;font-size:50px}.elementor-widget-text-editor .elementor-drop-cap-letter{display:inline-block}<\/style>\t\t\t\t<p>El conocido como Arco de Felipe V, se encuentra como puerta de entrada o salida a nuestra ciudad y ah\u00ed fue situado en memoria del Rey de ese nombre, del que el pueblo de Ronda fue un devoto defensor y al que ayud\u00f3 a poseer el trono de Espa\u00f1a.\u2028<br \/>El monumento consta de un solo arco hecho en canter\u00eda ronde\u00f1a, terminado en forma neocl\u00e1sica con tres pin\u00e1culos neog\u00f3ticos. La puerta se coloc\u00f3 ah\u00ed en el a\u00f1o 1.748, seg\u00fan consta en la placa a la salida del mismo, en la vertiente que est\u00e1 orientada al puente y a la calle Real. En la misma placa consta que se erigi\u00f3 siendo rey de Espa\u00f1a Felipe V de Borb\u00f3n y que dirig\u00eda la nave de la Iglesia el papa Benedicto XIV, para, a continuaci\u00f3n, nombrar al Corregidor de la Ciudad y el a\u00f1o en que se hizo o termin\u00f3.\u2028No est\u00e1 documentado que hubiese puerta que lo cerrase o abriese, y m\u00e1s parece un Arco de Triunfo que una puerta de entrada.<br \/>Saliendo del mismo hacia la calle de Santo Domingo, hay un sill\u00f3n de Piedra, tambi\u00e9n de canter\u00eda, a la que el pueblo y la tradici\u00f3n le han llamado \u201cEl Sill\u00f3n del Moro\u201d. Se cree, seg\u00fan cuenta la leyenda, que en ese asiento fuera donde la princesa, despu\u00e9s esposa, le pidi\u00f3 al Rey Abomelic I que le construyera un pasaje para bajar al r\u00edo a ba\u00f1arse en sus plateadas aguas. Cuando la princesa lo miraba de noche, desde arriba, en ese remanso que forma el meandro, se reflejaba la luna, dando la impresi\u00f3n de que el r\u00edo fuera una ancha cinta plateada. No deja de ser una leyenda, pero, muchas veces, \u00e9stas dan prestancia a la historia, que es bastante m\u00e1s estricta.\u2028Con la remodelaci\u00f3n que se hizo de la pavimentaci\u00f3n y adecuaci\u00f3n del Barrio de la Ciudad a partir de los a\u00f1os setenta, tambi\u00e9n se restaur\u00f3 este Arco que se encontraba en un estado muy precario. \u2028Antes de ser restaurado, junto a la calle de Santo Domingo, los ni\u00f1os de \u00e9sta y de la calle Real, hac\u00edamos nuestros partidos de f\u00fatbol y, como aventura arriesgada, y a modo de diversi\u00f3n, nos mont\u00e1bamos en el muro de la Casa del Rey Moro y lleg\u00e1bamos hasta lo alto del citado Arco de Felipe V. El que lo lograba se convert\u00eda en el jefe o capit\u00e1n de la partida. \u00a1Cosas de ni\u00f1os de entonces!<\/p>\t\t\t\t\t\t<\/div>\n\t\t\t\t<\/div>\n\t\t\t\t\t<\/div>\n\t\t<\/div>\n\t\t\t\t<div class=\"elementor-column elementor-col-50 elementor-top-column elementor-element elementor-element-db25d5e\" data-id=\"db25d5e\" data-element_type=\"column\">\n\t\t\t<div class=\"elementor-widget-wrap elementor-element-populated\">\n\t\t\t\t\t\t<div class=\"elementor-element elementor-element-7c1b5ff elementor-widget elementor-widget-heading\" data-id=\"7c1b5ff\" data-element_type=\"widget\" data-widget_type=\"heading.default\">\n\t\t\t\t<div class=\"elementor-widget-container\">\n\t\t\t<style>\/*! elementor - v3.20.0 - 20-03-2024 *\/\n.elementor-heading-title{padding:0;margin:0;line-height:1}.elementor-widget-heading .elementor-heading-title[class*=elementor-size-]>a{color:inherit;font-size:inherit;line-height:inherit}.elementor-widget-heading .elementor-heading-title.elementor-size-small{font-size:15px}.elementor-widget-heading .elementor-heading-title.elementor-size-medium{font-size:19px}.elementor-widget-heading .elementor-heading-title.elementor-size-large{font-size:29px}.elementor-widget-heading .elementor-heading-title.elementor-size-xl{font-size:39px}.elementor-widget-heading .elementor-heading-title.elementor-size-xxl{font-size:59px}<\/style><h2 class=\"elementor-heading-title elementor-size-default\">ARCO DE FELIPE V Y SILL\u00d3N DEL MORO<\/h2>\t\t<\/div>\n\t\t\t\t<\/div>\n\t\t\t\t<div class=\"elementor-element elementor-element-270a1ca elementor-widget elementor-widget-image\" data-id=\"270a1ca\" data-element_type=\"widget\" data-widget_type=\"image.default\">\n\t\t\t\t<div class=\"elementor-widget-container\">\n\t\t\t<style>\/*! elementor - v3.20.0 - 20-03-2024 *\/\n.elementor-widget-image{text-align:center}.elementor-widget-image a{display:inline-block}.elementor-widget-image a img[src$=\".svg\"]{width:48px}.elementor-widget-image img{vertical-align:middle;display:inline-block}<\/style>\t\t\t\t\t\t\t\t\t\t<img fetchpriority=\"high\" decoding=\"async\" width=\"400\" height=\"300\" src=\"http:\/\/www.josemariatornay.com\/wp-content\/uploads\/2020\/04\/MONUIMENTOS1.jpg\" class=\"attachment-large size-large wp-image-19997\" alt=\"\" srcset=\"http:\/\/www.josemariatornay.com\/wp-content\/uploads\/2020\/04\/MONUIMENTOS1.jpg 400w, http:\/\/www.josemariatornay.com\/wp-content\/uploads\/2020\/04\/MONUIMENTOS1-300x225.jpg 300w\" sizes=\"(max-width: 400px) 100vw, 400px\" \/>\t\t\t\t\t\t\t\t\t\t\t\t\t<\/div>\n\t\t\t\t<\/div>\n\t\t\t\t<div class=\"elementor-element elementor-element-a2f89fa elementor-widget elementor-widget-text-editor\" data-id=\"a2f89fa\" data-element_type=\"widget\" data-widget_type=\"text-editor.default\">\n\t\t\t\t<div class=\"elementor-widget-container\">\n\t\t\t\t\t\t\t<p>Arco de Felipe V<br \/>donde los enamorados<br \/>ponen a salvo del mundo<br \/>sus misterios m\u00e1s arcanos.<br \/>Lugar de amores furtivos,<br \/>pasiones al cielo raso.<br \/>\u201cSill\u00f3n del moro\u201d que oculta<br \/>los besos y los abrazos.<\/p>\t\t\t\t\t\t<\/div>\n\t\t\t\t<\/div>\n\t\t\t\t<div class=\"elementor-element elementor-element-f0137ce elementor-widget elementor-widget-image\" data-id=\"f0137ce\" data-element_type=\"widget\" data-widget_type=\"image.default\">\n\t\t\t\t<div class=\"elementor-widget-container\">\n\t\t\t\t\t\t\t\t\t\t\t\t\t<img decoding=\"async\" src=\"http:\/\/www.josemariatornay.com\/wp-content\/uploads\/elementor\/thumbs\/MONUMENTOS2-ooom1vh1o3bzwlhczwrwphr9z24c0xhqnkvudgjn5s.jpg\" title=\"MONUMENTOS2\" alt=\"MONUMENTOS2\" loading=\"lazy\" \/>\t\t\t\t\t\t\t\t\t\t\t\t\t<\/div>\n\t\t\t\t<\/div>\n\t\t\t\t\t<\/div>\n\t\t<\/div>\n\t\t\t\t\t<\/div>\n\t\t<\/section>\n\t\t\t\t<section class=\"elementor-section elementor-top-section elementor-element elementor-element-ef00190 elementor-section-boxed elementor-section-height-default elementor-section-height-default\" data-id=\"ef00190\" data-element_type=\"section\">\n\t\t\t\t\t\t<div class=\"elementor-container elementor-column-gap-default\">\n\t\t\t\t\t<div class=\"elementor-column elementor-col-100 elementor-top-column elementor-element elementor-element-f25cce4\" data-id=\"f25cce4\" data-element_type=\"column\">\n\t\t\t<div class=\"elementor-widget-wrap elementor-element-populated\">\n\t\t\t\t\t\t<div class=\"elementor-element elementor-element-85b3663 elementor-widget-divider--view-line elementor-widget elementor-widget-divider\" data-id=\"85b3663\" data-element_type=\"widget\" data-widget_type=\"divider.default\">\n\t\t\t\t<div class=\"elementor-widget-container\">\n\t\t\t<style>\/*! elementor - v3.20.0 - 20-03-2024 *\/\n.elementor-widget-divider{--divider-border-style:none;--divider-border-width:1px;--divider-color:#0c0d0e;--divider-icon-size:20px;--divider-element-spacing:10px;--divider-pattern-height:24px;--divider-pattern-size:20px;--divider-pattern-url:none;--divider-pattern-repeat:repeat-x}.elementor-widget-divider .elementor-divider{display:flex}.elementor-widget-divider .elementor-divider__text{font-size:15px;line-height:1;max-width:95%}.elementor-widget-divider .elementor-divider__element{margin:0 var(--divider-element-spacing);flex-shrink:0}.elementor-widget-divider .elementor-icon{font-size:var(--divider-icon-size)}.elementor-widget-divider .elementor-divider-separator{display:flex;margin:0;direction:ltr}.elementor-widget-divider--view-line_icon .elementor-divider-separator,.elementor-widget-divider--view-line_text .elementor-divider-separator{align-items:center}.elementor-widget-divider--view-line_icon .elementor-divider-separator:after,.elementor-widget-divider--view-line_icon .elementor-divider-separator:before,.elementor-widget-divider--view-line_text .elementor-divider-separator:after,.elementor-widget-divider--view-line_text .elementor-divider-separator:before{display:block;content:\"\";border-block-end:0;flex-grow:1;border-block-start:var(--divider-border-width) var(--divider-border-style) var(--divider-color)}.elementor-widget-divider--element-align-left .elementor-divider .elementor-divider-separator>.elementor-divider__svg:first-of-type{flex-grow:0;flex-shrink:100}.elementor-widget-divider--element-align-left .elementor-divider-separator:before{content:none}.elementor-widget-divider--element-align-left .elementor-divider__element{margin-left:0}.elementor-widget-divider--element-align-right .elementor-divider .elementor-divider-separator>.elementor-divider__svg:last-of-type{flex-grow:0;flex-shrink:100}.elementor-widget-divider--element-align-right .elementor-divider-separator:after{content:none}.elementor-widget-divider--element-align-right .elementor-divider__element{margin-right:0}.elementor-widget-divider--element-align-start .elementor-divider .elementor-divider-separator>.elementor-divider__svg:first-of-type{flex-grow:0;flex-shrink:100}.elementor-widget-divider--element-align-start .elementor-divider-separator:before{content:none}.elementor-widget-divider--element-align-start .elementor-divider__element{margin-inline-start:0}.elementor-widget-divider--element-align-end .elementor-divider .elementor-divider-separator>.elementor-divider__svg:last-of-type{flex-grow:0;flex-shrink:100}.elementor-widget-divider--element-align-end .elementor-divider-separator:after{content:none}.elementor-widget-divider--element-align-end .elementor-divider__element{margin-inline-end:0}.elementor-widget-divider:not(.elementor-widget-divider--view-line_text):not(.elementor-widget-divider--view-line_icon) .elementor-divider-separator{border-block-start:var(--divider-border-width) var(--divider-border-style) var(--divider-color)}.elementor-widget-divider--separator-type-pattern{--divider-border-style:none}.elementor-widget-divider--separator-type-pattern.elementor-widget-divider--view-line .elementor-divider-separator,.elementor-widget-divider--separator-type-pattern:not(.elementor-widget-divider--view-line) .elementor-divider-separator:after,.elementor-widget-divider--separator-type-pattern:not(.elementor-widget-divider--view-line) .elementor-divider-separator:before,.elementor-widget-divider--separator-type-pattern:not([class*=elementor-widget-divider--view]) .elementor-divider-separator{width:100%;min-height:var(--divider-pattern-height);-webkit-mask-size:var(--divider-pattern-size) 100%;mask-size:var(--divider-pattern-size) 100%;-webkit-mask-repeat:var(--divider-pattern-repeat);mask-repeat:var(--divider-pattern-repeat);background-color:var(--divider-color);-webkit-mask-image:var(--divider-pattern-url);mask-image:var(--divider-pattern-url)}.elementor-widget-divider--no-spacing{--divider-pattern-size:auto}.elementor-widget-divider--bg-round{--divider-pattern-repeat:round}.rtl .elementor-widget-divider .elementor-divider__text{direction:rtl}.e-con-inner>.elementor-widget-divider,.e-con>.elementor-widget-divider{width:var(--container-widget-width,100%);--flex-grow:var(--container-widget-flex-grow)}<\/style>\t\t<div class=\"elementor-divider\">\n\t\t\t<span class=\"elementor-divider-separator\">\n\t\t\t\t\t\t<\/span>\n\t\t<\/div>\n\t\t\t\t<\/div>\n\t\t\t\t<\/div>\n\t\t\t\t\t<\/div>\n\t\t<\/div>\n\t\t\t\t\t<\/div>\n\t\t<\/section>\n\t\t\t\t<section class=\"elementor-section elementor-top-section elementor-element elementor-element-ca43084 elementor-section-boxed elementor-section-height-default elementor-section-height-default\" data-id=\"ca43084\" data-element_type=\"section\">\n\t\t\t\t\t\t<div class=\"elementor-container elementor-column-gap-default\">\n\t\t\t\t\t<div class=\"elementor-column elementor-col-50 elementor-top-column elementor-element elementor-element-f59a67f\" data-id=\"f59a67f\" data-element_type=\"column\">\n\t\t\t<div class=\"elementor-widget-wrap elementor-element-populated\">\n\t\t\t\t\t\t<div class=\"elementor-element elementor-element-c128442 elementor-widget elementor-widget-image\" data-id=\"c128442\" data-element_type=\"widget\" data-widget_type=\"image.default\">\n\t\t\t\t<div class=\"elementor-widget-container\">\n\t\t\t\t\t\t\t\t\t\t\t\t\t<img decoding=\"async\" width=\"400\" height=\"300\" src=\"http:\/\/www.josemariatornay.com\/wp-content\/uploads\/2020\/04\/AYUNTAMIENTO1.jpg\" class=\"attachment-large size-large wp-image-20000\" alt=\"\" srcset=\"http:\/\/www.josemariatornay.com\/wp-content\/uploads\/2020\/04\/AYUNTAMIENTO1.jpg 400w, http:\/\/www.josemariatornay.com\/wp-content\/uploads\/2020\/04\/AYUNTAMIENTO1-300x225.jpg 300w\" sizes=\"(max-width: 400px) 100vw, 400px\" \/>\t\t\t\t\t\t\t\t\t\t\t\t\t<\/div>\n\t\t\t\t<\/div>\n\t\t\t\t<div class=\"elementor-element elementor-element-a040ad8 elementor-widget elementor-widget-text-editor\" data-id=\"a040ad8\" data-element_type=\"widget\" data-widget_type=\"text-editor.default\">\n\t\t\t\t<div class=\"elementor-widget-container\">\n\t\t\t\t\t\t\t<p>Casa de todos,<br \/>casa del pueblo<br \/>casa de nadie,<br \/>casa sin due\u00f1o.<br \/>Casa de muchas deudas<br \/>y poco seso,<br \/>demasiado teatro<br \/>y mucho cuento.<br \/>Sainete por fuera,<br \/>drama por dentro.<br \/>De l\u00edderes fugaces<br \/>que arrastra el viento<br \/>sin alumbrar ma\u00f1anas,<br \/>sin construir recuerdos.<br \/>Esa casa de todos,<br \/>casa del pueblo.<\/p>\t\t\t\t\t\t<\/div>\n\t\t\t\t<\/div>\n\t\t\t\t<div class=\"elementor-element elementor-element-0388e92 elementor-widget elementor-widget-image\" data-id=\"0388e92\" data-element_type=\"widget\" data-widget_type=\"image.default\">\n\t\t\t\t<div class=\"elementor-widget-container\">\n\t\t\t\t\t\t\t\t\t\t\t\t\t<img decoding=\"async\" width=\"400\" height=\"300\" src=\"http:\/\/www.josemariatornay.com\/wp-content\/uploads\/2020\/04\/AYUNTAMIENTO2.jpg\" class=\"attachment-large size-large wp-image-20002\" alt=\"\" srcset=\"http:\/\/www.josemariatornay.com\/wp-content\/uploads\/2020\/04\/AYUNTAMIENTO2.jpg 400w, http:\/\/www.josemariatornay.com\/wp-content\/uploads\/2020\/04\/AYUNTAMIENTO2-300x225.jpg 300w\" sizes=\"(max-width: 400px) 100vw, 400px\" \/>\t\t\t\t\t\t\t\t\t\t\t\t\t<\/div>\n\t\t\t\t<\/div>\n\t\t\t\t<div class=\"elementor-element elementor-element-e0bca6e elementor-widget elementor-widget-image\" data-id=\"e0bca6e\" data-element_type=\"widget\" data-widget_type=\"image.default\">\n\t\t\t\t<div class=\"elementor-widget-container\">\n\t\t\t\t\t\t\t\t\t\t\t\t\t<img loading=\"lazy\" decoding=\"async\" width=\"400\" height=\"300\" src=\"http:\/\/www.josemariatornay.com\/wp-content\/uploads\/2020\/04\/AYUNTAMIENTO3.jpg\" class=\"attachment-large size-large wp-image-20003\" alt=\"\" srcset=\"http:\/\/www.josemariatornay.com\/wp-content\/uploads\/2020\/04\/AYUNTAMIENTO3.jpg 400w, http:\/\/www.josemariatornay.com\/wp-content\/uploads\/2020\/04\/AYUNTAMIENTO3-300x225.jpg 300w\" sizes=\"(max-width: 400px) 100vw, 400px\" \/>\t\t\t\t\t\t\t\t\t\t\t\t\t<\/div>\n\t\t\t\t<\/div>\n\t\t\t\t<div class=\"elementor-element elementor-element-b4d69b2 elementor-widget elementor-widget-image\" data-id=\"b4d69b2\" data-element_type=\"widget\" data-widget_type=\"image.default\">\n\t\t\t\t<div class=\"elementor-widget-container\">\n\t\t\t\t\t\t\t\t\t\t\t\t\t<img loading=\"lazy\" decoding=\"async\" width=\"400\" height=\"300\" src=\"http:\/\/www.josemariatornay.com\/wp-content\/uploads\/2020\/04\/AYUNTAMIENTO4.jpg\" class=\"attachment-large size-large wp-image-20004\" alt=\"\" srcset=\"http:\/\/www.josemariatornay.com\/wp-content\/uploads\/2020\/04\/AYUNTAMIENTO4.jpg 400w, http:\/\/www.josemariatornay.com\/wp-content\/uploads\/2020\/04\/AYUNTAMIENTO4-300x225.jpg 300w\" sizes=\"(max-width: 400px) 100vw, 400px\" \/>\t\t\t\t\t\t\t\t\t\t\t\t\t<\/div>\n\t\t\t\t<\/div>\n\t\t\t\t\t<\/div>\n\t\t<\/div>\n\t\t\t\t<div class=\"elementor-column elementor-col-50 elementor-top-column elementor-element elementor-element-18b0508\" data-id=\"18b0508\" data-element_type=\"column\">\n\t\t\t<div class=\"elementor-widget-wrap elementor-element-populated\">\n\t\t\t\t\t\t<div class=\"elementor-element elementor-element-4a22ba5 elementor-widget elementor-widget-heading\" data-id=\"4a22ba5\" data-element_type=\"widget\" data-widget_type=\"heading.default\">\n\t\t\t\t<div class=\"elementor-widget-container\">\n\t\t\t<h2 class=\"elementor-heading-title elementor-size-default\">AYUNTAMIENTO<\/h2>\t\t<\/div>\n\t\t\t\t<\/div>\n\t\t\t\t<div class=\"elementor-element elementor-element-4408a46 elementor-widget elementor-widget-text-editor\" data-id=\"4408a46\" data-element_type=\"widget\" data-widget_type=\"text-editor.default\">\n\t\t\t\t<div class=\"elementor-widget-container\">\n\t\t\t\t\t\t\t<p>El Ayuntamiento de Ronda est\u00e1 situado en la Plaza de la Duquesa de Parcent, m\u00e1s conocida como Plaza de la Ciudad; de hecho la citada se\u00f1ora preside el centro de la misma con un busto en m\u00e1rmol blanco, regalo de la familia.<br \/>En la antig\u00fcedad, siglos XVI al XIX, el Ayuntamiento estuvo situado en la misma plaza, s\u00f3lo que en el edificio que hoy son los Juzgados de distrito; all\u00ed estaba junto a la c\u00e1rcel de Ronda. Posteriormente, cuando se construye el Puente Nuevo, justo a la salida del mismo y en la parte oeste, se construye el edificio que hasta 1.977 fuera su sede. Donado \u00e9ste para construir el Parador de Turismo, se recuperan los antiguos cuarteles de la \u00e9poca de Carlos III existentes en la Plaza de la Ciudad para construir el nuevo Ayuntamiento que es el que tenemos en la actualidad.<br \/>El edificio ha pasado por distintas vicisitudes; la primera fue cuando los franceses abandonaron Ronda. Antes de salir dejaron preparadas cargas de dinamita y con ellas, volaron toda la fortaleza antigua, el Castillo, los cuarteles, el antiguo Ayuntamiento y la c\u00e1rcel, por lo que, recuperada la normalidad mon\u00e1rquica, Fernando VII decidi\u00f3 reconstruir el acuartelamiento, lo que se hizo en el a\u00f1o de 1.818. As\u00ed qued\u00f3 restaurado y de utilidad para las tropas, pero durante la guerra civil espa\u00f1ola, el edificio qued\u00f3 en ruinas, nuevamente, y se tuvo que volver a recuperar.<br \/>Pero en esta ocasi\u00f3n la restauraci\u00f3n no fue la m\u00e1s adecuada, ya que se hicieron cuatro partes del mismo, una, la situada m\u00e1s al este de la plaza, dedicada a viviendas para las familias que se hab\u00edan quedado sin ella en la contienda, sobre todo familias necesitadas; otra, la parte baja que da a la calle escalinata, tambi\u00e9n al este, se dedic\u00f3 a escuelas p\u00fablicas donde se impartieron clases hasta mediados de los a\u00f1os cincuenta; la parte central del edificio, por delante, como Caja de Reclutamientos de soldados y la parte trasera, que da a la calle Armi\u00f1an, qued\u00f3 como almac\u00e9n municipal y, en los a\u00f1os cincuenta, como escuela de m\u00fasica, en la que estuve aprendiendo solfeo con D. Laureano del Real como profesor. Luego, cuando consigui\u00f3 formarla, ser\u00eda el director de la Banda Municipal durante a\u00f1os.<br \/>Definitivamente, en los a\u00f1os sesenta qued\u00f3 abandonado como Caja de Reclutas, como Colegio, como viviendas y como esuela de m\u00fasica, por lo que en los setenta se pens\u00f3 en provocar la restauraci\u00f3n para que fuese el Nuevo Ayuntamiento de la Ciudad.<br \/>Era entonces alcalde Francisco de la Rosa Moreno, aunque se inaugur\u00f3 por el primero que ejerci\u00f3 el cargo en los nuevos tiempos de la democracia, D. Juan Harillo Ord\u00f3\u00f1ez, que sin embargo cedi\u00f3 el m\u00e9rito de la recuperaci\u00f3n al alcalde anterior, seg\u00fan consta en la placa situada en el hall de entrada.<br \/>La restauraci\u00f3n que se hizo fue concienzuda y con una realizaci\u00f3n perfecta. Se descubri\u00f3 la fachada que actualmente disfrutamos los ronde\u00f1os, antes totalmente tapada y sin dejar ver los juegos de arcos que hay en la actualidad. De ellos s\u00f3lo se observaban algunos de los centrales; el resto se hab\u00edan ocultado con yeso y rasillas para hacer ventanas a las viviendas. El interior estaba totalmente dividido en estancias, unas para viviendas y otras para oficinas.<br \/>La recuperaci\u00f3n del espacio original fue una tarea de chinos, pues hubo que ir descubriendo con todo el tiento del mundo para encontrar el antiguo edificio. Una vez hallado \u00e9ste se procedi\u00f3 a la distribuci\u00f3n y decoraci\u00f3n actual.<br \/>Se encontraron los dos salones inmensos con arco de medio punto en ladrillo y columnas de ladrillo visto. El sal\u00f3n alto tiene tres naves, la central con arcos ojivales y las dos laterales con arcos de medio punto; la perspectiva de unos arcos con otros da forma de ojivales a todos ellos. Este sal\u00f3n superior es el de Plenos del Ayuntamiento en la actualidad.<br \/>En la parte inferior, lo que eran las antiguas escuelas, se descubri\u00f3 otro, igual que el superior, pero \u00e9ste con arcos de medio punto en las tres naves; se utiliza en la actualidad para sal\u00f3n de exposiciones y de actos institucionales.<br \/>La portada se recuper\u00f3 entera y se construy\u00f3 una puerta en piedra del Arroyo del Toro con el escudo de la Ciudad en el sector derecho de la portada y, a la izquierda, el escudo de la Ciudad Hermana de Cuenca. El hall est\u00e1 ocupado por tres cancelas de forja ronde\u00f1a de un gusto exquisito, que dan pie a una escalera de m\u00e1rmol cubierta por un artesonado mud\u00e9jar, donado por los Condes de Santa Pola de su casa solariega en Ronda.<br \/>Las dependencias son todas modernas, aunque en la decoraci\u00f3n en madera se han hecho unos juegos de puertas de forma mud\u00e9jar que le dan un estilo particular. En la escalera se encuentra una pintura del patr\u00f3n de Ronda, San Crist\u00f3bal, y una vidriera con el escudo de la Ciudad ,que est\u00e1 guardada por dos estatuas romanas, encontradas en Acinipo y que antiguamente se encontraban en el jard\u00edn de la casa de los Marqueses de Moctezuma (Escuelas Salesianas de Santa Teresa)..<\/p>\t\t\t\t\t\t<\/div>\n\t\t\t\t<\/div>\n\t\t\t\t\t<\/div>\n\t\t<\/div>\n\t\t\t\t\t<\/div>\n\t\t<\/section>\n\t\t\t\t<section class=\"elementor-section elementor-top-section elementor-element elementor-element-a266436 elementor-section-boxed elementor-section-height-default elementor-section-height-default\" data-id=\"a266436\" data-element_type=\"section\">\n\t\t\t\t\t\t<div class=\"elementor-container elementor-column-gap-default\">\n\t\t\t\t\t<div class=\"elementor-column elementor-col-100 elementor-top-column elementor-element elementor-element-24956da\" data-id=\"24956da\" data-element_type=\"column\">\n\t\t\t<div class=\"elementor-widget-wrap elementor-element-populated\">\n\t\t\t\t\t\t<div class=\"elementor-element elementor-element-24e3954 elementor-widget-divider--view-line elementor-widget elementor-widget-divider\" data-id=\"24e3954\" data-element_type=\"widget\" data-widget_type=\"divider.default\">\n\t\t\t\t<div class=\"elementor-widget-container\">\n\t\t\t\t\t<div class=\"elementor-divider\">\n\t\t\t<span class=\"elementor-divider-separator\">\n\t\t\t\t\t\t<\/span>\n\t\t<\/div>\n\t\t\t\t<\/div>\n\t\t\t\t<\/div>\n\t\t\t\t\t<\/div>\n\t\t<\/div>\n\t\t\t\t\t<\/div>\n\t\t<\/section>\n\t\t\t\t<section class=\"elementor-section elementor-top-section elementor-element elementor-element-14a3692 elementor-section-boxed elementor-section-height-default elementor-section-height-default\" data-id=\"14a3692\" data-element_type=\"section\">\n\t\t\t\t\t\t<div class=\"elementor-container elementor-column-gap-default\">\n\t\t\t\t\t<div class=\"elementor-column elementor-col-50 elementor-top-column elementor-element elementor-element-ac279e1\" data-id=\"ac279e1\" data-element_type=\"column\">\n\t\t\t<div class=\"elementor-widget-wrap elementor-element-populated\">\n\t\t\t\t\t\t<div class=\"elementor-element elementor-element-1163b99 elementor-widget elementor-widget-text-editor\" data-id=\"1163b99\" data-element_type=\"widget\" data-widget_type=\"text-editor.default\">\n\t\t\t\t<div class=\"elementor-widget-container\">\n\t\t\t\t\t\t\t<p>Los ba\u00f1os \u00c1rabes, aunque se sit\u00faa su construcci\u00f3n en las proximidades del siglo XIII, la verdad es que no se descubrieron hasta el segundo tercio del XX. Se atribuye su construcci\u00f3n a los nazar\u00edes que montaron una estructura de norias que tomaban el agua de la confluencia de los r\u00edos Grande y de las Culebras y la situaban sobre un acueducto, que se conserva en la actualidad en buen estado, para que, a trav\u00e9s del mismo, el agua llegara a la caldera donde se calentaba y posteriormente distribuirla por los bajos del pavimento de los ba\u00f1os para que el vapor saliese por el entramado enrejillado del suelo.<\/p><p>Los ba\u00f1os se componen de tres salas: una que se utiliza como caldera con chimenea de salida de humos y de aire caliente; la central, de planta cuadrada y con tres naves de arcos de herradura que se utilizaba como sala de toma de vapor (sauna) y la tercera, de relajamiento y masajes. Son los ba\u00f1os \u00e1rabes que mejor se conservan de Andaluc\u00eda y merece la pena darse una vuelta por ellos. En la actualidad se han convertido en un centro de interpretaci\u00f3n de ese tipo de instalaciones y est\u00e1n muy bien dise\u00f1ados para su visita.<\/p><p>El descubrimiento se debi\u00f3 a una casualidad provocada por un italiano que, a la saz\u00f3n, era el ma\u00eetre del hotel Reina Victoria. Este italiano llamado Vito Zini, intervino de mediador (antiguos corredores) en un intercambio entre la Duquesa de Parcent y un americano, Mr. Morrison.<\/p><p>El se\u00f1or Morrison estaba interesado en comprar la Casa de la Duquesa de Parcent (Casa del Rey Moro) y aprovech\u00f3 que \u00e9sta se iba de Ronda para ofrecerle otra, que \u00e9l ten\u00eda en Niza, a cambio de la citada del Rey Moro en Ronda. En esta operaci\u00f3n el intermediario fue el se\u00f1or Zini que no recibi\u00f3 dinero alguno por el trato. El se\u00f1or Morrison le regal\u00f3 un peque\u00f1o huerto que \u00e9ste se\u00f1or ten\u00eda al lado del puente \u00e1rabe, as\u00ed que Vito Zini, vino a ser propietario del citado huerto, que \u00e9l, que proced\u00eda de una familia de agricultores bolo\u00f1eses, se puso a la labor de arreglar y plantar \u00e1rboles y en esta funci\u00f3n de hacer hoyos para sus plantaciones se le hundi\u00f3 el terreno bajo los pies ya para su fortuna y la de los ronde\u00f1os apareci\u00f3 la estructura de los Ba\u00f1os \u00c1rabes.<\/p><p>Posteriormente, Zini, abri\u00f3 una pseudopuerta para bajar y empez\u00f3 la tarea de expoliar todo lo que encontr\u00f3 de \u00e9poca en los Ba\u00f1os y a venderlo sin control de ninguna clase, hasta que en los a\u00f1os cincuenta el Ayuntamiento de Ronda le expropi\u00f3 la instalaci\u00f3n que ha sido restaurada y abierta al p\u00fablico a principios del siglo XXI.<\/p>\t\t\t\t\t\t<\/div>\n\t\t\t\t<\/div>\n\t\t\t\t<div class=\"elementor-element elementor-element-6072c44 elementor-widget elementor-widget-image\" data-id=\"6072c44\" data-element_type=\"widget\" data-widget_type=\"image.default\">\n\t\t\t\t<div class=\"elementor-widget-container\">\n\t\t\t\t\t\t\t\t\t\t\t\t\t<img loading=\"lazy\" decoding=\"async\" width=\"400\" height=\"300\" src=\"http:\/\/www.josemariatornay.com\/wp-content\/uploads\/2020\/04\/BANOSARABES3.jpg\" class=\"attachment-large size-large wp-image-20009\" alt=\"\" srcset=\"http:\/\/www.josemariatornay.com\/wp-content\/uploads\/2020\/04\/BANOSARABES3.jpg 400w, http:\/\/www.josemariatornay.com\/wp-content\/uploads\/2020\/04\/BANOSARABES3-300x225.jpg 300w\" sizes=\"(max-width: 400px) 100vw, 400px\" \/>\t\t\t\t\t\t\t\t\t\t\t\t\t<\/div>\n\t\t\t\t<\/div>\n\t\t\t\t\t<\/div>\n\t\t<\/div>\n\t\t\t\t<div class=\"elementor-column elementor-col-50 elementor-top-column elementor-element elementor-element-2d3669d\" data-id=\"2d3669d\" data-element_type=\"column\">\n\t\t\t<div class=\"elementor-widget-wrap elementor-element-populated\">\n\t\t\t\t\t\t<div class=\"elementor-element elementor-element-555e07f elementor-widget elementor-widget-heading\" data-id=\"555e07f\" data-element_type=\"widget\" data-widget_type=\"heading.default\">\n\t\t\t\t<div class=\"elementor-widget-container\">\n\t\t\t<h2 class=\"elementor-heading-title elementor-size-default\">BA\u00d1OS \u00c1RABES<\/h2>\t\t<\/div>\n\t\t\t\t<\/div>\n\t\t\t\t<div class=\"elementor-element elementor-element-5273acf elementor-widget elementor-widget-image\" data-id=\"5273acf\" data-element_type=\"widget\" data-widget_type=\"image.default\">\n\t\t\t\t<div class=\"elementor-widget-container\">\n\t\t\t\t\t\t\t\t\t\t\t\t\t<img loading=\"lazy\" decoding=\"async\" width=\"400\" height=\"300\" src=\"http:\/\/www.josemariatornay.com\/wp-content\/uploads\/2020\/04\/BANOSARABES1.jpg\" class=\"attachment-large size-large wp-image-20007\" alt=\"\" srcset=\"http:\/\/www.josemariatornay.com\/wp-content\/uploads\/2020\/04\/BANOSARABES1.jpg 400w, http:\/\/www.josemariatornay.com\/wp-content\/uploads\/2020\/04\/BANOSARABES1-300x225.jpg 300w\" sizes=\"(max-width: 400px) 100vw, 400px\" \/>\t\t\t\t\t\t\t\t\t\t\t\t\t<\/div>\n\t\t\t\t<\/div>\n\t\t\t\t<div class=\"elementor-element elementor-element-312857a elementor-widget elementor-widget-text-editor\" data-id=\"312857a\" data-element_type=\"widget\" data-widget_type=\"text-editor.default\">\n\t\t\t\t<div class=\"elementor-widget-container\">\n\t\t\t\t\t\t\t<p>Vito Zini est\u00e1 en su huerto,<br \/>y como buen bolo\u00f1\u00e9s,<br \/>labra la tierra con mimo,<br \/>acariciando su piel.<br \/>De pronto sin previo aviso<br \/>la tierra tiembla a sus pies<br \/>y un mundo oculto aparece<br \/>sin saber c\u00f3mo y por qu\u00e9.<br \/>Vuelven oros y turbantes<br \/>a circundar el espacio<br \/>y un aura de fama crece<br \/>alrededor de los ba\u00f1os.<br \/>Un misterio que la tierra<br \/>devuelve como un milagro,<br \/>un presente del pasado,<br \/>un regalo milenario.<\/p>\t\t\t\t\t\t<\/div>\n\t\t\t\t<\/div>\n\t\t\t\t<div class=\"elementor-element elementor-element-d046046 elementor-widget elementor-widget-image\" data-id=\"d046046\" data-element_type=\"widget\" data-widget_type=\"image.default\">\n\t\t\t\t<div class=\"elementor-widget-container\">\n\t\t\t\t\t\t\t\t\t\t\t\t\t<img loading=\"lazy\" decoding=\"async\" width=\"400\" height=\"300\" src=\"http:\/\/www.josemariatornay.com\/wp-content\/uploads\/2020\/04\/BANOSARABES2.jpg\" class=\"attachment-large size-large wp-image-20008\" alt=\"\" srcset=\"http:\/\/www.josemariatornay.com\/wp-content\/uploads\/2020\/04\/BANOSARABES2.jpg 400w, http:\/\/www.josemariatornay.com\/wp-content\/uploads\/2020\/04\/BANOSARABES2-300x225.jpg 300w\" sizes=\"(max-width: 400px) 100vw, 400px\" \/>\t\t\t\t\t\t\t\t\t\t\t\t\t<\/div>\n\t\t\t\t<\/div>\n\t\t\t\t<div class=\"elementor-element elementor-element-bcc5c2f elementor-widget elementor-widget-image\" data-id=\"bcc5c2f\" data-element_type=\"widget\" data-widget_type=\"image.default\">\n\t\t\t\t<div class=\"elementor-widget-container\">\n\t\t\t\t\t\t\t\t\t\t\t\t\t<img loading=\"lazy\" decoding=\"async\" width=\"400\" height=\"300\" src=\"http:\/\/www.josemariatornay.com\/wp-content\/uploads\/2020\/04\/BANOSARABES4.jpg\" class=\"attachment-large size-large wp-image-20010\" alt=\"\" srcset=\"http:\/\/www.josemariatornay.com\/wp-content\/uploads\/2020\/04\/BANOSARABES4.jpg 400w, http:\/\/www.josemariatornay.com\/wp-content\/uploads\/2020\/04\/BANOSARABES4-300x225.jpg 300w\" sizes=\"(max-width: 400px) 100vw, 400px\" \/>\t\t\t\t\t\t\t\t\t\t\t\t\t<\/div>\n\t\t\t\t<\/div>\n\t\t\t\t\t<\/div>\n\t\t<\/div>\n\t\t\t\t\t<\/div>\n\t\t<\/section>\n\t\t\t\t<section class=\"elementor-section elementor-top-section elementor-element elementor-element-80b4c44 elementor-section-boxed elementor-section-height-default elementor-section-height-default\" data-id=\"80b4c44\" data-element_type=\"section\">\n\t\t\t\t\t\t<div class=\"elementor-container elementor-column-gap-default\">\n\t\t\t\t\t<div class=\"elementor-column elementor-col-100 elementor-top-column elementor-element elementor-element-830d239\" data-id=\"830d239\" data-element_type=\"column\">\n\t\t\t<div class=\"elementor-widget-wrap elementor-element-populated\">\n\t\t\t\t\t\t<div class=\"elementor-element elementor-element-02c9da0 elementor-widget-divider--view-line elementor-widget elementor-widget-divider\" data-id=\"02c9da0\" data-element_type=\"widget\" data-widget_type=\"divider.default\">\n\t\t\t\t<div class=\"elementor-widget-container\">\n\t\t\t\t\t<div class=\"elementor-divider\">\n\t\t\t<span class=\"elementor-divider-separator\">\n\t\t\t\t\t\t<\/span>\n\t\t<\/div>\n\t\t\t\t<\/div>\n\t\t\t\t<\/div>\n\t\t\t\t\t<\/div>\n\t\t<\/div>\n\t\t\t\t\t<\/div>\n\t\t<\/section>\n\t\t\t\t<section class=\"elementor-section elementor-top-section elementor-element elementor-element-62a6ccc elementor-section-boxed elementor-section-height-default elementor-section-height-default\" data-id=\"62a6ccc\" data-element_type=\"section\">\n\t\t\t\t\t\t<div class=\"elementor-container elementor-column-gap-default\">\n\t\t\t\t\t<div class=\"elementor-column elementor-col-50 elementor-top-column elementor-element elementor-element-24c7828\" data-id=\"24c7828\" data-element_type=\"column\">\n\t\t\t<div class=\"elementor-widget-wrap elementor-element-populated\">\n\t\t\t\t\t\t<div class=\"elementor-element elementor-element-a978479 elementor-widget elementor-widget-image\" data-id=\"a978479\" data-element_type=\"widget\" data-widget_type=\"image.default\">\n\t\t\t\t<div class=\"elementor-widget-container\">\n\t\t\t\t\t\t\t\t\t\t\t\t\t<img loading=\"lazy\" decoding=\"async\" width=\"400\" height=\"533\" src=\"http:\/\/www.josemariatornay.com\/wp-content\/uploads\/2020\/04\/conjunto-historico1.jpg\" class=\"attachment-large size-large wp-image-20013\" alt=\"\" srcset=\"http:\/\/www.josemariatornay.com\/wp-content\/uploads\/2020\/04\/conjunto-historico1.jpg 400w, http:\/\/www.josemariatornay.com\/wp-content\/uploads\/2020\/04\/conjunto-historico1-225x300.jpg 225w\" sizes=\"(max-width: 400px) 100vw, 400px\" \/>\t\t\t\t\t\t\t\t\t\t\t\t\t<\/div>\n\t\t\t\t<\/div>\n\t\t\t\t<div class=\"elementor-element elementor-element-7a10459 elementor-widget elementor-widget-text-editor\" data-id=\"7a10459\" data-element_type=\"widget\" data-widget_type=\"text-editor.default\">\n\t\t\t\t<div class=\"elementor-widget-container\">\n\t\t\t\t\t\t\t<p>Entre las im\u00e1genes<br \/>y el Puente Nuevo<br \/>beben las ra\u00edces<br \/>hondas de mi pueblo.<br \/>Ra\u00edces profundas<br \/>que nutren su pecho<br \/>de sol y penumbra,<br \/>de luz y misterio.<br \/>Sabor a aceitunas,<br \/>aromas de incienso,<br \/>recorren sus venas,<br \/>suben de su suelo<br \/>y de su esqueleto<br \/>brotan luminosos<br \/>jazmines de piedra<br \/>y alondras de hierro.<\/p>\t\t\t\t\t\t<\/div>\n\t\t\t\t<\/div>\n\t\t\t\t<div class=\"elementor-element elementor-element-757afa5 elementor-widget elementor-widget-image\" data-id=\"757afa5\" data-element_type=\"widget\" data-widget_type=\"image.default\">\n\t\t\t\t<div class=\"elementor-widget-container\">\n\t\t\t\t\t\t\t\t\t\t\t\t\t<img decoding=\"async\" src=\"http:\/\/www.josemariatornay.com\/wp-content\/uploads\/elementor\/thumbs\/conjunto-historico-oooneczc7fozedb9opeikptqrtgdhuss43ocua3uo0.jpg\" title=\"conjunto historico\" alt=\"conjunto historico\" loading=\"lazy\" \/>\t\t\t\t\t\t\t\t\t\t\t\t\t<\/div>\n\t\t\t\t<\/div>\n\t\t\t\t\t<\/div>\n\t\t<\/div>\n\t\t\t\t<div class=\"elementor-column elementor-col-50 elementor-top-column elementor-element elementor-element-20ba98c\" data-id=\"20ba98c\" data-element_type=\"column\">\n\t\t\t<div class=\"elementor-widget-wrap elementor-element-populated\">\n\t\t\t\t\t\t<div class=\"elementor-element elementor-element-fe2a753 elementor-widget elementor-widget-heading\" data-id=\"fe2a753\" data-element_type=\"widget\" data-widget_type=\"heading.default\">\n\t\t\t\t<div class=\"elementor-widget-container\">\n\t\t\t<h2 class=\"elementor-heading-title elementor-size-default\">CONJUNTO HIST\u00d3RICO ART\u00cdSTICO<\/h2>\t\t<\/div>\n\t\t\t\t<\/div>\n\t\t\t\t<div class=\"elementor-element elementor-element-5d24229 elementor-widget elementor-widget-text-editor\" data-id=\"5d24229\" data-element_type=\"widget\" data-widget_type=\"text-editor.default\">\n\t\t\t\t<div class=\"elementor-widget-container\">\n\t\t\t\t\t\t\t<p>Siempre y en todos los lugares de nuestro pa\u00eds se ha dicho, con s\u00f3lo nombrar \u00a1Ronda!, que es la Ciudad m\u00e1s bonita de Espa\u00f1a. La verdad es que este reconocimiento que, de boca en boca ha ido recorriendo todos los rincones de nuestra Patria, no se hizo efectivo hasta el a\u00f1o 1.968, en que el Exmo. Ayuntamiento declarara el Recinto Antiguo como Conjunto Hist\u00f3rico Art\u00edstico. Y es que esta peque\u00f1a parte de Ronda, la que se encuentra antes del Puente Nuevo y despu\u00e9s del Puente Viejo, hasta llegar al llano alto, una vez pasado \u00e9ste, es verdaderamente un Conjunto, si por tal se entiende que es homog\u00e9neo, que conserva una estructura igual en sus construcciones, en su decoraci\u00f3n externa, en su pavimentaci\u00f3n, en sus monumentos, en sus estilos y en su limpieza. Y como Ronda posee todo eso, de ah\u00ed lo de \u201chist\u00f3rico\u201d. <br \/>\u00bfEs que hay una ciudad en Espa\u00f1a que tenga m\u00e1s historia que este rinc\u00f3n abandonado y olvidado de Andaluc\u00eda? \u00bfD\u00f3nde, por favor? Ronda, con sus rocas milenarias, sus alturas profundas, sus nobles habitantes y su cultura ancestral, est\u00e1 clavada en lo m\u00e1s profundo de las ra\u00edces de la historia. Art\u00edstico. \u00a1Ah\u00ed, a morir! \u00a1Arte, lo que se dice arte, en Ronda, \u00bfD\u00f3nde m\u00e1s? Ronda, origen del cante \u201cjondo\u201d, origen de la Guitarra espa\u00f1ola y origen del toreo. \u00bfPuede caber m\u00e1s arte en un recinto tan peque\u00f1o? Aqu\u00ed naci\u00f3 \u201cTobalo\u201d, el Polo, aquel \u201cagua\u00f3\u201d que cantaba pregonando por las calles y vendiendo agua fresquita de la fuente de los ocho ca\u00f1os. Pues \u00e9l cre\u00f3 el Polo, base del cante flamenco. Cante que es la ra\u00edz del pueblo andaluz, su alegr\u00eda, su pena, su dolor y su todo\u2026 Aqu\u00ed naci\u00f3 Espinel, aquel curilla del siglo XVI que invent\u00f3 la guitarra, que cre\u00f3 su sonido arm\u00f3nico y que escribi\u00f3 una de las obras m\u00e1s importantes de la picaresca espa\u00f1ola, \u201cLa vida del Escudero Marcos de Obreg\u00f3n\u201d; aquel andaluz que invent\u00f3 la D\u00e9cima, como estrofa po\u00e9tica llena de ritmo y musicalidad. Aquel ronde\u00f1o que compiti\u00f3 con Cervantes, con Lope de Vega, con Calder\u00f3n de la Barca con\u2026 \u00a1con tantos! Entre los grandes \u00e9l fue el Maestro. <br \/>Aqu\u00ed naci\u00f3 el toreo con las dos grandes dinast\u00edas de los toreros m\u00e1s importantes de todos los tiempos. La de los Romero, primero: Francisco, el abuelo; Juan, el Hijo, y Pedro, el Nieto, creador del estilo Ronde\u00f1o y de la escuela Sevillana; y los hermanos de \u00e9ste, Antonio, Gaspar y Jos\u00e9, todos toreros y todos de Ronda. La segunda dinast\u00eda, la de los Ord\u00f3\u00f1ez, con Cayetano, \u201cEl Ni\u00f1o de la Palma y sus hermanos Antonio, Manuel, Rafael y Alfonso; y los hijos de Cayetano: Cayetano, Juan, Antonio (el torero m\u00e1s completo de todos los tiempos y el m\u00e1s artista), Pepe y Alfonso.<br \/>Ronda, s\u00edmbolo del arte andaluz y cuna del arte espa\u00f1ol. \u00bfCabe m\u00e1s arte? \u00a1Ronda: Conjunto Hist\u00f3rico Art\u00edstico!<\/p>\t\t\t\t\t\t<\/div>\n\t\t\t\t<\/div>\n\t\t\t\t\t<\/div>\n\t\t<\/div>\n\t\t\t\t\t<\/div>\n\t\t<\/section>\n\t\t\t\t<section class=\"elementor-section elementor-top-section elementor-element elementor-element-790f24f elementor-section-boxed elementor-section-height-default elementor-section-height-default\" data-id=\"790f24f\" data-element_type=\"section\">\n\t\t\t\t\t\t<div class=\"elementor-container elementor-column-gap-default\">\n\t\t\t\t\t<div class=\"elementor-column elementor-col-100 elementor-top-column elementor-element elementor-element-ea9e121\" data-id=\"ea9e121\" data-element_type=\"column\">\n\t\t\t<div class=\"elementor-widget-wrap elementor-element-populated\">\n\t\t\t\t\t\t<div class=\"elementor-element elementor-element-c40b00a elementor-widget-divider--view-line elementor-widget elementor-widget-divider\" data-id=\"c40b00a\" data-element_type=\"widget\" data-widget_type=\"divider.default\">\n\t\t\t\t<div class=\"elementor-widget-container\">\n\t\t\t\t\t<div class=\"elementor-divider\">\n\t\t\t<span class=\"elementor-divider-separator\">\n\t\t\t\t\t\t<\/span>\n\t\t<\/div>\n\t\t\t\t<\/div>\n\t\t\t\t<\/div>\n\t\t\t\t\t<\/div>\n\t\t<\/div>\n\t\t\t\t\t<\/div>\n\t\t<\/section>\n\t\t\t\t<section class=\"elementor-section elementor-top-section elementor-element elementor-element-d2915e9 elementor-section-boxed elementor-section-height-default elementor-section-height-default\" data-id=\"d2915e9\" data-element_type=\"section\">\n\t\t\t\t\t\t<div class=\"elementor-container elementor-column-gap-default\">\n\t\t\t\t\t<div class=\"elementor-column elementor-col-50 elementor-top-column elementor-element elementor-element-e1eb35f\" data-id=\"e1eb35f\" data-element_type=\"column\">\n\t\t\t<div class=\"elementor-widget-wrap elementor-element-populated\">\n\t\t\t\t\t\t<div class=\"elementor-element elementor-element-ced2a96 elementor-widget elementor-widget-text-editor\" data-id=\"ced2a96\" data-element_type=\"widget\" data-widget_type=\"text-editor.default\">\n\t\t\t\t<div class=\"elementor-widget-container\">\n\t\t\t\t\t\t\t<p>Este Convento femenino de Ronda se encuentra situado extramuros de la antigua Ciudad, en el barrio del Mercadillo y en la calle conocida como de Santa Cecilia, y aunque se desconoce exactamente las fechas de su construcci\u00f3n, suponemos que deben de remontarse a bastantes siglos, por el car\u00e1cter g\u00f3tico-mud\u00e9jar de sus patios. La tradici\u00f3n oral y escrita remonta su fundaci\u00f3n a los primeros a\u00f1os del siglo XVI.<br \/>Hacia 1.525 estuvo en Ronda D. Fernando de Oviedo, cl\u00e9rigo de Sevilla que pens\u00f3 construir un convento dedicado a las dominicas. Compr\u00f3 los terrenos y lo edific\u00f3, trayendo a varias hermanas del de Sevilla. En el a\u00f1o 1.575 la Iglesia estaba en un estado muy avanzado de construcci\u00f3n ya que el carpintero ronde\u00f1o Pedro Hidalgo se afanaba en la tarea de terminar el artesonado mud\u00e9jar por el que hab\u00eda cobrado 230 ducados. Cuando se reedific\u00f3 el convento y la iglesia en el a\u00f1o 1.700, se tap\u00f3 el artesonado mud\u00e9jar, como ha pasado en muchas iglesias de Ronda con estas b\u00f3vedas barrocas. El retablo data del a\u00f1o 1.732, pero el convento sufri\u00f3 varias reformas a lo largo del siglo XIX debido al estado ruinoso de la edificaci\u00f3n. A finales del siglo XIX se instala en una parte del edificio un asilo llamado de Nuestra Se\u00f1ora de los Desamparados, convirti\u00e9ndose posteriormente en el Colegio de San Jos\u00e9 de la Monta\u00f1a. Durante la Guerra Civil sufri\u00f3 un ataque que destruy\u00f3 una buena parte del edificio y tambi\u00e9n de la Iglesia. <br \/>Hace unos pocos a\u00f1os se restaur\u00f3 \u00e9sta ,ya que el convento hab\u00eda sido rehabilitado con anterioridad. La entrada del mismo da acceso a un patio porticado con una galer\u00eda superior de estilo g\u00f3tico-mud\u00e9jar, aunque muy restaurado. Dicho patio tiene un encanto especial y en \u00e9l se han dado con frecuencia, en el tiempo que no era utilizado, conciertos, principalmente de guitarra. En \u00e9l se han celebrado en varias ocasiones los de los \u00abA\u00f1os Internacionales de la Guitarra\u00bb, organizados por el TES de Ronda y en otras ocasiones por la Pe\u00f1a \u201cEl Pa\u00f1uelo\u201d.<\/p>\t\t\t\t\t\t<\/div>\n\t\t\t\t<\/div>\n\t\t\t\t\t<\/div>\n\t\t<\/div>\n\t\t\t\t<div class=\"elementor-column elementor-col-50 elementor-top-column elementor-element elementor-element-7d1150d\" data-id=\"7d1150d\" data-element_type=\"column\">\n\t\t\t<div class=\"elementor-widget-wrap elementor-element-populated\">\n\t\t\t\t\t\t<div class=\"elementor-element elementor-element-682fb64 elementor-widget elementor-widget-heading\" data-id=\"682fb64\" data-element_type=\"widget\" data-widget_type=\"heading.default\">\n\t\t\t\t<div class=\"elementor-widget-container\">\n\t\t\t<h2 class=\"elementor-heading-title elementor-size-default\">CONVENTO MADRE DE DIOS<\/h2>\t\t<\/div>\n\t\t\t\t<\/div>\n\t\t\t\t<div class=\"elementor-element elementor-element-35e01e6 elementor-widget elementor-widget-image\" data-id=\"35e01e6\" data-element_type=\"widget\" data-widget_type=\"image.default\">\n\t\t\t\t<div class=\"elementor-widget-container\">\n\t\t\t\t\t\t\t\t\t\t\t\t\t<img loading=\"lazy\" decoding=\"async\" width=\"400\" height=\"533\" src=\"http:\/\/www.josemariatornay.com\/wp-content\/uploads\/2020\/04\/CONVENTOMADFREDEDIOS1.jpg\" class=\"attachment-large size-large wp-image-20017\" alt=\"\" srcset=\"http:\/\/www.josemariatornay.com\/wp-content\/uploads\/2020\/04\/CONVENTOMADFREDEDIOS1.jpg 400w, http:\/\/www.josemariatornay.com\/wp-content\/uploads\/2020\/04\/CONVENTOMADFREDEDIOS1-225x300.jpg 225w\" sizes=\"(max-width: 400px) 100vw, 400px\" \/>\t\t\t\t\t\t\t\t\t\t\t\t\t<\/div>\n\t\t\t\t<\/div>\n\t\t\t\t<div class=\"elementor-element elementor-element-46dc87b elementor-widget elementor-widget-text-editor\" data-id=\"46dc87b\" data-element_type=\"widget\" data-widget_type=\"text-editor.default\">\n\t\t\t\t<div class=\"elementor-widget-container\">\n\t\t\t\t\t\t\t<p>Madre de Dios, \u00a1qu\u00e9 convento!<br \/>Convento Madre de Dios.<\/p><p>Ojos mirando hacia el cielo,<br \/>labios llenos de oraci\u00f3n,<br \/>terror de fuegos eternos,<br \/>castigos, penas, dolor.<br \/>Pasillos llenos de incienso,<br \/>celdas repletas de amor.<br \/>Luego colegio, conciertos,<br \/>Despu\u00e9s, silencio y adi\u00f3s.<\/p><p>Madre de Dios, \u00a1qu\u00e9 convento!<br \/>Convento Madre de Dios.<\/p>\t\t\t\t\t\t<\/div>\n\t\t\t\t<\/div>\n\t\t\t\t\t<\/div>\n\t\t<\/div>\n\t\t\t\t\t<\/div>\n\t\t<\/section>\n\t\t\t\t<section class=\"elementor-section elementor-top-section elementor-element elementor-element-ea779ce elementor-section-boxed elementor-section-height-default elementor-section-height-default\" data-id=\"ea779ce\" data-element_type=\"section\">\n\t\t\t\t\t\t<div class=\"elementor-container elementor-column-gap-default\">\n\t\t\t\t\t<div class=\"elementor-column elementor-col-100 elementor-top-column elementor-element elementor-element-9780497\" data-id=\"9780497\" data-element_type=\"column\">\n\t\t\t<div class=\"elementor-widget-wrap elementor-element-populated\">\n\t\t\t\t\t\t<div class=\"elementor-element elementor-element-33607db elementor-widget-divider--view-line elementor-widget elementor-widget-divider\" data-id=\"33607db\" data-element_type=\"widget\" data-widget_type=\"divider.default\">\n\t\t\t\t<div class=\"elementor-widget-container\">\n\t\t\t\t\t<div class=\"elementor-divider\">\n\t\t\t<span class=\"elementor-divider-separator\">\n\t\t\t\t\t\t<\/span>\n\t\t<\/div>\n\t\t\t\t<\/div>\n\t\t\t\t<\/div>\n\t\t\t\t\t<\/div>\n\t\t<\/div>\n\t\t\t\t\t<\/div>\n\t\t<\/section>\n\t\t\t\t<section class=\"elementor-section elementor-top-section elementor-element elementor-element-a2780af elementor-section-boxed elementor-section-height-default elementor-section-height-default\" data-id=\"a2780af\" data-element_type=\"section\">\n\t\t\t\t\t\t<div class=\"elementor-container elementor-column-gap-default\">\n\t\t\t\t\t<div class=\"elementor-column elementor-col-50 elementor-top-column elementor-element elementor-element-4a251ab\" data-id=\"4a251ab\" data-element_type=\"column\">\n\t\t\t<div class=\"elementor-widget-wrap elementor-element-populated\">\n\t\t\t\t\t\t<div class=\"elementor-element elementor-element-5aa80b7 elementor-widget elementor-widget-image\" data-id=\"5aa80b7\" data-element_type=\"widget\" data-widget_type=\"image.default\">\n\t\t\t\t<div class=\"elementor-widget-container\">\n\t\t\t\t\t\t\t\t\t\t\t\t\t<img loading=\"lazy\" decoding=\"async\" width=\"400\" height=\"300\" src=\"http:\/\/www.josemariatornay.com\/wp-content\/uploads\/2020\/04\/convento1.jpg\" class=\"attachment-large size-large wp-image-20027\" alt=\"\" srcset=\"http:\/\/www.josemariatornay.com\/wp-content\/uploads\/2020\/04\/convento1.jpg 400w, http:\/\/www.josemariatornay.com\/wp-content\/uploads\/2020\/04\/convento1-300x225.jpg 300w\" sizes=\"(max-width: 400px) 100vw, 400px\" \/>\t\t\t\t\t\t\t\t\t\t\t\t\t<\/div>\n\t\t\t\t<\/div>\n\t\t\t\t<div class=\"elementor-element elementor-element-a13c814 elementor-widget elementor-widget-image\" data-id=\"a13c814\" data-element_type=\"widget\" data-widget_type=\"image.default\">\n\t\t\t\t<div class=\"elementor-widget-container\">\n\t\t\t\t\t\t\t\t\t\t\t\t\t<img loading=\"lazy\" decoding=\"async\" width=\"400\" height=\"533\" src=\"http:\/\/www.josemariatornay.com\/wp-content\/uploads\/2020\/04\/convento2.jpg\" class=\"attachment-large size-large wp-image-20028\" alt=\"\" srcset=\"http:\/\/www.josemariatornay.com\/wp-content\/uploads\/2020\/04\/convento2.jpg 400w, http:\/\/www.josemariatornay.com\/wp-content\/uploads\/2020\/04\/convento2-225x300.jpg 225w\" sizes=\"(max-width: 400px) 100vw, 400px\" \/>\t\t\t\t\t\t\t\t\t\t\t\t\t<\/div>\n\t\t\t\t<\/div>\n\t\t\t\t<div class=\"elementor-element elementor-element-8484a84 elementor-widget elementor-widget-text-editor\" data-id=\"8484a84\" data-element_type=\"widget\" data-widget_type=\"text-editor.default\">\n\t\t\t\t<div class=\"elementor-widget-container\">\n\t\t\t\t\t\t\t<p>Este edificio que veis<br \/>encaramado en lo alto<br \/>fue su tiempo campamento<br \/>de las tropas de Fernando.<br \/>Con el teimpo vino a ser<br \/>morada de monajes santos;<br \/>a\u00fan resuenan en sus piedras<br \/>sus lamentos gregorianos<br \/>y sigue rompiendo el aire<br \/>el manteo de sus h\u00e1bitos.<br \/>Luego acogi\u00f3 muchas cosas,<br \/>hoy es un colegio laico<br \/>que derrama desde el cerro<br \/>sus saberes sobre el barrio.<\/p>\t\t\t\t\t\t<\/div>\n\t\t\t\t<\/div>\n\t\t\t\t<div class=\"elementor-element elementor-element-a2fe575 elementor-widget elementor-widget-image\" data-id=\"a2fe575\" data-element_type=\"widget\" data-widget_type=\"image.default\">\n\t\t\t\t<div class=\"elementor-widget-container\">\n\t\t\t\t\t\t\t\t\t\t\t\t\t<img decoding=\"async\" src=\"http:\/\/www.josemariatornay.com\/wp-content\/uploads\/elementor\/thumbs\/convento3-oooqxq429a1ebxmysq0f60v8aggqugfubr7ytjzyf4.jpg\" title=\"convento3\" alt=\"convento3\" loading=\"lazy\" \/>\t\t\t\t\t\t\t\t\t\t\t\t\t<\/div>\n\t\t\t\t<\/div>\n\t\t\t\t\t<\/div>\n\t\t<\/div>\n\t\t\t\t<div class=\"elementor-column elementor-col-50 elementor-top-column elementor-element elementor-element-94fd78d\" data-id=\"94fd78d\" data-element_type=\"column\">\n\t\t\t<div class=\"elementor-widget-wrap elementor-element-populated\">\n\t\t\t\t\t\t<div class=\"elementor-element elementor-element-e992685 elementor-widget elementor-widget-heading\" data-id=\"e992685\" data-element_type=\"widget\" data-widget_type=\"heading.default\">\n\t\t\t\t<div class=\"elementor-widget-container\">\n\t\t\t<h2 class=\"elementor-heading-title elementor-size-default\">CONVENTO DE SAN FRANCISCO<\/h2>\t\t<\/div>\n\t\t\t\t<\/div>\n\t\t\t\t<div class=\"elementor-element elementor-element-6d9b4c0 elementor-widget elementor-widget-text-editor\" data-id=\"6d9b4c0\" data-element_type=\"widget\" data-widget_type=\"text-editor.default\">\n\t\t\t\t<div class=\"elementor-widget-container\">\n\t\t\t\t\t\t\t<p>os Reyes Cat\u00f3licos mandaron construir en Ronda dos Conventos despu\u00e9s de su Conquista. Uno de ellos fue el de San Francisco, a erigir en el lugar en el que el Marqu\u00e9s de C\u00e1diz tuvo su Real para la Reconquista de Ronda, pero a los franciscanos no les gust\u00f3 el sitio cedido por el Rey, por creer que era insano al estar a la orilla del r\u00edo; entonces el Rey les cedi\u00f3, el 14 de Septiembre del a\u00f1o 1.500, el lugar que \u00e9l mismo hab\u00eda utilizado como Real en la Reconquista de Ronda, que es donde se encuentra en la actualidad.<br \/>Como quiera que en las particiones de Ronda esos terrenos le hab\u00edan correspondido a Juan D\u00e1vila , \u00e9ste se qued\u00f3 con el primer terreno de los franciscanos y a su cambio se qued\u00f3 con el patronato de la Capilla Mayor de la Iglesia. Esta capilla pas\u00f3 luego a la familia de los Ovalle, emparentados con los Moctezuma. El convento fue pr\u00e1cticamente derruido por los franceses cuando dejaron Ronda despu\u00e9s de la Guerra de la Independencia; tanto fue as\u00ed que los religiosos, a la salida de aqu\u00e9llos, solicitaron la ermita de Nuestra Se\u00f1ora de Gracia ante la imposibilidad de reunir fondos para la rehabilitaci\u00f3n de su convento e Iglesia, totalmente arruinados. No obstante, se empez\u00f3 la restauraci\u00f3n, que en el a\u00f1o 1.820 estaba casi terminada, pero despu\u00e9s del Trienio Constitucional, qued\u00f3 de nuevo en ruinas y los franciscano pidieron la cesi\u00f3n del Convento de Santo Domingo y, a cambio, ellos dejar\u00edan el suyo para que se utilizara de la mejor manera posible. Este intercambio no se llev\u00f3 a cabo y, definitivamente, los franciscanos dejaron Ronda despu\u00e9s de la desamortizaci\u00f3n.<br \/>Entonces, la hermandad de las \u00c1nimas y del Santo Sepulcro de Ronda solicitaron, en nombre de los habitantes del Barrio, las instalaciones del convento para hacer un cementerio, por quedar demasiado alejado el que se hab\u00eda instalado en el norte de la ciudad. Esta idea no se llev\u00f3 a cabo por incumplimiento de las bases del contrato. Finalmente, despu\u00e9s de la Guerra Civil, el convento qued\u00f3 totalmente destrozado, quedando en pie s\u00f3lo los muros de la Iglesia. \u00c9sta se reconstruy\u00f3 y se le a\u00f1adi\u00f3 un pabell\u00f3n para albergar la casa rectoral y una sala de Acci\u00f3n Cat\u00f3lica. <br \/>La Iglesia es de planta de cruz latina y de estilo g\u00f3tico-mud\u00e9jar. La nave central se cubr\u00eda con armadura mud\u00e9jar que en el barroco del siglo XVIII se ocult\u00f3 bajo una b\u00f3veda rebajada de ca\u00f1\u00f3n, conserv\u00e1ndose as\u00ed hasta el incendio del a\u00f1o 1.936. En el testero aparecen dos escudos de piedra con las fecha 1.505, que seguramente corresponden a los D\u00e1vila y a los Ovalle. La portada es de piedra de canter\u00eda ronde\u00f1a con unas formas muy elegantes de estilo g\u00f3tico-isabelino. En la actualidad, la iglesia est\u00e1 sin utilidad alguna, aunque el edificio adosado, se ha convertido en un Colegio, cuya restauraci\u00f3n, adaptaci\u00f3n , ampliaci\u00f3n y conservaci\u00f3n dependieron de la Caja de Ahorros de Ronda y en la actualidad, de la Fundaci\u00f3n UNICAJA Ronda. El edificio es de nueva plana, conserv\u00e1ndose solamente un peque\u00f1o resto de la antigua casa rectoral, por la que se accede actualmente al centro educativo, \u00a1 que lleva el nombre del ilustre ronde\u00f1o D. Fernando de los R\u00edos y en el que ejerce mi compa\u00f1ero de p\u00e1gina en las labores de Trovador.<\/p>\t\t\t\t\t\t<\/div>\n\t\t\t\t<\/div>\n\t\t\t\t\t<\/div>\n\t\t<\/div>\n\t\t\t\t\t<\/div>\n\t\t<\/section>\n\t\t\t\t<section class=\"elementor-section elementor-top-section elementor-element elementor-element-d82854e elementor-section-boxed elementor-section-height-default elementor-section-height-default\" data-id=\"d82854e\" data-element_type=\"section\">\n\t\t\t\t\t\t<div class=\"elementor-container elementor-column-gap-default\">\n\t\t\t\t\t<div class=\"elementor-column elementor-col-100 elementor-top-column elementor-element elementor-element-7fb65de\" data-id=\"7fb65de\" data-element_type=\"column\">\n\t\t\t<div class=\"elementor-widget-wrap elementor-element-populated\">\n\t\t\t\t\t\t<div class=\"elementor-element elementor-element-51c3c6e elementor-widget-divider--view-line elementor-widget elementor-widget-divider\" data-id=\"51c3c6e\" data-element_type=\"widget\" data-widget_type=\"divider.default\">\n\t\t\t\t<div class=\"elementor-widget-container\">\n\t\t\t\t\t<div class=\"elementor-divider\">\n\t\t\t<span class=\"elementor-divider-separator\">\n\t\t\t\t\t\t<\/span>\n\t\t<\/div>\n\t\t\t\t<\/div>\n\t\t\t\t<\/div>\n\t\t\t\t\t<\/div>\n\t\t<\/div>\n\t\t\t\t\t<\/div>\n\t\t<\/section>\n\t\t\t\t<section class=\"elementor-section elementor-top-section elementor-element elementor-element-9a3d608 elementor-section-boxed elementor-section-height-default elementor-section-height-default\" data-id=\"9a3d608\" data-element_type=\"section\">\n\t\t\t\t\t\t<div class=\"elementor-container elementor-column-gap-default\">\n\t\t\t\t\t<div class=\"elementor-column elementor-col-50 elementor-top-column elementor-element elementor-element-b232ea4\" data-id=\"b232ea4\" data-element_type=\"column\">\n\t\t\t<div class=\"elementor-widget-wrap elementor-element-populated\">\n\t\t\t\t\t\t<div class=\"elementor-element elementor-element-944c84e elementor-widget elementor-widget-text-editor\" data-id=\"944c84e\" data-element_type=\"widget\" data-widget_type=\"text-editor.default\">\n\t\t\t\t<div class=\"elementor-widget-container\">\n\t\t\t\t\t\t\t<p>Los Reyes Cat\u00f3licos fundaron este convento, pero en un principio ten\u00edan la intenci\u00f3n de que se construyese debajo de los Tajos del Mercadillo, en el sitio llamado de los Gomeles. Se desconocen las causas por las que se desech\u00f3 aquel lugar, a \u00faltima hora aunque s\u00ed sabemos, por una carta de D\u00aa Juana, que los Reyes hab\u00edan donado a Juan de Torres , alcalde y repartidor de Ronda, tres solares para que se hiciese un Hospital, pero como ya exist\u00eda el de Santa B\u00e1rbara, \u00e9ste cambi\u00f3 de idea y mand\u00f3 construir el monasterio de la Orden de Santo Domingo, bajo la advocaci\u00f3n de San Pedro M\u00e1rtir, en el lugar donde hoy se encuentra. As\u00ed pues, fue Juan de Torres el encargado de construir el Convento y la Iglesia, aunque el patronato pertenec\u00eda a los Reyes; sin embargo, en su construcci\u00f3n se gast\u00f3 mucho m\u00e1s de lo que hab\u00edan costado los terrenos donados por los monarcas.\u2028<br \/>Podemos datar la construcci\u00f3n a mediados del siglo XVI, pues ya por esas fechas funcionaba aqu\u00ed el Tribunal de la Inquisici\u00f3n En el siglo XVIII estaba en muy mal estado, a causa del terremoto de 1.756 y de las lluvias torrenciales padecidas en 1.785 y 1.786.\u2028 En reiteradas ocasiones, el Corregidor de Ronda, Marqu\u00e9s de Pejas, reclam\u00f3 de los Reyes ayuda para restaurarlo, por ser \u00e9ste de Patronato Real, sin que surtieran efecto tales peticiones.<br \/>En vista de ello, el Corregidor mand\u00f3 llamar a Antonio Ord\u00f3\u00f1ez, maestro alarife, muy reputado, quien hizo un estudio del edificio y levant\u00f3 planos del mismo; esto ocurr\u00eda en el a\u00f1o 1.788. El informe fue demoledor, pero ver\u00eddico, pues se apreciaba el estado ruinoso de todo el conjunto.\u2028 La comunidad de los dominicos aprovech\u00f3 esta circunstancia para ceder unos terrenos y facilitar el ensanche para el acceso del Puente Nuevo, que se estaba terminando, y tanto Aldehuela como el citado alarife Ord\u00f3\u00f1ez, destruyeron la entrada, celdas de los dominicos y una parte importante del convento que daba a la actual calle Armi\u00f1an; incluso el campanario.<\/p><p>De esta forma, el convento y parte de la Iglesia quedaron indefensas y desprotegidas, con grave peligro de errumbarse. Y as\u00ed pas\u00f3. El d\u00eda 2 de diciembre de 1.822 se derrumb\u00f3 el muro lateral que daba a la calle y qued\u00f3 \u00e9sta cortada a todo tr\u00e1fico posible hasta que se pudieron limpiar los escombros. A la vista de lo destruido, los frailes protestaron, pues se hab\u00eda derribado m\u00e1s de lo que ellos hab\u00edan cedido. \u2028Abandonado el convento por esta Orden, despu\u00e9s de la desamortizaci\u00f3n de Mendiz\u00e1bal, se cedi\u00f3 el mismo para dar cabida al Regimiento de Infanter\u00eda de \u00c1frica. Se pens\u00f3 asimismo, entre otras cosas, trasladar all\u00ed la c\u00e1rcel, alojar a la brigada de caballer\u00eda del Rey o instalar el nuevo Ayuntamiento, unos Juzgados y una escuela.<br \/>Finalmente, el edificio se vendi\u00f3 a la Sociedad Hurtado Primos por diez mil reales y \u00e9sta, a su vez, lo vendi\u00f3 a D. Francisco Agust\u00edn Garc\u00eda, qui\u00e9n en el a\u00f1o 1.849 instal\u00f3 una plaza de abastos, hasta que se inaugur\u00f3 el mercado en la Plaza de Espa\u00f1a. Durante la Guerra Civil la Iglesia fue incendiada y sus im\u00e1genes destruidas; algunas se conservaban en muy mal estado en los viejos camerinos de los laterales del presbiterio.<br \/>Despu\u00e9s de tantos avatares, el convento ha sido un poco comod\u00edn de usos m\u00faltiples: mercado, c\u00e1rcel, cuartel, dos veces, posible Ayuntamiento, juzgado y escuela. Y ya en la \u00e9poca m\u00e1s moderna, Alh\u00f3ndiga de casta\u00f1as, Taller de Carpinter\u00eda y, finalmente, Palacio de Congresos y Exposiciones. Incluso, el que esto escribe, habl\u00f3 con la Cadena Hotelera Madrigal (Cadena especializada en adaptar viejos palacios y conventos a hoteles, como por ejemplo, el de Santa Catalina de Toledo), para que se pudiera edificar un hotel con la participaci\u00f3n del Ayuntamiento; idea que no fue bien visa por la Corporaci\u00f3n de la \u00e9poca. \u00a1Cosas de la pol\u00edtica!<br \/>La historia de la iglesia ha ido paralela a la del convento, s\u00f3lo que \u00e9sta recuper\u00f3 en los a\u00f1os cincuenta parte de su funci\u00f3n religiosa al servir de sede de la reci\u00e9n creada Cofrad\u00eda de Nuestro Padre Jes\u00fas Orando en el Huerto y Mar\u00eda Sant\u00edsima Consuelo de las Tristezas, sede que comparti\u00f3 con la cofrad\u00eda de Nuestro Padre Jes\u00fas Ecce Homo.<br \/>En la actualidad est\u00e1 esperando que se acuerden de ella para instalar el gran Auditorio que el Palacio de Congresos necesita y la Ciudad de Ronda reclama.<br \/>Yo nac\u00ed justo enfrente de la puerta de la Iglesia, en la calle de Santo Domingo y recuerdo que, de ni\u00f1o, entr\u00e1bamos a corretear por su interior y a cruzar el pasaje que hab\u00eda de la iglesia al convento. En esos asaltos nos escond\u00edamos en los camerinos e incluso jug\u00e1bamos con los restos de lo enterramientos que se hab\u00edan hecho en la \u00e9poca. \u00a1Travesuras de cr\u00edos! Pero tal era el abandono de la instalaci\u00f3n, que los ni\u00f1os no sab\u00edamos de quien depend\u00eda el cuido de tan importante instalaci\u00f3n religiosa, \u00a1una vi\u00f1a sin amo!<br \/>Ahora sabemos de qui\u00e9n depende y esperamos la ejecuci\u00f3n de su recuperaci\u00f3n total como Auditorio.<\/p>\t\t\t\t\t\t<\/div>\n\t\t\t\t<\/div>\n\t\t\t\t\t<\/div>\n\t\t<\/div>\n\t\t\t\t<div class=\"elementor-column elementor-col-50 elementor-top-column elementor-element elementor-element-6e8bbfe\" data-id=\"6e8bbfe\" data-element_type=\"column\">\n\t\t\t<div class=\"elementor-widget-wrap elementor-element-populated\">\n\t\t\t\t\t\t<div class=\"elementor-element elementor-element-5172501 elementor-widget elementor-widget-heading\" data-id=\"5172501\" data-element_type=\"widget\" data-widget_type=\"heading.default\">\n\t\t\t\t<div class=\"elementor-widget-container\">\n\t\t\t<h2 class=\"elementor-heading-title elementor-size-default\">CONVENTO DE SANTO DOMINGO<\/h2>\t\t<\/div>\n\t\t\t\t<\/div>\n\t\t\t\t<div class=\"elementor-element elementor-element-bfece20 elementor-widget elementor-widget-image\" data-id=\"bfece20\" data-element_type=\"widget\" data-widget_type=\"image.default\">\n\t\t\t\t<div class=\"elementor-widget-container\">\n\t\t\t\t\t\t\t\t\t\t\t\t\t<img loading=\"lazy\" decoding=\"async\" width=\"600\" height=\"400\" src=\"http:\/\/www.josemariatornay.com\/wp-content\/uploads\/2020\/04\/SANTODOMINGO1.jpg\" class=\"attachment-large size-large wp-image-20032\" alt=\"\" srcset=\"http:\/\/www.josemariatornay.com\/wp-content\/uploads\/2020\/04\/SANTODOMINGO1.jpg 600w, http:\/\/www.josemariatornay.com\/wp-content\/uploads\/2020\/04\/SANTODOMINGO1-300x200.jpg 300w\" sizes=\"(max-width: 600px) 100vw, 600px\" \/>\t\t\t\t\t\t\t\t\t\t\t\t\t<\/div>\n\t\t\t\t<\/div>\n\t\t\t\t<div class=\"elementor-element elementor-element-9109787 elementor-widget elementor-widget-text-editor\" data-id=\"9109787\" data-element_type=\"widget\" data-widget_type=\"text-editor.default\">\n\t\t\t\t<div class=\"elementor-widget-container\">\n\t\t\t\t\t\t\t<p>Se ha convertido el convento,\u2028<br \/>sin monjas y sin clausura\u2028<br \/>en templo de la cultura<br \/>que arbitra el Ayuntamiento.<br \/>Acrecienta su nobleza\u2028la<br \/>la vecindad con el Puente\u2028<br \/>y no deja indiferente\u2028<br \/>su inmarcesible belleza.\u2028\u2028<br \/>Fue c\u00e1rcel, cuartel, mercado,<br \/>juzgado, escuela en su d\u00eda<br \/>y hasta fue carpinter\u00eda<br \/>en tiempos ya terminados.\u2028<\/p>\t\t\t\t\t\t<\/div>\n\t\t\t\t<\/div>\n\t\t\t\t<div class=\"elementor-element elementor-element-3b37b8e elementor-widget elementor-widget-image\" data-id=\"3b37b8e\" data-element_type=\"widget\" data-widget_type=\"image.default\">\n\t\t\t\t<div class=\"elementor-widget-container\">\n\t\t\t\t\t\t\t\t\t\t\t\t\t<img loading=\"lazy\" decoding=\"async\" width=\"670\" height=\"447\" src=\"http:\/\/www.josemariatornay.com\/wp-content\/uploads\/2020\/04\/SANTODOMINGO2.jpg\" class=\"attachment-large size-large wp-image-20033\" alt=\"\" srcset=\"http:\/\/www.josemariatornay.com\/wp-content\/uploads\/2020\/04\/SANTODOMINGO2.jpg 670w, http:\/\/www.josemariatornay.com\/wp-content\/uploads\/2020\/04\/SANTODOMINGO2-300x200.jpg 300w\" sizes=\"(max-width: 670px) 100vw, 670px\" \/>\t\t\t\t\t\t\t\t\t\t\t\t\t<\/div>\n\t\t\t\t<\/div>\n\t\t\t\t<div class=\"elementor-element elementor-element-0f0d80c elementor-widget elementor-widget-image\" data-id=\"0f0d80c\" data-element_type=\"widget\" data-widget_type=\"image.default\">\n\t\t\t\t<div class=\"elementor-widget-container\">\n\t\t\t\t\t\t\t\t\t\t\t\t\t<img loading=\"lazy\" decoding=\"async\" width=\"237\" height=\"213\" src=\"http:\/\/www.josemariatornay.com\/wp-content\/uploads\/2020\/04\/SANTODOMIGO3.jpg\" class=\"attachment-large size-large wp-image-20034\" alt=\"\" \/>\t\t\t\t\t\t\t\t\t\t\t\t\t<\/div>\n\t\t\t\t<\/div>\n\t\t\t\t<div class=\"elementor-element elementor-element-469e186 elementor-widget elementor-widget-image\" data-id=\"469e186\" data-element_type=\"widget\" data-widget_type=\"image.default\">\n\t\t\t\t<div class=\"elementor-widget-container\">\n\t\t\t\t\t\t\t\t\t\t\t\t\t<img loading=\"lazy\" decoding=\"async\" width=\"683\" height=\"1024\" src=\"http:\/\/www.josemariatornay.com\/wp-content\/uploads\/2020\/04\/SANTODOMINGO4-683x1024.jpg\" class=\"attachment-large size-large wp-image-20035\" alt=\"\" srcset=\"http:\/\/www.josemariatornay.com\/wp-content\/uploads\/2020\/04\/SANTODOMINGO4-683x1024.jpg 683w, http:\/\/www.josemariatornay.com\/wp-content\/uploads\/2020\/04\/SANTODOMINGO4-200x300.jpg 200w, http:\/\/www.josemariatornay.com\/wp-content\/uploads\/2020\/04\/SANTODOMINGO4.jpg 700w\" sizes=\"(max-width: 683px) 100vw, 683px\" \/>\t\t\t\t\t\t\t\t\t\t\t\t\t<\/div>\n\t\t\t\t<\/div>\n\t\t\t\t\t<\/div>\n\t\t<\/div>\n\t\t\t\t\t<\/div>\n\t\t<\/section>\n\t\t\t\t<section class=\"elementor-section elementor-top-section elementor-element elementor-element-fcdb276 elementor-section-boxed elementor-section-height-default elementor-section-height-default\" data-id=\"fcdb276\" data-element_type=\"section\">\n\t\t\t\t\t\t<div class=\"elementor-container elementor-column-gap-default\">\n\t\t\t\t\t<div class=\"elementor-column elementor-col-100 elementor-top-column elementor-element elementor-element-9a22c93\" data-id=\"9a22c93\" data-element_type=\"column\">\n\t\t\t<div class=\"elementor-widget-wrap elementor-element-populated\">\n\t\t\t\t\t\t<div class=\"elementor-element elementor-element-159e24e elementor-widget-divider--view-line elementor-widget elementor-widget-divider\" data-id=\"159e24e\" data-element_type=\"widget\" data-widget_type=\"divider.default\">\n\t\t\t\t<div class=\"elementor-widget-container\">\n\t\t\t\t\t<div class=\"elementor-divider\">\n\t\t\t<span class=\"elementor-divider-separator\">\n\t\t\t\t\t\t<\/span>\n\t\t<\/div>\n\t\t\t\t<\/div>\n\t\t\t\t<\/div>\n\t\t\t\t\t<\/div>\n\t\t<\/div>\n\t\t\t\t\t<\/div>\n\t\t<\/section>\n\t\t\t\t<section class=\"elementor-section elementor-top-section elementor-element elementor-element-bf5bf9b elementor-section-boxed elementor-section-height-default elementor-section-height-default\" data-id=\"bf5bf9b\" data-element_type=\"section\">\n\t\t\t\t\t\t<div class=\"elementor-container elementor-column-gap-default\">\n\t\t\t\t\t<div class=\"elementor-column elementor-col-50 elementor-top-column elementor-element elementor-element-0cb6dbd\" data-id=\"0cb6dbd\" data-element_type=\"column\">\n\t\t\t<div class=\"elementor-widget-wrap elementor-element-populated\">\n\t\t\t\t\t\t<div class=\"elementor-element elementor-element-206b1ab elementor-widget elementor-widget-heading\" data-id=\"206b1ab\" data-element_type=\"widget\" data-widget_type=\"heading.default\">\n\t\t\t\t<div class=\"elementor-widget-container\">\n\t\t\t<h2 class=\"elementor-heading-title elementor-size-default\">FUENTE DE LOS 8 CA\u00d1OS<\/h2>\t\t<\/div>\n\t\t\t\t<\/div>\n\t\t\t\t<div class=\"elementor-element elementor-element-cf620e0 elementor-widget elementor-widget-image\" data-id=\"cf620e0\" data-element_type=\"widget\" data-widget_type=\"image.default\">\n\t\t\t\t<div class=\"elementor-widget-container\">\n\t\t\t\t\t\t\t\t\t\t\t\t\t<img loading=\"lazy\" decoding=\"async\" width=\"400\" height=\"533\" src=\"http:\/\/www.josemariatornay.com\/wp-content\/uploads\/2020\/04\/8CANOS.jpg\" class=\"attachment-large size-large wp-image-20037\" alt=\"\" srcset=\"http:\/\/www.josemariatornay.com\/wp-content\/uploads\/2020\/04\/8CANOS.jpg 400w, http:\/\/www.josemariatornay.com\/wp-content\/uploads\/2020\/04\/8CANOS-225x300.jpg 225w\" sizes=\"(max-width: 400px) 100vw, 400px\" \/>\t\t\t\t\t\t\t\t\t\t\t\t\t<\/div>\n\t\t\t\t<\/div>\n\t\t\t\t<div class=\"elementor-element elementor-element-c8f1b03 elementor-widget elementor-widget-text-editor\" data-id=\"c8f1b03\" data-element_type=\"widget\" data-widget_type=\"text-editor.default\">\n\t\t\t\t<div class=\"elementor-widget-container\">\n\t\t\t\t\t\t\t<p>Ocho volcanes abiertos,<br \/><br \/>ocho caricias sagradas,<br \/><br \/>ocho frescos regocijos,<br \/><br \/>ocho verdades de agua.<\/p>\t\t\t\t\t\t<\/div>\n\t\t\t\t<\/div>\n\t\t\t\t<div class=\"elementor-element elementor-element-58f1282 elementor-widget elementor-widget-image\" data-id=\"58f1282\" data-element_type=\"widget\" data-widget_type=\"image.default\">\n\t\t\t\t<div class=\"elementor-widget-container\">\n\t\t\t\t\t\t\t\t\t\t\t\t\t<img loading=\"lazy\" decoding=\"async\" width=\"400\" height=\"300\" src=\"http:\/\/www.josemariatornay.com\/wp-content\/uploads\/2020\/04\/8CANOS2.jpg\" class=\"attachment-large size-large wp-image-20039\" alt=\"\" srcset=\"http:\/\/www.josemariatornay.com\/wp-content\/uploads\/2020\/04\/8CANOS2.jpg 400w, http:\/\/www.josemariatornay.com\/wp-content\/uploads\/2020\/04\/8CANOS2-300x225.jpg 300w\" sizes=\"(max-width: 400px) 100vw, 400px\" \/>\t\t\t\t\t\t\t\t\t\t\t\t\t<\/div>\n\t\t\t\t<\/div>\n\t\t\t\t\t<\/div>\n\t\t<\/div>\n\t\t\t\t<div class=\"elementor-column elementor-col-50 elementor-top-column elementor-element elementor-element-6aa5670\" data-id=\"6aa5670\" data-element_type=\"column\">\n\t\t\t<div class=\"elementor-widget-wrap elementor-element-populated\">\n\t\t\t\t\t\t<div class=\"elementor-element elementor-element-389e7de elementor-widget elementor-widget-text-editor\" data-id=\"389e7de\" data-element_type=\"widget\" data-widget_type=\"text-editor.default\">\n\t\t\t\t<div class=\"elementor-widget-container\">\n\t\t\t\t\t\t\t<p>Antes de que se construyera el actual Puente Nuevo se hab\u00eda edificado el de San Miguel o de las Curtidur\u00edas (El Patrono de los curtidores era ese santo); por \u00e9ste puente sal\u00edan los ronde\u00f1os al mercadillo situado al otro lado de \u201cLa Puente\u201d, donde se prove\u00edan de los productos b\u00e1sicos y de consumo diario.<br \/>Tanta importancia adquiri\u00f3 el Mercadillo que, en esa Plaza, como ya queda dicho en otro lugar de esta obra, era donde se hac\u00edan las Ferias de Ganado (las dos que hab\u00eda en Ronda) y asimismo se tuvo que construir una Iglesia dedicada a Santa Cecilia como primer templo cat\u00f3lico de Ronda, para que los comerciantes y los visitantes tuvieran un lugar sagrado donde acudir para cumplir con sus obligaciones espirituales.<br \/>\u2028El Rey Carlos III, al ser informado del n\u00famero de personas y de ganado que acud\u00eda a estas ferias, mand\u00f3 que se construyese, con dineros reales, una fuente con agua para las personas y abrevadero para los animales. Es la conocida como de los Ocho Ca\u00f1os, porque desde su origen ese era el n\u00famero de grifos que suministraban el preciado l\u00edquido y el sobrante llenaba una pila adosada a la parte posterior para que los animales saciaran su sed.\u2028La Fuente es de piedra y de canter\u00eda ronde\u00f1a, de estilo neocl\u00e1sico, con un pin\u00e1culo en el que se encuentra la inscripci\u00f3n de su construcci\u00f3n.<br \/>En la actualidad ha quedado como una pieza arquitect\u00f3nica del siglo, que embellece y da prestancia a la calle Real y su entorno. Los grifos, actualmente son modernos y no abiertos como lo eran en la antig\u00fcedad. Cuando describimos la calle de la Toma hablamos del agua que se tra\u00eda desde el arroyo de La Toma por un acueducto que la conduc\u00eda hasta esa calle y de all\u00ed ca\u00eda hacia lnuestra citada Fuente de los Ocho Ca\u00f1os.<\/p>\t\t\t\t\t\t<\/div>\n\t\t\t\t<\/div>\n\t\t\t\t<div class=\"elementor-element elementor-element-20e6d90 elementor-widget elementor-widget-image\" data-id=\"20e6d90\" data-element_type=\"widget\" data-widget_type=\"image.default\">\n\t\t\t\t<div class=\"elementor-widget-container\">\n\t\t\t\t\t\t\t\t\t\t\t\t\t<img loading=\"lazy\" decoding=\"async\" width=\"400\" height=\"300\" src=\"http:\/\/www.josemariatornay.com\/wp-content\/uploads\/2020\/04\/8CANOS3.jpg\" class=\"attachment-large size-large wp-image-20040\" alt=\"\" srcset=\"http:\/\/www.josemariatornay.com\/wp-content\/uploads\/2020\/04\/8CANOS3.jpg 400w, http:\/\/www.josemariatornay.com\/wp-content\/uploads\/2020\/04\/8CANOS3-300x225.jpg 300w\" sizes=\"(max-width: 400px) 100vw, 400px\" \/>\t\t\t\t\t\t\t\t\t\t\t\t\t<\/div>\n\t\t\t\t<\/div>\n\t\t\t\t\t<\/div>\n\t\t<\/div>\n\t\t\t\t\t<\/div>\n\t\t<\/section>\n\t\t\t\t<section class=\"elementor-section elementor-top-section elementor-element elementor-element-e8fda27 elementor-section-boxed elementor-section-height-default elementor-section-height-default\" data-id=\"e8fda27\" data-element_type=\"section\">\n\t\t\t\t\t\t<div class=\"elementor-container elementor-column-gap-default\">\n\t\t\t\t\t<div class=\"elementor-column elementor-col-100 elementor-top-column elementor-element elementor-element-62082ce\" data-id=\"62082ce\" data-element_type=\"column\">\n\t\t\t<div class=\"elementor-widget-wrap elementor-element-populated\">\n\t\t\t\t\t\t<div class=\"elementor-element elementor-element-2701b55 elementor-widget-divider--view-line elementor-widget elementor-widget-divider\" data-id=\"2701b55\" data-element_type=\"widget\" data-widget_type=\"divider.default\">\n\t\t\t\t<div class=\"elementor-widget-container\">\n\t\t\t\t\t<div class=\"elementor-divider\">\n\t\t\t<span class=\"elementor-divider-separator\">\n\t\t\t\t\t\t<\/span>\n\t\t<\/div>\n\t\t\t\t<\/div>\n\t\t\t\t<\/div>\n\t\t\t\t\t<\/div>\n\t\t<\/div>\n\t\t\t\t\t<\/div>\n\t\t<\/section>\n\t\t\t\t<section class=\"elementor-section elementor-top-section elementor-element elementor-element-035c4b2 elementor-section-boxed elementor-section-height-default elementor-section-height-default\" data-id=\"035c4b2\" data-element_type=\"section\">\n\t\t\t\t\t\t<div class=\"elementor-container elementor-column-gap-default\">\n\t\t\t\t\t<div class=\"elementor-column elementor-col-50 elementor-top-column elementor-element elementor-element-13e9200\" data-id=\"13e9200\" data-element_type=\"column\">\n\t\t\t<div class=\"elementor-widget-wrap elementor-element-populated\">\n\t\t\t\t\t\t<div class=\"elementor-element elementor-element-4ef3729 elementor-widget elementor-widget-text-editor\" data-id=\"4ef3729\" data-element_type=\"widget\" data-widget_type=\"text-editor.default\">\n\t\t\t\t<div class=\"elementor-widget-container\">\n\t\t\t\t\t\t\t<p>Situado en la que se conoc\u00eda como Calle Real de la Puente, por ser el acceso al Puente de San Miguel o Viejo, se encuentra el Minarete de San Sebasti\u00e1n.<\/p><p>\u00c9ste antiguo monumento formaba parte de una peque\u00f1a mezquita que hab\u00eda a la entrada este de Ronda, cuando se acced\u00eda a la Ciudad por la Puerta de la Ecijara. Es una t\u00edpica estructura \u00e1rabe de la \u00e9poca nazar\u00ed: torre cuadrada hecha en ladrillo aunque empezada, en su base, por piedra de canter\u00eda ronde\u00f1a y terminada con el cl\u00e1sico espacio donde el muhard\u00ed sal\u00eda a hacer sus llamadas a los distintos rezos de los musulmanes.<\/p><p>Cuenta con un arco de acceso hecho totalmente en piedra y en forma de herradura, con puerta de acceso y escalinata que sube a la parte superior.<\/p><p>Est\u00e1 situado a pie de la calle de Armi\u00f1an, en la plaza de Abul Beka, por la que se accede a la calle del Marqu\u00e9s de Salvatierra y se baja, en la actualidad, hasta la Plazoleta donde est\u00e1 el Palacio de Salvatierra.<\/p><p>El nombre de San Sebasti\u00e1n se debe a la devoci\u00f3n que la Reina Isabel, ten\u00eda hacia este m\u00e1rtir, por lo que mand\u00f3 que se construyese una Capilla dedicada del santo, justo en el lugar donde hab\u00eda estado la peque\u00f1a mezquita.<\/p><p>La citada capilla fue destruida durante la contienda civil espa\u00f1ola, por lo que el espacio que ocupaba la capilla fue adquirido por la Caja de Ahorros de Ronda, que restaur\u00f3 la ruina existente y consolid\u00f3 la estructura del Minarete, construyendo en el lugar de la antigua capilla una casa particular. Y ese es el uso que tiene en la actualidad: casa y comercio de antig\u00fcedad.<\/p><p>Hay que agradecer a la Caja de Ahorros que conservase el Minarete con la esbeltez que tiene y que recuperara el espacio superior con la decoraci\u00f3n y la estructura de madera que tiene en la actualidad. Asimismo limpi\u00f3 de yesos y otros materiales la parte baja, con lo que ha quedado con la visi\u00f3n de un resto \u00e1rabe importante.<\/p>\t\t\t\t\t\t<\/div>\n\t\t\t\t<\/div>\n\t\t\t\t<div class=\"elementor-element elementor-element-576a6e5 elementor-widget elementor-widget-text-editor\" data-id=\"576a6e5\" data-element_type=\"widget\" data-widget_type=\"text-editor.default\">\n\t\t\t\t<div class=\"elementor-widget-container\">\n\t\t\t\t\t\t\t<p>\u00a1Ay! minarete que llamas<br \/>a los fieles a rezar,<br \/>alcazaba de esta tierra<br \/>convertida en alminar.<\/p><p>Torre que gu\u00eda mis pasos<br \/>desde mi m\u00e1s tierna infancia,<br \/>curiosidad de este pueblo<br \/>lleno de iglesias cristianas.<\/p><p>\u00a1Ay! minarete que luces<br \/>entre estas calles de piedra,<br \/>d\u00e9jame usar tu atalaya<br \/>para contemplar mi sierra.<\/p>\t\t\t\t\t\t<\/div>\n\t\t\t\t<\/div>\n\t\t\t\t\t<\/div>\n\t\t<\/div>\n\t\t\t\t<div class=\"elementor-column elementor-col-50 elementor-top-column elementor-element elementor-element-80695ab\" data-id=\"80695ab\" data-element_type=\"column\">\n\t\t\t<div class=\"elementor-widget-wrap elementor-element-populated\">\n\t\t\t\t\t\t<div class=\"elementor-element elementor-element-fe44142 elementor-widget elementor-widget-heading\" data-id=\"fe44142\" data-element_type=\"widget\" data-widget_type=\"heading.default\">\n\t\t\t\t<div class=\"elementor-widget-container\">\n\t\t\t<h2 class=\"elementor-heading-title elementor-size-default\">MINARETE<\/h2>\t\t<\/div>\n\t\t\t\t<\/div>\n\t\t\t\t<div class=\"elementor-element elementor-element-b2d2b5a elementor-widget elementor-widget-image\" data-id=\"b2d2b5a\" data-element_type=\"widget\" data-widget_type=\"image.default\">\n\t\t\t\t<div class=\"elementor-widget-container\">\n\t\t\t\t\t\t\t\t\t\t\t\t\t<img loading=\"lazy\" decoding=\"async\" width=\"400\" height=\"533\" src=\"http:\/\/www.josemariatornay.com\/wp-content\/uploads\/2020\/04\/minarete1.jpg\" class=\"attachment-large size-large wp-image-20042\" alt=\"\" srcset=\"http:\/\/www.josemariatornay.com\/wp-content\/uploads\/2020\/04\/minarete1.jpg 400w, http:\/\/www.josemariatornay.com\/wp-content\/uploads\/2020\/04\/minarete1-225x300.jpg 225w\" sizes=\"(max-width: 400px) 100vw, 400px\" \/>\t\t\t\t\t\t\t\t\t\t\t\t\t<\/div>\n\t\t\t\t<\/div>\n\t\t\t\t<div class=\"elementor-element elementor-element-44dd0b3 elementor-widget elementor-widget-image\" data-id=\"44dd0b3\" data-element_type=\"widget\" data-widget_type=\"image.default\">\n\t\t\t\t<div class=\"elementor-widget-container\">\n\t\t\t\t\t\t\t\t\t\t\t\t\t<img loading=\"lazy\" decoding=\"async\" width=\"400\" height=\"533\" src=\"http:\/\/www.josemariatornay.com\/wp-content\/uploads\/2020\/04\/minarete2.jpg\" class=\"attachment-large size-large wp-image-20044\" alt=\"\" srcset=\"http:\/\/www.josemariatornay.com\/wp-content\/uploads\/2020\/04\/minarete2.jpg 400w, http:\/\/www.josemariatornay.com\/wp-content\/uploads\/2020\/04\/minarete2-225x300.jpg 225w\" sizes=\"(max-width: 400px) 100vw, 400px\" \/>\t\t\t\t\t\t\t\t\t\t\t\t\t<\/div>\n\t\t\t\t<\/div>\n\t\t\t\t\t<\/div>\n\t\t<\/div>\n\t\t\t\t\t<\/div>\n\t\t<\/section>\n\t\t\t\t<section class=\"elementor-section elementor-top-section elementor-element elementor-element-f0a078f elementor-section-boxed elementor-section-height-default elementor-section-height-default\" data-id=\"f0a078f\" data-element_type=\"section\">\n\t\t\t\t\t\t<div class=\"elementor-container elementor-column-gap-default\">\n\t\t\t\t\t<div class=\"elementor-column elementor-col-100 elementor-top-column elementor-element elementor-element-08fd4f5\" data-id=\"08fd4f5\" data-element_type=\"column\">\n\t\t\t<div class=\"elementor-widget-wrap elementor-element-populated\">\n\t\t\t\t\t\t<div class=\"elementor-element elementor-element-5c59562 elementor-widget-divider--view-line elementor-widget elementor-widget-divider\" data-id=\"5c59562\" data-element_type=\"widget\" data-widget_type=\"divider.default\">\n\t\t\t\t<div class=\"elementor-widget-container\">\n\t\t\t\t\t<div class=\"elementor-divider\">\n\t\t\t<span class=\"elementor-divider-separator\">\n\t\t\t\t\t\t<\/span>\n\t\t<\/div>\n\t\t\t\t<\/div>\n\t\t\t\t<\/div>\n\t\t\t\t\t<\/div>\n\t\t<\/div>\n\t\t\t\t\t<\/div>\n\t\t<\/section>\n\t\t\t\t<section class=\"elementor-section elementor-top-section elementor-element elementor-element-0cc04e6 elementor-section-boxed elementor-section-height-default elementor-section-height-default\" data-id=\"0cc04e6\" data-element_type=\"section\">\n\t\t\t\t\t\t<div class=\"elementor-container elementor-column-gap-default\">\n\t\t\t\t\t<div class=\"elementor-column elementor-col-50 elementor-top-column elementor-element elementor-element-9780df0\" data-id=\"9780df0\" data-element_type=\"column\">\n\t\t\t<div class=\"elementor-widget-wrap elementor-element-populated\">\n\t\t\t\t\t\t<div class=\"elementor-element elementor-element-3fefebd elementor-widget elementor-widget-image\" data-id=\"3fefebd\" data-element_type=\"widget\" data-widget_type=\"image.default\">\n\t\t\t\t<div class=\"elementor-widget-container\">\n\t\t\t\t\t\t\t\t\t\t\t\t\t<img loading=\"lazy\" decoding=\"async\" width=\"400\" height=\"300\" src=\"http:\/\/www.josemariatornay.com\/wp-content\/uploads\/2020\/04\/MURALLAS1.jpg\" class=\"attachment-large size-large wp-image-20047\" alt=\"\" srcset=\"http:\/\/www.josemariatornay.com\/wp-content\/uploads\/2020\/04\/MURALLAS1.jpg 400w, http:\/\/www.josemariatornay.com\/wp-content\/uploads\/2020\/04\/MURALLAS1-300x225.jpg 300w\" sizes=\"(max-width: 400px) 100vw, 400px\" \/>\t\t\t\t\t\t\t\t\t\t\t\t\t<\/div>\n\t\t\t\t<\/div>\n\t\t\t\t<div class=\"elementor-element elementor-element-01f7f02 elementor-widget elementor-widget-text-editor\" data-id=\"01f7f02\" data-element_type=\"widget\" data-widget_type=\"text-editor.default\">\n\t\t\t\t<div class=\"elementor-widget-container\">\n\t\t\t\t\t\t\t<p>Cinturones que tienen la fortuna<br \/>de guardar en su seno la memoria<br \/>de la Ronda que juega con la historia<br \/>y que reina en los brazos de la luna.<\/p><p>Inundada de luz como ninguna<br \/>sus puertas llevan a la misma gloria,<br \/>all\u00ed donde se alcanza la victoria<br \/>de su lustre sin par desde la cuna.<\/p><p>Su misi\u00f3n fue guardar este tesoro,<br \/>cerrando al enemigo sus conquistas.<br \/>Las almenas ofrecen unas vistas<\/p><p>que permiten sentir todos sus poros<br \/>hoy se pasean por ellas los turistas<br \/>a salvo de batallas y decoros.<\/p>\t\t\t\t\t\t<\/div>\n\t\t\t\t<\/div>\n\t\t\t\t<div class=\"elementor-element elementor-element-f3e8188 elementor-widget elementor-widget-image\" data-id=\"f3e8188\" data-element_type=\"widget\" data-widget_type=\"image.default\">\n\t\t\t\t<div class=\"elementor-widget-container\">\n\t\t\t\t\t\t\t\t\t\t\t\t\t<img loading=\"lazy\" decoding=\"async\" width=\"400\" height=\"533\" src=\"http:\/\/www.josemariatornay.com\/wp-content\/uploads\/2020\/04\/convento2.jpg\" class=\"attachment-large size-large wp-image-20028\" alt=\"\" srcset=\"http:\/\/www.josemariatornay.com\/wp-content\/uploads\/2020\/04\/convento2.jpg 400w, http:\/\/www.josemariatornay.com\/wp-content\/uploads\/2020\/04\/convento2-225x300.jpg 225w\" sizes=\"(max-width: 400px) 100vw, 400px\" \/>\t\t\t\t\t\t\t\t\t\t\t\t\t<\/div>\n\t\t\t\t<\/div>\n\t\t\t\t<div class=\"elementor-element elementor-element-c337557 elementor-widget elementor-widget-image\" data-id=\"c337557\" data-element_type=\"widget\" data-widget_type=\"image.default\">\n\t\t\t\t<div class=\"elementor-widget-container\">\n\t\t\t\t\t\t\t\t\t\t\t\t\t<img loading=\"lazy\" decoding=\"async\" width=\"400\" height=\"300\" src=\"http:\/\/www.josemariatornay.com\/wp-content\/uploads\/2020\/04\/MURALLAS3.jpg\" class=\"attachment-large size-large wp-image-20050\" alt=\"\" srcset=\"http:\/\/www.josemariatornay.com\/wp-content\/uploads\/2020\/04\/MURALLAS3.jpg 400w, http:\/\/www.josemariatornay.com\/wp-content\/uploads\/2020\/04\/MURALLAS3-300x225.jpg 300w\" sizes=\"(max-width: 400px) 100vw, 400px\" \/>\t\t\t\t\t\t\t\t\t\t\t\t\t<\/div>\n\t\t\t\t<\/div>\n\t\t\t\t\t<\/div>\n\t\t<\/div>\n\t\t\t\t<div class=\"elementor-column elementor-col-50 elementor-top-column elementor-element elementor-element-abe8b42\" data-id=\"abe8b42\" data-element_type=\"column\">\n\t\t\t<div class=\"elementor-widget-wrap elementor-element-populated\">\n\t\t\t\t\t\t<div class=\"elementor-element elementor-element-c12c7b9 elementor-widget elementor-widget-heading\" data-id=\"c12c7b9\" data-element_type=\"widget\" data-widget_type=\"heading.default\">\n\t\t\t\t<div class=\"elementor-widget-container\">\n\t\t\t<h2 class=\"elementor-heading-title elementor-size-default\">MURALLAS Y PUERTAS<\/h2>\t\t<\/div>\n\t\t\t\t<\/div>\n\t\t\t\t<div class=\"elementor-element elementor-element-c1842bc elementor-widget elementor-widget-text-editor\" data-id=\"c1842bc\" data-element_type=\"widget\" data-widget_type=\"text-editor.default\">\n\t\t\t\t<div class=\"elementor-widget-container\">\n\t\t\t\t\t\t\t<p>La Ciudad de Ronda ha sido a trav\u00e9s de los siglos una fortaleza natural que no deber\u00eda de haber necesitado ning\u00fan tipo de protecci\u00f3n m\u00e1s que la que la naturaleza le hab\u00eda proporcionado. Pero hab\u00eda unos sectores de esa fortaleza natural que eran f\u00e1cilmente asequibles, por lo que las distintas civilizaciones se vieron en la necesidad de protegerse de los posibles invasores. Es por ello que, ya en la \u00e9poca romana, \u00e9stos, los romanos, hicieron una muralla, hoy desaparecida o derruida totalmente, que cerraba Ronda a nivel del Arroyo de las Culebras y que iba hasta afianzar la ciudad por la entrada de Las Pe\u00f1as, es decir, que cerraba la ciudad por su parte este y sur de m\u00e1s f\u00e1cil acceso.<br \/>Posteriormente, los \u00e1rabes hicieron dos l\u00edneas de murallas, la primera, cerraba la ciudad desde el sur hasta el este, abraz\u00e1ndola hasta el comienzo del desnivel natural; un segundo sector de esta primera l\u00ednea sal\u00eda del sur hacia el oeste, cerr\u00e1ndola por ese sector hasta llegar al desnivel natural. Esta primera muralla ten\u00eda cuatro puertas, a saber: la de Almocabar, al sur;la de la Ecijara, al este; la del Viento, al Oeste y la de la Albacara (Arco del Cristo), tambi\u00e9n al oeste. La segunda l\u00ednea cerraba la Alcazaba, en la cual se encontraba el Castillo del Laurel, la Plaza de la Alcazaba y los edificios p\u00fablicos, adem\u00e1s de la ciudad musulmana. Esta muralla recorr\u00eda casi en su totalidad el per\u00edmetro del precipicio que actualmente cierra el barrio de la ciudad. <br \/>Cada puerta, en su tiempo, ten\u00eda una motivaci\u00f3n, adem\u00e1s de servir de entrada y salida a personas y animales. La de Almocabar era la puerta sur de la ciudad y daba directamente al cementerio \u00e1rabe, de ah\u00ed su nombre de Al-macabir (cementerio en \u00e1rabe; \u00e9stos se encontraba siempre extramuros de las ciudades). La de la Ecijara daba acceso al puente \u00e1rabe y a los ba\u00f1os, que, en Ronda, estaban fuera del per\u00edmetro de las murallas. La del viento era la puerta de entrada desde las huertas y de los sectores m\u00e1s productivos de la ribera del r\u00edo. La tercera, que es muy posterior a las anteriores, la de la Albacara serv\u00eda para acceder a los Molinos. En la \u00e9poca del Emperador Carlos V, \u00e9ste mand\u00f3 construir otra puerta o arco de entrada a la Ciudad, justo al lado de la de Almocabar y que lleva su nombre y el escudo de armas de los Austrias, para evitar que los cristianos utilizaran la puerta \u00e1rabe para acceder a una ciudad cristiana. Todo el conjunto de murallas fue restaurado, con un criterio muy particular, por el Arquitecto Jefe del Patrimonio Nacional, Pons Sorolla, que sigui\u00f3 su propia idea, principalmente en la de Almocabar, separando \u00e9sta de la estructura original y situando la de Carlos V en su situaci\u00f3n actual, separada de donde estuvo hasta los a\u00f1os 60. Pero bueno, hemos recuperado las murallas, las puertas y le hemos dado luz, esplendor y monumentalidad a ese sector de nuestra ciudad que se encontraba en tal mal estado de conservaci\u00f3n.<br \/>Fue una l\u00e1stima que \u00e9ste se\u00f1or no pudiera terminar de restaurar o instaurar la totalidad de las fortalezas, con lo que hoy pod\u00edamos tener recuperadas esas dos l\u00edneas que cerraron nuestra Ciudad. Hubo un intento en el tiempo de la reci\u00e9n nacida democracia de recuperar las murallas romanas, por parte del YRIDA. Asimismo, el camino que recorr\u00eda las mismas hasta los actuales ba\u00f1os \u00e1rabes, pero, por razones pol\u00edticas, no se llev\u00f3 a cabo, cuando todo estaba hablado y casi decidido.<br \/>En la actualidad, se ha recuperado parte del sector de las murallas de la Albacara, como tambi\u00e9n el camino que bajaba a los molinos. Un proceso lento, pero esperemos que continuado, de la autoridad municipal y de la Escuela Taller de Ronda.<\/p>\t\t\t\t\t\t<\/div>\n\t\t\t\t<\/div>\n\t\t\t\t\t<\/div>\n\t\t<\/div>\n\t\t\t\t\t<\/div>\n\t\t<\/section>\n\t\t\t\t<section class=\"elementor-section elementor-top-section elementor-element elementor-element-926df0c elementor-section-boxed elementor-section-height-default elementor-section-height-default\" data-id=\"926df0c\" data-element_type=\"section\">\n\t\t\t\t\t\t<div class=\"elementor-container elementor-column-gap-default\">\n\t\t\t\t\t<div class=\"elementor-column elementor-col-100 elementor-top-column elementor-element elementor-element-94d7d11\" data-id=\"94d7d11\" data-element_type=\"column\">\n\t\t\t<div class=\"elementor-widget-wrap elementor-element-populated\">\n\t\t\t\t\t\t<div class=\"elementor-element elementor-element-b4ac276 elementor-widget-divider--view-line elementor-widget elementor-widget-divider\" data-id=\"b4ac276\" data-element_type=\"widget\" data-widget_type=\"divider.default\">\n\t\t\t\t<div class=\"elementor-widget-container\">\n\t\t\t\t\t<div class=\"elementor-divider\">\n\t\t\t<span class=\"elementor-divider-separator\">\n\t\t\t\t\t\t<\/span>\n\t\t<\/div>\n\t\t\t\t<\/div>\n\t\t\t\t<\/div>\n\t\t\t\t\t<\/div>\n\t\t<\/div>\n\t\t\t\t\t<\/div>\n\t\t<\/section>\n\t\t\t\t<section class=\"elementor-section elementor-top-section elementor-element elementor-element-5785fe8 elementor-section-boxed elementor-section-height-default elementor-section-height-default\" data-id=\"5785fe8\" data-element_type=\"section\">\n\t\t\t\t\t\t<div class=\"elementor-container elementor-column-gap-default\">\n\t\t\t\t\t<div class=\"elementor-column elementor-col-50 elementor-top-column elementor-element elementor-element-7b632e8\" data-id=\"7b632e8\" data-element_type=\"column\">\n\t\t\t<div class=\"elementor-widget-wrap elementor-element-populated\">\n\t\t\t\t\t\t<div class=\"elementor-element elementor-element-3c14976 elementor-widget elementor-widget-text-editor\" data-id=\"3c14976\" data-element_type=\"widget\" data-widget_type=\"text-editor.default\">\n\t\t\t\t<div class=\"elementor-widget-container\">\n\t\t\t\t\t\t\t<p>El Excmo. Ayuntamiento de Ronda cedi\u00f3, el 19 de julio de 1.769, al Real Cuerpo, unos terrenos en el ejido del Mercadillo, donde se encuentra la actual Plaza de Toros. En origen, la fachada principal se encontraba orientada hacia el Sur, es decir, hacia el Puente Nuevo que se estaba construyendo en ese mismo tiempo. Ambas obras eran dirigidas por el mismo arquitecto, D. Jos\u00e9 Mart\u00edn de Aldehuela.<br \/>La Plaza est\u00e1 formada por un ruedo de 66 metros de di\u00e1metro, que est\u00e1 cerrado por unas pilastras de piedra tra\u00eddas, seg\u00fan la leyenda, de las ruinas de Acinipo y unos tablones, que en origen eran de madera de pinsapo, y consta de dos tendidos con una capacidad actual para 5.000 espectadores, todos sentados.<br \/>Los tendidos est\u00e1n cerrados por 68 columnas cada uno que sirven de sost\u00e9n de los mismos.<br \/>En la parte noroeste se encuentran los chiqueros, con capacidad para nueve toros. Sobre ellos, el palco del Presidente y, en el segundo tendido, por encima del de Presidencia, se encuentra el Palco reservado a la familia Real, que s\u00f3lo se abre cuando alg\u00fan miembro de la misma acude al coso taurino. El \u00faltimo en asistir ha sido SM el Rey, que visit\u00f3 la Maestranza con motivo de la Corrida Goyesca del a\u00f1o 1.998.<br \/>El Rey es el Hermano Mayor de las Maestranzas espa\u00f1olas y habitualmente se re\u00fane con los Tenientes de Hermanos Mayor una vez cada cinco a\u00f1os.<br \/>El primer Hermano Mayor de la de Ronda fue el Infante D. Gabriel Antonio, hijo de Carlos III. Posteriormente, el rey Fernando VII tom\u00f3 bajo su protecci\u00f3n la citada Maestranza mandando que se modificasen las ordenanzas y aprobando las que le present\u00f3 su hermano, Carlos Mar\u00eda Isidro de Borb\u00f3n, el d\u00eda 7 de Enero de 1.817, a la saz\u00f3n Hermano Mayor del Cuerpo. Pero la persona que fue la primera Hermana Mayor de la Maestranza de Ronda fue la Reina Isabel II que, por Real Orden de ella misma, el 18 de Febrero de 1.834 se adjudic\u00f3 la Hermanomayor\u00eda de todas las Maestranzas.<br \/>En la Plaza de Toros de la Real Maestranza, tradicionalmente, se daban varias corridas con motivo de las distintas Fiestas de la Ciudad: mayo, septiembre y octubre. Adem\u00e1s, se daban algunas novilladas en julio y agosto. En la actualidad s\u00f3lo se hace una corrida de toros, la c\u00e9lebre Goyesca de Ronda, en las Fiestas de Pedro Romero. Se celebra tambi\u00e9n una novillada en las mismas fiestas y una corrida de rejones.<br \/>La Plaza de Toros, en la actualidad, ha quedado como un incentivo tur\u00edstico, para lo que la Maestranza ha invertido una Buena cantidad econ\u00f3mica para adecuarla a dicho menester. Para tal fin, ha instalado en los bajos de los tendidos tres museos: uno sobre los toros y las corridas; otro, con la guarnicioner\u00eda de la Casa de Orle\u00e1ns y un tercero con una espl\u00e9ndida colecci\u00f3n de armas de los tiempos y or\u00edgenes de la Maestranza. Se cuenta que es el tercer monumento andaluz m\u00e1s visitado, despu\u00e9s de la Alambra de Granada y la Mezquita de C\u00f3rdoba.<br \/>En el apartado de personajes, hablaremos de las dos Dinast\u00edas famosas de toreros ronde\u00f1as, adem\u00e1s de alg\u00fan otro de renombre que naciera en nuestra ciudad.<br \/>La Real Maestranza sigue en sus labores h\u00edpicas y en la ense\u00f1anza de este arte. Los chicos ronde\u00f1os tienen la oportunidad de aprender a montar a caballo gratuitamente, si tienen cualidades.<br \/>Es una tradici\u00f3n ronde\u00f1a, que viene ya de los tiempos m\u00e1s antiguos, que se prepararan soldados para participar en las distintas actuaciones b\u00e9licas en las que particip\u00f3, con gran \u00e9xito, este Real Cuerpo de Caballer\u00eda.<br \/>Se viene celebrando habitualmente, cada a\u00f1o, el Concurso de Enganches, que pasa por ser el espect\u00e1culo m\u00e1s colorista y de mayor atractivo que se celebra en las Fiestas de Pedro Romero, aunque socialmente la Goyesca se lleve la palma.<br \/>Los gu\u00edas de Ronda hemos sido, desde el principio, los grandes valedores del inter\u00e9s que despertaba en los turistas la posibilidad de visitar este recinto y recuerdo, en los primeros tiempos, c\u00f3mo D. Alejandro Albarrac\u00edn, hac\u00eda la vista gorda y dejaba que pas\u00e1ramos con los turistas por la puerta que daba al teatro Espinel y al callej\u00f3n de Sevillana, con una peque\u00f1a propina que le d\u00e1bamos a la persona que viv\u00eda en el patio de caballos. Despertado el inter\u00e9s por el negocio que pudiera representar, el mismo D. Alejandro se interes\u00f3 en la idea de poner una peque\u00f1a entrada, una peseta por turista, para el mantenimiento y adecentamiento del recinto. Los primeros dineros se utilizaron para la limpieza de las hierbas silvestres que crec\u00edan en el ruedo. Posteriormente, el asunto ha venido creciendo hasta ser en la actualidad un buen negocio.<\/p>\t\t\t\t\t\t<\/div>\n\t\t\t\t<\/div>\n\t\t\t\t\t<\/div>\n\t\t<\/div>\n\t\t\t\t<div class=\"elementor-column elementor-col-50 elementor-top-column elementor-element elementor-element-6fa7fd3\" data-id=\"6fa7fd3\" data-element_type=\"column\">\n\t\t\t<div class=\"elementor-widget-wrap elementor-element-populated\">\n\t\t\t\t\t\t<div class=\"elementor-element elementor-element-496134d elementor-widget elementor-widget-heading\" data-id=\"496134d\" data-element_type=\"widget\" data-widget_type=\"heading.default\">\n\t\t\t\t<div class=\"elementor-widget-container\">\n\t\t\t<h2 class=\"elementor-heading-title elementor-size-default\">PLAZA DE TOROS<\/h2>\t\t<\/div>\n\t\t\t\t<\/div>\n\t\t\t\t<div class=\"elementor-element elementor-element-24a35a1 elementor-widget elementor-widget-image\" data-id=\"24a35a1\" data-element_type=\"widget\" data-widget_type=\"image.default\">\n\t\t\t\t<div class=\"elementor-widget-container\">\n\t\t\t\t\t\t\t\t\t\t\t\t\t<img loading=\"lazy\" decoding=\"async\" width=\"400\" height=\"300\" src=\"http:\/\/www.josemariatornay.com\/wp-content\/uploads\/2020\/04\/plazadetoros1.jpg\" class=\"attachment-large size-large wp-image-20052\" alt=\"\" srcset=\"http:\/\/www.josemariatornay.com\/wp-content\/uploads\/2020\/04\/plazadetoros1.jpg 400w, http:\/\/www.josemariatornay.com\/wp-content\/uploads\/2020\/04\/plazadetoros1-300x225.jpg 300w\" sizes=\"(max-width: 400px) 100vw, 400px\" \/>\t\t\t\t\t\t\t\t\t\t\t\t\t<\/div>\n\t\t\t\t<\/div>\n\t\t\t\t<div class=\"elementor-element elementor-element-22619e3 elementor-widget elementor-widget-image\" data-id=\"22619e3\" data-element_type=\"widget\" data-widget_type=\"image.default\">\n\t\t\t\t<div class=\"elementor-widget-container\">\n\t\t\t\t\t\t\t\t\t\t\t\t\t<img loading=\"lazy\" decoding=\"async\" width=\"400\" height=\"300\" src=\"http:\/\/www.josemariatornay.com\/wp-content\/uploads\/2020\/04\/plazadetoros2.jpg\" class=\"attachment-large size-large wp-image-20053\" alt=\"\" srcset=\"http:\/\/www.josemariatornay.com\/wp-content\/uploads\/2020\/04\/plazadetoros2.jpg 400w, http:\/\/www.josemariatornay.com\/wp-content\/uploads\/2020\/04\/plazadetoros2-300x225.jpg 300w\" sizes=\"(max-width: 400px) 100vw, 400px\" \/>\t\t\t\t\t\t\t\t\t\t\t\t\t<\/div>\n\t\t\t\t<\/div>\n\t\t\t\t<div class=\"elementor-element elementor-element-05fea7e elementor-widget elementor-widget-text-editor\" data-id=\"05fea7e\" data-element_type=\"widget\" data-widget_type=\"text-editor.default\">\n\t\t\t\t<div class=\"elementor-widget-container\">\n\t\t\t\t\t\t\t<p>Escenario de hom\u00e9ricas contiendas<br \/>palestra de esforzados gladiadores,<br \/>escuela de titanes forjadores<br \/>de un pueblo encadenado a una leyenda.<\/p><p>A los pies del abismo se sustenta<br \/>tu sobria y elegante arquitectura<br \/>y aupada al pedestal de tu bravura<br \/>nada te pierdes de la lid cruenta.<\/p><p>El oro de tu arena se engalana<br \/>para rendirse a un cielo inusitado,<br \/>a un aire que desgrana sus arpegios<\/p><p>a una luz con fulgores de ma\u00f1ana,<br \/>a un sue\u00f1o de percal ensangrentado <br \/>a una piedra trocada en sortilegio.<\/p>\t\t\t\t\t\t<\/div>\n\t\t\t\t<\/div>\n\t\t\t\t<div class=\"elementor-element elementor-element-a062127 elementor-widget elementor-widget-image\" data-id=\"a062127\" data-element_type=\"widget\" data-widget_type=\"image.default\">\n\t\t\t\t<div class=\"elementor-widget-container\">\n\t\t\t\t\t\t\t\t\t\t\t\t\t<img loading=\"lazy\" decoding=\"async\" width=\"400\" height=\"300\" src=\"http:\/\/www.josemariatornay.com\/wp-content\/uploads\/2020\/04\/plazadetoros3.jpg\" class=\"attachment-large size-large wp-image-20054\" alt=\"\" srcset=\"http:\/\/www.josemariatornay.com\/wp-content\/uploads\/2020\/04\/plazadetoros3.jpg 400w, http:\/\/www.josemariatornay.com\/wp-content\/uploads\/2020\/04\/plazadetoros3-300x225.jpg 300w\" sizes=\"(max-width: 400px) 100vw, 400px\" \/>\t\t\t\t\t\t\t\t\t\t\t\t\t<\/div>\n\t\t\t\t<\/div>\n\t\t\t\t<div class=\"elementor-element elementor-element-a721ff4 elementor-widget elementor-widget-image\" data-id=\"a721ff4\" data-element_type=\"widget\" data-widget_type=\"image.default\">\n\t\t\t\t<div class=\"elementor-widget-container\">\n\t\t\t\t\t\t\t\t\t\t\t\t\t<img loading=\"lazy\" decoding=\"async\" width=\"400\" height=\"300\" src=\"http:\/\/www.josemariatornay.com\/wp-content\/uploads\/2020\/04\/plazadetoros4.jpg\" class=\"attachment-large size-large wp-image-20055\" alt=\"\" srcset=\"http:\/\/www.josemariatornay.com\/wp-content\/uploads\/2020\/04\/plazadetoros4.jpg 400w, http:\/\/www.josemariatornay.com\/wp-content\/uploads\/2020\/04\/plazadetoros4-300x225.jpg 300w\" sizes=\"(max-width: 400px) 100vw, 400px\" \/>\t\t\t\t\t\t\t\t\t\t\t\t\t<\/div>\n\t\t\t\t<\/div>\n\t\t\t\t\t<\/div>\n\t\t<\/div>\n\t\t\t\t\t<\/div>\n\t\t<\/section>\n\t\t\t\t<section class=\"elementor-section elementor-top-section elementor-element elementor-element-9af9268 elementor-section-boxed elementor-section-height-default elementor-section-height-default\" data-id=\"9af9268\" data-element_type=\"section\">\n\t\t\t\t\t\t<div class=\"elementor-container elementor-column-gap-default\">\n\t\t\t\t\t<div class=\"elementor-column elementor-col-100 elementor-top-column elementor-element elementor-element-d36c3e4\" data-id=\"d36c3e4\" data-element_type=\"column\">\n\t\t\t<div class=\"elementor-widget-wrap elementor-element-populated\">\n\t\t\t\t\t\t<div class=\"elementor-element elementor-element-7964306 elementor-widget-divider--view-line elementor-widget elementor-widget-divider\" data-id=\"7964306\" data-element_type=\"widget\" data-widget_type=\"divider.default\">\n\t\t\t\t<div class=\"elementor-widget-container\">\n\t\t\t\t\t<div class=\"elementor-divider\">\n\t\t\t<span class=\"elementor-divider-separator\">\n\t\t\t\t\t\t<\/span>\n\t\t<\/div>\n\t\t\t\t<\/div>\n\t\t\t\t<\/div>\n\t\t\t\t\t<\/div>\n\t\t<\/div>\n\t\t\t\t\t<\/div>\n\t\t<\/section>\n\t\t\t\t<\/div>\n\t\t","protected":false},"excerpt":{"rendered":"<p>El conocido como Arco de Felipe V, se encuentra como puerta de entrada o salida a nuestra ciudad y ah\u00ed fue situado en memoria del Rey de ese nombre, del que el pueblo de Ronda fue un devoto defensor y al que ayud\u00f3 a poseer el trono de Espa\u00f1a.\u2028El monumento consta de un solo arco [&hellip;]<\/p>\n","protected":false},"author":1,"featured_media":0,"parent":0,"menu_order":0,"comment_status":"closed","ping_status":"closed","template":"","meta":{"_aioseop_title":"","_aioseop_description":"","ngg_post_thumbnail":0,"footnotes":""},"_links":{"self":[{"href":"http:\/\/www.josemariatornay.com\/index.php\/wp-json\/wp\/v2\/pages\/19992"}],"collection":[{"href":"http:\/\/www.josemariatornay.com\/index.php\/wp-json\/wp\/v2\/pages"}],"about":[{"href":"http:\/\/www.josemariatornay.com\/index.php\/wp-json\/wp\/v2\/types\/page"}],"author":[{"embeddable":true,"href":"http:\/\/www.josemariatornay.com\/index.php\/wp-json\/wp\/v2\/users\/1"}],"replies":[{"embeddable":true,"href":"http:\/\/www.josemariatornay.com\/index.php\/wp-json\/wp\/v2\/comments?post=19992"}],"version-history":[{"count":0,"href":"http:\/\/www.josemariatornay.com\/index.php\/wp-json\/wp\/v2\/pages\/19992\/revisions"}],"wp:attachment":[{"href":"http:\/\/www.josemariatornay.com\/index.php\/wp-json\/wp\/v2\/media?parent=19992"}],"curies":[{"name":"wp","href":"https:\/\/api.w.org\/{rel}","templated":true}]}}