{"id":20117,"date":"2020-04-27T20:14:23","date_gmt":"2020-04-27T19:14:23","guid":{"rendered":"http:\/\/www.josemariatornay.com\/?page_id=20117"},"modified":"2020-04-27T22:20:01","modified_gmt":"2020-04-27T21:20:01","slug":"cicerone-trovador-colegios","status":"publish","type":"page","link":"http:\/\/www.josemariatornay.com\/index.php\/cicerone-trovador-colegios\/","title":{"rendered":"CICERONE Y TROVADOR: COLEGIOS"},"content":{"rendered":"\t\t<div data-elementor-type=\"wp-post\" data-elementor-id=\"20117\" class=\"elementor elementor-20117 elementor-bc-flex-widget\">\n\t\t\t\t\t\t<section class=\"elementor-section elementor-top-section elementor-element elementor-element-dba16e2 elementor-section-boxed elementor-section-height-default elementor-section-height-default\" data-id=\"dba16e2\" data-element_type=\"section\">\n\t\t\t\t\t\t<div class=\"elementor-container elementor-column-gap-default\">\n\t\t\t\t\t<div class=\"elementor-column elementor-col-50 elementor-top-column elementor-element elementor-element-b235820\" data-id=\"b235820\" data-element_type=\"column\">\n\t\t\t<div class=\"elementor-widget-wrap elementor-element-populated\">\n\t\t\t\t\t\t<div class=\"elementor-element elementor-element-3722172 elementor-widget elementor-widget-text-editor\" data-id=\"3722172\" data-element_type=\"widget\" data-widget_type=\"text-editor.default\">\n\t\t\t\t<div class=\"elementor-widget-container\">\n\t\t\t<style>\/*! elementor - v3.20.0 - 20-03-2024 *\/\n.elementor-widget-text-editor.elementor-drop-cap-view-stacked .elementor-drop-cap{background-color:#69727d;color:#fff}.elementor-widget-text-editor.elementor-drop-cap-view-framed .elementor-drop-cap{color:#69727d;border:3px solid;background-color:transparent}.elementor-widget-text-editor:not(.elementor-drop-cap-view-default) .elementor-drop-cap{margin-top:8px}.elementor-widget-text-editor:not(.elementor-drop-cap-view-default) .elementor-drop-cap-letter{width:1em;height:1em}.elementor-widget-text-editor .elementor-drop-cap{float:left;text-align:center;line-height:1;font-size:50px}.elementor-widget-text-editor .elementor-drop-cap-letter{display:inline-block}<\/style>\t\t\t\t<p>Las Escuelas Salesianas de Santa Teresa deben su nombre a la creadora de la Fundaci\u00f3n Moctezuma, D\u00aa Mar\u00eda Teresa Holgado, y a que la inauguraci\u00f3n de las misma coincidi\u00f3 con la onom\u00e1stica de la Marquesa, el 15 de Octubre de 1.902, festividad de Santa Teresa.<br \/>\u2028El marquesado de Moctezuma fue creado por la Reina Isabel II el 26 de febrero de 1.864, a favor de D. Alonso Holgado D\u00edez de Mendoza Ahumada y Salcedo, teniente coronel y descendiente directo del \u00faltimo emperador azteca. \u00c9ste cas\u00f3 en Ronda con D\u00aa Francisca de Paula V\u00e1zquez de Mondrag\u00f3n y Quevedo, Manrique de Luna y Sol\u00eds, hija de los marqueses de Villasierra.\u2028 De este matrimonio nacieron tres hijos, Juan, Jos\u00e9 Mar\u00eda y Mar\u00eda Teresa, que vinieron al mundo en el Palacio de Mondrag\u00f3n. Todos murieron sin herederos, por lo que el t\u00edtulo vino a caer en la Casa de Ahumada. El t\u00edtulo lo hered\u00f3 D. Jos\u00e9 M\u00aa, ya que el primog\u00e9nito, Juan, hab\u00eda fallecido; al morir D. Jos\u00e9 M\u00aa en Ronda en el a\u00f1o 1.891, a los ochenta a\u00f1os de edad, le sucedi\u00f3 su hermana Mar\u00eda Teresa. \u2028Al dejar a su hermana la herencia de todos sus bienes, D. Jos\u00e9 M\u00aa dej\u00f3 previsto que parte de su fortuna se dedicase a una fundaci\u00f3n ben\u00e9fica que favoreciese a la juventud ronde\u00f1a, para lo que le rog\u00f3 contase con el asesoramiento del Obispo de M\u00e1laga, que lo era en aquel momento, Marcelo Sp\u00ednola y Maestre (actualmente beato), que aconsej\u00f3 a la fundadora la entrega de Santa Teresa a los Salesianos.<br \/>La Marquesa se dirigi\u00f3 al notario de Ronda D. Pedro Ponce Ram\u00edrez, para realizar la escritura institucional de la \u201cFundaci\u00f3n Moctezuma\u201d, otorgada en Ronda el d\u00eda 19 de Marzo de 1.894, por lo que qued\u00f3 constituida una instituci\u00f3n ben\u00e9fica de car\u00e1cter perpetuo, dedicada a la educaci\u00f3n de varones. La Fundaci\u00f3n estar\u00eda bajo la dependencia de la Marquesa mientras ella viviese y, a su muerte, se constituir\u00eda una junta de patronos bajo la superior autoridad del Prelado de la Di\u00f3cesis de M\u00e1laga y cuatro Patronos, dos p\u00e1rrocos cada bienio, de los cuatro que hab\u00eda en Ronda y otros dos cada bienio nombrados por el Obispo de la Di\u00f3cesis.<br \/>La Marquesa muri\u00f3 el d\u00eda 2 de Mayo de 1.897 sin que viera finalizadas las obras del colegio.\u2028 La relaci\u00f3n de la valoraci\u00f3n de las fincas propiedad de esta se\u00f1ora se elevaban a 369.880 pesetas, entre las que estaba incluida la casa Solariega del Mayorazgo de Ovalle, en la Plazuela del Gigante, como casa donde espor\u00e1dicamente habitaba ella. Entre las donaciones de la Marquesa constan 10.000 pesetas para la creaci\u00f3n del Monte de Piedad y 25.000 pesetas y una huerta con una casa vieja dentro de la villa de Arriate a las Madres de los\u2028\u2028 Desamparados de San Jos\u00e9 de la Monta\u00f1a, donde la hermana Petra hizo el actual asilo.\u2028<br \/>Cuando los Salesianos llegan a Ronda el d\u00eda 12 de Octubre de 1.902 las escuelas ya estaban construidas y s\u00f3lo tuvieron que proceder a su inauguraci\u00f3n. El primer director de estas escuelas fue D. Antonio Ricaldone, que muri\u00f3 un a\u00f1o despu\u00e9s en el propio colegio de fiebres tifoideas.<br \/>\u2028Por estas escuelas han pasado un sin in de generaciones de ronde\u00f1os que desde el principio ha ido ocupando puestos de trabajo en nuestra ciudad y otros muchos que han hecho carrera en instituciones p\u00fablicas y privadas, como otros que han accedido a carreras universitarias, estando hoy distribuidos por todo el territorio patrio. Han sido un hervidero de c\u00f3micos, m\u00fasicos, poetas, literatos, pintores, escultores, banqueros, contables, oficinistas etc.\u2028 Entre esos muchos se encuentra el coautor de esta obra, que tuvo la suerte de ser alumno y m\u00e1s tarde director del que ya entonces se llamaba Colegio Santa Teresa durante 14 a\u00f1ose y quien \u00e9sto les escribe, que tuvo la suerte de participar de la ense\u00f1anza y del Sistema Preventivo de D. Bosco durante muchos a\u00f1os y de los que tiene un grato recuerdo y un profundo agradecimiento a la Congregaci\u00f3n que D. Bosco fundara mediado el siglo XIX. Sobre todo les tiene que agradecer el arp\u00f3n del teatro, que dej\u00f3 clavado en mi alma.<\/p>\t\t\t\t\t\t<\/div>\n\t\t\t\t<\/div>\n\t\t\t\t\t<\/div>\n\t\t<\/div>\n\t\t\t\t<div class=\"elementor-column elementor-col-50 elementor-top-column elementor-element elementor-element-7e0eda5\" data-id=\"7e0eda5\" data-element_type=\"column\">\n\t\t\t<div class=\"elementor-widget-wrap elementor-element-populated\">\n\t\t\t\t\t\t<div class=\"elementor-element elementor-element-5ff7b7a elementor-widget elementor-widget-heading\" data-id=\"5ff7b7a\" data-element_type=\"widget\" data-widget_type=\"heading.default\">\n\t\t\t\t<div class=\"elementor-widget-container\">\n\t\t\t<style>\/*! elementor - v3.20.0 - 20-03-2024 *\/\n.elementor-heading-title{padding:0;margin:0;line-height:1}.elementor-widget-heading .elementor-heading-title[class*=elementor-size-]>a{color:inherit;font-size:inherit;line-height:inherit}.elementor-widget-heading .elementor-heading-title.elementor-size-small{font-size:15px}.elementor-widget-heading .elementor-heading-title.elementor-size-medium{font-size:19px}.elementor-widget-heading .elementor-heading-title.elementor-size-large{font-size:29px}.elementor-widget-heading .elementor-heading-title.elementor-size-xl{font-size:39px}.elementor-widget-heading .elementor-heading-title.elementor-size-xxl{font-size:59px}<\/style><h2 class=\"elementor-heading-title elementor-size-default\">SANTA TERESA<\/h2>\t\t<\/div>\n\t\t\t\t<\/div>\n\t\t\t\t<div class=\"elementor-element elementor-element-3c56f56 elementor-widget elementor-widget-image\" data-id=\"3c56f56\" data-element_type=\"widget\" data-widget_type=\"image.default\">\n\t\t\t\t<div class=\"elementor-widget-container\">\n\t\t\t<style>\/*! elementor - v3.20.0 - 20-03-2024 *\/\n.elementor-widget-image{text-align:center}.elementor-widget-image a{display:inline-block}.elementor-widget-image a img[src$=\".svg\"]{width:48px}.elementor-widget-image img{vertical-align:middle;display:inline-block}<\/style>\t\t\t\t\t\t\t\t\t\t<img decoding=\"async\" src=\"http:\/\/www.josemariatornay.com\/wp-content\/uploads\/elementor\/thumbs\/santateresa1-oop7i7j17glc8z327wygrosjd18dgj0rev5oy6t2io.jpg\" title=\"santateresa1\" alt=\"santateresa1\" loading=\"lazy\" \/>\t\t\t\t\t\t\t\t\t\t\t\t\t<\/div>\n\t\t\t\t<\/div>\n\t\t\t\t<div class=\"elementor-element elementor-element-ee02deb elementor-widget elementor-widget-text-editor\" data-id=\"ee02deb\" data-element_type=\"widget\" data-widget_type=\"text-editor.default\">\n\t\t\t\t<div class=\"elementor-widget-container\">\n\t\t\t\t\t\t\t<p>En tus patios de tierra seca y dura<br \/>revivimos los sue\u00f1os de grandeza<br \/>que nos iba metiendo en la cabeza<br \/>un coro de milagros y de curas.<\/p><p>En tu iglesia labramos la conciencia<br \/>con cinceles de incienso y de martirio,<br \/>aupados por el ansia del delirio <br \/>que produce el ayuno y la abstinencia.<\/p><p>y en tus aulas de techos siderales<br \/>busc\u00e1bamos a tientas un camino<br \/>en medio de un des\u00e9rtico barbecho<\/p><p>aprendimos las ciencias celestiales<br \/>y estudiando lo humano y lo divino<br \/>nos convertiste en hombres de provecho.<\/p>\t\t\t\t\t\t<\/div>\n\t\t\t\t<\/div>\n\t\t\t\t<div class=\"elementor-element elementor-element-7e8bdcd elementor-widget elementor-widget-image\" data-id=\"7e8bdcd\" data-element_type=\"widget\" data-widget_type=\"image.default\">\n\t\t\t\t<div class=\"elementor-widget-container\">\n\t\t\t\t\t\t\t\t\t\t\t\t\t<img decoding=\"async\" src=\"http:\/\/www.josemariatornay.com\/wp-content\/uploads\/elementor\/thumbs\/santateresa2-oop7j3hjntt37psn1ars4gq7k4uuq8jmv9c79lhon4.jpg\" title=\"santateresa2\" alt=\"santateresa2\" loading=\"lazy\" \/>\t\t\t\t\t\t\t\t\t\t\t\t\t<\/div>\n\t\t\t\t<\/div>\n\t\t\t\t<div class=\"elementor-element elementor-element-8862538 elementor-widget elementor-widget-image\" data-id=\"8862538\" data-element_type=\"widget\" data-widget_type=\"image.default\">\n\t\t\t\t<div class=\"elementor-widget-container\">\n\t\t\t\t\t\t\t\t\t\t\t\t\t<img decoding=\"async\" src=\"http:\/\/www.josemariatornay.com\/wp-content\/uploads\/elementor\/thumbs\/santateresa3-oop7kxa8y8b5sf52d37nz04h53ujp1sugb06uys4jk.jpg\" title=\"santateresa3\" alt=\"santateresa3\" loading=\"lazy\" \/>\t\t\t\t\t\t\t\t\t\t\t\t\t<\/div>\n\t\t\t\t<\/div>\n\t\t\t\t\t<\/div>\n\t\t<\/div>\n\t\t\t\t\t<\/div>\n\t\t<\/section>\n\t\t\t\t<section class=\"elementor-section elementor-top-section elementor-element elementor-element-5ed9b35 elementor-section-boxed elementor-section-height-default elementor-section-height-default\" data-id=\"5ed9b35\" data-element_type=\"section\">\n\t\t\t\t\t\t<div class=\"elementor-container elementor-column-gap-default\">\n\t\t\t\t\t<div class=\"elementor-column elementor-col-100 elementor-top-column elementor-element elementor-element-c24b253\" data-id=\"c24b253\" data-element_type=\"column\">\n\t\t\t<div class=\"elementor-widget-wrap elementor-element-populated\">\n\t\t\t\t\t\t<div class=\"elementor-element elementor-element-66c3fbf elementor-widget-divider--view-line elementor-widget elementor-widget-divider\" data-id=\"66c3fbf\" data-element_type=\"widget\" data-widget_type=\"divider.default\">\n\t\t\t\t<div class=\"elementor-widget-container\">\n\t\t\t<style>\/*! elementor - v3.20.0 - 20-03-2024 *\/\n.elementor-widget-divider{--divider-border-style:none;--divider-border-width:1px;--divider-color:#0c0d0e;--divider-icon-size:20px;--divider-element-spacing:10px;--divider-pattern-height:24px;--divider-pattern-size:20px;--divider-pattern-url:none;--divider-pattern-repeat:repeat-x}.elementor-widget-divider .elementor-divider{display:flex}.elementor-widget-divider .elementor-divider__text{font-size:15px;line-height:1;max-width:95%}.elementor-widget-divider .elementor-divider__element{margin:0 var(--divider-element-spacing);flex-shrink:0}.elementor-widget-divider .elementor-icon{font-size:var(--divider-icon-size)}.elementor-widget-divider .elementor-divider-separator{display:flex;margin:0;direction:ltr}.elementor-widget-divider--view-line_icon .elementor-divider-separator,.elementor-widget-divider--view-line_text .elementor-divider-separator{align-items:center}.elementor-widget-divider--view-line_icon .elementor-divider-separator:after,.elementor-widget-divider--view-line_icon .elementor-divider-separator:before,.elementor-widget-divider--view-line_text .elementor-divider-separator:after,.elementor-widget-divider--view-line_text .elementor-divider-separator:before{display:block;content:\"\";border-block-end:0;flex-grow:1;border-block-start:var(--divider-border-width) var(--divider-border-style) var(--divider-color)}.elementor-widget-divider--element-align-left .elementor-divider .elementor-divider-separator>.elementor-divider__svg:first-of-type{flex-grow:0;flex-shrink:100}.elementor-widget-divider--element-align-left .elementor-divider-separator:before{content:none}.elementor-widget-divider--element-align-left .elementor-divider__element{margin-left:0}.elementor-widget-divider--element-align-right .elementor-divider .elementor-divider-separator>.elementor-divider__svg:last-of-type{flex-grow:0;flex-shrink:100}.elementor-widget-divider--element-align-right .elementor-divider-separator:after{content:none}.elementor-widget-divider--element-align-right .elementor-divider__element{margin-right:0}.elementor-widget-divider--element-align-start .elementor-divider .elementor-divider-separator>.elementor-divider__svg:first-of-type{flex-grow:0;flex-shrink:100}.elementor-widget-divider--element-align-start .elementor-divider-separator:before{content:none}.elementor-widget-divider--element-align-start .elementor-divider__element{margin-inline-start:0}.elementor-widget-divider--element-align-end .elementor-divider .elementor-divider-separator>.elementor-divider__svg:last-of-type{flex-grow:0;flex-shrink:100}.elementor-widget-divider--element-align-end .elementor-divider-separator:after{content:none}.elementor-widget-divider--element-align-end .elementor-divider__element{margin-inline-end:0}.elementor-widget-divider:not(.elementor-widget-divider--view-line_text):not(.elementor-widget-divider--view-line_icon) .elementor-divider-separator{border-block-start:var(--divider-border-width) var(--divider-border-style) var(--divider-color)}.elementor-widget-divider--separator-type-pattern{--divider-border-style:none}.elementor-widget-divider--separator-type-pattern.elementor-widget-divider--view-line .elementor-divider-separator,.elementor-widget-divider--separator-type-pattern:not(.elementor-widget-divider--view-line) .elementor-divider-separator:after,.elementor-widget-divider--separator-type-pattern:not(.elementor-widget-divider--view-line) .elementor-divider-separator:before,.elementor-widget-divider--separator-type-pattern:not([class*=elementor-widget-divider--view]) .elementor-divider-separator{width:100%;min-height:var(--divider-pattern-height);-webkit-mask-size:var(--divider-pattern-size) 100%;mask-size:var(--divider-pattern-size) 100%;-webkit-mask-repeat:var(--divider-pattern-repeat);mask-repeat:var(--divider-pattern-repeat);background-color:var(--divider-color);-webkit-mask-image:var(--divider-pattern-url);mask-image:var(--divider-pattern-url)}.elementor-widget-divider--no-spacing{--divider-pattern-size:auto}.elementor-widget-divider--bg-round{--divider-pattern-repeat:round}.rtl .elementor-widget-divider .elementor-divider__text{direction:rtl}.e-con-inner>.elementor-widget-divider,.e-con>.elementor-widget-divider{width:var(--container-widget-width,100%);--flex-grow:var(--container-widget-flex-grow)}<\/style>\t\t<div class=\"elementor-divider\">\n\t\t\t<span class=\"elementor-divider-separator\">\n\t\t\t\t\t\t<\/span>\n\t\t<\/div>\n\t\t\t\t<\/div>\n\t\t\t\t<\/div>\n\t\t\t\t\t<\/div>\n\t\t<\/div>\n\t\t\t\t\t<\/div>\n\t\t<\/section>\n\t\t\t\t<section class=\"elementor-section elementor-top-section elementor-element elementor-element-7965e7b elementor-section-boxed elementor-section-height-default elementor-section-height-default\" data-id=\"7965e7b\" data-element_type=\"section\">\n\t\t\t\t\t\t<div class=\"elementor-container elementor-column-gap-default\">\n\t\t\t\t\t<div class=\"elementor-column elementor-col-50 elementor-top-column elementor-element elementor-element-491e5d5\" data-id=\"491e5d5\" data-element_type=\"column\">\n\t\t\t<div class=\"elementor-widget-wrap elementor-element-populated\">\n\t\t\t\t\t\t<div class=\"elementor-element elementor-element-8c2d4ed elementor-widget elementor-widget-heading\" data-id=\"8c2d4ed\" data-element_type=\"widget\" data-widget_type=\"heading.default\">\n\t\t\t\t<div class=\"elementor-widget-container\">\n\t\t\t<h2 class=\"elementor-heading-title elementor-size-default\">EL CASTILLO<\/h2>\t\t<\/div>\n\t\t\t\t<\/div>\n\t\t\t\t<div class=\"elementor-element elementor-element-9bdb090 elementor-widget elementor-widget-image\" data-id=\"9bdb090\" data-element_type=\"widget\" data-widget_type=\"image.default\">\n\t\t\t\t<div class=\"elementor-widget-container\">\n\t\t\t\t\t\t\t\t\t\t\t\t\t<img fetchpriority=\"high\" decoding=\"async\" width=\"375\" height=\"500\" src=\"http:\/\/www.josemariatornay.com\/wp-content\/uploads\/2020\/04\/castillo01.jpg\" class=\"attachment-large size-large wp-image-20135\" alt=\"\" srcset=\"http:\/\/www.josemariatornay.com\/wp-content\/uploads\/2020\/04\/castillo01.jpg 375w, http:\/\/www.josemariatornay.com\/wp-content\/uploads\/2020\/04\/castillo01-225x300.jpg 225w\" sizes=\"(max-width: 375px) 100vw, 375px\" \/>\t\t\t\t\t\t\t\t\t\t\t\t\t<\/div>\n\t\t\t\t<\/div>\n\t\t\t\t<div class=\"elementor-element elementor-element-a20171b elementor-widget elementor-widget-text-editor\" data-id=\"a20171b\" data-element_type=\"widget\" data-widget_type=\"text-editor.default\">\n\t\t\t\t<div class=\"elementor-widget-container\">\n\t\t\t\t\t\t\t<p style=\"font-weight: 400;\"><strong>Te miro con la nostalgia alegre y complaciente<\/strong><\/p><p style=\"font-weight: 400;\"><strong>de quien vivi\u00f3 inevitables momentos en tu seno.<\/strong><\/p><p style=\"font-weight: 400;\"><strong>No eran buenos tiempos,<\/strong><\/p><p style=\"font-weight: 400;\"><strong>pero la infancia y la adolescencia<\/strong><\/p><p style=\"font-weight: 400;\"><strong>y los ojos inocentes de quien empieza<\/strong><\/p><p style=\"font-weight: 400;\"><strong>a palpar los recovecos de la existencia,<\/strong><\/p><p style=\"font-weight: 400;\"><strong>que no tienen espacio para las aristas,<\/strong><\/p><p style=\"font-weight: 400;\"><strong>han dejado un pozo de afecto indestructible<\/strong><\/p><p style=\"font-weight: 400;\"><strong>en el fondo de mis sentimientos.<\/strong><\/p><p style=\"font-weight: 400;\"><strong>Como si hubieran sido buenos tiempos,<\/strong><\/p><p style=\"font-weight: 400;\"><strong>Como si hubieran sido los mejores.<\/strong><\/p><p style=\"font-weight: 400;\"><strong>Un pozo que anula cualquier atisbo de la amargura<\/strong><\/p><p style=\"font-weight: 400;\"><strong>inevitable que conlleva cualquier experiencia vital<\/strong><\/p><p style=\"font-weight: 400;\"><strong>y m\u00e1s en \u00e9pocas de crisis, de crecimiento y desconsuelos.<\/strong><\/p><p style=\"font-weight: 400;\"><strong>\u00a0<\/strong><strong>Te agradezco todo lo que en ti viv\u00ed y sent\u00ed;<\/strong><\/p><p style=\"font-weight: 400;\"><strong>Todo lo que aprend\u00ed, lo que gan\u00e9 y lo que perd\u00ed.<\/strong><\/p><p style=\"font-weight: 400;\"><strong>Todo lo doy por bien empleado.<\/strong><\/p><p style=\"font-weight: 400;\"><strong>Incluso lo que no me diste, lo que me hurtaste,<\/strong><\/p><p style=\"font-weight: 400;\"><strong>me sirvi\u00f3, m\u00e1s tarde, para comprender<\/strong><\/p><p style=\"font-weight: 400;\"><strong>que me hab\u00edas negado algo m\u00e1s de la mitad<\/strong><\/p><p style=\"font-weight: 400;\"><strong>de lo que me ofreciste.<\/strong><\/p><p style=\"font-weight: 400;\"><strong>Lo que tuve que conseguir fuera<\/strong><\/p><p style=\"font-weight: 400;\"><strong>me hizo comprender el valor<\/strong><\/p><p style=\"font-weight: 400;\"><strong>de lo que hab\u00eda logrado dentro.<\/strong><\/p><p style=\"font-weight: 400;\"><strong>Me ense\u00f1aste una parte de la verdad:<\/strong><\/p><p style=\"font-weight: 400;\"><strong>Oscura, tendenciosa y pervertida, s\u00ed,<\/strong><\/p><p style=\"font-weight: 400;\"><strong>pero recia y pre\u00f1ada de misterios y esperanzas.<\/strong><\/p><p style=\"font-weight: 400;\"><strong>Una verdad que me mandaba sin demasiado\u00a0 equipaje<\/strong><\/p><p style=\"font-weight: 400;\"><strong>hacia el porvenir;<\/strong><\/p><p style=\"font-weight: 400;\"><strong>hacia lo que, inevitablemente, a todos<\/strong><\/p><p style=\"font-weight: 400;\"><strong>se nos viene encima.<\/strong><\/p><p style=\"font-weight: 400;\"><strong>Pero yo te miro con cari\u00f1o,<\/strong><\/p><p style=\"font-weight: 400;\"><strong>como si a\u00fan siguiera en tus entra\u00f1as<\/strong><\/p><p style=\"font-weight: 400;\"><strong>y compartieras conmigo<\/strong><\/p><p style=\"font-weight: 400;\"><strong>el mismo ni\u00f1o que ambos llevamos dentro.<\/strong><\/p>\t\t\t\t\t\t<\/div>\n\t\t\t\t<\/div>\n\t\t\t\t\t<\/div>\n\t\t<\/div>\n\t\t\t\t<div class=\"elementor-column elementor-col-50 elementor-top-column elementor-element elementor-element-e890558\" data-id=\"e890558\" data-element_type=\"column\">\n\t\t\t<div class=\"elementor-widget-wrap elementor-element-populated\">\n\t\t\t\t\t\t<div class=\"elementor-element elementor-element-6b968bf elementor-widget elementor-widget-text-editor\" data-id=\"6b968bf\" data-element_type=\"widget\" data-widget_type=\"text-editor.default\">\n\t\t\t\t<div class=\"elementor-widget-container\">\n\t\t\t\t\t\t\t<p>El Colegio conocido solamente como \u201cEl Castillo\u201d, debe su nombre a que el edificio actual se encuentra en el mismo emplazamiento donde, desde los albores de la historia antigua de Ronda, estuvo situado \u201cEl Castillo del Laurel\u201d. Lo del Sagrado Coraz\u00f3n viene por que quienes se hicieron cargo del Colegio, una vez finalizado el mismo, fue la Orden de los Agustinos de la Provincial del Sagrado Coraz\u00f3n de Madrid.<br \/>En principio, recordemos que la \u201cEscritura Institucional de la Fundaci\u00f3n Moctezuma\u201d, otorgada en Ronda el 19 de Marzo de 1.894, por D\u00aa Mar\u00eda Teresa Holgado V\u00e1zquez de Mondrag\u00f3n, se refer\u00eda \u00fanicamente a proporcionar educaci\u00f3n primaria, secundaria y de artes y oficio a la juventud ronde\u00f1a. Ya hemos hablado de la educaci\u00f3n primaria con las Escuelas se Santa Teresa y ahora vamos con la segunda idea de la Marquesa al crear la Fundaci\u00f3n, que es la ense\u00f1anza secundaria, como se prev\u00e9 en la cl\u00e1usula 5\u00aa del Testamento de la Marquesa , otorgado por ella el d\u00eda 24 de Abril de 1.897, pocos d\u00edas antes de morir.<br \/>En esa cl\u00e1usula aparece claramente que se estaba construyendo sobre el solar del antiguo Castillo del Laurel lo que es el edificio del Colegio del Sagrado Coraz\u00f3n que ella no ver\u00eda terminado. El Castillo del Laurel, despu\u00e9s de la Reconquista de Ronda, qued\u00f3 en muy mal estado y s\u00f3lo se conservaba la torra ochavada, los muros exteriores y<\/p><p>alg\u00fan resto de la muralla que lo cerraba. Al estar a la intemperie y sin consolidar su estructura y despu\u00e9s de la demolici\u00f3n, v\u00eda dinamita, que realizaron los franceses cuando abandonaron Ronda. En el edificio, a causa de las lluvias, se produjeron varios desplomes, que incluso interrumpieron el paso entre al barrio de San Francisco y la ciudad por las im\u00e1genes, y con el riesgo de nuevos desplomes.<br \/>El Estado pens\u00f3 en enajenar este terreno y venderlo por un precio m\u00f3dico.<br \/>La Marquesa de Moctezuma pidi\u00f3 al Ayuntamiento la cesi\u00f3n gratuita del este terreno para la construcci\u00f3n de un colegio a cambio de varias casas que la Marquesa ten\u00eda en la calle Goleta y en la calle Escalinata.<\/p><p>El Ayuntamiento cedi\u00f3 el terreno, la marquesa las casas y, manos a la obra. <br \/>El que lo tomaran los Padres Agustinos y no los Salesianos como era deseo del Obispo de M\u00e1laga y lo hab\u00eda sido de la Marquesa, se debi\u00f3 a que los salesianos por ese tiempo, siendo su Congregaci\u00f3n de reciente instalaci\u00f3n en Espa\u00f1a no ten\u00edan suficientes salesianos para hacer frente a los dos colegios, por lo que el Obispo D. Marcelo Sp\u00ednola le cedi\u00f3 las instalaciones a los padres Agustinos. \u00c9stos lo mantuvieron desde el a\u00f1o 1.903, de su terminaci\u00f3n, hasta 1.919 en que el Obispo D. Manuel Gonz\u00e1lez, beatificado por el Papa Juan Pablo II el d\u00eda 29 de Abril de 2.001, lo entreg\u00f3 a los Salesianos despu\u00e9s del abandono, por causas econ\u00f3micas, de los Agustinos.<br \/>El primer director de este Colegio, ya salesiano, lo fue D. Salvador Ros\u00e9s, que, as\u00ed mismo, lo ser\u00eda del Colegio de Santa Teresa entre los a\u00f1os 1.943 al 46 y de la Casa de D. Bosco de 1.946 hasta su muerte en el a\u00f1o 1.964.<br \/>Por el Colegio del Castillo, igual que por las Escuelas de Santa Teresa, han pasado un sin fin de espa\u00f1oles, pues este Colegio era para internos y externos, por lo que acud\u00edan familias de todas partes para que sus hijos se educasen en el Castillo y as\u00ed mismo muchos ronde\u00f1os han tenido la oportunidad de estudiar bachillerato en este Colegio de rancio abolengo y conocido en toda Espa\u00f1a por su disciplina y su calidad en la ense\u00f1anza.<\/p><p>En la actualidad y una vez que los salesianos dejaron el Colegio se convirti\u00f3 en Hogar Escuela, dependiendo del Estado bajo direcci\u00f3n salesiana y profesorado secular. Actualmente ha sido vendido a la iniciativa privada que pretende hacer un hotel. En estas instalaciones que han visto pasar tantas generaciones de j\u00f3venes.<\/p>\t\t\t\t\t\t<\/div>\n\t\t\t\t<\/div>\n\t\t\t\t<div class=\"elementor-element elementor-element-cd87d6c elementor-widget elementor-widget-image\" data-id=\"cd87d6c\" data-element_type=\"widget\" data-widget_type=\"image.default\">\n\t\t\t\t<div class=\"elementor-widget-container\">\n\t\t\t\t\t\t\t\t\t\t\t\t\t<img decoding=\"async\" width=\"375\" height=\"281\" src=\"http:\/\/www.josemariatornay.com\/wp-content\/uploads\/2020\/04\/castillo02.jpg\" class=\"attachment-large size-large wp-image-20136\" alt=\"\" srcset=\"http:\/\/www.josemariatornay.com\/wp-content\/uploads\/2020\/04\/castillo02.jpg 375w, http:\/\/www.josemariatornay.com\/wp-content\/uploads\/2020\/04\/castillo02-300x225.jpg 300w\" sizes=\"(max-width: 375px) 100vw, 375px\" \/>\t\t\t\t\t\t\t\t\t\t\t\t\t<\/div>\n\t\t\t\t<\/div>\n\t\t\t\t<div class=\"elementor-element elementor-element-691d82e elementor-widget elementor-widget-image\" data-id=\"691d82e\" data-element_type=\"widget\" data-widget_type=\"image.default\">\n\t\t\t\t<div class=\"elementor-widget-container\">\n\t\t\t\t\t\t\t\t\t\t\t\t\t<img decoding=\"async\" src=\"http:\/\/www.josemariatornay.com\/wp-content\/uploads\/elementor\/thumbs\/CASTILLO03-opngbta7llnh8s6tscte8o5gzr1em1j2hyyuid6wow.jpg\" title=\"CASTILLO03\" alt=\"CASTILLO03\" loading=\"lazy\" \/>\t\t\t\t\t\t\t\t\t\t\t\t\t<\/div>\n\t\t\t\t<\/div>\n\t\t\t\t\t<\/div>\n\t\t<\/div>\n\t\t\t\t\t<\/div>\n\t\t<\/section>\n\t\t\t\t<section class=\"elementor-section elementor-top-section elementor-element elementor-element-f8d3d62 elementor-section-boxed elementor-section-height-default elementor-section-height-default\" data-id=\"f8d3d62\" data-element_type=\"section\">\n\t\t\t\t\t\t<div class=\"elementor-container elementor-column-gap-default\">\n\t\t\t\t\t<div class=\"elementor-column elementor-col-100 elementor-top-column elementor-element elementor-element-05ab2c1\" data-id=\"05ab2c1\" data-element_type=\"column\">\n\t\t\t<div class=\"elementor-widget-wrap elementor-element-populated\">\n\t\t\t\t\t\t<div class=\"elementor-element elementor-element-f7c2dc1 elementor-widget-divider--view-line elementor-widget elementor-widget-divider\" data-id=\"f7c2dc1\" data-element_type=\"widget\" data-widget_type=\"divider.default\">\n\t\t\t\t<div class=\"elementor-widget-container\">\n\t\t\t\t\t<div class=\"elementor-divider\">\n\t\t\t<span class=\"elementor-divider-separator\">\n\t\t\t\t\t\t<\/span>\n\t\t<\/div>\n\t\t\t\t<\/div>\n\t\t\t\t<\/div>\n\t\t\t\t\t<\/div>\n\t\t<\/div>\n\t\t\t\t\t<\/div>\n\t\t<\/section>\n\t\t\t\t<section class=\"elementor-section elementor-top-section elementor-element elementor-element-cfe5859 elementor-section-boxed elementor-section-height-default elementor-section-height-default\" data-id=\"cfe5859\" data-element_type=\"section\">\n\t\t\t\t\t\t<div class=\"elementor-container elementor-column-gap-default\">\n\t\t\t\t\t<div class=\"elementor-column elementor-col-50 elementor-top-column elementor-element elementor-element-f726708\" data-id=\"f726708\" data-element_type=\"column\">\n\t\t\t<div class=\"elementor-widget-wrap elementor-element-populated\">\n\t\t\t\t\t\t<div class=\"elementor-element elementor-element-1fe8b31 elementor-widget elementor-widget-text-editor\" data-id=\"1fe8b31\" data-element_type=\"widget\" data-widget_type=\"text-editor.default\">\n\t\t\t\t<div class=\"elementor-widget-container\">\n\t\t\t\t\t\t\t<p>Ya he contado antes, al hablar de Santa Teresa, que mi primer Colegio en Ronda fueron las Escuelas Salesianas de Santa Teresa. Pero por causas familiares, mi padre se vio en la obligaci\u00f3n de pasarnos, a mi hermano Pedro y a m\u00ed, al Colegio Juan Carrillo, que por ese tiempo lo dirig\u00eda un paisano de mi padre, es decir oriundo del Colmenar.<br \/>Este edificio se encuentra situado en la parte norte de la ciudad de Ronda, justo frente de la Estaci\u00f3n de Ferrocarril, en lo que antiguamente conoc\u00edamos los ronde\u00f1os como el Llano de la Estaci\u00f3n, pues era una explanada terriza, sin m\u00e1s edificaci\u00f3n que la estaci\u00f3n, este centro escolar y la serie de chal\u00e9ts que iban de la estaci\u00f3n hacia Ronda, o a la inversa. Desde ah\u00ed, desde el colegio, hacia el oeste, no exist\u00eda ninguna edificaci\u00f3n por lo que ese llano se utilizaba para la instalaci\u00f3n de las diversas ferias que se hac\u00edan en Ronda. Exist\u00eda, eso s\u00ed,<\/p><p>una industria de los P\u00e9rez Urruti, familia muy de Ronda, que ten\u00edan unas bodegas donde hac\u00edan vino fino, uno de ellos muy famoso en Ronda, aunque de medio pelo, el fino PUSA (P\u00e9rez Urruti Sociedad An\u00f3nima)<br \/>\u00c9ste Colegio se fund\u00f3 en Ronda en el a\u00f1o 1.928 y lleva el nombre de un ilustre \u201cMaestro\u201d ronde\u00f1o de primera ense\u00f1anza, D. Juan Carrillo S\u00e1nchez, hijo de D. Juan Carrillo Andrade y de D\u00aa Antonia S\u00e1nchez L\u00f3pez. Fue el tercero de los nueve hijos de este prol\u00edfico matrimonio. Naci\u00f3 D. Juan el d\u00eda 2 de enero de 1.829. Sus padres y hermanos tambi\u00e9n eran nacidos aqu\u00ed. Seg\u00fan consta en los anales del Exmo. Ayuntamiento, el mismo d\u00eda en que se hizo Hijo Predilecto de Ronda a D. Francisco Carrillo Guerrero, ambi\u00e9n ilustre pedagogo, se dio su nombre<\/p><p>al Colegio que se hab\u00eda reci\u00e9n inaugurado en nuestra ciudad.<br \/>Desde que con cinco a\u00f1os entrase en la escuela de D. Francisco Sevilla, a D. Juan Carrillo se le puede aplicar lo que dijera D. Andr\u00e9s Manj\u00f3n: \u201caprendiendo o ense\u00f1ando, nunca sal\u00ed de la escuela\u201d. Muri\u00f3 D. Juan en Toledo el d\u00eda 9 de Abril de 1.910.<br \/>El edificio es de dos plantas y est\u00e1 rodeado por una zona de patios que han servido tradicionalmente para la expansi\u00f3n de los cr\u00edos. En los a\u00f1os cincuenta se segreg\u00f3 la parte este del patio trasero para construir la Escuela de Maestr\u00eda, hoy Centro del Profesorado. En la planta baja hab\u00eda tres aulas y en la planta segunda otras tres; el despacho del Director estaba en la baja, seg\u00fan se entraba a la derecha y la secretar\u00eda justo frente. Es un edifico<\/p><p>t\u00edpico del XIX hecho en ladrillo muy al estilo mud\u00e9jar. Recuerdo que nos daba un miedo especial el pararrayos que instalaron en el tejado y cuyo cable ca\u00eda por la fachada trasera buscando la tierra. El suelo era de madera, para evitar el fr\u00edo en los inviernos de Ronda. El edificio dispone de grandes vidrieras al exterior que le dan una luminosidad muy importante a todo el interior del edificio y los espacios libres de pasillos y escaleras tambi\u00e9n muy amplios y acogedores.<br \/>Yo tengo un recuerdo funesto y otro agradable de \u00e9ste centro: el primero, el d\u00eda 11 de Mayo de 1.953, tuve la desgracia de perder a mi padre, y recuerdo que ese d\u00eda no sal\u00ed del colegio hasta por la tarde. All\u00ed me mantuvieron entretenido con actividades deportivas, que a m\u00ed me encantaban hasta que me llevaron a casa para encontrarme con el drama. El segundo es el agradable y positivo y fue cuando en el pasillo del segundo piso instalaron un comedor en el que<\/p><p>almorz\u00e1bamos los que ten\u00edamos m\u00e1s necesidades; all\u00ed com\u00eda yo trasla muerte de mi padre pues en casa lo pasamos bastante mal.<br \/>Fue mi maestro D. Jos\u00e9 Delgado Iborra, que era el maestro de la sexta; de la quinta lo era D. Manuel Ortiz y de la Cuarta, un reci\u00e9n llegado a Ronda, D. Rafael Haro. All\u00ed lo pas\u00e9 muy bien y empec\u00e9 a hacer de portero de f\u00fatbol.<\/p>\t\t\t\t\t\t<\/div>\n\t\t\t\t<\/div>\n\t\t\t\t\t<\/div>\n\t\t<\/div>\n\t\t\t\t<div class=\"elementor-column elementor-col-50 elementor-top-column elementor-element elementor-element-f25fa1e\" data-id=\"f25fa1e\" data-element_type=\"column\">\n\t\t\t<div class=\"elementor-widget-wrap elementor-element-populated\">\n\t\t\t\t\t\t<div class=\"elementor-element elementor-element-ce9e9c8 elementor-widget elementor-widget-heading\" data-id=\"ce9e9c8\" data-element_type=\"widget\" data-widget_type=\"heading.default\">\n\t\t\t\t<div class=\"elementor-widget-container\">\n\t\t\t<h2 class=\"elementor-heading-title elementor-size-default\">JUAN CARRILLO<\/h2>\t\t<\/div>\n\t\t\t\t<\/div>\n\t\t\t\t<div class=\"elementor-element elementor-element-ef1c9e7 elementor-widget elementor-widget-image\" data-id=\"ef1c9e7\" data-element_type=\"widget\" data-widget_type=\"image.default\">\n\t\t\t\t<div class=\"elementor-widget-container\">\n\t\t\t\t\t\t\t\t\t\t\t\t\t<img decoding=\"async\" width=\"500\" height=\"346\" src=\"http:\/\/www.josemariatornay.com\/wp-content\/uploads\/2020\/04\/juancarrillo1.jpg\" class=\"attachment-large size-large wp-image-20140\" alt=\"\" srcset=\"http:\/\/www.josemariatornay.com\/wp-content\/uploads\/2020\/04\/juancarrillo1.jpg 500w, http:\/\/www.josemariatornay.com\/wp-content\/uploads\/2020\/04\/juancarrillo1-300x208.jpg 300w\" sizes=\"(max-width: 500px) 100vw, 500px\" \/>\t\t\t\t\t\t\t\t\t\t\t\t\t<\/div>\n\t\t\t\t<\/div>\n\t\t\t\t<div class=\"elementor-element elementor-element-7337080 elementor-widget elementor-widget-text-editor\" data-id=\"7337080\" data-element_type=\"widget\" data-widget_type=\"text-editor.default\">\n\t\t\t\t<div class=\"elementor-widget-container\">\n\t\t\t\t\t\t\t<p>Lorem fistrum por la gloria de mi madre esse jarl aliqua llevame al sircoo. De la pradera ullamco qu\u00e9 dise usteer est\u00e1 la cosa muy malar.<\/p>\t\t\t\t\t\t<\/div>\n\t\t\t\t<\/div>\n\t\t\t\t<div class=\"elementor-element elementor-element-646b5c6 elementor-widget elementor-widget-image\" data-id=\"646b5c6\" data-element_type=\"widget\" data-widget_type=\"image.default\">\n\t\t\t\t<div class=\"elementor-widget-container\">\n\t\t\t\t\t\t\t\t\t\t\t\t\t<img loading=\"lazy\" decoding=\"async\" width=\"700\" height=\"468\" src=\"http:\/\/www.josemariatornay.com\/wp-content\/uploads\/2020\/04\/juancarrillo2.jpg\" class=\"attachment-large size-large wp-image-20141\" alt=\"\" srcset=\"http:\/\/www.josemariatornay.com\/wp-content\/uploads\/2020\/04\/juancarrillo2.jpg 700w, http:\/\/www.josemariatornay.com\/wp-content\/uploads\/2020\/04\/juancarrillo2-300x201.jpg 300w\" sizes=\"(max-width: 700px) 100vw, 700px\" \/>\t\t\t\t\t\t\t\t\t\t\t\t\t<\/div>\n\t\t\t\t<\/div>\n\t\t\t\t\t<\/div>\n\t\t<\/div>\n\t\t\t\t\t<\/div>\n\t\t<\/section>\n\t\t\t\t<section class=\"elementor-section elementor-top-section elementor-element elementor-element-cac4c29 elementor-section-boxed elementor-section-height-default elementor-section-height-default\" data-id=\"cac4c29\" data-element_type=\"section\">\n\t\t\t\t\t\t<div class=\"elementor-container elementor-column-gap-default\">\n\t\t\t\t\t<div class=\"elementor-column elementor-col-100 elementor-top-column elementor-element elementor-element-4e91059\" data-id=\"4e91059\" data-element_type=\"column\">\n\t\t\t<div class=\"elementor-widget-wrap elementor-element-populated\">\n\t\t\t\t\t\t<div class=\"elementor-element elementor-element-578b2eb elementor-widget-divider--view-line elementor-widget elementor-widget-divider\" data-id=\"578b2eb\" data-element_type=\"widget\" data-widget_type=\"divider.default\">\n\t\t\t\t<div class=\"elementor-widget-container\">\n\t\t\t\t\t<div class=\"elementor-divider\">\n\t\t\t<span class=\"elementor-divider-separator\">\n\t\t\t\t\t\t<\/span>\n\t\t<\/div>\n\t\t\t\t<\/div>\n\t\t\t\t<\/div>\n\t\t\t\t\t<\/div>\n\t\t<\/div>\n\t\t\t\t\t<\/div>\n\t\t<\/section>\n\t\t\t\t<\/div>\n\t\t","protected":false},"excerpt":{"rendered":"<p>Las Escuelas Salesianas de Santa Teresa deben su nombre a la creadora de la Fundaci\u00f3n Moctezuma, D\u00aa Mar\u00eda Teresa Holgado, y a que la inauguraci\u00f3n de las misma coincidi\u00f3 con la onom\u00e1stica de la Marquesa, el 15 de Octubre de 1.902, festividad de Santa Teresa.\u2028El marquesado de Moctezuma fue creado por la Reina Isabel II [&hellip;]<\/p>\n","protected":false},"author":1,"featured_media":0,"parent":0,"menu_order":0,"comment_status":"closed","ping_status":"closed","template":"","meta":{"_aioseop_title":"","_aioseop_description":"","ngg_post_thumbnail":0,"footnotes":""},"_links":{"self":[{"href":"http:\/\/www.josemariatornay.com\/index.php\/wp-json\/wp\/v2\/pages\/20117"}],"collection":[{"href":"http:\/\/www.josemariatornay.com\/index.php\/wp-json\/wp\/v2\/pages"}],"about":[{"href":"http:\/\/www.josemariatornay.com\/index.php\/wp-json\/wp\/v2\/types\/page"}],"author":[{"embeddable":true,"href":"http:\/\/www.josemariatornay.com\/index.php\/wp-json\/wp\/v2\/users\/1"}],"replies":[{"embeddable":true,"href":"http:\/\/www.josemariatornay.com\/index.php\/wp-json\/wp\/v2\/comments?post=20117"}],"version-history":[{"count":0,"href":"http:\/\/www.josemariatornay.com\/index.php\/wp-json\/wp\/v2\/pages\/20117\/revisions"}],"wp:attachment":[{"href":"http:\/\/www.josemariatornay.com\/index.php\/wp-json\/wp\/v2\/media?parent=20117"}],"curies":[{"name":"wp","href":"https:\/\/api.w.org\/{rel}","templated":true}]}}