{"id":20236,"date":"2020-04-28T21:29:11","date_gmt":"2020-04-28T20:29:11","guid":{"rendered":"http:\/\/www.josemariatornay.com\/?page_id=20236"},"modified":"2020-04-29T09:53:02","modified_gmt":"2020-04-29T08:53:02","slug":"cicerone-trovador-fiestas","status":"publish","type":"page","link":"http:\/\/www.josemariatornay.com\/index.php\/cicerone-trovador-fiestas\/","title":{"rendered":"CICERONE Y TROVADOR: FIESTAS"},"content":{"rendered":"\t\t<div data-elementor-type=\"wp-post\" data-elementor-id=\"20236\" class=\"elementor elementor-20236 elementor-bc-flex-widget\">\n\t\t\t\t\t\t<section class=\"elementor-section elementor-top-section elementor-element elementor-element-9de9e41 elementor-section-boxed elementor-section-height-default elementor-section-height-default\" data-id=\"9de9e41\" data-element_type=\"section\">\n\t\t\t\t\t\t<div class=\"elementor-container elementor-column-gap-default\">\n\t\t\t\t\t<div class=\"elementor-column elementor-col-50 elementor-top-column elementor-element elementor-element-02589fc\" data-id=\"02589fc\" data-element_type=\"column\">\n\t\t\t<div class=\"elementor-widget-wrap elementor-element-populated\">\n\t\t\t\t\t\t<div class=\"elementor-element elementor-element-b01229a elementor-widget elementor-widget-text-editor\" data-id=\"b01229a\" data-element_type=\"widget\" data-widget_type=\"text-editor.default\">\n\t\t\t\t<div class=\"elementor-widget-container\">\n\t\t\t<style>\/*! elementor - v3.20.0 - 20-03-2024 *\/\n.elementor-widget-text-editor.elementor-drop-cap-view-stacked .elementor-drop-cap{background-color:#69727d;color:#fff}.elementor-widget-text-editor.elementor-drop-cap-view-framed .elementor-drop-cap{color:#69727d;border:3px solid;background-color:transparent}.elementor-widget-text-editor:not(.elementor-drop-cap-view-default) .elementor-drop-cap{margin-top:8px}.elementor-widget-text-editor:not(.elementor-drop-cap-view-default) .elementor-drop-cap-letter{width:1em;height:1em}.elementor-widget-text-editor .elementor-drop-cap{float:left;text-align:center;line-height:1;font-size:50px}.elementor-widget-text-editor .elementor-drop-cap-letter{display:inline-block}<\/style>\t\t\t\t<p align=\"justify\">Aunque el sentido actual de \u201cferia\u201d, es el de una fiesta m\u00e1s o menos folkl\u00f3rica, en el tiempo en que se fundan las primeras, all\u00e1 por la \u00e9poca del Rey Fernando V de Arag\u00f3n, I de Espa\u00f1a, ten\u00edan el sentido de enriquecer a las ciudades y darles las posibilidades de conectarse a trav\u00e9s de las v\u00edas pecuarias con otras regiones y ciudades que ten\u00edan este privilegio real.<br \/>Aquella trashumancia de ganados, productos y personas de un lugar a otro tra\u00edan la posibilidad de dar a conocer los productos propios a los visitantes y de comprar los de otras regiones, as\u00ed como interconectar a las personas o familias enteras que se dedicaban a este menester. Esto produc\u00edariqueza en las ciudades que, previamente, hab\u00edan sido autorizadas por el Rey para que se celebraran y, d\u00e1ndolas a conocer, se convirtieran en ese trasiego comercial que tanto beneficio ha dado a regiones pobres y depauperadas.<br \/>Fue por una c\u00e9dula de privilegio, del Rey Fernando El Cat\u00f3lico, dada en Madrid con fecha 5 de marzo de 1510, por la que se crea la Real Feria de Mayo.<br \/>La verdad sea dicha, los ronde\u00f1os siempre fueron muy favorecidos por el este rey, por lo que en este caso tampoco dud\u00f3 en concederle lo que tan necesario era para el desarrollo de su ciudad preferida. S\u00ed es verdad tambi\u00e9n, que los ronde\u00f1os siempre fueron fieles y bravos servidores de la Corona,como lo demostraron al no unirse a las Comunidades castellanas que se quisieron rebelar contra los extranjeros que, el Rey Carlos I, hab\u00eda dejado al cargo de la Corona espa\u00f1ola, mientras \u00e9l se encargaba del Imperio Austriaco. De ah\u00ed la c\u00e9lebre frase del Emperador cuando supo de la lealtad de Ronda: \u00a1Oh, Ronda, Fiel y Fuerte! (\u00a1Oh, Ronda Fidelis et Fortis!), que figura en nuestro escudo.<br \/>En aquellos tiempos, por las Ca\u00f1adas Reales, caminos que un\u00edan estas ciudades en ferias, flu\u00edan las manadas de caballo, mulos, burros, ovejas, cabras, cerdos&#8230; y las carretas con sus due\u00f1os y familias que se dirig\u00edan a Ronda para traer e intercambiar sus productos por los producidos en este terru\u00f1o de riscos y bre\u00f1as.<br \/>Los ronde\u00f1os, muy industriosos, les vend\u00edan hierbas arom\u00e1ticas, aceites, perf\u00famenes, vinos,productos del cerdo, cereales y los frutos t\u00edpicos del tiempo.<br \/>Desde principios del siglo XX, estos intercambios han ido cambiando y las ferias se han idodiversificando, siendo adem\u00e1s fiestas populares en las que los ciudadanos montaban tinglados para divertimento de los que nos visitaban e intercambiar tambi\u00e9n cultura y relaci\u00f3n social. Mucha culpa de ello han tenido los medios de comunicaci\u00f3n que durante el siglo XX han unido las ciudades y las personas de una manera impensable hace tan solo unas d\u00e9cadas.<br \/>Ya, a partir de mediados del siglo XX, estas Ferias Reales de Mayo se adornaron con las atracciones que todos nosotros hemos disfrutado en el recinto ferial, primero en la Alameda del Tajo, despu\u00e9s en el Llano de la Estaci\u00f3n y despu\u00e9s, Feria de Mayo en los distintos recintos creados para estos eventos a los que se le a\u00f1adieron corridas de toros para disfrute general.<br \/>Lo del intercambio de ganados y productos casi desaparece a finales del siglo pasado, habiendo recuperado en la actualidad un poco de fuerza al convertirse aquella Real Feria en una magna exposici\u00f3n de productos de distintas zonas de Andaluc\u00eda. La seguridad sanitaria ha hecho que la exhibici\u00f3n de animales y, sobre todo, su trashumancia se haya visto reducida a una peque\u00f1a muestra, aunque se tiende a recuperar la exhibici\u00f3n de razas aut\u00f3ctonas de caballos, cabras y ovejas.<br \/>La Real Feria de Mayo, pierde toda la importancia y casi desaparece, cuando las Ferias y Fiestas de Pedro Romero toman el auge que conocemos, atrayendo a Ronda a una multitud de personajes de la vida social que han enriquecido los festejos, pero han empobrecido aquel intercambio. Gracias a determinados pol\u00edticos se est\u00e1 recuperando como una Feria de Muestras, a la par que ganadera. \u00a1Enhorabuena a los gestores que lo han hecho posible!<\/p>\t\t\t\t\t\t<\/div>\n\t\t\t\t<\/div>\n\t\t\t\t\t<\/div>\n\t\t<\/div>\n\t\t\t\t<div class=\"elementor-column elementor-col-50 elementor-top-column elementor-element elementor-element-96d5443\" data-id=\"96d5443\" data-element_type=\"column\">\n\t\t\t<div class=\"elementor-widget-wrap elementor-element-populated\">\n\t\t\t\t\t\t<div class=\"elementor-element elementor-element-dd82453 elementor-widget elementor-widget-heading\" data-id=\"dd82453\" data-element_type=\"widget\" data-widget_type=\"heading.default\">\n\t\t\t\t<div class=\"elementor-widget-container\">\n\t\t\t<style>\/*! elementor - v3.20.0 - 20-03-2024 *\/\n.elementor-heading-title{padding:0;margin:0;line-height:1}.elementor-widget-heading .elementor-heading-title[class*=elementor-size-]>a{color:inherit;font-size:inherit;line-height:inherit}.elementor-widget-heading .elementor-heading-title.elementor-size-small{font-size:15px}.elementor-widget-heading .elementor-heading-title.elementor-size-medium{font-size:19px}.elementor-widget-heading .elementor-heading-title.elementor-size-large{font-size:29px}.elementor-widget-heading .elementor-heading-title.elementor-size-xl{font-size:39px}.elementor-widget-heading .elementor-heading-title.elementor-size-xxl{font-size:59px}<\/style><h2 class=\"elementor-heading-title elementor-size-default\">FERIA DE MAYO<\/h2>\t\t<\/div>\n\t\t\t\t<\/div>\n\t\t\t\t<div class=\"elementor-element elementor-element-991c3e5 elementor-widget elementor-widget-image\" data-id=\"991c3e5\" data-element_type=\"widget\" data-widget_type=\"image.default\">\n\t\t\t\t<div class=\"elementor-widget-container\">\n\t\t\t<style>\/*! elementor - v3.20.0 - 20-03-2024 *\/\n.elementor-widget-image{text-align:center}.elementor-widget-image a{display:inline-block}.elementor-widget-image a img[src$=\".svg\"]{width:48px}.elementor-widget-image img{vertical-align:middle;display:inline-block}<\/style>\t\t\t\t\t\t\t\t\t\t<img fetchpriority=\"high\" decoding=\"async\" width=\"423\" height=\"595\" src=\"http:\/\/www.josemariatornay.com\/wp-content\/uploads\/2020\/04\/feriademayo1.png\" class=\"attachment-large size-large wp-image-20245\" alt=\"\" srcset=\"http:\/\/www.josemariatornay.com\/wp-content\/uploads\/2020\/04\/feriademayo1.png 423w, http:\/\/www.josemariatornay.com\/wp-content\/uploads\/2020\/04\/feriademayo1-213x300.png 213w\" sizes=\"(max-width: 423px) 100vw, 423px\" \/>\t\t\t\t\t\t\t\t\t\t\t\t\t<\/div>\n\t\t\t\t<\/div>\n\t\t\t\t<div class=\"elementor-element elementor-element-deffc0d elementor-widget elementor-widget-text-editor\" data-id=\"deffc0d\" data-element_type=\"widget\" data-widget_type=\"text-editor.default\">\n\t\t\t\t<div class=\"elementor-widget-container\">\n\t\t\t\t\t\t\t<p>Pasan los mozos sedientos<br \/>por caminos y ca\u00f1adas,<br \/>van camino de la feria,<br \/>la mejor de la comarca.<br \/>Ronda en mayo abre sus puertas<br \/>a las mejores caba\u00f1as<br \/>y las veredas de tierra<br \/>de polvareda se escarchan.<br \/>Al abrigo del negocio<br \/>el jolgorio se derrama<br \/>y nace un soplo de luz<br \/>que ser\u00e1 hoguera ma\u00f1ana.<br \/>As\u00ed comienza una fiesta,<br \/>popular y centenaria,<br \/>que sigue siendo una cita<br \/>acogedora, obligada<br \/>para los sabios ronde\u00f1os,<br \/>para la gente serrana.<\/p>\t\t\t\t\t\t<\/div>\n\t\t\t\t<\/div>\n\t\t\t\t<div class=\"elementor-element elementor-element-32b93f6 elementor-widget elementor-widget-image\" data-id=\"32b93f6\" data-element_type=\"widget\" data-widget_type=\"image.default\">\n\t\t\t\t<div class=\"elementor-widget-container\">\n\t\t\t\t\t\t\t\t\t\t\t\t\t<img decoding=\"async\" width=\"712\" height=\"1000\" src=\"http:\/\/www.josemariatornay.com\/wp-content\/uploads\/2020\/04\/feriademayo2.jpg\" class=\"attachment-large size-large wp-image-20246\" alt=\"\" srcset=\"http:\/\/www.josemariatornay.com\/wp-content\/uploads\/2020\/04\/feriademayo2.jpg 712w, http:\/\/www.josemariatornay.com\/wp-content\/uploads\/2020\/04\/feriademayo2-214x300.jpg 214w\" sizes=\"(max-width: 712px) 100vw, 712px\" \/>\t\t\t\t\t\t\t\t\t\t\t\t\t<\/div>\n\t\t\t\t<\/div>\n\t\t\t\t\t<\/div>\n\t\t<\/div>\n\t\t\t\t\t<\/div>\n\t\t<\/section>\n\t\t\t\t<section class=\"elementor-section elementor-top-section elementor-element elementor-element-373149d elementor-section-boxed elementor-section-height-default elementor-section-height-default\" data-id=\"373149d\" data-element_type=\"section\">\n\t\t\t\t\t\t<div class=\"elementor-container elementor-column-gap-default\">\n\t\t\t\t\t<div class=\"elementor-column elementor-col-100 elementor-top-column elementor-element elementor-element-2cdd08e\" data-id=\"2cdd08e\" data-element_type=\"column\">\n\t\t\t<div class=\"elementor-widget-wrap elementor-element-populated\">\n\t\t\t\t\t\t<div class=\"elementor-element elementor-element-15e4241 elementor-widget-divider--view-line elementor-widget elementor-widget-divider\" data-id=\"15e4241\" data-element_type=\"widget\" data-widget_type=\"divider.default\">\n\t\t\t\t<div class=\"elementor-widget-container\">\n\t\t\t<style>\/*! elementor - v3.20.0 - 20-03-2024 *\/\n.elementor-widget-divider{--divider-border-style:none;--divider-border-width:1px;--divider-color:#0c0d0e;--divider-icon-size:20px;--divider-element-spacing:10px;--divider-pattern-height:24px;--divider-pattern-size:20px;--divider-pattern-url:none;--divider-pattern-repeat:repeat-x}.elementor-widget-divider .elementor-divider{display:flex}.elementor-widget-divider .elementor-divider__text{font-size:15px;line-height:1;max-width:95%}.elementor-widget-divider .elementor-divider__element{margin:0 var(--divider-element-spacing);flex-shrink:0}.elementor-widget-divider .elementor-icon{font-size:var(--divider-icon-size)}.elementor-widget-divider .elementor-divider-separator{display:flex;margin:0;direction:ltr}.elementor-widget-divider--view-line_icon .elementor-divider-separator,.elementor-widget-divider--view-line_text .elementor-divider-separator{align-items:center}.elementor-widget-divider--view-line_icon .elementor-divider-separator:after,.elementor-widget-divider--view-line_icon .elementor-divider-separator:before,.elementor-widget-divider--view-line_text .elementor-divider-separator:after,.elementor-widget-divider--view-line_text .elementor-divider-separator:before{display:block;content:\"\";border-block-end:0;flex-grow:1;border-block-start:var(--divider-border-width) var(--divider-border-style) var(--divider-color)}.elementor-widget-divider--element-align-left .elementor-divider .elementor-divider-separator>.elementor-divider__svg:first-of-type{flex-grow:0;flex-shrink:100}.elementor-widget-divider--element-align-left .elementor-divider-separator:before{content:none}.elementor-widget-divider--element-align-left .elementor-divider__element{margin-left:0}.elementor-widget-divider--element-align-right .elementor-divider .elementor-divider-separator>.elementor-divider__svg:last-of-type{flex-grow:0;flex-shrink:100}.elementor-widget-divider--element-align-right .elementor-divider-separator:after{content:none}.elementor-widget-divider--element-align-right .elementor-divider__element{margin-right:0}.elementor-widget-divider--element-align-start .elementor-divider .elementor-divider-separator>.elementor-divider__svg:first-of-type{flex-grow:0;flex-shrink:100}.elementor-widget-divider--element-align-start .elementor-divider-separator:before{content:none}.elementor-widget-divider--element-align-start .elementor-divider__element{margin-inline-start:0}.elementor-widget-divider--element-align-end .elementor-divider .elementor-divider-separator>.elementor-divider__svg:last-of-type{flex-grow:0;flex-shrink:100}.elementor-widget-divider--element-align-end .elementor-divider-separator:after{content:none}.elementor-widget-divider--element-align-end .elementor-divider__element{margin-inline-end:0}.elementor-widget-divider:not(.elementor-widget-divider--view-line_text):not(.elementor-widget-divider--view-line_icon) .elementor-divider-separator{border-block-start:var(--divider-border-width) var(--divider-border-style) var(--divider-color)}.elementor-widget-divider--separator-type-pattern{--divider-border-style:none}.elementor-widget-divider--separator-type-pattern.elementor-widget-divider--view-line .elementor-divider-separator,.elementor-widget-divider--separator-type-pattern:not(.elementor-widget-divider--view-line) .elementor-divider-separator:after,.elementor-widget-divider--separator-type-pattern:not(.elementor-widget-divider--view-line) .elementor-divider-separator:before,.elementor-widget-divider--separator-type-pattern:not([class*=elementor-widget-divider--view]) .elementor-divider-separator{width:100%;min-height:var(--divider-pattern-height);-webkit-mask-size:var(--divider-pattern-size) 100%;mask-size:var(--divider-pattern-size) 100%;-webkit-mask-repeat:var(--divider-pattern-repeat);mask-repeat:var(--divider-pattern-repeat);background-color:var(--divider-color);-webkit-mask-image:var(--divider-pattern-url);mask-image:var(--divider-pattern-url)}.elementor-widget-divider--no-spacing{--divider-pattern-size:auto}.elementor-widget-divider--bg-round{--divider-pattern-repeat:round}.rtl .elementor-widget-divider .elementor-divider__text{direction:rtl}.e-con-inner>.elementor-widget-divider,.e-con>.elementor-widget-divider{width:var(--container-widget-width,100%);--flex-grow:var(--container-widget-flex-grow)}<\/style>\t\t<div class=\"elementor-divider\">\n\t\t\t<span class=\"elementor-divider-separator\">\n\t\t\t\t\t\t<\/span>\n\t\t<\/div>\n\t\t\t\t<\/div>\n\t\t\t\t<\/div>\n\t\t\t\t\t<\/div>\n\t\t<\/div>\n\t\t\t\t\t<\/div>\n\t\t<\/section>\n\t\t\t\t<section class=\"elementor-section elementor-top-section elementor-element elementor-element-1091c51 elementor-section-boxed elementor-section-height-default elementor-section-height-default\" data-id=\"1091c51\" data-element_type=\"section\">\n\t\t\t\t\t\t<div class=\"elementor-container elementor-column-gap-default\">\n\t\t\t\t\t<div class=\"elementor-column elementor-col-50 elementor-top-column elementor-element elementor-element-6064f12\" data-id=\"6064f12\" data-element_type=\"column\">\n\t\t\t<div class=\"elementor-widget-wrap elementor-element-populated\">\n\t\t\t\t\t\t<div class=\"elementor-element elementor-element-9f41789 elementor-widget elementor-widget-heading\" data-id=\"9f41789\" data-element_type=\"widget\" data-widget_type=\"heading.default\">\n\t\t\t\t<div class=\"elementor-widget-container\">\n\t\t\t<h2 class=\"elementor-heading-title elementor-size-default\">FERIA DE SEPTIEMBRE<\/h2>\t\t<\/div>\n\t\t\t\t<\/div>\n\t\t\t\t<div class=\"elementor-element elementor-element-6e9428f elementor-widget elementor-widget-image\" data-id=\"6e9428f\" data-element_type=\"widget\" data-widget_type=\"image.default\">\n\t\t\t\t<div class=\"elementor-widget-container\">\n\t\t\t\t\t\t\t\t\t\t\t\t\t<img decoding=\"async\" width=\"1024\" height=\"618\" src=\"http:\/\/www.josemariatornay.com\/wp-content\/uploads\/2020\/04\/feriaseptiembre1-1024x618.jpg\" class=\"attachment-large size-large wp-image-20250\" alt=\"\" srcset=\"http:\/\/www.josemariatornay.com\/wp-content\/uploads\/2020\/04\/feriaseptiembre1-1024x618.jpg 1024w, http:\/\/www.josemariatornay.com\/wp-content\/uploads\/2020\/04\/feriaseptiembre1-300x181.jpg 300w, http:\/\/www.josemariatornay.com\/wp-content\/uploads\/2020\/04\/feriaseptiembre1-768x463.jpg 768w, http:\/\/www.josemariatornay.com\/wp-content\/uploads\/2020\/04\/feriaseptiembre1.jpg 1200w\" sizes=\"(max-width: 1024px) 100vw, 1024px\" \/>\t\t\t\t\t\t\t\t\t\t\t\t\t<\/div>\n\t\t\t\t<\/div>\n\t\t\t\t<div class=\"elementor-element elementor-element-e82be31 elementor-widget elementor-widget-text-editor\" data-id=\"e82be31\" data-element_type=\"widget\" data-widget_type=\"text-editor.default\">\n\t\t\t\t<div class=\"elementor-widget-container\">\n\t\t\t\t\t\t\t<p>Laberinto de colores,<br \/>reino de la fantas\u00eda,<br \/>torbellino de sabores,<br \/>de fugaces esplendores,<br \/>recinto de la alegr\u00eda.<\/p><p>Homenaje que su gente<br \/>ofrece al primer torero,<br \/>al que sembr\u00f3 la simiente,<br \/>al ronde\u00f1o m\u00e1s valiente,<br \/>al diestro Pedro Romero.<\/p>\t\t\t\t\t\t<\/div>\n\t\t\t\t<\/div>\n\t\t\t\t<div class=\"elementor-element elementor-element-a15a497 elementor-widget elementor-widget-image\" data-id=\"a15a497\" data-element_type=\"widget\" data-widget_type=\"image.default\">\n\t\t\t\t<div class=\"elementor-widget-container\">\n\t\t\t\t\t\t\t\t\t\t\t\t\t<img loading=\"lazy\" decoding=\"async\" width=\"283\" height=\"178\" src=\"http:\/\/www.josemariatornay.com\/wp-content\/uploads\/2020\/04\/feriaseptiembre2.jpg\" class=\"attachment-large size-large wp-image-20251\" alt=\"\" \/>\t\t\t\t\t\t\t\t\t\t\t\t\t<\/div>\n\t\t\t\t<\/div>\n\t\t\t\t<div class=\"elementor-element elementor-element-f7c8df4 elementor-widget elementor-widget-image\" data-id=\"f7c8df4\" data-element_type=\"widget\" data-widget_type=\"image.default\">\n\t\t\t\t<div class=\"elementor-widget-container\">\n\t\t\t\t\t\t\t\t\t\t\t\t\t<img loading=\"lazy\" decoding=\"async\" width=\"640\" height=\"426\" src=\"http:\/\/www.josemariatornay.com\/wp-content\/uploads\/2020\/04\/feriaseptiembre3.png\" class=\"attachment-large size-large wp-image-20252\" alt=\"\" srcset=\"http:\/\/www.josemariatornay.com\/wp-content\/uploads\/2020\/04\/feriaseptiembre3.png 640w, http:\/\/www.josemariatornay.com\/wp-content\/uploads\/2020\/04\/feriaseptiembre3-300x200.png 300w\" sizes=\"(max-width: 640px) 100vw, 640px\" \/>\t\t\t\t\t\t\t\t\t\t\t\t\t<\/div>\n\t\t\t\t<\/div>\n\t\t\t\t<div class=\"elementor-element elementor-element-1c6dba9 elementor-widget elementor-widget-image\" data-id=\"1c6dba9\" data-element_type=\"widget\" data-widget_type=\"image.default\">\n\t\t\t\t<div class=\"elementor-widget-container\">\n\t\t\t\t\t\t\t\t\t\t\t\t\t<img loading=\"lazy\" decoding=\"async\" width=\"1024\" height=\"562\" src=\"http:\/\/www.josemariatornay.com\/wp-content\/uploads\/2020\/04\/feriaseptiembre4-1024x562.jpg\" class=\"attachment-large size-large wp-image-20253\" alt=\"\" srcset=\"http:\/\/www.josemariatornay.com\/wp-content\/uploads\/2020\/04\/feriaseptiembre4-1024x562.jpg 1024w, http:\/\/www.josemariatornay.com\/wp-content\/uploads\/2020\/04\/feriaseptiembre4-300x165.jpg 300w, http:\/\/www.josemariatornay.com\/wp-content\/uploads\/2020\/04\/feriaseptiembre4-768x422.jpg 768w, http:\/\/www.josemariatornay.com\/wp-content\/uploads\/2020\/04\/feriaseptiembre4.jpg 1400w\" sizes=\"(max-width: 1024px) 100vw, 1024px\" \/>\t\t\t\t\t\t\t\t\t\t\t\t\t<\/div>\n\t\t\t\t<\/div>\n\t\t\t\t\t<\/div>\n\t\t<\/div>\n\t\t\t\t<div class=\"elementor-column elementor-col-50 elementor-top-column elementor-element elementor-element-f8f42aa\" data-id=\"f8f42aa\" data-element_type=\"column\">\n\t\t\t<div class=\"elementor-widget-wrap elementor-element-populated\">\n\t\t\t\t\t\t<div class=\"elementor-element elementor-element-b64a5e0 elementor-widget elementor-widget-text-editor\" data-id=\"b64a5e0\" data-element_type=\"widget\" data-widget_type=\"text-editor.default\">\n\t\t\t\t<div class=\"elementor-widget-container\">\n\t\t\t\t\t\t\t<p>La Real Feria de Mayo, creada por el Rey Cat\u00f3lico, hab\u00eda sido importante para el desarrollo de Ronda, pues no se debe olvidar que duraba veinte d\u00edas y que en nuestra ciudad se pod\u00edan mover m\u00e1s de veinte mil cabezas de ganado en aquel tiempo. Pues, bien, a pesar de ello, esta Feria de Mayo se hab\u00eda creado por el Rey Fernando para conseguir rentas para su hijo Juan, al que le hab\u00eda dado el<br \/>Se\u00f1or\u00edo de Ronda y de otras muchas ciudades, lo que implicaba que las arcas reales estaban muy scasas y que el Rey se vio obligado a proporcionarle al Pr\u00edncipe Heredero estos Se\u00f1or\u00edos para que obtuviera los beneficios suficientes para el mantenimiento de la Casa de Asturias que ya compart\u00eda con la Princesa Margarita de Austria. As\u00ed que cada ciudad ten\u00eda que pagar las rentas al Pr\u00edncipe quedando s\u00f3lo un 3% para el Municipio. Esto pareci\u00f3 a los ronde\u00f1os poco beneficioso para ellos mismos y sus intereses, Epor lo que le reclamaron a la Corona otra Feria, pero quedando las rentas<br \/>para el pueblo. El Rey Fernando accedi\u00f3 y cre\u00f3 la que conocemos como Feria y Fiestas de Septiembre. Fue a partir de ah\u00ed cuando nuestros conciudadanos de entonces se empezaron a beneficiar del desarrollo ganadero y comercial. \u00c9sta segunda feria se cre\u00f3 en vida todav\u00eda del rey, por lo que tuvo que ser antes del a\u00f1o 1516 en que muri\u00f3. Por lo tanto, las dos ferias de Ronda son contempor\u00e1neas.<br \/>Muerto el Pr\u00edncipe Juan en Salamanca en el a\u00f1o de 1497, el Rey Fernando V de Castilla y II de Arag\u00f3n, conocido como el Cat\u00f3lico y que tanto cari\u00f1o demostr\u00f3 a los ronde\u00f1os despu\u00e9s de la Reconquista, asumi\u00f3 el Principado de Asturias y todo los privilegios y beneficios que deber\u00eda de haber heredado su hijo, por lo que fue el propio Rey el beneficiario de los Se\u00f1or\u00edos del Pr\u00edncipe una vez extinguidos \u00e9stos.<br \/>Los ronde\u00f1os, en aquel tiempo, empezaron a percibir las rentas de esta segunda feria que para ellos ser\u00eda la importante, aunque la que m\u00e1s rentas produc\u00eda era la de Mayo. Esta segunda se mantuvo como tal de Septiembre durante todo el periodo que va desde su creaci\u00f3n hasta el a\u00f1o 1954.<br \/>En este a\u00f1o de 1954 se cumplen los doscientos del nacimiento en Ronda de Pedro Romero, y la ciudad, siendo su Alcalde D. Francisco Carrillo de Mendoza y Morales, acuerda nombrar a sus Ferias de septiembre como Feria y Fiestas de Pedro Romero. Con ese motivo se coloc\u00f3 un monumento de tan insigne ronde\u00f1o en la Alameda del Tajo, realizado por el escultor afincado en Ronda, D. Vicente Bol\u00f3s.<br \/>En estos festejos de Septiembre se celebra la cl\u00e1sica corrida goyesca de Ronda, que la familia Ord\u00f3\u00f1ez abandera desde hace tant\u00edsimos a\u00f1os. Adem\u00e1s, se celebra tambi\u00e9n la cl\u00e1sica feria de ganado, el festival de Cante Grande, las Galas Folkl\u00f3ricas y un sinf\u00edn de actividades preconizadas por el Ayuntamiento, que desde ese a\u00f1o de 1954 se volc\u00f3 en estos festejos obviando la Feria Real de Mayo.<br \/>Yo recuerdo que en el a\u00f1o 1954 cuando se celebr\u00f3 aquella Feria, en la puerta de la Maestranza, se puso un stand de P\u00e9rez Urruti, donde se ofrec\u00eda el fino PUSA gratis. Yo, ni\u00f1o, al ver aquel alboroto me acerqu\u00e9 y viendo que todos los hombres beb\u00edan sin pagar, empec\u00e9 a coger vasos de vino y a beberlos, uno, otro, otro\u2026 hasta que cog\u00ed una cogorza de mucho cuidado. Despu\u00e9s, mi madre me la quit\u00f3. Y desde entonces no recuerdo haberme emborrachado nunca m\u00e1s, no s\u00e9 si en recuerdo de las maneras de mi madre o de lo mal que lo pas\u00e9.<br \/>Luego, he tenido la distinci\u00f3n de que el Exmo. Ayuntamiento de Ronda me propusiera en el a\u00f1o 2006 como Pregonero de estas Ferias y Fiestas de Pedro Romero, lo que represent\u00f3 un gran honor para m\u00ed. Honor que tambi\u00e9n ha tenido la suerte de disfrutar mi compa\u00f1ero de autor\u00eda Jos\u00e9 Mar\u00eda Tornay, que me ha sucedido en tal menester en el a\u00f1o 2009.<\/p>\t\t\t\t\t\t<\/div>\n\t\t\t\t<\/div>\n\t\t\t\t\t<\/div>\n\t\t<\/div>\n\t\t\t\t\t<\/div>\n\t\t<\/section>\n\t\t\t\t<section class=\"elementor-section elementor-top-section elementor-element elementor-element-ab7be07 elementor-section-boxed elementor-section-height-default elementor-section-height-default\" data-id=\"ab7be07\" data-element_type=\"section\">\n\t\t\t\t\t\t<div class=\"elementor-container elementor-column-gap-default\">\n\t\t\t\t\t<div class=\"elementor-column elementor-col-100 elementor-top-column elementor-element elementor-element-2f0a735\" data-id=\"2f0a735\" data-element_type=\"column\">\n\t\t\t<div class=\"elementor-widget-wrap elementor-element-populated\">\n\t\t\t\t\t\t<div class=\"elementor-element elementor-element-136a1d2 elementor-widget-divider--view-line elementor-widget elementor-widget-divider\" data-id=\"136a1d2\" data-element_type=\"widget\" data-widget_type=\"divider.default\">\n\t\t\t\t<div class=\"elementor-widget-container\">\n\t\t\t\t\t<div class=\"elementor-divider\">\n\t\t\t<span class=\"elementor-divider-separator\">\n\t\t\t\t\t\t<\/span>\n\t\t<\/div>\n\t\t\t\t<\/div>\n\t\t\t\t<\/div>\n\t\t\t\t\t<\/div>\n\t\t<\/div>\n\t\t\t\t\t<\/div>\n\t\t<\/section>\n\t\t\t\t<section class=\"elementor-section elementor-top-section elementor-element elementor-element-6a900f4 elementor-section-boxed elementor-section-height-default elementor-section-height-default\" data-id=\"6a900f4\" data-element_type=\"section\">\n\t\t\t\t\t\t<div class=\"elementor-container elementor-column-gap-default\">\n\t\t\t\t\t<div class=\"elementor-column elementor-col-50 elementor-top-column elementor-element elementor-element-7a761dc\" data-id=\"7a761dc\" data-element_type=\"column\">\n\t\t\t<div class=\"elementor-widget-wrap elementor-element-populated\">\n\t\t\t\t\t\t<div class=\"elementor-element elementor-element-6d5f8d3 elementor-widget elementor-widget-text-editor\" data-id=\"6d5f8d3\" data-element_type=\"widget\" data-widget_type=\"text-editor.default\">\n\t\t\t\t<div class=\"elementor-widget-container\">\n\t\t\t\t\t\t\t<p>La Real Feria de mayo repercuti\u00f3 en las dem\u00e1s ferias de Ronda; en su lugar vemos c\u00f3mo lo hizo en la de septiembre y ahora veremos cu\u00e1l fue su influencia en la Feria de San Francisco. Extramuros de Ronda, y ocupando todo lo que es en la actualidad la Alameda de San Francisco, la calle Real antigua, que nac\u00eda en la Puerta de la Almoc\u00e1bar y segu\u00eda por la im\u00e1genes hasta La Puente antigua, hoy Puente Viejo, se celebraba la Real Feria de Mayo, que el Rey Fernando hab\u00eda otorgado a Ronda con privilegios y beneficios. En toda esta \u00e1rea de la ciudad era donde se instalaba la cantidad ingente de animales, comerciantes, tratantes, vendedores de lanas, etc. \u00c9sto daba riqueza a esta \u00e1rea de Ronda, pero cuando se inaugura el Puente Nuevo en el a\u00f1o 1793, la vida de nuestra ciudad se trastoc\u00f3 en sus aspectos fundamentales: sociales, comerciales, culturales, etc.<br \/>En lo comercial se decidi\u00f3 por parte del Ayuntamiento que la Real Feria de Mayo se trasladase a los llanos del Mercadillo, donde hab\u00eda m\u00e1s amplitud y m\u00e1s espacio para la cantidad de movimiento ganadero y humano que representaba, por lo que los habitantes del Barrio de San Francisco se quejaron a la Municipalidad con manifestaciones y algaradas, intentando por todos los medios que volviera la Feria a esta parte de Ronda.<br \/>El Ayuntamiento se resisti\u00f3, pero al final no tuvo m\u00e1s remedio que crear una Feria Local preconizada por el propio consistorio y que se celebrara en la Festividad de San Francisco. \u00c9sta ya no era de fundaci\u00f3n Real, sino local y creada para beneficio de los habitantes de este barrio.<br \/>Siempre se ha conocido como la Feria del cerdo o del Barrio, y en ella coincid\u00edan los ganaderos de equinos y porcinos por ser el entorno de esas fechas de octubre en las que se pod\u00edan exhibir los citados animales, adem\u00e1s mulos y alg\u00fan caballo, pero principalmente los cerdos que se sacrificaban en las matanzas de final del oto\u00f1o y principios del invierno.<br \/>Aunque tradicionalmente se le ha llamado Feria, no lo era como tal, ya que \u00e9stas ten\u00edan que ser de fundaci\u00f3n real, por lo que m\u00e1s que feria era Velada de San Francisco. Los beneficios que estas fiestas aportaban eran o repercut\u00edan directamente en el propio barrio, aunque los aranceles eran \u00edntegramente para el municipio que cobraba derechos de instalaci\u00f3n y cuadras para los animales, adem\u00e1s del control que ejerc\u00eda a trav\u00e9s de sus veterinarios, de tal manera que si alguna operaci\u00f3n se hac\u00eda y la calidad del animal no era la correcta o \u00e9ste padec\u00eda alguna enfermedad, aqu\u00e9lla quedaba invalidada por los servicios municipales que proced\u00edan a su sacrificio.<br \/>A ra\u00edz de esta \u201cvelada\u201d, en las distintas barriadas de Ronda se intentaron crear otras ferias de barrio, que tuvieron muy poco o casi ning\u00fan \u00e9xito, habiendo quedado en algunas como verbenas celebradas en la festividad de sus patronos, como San Antonio, San Crist\u00f3bal, San Rafael o la recuperada del Corpus Chiquito en La Ciudad. En algunas de ellas ha intervenido en diversas ocasiones el TES de Ronda.<\/p>\t\t\t\t\t\t<\/div>\n\t\t\t\t<\/div>\n\t\t\t\t\t<\/div>\n\t\t<\/div>\n\t\t\t\t<div class=\"elementor-column elementor-col-50 elementor-top-column elementor-element elementor-element-b4aabd3\" data-id=\"b4aabd3\" data-element_type=\"column\">\n\t\t\t<div class=\"elementor-widget-wrap elementor-element-populated\">\n\t\t\t\t\t\t<div class=\"elementor-element elementor-element-21e7678 elementor-widget elementor-widget-heading\" data-id=\"21e7678\" data-element_type=\"widget\" data-widget_type=\"heading.default\">\n\t\t\t\t<div class=\"elementor-widget-container\">\n\t\t\t<h2 class=\"elementor-heading-title elementor-size-default\">FERIA DE SAN FRANCISCO<\/h2>\t\t<\/div>\n\t\t\t\t<\/div>\n\t\t\t\t<div class=\"elementor-element elementor-element-4694907 elementor-widget elementor-widget-image\" data-id=\"4694907\" data-element_type=\"widget\" data-widget_type=\"image.default\">\n\t\t\t\t<div class=\"elementor-widget-container\">\n\t\t\t\t\t\t\t\t\t\t\t\t\t<img loading=\"lazy\" decoding=\"async\" width=\"545\" height=\"800\" src=\"http:\/\/www.josemariatornay.com\/wp-content\/uploads\/2020\/04\/Feria-Barrio-2019.jpg\" class=\"attachment-large size-large wp-image-20260\" alt=\"\" srcset=\"http:\/\/www.josemariatornay.com\/wp-content\/uploads\/2020\/04\/Feria-Barrio-2019.jpg 545w, http:\/\/www.josemariatornay.com\/wp-content\/uploads\/2020\/04\/Feria-Barrio-2019-204x300.jpg 204w\" sizes=\"(max-width: 545px) 100vw, 545px\" \/>\t\t\t\t\t\t\t\t\t\t\t\t\t<\/div>\n\t\t\t\t<\/div>\n\t\t\t\t<div class=\"elementor-element elementor-element-69f73af elementor-widget elementor-widget-text-editor\" data-id=\"69f73af\" data-element_type=\"widget\" data-widget_type=\"text-editor.default\">\n\t\t\t\t<div class=\"elementor-widget-container\">\n\t\t\t\t\t\t\t<p>Como feliz complemento<br \/>De la feria de septiembre, <br \/>el barrio de San Francisco<br \/>en octubre se convierte<br \/>en solaz de los ronde\u00f1os,<br \/>en jolgorio de sus gentes.<br \/>\u00a1Ay, benditas tradiciones<br \/>que al pueblo llano divierten!<\/p>\t\t\t\t\t\t<\/div>\n\t\t\t\t<\/div>\n\t\t\t\t<div class=\"elementor-element elementor-element-0cd6031 elementor-widget elementor-widget-image\" data-id=\"0cd6031\" data-element_type=\"widget\" data-widget_type=\"image.default\">\n\t\t\t\t<div class=\"elementor-widget-container\">\n\t\t\t\t\t\t\t\t\t\t\t\t\t<img loading=\"lazy\" decoding=\"async\" width=\"480\" height=\"360\" src=\"http:\/\/www.josemariatornay.com\/wp-content\/uploads\/2020\/04\/feriabarrio2.jpg\" class=\"attachment-large size-large wp-image-20262\" alt=\"\" srcset=\"http:\/\/www.josemariatornay.com\/wp-content\/uploads\/2020\/04\/feriabarrio2.jpg 480w, http:\/\/www.josemariatornay.com\/wp-content\/uploads\/2020\/04\/feriabarrio2-300x225.jpg 300w\" sizes=\"(max-width: 480px) 100vw, 480px\" \/>\t\t\t\t\t\t\t\t\t\t\t\t\t<\/div>\n\t\t\t\t<\/div>\n\t\t\t\t\t<\/div>\n\t\t<\/div>\n\t\t\t\t\t<\/div>\n\t\t<\/section>\n\t\t\t\t<section class=\"elementor-section elementor-top-section elementor-element elementor-element-b55bffc elementor-section-boxed elementor-section-height-default elementor-section-height-default\" data-id=\"b55bffc\" data-element_type=\"section\">\n\t\t\t\t\t\t<div class=\"elementor-container elementor-column-gap-default\">\n\t\t\t\t\t<div class=\"elementor-column elementor-col-100 elementor-top-column elementor-element elementor-element-0dd4d4b\" data-id=\"0dd4d4b\" data-element_type=\"column\">\n\t\t\t<div class=\"elementor-widget-wrap elementor-element-populated\">\n\t\t\t\t\t\t<div class=\"elementor-element elementor-element-e963f2a elementor-widget-divider--view-line elementor-widget elementor-widget-divider\" data-id=\"e963f2a\" data-element_type=\"widget\" data-widget_type=\"divider.default\">\n\t\t\t\t<div class=\"elementor-widget-container\">\n\t\t\t\t\t<div class=\"elementor-divider\">\n\t\t\t<span class=\"elementor-divider-separator\">\n\t\t\t\t\t\t<\/span>\n\t\t<\/div>\n\t\t\t\t<\/div>\n\t\t\t\t<\/div>\n\t\t\t\t\t<\/div>\n\t\t<\/div>\n\t\t\t\t\t<\/div>\n\t\t<\/section>\n\t\t\t\t<section class=\"elementor-section elementor-top-section elementor-element elementor-element-9ddfcd4 elementor-section-boxed elementor-section-height-default elementor-section-height-default\" data-id=\"9ddfcd4\" data-element_type=\"section\">\n\t\t\t\t\t\t<div class=\"elementor-container elementor-column-gap-default\">\n\t\t\t\t\t<div class=\"elementor-column elementor-col-50 elementor-top-column elementor-element elementor-element-4b31ea7\" data-id=\"4b31ea7\" data-element_type=\"column\">\n\t\t\t<div class=\"elementor-widget-wrap elementor-element-populated\">\n\t\t\t\t\t\t<div class=\"elementor-element elementor-element-50d0bf2 elementor-widget elementor-widget-image\" data-id=\"50d0bf2\" data-element_type=\"widget\" data-widget_type=\"image.default\">\n\t\t\t\t<div class=\"elementor-widget-container\">\n\t\t\t\t\t\t\t\t\t\t\t\t\t<img loading=\"lazy\" decoding=\"async\" width=\"277\" height=\"182\" src=\"http:\/\/www.josemariatornay.com\/wp-content\/uploads\/2020\/04\/semanasanta1-1.jpg\" class=\"attachment-large size-large wp-image-20257\" alt=\"\" \/>\t\t\t\t\t\t\t\t\t\t\t\t\t<\/div>\n\t\t\t\t<\/div>\n\t\t\t\t<div class=\"elementor-element elementor-element-455b367 elementor-widget elementor-widget-text-editor\" data-id=\"455b367\" data-element_type=\"widget\" data-widget_type=\"text-editor.default\">\n\t\t\t\t<div class=\"elementor-widget-container\">\n\t\t\t\t\t\t\t<p>La Pollinica<br \/>Limpia ma\u00f1ana de Ramos,<br \/>Gloriosa luz de domingo:<br \/>Cristo montano en un asno<br \/>Va rodeado de ni\u00f1os.<\/p><p>Prendimiento<br \/>Entre soldados cautivo<br \/>Cristo pasea por Ronda;<br \/>la fe de esta cofrad\u00eda,<br \/>hecha claveles y rosas.<\/p><p>Los gitanos<br \/>Hoy, domingo de pasi\u00f3n,<br \/>Ya desfilan los hermanos<br \/>De sangre y de devoci\u00f3n:<br \/>El Cristo de los gitanos.<\/p><p>El Huerto<br \/>He visto a Dios en el huerto,<br \/>Sangre mana de su frente,<br \/>A la sombra de un olivo,<br \/>El mismo olivo de siempre.<\/p><p>V\u00eda Crucis<br \/>Perdona a tu pueblo, Se\u00f1or,<br \/>Van pronunciando los labios:<br \/>Cuesta de Santo domingo, <br \/>nueva cuesta del Calvario.<br \/>La Columna<br \/>Ved c\u00f3mo llevan a Dios<br \/>Amarrado a una columna,<br \/>Lo mismo que el pecador <br \/>est\u00e1 amarrado a su culpa.<\/p><p>El Silencio<br \/>Sale el Cristo de la Sangre<br \/>Y la Virgen con su pena:<br \/>Tan s\u00f3lo estremece el aire<br \/>El rumor de las cadenas.<\/p><p>Ecce Homo<br \/>Nuestro Se\u00f1or Ecce Homo<br \/>Y el Cristo de la Legi\u00f3n:<br \/>\u00bfcu\u00e1ndo romper\u00e1n sus lazos<br \/>la espada y la religi\u00f3n?<\/p><p>Vera Cruz<br \/>Penitencia y oraci\u00f3n<br \/>Han escrito por las calles<br \/>Los del Se\u00f1or del Perd\u00f3n.<\/p><p><br \/>Padre Jes\u00fas<br \/>Por la cuesta del Calvario<br \/>Ya viene Padre Jes\u00fas:<br \/>Por estas calles de Ronda,<br \/>\u00a1c\u00f3mo le pesa la cruz!<br \/>Los Remedios\/Las Angustias<br \/>Ma\u00f1ana de Viernes Santo:<br \/>Cristo en la cruz, entre flores;<br \/>Las angustias de su madre<br \/>Son consuelo para el hombre.<\/p><p>Santo Entierro<br \/>Del barrio de San Francisco<br \/>Ha salido el Santo Entierro,<br \/>El Santo Entierro de Cristo.<br \/>Con dos fuentes en los ojos<br \/>Su madre marcha detr\u00e1s;<br \/>\u00a1qu\u00e9 divino desconsuelo,<br \/>Virgen de la Soledad!<\/p><p>La Soledad<br \/>Va la Virgen por las calles,<br \/>Madre de la cristiandad:<br \/>\u00a1tan rodeada por todos!<br \/>\u00a1Tan sola en la soledad!<\/p><p><br \/>El Resucitado<br \/>Con gozo y con alegr\u00eda<br \/>Despertaron los hermanos<br \/>Para ense\u00f1ar a la gente<br \/>A Jes\u00fas resucitado;<br \/>El mismo que con angustia<br \/>Hace dos d\u00edas enterraron.<\/p>\t\t\t\t\t\t<\/div>\n\t\t\t\t<\/div>\n\t\t\t\t<div class=\"elementor-element elementor-element-e18b42d elementor-widget elementor-widget-image\" data-id=\"e18b42d\" data-element_type=\"widget\" data-widget_type=\"image.default\">\n\t\t\t\t<div class=\"elementor-widget-container\">\n\t\t\t\t\t\t\t\t\t\t\t\t\t<img loading=\"lazy\" decoding=\"async\" width=\"1024\" height=\"576\" src=\"http:\/\/www.josemariatornay.com\/wp-content\/uploads\/2020\/04\/semanasanta2-1-1024x576.jpg\" class=\"attachment-large size-large wp-image-20258\" alt=\"\" srcset=\"http:\/\/www.josemariatornay.com\/wp-content\/uploads\/2020\/04\/semanasanta2-1-1024x576.jpg 1024w, http:\/\/www.josemariatornay.com\/wp-content\/uploads\/2020\/04\/semanasanta2-1-300x169.jpg 300w, http:\/\/www.josemariatornay.com\/wp-content\/uploads\/2020\/04\/semanasanta2-1-768x432.jpg 768w, http:\/\/www.josemariatornay.com\/wp-content\/uploads\/2020\/04\/semanasanta2-1.jpg 1280w\" sizes=\"(max-width: 1024px) 100vw, 1024px\" \/>\t\t\t\t\t\t\t\t\t\t\t\t\t<\/div>\n\t\t\t\t<\/div>\n\t\t\t\t\t<\/div>\n\t\t<\/div>\n\t\t\t\t<div class=\"elementor-column elementor-col-50 elementor-top-column elementor-element elementor-element-76a70a0\" data-id=\"76a70a0\" data-element_type=\"column\">\n\t\t\t<div class=\"elementor-widget-wrap elementor-element-populated\">\n\t\t\t\t\t\t<div class=\"elementor-element elementor-element-64f7483 elementor-widget elementor-widget-heading\" data-id=\"64f7483\" data-element_type=\"widget\" data-widget_type=\"heading.default\">\n\t\t\t\t<div class=\"elementor-widget-container\">\n\t\t\t<h2 class=\"elementor-heading-title elementor-size-default\">SEMANA SANTA<\/h2>\t\t<\/div>\n\t\t\t\t<\/div>\n\t\t\t\t<div class=\"elementor-element elementor-element-7500df8 elementor-widget elementor-widget-text-editor\" data-id=\"7500df8\" data-element_type=\"widget\" data-widget_type=\"text-editor.default\">\n\t\t\t\t<div class=\"elementor-widget-container\">\n\t\t\t\t\t\t\t<p>Al principio, es decir, en la \u00e9poca m\u00e1s antigua de la historia de Ronda, no hab\u00edan proliferado tanto las Hermandades y Cofrad\u00edas, que en la actualidad representan un n\u00famero importante si se tienen en cuenta las que exist\u00edan a principios del siglo XIX.<br \/>Muchas de las que existieron est\u00e1n desaparecidas en la actualidad y otras que desaparecieron han sido recuperadas, como es el caso de la de Paz y Caridad, ahora de la Vera Cruz. La m\u00e1s antigua de las que se tienen datos oficiales era la Hermandad de Nuestra Se\u00f1ora del Rosario, a la que acompa\u00f1aban la de Paz y Caridad, la del Cristo de la Sangre, la de Nuestro Padre Jes\u00fas Nazareno, la de Nuestra Se\u00f1ora de la Cabeza, La del Sant\u00edsimo, la de Nuestra Se\u00f1ora de la Pastora y de la \u00c1nimas de Santa Cecilia.<br \/>Despu\u00e9s, en cada iglesia, adem\u00e1s de las mencionadas, exist\u00edan las siguientes: En el Esp\u00edritu Santo, la Hermandad del Sant\u00edsimo de \u00c1nimas y la Soledad; en Santa Cecilia, una Hermandad de la Soledad; en El Socorro, la Hermandad del mismo nombre y la Cofrad\u00eda de Cristo; en los Descalzos, la de las Angustias y la de la Santa Cruz; en la Paz, la Congregaci\u00f3n de la Paz, la Vera Cruz y la de San Juan Evangelista y En el Convento de San Francisco, El Sant\u00edsimo Entierro y la de la Santa Cruz.<br \/>Muchas de \u00e9stas ha desaparecido en el tiempo y han quedado las que relaciono a continuaci\u00f3n, por orden de salida en los turnos de procesi\u00f3n de la Semana Santa ronde\u00f1a: Hermandad de Nuestro Padre Jes\u00fas en su Entrada Triunfal en Jerusal\u00e9n y Mar\u00eda Sant\u00edsima de la Paloma. Sale de la Iglesia de San Antonio, en su barriada, el Domingo de Ramos. Hermandad de Nuestro Padre Jes\u00fas del Prendimiento, Nuestra Se\u00f1ora del Rosario en sus Misterios Dolorosos y San Juan Evangelista. Sale el Domingo de Ramos de la Iglesia de San Crist\u00f3bal. Hermandad de Nuestro Padre Jes\u00fas de la Salud y Mar\u00eda Sant\u00edsima de la Amargura (Los Gitanos). Sale de la Iglesia de Santa Mar\u00eda de la Encarnaci\u00f3n la Mayor, el Lunes Santo. Fervorosa y Popular Cofrad\u00eda Penitencial y Real Hermandad Reparadora de Nuestro Padre Jes\u00fas Orando en el Huerto y Mar\u00eda Sant\u00edsima Consuelo de las Tristezas. Sale de la Iglesia de Santa Cecilia, el Lunes Santo. Habitualmente se suelen<br \/>desplazar a nuestra ciudad el grupo de actores de los Pasos de Igualeja que representan la escena del Prendimiento en el Huerto de los olivos, lo que se lleva a cabo, actualmente, en la Plaza de los Descalzos. Hermandad de Nuestro Padre Jes\u00fas en la Columna y Mar\u00eda Sant\u00edsima de la Esperanza. Sale de la Iglesia de San Crist\u00f3bal, el Mi\u00e9rcoles Santo. Semana Santa, de inter\u00e9s tur\u00edstico de Andaluc\u00eda<br \/>&#8211;<br \/>Hermandad Sacramental del Sant\u00edsimo Cristo de la Sangre y Nuestra Se\u00f1ora del Mayor Dolor. Sale de Santa Mar\u00eda de la Encarnaci\u00f3n la Mayor, el mi\u00e9rcoles Santo.<br \/>Venerable, Ilustre y Santa Hermandad Sacramental de Paz y Caridad y de la Vera Cruz, Sangre y Llagas de Nuestro Se\u00f1or Jesucristo, Nuestra Se\u00f1ora de la Luz, Nuestro Se\u00f1or del Perd\u00f3n, Mar\u00eda Sant\u00edsima de las Penas en el Misterio de su Inmaculada Concepci\u00f3n, San Francisco, Santa Clara de As\u00eds y San Juan de Dios. Sale, asimismo, de Santa Mar\u00eda de la Encarnaci\u00f3n la Mayor, el Jueves Santo.<br \/>Hermandad de Nuestro Padre Jes\u00fas Ecce-Homo, Cristo de la Buena Muerte y Nuestra Se\u00f1ora del Buen Amor. Se prepara y sale del tinglado que la Hermandad monta delante de la Capilla de La Virgen de la Paz, Patrona y Alcaldesa Perpetua de Ronda, el Jueves Santo. El Cristo de la Buena Muerte es acompa\u00f1ado por el Cuarto Tercio, Alejandro Farnesio, de la Legi\u00f3n, con sede en Ronda.<br \/>Antigua y Venerable Hermandad de Nuestro Padre Jes\u00fas Nazareno y Nuestra Se\u00f1ora de los Dolores. Sale de la Iglesia de Padre Jes\u00fas en el Barrio de su nombre, el Jueves Santo.<br \/>Venerable Hermandad Trinitaria del Sant\u00edsimo Cristo de los Remedios y Nuestra Se\u00f1ora de la Angustias. Sale de la Iglesia de Santa Cecilia el Viernes Santo, a medio d\u00eda.<br \/>Real Hermandad del Santo Entierro de Cristo, Nuestra Se\u00f1ora de la Soledad, Cristo Resucitado y Nuestra Se\u00f1ora de Loreto. El Santo Entierro Sale de su Casa Hermandad, en el barrio de San Francisco, el Viernes Santo y el Domingo de Resurrecci\u00f3n, desde la iglesia del Esp\u00edritu Santo sale el Resucitado y la Virgen de Loreto. Ver a esta Virgen en la calle portada por su grupo de costaleras, bail\u00e1ndola al son de la m\u00fasica, es un espect\u00e1culo que los ronde\u00f1os no solemos perdernos.<br \/>Hermandad de Mar\u00eda Sant\u00edsima de la Soledad. Sale de la Iglesia de la Merced el Viernes Santo, de noche.<br \/>Los desfiles empiezan el Domingo de Ramos por la ma\u00f1ana y se alargan en el tiempo hasta el Domingo de Resurrecci\u00f3n, quedando libres de procesiones el Martes Santo, en el cual se celebra desde hace a\u00f1os un V\u00eda Crucis popular por las calles del casco hist\u00f3rico de Ronda, y el S\u00e1bado Santo que no procesiona ninguna hermandad, y que sirve un poco como de descanso y meditaci\u00f3n de la semana de penitencia que se ha celebrado.<\/p>\t\t\t\t\t\t<\/div>\n\t\t\t\t<\/div>\n\t\t\t\t\t<\/div>\n\t\t<\/div>\n\t\t\t\t\t<\/div>\n\t\t<\/section>\n\t\t\t\t<section class=\"elementor-section elementor-top-section elementor-element elementor-element-78fcbcd elementor-section-boxed elementor-section-height-default elementor-section-height-default\" data-id=\"78fcbcd\" data-element_type=\"section\">\n\t\t\t\t\t\t<div class=\"elementor-container elementor-column-gap-default\">\n\t\t\t\t\t<div class=\"elementor-column elementor-col-100 elementor-top-column elementor-element elementor-element-eab31d8\" data-id=\"eab31d8\" data-element_type=\"column\">\n\t\t\t<div class=\"elementor-widget-wrap elementor-element-populated\">\n\t\t\t\t\t\t<div class=\"elementor-element elementor-element-2101616 elementor-widget-divider--view-line elementor-widget elementor-widget-divider\" data-id=\"2101616\" data-element_type=\"widget\" data-widget_type=\"divider.default\">\n\t\t\t\t<div class=\"elementor-widget-container\">\n\t\t\t\t\t<div class=\"elementor-divider\">\n\t\t\t<span class=\"elementor-divider-separator\">\n\t\t\t\t\t\t<\/span>\n\t\t<\/div>\n\t\t\t\t<\/div>\n\t\t\t\t<\/div>\n\t\t\t\t\t<\/div>\n\t\t<\/div>\n\t\t\t\t\t<\/div>\n\t\t<\/section>\n\t\t\t\t<\/div>\n\t\t","protected":false},"excerpt":{"rendered":"<p>Aunque el sentido actual de \u201cferia\u201d, es el de una fiesta m\u00e1s o menos folkl\u00f3rica, en el tiempo en que se fundan las primeras, all\u00e1 por la \u00e9poca del Rey Fernando V de Arag\u00f3n, I de Espa\u00f1a, ten\u00edan el sentido de enriquecer a las ciudades y darles las posibilidades de conectarse a trav\u00e9s de las [&hellip;]<\/p>\n","protected":false},"author":1,"featured_media":0,"parent":0,"menu_order":0,"comment_status":"closed","ping_status":"closed","template":"","meta":{"_aioseop_title":"","_aioseop_description":"","ngg_post_thumbnail":0,"footnotes":""},"_links":{"self":[{"href":"http:\/\/www.josemariatornay.com\/index.php\/wp-json\/wp\/v2\/pages\/20236"}],"collection":[{"href":"http:\/\/www.josemariatornay.com\/index.php\/wp-json\/wp\/v2\/pages"}],"about":[{"href":"http:\/\/www.josemariatornay.com\/index.php\/wp-json\/wp\/v2\/types\/page"}],"author":[{"embeddable":true,"href":"http:\/\/www.josemariatornay.com\/index.php\/wp-json\/wp\/v2\/users\/1"}],"replies":[{"embeddable":true,"href":"http:\/\/www.josemariatornay.com\/index.php\/wp-json\/wp\/v2\/comments?post=20236"}],"version-history":[{"count":0,"href":"http:\/\/www.josemariatornay.com\/index.php\/wp-json\/wp\/v2\/pages\/20236\/revisions"}],"wp:attachment":[{"href":"http:\/\/www.josemariatornay.com\/index.php\/wp-json\/wp\/v2\/media?parent=20236"}],"curies":[{"name":"wp","href":"https:\/\/api.w.org\/{rel}","templated":true}]}}