{"id":20240,"date":"2020-04-28T21:40:38","date_gmt":"2020-04-28T20:40:38","guid":{"rendered":"http:\/\/www.josemariatornay.com\/?page_id=20240"},"modified":"2020-04-30T08:42:51","modified_gmt":"2020-04-30T07:42:51","slug":"cicerone-trovador-barrios","status":"publish","type":"page","link":"http:\/\/www.josemariatornay.com\/index.php\/cicerone-trovador-barrios\/","title":{"rendered":"CICERONE Y TROVADOR: BARRIOS"},"content":{"rendered":"\t\t<div data-elementor-type=\"wp-post\" data-elementor-id=\"20240\" class=\"elementor elementor-20240 elementor-bc-flex-widget\">\n\t\t\t\t\t\t<section class=\"elementor-section elementor-top-section elementor-element elementor-element-12eaf56 elementor-section-boxed elementor-section-height-default elementor-section-height-default\" data-id=\"12eaf56\" data-element_type=\"section\">\n\t\t\t\t\t\t<div class=\"elementor-container elementor-column-gap-default\">\n\t\t\t\t\t<div class=\"elementor-column elementor-col-50 elementor-top-column elementor-element elementor-element-6b48b57\" data-id=\"6b48b57\" data-element_type=\"column\">\n\t\t\t<div class=\"elementor-widget-wrap elementor-element-populated\">\n\t\t\t\t\t\t<div class=\"elementor-element elementor-element-b0386ec elementor-widget elementor-widget-image\" data-id=\"b0386ec\" data-element_type=\"widget\" data-widget_type=\"image.default\">\n\t\t\t\t<div class=\"elementor-widget-container\">\n\t\t\t<style>\/*! elementor - v3.20.0 - 20-03-2024 *\/\n.elementor-widget-image{text-align:center}.elementor-widget-image a{display:inline-block}.elementor-widget-image a img[src$=\".svg\"]{width:48px}.elementor-widget-image img{vertical-align:middle;display:inline-block}<\/style>\t\t\t\t\t\t\t\t\t\t<img fetchpriority=\"high\" decoding=\"async\" width=\"550\" height=\"412\" src=\"http:\/\/www.josemariatornay.com\/wp-content\/uploads\/2020\/04\/la-ciudad-1.jpg\" class=\"attachment-large size-large wp-image-20380\" alt=\"\" srcset=\"http:\/\/www.josemariatornay.com\/wp-content\/uploads\/2020\/04\/la-ciudad-1.jpg 550w, http:\/\/www.josemariatornay.com\/wp-content\/uploads\/2020\/04\/la-ciudad-1-300x225.jpg 300w\" sizes=\"(max-width: 550px) 100vw, 550px\" \/>\t\t\t\t\t\t\t\t\t\t\t\t\t<\/div>\n\t\t\t\t<\/div>\n\t\t\t\t<div class=\"elementor-element elementor-element-9369229 elementor-widget elementor-widget-text-editor\" data-id=\"9369229\" data-element_type=\"widget\" data-widget_type=\"text-editor.default\">\n\t\t\t\t<div class=\"elementor-widget-container\">\n\t\t\t<style>\/*! elementor - v3.20.0 - 20-03-2024 *\/\n.elementor-widget-text-editor.elementor-drop-cap-view-stacked .elementor-drop-cap{background-color:#69727d;color:#fff}.elementor-widget-text-editor.elementor-drop-cap-view-framed .elementor-drop-cap{color:#69727d;border:3px solid;background-color:transparent}.elementor-widget-text-editor:not(.elementor-drop-cap-view-default) .elementor-drop-cap{margin-top:8px}.elementor-widget-text-editor:not(.elementor-drop-cap-view-default) .elementor-drop-cap-letter{width:1em;height:1em}.elementor-widget-text-editor .elementor-drop-cap{float:left;text-align:center;line-height:1;font-size:50px}.elementor-widget-text-editor .elementor-drop-cap-letter{display:inline-block}<\/style>\t\t\t\t<p>Como una noche incendiada<br \/>mi barrio tiene la sangre:<br \/>azul de mirar al cielo,<br \/>dulce de tanto mirarse.<br \/>Mi barrio tiene una luz<br \/>que derrama por sus calles<br \/>como un tesoro infinito<br \/>de todos, pero de nadie.<br \/>Mi barrio est\u00e1 siempre lleno<br \/>de gentes de todas partes<br \/>que nunca comprender\u00e1n<br \/>sus secretos ancestrales,<br \/>esos que s\u00f3lo conocen<br \/>los que sus sue\u00f1os comparten.<br \/>\u00a0<br \/>Mi barrio tiene la piel<br \/>curtida por mil azares<br \/>y en sus venas fluyen gotas<br \/>de linajudos linajes,<br \/>por eso siempre pari\u00f3<br \/>apellidos respetables:<br \/>testigos y testimonio<br \/>de indelebles lealtades.<br \/>En mi barrio hay cofrad\u00edas<br \/>con aromas medievales,<br \/>amigas de las cadenas <br \/>y de dogmas seculares.<\/p><p>Mi barrio dibuja escudos<br \/>coronando los portales,<br \/>de muy rancios abolengos<br \/>y de oscuras vanidades.<br \/>Pero mi barrio tambi\u00e9n<br \/>sabe mirar adelante, <br \/>quiere encarar el ma\u00f1ana<br \/>y el presente m\u00e1s vibrante.<br \/>Mi barrio vive hacia dentro<br \/>y por sus poros se evade,<br \/>se proyecta hacia el pasado<br \/>y hacia el futuro se esparce.<br \/>En sus arterias, los piercings<br \/>se alinean con los trajes<br \/>y las severas beatas<br \/>con alegres colegiales.<br \/>\u00a0<br \/>Mi barrio a\u00fan se estremece<br \/>mirando al sol de la tarde<br \/>c\u00f3mo dibuja en el cielo<br \/>arreboles impensables.<br \/>Mi barrio tiene fronteras<br \/>que limitan con el aire,<br \/>con murallas infinitas,<br \/>con tapices celestiales.<br \/>Mi barrio es parte de m\u00ed<br \/>como yo de mis verdades; <br \/>no puedo reconocerme<br \/>sin mirarme en su paisaje.<\/p>\t\t\t\t\t\t<\/div>\n\t\t\t\t<\/div>\n\t\t\t\t\t<\/div>\n\t\t<\/div>\n\t\t\t\t<div class=\"elementor-column elementor-col-50 elementor-top-column elementor-element elementor-element-ca9cd79\" data-id=\"ca9cd79\" data-element_type=\"column\">\n\t\t\t<div class=\"elementor-widget-wrap elementor-element-populated\">\n\t\t\t\t\t\t<div class=\"elementor-element elementor-element-8c35636 elementor-widget elementor-widget-heading\" data-id=\"8c35636\" data-element_type=\"widget\" data-widget_type=\"heading.default\">\n\t\t\t\t<div class=\"elementor-widget-container\">\n\t\t\t<style>\/*! elementor - v3.20.0 - 20-03-2024 *\/\n.elementor-heading-title{padding:0;margin:0;line-height:1}.elementor-widget-heading .elementor-heading-title[class*=elementor-size-]>a{color:inherit;font-size:inherit;line-height:inherit}.elementor-widget-heading .elementor-heading-title.elementor-size-small{font-size:15px}.elementor-widget-heading .elementor-heading-title.elementor-size-medium{font-size:19px}.elementor-widget-heading .elementor-heading-title.elementor-size-large{font-size:29px}.elementor-widget-heading .elementor-heading-title.elementor-size-xl{font-size:39px}.elementor-widget-heading .elementor-heading-title.elementor-size-xxl{font-size:59px}<\/style><h2 class=\"elementor-heading-title elementor-size-default\">LA CIUDAD<\/h2>\t\t<\/div>\n\t\t\t\t<\/div>\n\t\t\t\t<div class=\"elementor-element elementor-element-c5b08a9 elementor-widget elementor-widget-text-editor\" data-id=\"c5b08a9\" data-element_type=\"widget\" data-widget_type=\"text-editor.default\">\n\t\t\t\t<div class=\"elementor-widget-container\">\n\t\t\t\t\t\t\t<p>Ronda, en sus or\u00edgenes, fue un asentamiento celta. Despu\u00e9s de esta civilizaci\u00f3n, por esta tajada roca han pasado todas las posibles. Todas ellas se vinieron a vivir a la plataforma Sur. En ella hicieron un castillo y, alrededor del mismo, unos asentamientos que configuraron un n\u00facleo de poblaci\u00f3n muy peque\u00f1o, que a trav\u00e9s de los siglos fue aumentado hasta finales del Siglo XII. Ese asentamiento que encontramos a\u00fan hoy en d\u00eda, es el que se conoce como \u201cLa Ciudad\u201d, porque fue el origen, el principio, el inicio de Ronda. Este conjunto de edificaciones, con ese urbanismo tan an\u00e1rquico, con esa sucesi\u00f3n de callejuelas, de plazuelas, de blancos, de negros, de marrones, de empedrados, es el conocido como \u201cConjunto Hist\u00f3rico Art\u00edstico de Ronda\u201d. <br \/>Siempre se ha dicho que en este sector de Ronda han vivido las familias nobles y adineradas de nuestra ciudad. Era un privilegio tener una casa solariega en Ronda en este sector. Cada una de ellas ten\u00eda necesidad de servicio, por lo que en el entorno de sus casas blasonadas hab\u00eda las de los vecinos donde, api\u00f1ados, viv\u00edan los miembros de aqu\u00e9l. Adem\u00e1s, pegadas a las casas nobles, viv\u00eda la servidumbre m\u00e1s cualificada: mayordomos, amas de llaves, se\u00f1oritas de compa\u00f1\u00eda, etc. \u00c9stos viv\u00edan en casas individuales cercanas a los se\u00f1oritos para cuando estos los necesitaran. Por decirlo de otra forma, eran los medio-privilegiados de aquella sociedad. <br \/>Pero dejemos la mayor o menor marginaci\u00f3n que sufr\u00edan unos en beneficio de otros y vayamos con el \u201cBarrio de La Ciudad\u201d. Un privilegio que s\u00f3lo se pod\u00edan permitir en aquellos tiempos, tan distintos y tan distantes en Andaluc\u00eda, ese grupo de personas que viv\u00edan en Ronda. Porque Ronda es un privilegio que Dios le otorg\u00f3 a los ronde\u00f1os. Aquella fortaleza natural, que ya perdi\u00f3 su sentido, es un recinto de una belleza sin igual, de un encanto \u00a1encantador!, de una paz tranquila, de un reposo sin descanso, de un relajo desestresante, y\u2026 \u00a1Ronda! No se equivoc\u00f3 quien dijo y dice, que Ronda es la ciudad m\u00e1s bonita de Espa\u00f1a. \u00a1Lo es! Pasear por la Ciudad al atardecer, al anochecer, de noche y al amanecer, es un placer que solo se puede dar aqu\u00ed. Disfrutar de sus mujeres, de sus calles, de su embrujo, de su gallard\u00eda, de su monumentalidad, de su hospitalidad, de su ambiente y su simpat\u00eda es algo que se da en Ronda y en pocas ciudades m\u00e1s. No es por tanto de extra\u00f1ar que los ronde\u00f1os estemos enamorados del \u201cBarrio de la Ciudad\u201d; no es de extra\u00f1ar que yo est\u00e9 enamorado de mi Ciudad. \u00a1Yo nac\u00ed en este Barrio!\u00a0<\/p>\t\t\t\t\t\t<\/div>\n\t\t\t\t<\/div>\n\t\t\t\t<div class=\"elementor-element elementor-element-1eab1f5 elementor-widget elementor-widget-image\" data-id=\"1eab1f5\" data-element_type=\"widget\" data-widget_type=\"image.default\">\n\t\t\t\t<div class=\"elementor-widget-container\">\n\t\t\t\t\t\t\t\t\t\t\t\t\t<img decoding=\"async\" width=\"550\" height=\"412\" src=\"http:\/\/www.josemariatornay.com\/wp-content\/uploads\/2020\/04\/laciudad2.jpg\" class=\"attachment-large size-large wp-image-20381\" alt=\"\" srcset=\"http:\/\/www.josemariatornay.com\/wp-content\/uploads\/2020\/04\/laciudad2.jpg 550w, http:\/\/www.josemariatornay.com\/wp-content\/uploads\/2020\/04\/laciudad2-300x225.jpg 300w\" sizes=\"(max-width: 550px) 100vw, 550px\" \/>\t\t\t\t\t\t\t\t\t\t\t\t\t<\/div>\n\t\t\t\t<\/div>\n\t\t\t\t\t<\/div>\n\t\t<\/div>\n\t\t\t\t\t<\/div>\n\t\t<\/section>\n\t\t\t\t<section class=\"elementor-section elementor-top-section elementor-element elementor-element-31a711c elementor-section-boxed elementor-section-height-default elementor-section-height-default\" data-id=\"31a711c\" data-element_type=\"section\">\n\t\t\t\t\t\t<div class=\"elementor-container elementor-column-gap-default\">\n\t\t\t\t\t<div class=\"elementor-column elementor-col-100 elementor-top-column elementor-element elementor-element-c8561f6\" data-id=\"c8561f6\" data-element_type=\"column\">\n\t\t\t<div class=\"elementor-widget-wrap elementor-element-populated\">\n\t\t\t\t\t\t<div class=\"elementor-element elementor-element-365cfd9 elementor-widget-divider--view-line elementor-widget elementor-widget-divider\" data-id=\"365cfd9\" data-element_type=\"widget\" data-widget_type=\"divider.default\">\n\t\t\t\t<div class=\"elementor-widget-container\">\n\t\t\t<style>\/*! elementor - v3.20.0 - 20-03-2024 *\/\n.elementor-widget-divider{--divider-border-style:none;--divider-border-width:1px;--divider-color:#0c0d0e;--divider-icon-size:20px;--divider-element-spacing:10px;--divider-pattern-height:24px;--divider-pattern-size:20px;--divider-pattern-url:none;--divider-pattern-repeat:repeat-x}.elementor-widget-divider .elementor-divider{display:flex}.elementor-widget-divider .elementor-divider__text{font-size:15px;line-height:1;max-width:95%}.elementor-widget-divider .elementor-divider__element{margin:0 var(--divider-element-spacing);flex-shrink:0}.elementor-widget-divider .elementor-icon{font-size:var(--divider-icon-size)}.elementor-widget-divider .elementor-divider-separator{display:flex;margin:0;direction:ltr}.elementor-widget-divider--view-line_icon .elementor-divider-separator,.elementor-widget-divider--view-line_text .elementor-divider-separator{align-items:center}.elementor-widget-divider--view-line_icon .elementor-divider-separator:after,.elementor-widget-divider--view-line_icon .elementor-divider-separator:before,.elementor-widget-divider--view-line_text .elementor-divider-separator:after,.elementor-widget-divider--view-line_text .elementor-divider-separator:before{display:block;content:\"\";border-block-end:0;flex-grow:1;border-block-start:var(--divider-border-width) var(--divider-border-style) var(--divider-color)}.elementor-widget-divider--element-align-left .elementor-divider .elementor-divider-separator>.elementor-divider__svg:first-of-type{flex-grow:0;flex-shrink:100}.elementor-widget-divider--element-align-left .elementor-divider-separator:before{content:none}.elementor-widget-divider--element-align-left .elementor-divider__element{margin-left:0}.elementor-widget-divider--element-align-right .elementor-divider .elementor-divider-separator>.elementor-divider__svg:last-of-type{flex-grow:0;flex-shrink:100}.elementor-widget-divider--element-align-right .elementor-divider-separator:after{content:none}.elementor-widget-divider--element-align-right .elementor-divider__element{margin-right:0}.elementor-widget-divider--element-align-start .elementor-divider .elementor-divider-separator>.elementor-divider__svg:first-of-type{flex-grow:0;flex-shrink:100}.elementor-widget-divider--element-align-start .elementor-divider-separator:before{content:none}.elementor-widget-divider--element-align-start .elementor-divider__element{margin-inline-start:0}.elementor-widget-divider--element-align-end .elementor-divider .elementor-divider-separator>.elementor-divider__svg:last-of-type{flex-grow:0;flex-shrink:100}.elementor-widget-divider--element-align-end .elementor-divider-separator:after{content:none}.elementor-widget-divider--element-align-end .elementor-divider__element{margin-inline-end:0}.elementor-widget-divider:not(.elementor-widget-divider--view-line_text):not(.elementor-widget-divider--view-line_icon) .elementor-divider-separator{border-block-start:var(--divider-border-width) var(--divider-border-style) var(--divider-color)}.elementor-widget-divider--separator-type-pattern{--divider-border-style:none}.elementor-widget-divider--separator-type-pattern.elementor-widget-divider--view-line .elementor-divider-separator,.elementor-widget-divider--separator-type-pattern:not(.elementor-widget-divider--view-line) .elementor-divider-separator:after,.elementor-widget-divider--separator-type-pattern:not(.elementor-widget-divider--view-line) .elementor-divider-separator:before,.elementor-widget-divider--separator-type-pattern:not([class*=elementor-widget-divider--view]) .elementor-divider-separator{width:100%;min-height:var(--divider-pattern-height);-webkit-mask-size:var(--divider-pattern-size) 100%;mask-size:var(--divider-pattern-size) 100%;-webkit-mask-repeat:var(--divider-pattern-repeat);mask-repeat:var(--divider-pattern-repeat);background-color:var(--divider-color);-webkit-mask-image:var(--divider-pattern-url);mask-image:var(--divider-pattern-url)}.elementor-widget-divider--no-spacing{--divider-pattern-size:auto}.elementor-widget-divider--bg-round{--divider-pattern-repeat:round}.rtl .elementor-widget-divider .elementor-divider__text{direction:rtl}.e-con-inner>.elementor-widget-divider,.e-con>.elementor-widget-divider{width:var(--container-widget-width,100%);--flex-grow:var(--container-widget-flex-grow)}<\/style>\t\t<div class=\"elementor-divider\">\n\t\t\t<span class=\"elementor-divider-separator\">\n\t\t\t\t\t\t<\/span>\n\t\t<\/div>\n\t\t\t\t<\/div>\n\t\t\t\t<\/div>\n\t\t\t\t\t<\/div>\n\t\t<\/div>\n\t\t\t\t\t<\/div>\n\t\t<\/section>\n\t\t\t\t<section class=\"elementor-section elementor-top-section elementor-element elementor-element-5c722b3 elementor-section-boxed elementor-section-height-default elementor-section-height-default\" data-id=\"5c722b3\" data-element_type=\"section\">\n\t\t\t\t\t\t<div class=\"elementor-container elementor-column-gap-default\">\n\t\t\t\t\t<div class=\"elementor-column elementor-col-50 elementor-top-column elementor-element elementor-element-88d7621\" data-id=\"88d7621\" data-element_type=\"column\">\n\t\t\t<div class=\"elementor-widget-wrap elementor-element-populated\">\n\t\t\t\t\t\t<div class=\"elementor-element elementor-element-d144824 elementor-widget elementor-widget-heading\" data-id=\"d144824\" data-element_type=\"widget\" data-widget_type=\"heading.default\">\n\t\t\t\t<div class=\"elementor-widget-container\">\n\t\t\t<h2 class=\"elementor-heading-title elementor-size-default\">PADRE JES\u00daS<\/h2>\t\t<\/div>\n\t\t\t\t<\/div>\n\t\t\t\t<div class=\"elementor-element elementor-element-627ca14 elementor-widget elementor-widget-text-editor\" data-id=\"627ca14\" data-element_type=\"widget\" data-widget_type=\"text-editor.default\">\n\t\t\t\t<div class=\"elementor-widget-container\">\n\t\t\t\t\t\t\t<p><br \/>Este sector de Ronda no est\u00e1 muy marcado topogr\u00e1ficamente, aunque si nos atenemos a su denominaci\u00f3n, es s\u00f3lo el que saliendo del puente de San Mi\u00adguel (Viejo), va hasta la Iglesia de Padre Jes\u00fas y rodea \u00e9sta hasta el plano alto, conformando las siguientes calles importantes: Real, Santa Cecilia, Los Vicente, Los Remedios, Cantos, Toma, Tomilla, Pe\u00f1as Altas, Pe\u00f1as Bajas, Callej\u00f3n de la Monjas, Escalona y La Mina. <br \/>El pueblo ha conocido siempre este barrio por el \u201cHoyo del Bote\u201d, debido a los recipientes de barro, que los alfareros de la zona fabricaban y pon\u00edan a la venta en el sector del Mercadillo. Posteriormente se dedic\u00f3 la Iglesia a Santa Cecilia, para en el siglo XIX romperle con el nombre de Padre Jes\u00fas, debido a la enorme devoci\u00f3n que El Nazareno con la cruz a cuestas despert\u00f3 en el barrio. <br \/>Siempre se consider\u00f3 a \u00e9ste como el Arrabal de Ronda y realmente lo era en la \u00e9poca \u00e1rabe y posterior, donde viv\u00edan las familias m\u00e1s pobres y los m\u00e1s marginados de la sociedad pudiente del barrio de la Ciudad. Se trata de un enclave t\u00edpicamente \u00e1rabe y que se levanta por el suelo pedregoso hacia la parte alta del plano, donde est\u00e1 en la actualidad toda la vida social, comercial y cultural de Ronda. Sus calles son muy empinadas, muy t\u00edpicas y carece de grandes casas solariegas, aunque s\u00ed dispone de casas de vecinos, unifamiliares y alg\u00fan asomo de mansi\u00f3n importante, que era donde se vinieron a vivir los comerciantes que se instalaron en este lado del puente. <br \/>La poblaci\u00f3n era m\u00ednima, porque siempre eran casas matas y no estaban constituidas m\u00e1s que de la planta baja y un piso. Posteriormente, ya en el siglo XX, se han construido algunos bloques de pisos, sobre todo en lo que eran los antiguos patios de vecinos, que, sin perder su estilo, son construcciones de tres plantas, muy bien distribuidos y con gran profusi\u00f3n de flores y vegetaci\u00f3n en general. <br \/>El Barrio de Padre Jes\u00fas tiene un sabor especial; a\u00fan existe la \u201cFuente de los Ocho Ca\u00f1os\u201d y el abrevadero para animales, el convento Madre de Dios y la antigua espada\u00f1a de los Trinitarios Calzados. Los habitantes son gente humilde, pero honrados trabajadores que han superado la mala fama del antiguo Arrabal y de los p\u00edcaros que en este sector de Ronda vivieron hace ya mucho tiempo.<\/p>\t\t\t\t\t\t<\/div>\n\t\t\t\t<\/div>\n\t\t\t\t\t<\/div>\n\t\t<\/div>\n\t\t\t\t<div class=\"elementor-column elementor-col-50 elementor-top-column elementor-element elementor-element-4867951\" data-id=\"4867951\" data-element_type=\"column\">\n\t\t\t<div class=\"elementor-widget-wrap elementor-element-populated\">\n\t\t\t\t\t\t<div class=\"elementor-element elementor-element-1cd7afc elementor-widget elementor-widget-image\" data-id=\"1cd7afc\" data-element_type=\"widget\" data-widget_type=\"image.default\">\n\t\t\t\t<div class=\"elementor-widget-container\">\n\t\t\t\t\t\t\t\t\t\t\t\t\t<img decoding=\"async\" width=\"550\" height=\"366\" src=\"http:\/\/www.josemariatornay.com\/wp-content\/uploads\/2020\/04\/barrio-padre-jesus.jpg\" class=\"attachment-large size-large wp-image-20382\" alt=\"\" srcset=\"http:\/\/www.josemariatornay.com\/wp-content\/uploads\/2020\/04\/barrio-padre-jesus.jpg 550w, http:\/\/www.josemariatornay.com\/wp-content\/uploads\/2020\/04\/barrio-padre-jesus-300x200.jpg 300w\" sizes=\"(max-width: 550px) 100vw, 550px\" \/>\t\t\t\t\t\t\t\t\t\t\t\t\t<\/div>\n\t\t\t\t<\/div>\n\t\t\t\t<div class=\"elementor-element elementor-element-31bb527 elementor-widget elementor-widget-text-editor\" data-id=\"31bb527\" data-element_type=\"widget\" data-widget_type=\"text-editor.default\">\n\t\t\t\t<div class=\"elementor-widget-container\">\n\t\t\t\t\t\t\t<p>\u00a1C\u00f3mo sube el nazareno <br \/>por la cuesta del calvario<br \/>siguiendo el itinerario<br \/>de su destino! Sereno,<br \/>con su cruz. El caminar<br \/>grave, amoroso, entregado<br \/>a la misi\u00f3n de salvar<br \/>al mundo de sus pecados.<br \/>La fe de este barrio en \u00c9l<br \/>les hizo tomar su nombre,<br \/>barrio de hembras y hombres<br \/>con un apellido: Fiel.<\/p>\t\t\t\t\t\t<\/div>\n\t\t\t\t<\/div>\n\t\t\t\t<div class=\"elementor-element elementor-element-f80fcdf elementor-widget elementor-widget-image\" data-id=\"f80fcdf\" data-element_type=\"widget\" data-widget_type=\"image.default\">\n\t\t\t\t<div class=\"elementor-widget-container\">\n\t\t\t\t\t\t\t\t\t\t\t\t\t<img loading=\"lazy\" decoding=\"async\" width=\"850\" height=\"426\" src=\"http:\/\/www.josemariatornay.com\/wp-content\/uploads\/2020\/04\/barriopadre-jesus-2.jpg\" class=\"attachment-large size-large wp-image-20383\" alt=\"\" srcset=\"http:\/\/www.josemariatornay.com\/wp-content\/uploads\/2020\/04\/barriopadre-jesus-2.jpg 850w, http:\/\/www.josemariatornay.com\/wp-content\/uploads\/2020\/04\/barriopadre-jesus-2-300x150.jpg 300w, http:\/\/www.josemariatornay.com\/wp-content\/uploads\/2020\/04\/barriopadre-jesus-2-768x385.jpg 768w\" sizes=\"(max-width: 850px) 100vw, 850px\" \/>\t\t\t\t\t\t\t\t\t\t\t\t\t<\/div>\n\t\t\t\t<\/div>\n\t\t\t\t\t<\/div>\n\t\t<\/div>\n\t\t\t\t\t<\/div>\n\t\t<\/section>\n\t\t\t\t<section class=\"elementor-section elementor-top-section elementor-element elementor-element-b75ab7f elementor-section-boxed elementor-section-height-default elementor-section-height-default\" data-id=\"b75ab7f\" data-element_type=\"section\">\n\t\t\t\t\t\t<div class=\"elementor-container elementor-column-gap-default\">\n\t\t\t\t\t<div class=\"elementor-column elementor-col-100 elementor-top-column elementor-element elementor-element-6bf48a8\" data-id=\"6bf48a8\" data-element_type=\"column\">\n\t\t\t<div class=\"elementor-widget-wrap elementor-element-populated\">\n\t\t\t\t\t\t<div class=\"elementor-element elementor-element-c9d7242 elementor-widget-divider--view-line elementor-widget elementor-widget-divider\" data-id=\"c9d7242\" data-element_type=\"widget\" data-widget_type=\"divider.default\">\n\t\t\t\t<div class=\"elementor-widget-container\">\n\t\t\t\t\t<div class=\"elementor-divider\">\n\t\t\t<span class=\"elementor-divider-separator\">\n\t\t\t\t\t\t<\/span>\n\t\t<\/div>\n\t\t\t\t<\/div>\n\t\t\t\t<\/div>\n\t\t\t\t\t<\/div>\n\t\t<\/div>\n\t\t\t\t\t<\/div>\n\t\t<\/section>\n\t\t\t\t<section class=\"elementor-section elementor-top-section elementor-element elementor-element-62050c9 elementor-section-boxed elementor-section-height-default elementor-section-height-default\" data-id=\"62050c9\" data-element_type=\"section\">\n\t\t\t\t\t\t<div class=\"elementor-container elementor-column-gap-default\">\n\t\t\t\t\t<div class=\"elementor-column elementor-col-50 elementor-top-column elementor-element elementor-element-020a744\" data-id=\"020a744\" data-element_type=\"column\">\n\t\t\t<div class=\"elementor-widget-wrap elementor-element-populated\">\n\t\t\t\t\t\t<div class=\"elementor-element elementor-element-d5ad165 elementor-widget elementor-widget-image\" data-id=\"d5ad165\" data-element_type=\"widget\" data-widget_type=\"image.default\">\n\t\t\t\t<div class=\"elementor-widget-container\">\n\t\t\t\t\t\t\t\t\t\t\t\t\t<img loading=\"lazy\" decoding=\"async\" width=\"275\" height=\"183\" src=\"http:\/\/www.josemariatornay.com\/wp-content\/uploads\/2020\/04\/barriosanfranciso.jpg\" class=\"attachment-large size-large wp-image-20385\" alt=\"\" \/>\t\t\t\t\t\t\t\t\t\t\t\t\t<\/div>\n\t\t\t\t<\/div>\n\t\t\t\t<div class=\"elementor-element elementor-element-9684420 elementor-widget elementor-widget-text-editor\" data-id=\"9684420\" data-element_type=\"widget\" data-widget_type=\"text-editor.default\">\n\t\t\t\t<div class=\"elementor-widget-container\">\n\t\t\t\t\t\t\t<p>Con sus calles empedradas<br \/>y su dilatada historia,<br \/>con \u201cEl Sucio\u201d en la memoria<br \/>y sus tremendas heladas.<br \/>\u00a0<br \/>Su Llanete y sus pendientes,<br \/>con sus bares y sus due\u00f1os<br \/>y Paquillo \u201cel Pujarre\u00f1o\u201d,<br \/>paradigma de sus gentes.<br \/>\u00a0<br \/>Con su santa cofrad\u00eda:<br \/>Hermandad del Santo Entierro,<br \/>sus balcones y sus cierros,<br \/>su tristeza y su alegr\u00eda.<\/p><p>Con su pilar centenario,<br \/>con su Iglesia y sus conventos,<br \/>su falta de aparcamientos<br \/>y con su traj\u00edn diario<br \/>\u00a0<br \/>Con sus viejos y sus ni\u00f1os,<br \/>con su alameda y su feria,<br \/>su sabor a periferia,<br \/>sus monjas y sus pesti\u00f1os.<br \/>\u00a0<br \/>Con sus osados empe\u00f1os,<br \/>con su propia idiosincrasia,<br \/>\u00e9l es por antonomasia<br \/>el barrio de los ronde\u00f1os.<\/p>\t\t\t\t\t\t<\/div>\n\t\t\t\t<\/div>\n\t\t\t\t\t<\/div>\n\t\t<\/div>\n\t\t\t\t<div class=\"elementor-column elementor-col-50 elementor-top-column elementor-element elementor-element-2aa5527\" data-id=\"2aa5527\" data-element_type=\"column\">\n\t\t\t<div class=\"elementor-widget-wrap elementor-element-populated\">\n\t\t\t\t\t\t<div class=\"elementor-element elementor-element-3941ff3 elementor-widget elementor-widget-heading\" data-id=\"3941ff3\" data-element_type=\"widget\" data-widget_type=\"heading.default\">\n\t\t\t\t<div class=\"elementor-widget-container\">\n\t\t\t<h2 class=\"elementor-heading-title elementor-size-default\">SAN FRANCISCO<\/h2>\t\t<\/div>\n\t\t\t\t<\/div>\n\t\t\t\t<div class=\"elementor-element elementor-element-c78221c elementor-widget elementor-widget-text-editor\" data-id=\"c78221c\" data-element_type=\"widget\" data-widget_type=\"text-editor.default\">\n\t\t\t\t<div class=\"elementor-widget-container\">\n\t\t\t\t\t\t\t<p>Cuando en el a\u00f1o 1485, el d\u00eda de Pentecost\u00e9s, el Rey Fernando El Cat\u00f3lico, dej\u00f3 su asentamiento cerca del Predicatorio o almacenamiento de aguas, para entrar en la ciudad, le cedi\u00f3 a la Orden de San Francisco aquel lugar, para \u00e9l, casi sagrado, con el fin de que all\u00ed los Franciscanos se instalaran de por vida. De ah\u00ed el nombre de San Francisco de este barrio m\u00e1s moderno y extramuros de la ciudad. <br \/>Rota la muralla por donde hab\u00eda estado la torre del homenaje, por el alf\u00e9rez Y\u00e1\u00f1ez Fajardo y sus valientes, empez\u00f3 la ca\u00edda de Ronda. As\u00ed pas\u00f3 de manos musulmanas a manos cristianas. El rey recibi\u00f3 las llaves de la ciudad del Alcaide \u00e1rabe Hamet el Zegrib, all\u00ed en la puerta conocida por los \u00e1rabes como puerta del cementerio (Almakabir-Almoc\u00e1bar), pues \u00e9ste estaba justo a la salida, es decir, en la que se conoce ahora como Alameda de San Francisco. <br \/>Delante de la ruinas de la torre del homenaje, el rey dio gracias al Esp\u00edritu Santo y a la Virgen de la Encarnaci\u00f3n por aquella recuperaci\u00f3n para el cristianismo de esta bella ciudad. Y all\u00ed, ante aquellas ruinas, mand\u00f3 que se construyese una iglesia en memoria del santo del d\u00eda, el Esp\u00edritu Santo. El monarca empez\u00f3 a subir por aquel terrapl\u00e9n que lo separaba de la Alcazaba y mand\u00f3 nominar aquel como calle Real. Hab\u00eda dejado atr\u00e1s lo que ser\u00eda con el tiempo un barrio privilegiado de Ronda, pues partiendo del asentamiento de sus tropas, empez\u00f3 a construirse un peque\u00f1o poblado promocionado por los Franciscanos y su santo protector, que hoy configura una peque\u00f1a poblaci\u00f3n extramuros, pero anexionada a la ciudad de Ronda. <br \/>Un anexo muy particular, pues social y culturalmente, son como una pobla\u00adci\u00f3n aparte y as\u00ed se han sentido ellos siempre: \u00a1del barrio de San Francisco, pero ronde\u00f1os! Al principio fue un barrio de agricultores y ganaderos, auspiciado por los Franciscanos. Hombres trabajadores, mujeres bell\u00edsimas, barrio encantador con sus dos bastiones cerr\u00e1ndolo, San Francisco y el Esp\u00edritu Santo.<\/p>\t\t\t\t\t\t<\/div>\n\t\t\t\t<\/div>\n\t\t\t\t\t<\/div>\n\t\t<\/div>\n\t\t\t\t\t<\/div>\n\t\t<\/section>\n\t\t\t\t<section class=\"elementor-section elementor-top-section elementor-element elementor-element-090ddea elementor-section-boxed elementor-section-height-default elementor-section-height-default\" data-id=\"090ddea\" data-element_type=\"section\">\n\t\t\t\t\t\t<div class=\"elementor-container elementor-column-gap-default\">\n\t\t\t\t\t<div class=\"elementor-column elementor-col-100 elementor-top-column elementor-element elementor-element-2d2df14\" data-id=\"2d2df14\" data-element_type=\"column\">\n\t\t\t<div class=\"elementor-widget-wrap elementor-element-populated\">\n\t\t\t\t\t\t<div class=\"elementor-element elementor-element-797568b elementor-widget-divider--view-line elementor-widget elementor-widget-divider\" data-id=\"797568b\" data-element_type=\"widget\" data-widget_type=\"divider.default\">\n\t\t\t\t<div class=\"elementor-widget-container\">\n\t\t\t\t\t<div class=\"elementor-divider\">\n\t\t\t<span class=\"elementor-divider-separator\">\n\t\t\t\t\t\t<\/span>\n\t\t<\/div>\n\t\t\t\t<\/div>\n\t\t\t\t<\/div>\n\t\t\t\t\t<\/div>\n\t\t<\/div>\n\t\t\t\t\t<\/div>\n\t\t<\/section>\n\t\t\t\t<section class=\"elementor-section elementor-top-section elementor-element elementor-element-7e7e655 elementor-section-boxed elementor-section-height-default elementor-section-height-default\" data-id=\"7e7e655\" data-element_type=\"section\">\n\t\t\t\t\t\t<div class=\"elementor-container elementor-column-gap-default\">\n\t\t\t\t\t<div class=\"elementor-column elementor-col-50 elementor-top-column elementor-element elementor-element-e3d3a11\" data-id=\"e3d3a11\" data-element_type=\"column\">\n\t\t\t<div class=\"elementor-widget-wrap elementor-element-populated\">\n\t\t\t\t\t\t<div class=\"elementor-element elementor-element-e6c5e12 elementor-widget elementor-widget-heading\" data-id=\"e6c5e12\" data-element_type=\"widget\" data-widget_type=\"heading.default\">\n\t\t\t\t<div class=\"elementor-widget-container\">\n\t\t\t<h2 class=\"elementor-heading-title elementor-size-default\">EL MERCADILLO<\/h2>\t\t<\/div>\n\t\t\t\t<\/div>\n\t\t\t\t<div class=\"elementor-element elementor-element-d9dc4af elementor-widget elementor-widget-text-editor\" data-id=\"d9dc4af\" data-element_type=\"widget\" data-widget_type=\"text-editor.default\">\n\t\t\t\t<div class=\"elementor-widget-container\">\n\t\t\t\t\t\t\t<p>Ronda, a partir de principios del siglo XIX, una vez que se construye definitivamente el Puente Nuevo, se escapa hacia el Noroeste y Norte del gran plano de la roca Norte, empezando un desarrollo que no se hab\u00eda producido anteriormente por las dificultades orogr\u00e1ficas desde sus puentes viejos hacia arriba. <br \/>Se le llam\u00f3 Barrio del Mercadillo, porque es en este sector de Ronda, en este llano enorme, donde se instalan los comercios de nuestra ciudad, habiendo sido desde principios del siglo XIX, el centro comercial, social, financiero y cultura de Ronda. A partir del Puente Nuevo se empiezan a construir las grandes arterias de la ciudad: calle Virgen de la Paz y Jerez, calle Carrera Espinel (La Bola), Nueva y Tiendas, calle Sevilla, calle Lorenzo Borrego, el Cristo e Infantes, calle Almendra y Roger de Lauria (Ej\u00e9rcito Espa\u00f1ol), avenida de la Estaci\u00f3n, etc. <br \/>Ronda empieza a crecer, no solo a lo largo sino tambi\u00e9n a lo alto. Menos mal que, aunque se inici\u00f3 un principio de especulaci\u00f3n del suelo con edificios de siete plantas, esto se pudo parar y se normaliz\u00f3 la altura a unos criterios m\u00e1s adecuados al tipo de ciudad que Ronda deber\u00eda tener. En la actualidad, este barrio es un hervidero de gentes que van y vienen por el centro comercial, que se ha ido adaptando lentamente a los tiempos m\u00e1s modernos y de aquello comercios vetustos de principios y mediados de del siglo XX hemos pasado a una serie de negocios modernos y actualizados que son envidia de los que nos visitan. <br \/>Han proliferado los bancos, los bares, los restaurantes, los negocios en general, que han convertido a Ronda en una de las ciudades m\u00e1s visitadas de Andaluc\u00eda. Con una serie de calles peatonalizadas, sobre todo la de la Carrera Espinel (La Bola) que se encuentra en fase de ser un Centro Comercial abierto, seg\u00fan nos vienen diciendo desde a\u00f1os atr\u00e1s. La verdad es que esta \u201cCiudad Serrana\u201d se ha constituido en la actualidad como un centro tur\u00edstico important\u00edsimo hasta haberse convertido en la forma de vida de los ronde\u00f1os y de muchas familias de la Serran\u00eda. A\u00fan necesitamos un pen\u00faltimo empujoncito para mejorar nuestras comunicaciones y dotar a Ronda definitivamente de las estructuras necesarias para que se convierta en el coraz\u00f3n de la Comarca en el siglo XXI. .<\/p>\t\t\t\t\t\t<\/div>\n\t\t\t\t<\/div>\n\t\t\t\t\t<\/div>\n\t\t<\/div>\n\t\t\t\t<div class=\"elementor-column elementor-col-50 elementor-top-column elementor-element elementor-element-323a685\" data-id=\"323a685\" data-element_type=\"column\">\n\t\t\t<div class=\"elementor-widget-wrap elementor-element-populated\">\n\t\t\t\t\t\t<div class=\"elementor-element elementor-element-26b16c0 elementor-widget elementor-widget-image\" data-id=\"26b16c0\" data-element_type=\"widget\" data-widget_type=\"image.default\">\n\t\t\t\t<div class=\"elementor-widget-container\">\n\t\t\t\t\t\t\t\t\t\t\t\t\t<img decoding=\"async\" src=\"http:\/\/www.josemariatornay.com\/wp-content\/uploads\/elementor\/thumbs\/elmercadillo-opnel798cvyuo2m7rm97njv55b0d1vbqyzwt4v4e80.jpg\" title=\"elmercadillo\" alt=\"elmercadillo\" loading=\"lazy\" \/>\t\t\t\t\t\t\t\t\t\t\t\t\t<\/div>\n\t\t\t\t<\/div>\n\t\t\t\t<div class=\"elementor-element elementor-element-4e652c5 elementor-widget elementor-widget-text-editor\" data-id=\"4e652c5\" data-element_type=\"widget\" data-widget_type=\"text-editor.default\">\n\t\t\t\t<div class=\"elementor-widget-container\">\n\t\t\t\t\t\t\t<p>La nueva Ronda arranca desde el Tajo,<br \/>vencido por el Puente,<br \/>impresionante atajo,<br \/>conjunci\u00f3n entre el Este y el Poniente.<br \/>Una nueva ciudad,<br \/>otro horizonte,<br \/>un buen camino hacia la actualidad.<br \/>Desde aqu\u00ed no ha parado de crecer,<br \/>como un adolescente,<br \/>buscando las alturas,<br \/>pre\u00f1ando de simiente<br \/>los llanos y los cerros,<br \/>pero poniendo a salvo en su viaje<br \/>su sustancia de reina,<br \/>su valioso equipaje.<br \/>La nueva Ronda arranca desde el puente,<br \/>por sus venas se esparce<br \/>inundando a su gente<br \/>de nobleza serrana,<br \/>de ronde\u00f1ismo s\u00f3lido y caliente.<\/p>\t\t\t\t\t\t<\/div>\n\t\t\t\t<\/div>\n\t\t\t\t\t<\/div>\n\t\t<\/div>\n\t\t\t\t\t<\/div>\n\t\t<\/section>\n\t\t\t\t<section class=\"elementor-section elementor-top-section elementor-element elementor-element-f95ba75 elementor-section-boxed elementor-section-height-default elementor-section-height-default\" data-id=\"f95ba75\" data-element_type=\"section\">\n\t\t\t\t\t\t<div class=\"elementor-container elementor-column-gap-default\">\n\t\t\t\t\t<div class=\"elementor-column elementor-col-100 elementor-top-column elementor-element elementor-element-f36a993\" data-id=\"f36a993\" data-element_type=\"column\">\n\t\t\t<div class=\"elementor-widget-wrap elementor-element-populated\">\n\t\t\t\t\t\t<div class=\"elementor-element elementor-element-6294b60 elementor-widget-divider--view-line elementor-widget elementor-widget-divider\" data-id=\"6294b60\" data-element_type=\"widget\" data-widget_type=\"divider.default\">\n\t\t\t\t<div class=\"elementor-widget-container\">\n\t\t\t\t\t<div class=\"elementor-divider\">\n\t\t\t<span class=\"elementor-divider-separator\">\n\t\t\t\t\t\t<\/span>\n\t\t<\/div>\n\t\t\t\t<\/div>\n\t\t\t\t<\/div>\n\t\t\t\t\t<\/div>\n\t\t<\/div>\n\t\t\t\t\t<\/div>\n\t\t<\/section>\n\t\t\t\t<\/div>\n\t\t","protected":false},"excerpt":{"rendered":"<p>Como una noche incendiadami barrio tiene la sangre:azul de mirar al cielo,dulce de tanto mirarse.Mi barrio tiene una luzque derrama por sus callescomo un tesoro infinitode todos, pero de nadie.Mi barrio est\u00e1 siempre llenode gentes de todas partesque nunca comprender\u00e1nsus secretos ancestrales,esos que s\u00f3lo conocenlos que sus sue\u00f1os comparten.\u00a0Mi barrio tiene la pielcurtida por mil [&hellip;]<\/p>\n","protected":false},"author":1,"featured_media":0,"parent":0,"menu_order":0,"comment_status":"closed","ping_status":"closed","template":"","meta":{"_aioseop_title":"","_aioseop_description":"","ngg_post_thumbnail":0,"footnotes":""},"_links":{"self":[{"href":"http:\/\/www.josemariatornay.com\/index.php\/wp-json\/wp\/v2\/pages\/20240"}],"collection":[{"href":"http:\/\/www.josemariatornay.com\/index.php\/wp-json\/wp\/v2\/pages"}],"about":[{"href":"http:\/\/www.josemariatornay.com\/index.php\/wp-json\/wp\/v2\/types\/page"}],"author":[{"embeddable":true,"href":"http:\/\/www.josemariatornay.com\/index.php\/wp-json\/wp\/v2\/users\/1"}],"replies":[{"embeddable":true,"href":"http:\/\/www.josemariatornay.com\/index.php\/wp-json\/wp\/v2\/comments?post=20240"}],"version-history":[{"count":0,"href":"http:\/\/www.josemariatornay.com\/index.php\/wp-json\/wp\/v2\/pages\/20240\/revisions"}],"wp:attachment":[{"href":"http:\/\/www.josemariatornay.com\/index.php\/wp-json\/wp\/v2\/media?parent=20240"}],"curies":[{"name":"wp","href":"https:\/\/api.w.org\/{rel}","templated":true}]}}