{"id":5374,"date":"2016-11-21T22:23:58","date_gmt":"2016-11-21T21:23:58","guid":{"rendered":"http:\/\/www.josemariatornay.com\/index.php\/mis-libros\/ronda-y-yo-nuestras-pequenas-cosas\/"},"modified":"2018-10-05T21:04:45","modified_gmt":"2018-10-05T20:04:45","slug":"ronda-y-yo-nuestras-pequenas-cosas","status":"publish","type":"page","link":"http:\/\/www.josemariatornay.com\/index.php\/ronda-y-yo-nuestras-pequenas-cosas\/","title":{"rendered":"Ronda y Yo: nuestras peque\u00f1as cosas"},"content":{"rendered":"\t\t<div data-elementor-type=\"wp-post\" data-elementor-id=\"5374\" class=\"elementor elementor-5374 elementor-bc-flex-widget\">\n\t\t\t\t\t\t<section class=\"elementor-section elementor-top-section elementor-element elementor-element-2efb300 elementor-section-boxed elementor-section-height-default elementor-section-height-default\" data-id=\"2efb300\" data-element_type=\"section\">\n\t\t\t\t\t\t<div class=\"elementor-container elementor-column-gap-default\">\n\t\t\t\t\t<div class=\"elementor-column elementor-col-100 elementor-top-column elementor-element elementor-element-e6a9a12\" data-id=\"e6a9a12\" data-element_type=\"column\">\n\t\t\t<div class=\"elementor-widget-wrap elementor-element-populated\">\n\t\t\t\t\t\t<div class=\"elementor-element elementor-element-81ee501 elementor-widget elementor-widget-heading\" data-id=\"81ee501\" data-element_type=\"widget\" data-widget_type=\"heading.default\">\n\t\t\t\t<div class=\"elementor-widget-container\">\n\t\t\t<style>\/*! elementor - v3.20.0 - 20-03-2024 *\/\n.elementor-heading-title{padding:0;margin:0;line-height:1}.elementor-widget-heading .elementor-heading-title[class*=elementor-size-]>a{color:inherit;font-size:inherit;line-height:inherit}.elementor-widget-heading .elementor-heading-title.elementor-size-small{font-size:15px}.elementor-widget-heading .elementor-heading-title.elementor-size-medium{font-size:19px}.elementor-widget-heading .elementor-heading-title.elementor-size-large{font-size:29px}.elementor-widget-heading .elementor-heading-title.elementor-size-xl{font-size:39px}.elementor-widget-heading .elementor-heading-title.elementor-size-xxl{font-size:59px}<\/style><h2 class=\"elementor-heading-title elementor-size-large\">RONDA Y YO: NUESTRAS PEQUE\u00d1AS COSAS<\/h2>\t\t<\/div>\n\t\t\t\t<\/div>\n\t\t\t\t\t<\/div>\n\t\t<\/div>\n\t\t\t\t\t<\/div>\n\t\t<\/section>\n\t\t\t\t<section class=\"elementor-section elementor-top-section elementor-element elementor-element-254d34e elementor-section-boxed elementor-section-height-default elementor-section-height-default\" data-id=\"254d34e\" data-element_type=\"section\">\n\t\t\t\t\t\t<div class=\"elementor-container elementor-column-gap-default\">\n\t\t\t\t\t<div class=\"elementor-column elementor-col-50 elementor-top-column elementor-element elementor-element-4a38be2\" data-id=\"4a38be2\" data-element_type=\"column\">\n\t\t\t<div class=\"elementor-widget-wrap elementor-element-populated\">\n\t\t\t\t\t\t<div class=\"elementor-element elementor-element-2dbdb31 elementor-widget elementor-widget-image\" data-id=\"2dbdb31\" data-element_type=\"widget\" data-widget_type=\"image.default\">\n\t\t\t\t<div class=\"elementor-widget-container\">\n\t\t\t<style>\/*! elementor - v3.20.0 - 20-03-2024 *\/\n.elementor-widget-image{text-align:center}.elementor-widget-image a{display:inline-block}.elementor-widget-image a img[src$=\".svg\"]{width:48px}.elementor-widget-image img{vertical-align:middle;display:inline-block}<\/style>\t\t\t\t\t\t\t\t\t\t<img fetchpriority=\"high\" decoding=\"async\" width=\"228\" height=\"320\" src=\"http:\/\/www.josemariatornay.com\/wp-content\/uploads\/2016\/11\/ronda-pequenas-cosas.jpg\" class=\"attachment-large size-large wp-image-16738\" alt=\"\" srcset=\"http:\/\/www.josemariatornay.com\/wp-content\/uploads\/2016\/11\/ronda-pequenas-cosas.jpg 228w, http:\/\/www.josemariatornay.com\/wp-content\/uploads\/2016\/11\/ronda-pequenas-cosas-214x300.jpg 214w\" sizes=\"(max-width: 228px) 100vw, 228px\" \/>\t\t\t\t\t\t\t\t\t\t\t\t\t<\/div>\n\t\t\t\t<\/div>\n\t\t\t\t\t<\/div>\n\t\t<\/div>\n\t\t\t\t<div class=\"elementor-column elementor-col-50 elementor-top-column elementor-element elementor-element-e3b3239\" data-id=\"e3b3239\" data-element_type=\"column\">\n\t\t\t<div class=\"elementor-widget-wrap elementor-element-populated\">\n\t\t\t\t\t\t<section class=\"elementor-section elementor-inner-section elementor-element elementor-element-551a5d1 elementor-section-boxed elementor-section-height-default elementor-section-height-default\" data-id=\"551a5d1\" data-element_type=\"section\">\n\t\t\t\t\t\t<div class=\"elementor-container elementor-column-gap-default\">\n\t\t\t\t\t<div class=\"elementor-column elementor-col-50 elementor-inner-column elementor-element elementor-element-32738d1\" data-id=\"32738d1\" data-element_type=\"column\">\n\t\t\t<div class=\"elementor-widget-wrap elementor-element-populated\">\n\t\t\t\t\t\t<div class=\"elementor-element elementor-element-397c4a7 elementor-widget elementor-widget-heading\" data-id=\"397c4a7\" data-element_type=\"widget\" data-widget_type=\"heading.default\">\n\t\t\t\t<div class=\"elementor-widget-container\">\n\t\t\t<h2 class=\"elementor-heading-title elementor-size-default\"><a href=\"http:\/\/www.josemariatornay.com\/wp-content\/uploads\/2018\/10\/RONDA-y-YO-NUESTRAS-PEQUE\uffc3\uff91AS-COSAS.pdf\">Bajar en pdf<\/a><\/h2>\t\t<\/div>\n\t\t\t\t<\/div>\n\t\t\t\t<div class=\"elementor-element elementor-element-4670463 elementor-widget elementor-widget-video\" data-id=\"4670463\" data-element_type=\"widget\" data-settings=\"{&quot;youtube_url&quot;:&quot;https:\\\/\\\/www.youtube.com\\\/watch?v=ESKB-K8JKw4&quot;,&quot;video_type&quot;:&quot;youtube&quot;,&quot;controls&quot;:&quot;yes&quot;}\" data-widget_type=\"video.default\">\n\t\t\t\t<div class=\"elementor-widget-container\">\n\t\t\t<style>\/*! elementor - v3.20.0 - 20-03-2024 *\/\n.elementor-widget-video .elementor-widget-container{overflow:hidden;transform:translateZ(0)}.elementor-widget-video .elementor-wrapper{aspect-ratio:var(--video-aspect-ratio)}.elementor-widget-video .elementor-wrapper iframe,.elementor-widget-video .elementor-wrapper video{height:100%;width:100%;display:flex;border:none;background-color:#000}@supports not (aspect-ratio:1\/1){.elementor-widget-video .elementor-wrapper{position:relative;overflow:hidden;height:0;padding-bottom:calc(100% \/ var(--video-aspect-ratio))}.elementor-widget-video .elementor-wrapper iframe,.elementor-widget-video .elementor-wrapper video{position:absolute;top:0;right:0;bottom:0;left:0}}.elementor-widget-video .elementor-open-inline .elementor-custom-embed-image-overlay{position:absolute;top:0;right:0;bottom:0;left:0;background-size:cover;background-position:50%}.elementor-widget-video .elementor-custom-embed-image-overlay{cursor:pointer;text-align:center}.elementor-widget-video .elementor-custom-embed-image-overlay:hover .elementor-custom-embed-play i{opacity:1}.elementor-widget-video .elementor-custom-embed-image-overlay img{display:block;width:100%;aspect-ratio:var(--video-aspect-ratio);-o-object-fit:cover;object-fit:cover;-o-object-position:center center;object-position:center center}@supports not (aspect-ratio:1\/1){.elementor-widget-video .elementor-custom-embed-image-overlay{position:relative;overflow:hidden;height:0;padding-bottom:calc(100% \/ var(--video-aspect-ratio))}.elementor-widget-video .elementor-custom-embed-image-overlay img{position:absolute;top:0;right:0;bottom:0;left:0}}.elementor-widget-video .e-hosted-video .elementor-video{-o-object-fit:cover;object-fit:cover}.e-con-inner>.elementor-widget-video,.e-con>.elementor-widget-video{width:var(--container-widget-width);--flex-grow:var(--container-widget-flex-grow)}<\/style>\t\t<div class=\"elementor-wrapper elementor-open-inline\">\n\t\t\t<div class=\"elementor-video\"><\/div>\t\t<\/div>\n\t\t\t\t<\/div>\n\t\t\t\t<\/div>\n\t\t\t\t\t<\/div>\n\t\t<\/div>\n\t\t\t\t<div class=\"elementor-column elementor-col-50 elementor-inner-column elementor-element elementor-element-2b8b5ea\" data-id=\"2b8b5ea\" data-element_type=\"column\">\n\t\t\t<div class=\"elementor-widget-wrap elementor-element-populated\">\n\t\t\t\t\t\t<div class=\"elementor-element elementor-element-2b11dcd elementor-widget elementor-widget-heading\" data-id=\"2b11dcd\" data-element_type=\"widget\" data-widget_type=\"heading.default\">\n\t\t\t\t<div class=\"elementor-widget-container\">\n\t\t\t<h2 class=\"elementor-heading-title elementor-size-default\"><a href=\"http:\/\/www.lulu.com\/shop\/jos%C3%A9-mar%C3%ADa-tornay-ruiz\/ronda-y-yo-nuestras-peque%C3%B1as-cosas\/ebook\/product-18597476.html\">Comprar en papel<\/a><\/h2>\t\t<\/div>\n\t\t\t\t<\/div>\n\t\t\t\t<div class=\"elementor-element elementor-element-a8014f3 elementor-widget elementor-widget-video\" data-id=\"a8014f3\" data-element_type=\"widget\" data-settings=\"{&quot;youtube_url&quot;:&quot;https:\\\/\\\/www.youtube.com\\\/watch?v=I6415ZBirbk&quot;,&quot;video_type&quot;:&quot;youtube&quot;,&quot;controls&quot;:&quot;yes&quot;}\" data-widget_type=\"video.default\">\n\t\t\t\t<div class=\"elementor-widget-container\">\n\t\t\t\t\t<div class=\"elementor-wrapper elementor-open-inline\">\n\t\t\t<div class=\"elementor-video\"><\/div>\t\t<\/div>\n\t\t\t\t<\/div>\n\t\t\t\t<\/div>\n\t\t\t\t\t<\/div>\n\t\t<\/div>\n\t\t\t\t\t<\/div>\n\t\t<\/section>\n\t\t\t\t\t<\/div>\n\t\t<\/div>\n\t\t\t\t\t<\/div>\n\t\t<\/section>\n\t\t\t\t<section class=\"elementor-section elementor-top-section elementor-element elementor-element-2081 elementor-section-boxed elementor-section-height-default elementor-section-height-default\" data-id=\"2081\" data-element_type=\"section\">\n\t\t\t\t\t\t<div class=\"elementor-container elementor-column-gap-default\">\n\t\t\t\t\t<div class=\"elementor-column elementor-col-100 elementor-top-column elementor-element elementor-element-7905\" data-id=\"7905\" data-element_type=\"column\">\n\t\t\t<div class=\"elementor-widget-wrap elementor-element-populated\">\n\t\t\t\t\t\t<div class=\"elementor-element elementor-element-46a0 elementor-widget elementor-widget-text-editor\" data-id=\"46a0\" data-element_type=\"widget\" data-widget_type=\"text-editor.default\">\n\t\t\t\t<div class=\"elementor-widget-container\">\n\t\t\t<style>\/*! elementor - v3.20.0 - 20-03-2024 *\/\n.elementor-widget-text-editor.elementor-drop-cap-view-stacked .elementor-drop-cap{background-color:#69727d;color:#fff}.elementor-widget-text-editor.elementor-drop-cap-view-framed .elementor-drop-cap{color:#69727d;border:3px solid;background-color:transparent}.elementor-widget-text-editor:not(.elementor-drop-cap-view-default) .elementor-drop-cap{margin-top:8px}.elementor-widget-text-editor:not(.elementor-drop-cap-view-default) .elementor-drop-cap-letter{width:1em;height:1em}.elementor-widget-text-editor .elementor-drop-cap{float:left;text-align:center;line-height:1;font-size:50px}.elementor-widget-text-editor .elementor-drop-cap-letter{display:inline-block}<\/style>\t\t\t\t<div class=\"art-content-layout\"><div class=\"art-content-layout-row\"><div class=\"art-layout-cell\" style=\"width: 25%;\"><p style=\"text-align: justify;\"><br \/>Recojo aqu\u00ed los poemas que aparecieron en el libro \u00abRonda: dos miradas diferentes sobre una ciudad \u00fanica\u00bb, que en compa\u00f1\u00eda de mi entra\u00f1able y a\u00f1orado amigo, Jos\u00e9 Mar\u00eda Ortega, publicamos hace ya algunos a\u00f1os y que se puede consultar. A\u00f1ado, adem\u00e1s los poemas que estaban destinados a una segunda edici\u00f3n ampliada, que el fallecimiento de mi compa\u00f1ero, frustr\u00f3. \u00a0El libro puede adquirirse en la editorial Lul\u00fa. En esta p\u00e1gina pueden consultarse en MIS LIBROS &#8211; CICERONE Y TROVADOR, que recoge en su totalidad el contenido del libro RONDA: DOS MIRADAS DIFERENTES SOBRE UNA CIUDAD \u00daNICA.<\/p><\/div><div class=\"art-layout-cell\" style=\"width: 75%;\">\u00abAquellas peque\u00f1as cosas\u00bb es una preciosa canci\u00f3n de Serrat, dentro de la cual, a la manera de un estuche musical, introduje mi preg\u00f3n de feria en el a\u00f1o 2009. All\u00ed cantaba a esas peque\u00f1as cosas, que son las que hacen grande nuestra vida. Adem\u00e1s de lo que all\u00ed contaba, en el libro, al alim\u00f3n con mi amigo Jos\u00e9 Mar\u00eda Ortega, \u00abRonda. Dos miradas diferentes sobre una ciudad \u00fanica\u00bb, incorpor\u00e9 un importante n\u00famero m\u00e1s de rincones, calles y personajes de esta tierra ronde\u00f1a. En esta recopilaci\u00f3n recojo, adem\u00e1s, otros varios poemas que no entraron en el citado libro.<br \/>Este es el PR\u00d3LOGOque acompa\u00f1a a los textos:<br \/><br \/>Alrededor del encargo que recibo en mayo de 2009 de pregonar a Ronda y a su Feria de Pedro Romero, surge un material que sobrepasa con creces las posibilidades formales y temporales de lo que, entiendo, debe ser un tarea de estas caracter\u00edsticas.<br \/>Al final, us\u00e9 en dicho acontecimiento 21 poemas de los 126 de que dispon\u00eda, entre los que hab\u00edan ido surgiendo en el camino de la preparaci\u00f3n del preg\u00f3n y los que ya ten\u00eda elaborados, aunque sin publicar, sobre mi tierra a lo largo de los \u00faltimos tiempos.<br \/>Aunque yo titul\u00e9 el preg\u00f3n \u201cAquellas peque\u00f1as cosas\u201d, porque creo sinceramente que ellas son las que conforman nuestra existencia de la manera m\u00e1s esencial, ahora tengo que aclarar, que siendo eso cierto, al tratarse de Ronda, la verdad que es que busques entre su gente, entre su anatom\u00eda o su paisaje, s\u00f3lo encontramos grandeza y esplendor. No, Ronda no tiene ninguna peque\u00f1a cosa.<br \/><br \/>Mi pretensi\u00f3n de renunciar a los t\u00f3picos y a los lugares y personajes m\u00e1s universales, me llev\u00f3, eso s\u00ed, a calibrar mis peque\u00f1as sensaciones ante las cosas menos conocidas de Ronda, que no menos grandiosas.<br \/>Por eso, con la intenci\u00f3n de no abandonar ese material sobrante y como agradecimiento a la espectacular acogida que tuvieron los versos recogidos en el preg\u00f3n, emprendo la tarea de montar esta obra, que estar\u00e1 en su integridad y en toda la intenci\u00f3n de su autor, dedicada a vosotros y vosotras, ronde\u00f1os y ronde\u00f1as, que sois y somos lo m\u00e1s importante de esta ciudad. Por muy grandes que sean \u00e9stas, por mucho arte o historia que atesoren los pueblos y las ciudades, lo esencial siempre es la gente.<br \/>La gente que los ocupa y que pasea por ellos sus zozobras y sus alegr\u00edas, sus dudas y sus certezas, sus temores y sus vanidades; Esos que ponemos nuestra meta en sue\u00f1os y quimeras (pura condici\u00f3n humana), pero que nos agarramos irremisiblemente al clavo ardiendo de las peque\u00f1as cosas donde encontramos el cobijo necesario, el refugio imprescindible para guarecernos del temporal de las crisis y las pandemias, de las alarmas interesadas y los miedos oportunos.<br \/>Esos que hacemos la historia, aunque no aparezcamos en los libros de texto; los que tiramos del carro, aunque no seamos protagonistas de nada; los que configuramos el paisaje humano y diario de nuestros espacios colectivos, aunque no firmemos en ning\u00fan libro de honor; los que desde el anonimato de nuestras existencias calladas y prudentes, forjamos con nuestros esfuerzo y voluntad, contra viento y marea, el presente que nos acoge y el futuro, m\u00e1s o menos imperfecto, que queremos para nuestros sucesores.<br \/>As\u00ed que, s\u00f3lo me queda repetirlo en verso:<br \/><span style=\"font-style: italic; font-weight: bold;\">Preparando el preg\u00f3n<br \/>nacieron tantos versos<br \/>que s\u00f3lo pude daros<br \/>una parte de ellos.<br \/>Una parte de m\u00ed,<br \/>el alma de mi pueblo,<br \/>de sus peque\u00f1as cosas,<br \/>de nuestros grandes sue\u00f1os.<\/span><br \/>.<\/div><\/div><\/div>\t\t\t\t\t\t<\/div>\n\t\t\t\t<\/div>\n\t\t\t\t\t<\/div>\n\t\t<\/div>\n\t\t\t\t\t<\/div>\n\t\t<\/section>\n\t\t\t\t<\/div>\n\t\t","protected":false},"excerpt":{"rendered":"<p>RONDA Y YO: NUESTRAS PEQUE\u00d1AS COSAS Bajar en pdf Comprar en papel https:\/\/www.youtube.com\/watch?v=I6415ZBirbk Recojo aqu\u00ed los poemas que aparecieron en el libro \u00abRonda: dos miradas diferentes sobre una ciudad \u00fanica\u00bb, que en compa\u00f1\u00eda de mi entra\u00f1able y a\u00f1orado amigo, Jos\u00e9 Mar\u00eda Ortega, publicamos hace ya algunos a\u00f1os y que se puede consultar. A\u00f1ado, adem\u00e1s los [&hellip;]<\/p>\n","protected":false},"author":1,"featured_media":0,"parent":0,"menu_order":23,"comment_status":"closed","ping_status":"closed","template":"","meta":{"_aioseop_title":"","_aioseop_description":"","ngg_post_thumbnail":0,"footnotes":""},"_links":{"self":[{"href":"http:\/\/www.josemariatornay.com\/index.php\/wp-json\/wp\/v2\/pages\/5374"}],"collection":[{"href":"http:\/\/www.josemariatornay.com\/index.php\/wp-json\/wp\/v2\/pages"}],"about":[{"href":"http:\/\/www.josemariatornay.com\/index.php\/wp-json\/wp\/v2\/types\/page"}],"author":[{"embeddable":true,"href":"http:\/\/www.josemariatornay.com\/index.php\/wp-json\/wp\/v2\/users\/1"}],"replies":[{"embeddable":true,"href":"http:\/\/www.josemariatornay.com\/index.php\/wp-json\/wp\/v2\/comments?post=5374"}],"version-history":[{"count":0,"href":"http:\/\/www.josemariatornay.com\/index.php\/wp-json\/wp\/v2\/pages\/5374\/revisions"}],"wp:attachment":[{"href":"http:\/\/www.josemariatornay.com\/index.php\/wp-json\/wp\/v2\/media?parent=5374"}],"curies":[{"name":"wp","href":"https:\/\/api.w.org\/{rel}","templated":true}]}}