{"id":5405,"date":"2016-11-21T22:24:29","date_gmt":"2016-11-21T21:24:29","guid":{"rendered":"http:\/\/www.josemariatornay.com\/index.php\/cajon-de-sastre\/fotos-de-la-semana-200405\/fotos-de-la-semana-4\/"},"modified":"2016-12-27T21:15:40","modified_gmt":"2016-12-27T20:15:40","slug":"fotos-de-la-semana-4","status":"publish","type":"page","link":"http:\/\/www.josemariatornay.com\/index.php\/cajon-de-sastre\/fotos-de-la-semana-200405\/fotos-de-la-semana-4\/","title":{"rendered":"2007\/08"},"content":{"rendered":"<div class=\"art-content-layout\">\n<div class=\"art-content-layout-row\">\n<div class=\"art-layout-cell\" style=\"width: 50%;\">\n<p><img fetchpriority=\"high\" decoding=\"async\" class=\"art-lightbox\" src=\"http:\/\/www.josemariatornay.com\/wp-content\/uploads\/2016\/11\/tormentasepbre2007.jpg\" alt=\"\" width=\"306\" height=\"220\"><br \/>\nUn aut\u00e9ntico espect\u00e1culo la tormenta del jueves por la madrugada. Aparte de rel\u00e1mpagos y truenos de pel\u00edcula de terror, dej\u00f3 en nuestra ciudad una bendici\u00f3n de 45 litros de agua por metro cuadrado. Si siempre viene cargada de esta manera, que se repita. La imagen lo dice todo. 14 de septiembre de 2007.<\/p>\n<\/div>\n<div class=\"art-layout-cell\" style=\"width: 50%;\">\n<p><img decoding=\"async\" class=\"art-lightbox\" src=\"http:\/\/www.josemariatornay.com\/wp-content\/uploads\/2016\/11\/msilvaII.jpg\" alt=\"\" width=\"227\" height=\"229\"><br \/>\nLa que nunca hubiera querido poner. Todos los que lo hemos conocido estamos consternados e incr\u00e9dulos. Un manotazo duro, un golpe helado\/un hachazo invisible y homicida\/un empuj\u00f3n brutal te ha derribado. 21 de septiembre de 2007.<\/p>\n<\/div>\n<\/div>\n<\/div>\n<div class=\"art-content-layout\">\n<div class=\"art-content-layout-row\">\n<div class=\"art-layout-cell\" style=\"width: 50%;\">\n<p><img decoding=\"async\" class=\"art-lightbox\" src=\"http:\/\/www.josemariatornay.com\/wp-content\/uploads\/2016\/11\/recitalpoetico01.jpg\" alt=\"\" width=\"306\" height=\"229\"><br \/>\nEl grupo Al-Arriadth en plena actuaci\u00f3n en el sal\u00f3n mud\u00e9jar del Palacio de&nbsp;<br \/>\nMondrag\u00f3n. Dirigidos por el maestro Pablo Jim\u00e9nez, he tenido la fortuna de<br \/>\nacompa\u00f1arlos.<\/p>\n<\/div>\n<div class=\"art-layout-cell\" style=\"width: 50%;\">\n<p><img loading=\"lazy\" decoding=\"async\" class=\"art-lightbox\" src=\"http:\/\/www.josemariatornay.com\/wp-content\/uploads\/2016\/11\/borronycuentanueva.gif\" alt=\"\" width=\"293\" height=\"210\"><br \/>\nLa imagen no tiene mucha calidad porque es del peri\u00f3dico, pero el motivo tiene para m\u00ed, al menos, un par de lecturas interesantes. La primera es que me remueve las entretelas de tiempos entra\u00f1ables. La segunda es que me parece admirable que gente de una edad m\u00e1s propicia a las costumbres burguesas y sedentarias, se entregue de esta manera a practicar su vocaci\u00f3n. 5 de octubre de 2007<\/p>\n<\/div>\n<\/div>\n<\/div>\n<div class=\"art-content-layout\">\n<div class=\"art-content-layout-row\">\n<div class=\"art-layout-cell\" style=\"width: 50%;\">\n<p><img loading=\"lazy\" decoding=\"async\" class=\"art-lightbox\" src=\"http:\/\/www.josemariatornay.com\/wp-content\/uploads\/2016\/11\/expocartelescine.jpg\" alt=\"\" width=\"170\" height=\"239\"><br \/>\nSe trata de una exposici\u00f3n de carteles que trae buenas sensaciones para los que vivimos aquellos tiempos del cine m\u00e1s cutre y hortera. \u00a1C\u00f3mo es la memoria, que convierte en recuerdos agradables lo que fue un tiempo sencillamente prosaico y vulgar! 12 de octubre de 2007.<\/p>\n<\/div>\n<div class=\"art-layout-cell\" style=\"width: 50%;\">\n<p><img loading=\"lazy\" decoding=\"async\" class=\"art-lightbox\" src=\"http:\/\/www.josemariatornay.com\/wp-content\/uploads\/2016\/11\/cartelhomenajecarretero.jpg\" alt=\"\" width=\"174\" height=\"240\"><br \/>\nEste es el programa previsto para recordar en el teatro a nuestro amigo Juan Carretero. No hacen falra m\u00e1s comentarios, tan s\u00f3lo insistir en el cari\u00f1o que nos mueve a todos en este homenaje a un hombre bueno, a todo un caballero. Lo dem\u00e1s, el domingo a las 9. 19 de octubre de 2007.<\/p>\n<\/div>\n<\/div>\n<\/div>\n<div class=\"art-content-layout\">\n<div class=\"art-content-layout-row\">\n<div class=\"art-layout-cell\" style=\"width: 50%;\">\n<p><img loading=\"lazy\" decoding=\"async\" class=\"art-lightbox\" src=\"http:\/\/www.josemariatornay.com\/wp-content\/uploads\/2016\/11\/inaugestaioronda.gif\" alt=\"\" width=\"309\" height=\"220\"><br \/>\nEsta foto es una reliquia. Seguro que mis amigos m\u00e1s antiguos recuerdan, si no el momento exacto (la inauguraci\u00f3n del nuevo Campo de F\u00fatbol) s\u00ed la alineaci\u00f3n. \u00a1Qu\u00e9 tiempos aquellos, en los que a\u00fan se jugaba al f\u00fatbol en Ronda! Son de esas im\u00e1genes que te remueven las telara\u00f1as de la memoria m\u00e1s entra\u00f1able. 26 de octubre de 2007.<\/p>\n<\/div>\n<div class=\"art-layout-cell\" style=\"width: 50%;\">\n<p style=\"text-align: center;\"><img loading=\"lazy\" decoding=\"async\" class=\"art-lightbox\" src=\"http:\/\/www.josemariatornay.com\/wp-content\/uploads\/2016\/11\/rodinmalaga.jpg\" alt=\"\" width=\"279\" height=\"210\"><br \/>\nSencillamente impresionante. Tener al famoros \u00abPENSADOR\u00bb delante, la verdad es que impresiona. Se puede ver en M\u00e1laga, junto a otras obras de RODIN, en la calle LARIOS, convertida en espectacular museo. Est\u00e1 tan cerca que no debi\u00e9rmaos perdernos la ocasi\u00f3n de disfrutar de obras de esta categor\u00eda. En REPORTAJES ESPECIALES he puesto un buena muestra de im\u00e1genes. 9 de noviembre de 2007.<\/p>\n<\/div>\n<\/div>\n<\/div>\n<div class=\"art-content-layout\">\n<div class=\"art-content-layout-row\">\n<div class=\"art-layout-cell\" style=\"width: 50%;\">\n<p style=\"text-align: center;\"><img loading=\"lazy\" decoding=\"async\" class=\"art-lightbox\" src=\"http:\/\/www.josemariatornay.com\/wp-content\/uploads\/2016\/11\/pipi.jpg\" alt=\"\" width=\"262\" height=\"219\"><br \/>\nDe todos los homenajes a los que he asistido en los \u00faltimos tiempos, \u00e9ste que se tributado a Antonio L\u00f3pez An\u00e9s (Ciudadano del a\u00f1o) ha sido el que yo considero m\u00e1s merecido. No se puede estar m\u00e1s al servicio de la gente, atento a sus necesidades y pendiente de cualquier contratiempo ajeno para intervenir. Ni se puede estar m\u00e1s vinculado a un barrio y a un compromiso social,que debiera ser ineludible para todos. Frente a tantos que no se mojan, \u00abPipi\u00bb debiera ser un ejemplo para todos. Enhorabuena Antonio. 9 de noviembre de 2007.<\/p>\n<\/div>\n<div class=\"art-layout-cell\" style=\"width: 50%;\">\n<p style=\"text-align: center;\"><img loading=\"lazy\" decoding=\"async\" class=\"art-lightbox\" src=\"http:\/\/www.josemariatornay.com\/wp-content\/uploads\/2016\/11\/teesperoaqui.jpg\" alt=\"\" width=\"230\" height=\"219\"><br \/>\nEsta es la portada del disco de MAR\u00cdA \u00abTe espero aqu\u00ed\u00bb, que acaba de salir del horno. Ahora es el momento de dejar las grandes palabras de ronde\u00f1ismo y de patria que nos salen a diario y demostrar de verdad c\u00f3mo se ayuda a una ronde\u00f1a, es decir, COMPRANDO EL DISCO. Pero el motivo principal es que se trata de una obra de altura. De verdad. O\u00eddlo despacio y varias veces y me dar\u00e9is la raz\u00f3n. PINCHA AQU\u00cd Y VER\u00c1S UNOS CUANTOS COMENTARIOS sobre la canci\u00f3n TE ESPERO AQU\u00cd. 16 de noviembre de 2007.<\/p>\n<\/div>\n<\/div>\n<\/div>\n<div class=\"art-content-layout\">\n<div class=\"art-content-layout-row\">\n<div class=\"art-layout-cell\" style=\"width: 50%;\">\n<p style=\"text-align: center;\"><img loading=\"lazy\" decoding=\"async\" class=\"art-lightbox\" src=\"http:\/\/www.josemariatornay.com\/wp-content\/uploads\/2016\/11\/fernangomez.jpg\" alt=\"\" width=\"306\" height=\"229\"><br \/>\nEra el m\u00e1s grande de los c\u00f3micos en lengua espa\u00f1ola, porque a su condici\u00f3n de actor inigualable, sumaba un talento de n\u00famero uno para toodo aquello que acomet\u00eda: novela (impresionante su Viaje a ninguna parte), teatro ( maravillosa su Las bicicletas son para el verano), series de TV, etc\u00e9tera, etc\u00e9tera. Ha sido uno de los grandes valores de la cultura castellana. 23 de noviembre de 2007.<\/p>\n<\/div>\n<div class=\"art-layout-cell\" style=\"width: 50%;\">\n<p style=\"text-align: center;\"><img loading=\"lazy\" decoding=\"async\" class=\"art-lightbox\" src=\"http:\/\/www.josemariatornay.com\/wp-content\/uploads\/2016\/11\/mipalabraanuncio.jpg\" alt=\"\" width=\"210\" height=\"210\"><br \/>\nEsta es la portada del disco que encierra 45 de los 74 poemas que incluye el libro al que zcompa\u00f1a. Est\u00e1n recitados por gente maravillosa que los engrandece y llena de esplendor. De fondo, una m\u00fasica original, espectacular y adecuada. Muy pronto lo presentaremos y saldr\u00e1 a la venta. Es muy probable que el precio ronde los 10 euros. Hay que cobrar, porque no llegan las ayudas. Lo sacamos a pulso. Mejor as\u00ed; la creaci\u00f3n, de cualquier tipo que sea, est\u00e1 negada con el agradecimiento. 30 de noviembre de 2007.<\/p>\n<\/div>\n<\/div>\n<\/div>\n<div class=\"art-content-layout\">\n<div class=\"art-content-layout-row\">\n<div class=\"art-layout-cell\" style=\"width: 50%;\">\n<p style=\"text-align: center;\"><img loading=\"lazy\" decoding=\"async\" class=\"art-lightbox\" src=\"http:\/\/www.josemariatornay.com\/wp-content\/uploads\/2016\/11\/villancicosderonda.jpg\" alt=\"\" width=\"306\" height=\"220\"><br \/>\nEste martes pasado, d\u00eda 4 de diciembre, se present\u00f3 en el Centro Obrero, un precioso disco de villancicos, compuesto y dirigido por Diego Rivero, con la participaci\u00f3n de su orquesta de pulso y p\u00faa y del coro \u00abDe la Sierra a las Marismas\u00bb. El disco ha sido producido en el estudio \u00abDigicat\u00bb de mi hijo, Jos\u00e9 Mar\u00eda. Os recomiendo que no perd\u00e1is la ocaci\u00f3n de escucharlo y comprarlo, porque merece la pena. Una idea muy hermosa, llevada a feliz t\u00e9rmino. 7 de diciembre de 2007.<\/p>\n<\/div>\n<div class=\"art-layout-cell\" style=\"width: 50%;\">\n<p style=\"text-align: center;\"><img loading=\"lazy\" decoding=\"async\" class=\"art-lightbox\" src=\"http:\/\/www.josemariatornay.com\/wp-content\/uploads\/2016\/11\/invitacion.jpg\" alt=\"\" width=\"453\" height=\"241\"><br \/>\nEsta es la invitaci\u00f3n para el acto de presentaci\u00f3n del libro. Para todos aquellos amigos o interesados que no podamos localizar o que se nos hayan pasado por olvido, sirva esta tarjeta virtual para solicitarles su asistencia. All\u00ed ser\u00e9is bien recibidos. 21 de diciembre de 2007.<\/p>\n<\/div>\n<\/div>\n<\/div>\n<div class=\"art-content-layout\">\n<div class=\"art-content-layout-row\">\n<div class=\"art-layout-cell\" style=\"width: 50%;\">\n<p style=\"text-align: center;\"><img loading=\"lazy\" decoding=\"async\" class=\"art-lightbox\" src=\"http:\/\/www.josemariatornay.com\/wp-content\/uploads\/2016\/11\/presentmipalabra.jpg\" alt=\"\" width=\"300\" height=\"220\"><br \/>\nEsta es una parte de la imagen protagonista de la presentaci\u00f3n del libro MI PALABRA EN SUS VOCES: La otra est\u00e1 detr\u00e1s y no se ve; la que componen todos (fueron muchos) los que se acercaron a apoyarnos y a darnos su \u00e1nimo y apoyo. Muchas gracias a todos. Pinchando AQU\u00cd se puede ver un reportaje en im\u00e1genes del acto, en el que no fall\u00f3 absolutamente nada. 21 de diciembre de 2007.<\/p>\n<\/div>\n<div class=\"art-layout-cell\" style=\"width: 50%;\">\n<p style=\"text-align: center;\"><img loading=\"lazy\" decoding=\"async\" class=\"art-lightbox\" src=\"http:\/\/www.josemariatornay.com\/wp-content\/uploads\/2016\/11\/belenjcarrillo.jpg\" alt=\"\" width=\"306\" height=\"229\"><br \/>\nAqu\u00ed ten\u00e9is una muestra del precioso \u00abNacimiento\u00bb, que mi amigo Jos\u00e9 Luis S\u00e1nchez ha montado en su Colegio, Juan Carrillo. Todo hecho de forma artesanal, recoge estampas de la tradici\u00f3n situ\u00e1ndolas de una manera muy original en los Molinos del Tajo. 28 de diciembre de 2007.<\/p>\n<\/div>\n<\/div>\n<\/div>\n<div class=\"art-content-layout\">\n<div class=\"art-content-layout-row\">\n<div class=\"art-layout-cell\" style=\"width: 50%;\">\n<p style=\"text-align: center;\"><img loading=\"lazy\" decoding=\"async\" class=\"art-lightbox\" src=\"http:\/\/www.josemariatornay.com\/wp-content\/uploads\/2016\/11\/cenanavidad2007tes.jpg\" alt=\"\" width=\"292\" height=\"219\"><br \/>\nComo todos los a\u00f1os, los componentes del TES nos reunimos, esta vez en el restaurante Jerez, para celebrar la cena del d\u00eda de Los Inocentes. En la imagen se puede ver el momento en el que el presidente se dirige a los miembros del TES y comensales. 4 de enero de 2008.<\/p>\n<\/div>\n<div class=\"art-layout-cell\" style=\"width: 50%;\">\n<p style=\"text-align: center;\"><img loading=\"lazy\" decoding=\"async\" class=\"art-lightbox\" src=\"http:\/\/www.josemariatornay.com\/wp-content\/uploads\/2016\/11\/inaugpolidep.jpg\" alt=\"\" width=\"349\" height=\"220\"><br \/>\nComo todos los a\u00f1os, los componentes del TES nos reunimos, esta vez en el restaurante Jerez, para celebrar la cena del d\u00eda de Los Inocentes. En la imagen se puede ver el momento en el que el presidente se dirige a los miembros del TES y comensales. 4 de enero de 2008. REPORTAJE ESPECIAL.<\/p>\n<\/div>\n<\/div>\n<\/div>\n<div class=\"art-content-layout\">\n<div class=\"art-content-layout-row\">\n<div class=\"art-layout-cell\" style=\"width: 50%;\">\n<p style=\"text-align: center;\"><img loading=\"lazy\" decoding=\"async\" class=\"art-lightbox\" src=\"http:\/\/www.josemariatornay.com\/wp-content\/uploads\/2016\/11\/ortega-4.jpg\" alt=\"\" width=\"192\" height=\"144\">&nbsp;<img loading=\"lazy\" decoding=\"async\" class=\"art-lightbox\" src=\"http:\/\/www.josemariatornay.com\/wp-content\/uploads\/2016\/11\/yo.jpg\" alt=\"\" width=\"192\" height=\"144\"><br \/>\nEsta es la portada que presidir\u00e1 la entrada a la NUEVA SECCI\u00d3N de esta p\u00e1gina web. Tambi\u00e9n presidir\u00e1 rodas y cada una de las secciones que la llenar\u00e1n de contenido. Como se trata de hablar de Ronda, no pod\u00eda contar con nadie m\u00e1s id\u00f3neo para la ocasi\u00f3n. Con ustedes, el mayor conocedor de nuestra ciudad y el m\u00e1s enamorado de ella:<br \/>\nJOS\u00c9 MAR\u00cdA ORTEGA DE LA CRUZ.<\/p>\n<\/div>\n<div class=\"art-layout-cell\" style=\"width: 50%;\">\n<p style=\"text-align: center;\"><img loading=\"lazy\" decoding=\"async\" class=\"art-lightbox\" src=\"http:\/\/www.josemariatornay.com\/wp-content\/uploads\/2016\/11\/rondasemanal.jpg\" alt=\"\" width=\"323\" height=\"209\"><br \/>\nEstas son algunas de la notas de prensa en las que se ha reflejado la publiacaci\u00f3n del libri MI PALABRA EN SUS VOCES. En todo caso algo que interesa muy poco a la prensa ronde\u00f1a, absolutamente entregada a las intrigas y componendas pol\u00edticas. \u00a1Qu\u00e9 le vamos a hacer! Algo es algo. 25 de enero de 2008.<\/p>\n<\/div>\n<\/div>\n<\/div>\n<div class=\"art-content-layout\">\n<div class=\"art-content-layout-row\">\n<div class=\"art-layout-cell\" style=\"width: 50%;\">\n<p style=\"text-align: center;\"><img loading=\"lazy\" decoding=\"async\" class=\"art-lightbox\" src=\"http:\/\/www.josemariatornay.com\/wp-content\/uploads\/2016\/11\/elotrotornay.jpg\" alt=\"\" width=\"251\" height=\"279\"><br \/>\nEste recorte de prensa retrata a la perfecci\u00f3n la personalidad de mi primo Antonio. Jos\u00e9 Luis Benlloch es el director de la revista taurina APLAUSOS, donde se puede encontrar un buen reportaje sobre la ganader\u00eda de los Hermnaos Tornay. 3 de febrero de 2008.<\/p>\n<\/div>\n<div class=\"art-layout-cell\" style=\"width: 50%;\">\n<p style=\"text-align: center;\"><img loading=\"lazy\" decoding=\"async\" class=\"art-lightbox\" src=\"http:\/\/www.josemariatornay.com\/wp-content\/uploads\/2016\/11\/donjesusvazquez.jpg\" alt=\"\" width=\"194\" height=\"219\"><\/p>\n<p>Este personaje se nos ha ido, pero merece nuestro recuerdo. Buena persona y buen m\u00e9dico (curaba porque escuchaba al enfermo y le daba calor; la cercan\u00eda emocional se ha ido con los de su generaci\u00f3n). Adem\u00e1, tal vez para muchos sea una sorpresa, era un magn\u00edfico orador. Para disimular, arrancaba su charla con esta mag\u00edfica f\u00f3rmula: \u00abNo es mi fuerte la oratoria ni es mi virtud la elocuencia\u00bb. As\u00ed afirmaba justamente lo que quer\u00eda negar. Un maestro. 15 de bebrero de 2008.<\/p>\n<\/div>\n<\/div>\n<\/div>\n<div class=\"art-content-layout\">\n<div class=\"art-content-layout-row\">\n<div class=\"art-layout-cell\" style=\"width: 50%;\">\n<p style=\"text-align: center;\"><img loading=\"lazy\" decoding=\"async\" class=\"art-lightbox\" src=\"http:\/\/www.josemariatornay.com\/wp-content\/uploads\/2016\/11\/festivalcancion2.gif\" alt=\"\" width=\"165\" height=\"211\"><br \/>\nQu\u00e9 recuerdos m\u00e1s entra\u00f1ables me ha tra\u00eddo este cartel, recuperado de forma imprevista. No puedo citar a yantos y tantos colaborados y artistas que pasaron por este festival, que organizamos desde el Colegio Santa Teresa. Pero al menos tengo que dar tres nombres: Rafalito, Juan A. Ramos y el maestro Jos\u00e9 Luis Palacios.<\/p>\n<\/div>\n<div class=\"art-layout-cell\" style=\"width: 50%;\">\n<p style=\"text-align: center;\"><img loading=\"lazy\" decoding=\"async\" class=\"art-lightbox\" src=\"http:\/\/www.josemariatornay.com\/wp-content\/uploads\/2016\/11\/danielpregon.jpg\" alt=\"\" width=\"157\" height=\"209\"><br \/>\nAqu\u00ed est\u00e1 mi amigo Daniel P\u00e9rez-Clotet, pregonando a su hermandad con la maestr\u00eda que esper\u00e1bamos de \u00e9l todos los que nos congregamos en la Parroquia de San Crist\u00f3bal. Fue presentado por otro artista, Antonio Becerra. Se acerca el tiempo de cruces, tronos y cirios. 22 de febrero de 2008.<\/p>\n<\/div>\n<\/div>\n<\/div>\n<div class=\"art-content-layout\">\n<div class=\"art-content-layout-row\">\n<div class=\"art-layout-cell\" style=\"width: 50%;\">\n<p style=\"text-align: center;\"><img loading=\"lazy\" decoding=\"async\" class=\"art-lightbox\" src=\"http:\/\/www.josemariatornay.com\/wp-content\/uploads\/2016\/11\/librodongonzalo.jpg\" alt=\"\" width=\"165\" height=\"219\"><br \/>\nAqu\u00ed est\u00e1 mi amigo Daniel P\u00e9rez-Clotet, pregonando a su hermandad con la maestr\u00eda que esper\u00e1bamos de \u00e9l todos los que nos congregamos en la Parroquia de San Crist\u00f3bal. Fue presentado por otro artista, Antonio Becerra. Se acerca el tiempo de cruces, tronos y cirios. 22 de febrero de 2008.<\/p>\n<\/div>\n<div class=\"art-layout-cell\" style=\"width: 50%;\">\n<p style=\"text-align: center;\"><img loading=\"lazy\" decoding=\"async\" class=\"art-lightbox\" src=\"http:\/\/www.josemariatornay.com\/wp-content\/uploads\/2016\/11\/elecciones2008.jpg\" alt=\"\" width=\"168\" height=\"229\"><br \/>\nLleg\u00f3 la hora de la verdad. Son pocas las ocasiones en las que el sistema democr\u00e1tico convencional nos permite decidir. Aprovechemos la oportunidad. 7 de marzo de 2008.<\/p>\n<\/div>\n<\/div>\n<\/div>\n<div class=\"art-content-layout\">\n<div class=\"art-content-layout-row\">\n<div class=\"art-layout-cell\" style=\"width: 50%;\">\n<p style=\"text-align: center;\"><img loading=\"lazy\" decoding=\"async\" class=\"art-lightbox\" src=\"http:\/\/www.josemariatornay.com\/wp-content\/uploads\/2016\/11\/pionerosunicaja.jpg\" alt=\"\" width=\"258\" height=\"220\">Estos son los pioneros, los artr\u00edsifces de la Caja de Ahorros de Ronda, matriz y base de la actual UNICAJA. Unbos h\u00e9roes, que en tiepos duros y complicados, sacaron adelante un proyecto que hoy seguro que no reconocer\u00edan. En la fila de enmedio, el primero empezando por la derecha es mi suegro, uno de aquellos h\u00e9roes. 14 de marzo de 2008.<\/p>\n<\/div>\n<div class=\"art-layout-cell\" style=\"width: 50%;\">\n<p style=\"text-align: center;\"><img loading=\"lazy\" decoding=\"async\" class=\"art-lightbox\" src=\"http:\/\/www.josemariatornay.com\/wp-content\/uploads\/2016\/11\/cartelcenaidiotas.jpg\" alt=\"\" width=\"121\" height=\"169\"><img loading=\"lazy\" decoding=\"async\" class=\"art-lightbox\" src=\"http:\/\/www.josemariatornay.com\/wp-content\/uploads\/2016\/11\/cartelladecente.jpg\" alt=\"\" width=\"121\" height=\"169\"><\/p>\n<p style=\"text-align: center;\">Aqu\u00ed ten\u00e9is EN PRIMICIA los CARTELES que anunciar\u00e1n las DOS obras de teatro que representar\u00e1 el TES en esta temporada. Para m\u00ed suponen un giro en lo que han sido hasta ahora los carteles del TES. M\u00e1s modernos, expresivos y eficaces. Francamente un acierto. SI PINCHAS ENCIMA DE CADA UNO PODR\u00c1S VERLOS M\u00c1S GRANDES. 21 de marzo de 2008.<\/p>\n<\/div>\n<\/div>\n<\/div>\n<div class=\"art-content-layout\">\n<div class=\"art-content-layout-row\">\n<div class=\"art-layout-cell\" style=\"width: 50%;\">\n<p style=\"text-align: center;\"><img loading=\"lazy\" decoding=\"async\" class=\"art-lightbox\" src=\"http:\/\/www.josemariatornay.com\/wp-content\/uploads\/2016\/11\/realmadrid.jpg\" alt=\"\" width=\"293\" height=\"220\"><br \/>\nNo es muy normal que yo traiga a esta secci\u00f3n una noticia deportiva, pero es que el \u00e9xito de mi equipo lo merece. Digo \u00e9xito porque nadie pod\u00eda imaginar que gan\u00e1ramos esta Liga teniendo en cuenta el potencial que se le presum\u00eda al Barcelona. Estas cosas del f\u00fatbol, que tanto nos apasionan, no son ninguna tonter\u00eda. Yo me sumo a aquel legendario entrenador del Liverpool que dec\u00eda \u00abel f\u00fatbol no es una cuesti\u00f3n de vida o muerte; as algo mucho m\u00e1s importante que eso\u00bb. 2 de mayo de 2008.<\/p>\n<\/div>\n<div class=\"art-layout-cell\" style=\"width: 50%;\">\n<p style=\"text-align: center;\"><img loading=\"lazy\" decoding=\"async\" class=\"art-lightbox\" src=\"http:\/\/www.josemariatornay.com\/wp-content\/uploads\/2016\/11\/101kms.jpg\" alt=\"\" width=\"187\" height=\"250\"><br \/>\nPara conocer en toda su crudeza la lucha del ser humano contra sus propias posibilidades y sus l\u00edmites, f\u00edsicos y psicol\u00f3gicos, no hay nada mejor que seguir esta prueba, ya tradicional, que se celebra en nuestra tierra. Un aut\u00e9ntico lujo. 9 de mayo de 2008.<\/p>\n<\/div>\n<\/div>\n<\/div>\n<div class=\"art-content-layout\">\n<div class=\"art-content-layout-row\">\n<div class=\"art-layout-cell\" style=\"width: 50%;\">\n<p style=\"text-align: center;\"><img loading=\"lazy\" decoding=\"async\" class=\"art-lightbox\" src=\"http:\/\/www.josemariatornay.com\/wp-content\/uploads\/2016\/11\/mauxiliadora.jpg\" alt=\"\" width=\"181\" height=\"220\"><br \/>\nNo es mi costumbre traes aqu\u00ed ni a santos ni a pol\u00edticos, porque no quiero herir susceptibilidades, pero hoy lo hago con Mar\u00eda Auxiliadora, porque por estos d\u00edas, cada a\u00f1o, se renuevan en los que pasamos por \u00abEl Castillo\u00bb los olores del incienso y los sonidos celestiales del Rosario de la Aurora. Es la eterna actualidad, el eterno retorno de nuestro tiempo circular y cerrado. Por cierto, \u00bfqu\u00e9 sentido tienen los cohetes a las 7 de la ma\u00f1an? Pregunta para la reflexi\u00f3n. 16 de mayo de 2008.<\/p>\n<\/div>\n<div class=\"art-layout-cell\" style=\"width: 50%;\">\n<p style=\"text-align: center;\"><img loading=\"lazy\" decoding=\"async\" class=\"art-lightbox\" src=\"http:\/\/www.josemariatornay.com\/wp-content\/uploads\/2016\/11\/carta.jpg\" alt=\"\" width=\"166\" height=\"229\">No quiero presumir con esto; tan s\u00f3lo quiero que sirva como posible reclamo para quien pueda sentirse sensibilizado ante estos temas. A la gente de Occidente, por mucha crisis que tengamos que soprtar, nos sobra demasiado como para no aportar algo al desarrollo de los que no tienen nada. No vale las excusas del tipo: \u00abYo no doy nada porque no llega a su destino\u00bb. Como no llega absolutamente nada a ning\u00fan destino es no dando. Desde AQU\u00cd se accede al DIPLOMA de colaborador.<\/p>\n<\/div>\n<\/div>\n<\/div>\n<div class=\"art-content-layout\">\n<div class=\"art-content-layout-row\">\n<div class=\"art-layout-cell\" style=\"width: 50%;\">\n<p style=\"text-align: center;\"><img loading=\"lazy\" decoding=\"async\" class=\"art-lightbox\" src=\"http:\/\/www.josemariatornay.com\/wp-content\/uploads\/2016\/11\/corpuschico.jpg\" alt=\"\" width=\"293\" height=\"220\"><br \/>\nAs\u00ed se viste mi barrio y engalana sus calles para celebrar su fiesta m\u00e1s popular: el CORPUES CHIQUITO, una tradici\u00f3n que ya dura muchas d\u00e9cadas y que todas las primaveras llena de esplendor esta ancestral arquitectura. 30 de mayo de 2008<\/p>\n<\/div>\n<div class=\"art-layout-cell\" style=\"width: 50%;\">\n<p style=\"text-align: center;\"><img loading=\"lazy\" decoding=\"async\" class=\"art-lightbox\" src=\"http:\/\/www.josemariatornay.com\/wp-content\/uploads\/2016\/11\/pactototipsoe.jpg\" alt=\"\" width=\"249\" height=\"240\"><br \/>\nY despu\u00e9s de \u00e9sto: \u00a1c\u00f3mo le explico yo a mis alumnos que todos no son iguales? 6 de junio de 2008.<\/p>\n<\/div>\n<\/div>\n<\/div>\n<div class=\"art-content-layout\">\n<div class=\"art-content-layout-row\">\n<div class=\"art-layout-cell\" style=\"width: 50%;\">\n<p style=\"text-align: center;\"><img loading=\"lazy\" decoding=\"async\" class=\"art-lightbox\" src=\"http:\/\/www.josemariatornay.com\/wp-content\/uploads\/2016\/11\/acrosport.jpg\" alt=\"\" width=\"293\" height=\"220\"><br \/>\nEs una mezcla de ballet, gimnasia, acrobacia y creatividad. Realmente interesante. Mi amigo Manu (profesor de E. F\u00edsica) es un experto. 13 de junio de 2008.<\/p>\n<\/div>\n<div class=\"art-layout-cell\" style=\"width: 50%;\">\n<p style=\"text-align: center;\"><img loading=\"lazy\" decoding=\"async\" class=\"art-lightbox\" src=\"http:\/\/www.josemariatornay.com\/wp-content\/uploads\/2016\/11\/examenes.jpg\" alt=\"\" width=\"324\" height=\"219\"><br \/>\nTiempo de recoger la cosecha. Todo depende de lo que se ha sembrado y de c\u00f3mo se ha cultivado. Tiempos duros&#8230;pero viene el verano&#8230;el descanso&#8230;la molicie&#8230;para muchos. 20 de junio de 2007.<\/p>\n<\/div>\n<\/div>\n<\/div>\n<div class=\"art-content-layout\">\n<div class=\"art-content-layout-row\">\n<div class=\"art-layout-cell\" style=\"width: 50%;\">\n<p style=\"text-align: center;\"><img loading=\"lazy\" decoding=\"async\" class=\"art-lightbox\" src=\"http:\/\/www.josemariatornay.com\/wp-content\/uploads\/2016\/11\/seleccion.jpg\" alt=\"\" width=\"334\" height=\"219\"><br \/>\nBueno, esto era algo inesperado, hay que reconocerlo. Pero resulto que hay un estilo propio y, m\u00e1s que una selecci\u00f3n, se trata de un equipo, de un gran equipo. Est\u00e1n sacando a Espa\u00f1a a la calle cada tres d\u00edas. \u00a1Increible! 27 de julio de 2008.<\/p>\n<\/div>\n<div class=\"art-layout-cell\" style=\"width: 50%;\">\n<p style=\"text-align: center;\"><img loading=\"lazy\" decoding=\"async\" class=\"art-lightbox\" src=\"http:\/\/www.josemariatornay.com\/wp-content\/uploads\/2016\/11\/jacaballero.jpg\" alt=\"\" width=\"158\" height=\"224\"><br \/>\nJuan Antonio Caballero es un personaje ronde\u00f1o muy peculiar e interesante. Inventor, entre otras cosas, y bohemio. Seguro que muchos lo conoc\u00e9is. 4 de julio de 2008.<\/p>\n<\/div>\n<\/div>\n<\/div>\n<div class=\"art-content-layout\">\n<div class=\"art-content-layout-row\">\n<div class=\"art-layout-cell\" style=\"width: 50%;\">\n<p style=\"text-align: center;\"><img loading=\"lazy\" decoding=\"async\" class=\"art-lightbox\" src=\"http:\/\/www.josemariatornay.com\/wp-content\/uploads\/2016\/11\/nadal.jpg\" alt=\"\" width=\"280\" height=\"220\"><br \/>\nEs curiosa la capacidad de hacer patria que tienen los grandes deportistas. Una semana despu\u00e9s de la selecci\u00f3n de f\u00fatbol, Nadal proporciona otro ba\u00f1o de orgullo para los espa\u00f1oles. Es un poco irracional, pero es as\u00ed. 11 de julio de 2008.<\/p>\n<\/div>\n<div class=\"art-layout-cell\" style=\"width: 50%;\">\n<p style=\"text-align: center;\"><img loading=\"lazy\" decoding=\"async\" class=\"art-lightbox\" src=\"http:\/\/www.josemariatornay.com\/wp-content\/uploads\/2016\/11\/tour.jpg\" alt=\"\" width=\"307\" height=\"230\"><br \/>\n\u00bfMerece la pena perder la siesta por esta pantomima de deporte? 18 de julio de 2008.<\/p>\n<\/div>\n<\/div>\n<\/div>\n<div class=\"art-content-layout\">\n<div class=\"art-content-layout-row\">\n<div class=\"art-layout-cell\" style=\"width: 50%;\">\n<p style=\"text-align: center;\"><img loading=\"lazy\" decoding=\"async\" class=\"art-lightbox\" src=\"http:\/\/www.josemariatornay.com\/wp-content\/uploads\/2016\/11\/huevo.jpg\" alt=\"\" width=\"236\" height=\"219\"><br \/>\nCon estos calores es normal que todo el mundo busque un poco de aire fresco.<\/p>\n<\/div>\n<div class=\"art-layout-cell\" style=\"width: 50%;\">\n<p style=\"text-align: center;\"><img loading=\"lazy\" decoding=\"async\" class=\"art-lightbox\" src=\"http:\/\/www.josemariatornay.com\/wp-content\/uploads\/2016\/11\/tanga.jpg\" alt=\"\" width=\"390\" height=\"219\"><br \/>\nLa tiran\u00eda de la moda, que no conoce l\u00edmites. 1 de agosto de 2008.<\/p>\n<\/div>\n<\/div>\n<\/div>\n<div class=\"art-content-layout\">\n<div class=\"art-content-layout-row\">\n<div class=\"art-layout-cell\" style=\"width: 50%;\">\n<p style=\"text-align: center;\"><img loading=\"lazy\" decoding=\"async\" class=\"art-lightbox\" src=\"http:\/\/www.josemariatornay.com\/wp-content\/uploads\/2016\/11\/olimpiada.jpg\" alt=\"\" width=\"293\" height=\"220\"><br \/>\nA pesar de la contaminaci\u00f3n que ya padece y que va en aumento, el deporte es a\u00fan una de las pocas cosas nobles a la que se pueden dedicar los seres humanos. 9 de agosto de 2008.<\/p>\n<\/div>\n<div class=\"art-layout-cell\" style=\"width: 50%;\">\n<p style=\"text-align: center;\"><img loading=\"lazy\" decoding=\"async\" class=\"art-lightbox\" src=\"http:\/\/www.josemariatornay.com\/wp-content\/uploads\/2016\/11\/presetcarteles.jpg\" alt=\"\" width=\"293\" height=\"220\"><br \/>\nEl TES fue protagonista el pasado s\u00e1bado en la presentaci\u00f3n de los carteles y de las damas goyescas de la pr\u00f3xima feria de Ronda. En cuanto pueda, pondr\u00e9 las fotos en la secci\u00f3n TES de esta p\u00e1gina. 16 de agosto de 2008.<\/p>\n<\/div>\n<\/div>\n<\/div>\n<div class=\"art-content-layout\">\n<div class=\"art-content-layout-row\">\n<div class=\"art-layout-cell\" style=\"width: 50%;\">\n<p style=\"text-align: center;\"><img loading=\"lazy\" decoding=\"async\" class=\"art-lightbox\" src=\"http:\/\/www.josemariatornay.com\/wp-content\/uploads\/2016\/11\/primopregon.jpg\" alt=\"\" width=\"293\" height=\"220\"><br \/>\nMi primo Antonio bord\u00f3 la presentaci\u00f3n del pregonero de nuestra feria de Pedro Romero, su amigo A. Garc\u00eda Barbeito. Lo hizo tan bien y con tanto sentimiento que sali\u00f3, como el nombre del pasodoble que lo acompa\u00f1\u00f3, por la \u00abpuerta grande\u00bb. A su lado, su hermana (y mi prima) Mari CArmen. Al fondo se puede ver parte de ese sin par escenario del auditorio y algunas goyescas. \u00c9stas est\u00e1n al completo en ESTA FOTO. 22 de agosto de 2008.<\/p>\n<\/div>\n<div class=\"art-layout-cell\" style=\"width: 50%;\">\n<p style=\"text-align: center;\"><img loading=\"lazy\" decoding=\"async\" class=\"art-lightbox\" src=\"http:\/\/www.josemariatornay.com\/wp-content\/uploads\/2016\/11\/calor.jpg\" alt=\"\" width=\"424\" height=\"259\"><br \/>\nEn vernao, todas las precauciones son pocas. 29 de agosto de 2008.<\/p>\n<\/div>\n<\/div>\n<\/div>\n<div class=\"art-content-layout\">\n<div class=\"art-content-layout-row\">\n<div class=\"art-layout-cell\" style=\"width: 50%;\">\n<p style=\"text-align: center;\"><img loading=\"lazy\" decoding=\"async\" class=\"art-lightbox\" src=\"http:\/\/www.josemariatornay.com\/wp-content\/uploads\/2016\/11\/vicentemarco.jpg\" alt=\"\" width=\"170\" height=\"231\"><br \/>\nVicente Marco es uno de los personajes legendarios de la radio. Acaba de dejarnos y yo siempre le estar\u00e9 agradecido por los 25 a\u00f1os que me tuvo enganchado a su \u00abCarrusel deportivo\u00bb. Era uno m\u00e1s en mi casa. 5 de septiembre de 2008.<\/p>\n<\/div>\n<div class=\"art-layout-cell\" style=\"width: 50%;\">\n<p style=\"text-align: center;\"><img loading=\"lazy\" decoding=\"async\" class=\"art-lightbox\" src=\"http:\/\/www.josemariatornay.com\/wp-content\/uploads\/2016\/11\/unicaja.jpg\" alt=\"\" width=\"240\" height=\"180\"><br \/>\nEste jueves pasado hemos tenido en Ronda una visita inesperada y de altura: el equipo de Unicaja de baloncesto ha jugado un partido en el pabell\u00f3n polideportivo de mi Colegio, en el Barrio de San Francisco, aprovechando una semana de pretemporada que est\u00e1 realizando en Ronda. El pabell\u00f3n es todo un lujo para un colegio y muchos ronde\u00f1os han podido comprobarlo. As\u00ed se crea afici\u00f3n, trayendo a los equipos a los aficionados y no s\u00f3lo esperando que \u00e9stos acudan a ver a sus equipos a sus sedes centrales. 12 de septiembre de 2008.<\/p>\n<\/div>\n<\/div>\n<\/div>\n<div class=\"art-content-layout\">\n<div class=\"art-content-layout-row\">\n<div class=\"art-layout-cell\" style=\"width: 50%;\">\n<p style=\"text-align: center;\"><img loading=\"lazy\" decoding=\"async\" class=\"art-lightbox\" src=\"http:\/\/www.josemariatornay.com\/wp-content\/uploads\/2016\/11\/Angie.gif\" alt=\"\" width=\"293\" height=\"220\"><br \/>\nEsta joven tiene un tesoro en la garganta. Su voz es un prodigio y su car\u00e1cter y su talento la convierten en toda una estrella. Merece la pena que la escuch\u00e9is. Ma\u00f1ana s\u00e1bado actuar\u00e1 en el Teatro Vicente Espinel, en una gala en la que participan muchos artistas ronde\u00f1os y que est\u00e1 dedicada a los enfermos de Alzheimer. No os la perd\u00e1is, porque es un aut\u00e9ntico lujo. Adem\u00e1s, es una persona estupenda. NO olvid\u00e9is su nombre: \u00c1NGELES. 19 de septiembre de 2008.<\/p>\n<\/div>\n<div class=\"art-layout-cell\" style=\"width: 50%;\">\n<p style=\"text-align: center;\"><img loading=\"lazy\" decoding=\"async\" class=\"art-lightbox\" src=\"http:\/\/www.josemariatornay.com\/wp-content\/uploads\/2016\/11\/leticia.jpg\" alt=\"\" width=\"320\" height=\"240\"><br \/>\nLa actuaci\u00f3n de mi amiga Leticia R\u00edos Harillo en la preciosa velada del pasado s\u00e1bado nos sorprendi\u00f3 a todos, por su arte y por su saber estar en el escenario. Toda una sorpresa esta estupenda pianista ronde\u00f1a. 26 de octubre de 2008.<\/p>\n<\/div>\n<\/div>\n<\/div>\n<div class=\"art-content-layout\">\n<div class=\"art-content-layout-row\">\n<div class=\"art-layout-cell\" style=\"width: 50%;\">\n<p style=\"text-align: center;\"><img loading=\"lazy\" decoding=\"async\" class=\"art-lightbox\" src=\"http:\/\/www.josemariatornay.com\/wp-content\/uploads\/2016\/11\/Congreso-PA-1.jpg\" alt=\"\" width=\"293\" height=\"220\"><br \/>\n\u00bfEn qu\u00e9 formaci\u00f3n pol\u00edtica estar\u00e1 cada uno de estos personajes dentro de unos d\u00edas? Hoy empieza el Congreso del P.A. en Ronda. Tal vez el de su disoluci\u00f3n. \u00bfHacia d\u00f3nde tirar\u00e1 cada uno de sus miembros? Sin duda, hacia el sitio donde entiendan que depositan mejor sus intereses. La pol\u00edtica en Ronda es \u00abel mayor espect\u00e1culo del mundo\u00bb. 3 de octubre de 2008.<\/p>\n<\/div>\n<div class=\"art-layout-cell\" style=\"width: 50%;\">\n<p style=\"text-align: center;\"><img loading=\"lazy\" decoding=\"async\" class=\"art-lightbox\" src=\"http:\/\/www.josemariatornay.com\/wp-content\/uploads\/2016\/11\/crisis2.jpg\" alt=\"\" width=\"176\" height=\"240\"><br \/>\nParece mentira que esto sea el motivo de zozobra y de preocupaci\u00f3n del mundo. No hay otro tema en los telediarios. Estos son los valores que nos ha inculcado el capitalismo. 17 de octubre de 2008.<\/p>\n<\/div>\n<\/div>\n<\/div>\n<div class=\"art-content-layout\">\n<div class=\"art-content-layout-row\">\n<div class=\"art-layout-cell\" style=\"width: 50%;\">\n<p>&nbsp;<\/p>\n<\/div>\n<div class=\"art-layout-cell\" style=\"width: 50%;\">\n<p>&nbsp;<\/p>\n<\/div>\n<\/div>\n<\/div>\n","protected":false},"excerpt":{"rendered":"<p>Un aut\u00e9ntico espect\u00e1culo la tormenta del jueves por la madrugada. Aparte de rel\u00e1mpagos y truenos de pel\u00edcula de terror, dej\u00f3 en nuestra ciudad una bendici\u00f3n de 45 litros de agua por metro cuadrado. Si siempre viene cargada de esta manera, que se repita. La imagen lo dice todo. 14 de septiembre de 2007. La que [&hellip;]<\/p>\n","protected":false},"author":1,"featured_media":0,"parent":5402,"menu_order":54,"comment_status":"closed","ping_status":"closed","template":"","meta":{"_aioseop_title":"","_aioseop_description":"","ngg_post_thumbnail":0,"footnotes":""},"_links":{"self":[{"href":"http:\/\/www.josemariatornay.com\/index.php\/wp-json\/wp\/v2\/pages\/5405"}],"collection":[{"href":"http:\/\/www.josemariatornay.com\/index.php\/wp-json\/wp\/v2\/pages"}],"about":[{"href":"http:\/\/www.josemariatornay.com\/index.php\/wp-json\/wp\/v2\/types\/page"}],"author":[{"embeddable":true,"href":"http:\/\/www.josemariatornay.com\/index.php\/wp-json\/wp\/v2\/users\/1"}],"replies":[{"embeddable":true,"href":"http:\/\/www.josemariatornay.com\/index.php\/wp-json\/wp\/v2\/comments?post=5405"}],"version-history":[{"count":0,"href":"http:\/\/www.josemariatornay.com\/index.php\/wp-json\/wp\/v2\/pages\/5405\/revisions"}],"up":[{"embeddable":true,"href":"http:\/\/www.josemariatornay.com\/index.php\/wp-json\/wp\/v2\/pages\/5402"}],"wp:attachment":[{"href":"http:\/\/www.josemariatornay.com\/index.php\/wp-json\/wp\/v2\/media?parent=5405"}],"curies":[{"name":"wp","href":"https:\/\/api.w.org\/{rel}","templated":true}]}}