{"id":5901,"date":"2016-11-23T16:20:45","date_gmt":"2016-11-23T15:20:45","guid":{"rendered":"http:\/\/www.josemariatornay.com\/?page_id=5901"},"modified":"2018-10-28T22:35:15","modified_gmt":"2018-10-28T21:35:15","slug":"naturalmente","status":"publish","type":"page","link":"http:\/\/www.josemariatornay.com\/index.php\/naturalmente\/","title":{"rendered":"Naturalmente"},"content":{"rendered":"\t\t<div data-elementor-type=\"wp-post\" data-elementor-id=\"5901\" class=\"elementor elementor-5901 elementor-bc-flex-widget\">\n\t\t\t\t\t\t<section class=\"elementor-section elementor-top-section elementor-element elementor-element-72cc0d4 elementor-section-boxed elementor-section-height-default elementor-section-height-default\" data-id=\"72cc0d4\" data-element_type=\"section\">\n\t\t\t\t\t\t<div class=\"elementor-container elementor-column-gap-default\">\n\t\t\t\t\t<div class=\"elementor-column elementor-col-100 elementor-top-column elementor-element elementor-element-51ad158\" data-id=\"51ad158\" data-element_type=\"column\">\n\t\t\t<div class=\"elementor-widget-wrap elementor-element-populated\">\n\t\t\t\t\t\t<div class=\"elementor-element elementor-element-585f51c elementor-widget elementor-widget-heading\" data-id=\"585f51c\" data-element_type=\"widget\" data-widget_type=\"heading.default\">\n\t\t\t\t<div class=\"elementor-widget-container\">\n\t\t\t<style>\/*! elementor - v3.20.0 - 20-03-2024 *\/\n.elementor-heading-title{padding:0;margin:0;line-height:1}.elementor-widget-heading .elementor-heading-title[class*=elementor-size-]>a{color:inherit;font-size:inherit;line-height:inherit}.elementor-widget-heading .elementor-heading-title.elementor-size-small{font-size:15px}.elementor-widget-heading .elementor-heading-title.elementor-size-medium{font-size:19px}.elementor-widget-heading .elementor-heading-title.elementor-size-large{font-size:29px}.elementor-widget-heading .elementor-heading-title.elementor-size-xl{font-size:39px}.elementor-widget-heading .elementor-heading-title.elementor-size-xxl{font-size:59px}<\/style><h2 class=\"elementor-heading-title elementor-size-large\">NATURALMENTE<\/h2>\t\t<\/div>\n\t\t\t\t<\/div>\n\t\t\t\t\t<\/div>\n\t\t<\/div>\n\t\t\t\t\t<\/div>\n\t\t<\/section>\n\t\t\t\t<section class=\"elementor-section elementor-top-section elementor-element elementor-element-0c61835 elementor-section-boxed elementor-section-height-default elementor-section-height-default\" data-id=\"0c61835\" data-element_type=\"section\">\n\t\t\t\t\t\t<div class=\"elementor-container elementor-column-gap-default\">\n\t\t\t\t\t<div class=\"elementor-column elementor-col-50 elementor-top-column elementor-element elementor-element-8536726\" data-id=\"8536726\" data-element_type=\"column\">\n\t\t\t<div class=\"elementor-widget-wrap elementor-element-populated\">\n\t\t\t\t\t\t<div class=\"elementor-element elementor-element-ee4c31b elementor-widget elementor-widget-heading\" data-id=\"ee4c31b\" data-element_type=\"widget\" data-widget_type=\"heading.default\">\n\t\t\t\t<div class=\"elementor-widget-container\">\n\t\t\t<h2 class=\"elementor-heading-title elementor-size-default\"><a href=\"http:\/\/www.josemariatornay.com\/wp-content\/uploads\/2018\/10\/NATURALMENTE-PDF-LULU.pdf\">Bajar en pdf<\/a><\/h2>\t\t<\/div>\n\t\t\t\t<\/div>\n\t\t\t\t\t<\/div>\n\t\t<\/div>\n\t\t\t\t<div class=\"elementor-column elementor-col-50 elementor-top-column elementor-element elementor-element-bd486c1\" data-id=\"bd486c1\" data-element_type=\"column\">\n\t\t\t<div class=\"elementor-widget-wrap elementor-element-populated\">\n\t\t\t\t\t\t<div class=\"elementor-element elementor-element-b9a79d9 elementor-widget elementor-widget-heading\" data-id=\"b9a79d9\" data-element_type=\"widget\" data-widget_type=\"heading.default\">\n\t\t\t\t<div class=\"elementor-widget-container\">\n\t\t\t<h2 class=\"elementor-heading-title elementor-size-default\"><a href=\"http:\/\/www.lulu.com\/shop\/jos%C3%A9-mar%C3%ADa-tornay-ruiz\/naturalmente\/paperback\/product-23821772.html\">Comprar en papel<\/a><\/h2>\t\t<\/div>\n\t\t\t\t<\/div>\n\t\t\t\t\t<\/div>\n\t\t<\/div>\n\t\t\t\t\t<\/div>\n\t\t<\/section>\n\t\t\t\t<section class=\"elementor-section elementor-top-section elementor-element elementor-element-63n94kw elementor-section-boxed elementor-section-height-default elementor-section-height-default\" data-id=\"63n94kw\" data-element_type=\"section\">\n\t\t\t\t\t\t<div class=\"elementor-container elementor-column-gap-default\">\n\t\t\t\t\t<div class=\"elementor-column elementor-col-33 elementor-top-column elementor-element elementor-element-saeb8ec\" data-id=\"saeb8ec\" data-element_type=\"column\">\n\t\t\t<div class=\"elementor-widget-wrap elementor-element-populated\">\n\t\t\t\t\t\t<div class=\"elementor-element elementor-element-gqmzbwp elementor-widget elementor-widget-image\" data-id=\"gqmzbwp\" data-element_type=\"widget\" data-widget_type=\"image.default\">\n\t\t\t\t<div class=\"elementor-widget-container\">\n\t\t\t<style>\/*! elementor - v3.20.0 - 20-03-2024 *\/\n.elementor-widget-image{text-align:center}.elementor-widget-image a{display:inline-block}.elementor-widget-image a img[src$=\".svg\"]{width:48px}.elementor-widget-image img{vertical-align:middle;display:inline-block}<\/style>\t\t\t\t\t\t\t\t\t\t<img decoding=\"async\" src=\"http:\/\/www.josemariatornay.com\/wp-content\/uploads\/elementor\/thumbs\/naturalmente-n0aw2r0iiv1gwixwjqwqvfqqbxsc0lrc2rkuc2f7qg.jpg\" title=\"naturalmente\" alt=\"naturalmente\" loading=\"lazy\" \/>\t\t\t\t\t\t\t\t\t\t\t\t\t<\/div>\n\t\t\t\t<\/div>\n\t\t\t\t\t<\/div>\n\t\t<\/div>\n\t\t\t\t<div class=\"elementor-column elementor-col-66 elementor-top-column elementor-element elementor-element-rlile06\" data-id=\"rlile06\" data-element_type=\"column\">\n\t\t\t<div class=\"elementor-widget-wrap elementor-element-populated\">\n\t\t\t\t\t\t<div class=\"elementor-element elementor-element-i2r65gh elementor-widget elementor-widget-text-editor\" data-id=\"i2r65gh\" data-element_type=\"widget\" data-widget_type=\"text-editor.default\">\n\t\t\t\t<div class=\"elementor-widget-container\">\n\t\t\t<style>\/*! elementor - v3.20.0 - 20-03-2024 *\/\n.elementor-widget-text-editor.elementor-drop-cap-view-stacked .elementor-drop-cap{background-color:#69727d;color:#fff}.elementor-widget-text-editor.elementor-drop-cap-view-framed .elementor-drop-cap{color:#69727d;border:3px solid;background-color:transparent}.elementor-widget-text-editor:not(.elementor-drop-cap-view-default) .elementor-drop-cap{margin-top:8px}.elementor-widget-text-editor:not(.elementor-drop-cap-view-default) .elementor-drop-cap-letter{width:1em;height:1em}.elementor-widget-text-editor .elementor-drop-cap{float:left;text-align:center;line-height:1;font-size:50px}.elementor-widget-text-editor .elementor-drop-cap-letter{display:inline-block}<\/style>\t\t\t\t<p><br \/>Naturalmente es un conjunto de poemas que quieren hacer referencia a cosas muy cotidianas. Tan cotidianas como los d\u00edas de la semana, los meses del a\u00f1o, las estaciones, las diferentes partes del d\u00eda, las horas, los minutos, los segundos.En buesca siempre de la verdad escurridiza de las cosas. Tan escurridiza que es imposible de atrapar. Ir\u00e1n surgiendo, poco a poco, de forma casi casual, espont\u00e1nea, naturalmente. Empezaron a nacer el 1 de enero de 2016.<\/p>\t\t\t\t\t\t<\/div>\n\t\t\t\t<\/div>\n\t\t\t\t\t<\/div>\n\t\t<\/div>\n\t\t\t\t\t<\/div>\n\t\t<\/section>\n\t\t\t\t<section class=\"elementor-section elementor-top-section elementor-element elementor-element-v5t644z elementor-section-boxed elementor-section-height-default elementor-section-height-default\" data-id=\"v5t644z\" data-element_type=\"section\">\n\t\t\t\t\t\t<div class=\"elementor-container elementor-column-gap-default\">\n\t\t\t\t\t<div class=\"elementor-column elementor-col-33 elementor-top-column elementor-element elementor-element-aaw8y4q\" data-id=\"aaw8y4q\" data-element_type=\"column\">\n\t\t\t<div class=\"elementor-widget-wrap elementor-element-populated\">\n\t\t\t\t\t\t<div class=\"elementor-element elementor-element-3d1053o elementor-widget elementor-widget-heading\" data-id=\"3d1053o\" data-element_type=\"widget\" data-widget_type=\"heading.default\">\n\t\t\t\t<div class=\"elementor-widget-container\">\n\t\t\t<h2 class=\"elementor-heading-title elementor-size-small\">LUNES<\/h2>\t\t<\/div>\n\t\t\t\t<\/div>\n\t\t\t\t<div class=\"elementor-element elementor-element-mclb8h1 elementor-widget elementor-widget-text-editor\" data-id=\"mclb8h1\" data-element_type=\"widget\" data-widget_type=\"text-editor.default\">\n\t\t\t\t<div class=\"elementor-widget-container\">\n\t\t\t\t\t\t\t<p>Arena seca y desierta<br \/>en el cielo de la boca,<br \/>aridez desalentada<br \/>en el paladar sin hojas.<br \/>Nubes sin sol ni alegr\u00eda<br \/>ensombreciendo las sombras,<br \/>oscuridad que desnuda<br \/>las fatigadas zozobras.<br \/>Fuego lento en las entra\u00f1as,<br \/>por debajo de la ropa.<\/p>\t\t\t\t\t\t<\/div>\n\t\t\t\t<\/div>\n\t\t\t\t\t<\/div>\n\t\t<\/div>\n\t\t\t\t<div class=\"elementor-column elementor-col-33 elementor-top-column elementor-element elementor-element-0zzihpq\" data-id=\"0zzihpq\" data-element_type=\"column\">\n\t\t\t<div class=\"elementor-widget-wrap elementor-element-populated\">\n\t\t\t\t\t\t<div class=\"elementor-element elementor-element-wr631jq elementor-widget elementor-widget-heading\" data-id=\"wr631jq\" data-element_type=\"widget\" data-widget_type=\"heading.default\">\n\t\t\t\t<div class=\"elementor-widget-container\">\n\t\t\t<h2 class=\"elementor-heading-title elementor-size-small\">MARTES<\/h2>\t\t<\/div>\n\t\t\t\t<\/div>\n\t\t\t\t<div class=\"elementor-element elementor-element-qfvuk03 elementor-widget elementor-widget-text-editor\" data-id=\"qfvuk03\" data-element_type=\"widget\" data-widget_type=\"text-editor.default\">\n\t\t\t\t<div class=\"elementor-widget-container\">\n\t\t\t\t\t\t\t<p>Hay un moh\u00edn de esperanza<br \/>vislumbr\u00e1ndose entre rejas,<br \/>un rictus de hielo negro<br \/>que sabe a miedo y tristeza.<br \/>Hay un rayito de luna<br \/>columpi\u00e1ndose en la niebla<br \/>y una furtiva sonrisa,<br \/>que no es ni franca ni fresca.<br \/>Un velo viejo de mugres<br \/>tapiando\u00a0 todas las puertas.<\/p>\t\t\t\t\t\t<\/div>\n\t\t\t\t<\/div>\n\t\t\t\t\t<\/div>\n\t\t<\/div>\n\t\t\t\t<div class=\"elementor-column elementor-col-33 elementor-top-column elementor-element elementor-element-kdcgm1m\" data-id=\"kdcgm1m\" data-element_type=\"column\">\n\t\t\t<div class=\"elementor-widget-wrap elementor-element-populated\">\n\t\t\t\t\t\t<div class=\"elementor-element elementor-element-69u0hsp elementor-widget elementor-widget-heading\" data-id=\"69u0hsp\" data-element_type=\"widget\" data-widget_type=\"heading.default\">\n\t\t\t\t<div class=\"elementor-widget-container\">\n\t\t\t<h2 class=\"elementor-heading-title elementor-size-small\">MI\u00c9RCOLES<\/h2>\t\t<\/div>\n\t\t\t\t<\/div>\n\t\t\t\t<div class=\"elementor-element elementor-element-niulijr elementor-widget elementor-widget-text-editor\" data-id=\"niulijr\" data-element_type=\"widget\" data-widget_type=\"text-editor.default\">\n\t\t\t\t<div class=\"elementor-widget-container\">\n\t\t\t\t\t\t\t<p>Se escapan las soledades<br \/>en busca de compa\u00f1\u00eda,<br \/>en l\u00fagubre algarab\u00eda<br \/>repleta de oscuridades.<br \/>Se marchan, se van muy lejos,<br \/>con rumbo a ninguna parte,<br \/>llevando como estandarte<br \/>muchos corazones viejos.<br \/>Cabizbajas y olvidadas,<br \/>mustias de tanto llorar,<br \/>su destino es caminar<br \/>ignorantes, ignoradas.<\/p>\t\t\t\t\t\t<\/div>\n\t\t\t\t<\/div>\n\t\t\t\t\t<\/div>\n\t\t<\/div>\n\t\t\t\t\t<\/div>\n\t\t<\/section>\n\t\t\t\t<section class=\"elementor-section elementor-top-section elementor-element elementor-element-vbinuvz elementor-section-boxed elementor-section-height-default elementor-section-height-default\" data-id=\"vbinuvz\" data-element_type=\"section\">\n\t\t\t\t\t\t<div class=\"elementor-container elementor-column-gap-default\">\n\t\t\t\t\t<div class=\"elementor-column elementor-col-33 elementor-top-column elementor-element elementor-element-p1spa3l\" data-id=\"p1spa3l\" data-element_type=\"column\">\n\t\t\t<div class=\"elementor-widget-wrap elementor-element-populated\">\n\t\t\t\t\t\t<div class=\"elementor-element elementor-element-rmf30qx elementor-widget elementor-widget-heading\" data-id=\"rmf30qx\" data-element_type=\"widget\" data-widget_type=\"heading.default\">\n\t\t\t\t<div class=\"elementor-widget-container\">\n\t\t\t<h2 class=\"elementor-heading-title elementor-size-small\">JUEVES<\/h2>\t\t<\/div>\n\t\t\t\t<\/div>\n\t\t\t\t<div class=\"elementor-element elementor-element-seoi3ms elementor-widget elementor-widget-text-editor\" data-id=\"seoi3ms\" data-element_type=\"widget\" data-widget_type=\"text-editor.default\">\n\t\t\t\t<div class=\"elementor-widget-container\">\n\t\t\t\t\t\t\t<p>En medio de la nada,<br \/>desnudo entre tinieblas<br \/>dentro de una coraza,<br \/>pisando sobre piedras.<br \/>\u00a1Ay, amor, c\u00f3mo mata<br \/>la luz que t\u00fa te llevas,<br \/>desnuda de ma\u00f1ana,<br \/>vestida de tristeza!<br \/>Nadando en la ensenada<br \/>de la esperanza muerta<br \/>se marchitan las brasas<br \/>de la pasi\u00f3n desierta.<br \/>\u00a1Ay, amor, c\u00f3mo escapan<br \/>Contigo las estrellas!<\/p>\t\t\t\t\t\t<\/div>\n\t\t\t\t<\/div>\n\t\t\t\t<div class=\"elementor-element elementor-element-9wqh7wg elementor-widget elementor-widget-heading\" data-id=\"9wqh7wg\" data-element_type=\"widget\" data-widget_type=\"heading.default\">\n\t\t\t\t<div class=\"elementor-widget-container\">\n\t\t\t<h2 class=\"elementor-heading-title elementor-size-small\">DOMINGO<\/h2>\t\t<\/div>\n\t\t\t\t<\/div>\n\t\t\t\t<div class=\"elementor-element elementor-element-xdptb70 elementor-widget elementor-widget-text-editor\" data-id=\"xdptb70\" data-element_type=\"widget\" data-widget_type=\"text-editor.default\">\n\t\t\t\t<div class=\"elementor-widget-container\">\n\t\t\t\t\t\t\t<p>El viernes es nostalgia<br \/>de un lunes negro,<br \/>el s\u00e1bado, esperanza,<br \/>el domingo, un deseo, <br \/>que vuela como vuelan<br \/>todos los sue\u00f1os.<br \/>Vieja es la historia,<br \/>sabio es el tiempo,<br \/>y fr\u00e1gil la memoria<br \/>que va tejiendo<br \/>los hilos que sostienen<br \/>nuestro esqueleto.<br \/>El domingo es derrota,<br \/>final de un sue\u00f1o.<\/p>\t\t\t\t\t\t<\/div>\n\t\t\t\t<\/div>\n\t\t\t\t\t<\/div>\n\t\t<\/div>\n\t\t\t\t<div class=\"elementor-column elementor-col-33 elementor-top-column elementor-element elementor-element-a7argop\" data-id=\"a7argop\" data-element_type=\"column\">\n\t\t\t<div class=\"elementor-widget-wrap elementor-element-populated\">\n\t\t\t\t\t\t<div class=\"elementor-element elementor-element-sqre379 elementor-widget elementor-widget-heading\" data-id=\"sqre379\" data-element_type=\"widget\" data-widget_type=\"heading.default\">\n\t\t\t\t<div class=\"elementor-widget-container\">\n\t\t\t<h2 class=\"elementor-heading-title elementor-size-small\">VIERNES<\/h2>\t\t<\/div>\n\t\t\t\t<\/div>\n\t\t\t\t<div class=\"elementor-element elementor-element-yws8vvu elementor-widget elementor-widget-text-editor\" data-id=\"yws8vvu\" data-element_type=\"widget\" data-widget_type=\"text-editor.default\">\n\t\t\t\t<div class=\"elementor-widget-container\">\n\t\t\t\t\t\t\t<p>\u00a0<\/p><p>Hay un fuego que no arde,<br \/>hay un sol que no calienta,<br \/>un resplandor que no alumbra <br \/>y una luna que da pena;<br \/>una estrella que da sombra<br \/>y un aire que no refresca.<br \/>Hay un oasis sin agua, <br \/>hay un peso que no pesa,<br \/>una certeza imposible<br \/>y un so\u00f1ador que no sue\u00f1a.<\/p>\t\t\t\t\t\t<\/div>\n\t\t\t\t<\/div>\n\t\t\t\t<div class=\"elementor-element elementor-element-mwvndop elementor-widget elementor-widget-heading\" data-id=\"mwvndop\" data-element_type=\"widget\" data-widget_type=\"heading.default\">\n\t\t\t\t<div class=\"elementor-widget-container\">\n\t\t\t<h2 class=\"elementor-heading-title elementor-size-small\">ENERO<\/h2>\t\t<\/div>\n\t\t\t\t<\/div>\n\t\t\t\t<div class=\"elementor-element elementor-element-4w5hnun elementor-widget elementor-widget-text-editor\" data-id=\"4w5hnun\" data-element_type=\"widget\" data-widget_type=\"text-editor.default\">\n\t\t\t\t<div class=\"elementor-widget-container\">\n\t\t\t\t\t\t\t<p>\u00a0<\/p><p>Reina con su aguij\u00f3n<br \/>de hielo negro,<br \/>que clava en las entra\u00f1as,<br \/>-blanco desierto-,<br \/>de arenas movedizas<br \/>en el cerebro.<br \/>Perdido en las tinieblas<br \/>de mi esqueleto<br \/>me encierro mientras dura<br \/>su cruel imperio,<br \/>pero hasta all\u00ed se cuelan<br \/>sus n\u00edveos dedos.<\/p>\t\t\t\t\t\t<\/div>\n\t\t\t\t<\/div>\n\t\t\t\t\t<\/div>\n\t\t<\/div>\n\t\t\t\t<div class=\"elementor-column elementor-col-33 elementor-top-column elementor-element elementor-element-69vvg67\" data-id=\"69vvg67\" data-element_type=\"column\">\n\t\t\t<div class=\"elementor-widget-wrap elementor-element-populated\">\n\t\t\t\t\t\t<div class=\"elementor-element elementor-element-ex78dvm elementor-widget elementor-widget-heading\" data-id=\"ex78dvm\" data-element_type=\"widget\" data-widget_type=\"heading.default\">\n\t\t\t\t<div class=\"elementor-widget-container\">\n\t\t\t<h2 class=\"elementor-heading-title elementor-size-small\">S\u00c1BADO<\/h2>\t\t<\/div>\n\t\t\t\t<\/div>\n\t\t\t\t<div class=\"elementor-element elementor-element-37o6hw2 elementor-widget elementor-widget-text-editor\" data-id=\"37o6hw2\" data-element_type=\"widget\" data-widget_type=\"text-editor.default\">\n\t\t\t\t<div class=\"elementor-widget-container\">\n\t\t\t\t\t\t\t<p><br \/>Un rayo de luz, travieso,<br \/>ha atravesado mis cejas,<br \/>ha liberado a mi preso,<br \/>ha quebrantado mis rejas.<\/p><p>A veces transforma en d\u00eda<br \/>mis rincones m\u00e1s oscuros,<br \/>con esa sed de futuro<br \/>que atesora la alegr\u00eda.<\/p><p>Pero no suele durar<br \/>ni lo que dura un momento<br \/>y antes que pueda alumbrar<br \/>ya se lo ha llevado el viento.<\/p>\t\t\t\t\t\t<\/div>\n\t\t\t\t<\/div>\n\t\t\t\t<div class=\"elementor-element elementor-element-qmfdqeb elementor-widget elementor-widget-heading\" data-id=\"qmfdqeb\" data-element_type=\"widget\" data-widget_type=\"heading.default\">\n\t\t\t\t<div class=\"elementor-widget-container\">\n\t\t\t<h2 class=\"elementor-heading-title elementor-size-small\">FEBRERO<\/h2>\t\t<\/div>\n\t\t\t\t<\/div>\n\t\t\t\t<div class=\"elementor-element elementor-element-3fdmq84 elementor-widget elementor-widget-text-editor\" data-id=\"3fdmq84\" data-element_type=\"widget\" data-widget_type=\"text-editor.default\">\n\t\t\t\t<div class=\"elementor-widget-container\">\n\t\t\t\t\t\t\t<p>Rayo de sol que alumbra<br \/>\u00a1ay!, por dentro y por fuera,<br \/>que me inunda y te inunda,<br \/>de tambores de fiesta.<\/p><p>\u00a1Ay, qui\u00e9n supiera<br \/>encender a tu paso <br \/>la primavera!<\/p><p>Princesa sin palacio<br \/>y reina de mis penas,<br \/>horizonte que escapa,<br \/>soledad que no cesa.<\/p><p>\u00a1Ay, qui\u00e9n pudiera<br \/>derribar las defensas<br \/>de tu frontera.<\/p>\t\t\t\t\t\t<\/div>\n\t\t\t\t<\/div>\n\t\t\t\t\t<\/div>\n\t\t<\/div>\n\t\t\t\t\t<\/div>\n\t\t<\/section>\n\t\t\t\t<section class=\"elementor-section elementor-top-section elementor-element elementor-element-rwfy89a elementor-section-boxed elementor-section-height-default elementor-section-height-default\" data-id=\"rwfy89a\" data-element_type=\"section\">\n\t\t\t\t\t\t<div class=\"elementor-container elementor-column-gap-default\">\n\t\t\t\t\t<div class=\"elementor-column elementor-col-33 elementor-top-column elementor-element elementor-element-fvsnld0\" data-id=\"fvsnld0\" data-element_type=\"column\">\n\t\t\t<div class=\"elementor-widget-wrap elementor-element-populated\">\n\t\t\t\t\t\t<div class=\"elementor-element elementor-element-jk0potp elementor-widget elementor-widget-text-editor\" data-id=\"jk0potp\" data-element_type=\"widget\" data-widget_type=\"text-editor.default\">\n\t\t\t\t<div class=\"elementor-widget-container\">\n\t\t\t\t\t\t\t<p><strong>\u00a0AMANECER<\/strong><br \/>Y todo vuelve a la vida,<br \/>desnudos cuerpos desiertos<br \/>regresan a la intemperie,<br \/>vuelven al mundo de nuevo.<br \/>Un nuevo Sol se avecina<br \/>detr\u00e1s de los montes viejos<br \/>y la carne se hace carne<br \/>en los pobres esqueletos.<br \/>Amanece la esperanza<br \/>igual que un viejo recuerdo<br \/>vuelve del viejo desv\u00e1n<br \/>donde guardamos los sue\u00f1os.<\/p>\t\t\t\t\t\t<\/div>\n\t\t\t\t<\/div>\n\t\t\t\t\t<\/div>\n\t\t<\/div>\n\t\t\t\t<div class=\"elementor-column elementor-col-33 elementor-top-column elementor-element elementor-element-g48x6ed\" data-id=\"g48x6ed\" data-element_type=\"column\">\n\t\t\t<div class=\"elementor-widget-wrap elementor-element-populated\">\n\t\t\t\t\t\t<div class=\"elementor-element elementor-element-9kudkew elementor-widget elementor-widget-text-editor\" data-id=\"9kudkew\" data-element_type=\"widget\" data-widget_type=\"text-editor.default\">\n\t\t\t\t<div class=\"elementor-widget-container\">\n\t\t\t\t\t\t\t<p><strong>LA MA\u00d1ANA<\/strong><br \/>Subido a un rayo de sol<br \/>viene el jinete del alba<br \/>iluminando el sendero<br \/>y calentando las almas.<br \/>Poco a poco, lentamente,<br \/>en el coraz\u00f3n se instala<br \/>y viene a ser el presagio<br \/>del tiempo que nos traspasa.<br \/>Por el camino que corre<br \/>m\u00e1s all\u00e1 de la monta\u00f1a,<br \/>tristemente se despide<br \/>con un beso la ma\u00f1ana.<\/p>\t\t\t\t\t\t<\/div>\n\t\t\t\t<\/div>\n\t\t\t\t\t<\/div>\n\t\t<\/div>\n\t\t\t\t<div class=\"elementor-column elementor-col-33 elementor-top-column elementor-element elementor-element-7sguwnb\" data-id=\"7sguwnb\" data-element_type=\"column\">\n\t\t\t<div class=\"elementor-widget-wrap elementor-element-populated\">\n\t\t\t\t\t\t<div class=\"elementor-element elementor-element-azwntpp elementor-widget elementor-widget-text-editor\" data-id=\"azwntpp\" data-element_type=\"widget\" data-widget_type=\"text-editor.default\">\n\t\t\t\t<div class=\"elementor-widget-container\">\n\t\t\t\t\t\t\t<p><strong>LA TARDE<\/strong><br \/>Como una sombra caliente<br \/>se encamina hacia la nada,<br \/>a su propio atardecer<br \/>sin tristeza y sin nostalgia.<br \/>La tarde, fugaz delirio,<br \/>sin futuro y sin ma\u00f1ana,<br \/>como el hombre que camina<br \/>hacia la noche sin pausa.<br \/>Como una nube se agita<br \/>desde el cielo mientras pasa<br \/>y va dejando a su paso<br \/>m\u00e1s congoja que esperanza.<\/p>\t\t\t\t\t\t<\/div>\n\t\t\t\t<\/div>\n\t\t\t\t\t<\/div>\n\t\t<\/div>\n\t\t\t\t\t<\/div>\n\t\t<\/section>\n\t\t\t\t<section class=\"elementor-section elementor-top-section elementor-element elementor-element-hs47ioy elementor-section-boxed elementor-section-height-default elementor-section-height-default\" data-id=\"hs47ioy\" data-element_type=\"section\">\n\t\t\t\t\t\t<div class=\"elementor-container elementor-column-gap-default\">\n\t\t\t\t\t<div class=\"elementor-column elementor-col-33 elementor-top-column elementor-element elementor-element-lxlz3yl\" data-id=\"lxlz3yl\" data-element_type=\"column\">\n\t\t\t<div class=\"elementor-widget-wrap elementor-element-populated\">\n\t\t\t\t\t\t<div class=\"elementor-element elementor-element-ti1fr0h elementor-widget elementor-widget-text-editor\" data-id=\"ti1fr0h\" data-element_type=\"widget\" data-widget_type=\"text-editor.default\">\n\t\t\t\t<div class=\"elementor-widget-container\">\n\t\t\t\t\t\t\t<p><strong>ATARDECER<\/strong><br \/>Su trabajo es apagar<br \/>poco a poco, paso a paso,<br \/>los \u00faltimos resplandores,<br \/>de la tarde que, en sus brazos<br \/>sepulta el \u00faltimo duelo<br \/>de una luz que, sin embargo,<br \/>se resiste a sucumbir<br \/>ante el destino obligado.<br \/>Par\u00e9ntesis que limite<br \/>la soledad y el ocaso;<br \/>la tarde viene a morir<br \/>en su tranquilo regazo.<\/p>\t\t\t\t\t\t<\/div>\n\t\t\t\t<\/div>\n\t\t\t\t\t<\/div>\n\t\t<\/div>\n\t\t\t\t<div class=\"elementor-column elementor-col-33 elementor-top-column elementor-element elementor-element-aju60pm\" data-id=\"aju60pm\" data-element_type=\"column\">\n\t\t\t<div class=\"elementor-widget-wrap elementor-element-populated\">\n\t\t\t\t\t\t<div class=\"elementor-element elementor-element-9x32n08 elementor-widget elementor-widget-text-editor\" data-id=\"9x32n08\" data-element_type=\"widget\" data-widget_type=\"text-editor.default\">\n\t\t\t\t<div class=\"elementor-widget-container\">\n\t\t\t\t\t\t\t<p><strong>FEBRERO<\/strong><br \/>Rayo de sol que alumbra<br \/>\u00a1ay!, por dentro y por fuera,<br \/>que me inunda y te inunda,<br \/>de tambores de fiesta.<br \/>\u00a1Ay, qui\u00e9n supiera<br \/>encender a tu paso <br \/>la primavera!<br \/>Princesa sin palacio<br \/>y reina de mis penas,<br \/>horizonte que escapa,<br \/>soledad que no cesa.<br \/>\u00a1Ay, qui\u00e9n pudiera<br \/>derribar las murallas<br \/>de tu frontera!<\/p>\t\t\t\t\t\t<\/div>\n\t\t\t\t<\/div>\n\t\t\t\t\t<\/div>\n\t\t<\/div>\n\t\t\t\t<div class=\"elementor-column elementor-col-33 elementor-top-column elementor-element elementor-element-zhp8357\" data-id=\"zhp8357\" data-element_type=\"column\">\n\t\t\t<div class=\"elementor-widget-wrap elementor-element-populated\">\n\t\t\t\t\t\t<div class=\"elementor-element elementor-element-5oue5jy elementor-widget elementor-widget-text-editor\" data-id=\"5oue5jy\" data-element_type=\"widget\" data-widget_type=\"text-editor.default\">\n\t\t\t\t<div class=\"elementor-widget-container\">\n\t\t\t\t\t\t\t<p><strong>MARZO<\/strong><br \/>Muchas gracias, \u00a1vive Dios!,<br \/>clama el creyente hacia el cielo:<br \/>\u201cgracias, Se\u00f1or, t\u00fa me das<br \/>Tu verdad y Tu misterio,<br \/>la fe que mueve monta\u00f1as<br \/>y a Tu hijo como ejemplo,<br \/> la paz a mi coraz\u00f3n<br \/>y a mi vida Tu consuelo\u201d.<br \/>Y as\u00ed transcurre su vida,<br \/>igual que un ni\u00f1o peque\u00f1o<br \/>esperando una caricia,<br \/>su regalo por ser bueno.<\/p>\t\t\t\t\t\t<\/div>\n\t\t\t\t<\/div>\n\t\t\t\t\t<\/div>\n\t\t<\/div>\n\t\t\t\t\t<\/div>\n\t\t<\/section>\n\t\t\t\t<section class=\"elementor-section elementor-top-section elementor-element elementor-element-heh1v22 elementor-section-boxed elementor-section-height-default elementor-section-height-default\" data-id=\"heh1v22\" data-element_type=\"section\">\n\t\t\t\t\t\t<div class=\"elementor-container elementor-column-gap-default\">\n\t\t\t\t\t<div class=\"elementor-column elementor-col-33 elementor-top-column elementor-element elementor-element-f9uceux\" data-id=\"f9uceux\" data-element_type=\"column\">\n\t\t\t<div class=\"elementor-widget-wrap elementor-element-populated\">\n\t\t\t\t\t\t<div class=\"elementor-element elementor-element-dgz6p1q elementor-widget elementor-widget-text-editor\" data-id=\"dgz6p1q\" data-element_type=\"widget\" data-widget_type=\"text-editor.default\">\n\t\t\t\t<div class=\"elementor-widget-container\">\n\t\t\t\t\t\t\t<p><strong>ANOCHECER<\/strong><br \/>Ya viene la noche<br \/>con su negro manto<br \/>a esconder la tarde<br \/>con paso callado,<br \/>del negro futuro<br \/>que abriga en sus brazos.<br \/>Soledad de bruma,<br \/>tibieza de anta\u00f1o,<br \/>que deja sin rumbo<br \/>los inciertos pasos.<br \/>La noche se acerca<br \/>con su traje largo.<\/p>\t\t\t\t\t\t<\/div>\n\t\t\t\t<\/div>\n\t\t\t\t\t<\/div>\n\t\t<\/div>\n\t\t\t\t<div class=\"elementor-column elementor-col-33 elementor-top-column elementor-element elementor-element-q4xlap4\" data-id=\"q4xlap4\" data-element_type=\"column\">\n\t\t\t<div class=\"elementor-widget-wrap elementor-element-populated\">\n\t\t\t\t\t\t<div class=\"elementor-element elementor-element-aicsahd elementor-widget elementor-widget-text-editor\" data-id=\"aicsahd\" data-element_type=\"widget\" data-widget_type=\"text-editor.default\">\n\t\t\t\t<div class=\"elementor-widget-container\">\n\t\t\t\t\t\t\t<p><strong>NOCHE<\/strong><br \/>Tejedora de fronteras<br \/>que limitan con la tarde,<br \/>con el viejo atardecer,<br \/>que precede sus instantes.<br \/>La noche se abre camino<br \/>apagando voluntades,<br \/>sofocando desalientos,<br \/>cegando las rancias calles.<br \/>La noche es la gran frontera,<br \/>que nos lleva a cualquier parte,<br \/>que nos invita a so\u00f1ar<br \/>y nos cuenta sus verdades.<\/p>\t\t\t\t\t\t<\/div>\n\t\t\t\t<\/div>\n\t\t\t\t\t<\/div>\n\t\t<\/div>\n\t\t\t\t<div class=\"elementor-column elementor-col-33 elementor-top-column elementor-element elementor-element-bx9ooj4\" data-id=\"bx9ooj4\" data-element_type=\"column\">\n\t\t\t<div class=\"elementor-widget-wrap elementor-element-populated\">\n\t\t\t\t\t\t<div class=\"elementor-element elementor-element-uf54hk8 elementor-widget elementor-widget-text-editor\" data-id=\"uf54hk8\" data-element_type=\"widget\" data-widget_type=\"text-editor.default\">\n\t\t\t\t<div class=\"elementor-widget-container\">\n\t\t\t\t\t\t\t<p>MEDIANOCHE<br \/>A la hora convenida<br \/>ascienden por los balcones<br \/>las brujas que cabalmente<br \/>va fabricando la noche.<br \/>Florecen por todas partes,<br \/>se esconden en los rincones<br \/>y no se dejan mirar<br \/>por los ojos de los hombres.<br \/>Pero s\u00e9 que est\u00e1n ah\u00ed,<br \/>son algo m\u00e1s que rumores,<br \/>son verdades imposibles,<br \/>que nacen a medianoche.<\/p>\t\t\t\t\t\t<\/div>\n\t\t\t\t<\/div>\n\t\t\t\t\t<\/div>\n\t\t<\/div>\n\t\t\t\t\t<\/div>\n\t\t<\/section>\n\t\t\t\t<section class=\"elementor-section elementor-top-section elementor-element elementor-element-twzawqq elementor-section-boxed elementor-section-height-default elementor-section-height-default\" data-id=\"twzawqq\" data-element_type=\"section\">\n\t\t\t\t\t\t<div class=\"elementor-container elementor-column-gap-default\">\n\t\t\t\t\t<div class=\"elementor-column elementor-col-33 elementor-top-column elementor-element elementor-element-9ptnw9b\" data-id=\"9ptnw9b\" data-element_type=\"column\">\n\t\t\t<div class=\"elementor-widget-wrap elementor-element-populated\">\n\t\t\t\t\t\t<div class=\"elementor-element elementor-element-r2bckmp elementor-widget elementor-widget-text-editor\" data-id=\"r2bckmp\" data-element_type=\"widget\" data-widget_type=\"text-editor.default\">\n\t\t\t\t<div class=\"elementor-widget-container\">\n\t\t\t\t\t\t\t<p><strong>MADRUGADA<\/strong><br \/>Desnudo en el desierto<br \/>de la noche m\u00e1s larga,<br \/>me atrevo con los sue\u00f1os,<br \/>que las luces me apagan.<br \/>Y con todas mis armas<br \/>me lanzo a las batallas,<br \/>que perder\u00e9 muy pronto,<br \/>justo en la madrugada.<br \/>La noche me despierta<br \/>la sed de la ma\u00f1ana,<br \/>de asaltar los caminos,<br \/>de perderme en las ramas.<\/p>\t\t\t\t\t\t<\/div>\n\t\t\t\t<\/div>\n\t\t\t\t\t<\/div>\n\t\t<\/div>\n\t\t\t\t<div class=\"elementor-column elementor-col-33 elementor-top-column elementor-element elementor-element-zptmyw6\" data-id=\"zptmyw6\" data-element_type=\"column\">\n\t\t\t<div class=\"elementor-widget-wrap elementor-element-populated\">\n\t\t\t\t\t\t<div class=\"elementor-element elementor-element-wrkbwll elementor-widget elementor-widget-text-editor\" data-id=\"wrkbwll\" data-element_type=\"widget\" data-widget_type=\"text-editor.default\">\n\t\t\t\t<div class=\"elementor-widget-container\">\n\t\t\t\t\t\t\t<p><strong>PRIMAVERA<br \/><\/strong><br \/>La alondra del canto verde<br \/>vuelve a acariciar el alba <br \/>con sus notas cristalinas<br \/>y sus victoriosas alas.<br \/>Clama al cielo con su canto<br \/>la verdad de su garganta,<br \/>que es la verdad de la Tierra,<br \/>ese llanto sin palabras,<br \/>que brota del coraz\u00f3n<br \/>de las noches olvidadas.<\/p>\t\t\t\t\t\t<\/div>\n\t\t\t\t<\/div>\n\t\t\t\t\t<\/div>\n\t\t<\/div>\n\t\t\t\t<div class=\"elementor-column elementor-col-33 elementor-top-column elementor-element elementor-element-11eon03\" data-id=\"11eon03\" data-element_type=\"column\">\n\t\t\t<div class=\"elementor-widget-wrap elementor-element-populated\">\n\t\t\t\t\t\t<div class=\"elementor-element elementor-element-4f44geh elementor-widget elementor-widget-text-editor\" data-id=\"4f44geh\" data-element_type=\"widget\" data-widget_type=\"text-editor.default\">\n\t\t\t\t<div class=\"elementor-widget-container\">\n\t\t\t\t\t\t\t<p><strong>PARTIR<\/strong><br \/>Partir para abrir los ojos,<br \/>para romper las cadenas,<br \/>para destripar las penas,<br \/>para romper los cerrojos.<\/p><p>Partir para abrir las puertas,<br \/>para cerrar las oscuras<br \/>maldades de las criaturas<br \/>de calabazas desiertas.<\/p><p>Partir para hacer camino<br \/>y para hallar otros mares,<br \/>para hollar otros lugares,<br \/>para ser un peregrino.<\/p>\t\t\t\t\t\t<\/div>\n\t\t\t\t<\/div>\n\t\t\t\t\t<\/div>\n\t\t<\/div>\n\t\t\t\t\t<\/div>\n\t\t<\/section>\n\t\t\t\t<section class=\"elementor-section elementor-top-section elementor-element elementor-element-1f578nx elementor-section-boxed elementor-section-height-default elementor-section-height-default\" data-id=\"1f578nx\" data-element_type=\"section\">\n\t\t\t\t\t\t<div class=\"elementor-container elementor-column-gap-default\">\n\t\t\t\t\t<div class=\"elementor-column elementor-col-33 elementor-top-column elementor-element elementor-element-pt2fitw\" data-id=\"pt2fitw\" data-element_type=\"column\">\n\t\t\t<div class=\"elementor-widget-wrap elementor-element-populated\">\n\t\t\t\t\t\t<div class=\"elementor-element elementor-element-sdylhp6 elementor-widget elementor-widget-text-editor\" data-id=\"sdylhp6\" data-element_type=\"widget\" data-widget_type=\"text-editor.default\">\n\t\t\t\t<div class=\"elementor-widget-container\">\n\t\t\t\t\t\t\t<p><strong>MAYO<\/strong><br \/>Mayo reina en el pecho<br \/>como un volc\u00e1n en llamas,<br \/>se despliega por dentro,<br \/>(ej\u00e9rcito que sangra),<br \/>con todas sus banderas<br \/>y con todas sus armas.<br \/>Ense\u00f1a sus colores<br \/>y gana la batalla<br \/>de la luz infinita<br \/>a la noche m\u00e1s larga<br \/>Mayo invita a salir<br \/>a besar la ma\u00f1ana.<\/p>\t\t\t\t\t\t<\/div>\n\t\t\t\t<\/div>\n\t\t\t\t\t<\/div>\n\t\t<\/div>\n\t\t\t\t<div class=\"elementor-column elementor-col-33 elementor-top-column elementor-element elementor-element-yjnj3wd\" data-id=\"yjnj3wd\" data-element_type=\"column\">\n\t\t\t<div class=\"elementor-widget-wrap elementor-element-populated\">\n\t\t\t\t\t\t<div class=\"elementor-element elementor-element-9489f3f elementor-widget elementor-widget-text-editor\" data-id=\"9489f3f\" data-element_type=\"widget\" data-widget_type=\"text-editor.default\">\n\t\t\t\t<div class=\"elementor-widget-container\">\n\t\t\t\t\t\t\t<p><strong>JULIO<\/strong><br \/>Estoy intentando imitar<br \/>a ese p\u00e1jaro que canta,<br \/>tengo un nudo en la garganta,<br \/>que no lo puedo soltar.<br \/>Tal vez \u00e9l sepa contar<br \/>con su voz limpia y cetrina<br \/>la pena que lo domina<br \/>y el dolor del verbo amar.<br \/>Quiero imitarlo y no puedo,<br \/>porque me falta su canto,<br \/>por eso me duele tanto<br \/>y en esta jaula me quedo.<\/p>\t\t\t\t\t\t<\/div>\n\t\t\t\t<\/div>\n\t\t\t\t\t<\/div>\n\t\t<\/div>\n\t\t\t\t<div class=\"elementor-column elementor-col-33 elementor-top-column elementor-element elementor-element-399ksgp\" data-id=\"399ksgp\" data-element_type=\"column\">\n\t\t\t<div class=\"elementor-widget-wrap elementor-element-populated\">\n\t\t\t\t\t\t<div class=\"elementor-element elementor-element-7721105 elementor-widget elementor-widget-text-editor\" data-id=\"7721105\" data-element_type=\"widget\" data-widget_type=\"text-editor.default\">\n\t\t\t\t<div class=\"elementor-widget-container\">\n\t\t\t\t\t\t\t<p><strong>REGRESAR<\/strong><br \/>Yo prefiero regresar,<br \/>aunque sea lentamente,<br \/>no me sumo a la corriente<br \/>tan de moda de viajar.<\/p><p>A m\u00ed me gusta escapar,<br \/>pero solo de mis miedos,<br \/>de mis dudas, de mis credos,<br \/>del af\u00e1n de controlar.<\/p><p>Regresar tras la partida<br \/>es recobrar tu estandarte,<br \/>es otra vez engancharte<br \/>naturalmente a la vida.<\/p>\t\t\t\t\t\t<\/div>\n\t\t\t\t<\/div>\n\t\t\t\t\t<\/div>\n\t\t<\/div>\n\t\t\t\t\t<\/div>\n\t\t<\/section>\n\t\t\t\t<section class=\"elementor-section elementor-top-section elementor-element elementor-element-0ac378c elementor-section-boxed elementor-section-height-default elementor-section-height-default\" data-id=\"0ac378c\" data-element_type=\"section\">\n\t\t\t\t\t\t<div class=\"elementor-container elementor-column-gap-default\">\n\t\t\t\t\t<div class=\"elementor-column elementor-col-33 elementor-top-column elementor-element elementor-element-3a6c7c7\" data-id=\"3a6c7c7\" data-element_type=\"column\">\n\t\t\t<div class=\"elementor-widget-wrap elementor-element-populated\">\n\t\t\t\t\t\t<div class=\"elementor-element elementor-element-b6522dd elementor-widget elementor-widget-text-editor\" data-id=\"b6522dd\" data-element_type=\"widget\" data-widget_type=\"text-editor.default\">\n\t\t\t\t<div class=\"elementor-widget-container\">\n\t\t\t\t\t\t\t<p><strong>RE\u00cdR<\/strong><br \/>De una forma natural<br \/>viene a los labios la risa<br \/>cuando sorteas la prisa<br \/>y te sientes especial.<\/p><p>Una vaga sensaci\u00f3n<br \/>de placidez pasajera,<br \/>que para siempre quisiera<br \/>guardar en mi coraz\u00f3n.<\/p><p>Pero, siempre tiene un pero<br \/>este oficio de vivir,<br \/>esta ilusi\u00f3n de sentir,<br \/>que uno es m\u00e1s que un viajero.<\/p>\t\t\t\t\t\t<\/div>\n\t\t\t\t<\/div>\n\t\t\t\t\t<\/div>\n\t\t<\/div>\n\t\t\t\t<div class=\"elementor-column elementor-col-33 elementor-top-column elementor-element elementor-element-efd9462\" data-id=\"efd9462\" data-element_type=\"column\">\n\t\t\t<div class=\"elementor-widget-wrap elementor-element-populated\">\n\t\t\t\t\t\t<div class=\"elementor-element elementor-element-efb801b elementor-widget elementor-widget-text-editor\" data-id=\"efb801b\" data-element_type=\"widget\" data-widget_type=\"text-editor.default\">\n\t\t\t\t<div class=\"elementor-widget-container\">\n\t\t\t\t\t\t\t<p>ABRIL<br \/>Porque se hace el silencio<br \/>en mi p\u00e1gina en blanco,<br \/>he aprendido a ganar<br \/>perdiendo sin descanso.<br \/>Se bate en retirada<br \/>la tristeza ante tanto<br \/>aprender a so\u00f1ar,<br \/>a caminar so\u00f1ando.<br \/>Las cosas me lastiman,<br \/>las dudas me hacen da\u00f1o<br \/>y mi pobre verdad<br \/>se acuna entre mis brazos.<\/p>\t\t\t\t\t\t<\/div>\n\t\t\t\t<\/div>\n\t\t\t\t\t<\/div>\n\t\t<\/div>\n\t\t\t\t<div class=\"elementor-column elementor-col-33 elementor-top-column elementor-element elementor-element-61d7f52\" data-id=\"61d7f52\" data-element_type=\"column\">\n\t\t\t<div class=\"elementor-widget-wrap elementor-element-populated\">\n\t\t\t\t\t\t<div class=\"elementor-element elementor-element-fbbe9ba elementor-widget elementor-widget-text-editor\" data-id=\"fbbe9ba\" data-element_type=\"widget\" data-widget_type=\"text-editor.default\">\n\t\t\t\t<div class=\"elementor-widget-container\">\n\t\t\t\t\t\t\t<p>JUNIO<br \/>Estoy intentando imitar<br \/>a ese p\u00e1jaro que canta,<br \/>tengo un nudo en la garganta,<br \/>que no lo puedo soltar.<br \/>Tal vez \u00e9l sepa contar<br \/>con su voz limpia y cetrina<br \/>la pena que lo domina<br \/>y el dolor del verbo amar.<br \/>Quiero imitarlo y no puedo,<br \/>porque me falta su canto,<br \/>por eso me duele tanto<br \/>y en esta jaula me quedo.<br \/><br \/><\/p>\t\t\t\t\t\t<\/div>\n\t\t\t\t<\/div>\n\t\t\t\t\t<\/div>\n\t\t<\/div>\n\t\t\t\t\t<\/div>\n\t\t<\/section>\n\t\t\t\t<section class=\"elementor-section elementor-top-section elementor-element elementor-element-24f7807 elementor-section-boxed elementor-section-height-default elementor-section-height-default\" data-id=\"24f7807\" data-element_type=\"section\">\n\t\t\t\t\t\t<div class=\"elementor-container elementor-column-gap-default\">\n\t\t\t\t\t<div class=\"elementor-column elementor-col-33 elementor-top-column elementor-element elementor-element-3e0fa18\" data-id=\"3e0fa18\" data-element_type=\"column\">\n\t\t\t<div class=\"elementor-widget-wrap elementor-element-populated\">\n\t\t\t\t\t\t<div class=\"elementor-element elementor-element-e743272 elementor-widget elementor-widget-text-editor\" data-id=\"e743272\" data-element_type=\"widget\" data-widget_type=\"text-editor.default\">\n\t\t\t\t<div class=\"elementor-widget-container\">\n\t\t\t\t\t\t\t<p>VERANO<br \/>El coraz\u00f3n se desnuda<br \/>al comp\u00e1s del Sol que pasa<br \/>con su fuego abrasador<br \/>incendi\u00e1ndole las canas.<br \/>Fuego febril, fuego lento,<br \/>verdugo de lo que ama,<br \/>amigo de lo que hiere,<br \/>amante de lo que mata.<br \/>Fuego que reina en el cielo,<br \/>fuego que en el cielo manda.<br \/><br \/><\/p>\t\t\t\t\t\t<\/div>\n\t\t\t\t<\/div>\n\t\t\t\t\t<\/div>\n\t\t<\/div>\n\t\t\t\t<div class=\"elementor-column elementor-col-33 elementor-top-column elementor-element elementor-element-7f7f7fd\" data-id=\"7f7f7fd\" data-element_type=\"column\">\n\t\t\t<div class=\"elementor-widget-wrap elementor-element-populated\">\n\t\t\t\t\t\t<div class=\"elementor-element elementor-element-3a01f44 elementor-widget elementor-widget-text-editor\" data-id=\"3a01f44\" data-element_type=\"widget\" data-widget_type=\"text-editor.default\">\n\t\t\t\t<div class=\"elementor-widget-container\">\n\t\t\t\t\t\t\t<p>OTO\u00d1O<br \/>Microsc\u00f3picas presencias<br \/>invitan a la nostalgia,<br \/>a esas ganas de volver<br \/>donde ya no queda nada.<br \/>Microsc\u00f3picas angustias,<br \/>que ocultan la luz del alba<br \/>se abren paso cual ej\u00e9rcito<br \/>invisible que te ataca.<br \/>Y diminutas verdades,<br \/>que duelen igual que balas<br \/>disparadas por el miedo,<br \/>ese enemigo sin alma.<br \/><br \/><\/p>\t\t\t\t\t\t<\/div>\n\t\t\t\t<\/div>\n\t\t\t\t\t<\/div>\n\t\t<\/div>\n\t\t\t\t<div class=\"elementor-column elementor-col-33 elementor-top-column elementor-element elementor-element-e4937ab\" data-id=\"e4937ab\" data-element_type=\"column\">\n\t\t\t<div class=\"elementor-widget-wrap elementor-element-populated\">\n\t\t\t\t\t\t<div class=\"elementor-element elementor-element-1432175 elementor-widget elementor-widget-text-editor\" data-id=\"1432175\" data-element_type=\"widget\" data-widget_type=\"text-editor.default\">\n\t\t\t\t<div class=\"elementor-widget-container\">\n\t\t\t\t\t\t\t<p>INVIERNO<br \/>El beso solitario<br \/>en la noche m\u00e1s larga,<br \/>sabe a hielo y letargo,<br \/>a dudas y esperanzas.<br \/>El viento se convierte<br \/>en congojas del alma<br \/>y la luz languidece<br \/>como la noche al alba.<br \/>Hay un cielo que rompe<br \/>a llorar mientras canta<br \/>y una tierra que espera<br \/>con ansia otro ma\u00f1ana.<\/p>\t\t\t\t\t\t<\/div>\n\t\t\t\t<\/div>\n\t\t\t\t\t<\/div>\n\t\t<\/div>\n\t\t\t\t\t<\/div>\n\t\t<\/section>\n\t\t\t\t<section class=\"elementor-section elementor-top-section elementor-element elementor-element-4d0d0f8 elementor-section-boxed elementor-section-height-default elementor-section-height-default\" data-id=\"4d0d0f8\" data-element_type=\"section\">\n\t\t\t\t\t\t<div class=\"elementor-container elementor-column-gap-default\">\n\t\t\t\t\t<div class=\"elementor-column elementor-col-33 elementor-top-column elementor-element elementor-element-561f1ce\" data-id=\"561f1ce\" data-element_type=\"column\">\n\t\t\t<div class=\"elementor-widget-wrap elementor-element-populated\">\n\t\t\t\t\t\t<div class=\"elementor-element elementor-element-8efbcd5 elementor-widget elementor-widget-text-editor\" data-id=\"8efbcd5\" data-element_type=\"widget\" data-widget_type=\"text-editor.default\">\n\t\t\t\t<div class=\"elementor-widget-container\">\n\t\t\t\t\t\t\t<p>LLORAR<br \/>Yo no soy un poeta<br \/>yo no tengo esa musa<br \/>agraciada y confusa<br \/>metida en mi maleta.<br \/>Solo soy un cantor,<br \/>solo escribo canciones,<br \/>que muestran mis rincones<br \/>y ense\u00f1an mi dolor.<br \/>Cantar, amar, so\u00f1ar,<br \/>es lo que yo pretendo,<br \/>lo dem\u00e1s no lo entiendo<br \/>ni lo quiero pensar.<br \/><br \/><\/p>\t\t\t\t\t\t<\/div>\n\t\t\t\t<\/div>\n\t\t\t\t\t<\/div>\n\t\t<\/div>\n\t\t\t\t<div class=\"elementor-column elementor-col-33 elementor-top-column elementor-element elementor-element-8a443d1\" data-id=\"8a443d1\" data-element_type=\"column\">\n\t\t\t<div class=\"elementor-widget-wrap elementor-element-populated\">\n\t\t\t\t\t\t<div class=\"elementor-element elementor-element-7c598f4 elementor-widget elementor-widget-text-editor\" data-id=\"7c598f4\" data-element_type=\"widget\" data-widget_type=\"text-editor.default\">\n\t\t\t\t<div class=\"elementor-widget-container\">\n\t\t\t\t\t\t\t<p>DORMIR<br \/>Hay que esperar la ocasi\u00f3n,<br \/>esperar y estar alerta,<br \/>no dejar la puerta abierta<br \/>y cuidar tu habitaci\u00f3n.<br \/>El contrario nunca duerme,<br \/>y el enemigo, es sabido,<br \/>te puede coger inerme<br \/>o sorprenderte dormido.<br \/>As\u00ed que si has de dormir<br \/>pon la escopeta cargada<br \/>debajo de la almohada<br \/>por lo que pueda ocurrir.<br \/><br \/><\/p>\t\t\t\t\t\t<\/div>\n\t\t\t\t<\/div>\n\t\t\t\t\t<\/div>\n\t\t<\/div>\n\t\t\t\t<div class=\"elementor-column elementor-col-33 elementor-top-column elementor-element elementor-element-97c459d\" data-id=\"97c459d\" data-element_type=\"column\">\n\t\t\t<div class=\"elementor-widget-wrap elementor-element-populated\">\n\t\t\t\t\t\t<div class=\"elementor-element elementor-element-f55c183 elementor-widget elementor-widget-text-editor\" data-id=\"f55c183\" data-element_type=\"widget\" data-widget_type=\"text-editor.default\">\n\t\t\t\t<div class=\"elementor-widget-container\">\n\t\t\t\t\t\t\t<p>DESPERTAR<br \/>Ma\u00f1ana vuelvo a nacer<br \/>igual que cada ma\u00f1ana;<br \/>empezar a amanecer<br \/>es mi lucha cotidiana.<br \/>Ayer, lo mismo que hoy,<br \/>empec\u00e9 mi recorrido,<br \/>entre despierto y dormido,<br \/>renaciendo a lo que soy.<br \/>Seguir siendo y renacer,<br \/>esa es la aut\u00e9ntica clave<br \/>para mover esta nave:<br \/>cambiar sin dejar de ser.<br \/><br \/><\/p>\t\t\t\t\t\t<\/div>\n\t\t\t\t<\/div>\n\t\t\t\t\t<\/div>\n\t\t<\/div>\n\t\t\t\t\t<\/div>\n\t\t<\/section>\n\t\t\t\t<section class=\"elementor-section elementor-top-section elementor-element elementor-element-820cb0c elementor-section-boxed elementor-section-height-default elementor-section-height-default\" data-id=\"820cb0c\" data-element_type=\"section\">\n\t\t\t\t\t\t<div class=\"elementor-container elementor-column-gap-default\">\n\t\t\t\t\t<div class=\"elementor-column elementor-col-33 elementor-top-column elementor-element elementor-element-97fabb9\" data-id=\"97fabb9\" data-element_type=\"column\">\n\t\t\t<div class=\"elementor-widget-wrap elementor-element-populated\">\n\t\t\t\t\t\t<div class=\"elementor-element elementor-element-785006b elementor-widget elementor-widget-text-editor\" data-id=\"785006b\" data-element_type=\"widget\" data-widget_type=\"text-editor.default\">\n\t\t\t\t<div class=\"elementor-widget-container\">\n\t\t\t\t\t\t\t<p>PERDER<br \/>Estoy tan hecho a perder,<br \/>que ya disfruto perdiendo,<br \/>un placer m\u00e1s que encomiendo<br \/>a quien quiera padecer.<br \/>Perder ayuda a vivir,<br \/>porque la vida es derrota,<br \/>que te exprime gota a gota,<br \/>para ense\u00f1arte a morir<br \/>Y me revuelvo en el lodo<br \/>como un sabio perdedor,<br \/>que sabe que lo mejor<br \/>es acomodarse a todo.<\/p>\t\t\t\t\t\t<\/div>\n\t\t\t\t<\/div>\n\t\t\t\t\t<\/div>\n\t\t<\/div>\n\t\t\t\t<div class=\"elementor-column elementor-col-33 elementor-top-column elementor-element elementor-element-942c2dd\" data-id=\"942c2dd\" data-element_type=\"column\">\n\t\t\t<div class=\"elementor-widget-wrap elementor-element-populated\">\n\t\t\t\t\t\t<div class=\"elementor-element elementor-element-318840c elementor-widget elementor-widget-text-editor\" data-id=\"318840c\" data-element_type=\"widget\" data-widget_type=\"text-editor.default\">\n\t\t\t\t<div class=\"elementor-widget-container\">\n\t\t\t\t\t\t\t<p>GANAR<br \/>Esa tremenda obsesi\u00f3n<br \/>de resultar el mejor<br \/>es, como poco, peor,<br \/>que atropellar la raz\u00f3n.<br \/>\u00bfGanar contra el coraz\u00f3n,<br \/>ganar para ser primero<br \/>o para ser prisionero<br \/>de tu obsesiva ambici\u00f3n?<br \/>Detente, amigo, detente,<br \/>y empieza ya a comprender,<br \/>que ganar es no perder,<br \/>con eso ya es suficiente.<br \/><br \/><\/p>\t\t\t\t\t\t<\/div>\n\t\t\t\t<\/div>\n\t\t\t\t\t<\/div>\n\t\t<\/div>\n\t\t\t\t<div class=\"elementor-column elementor-col-33 elementor-top-column elementor-element elementor-element-ac4466d\" data-id=\"ac4466d\" data-element_type=\"column\">\n\t\t\t<div class=\"elementor-widget-wrap elementor-element-populated\">\n\t\t\t\t\t\t<div class=\"elementor-element elementor-element-675067b elementor-widget elementor-widget-text-editor\" data-id=\"675067b\" data-element_type=\"widget\" data-widget_type=\"text-editor.default\">\n\t\t\t\t<div class=\"elementor-widget-container\">\n\t\t\t\t\t\t\t<p>SABER<br \/>En esa laguna negra<br \/>donde navegan mis viejos<br \/>amigos entrometidos<br \/>pesares y desconsuelos,<br \/>ando a tientas, confundido,<br \/>tropezando como un ciego.<br \/>En sus aguas me consumo,<br \/>desde mi barca peleo<br \/>contra los viejos piratas,<br \/>que me atacan sin saberlo.<br \/>Solo me salvan las ganas<br \/>de entender lo que no entiendo.<br \/><br \/><\/p>\t\t\t\t\t\t<\/div>\n\t\t\t\t<\/div>\n\t\t\t\t\t<\/div>\n\t\t<\/div>\n\t\t\t\t\t<\/div>\n\t\t<\/section>\n\t\t\t\t<section class=\"elementor-section elementor-top-section elementor-element elementor-element-dbfca1b elementor-section-boxed elementor-section-height-default elementor-section-height-default\" data-id=\"dbfca1b\" data-element_type=\"section\">\n\t\t\t\t\t\t<div class=\"elementor-container elementor-column-gap-default\">\n\t\t\t\t\t<div class=\"elementor-column elementor-col-33 elementor-top-column elementor-element elementor-element-d686d61\" data-id=\"d686d61\" data-element_type=\"column\">\n\t\t\t<div class=\"elementor-widget-wrap elementor-element-populated\">\n\t\t\t\t\t\t<div class=\"elementor-element elementor-element-8e8c894 elementor-widget elementor-widget-text-editor\" data-id=\"8e8c894\" data-element_type=\"widget\" data-widget_type=\"text-editor.default\">\n\t\t\t\t<div class=\"elementor-widget-container\">\n\t\t\t\t\t\t\t<p>IGNORAR<br \/>Afanarse en los banales<br \/>intestinos de las cosas,<br \/>donde hay abrojos ver rosas,<br \/>ser todos tales por cuales.<br \/>Avanzar sin una duda,<br \/>regresar sin un bagaje,<br \/>ir con la cabeza muda,<br \/>pero muy lustroso el traje.<br \/>Cruzar impasible el lodo,<br \/>transitar sin un lamento,<br \/>vivir sin saber que todo<br \/>es un capricho del viento.<br \/><br \/><\/p>\t\t\t\t\t\t<\/div>\n\t\t\t\t<\/div>\n\t\t\t\t\t<\/div>\n\t\t<\/div>\n\t\t\t\t<div class=\"elementor-column elementor-col-33 elementor-top-column elementor-element elementor-element-e39ab41\" data-id=\"e39ab41\" data-element_type=\"column\">\n\t\t\t<div class=\"elementor-widget-wrap elementor-element-populated\">\n\t\t\t\t\t\t<div class=\"elementor-element elementor-element-a3b3a65 elementor-widget elementor-widget-text-editor\" data-id=\"a3b3a65\" data-element_type=\"widget\" data-widget_type=\"text-editor.default\">\n\t\t\t\t<div class=\"elementor-widget-container\">\n\t\t\t\t\t\t\t<p>PENSAR<br \/>Pensar solo para ser,<br \/>pensar para conquistar<br \/>el milagro de crecer<br \/>sin tener que derribar.<br \/>Pensar para ser mejor,<br \/>pensar para construir,<br \/>para empezar a subir,<br \/>para no hacerme mayor<br \/>Pensar para hacer historia<br \/>pensar para ser feliz,<br \/>pese a tanta cicatriz<br \/>que soporta mi memoria.<br \/><br \/><\/p>\t\t\t\t\t\t<\/div>\n\t\t\t\t<\/div>\n\t\t\t\t\t<\/div>\n\t\t<\/div>\n\t\t\t\t<div class=\"elementor-column elementor-col-33 elementor-top-column elementor-element elementor-element-eb081fa\" data-id=\"eb081fa\" data-element_type=\"column\">\n\t\t\t<div class=\"elementor-widget-wrap elementor-element-populated\">\n\t\t\t\t\t\t<div class=\"elementor-element elementor-element-80fc7b1 elementor-widget elementor-widget-text-editor\" data-id=\"80fc7b1\" data-element_type=\"widget\" data-widget_type=\"text-editor.default\">\n\t\t\t\t<div class=\"elementor-widget-container\">\n\t\t\t\t\t\t\t<p>\u00a0CREER<br \/>Ignorar conscientemente<br \/>la verdad de lo que ha sido,<br \/>perdonar a tu partido<br \/>y defender a tu gente;<br \/>encadenar la memoria<br \/>y creer a pies juntillas<br \/>que hay que vivir de rodillas<br \/>para merecer la gloria.<br \/>Sonre\u00edr, aunque te espanten,<br \/>ser del miedo prisionero,<br \/>pensar que eres el primero,<br \/>aunque todos te adelanten.<br \/><br \/><\/p>\t\t\t\t\t\t<\/div>\n\t\t\t\t<\/div>\n\t\t\t\t\t<\/div>\n\t\t<\/div>\n\t\t\t\t\t<\/div>\n\t\t<\/section>\n\t\t\t\t<section class=\"elementor-section elementor-top-section elementor-element elementor-element-919987c elementor-section-boxed elementor-section-height-default elementor-section-height-default\" data-id=\"919987c\" data-element_type=\"section\">\n\t\t\t\t\t\t<div class=\"elementor-container elementor-column-gap-default\">\n\t\t\t\t\t<div class=\"elementor-column elementor-col-33 elementor-top-column elementor-element elementor-element-f322bce\" data-id=\"f322bce\" data-element_type=\"column\">\n\t\t\t<div class=\"elementor-widget-wrap elementor-element-populated\">\n\t\t\t\t\t\t<div class=\"elementor-element elementor-element-95290e2 elementor-widget elementor-widget-text-editor\" data-id=\"95290e2\" data-element_type=\"widget\" data-widget_type=\"text-editor.default\">\n\t\t\t\t<div class=\"elementor-widget-container\">\n\t\t\t\t\t\t\t<p>LA VERDAD<br \/>Esperando estoy, tranquilo,<br \/>en la puerta de mi casa,<br \/>para ver si la verdad<br \/>quiere visitarme al alba.<br \/>No suele ser puntual<br \/>esta caprichosa dama,<br \/>que si tal vez aparece<br \/>es para darte la espalda.<br \/>Pero yo sigo esperando,<br \/>con m\u00e1s paciencia que canas,<br \/>por si por casualidad<br \/>pasa a mi lado y se para.<br \/><br \/><\/p>\t\t\t\t\t\t<\/div>\n\t\t\t\t<\/div>\n\t\t\t\t\t<\/div>\n\t\t<\/div>\n\t\t\t\t<div class=\"elementor-column elementor-col-33 elementor-top-column elementor-element elementor-element-a22c546\" data-id=\"a22c546\" data-element_type=\"column\">\n\t\t\t<div class=\"elementor-widget-wrap elementor-element-populated\">\n\t\t\t\t\t\t<div class=\"elementor-element elementor-element-b848311 elementor-widget elementor-widget-text-editor\" data-id=\"b848311\" data-element_type=\"widget\" data-widget_type=\"text-editor.default\">\n\t\t\t\t<div class=\"elementor-widget-container\">\n\t\t\t\t\t\t\t<p>LA MENTIRA<br \/>Sentirse m\u00e1s que un gigante,<br \/>creer que el mundo no gira<br \/>enfangarse en la mentira<br \/>sin mirar nunca adelante.<br \/>Ser tan solo traficantes<br \/>de murmullos y rumores,<br \/>poner cara de se\u00f1ores,<br \/>siendo no m\u00e1s que tunantes.<br \/>Y repetir como un loro<br \/>lo que dicen los de arriba<br \/>y cuidar como un tesoro<br \/>su verdad definitiva.<br \/><br \/><\/p>\t\t\t\t\t\t<\/div>\n\t\t\t\t<\/div>\n\t\t\t\t\t<\/div>\n\t\t<\/div>\n\t\t\t\t<div class=\"elementor-column elementor-col-33 elementor-top-column elementor-element elementor-element-5611b34\" data-id=\"5611b34\" data-element_type=\"column\">\n\t\t\t<div class=\"elementor-widget-wrap elementor-element-populated\">\n\t\t\t\t\t\t<div class=\"elementor-element elementor-element-85680cf elementor-widget elementor-widget-text-editor\" data-id=\"85680cf\" data-element_type=\"widget\" data-widget_type=\"text-editor.default\">\n\t\t\t\t<div class=\"elementor-widget-container\">\n\t\t\t\t\t\t\t<p>LA TRISTEZA<br \/>En el c\u00f3ctel de las penas<br \/>hay un punto de agon\u00eda,<br \/>un racimo de cadenas<br \/>y algo de melancol\u00eda.<br \/>Un combinado que sabe<br \/>en su an\u00f3mala estructura,<br \/>m\u00e1s que a raz\u00f3n a locura,<br \/>menos a miel que a jarabe.<br \/>Y en la etiqueta su nombre<br \/>con letras de agobio reza:<br \/>es natural de los hombres<br \/>el c\u00f3ctel de la tristeza.<br \/><br \/><\/p>\t\t\t\t\t\t<\/div>\n\t\t\t\t<\/div>\n\t\t\t\t\t<\/div>\n\t\t<\/div>\n\t\t\t\t\t<\/div>\n\t\t<\/section>\n\t\t\t\t<section class=\"elementor-section elementor-top-section elementor-element elementor-element-5e0153f elementor-section-boxed elementor-section-height-default elementor-section-height-default\" data-id=\"5e0153f\" data-element_type=\"section\">\n\t\t\t\t\t\t<div class=\"elementor-container elementor-column-gap-default\">\n\t\t\t\t\t<div class=\"elementor-column elementor-col-33 elementor-top-column elementor-element elementor-element-3e26e1b\" data-id=\"3e26e1b\" data-element_type=\"column\">\n\t\t\t<div class=\"elementor-widget-wrap elementor-element-populated\">\n\t\t\t\t\t\t<div class=\"elementor-element elementor-element-66a7d0c elementor-widget elementor-widget-text-editor\" data-id=\"66a7d0c\" data-element_type=\"widget\" data-widget_type=\"text-editor.default\">\n\t\t\t\t<div class=\"elementor-widget-container\">\n\t\t\t\t\t\t\t<p>\u00a0LA ALEGR\u00cdA<br \/>Sin saber por qu\u00e9 ni c\u00f3mo,<br \/>a veces, algunos d\u00edas,<br \/>a la ventana me asomo,<br \/>disfrazado de alegr\u00eda.<br \/>Y me abrazo a las farolas<br \/>y trepo por los balcones<br \/>y en la cresta de las olas<br \/>voy bordando mis canciones.<br \/>Y hasta le hago una peineta<br \/>a esos se\u00f1ores tan serios,<br \/>con cara de cementerio<br \/>y relucientes chaquetas.<br \/><br \/><\/p>\t\t\t\t\t\t<\/div>\n\t\t\t\t<\/div>\n\t\t\t\t\t<\/div>\n\t\t<\/div>\n\t\t\t\t<div class=\"elementor-column elementor-col-33 elementor-top-column elementor-element elementor-element-16bb1d0\" data-id=\"16bb1d0\" data-element_type=\"column\">\n\t\t\t<div class=\"elementor-widget-wrap elementor-element-populated\">\n\t\t\t\t\t\t<div class=\"elementor-element elementor-element-63eb053 elementor-widget elementor-widget-text-editor\" data-id=\"63eb053\" data-element_type=\"widget\" data-widget_type=\"text-editor.default\">\n\t\t\t\t<div class=\"elementor-widget-container\">\n\t\t\t\t\t\t\t<p>LA IRA<br \/>A pesar de tantos a\u00f1os<br \/>como acopia mi esqueleto,<br \/>a m\u00ed me duele la vida,<br \/>a m\u00ed me siguen doliendo<br \/>tanta ceguera en los ojos,<br \/>tanta tristeza en los pechos,<br \/>tanta mentira en las almas,<br \/>tanto dolor en los cuerpos.<br \/>A pesar de los pesares,<br \/>siempre ha de ser buen momento<br \/>para decirle a la vida,<br \/>que no guardar\u00e9 silencio.<br \/><br \/><\/p>\t\t\t\t\t\t<\/div>\n\t\t\t\t<\/div>\n\t\t\t\t\t<\/div>\n\t\t<\/div>\n\t\t\t\t<div class=\"elementor-column elementor-col-33 elementor-top-column elementor-element elementor-element-5bdd2d0\" data-id=\"5bdd2d0\" data-element_type=\"column\">\n\t\t\t<div class=\"elementor-widget-wrap elementor-element-populated\">\n\t\t\t\t\t\t<div class=\"elementor-element elementor-element-0ba64ec elementor-widget elementor-widget-text-editor\" data-id=\"0ba64ec\" data-element_type=\"widget\" data-widget_type=\"text-editor.default\">\n\t\t\t\t<div class=\"elementor-widget-container\">\n\t\t\t\t\t\t\t<p>LA CALMA<br \/>A pesar de los pesares,<br \/>hay que mantener la calma,<br \/>aunque te invadan por dentro<br \/>con mentiras y palabras,<br \/>que suenan bien al o\u00eddo,<br \/>pero est\u00e1n llenas de nada.<br \/>\u00a1Ay, cu\u00e1nto cuesta escapar<br \/>de ficciones y patra\u00f1as!<br \/>Hay que perderse muy lejos,<br \/>en tu mismidad sagrada,<br \/>dentro de ti, tan adentro,<br \/>que nadie alcance tu alma.<br \/><br \/><\/p>\t\t\t\t\t\t<\/div>\n\t\t\t\t<\/div>\n\t\t\t\t\t<\/div>\n\t\t<\/div>\n\t\t\t\t\t<\/div>\n\t\t<\/section>\n\t\t\t\t<section class=\"elementor-section elementor-top-section elementor-element elementor-element-6d7dbbc elementor-section-boxed elementor-section-height-default elementor-section-height-default\" data-id=\"6d7dbbc\" data-element_type=\"section\">\n\t\t\t\t\t\t<div class=\"elementor-container elementor-column-gap-default\">\n\t\t\t\t\t<div class=\"elementor-column elementor-col-33 elementor-top-column elementor-element elementor-element-8c6d82a\" data-id=\"8c6d82a\" data-element_type=\"column\">\n\t\t\t<div class=\"elementor-widget-wrap elementor-element-populated\">\n\t\t\t\t\t\t<div class=\"elementor-element elementor-element-82839ee elementor-widget elementor-widget-text-editor\" data-id=\"82839ee\" data-element_type=\"widget\" data-widget_type=\"text-editor.default\">\n\t\t\t\t<div class=\"elementor-widget-container\">\n\t\t\t\t\t\t\t<p>EL DOLOR<br \/>Solo mi guitarra sabe<br \/>lo que sangra por mis dedos,<br \/>lo que llora por mis venas,<br \/>lo que vuela por mi pecho.<br \/>Solo ella sabe sacar<br \/>lo que yo llevo y no puedo<br \/>sacarme de otra manera<br \/>sin que se rompan mis sue\u00f1os.<br \/>Mi guitarra es mi dolor<br \/>vestido de terciopelo;<br \/>solo mi guitarra sabe<br \/>lo que yo lloro por dentro.<br \/><br \/><\/p>\t\t\t\t\t\t<\/div>\n\t\t\t\t<\/div>\n\t\t\t\t\t<\/div>\n\t\t<\/div>\n\t\t\t\t<div class=\"elementor-column elementor-col-33 elementor-top-column elementor-element elementor-element-ecca90b\" data-id=\"ecca90b\" data-element_type=\"column\">\n\t\t\t<div class=\"elementor-widget-wrap elementor-element-populated\">\n\t\t\t\t\t\t<div class=\"elementor-element elementor-element-12e5e91 elementor-widget elementor-widget-text-editor\" data-id=\"12e5e91\" data-element_type=\"widget\" data-widget_type=\"text-editor.default\">\n\t\t\t\t<div class=\"elementor-widget-container\">\n\t\t\t\t\t\t\t<p>FELICIDAD<br \/>El cuerpo con sus goteras<br \/>y el alma con sus pesares<br \/>no impiden mis singulares<br \/>ataques de primavera.<br \/>Y cuando nada me duele,<br \/>hasta me subo a la chepa<br \/>de ese miserable trepa<br \/>que est\u00e1 saliendo en la tele.<br \/>No hay nada como saltar<br \/>sobre la melancol\u00eda<br \/>para sentir la alegr\u00eda<br \/>prodigiosa de volar<br \/><br \/><\/p>\t\t\t\t\t\t<\/div>\n\t\t\t\t<\/div>\n\t\t\t\t\t<\/div>\n\t\t<\/div>\n\t\t\t\t<div class=\"elementor-column elementor-col-33 elementor-top-column elementor-element elementor-element-78326e2\" data-id=\"78326e2\" data-element_type=\"column\">\n\t\t\t<div class=\"elementor-widget-wrap elementor-element-populated\">\n\t\t\t\t\t\t<div class=\"elementor-element elementor-element-dc7030b elementor-widget elementor-widget-text-editor\" data-id=\"dc7030b\" data-element_type=\"widget\" data-widget_type=\"text-editor.default\">\n\t\t\t\t<div class=\"elementor-widget-container\">\n\t\t\t\t\t\t\t<p>TERNURA<br \/>Lo mismo que Don Quijote<br \/>le hago frente a los gigantes<br \/>y yo, como un sacerdote<br \/>cabalgo sin Rocinante,<br \/>en busca de los entuertos,<br \/>que me depare el camino,<br \/>en el fatal torbellino<br \/>de los destinos inciertos.<br \/>A lo que mande el azar,<br \/>a donde me lleve el viento,<br \/>a cualquier sitio y momento,<br \/>que me lleve el verbo amar.<br \/><br \/><\/p>\t\t\t\t\t\t<\/div>\n\t\t\t\t<\/div>\n\t\t\t\t\t<\/div>\n\t\t<\/div>\n\t\t\t\t\t<\/div>\n\t\t<\/section>\n\t\t\t\t<section class=\"elementor-section elementor-top-section elementor-element elementor-element-198c7a7 elementor-section-boxed elementor-section-height-default elementor-section-height-default\" data-id=\"198c7a7\" data-element_type=\"section\">\n\t\t\t\t\t\t<div class=\"elementor-container elementor-column-gap-default\">\n\t\t\t\t\t<div class=\"elementor-column elementor-col-33 elementor-top-column elementor-element elementor-element-0bd9891\" data-id=\"0bd9891\" data-element_type=\"column\">\n\t\t\t<div class=\"elementor-widget-wrap elementor-element-populated\">\n\t\t\t\t\t\t<div class=\"elementor-element elementor-element-423c90b elementor-widget elementor-widget-text-editor\" data-id=\"423c90b\" data-element_type=\"widget\" data-widget_type=\"text-editor.default\">\n\t\t\t\t<div class=\"elementor-widget-container\">\n\t\t\t\t\t\t\t<p>\u00a0ODIO<br \/>En nombre de Dios se hiere,<br \/>en nombre de Dios se aplasta,<br \/>en nombre de Dios se miente<br \/>y en su nombre se difama.<br \/>En nombre de Dios se quiebra<br \/>la verdad como si nada<br \/>y en su nombre se marchita<br \/>la bondad y la esperanza.<br \/>En nombre de Dios se odia,<br \/>En nombre de Dios se mata<br \/>Y todo en nombre de Dios,<br \/>de Dios y de su palabra.<br \/><br \/><\/p>\t\t\t\t\t\t<\/div>\n\t\t\t\t<\/div>\n\t\t\t\t\t<\/div>\n\t\t<\/div>\n\t\t\t\t<div class=\"elementor-column elementor-col-33 elementor-top-column elementor-element elementor-element-a4441c0\" data-id=\"a4441c0\" data-element_type=\"column\">\n\t\t\t<div class=\"elementor-widget-wrap elementor-element-populated\">\n\t\t\t\t\t\t<div class=\"elementor-element elementor-element-1e8c980 elementor-widget elementor-widget-text-editor\" data-id=\"1e8c980\" data-element_type=\"widget\" data-widget_type=\"text-editor.default\">\n\t\t\t\t<div class=\"elementor-widget-container\">\n\t\t\t\t\t\t\t<p>PACIENCIA<br \/>Toda la del mundo y m\u00e1s<br \/>reclama este mundo extra\u00f1o<br \/>en el que todo hace da\u00f1o<br \/>y nada marcha al comp\u00e1s.<br \/>Ni el santo Job que volviera<br \/>soportar\u00eda la insufrible<br \/>banalidad imposible,<br \/>que llevamos por bandera.<br \/>Sinraz\u00f3n, trivialidad,<br \/>sandez, mojigater\u00eda,<br \/>apuntan al alma m\u00eda<br \/>con su torpe crueldad.<br \/><br \/><\/p>\t\t\t\t\t\t<\/div>\n\t\t\t\t<\/div>\n\t\t\t\t\t<\/div>\n\t\t<\/div>\n\t\t\t\t<div class=\"elementor-column elementor-col-33 elementor-top-column elementor-element elementor-element-79f7e4b\" data-id=\"79f7e4b\" data-element_type=\"column\">\n\t\t\t<div class=\"elementor-widget-wrap elementor-element-populated\">\n\t\t\t\t\t\t<div class=\"elementor-element elementor-element-9a9695a elementor-widget elementor-widget-text-editor\" data-id=\"9a9695a\" data-element_type=\"widget\" data-widget_type=\"text-editor.default\">\n\t\t\t\t<div class=\"elementor-widget-container\">\n\t\t\t\t\t\t\t<p>ANGUSTIA<br \/>En una inmensa tormenta<br \/>de lluvia, rayos y truenos,<br \/>desnudo, en medio del campo,<br \/>desahuciado, sin remedio.<br \/>Ni una pizca de esperanza<br \/>calent\u00e1ndote los huesos,<br \/>tan solo un negro vac\u00edo,<br \/>que te vuelve tan peque\u00f1o,<br \/>que cualquier dolor se vuelve<br \/>una monta\u00f1a de miedo.<br \/>Solo en medio de la nada,<br \/>rodeado de silencio.<\/p>\t\t\t\t\t\t<\/div>\n\t\t\t\t<\/div>\n\t\t\t\t\t<\/div>\n\t\t<\/div>\n\t\t\t\t\t<\/div>\n\t\t<\/section>\n\t\t\t\t<section class=\"elementor-section elementor-top-section elementor-element elementor-element-99d0130 elementor-section-boxed elementor-section-height-default elementor-section-height-default\" data-id=\"99d0130\" data-element_type=\"section\">\n\t\t\t\t\t\t<div class=\"elementor-container elementor-column-gap-default\">\n\t\t\t\t\t<div class=\"elementor-column elementor-col-33 elementor-top-column elementor-element elementor-element-bc19108\" data-id=\"bc19108\" data-element_type=\"column\">\n\t\t\t<div class=\"elementor-widget-wrap elementor-element-populated\">\n\t\t\t\t\t\t<div class=\"elementor-element elementor-element-dd142c6 elementor-widget elementor-widget-text-editor\" data-id=\"dd142c6\" data-element_type=\"widget\" data-widget_type=\"text-editor.default\">\n\t\t\t\t<div class=\"elementor-widget-container\">\n\t\t\t\t\t\t\t<p>5AMOR<br \/>Ella me mima y me entiende<br \/>m\u00e1s que a nada, m\u00e1s que a nadie,<br \/>me transporta con su abrazo<br \/>a so\u00f1ar a cualquier parte.<br \/>Solo ella sabe sacar<br \/>las zozobras que me invaden<br \/>y convertirlas en canto<br \/>a pesar de mis pesares.<br \/>La m\u00fasica me consuela,<br \/>me vuelve un poco m\u00e1s grande<br \/>algunas veces, un h\u00e9roe<br \/>a veces, casi un gigante.<br \/><br \/><\/p>\t\t\t\t\t\t<\/div>\n\t\t\t\t<\/div>\n\t\t\t\t\t<\/div>\n\t\t<\/div>\n\t\t\t\t<div class=\"elementor-column elementor-col-33 elementor-top-column elementor-element elementor-element-3752251\" data-id=\"3752251\" data-element_type=\"column\">\n\t\t\t<div class=\"elementor-widget-wrap elementor-element-populated\">\n\t\t\t\t\t\t<div class=\"elementor-element elementor-element-dab2c67 elementor-widget elementor-widget-text-editor\" data-id=\"dab2c67\" data-element_type=\"widget\" data-widget_type=\"text-editor.default\">\n\t\t\t\t<div class=\"elementor-widget-container\">\n\t\t\t\t\t\t\t<p>\u00a0ODIO<br \/>Me duele esta sed de sangre,<br \/>este carrusel del miedo,<br \/>esta maldita conciencia<br \/>de ser libre un prisionero.<br \/>Me amarga esta hiel tan negra,<br \/>este asfixiante veneno,<br \/>que nos mata poco a poco,<br \/>que nos condena al infierno.<br \/>Me mata esta algarab\u00eda<br \/>de este coro de siniestros<br \/>portavoces de la muerte,<br \/>sus impagables voceros.<br \/><br \/><\/p>\t\t\t\t\t\t<\/div>\n\t\t\t\t<\/div>\n\t\t\t\t\t<\/div>\n\t\t<\/div>\n\t\t\t\t<div class=\"elementor-column elementor-col-33 elementor-top-column elementor-element elementor-element-5ea3085\" data-id=\"5ea3085\" data-element_type=\"column\">\n\t\t\t<div class=\"elementor-widget-wrap elementor-element-populated\">\n\t\t\t\t\t\t<div class=\"elementor-element elementor-element-65feab4 elementor-widget elementor-widget-text-editor\" data-id=\"65feab4\" data-element_type=\"widget\" data-widget_type=\"text-editor.default\">\n\t\t\t\t<div class=\"elementor-widget-container\">\n\t\t\t\t\t\t\t<p>EL MISTERIO<br \/>\u00bfPor qu\u00e9 sigue adelante<br \/>este carro tan viejo?<br \/>\u00bfC\u00f3mo ruedan sus ruedas<br \/>sin gomas y sin frenos?<br \/>\u00bfC\u00f3mo quieren seguir<br \/>nadando los \u201cte quiero\u201d<br \/>en un charco sin agua,<br \/>sin brazos y sin cuerpo?<br \/>\u00bfC\u00f3mo puede seguir<br \/>girando este universo?<br \/>Nadie sabe la causa,<br \/>ese es el gran misterio.<br \/><br \/><\/p>\t\t\t\t\t\t<\/div>\n\t\t\t\t<\/div>\n\t\t\t\t\t<\/div>\n\t\t<\/div>\n\t\t\t\t\t<\/div>\n\t\t<\/section>\n\t\t\t\t<\/div>\n\t\t","protected":false},"excerpt":{"rendered":"<p>NATURALMENTE Bajar en pdf Comprar en papel Naturalmente es un conjunto de poemas que quieren hacer referencia a cosas muy cotidianas. Tan cotidianas como los d\u00edas de la semana, los meses del a\u00f1o, las estaciones, las diferentes partes del d\u00eda, las horas, los minutos, los segundos.En buesca siempre de la verdad escurridiza de las cosas. [&hellip;]<\/p>\n","protected":false},"author":1,"featured_media":0,"parent":0,"menu_order":0,"comment_status":"closed","ping_status":"closed","template":"","meta":{"_aioseop_title":"","_aioseop_description":"","ngg_post_thumbnail":0,"footnotes":""},"_links":{"self":[{"href":"http:\/\/www.josemariatornay.com\/index.php\/wp-json\/wp\/v2\/pages\/5901"}],"collection":[{"href":"http:\/\/www.josemariatornay.com\/index.php\/wp-json\/wp\/v2\/pages"}],"about":[{"href":"http:\/\/www.josemariatornay.com\/index.php\/wp-json\/wp\/v2\/types\/page"}],"author":[{"embeddable":true,"href":"http:\/\/www.josemariatornay.com\/index.php\/wp-json\/wp\/v2\/users\/1"}],"replies":[{"embeddable":true,"href":"http:\/\/www.josemariatornay.com\/index.php\/wp-json\/wp\/v2\/comments?post=5901"}],"version-history":[{"count":0,"href":"http:\/\/www.josemariatornay.com\/index.php\/wp-json\/wp\/v2\/pages\/5901\/revisions"}],"wp:attachment":[{"href":"http:\/\/www.josemariatornay.com\/index.php\/wp-json\/wp\/v2\/media?parent=5901"}],"curies":[{"name":"wp","href":"https:\/\/api.w.org\/{rel}","templated":true}]}}