{"id":7740,"date":"2016-11-28T19:28:56","date_gmt":"2016-11-28T18:28:56","guid":{"rendered":"http:\/\/www.josemariatornay.com\/?page_id=7740"},"modified":"2020-04-18T17:49:02","modified_gmt":"2020-04-18T16:49:02","slug":"epistolas-irreverentes","status":"publish","type":"page","link":"http:\/\/www.josemariatornay.com\/index.php\/epistolas-irreverentes\/","title":{"rendered":"Ep\u00edstolas irreverentes"},"content":{"rendered":"\t\t<div data-elementor-type=\"wp-post\" data-elementor-id=\"7740\" class=\"elementor elementor-7740 elementor-bc-flex-widget\">\n\t\t\t\t\t\t<section class=\"elementor-section elementor-top-section elementor-element elementor-element-af63z3o elementor-section-boxed elementor-section-height-default elementor-section-height-default\" data-id=\"af63z3o\" data-element_type=\"section\">\n\t\t\t\t\t\t<div class=\"elementor-container elementor-column-gap-default\">\n\t\t\t\t\t<div class=\"elementor-column elementor-col-33 elementor-top-column elementor-element elementor-element-jbpmnd6\" data-id=\"jbpmnd6\" data-element_type=\"column\">\n\t\t\t<div class=\"elementor-widget-wrap elementor-element-populated\">\n\t\t\t\t\t\t<div class=\"elementor-element elementor-element-rbb4xv4 elementor-widget elementor-widget-image\" data-id=\"rbb4xv4\" data-element_type=\"widget\" data-widget_type=\"image.default\">\n\t\t\t\t<div class=\"elementor-widget-container\">\n\t\t\t<style>\/*! elementor - v3.20.0 - 20-03-2024 *\/\n.elementor-widget-image{text-align:center}.elementor-widget-image a{display:inline-block}.elementor-widget-image a img[src$=\".svg\"]{width:48px}.elementor-widget-image img{vertical-align:middle;display:inline-block}<\/style>\t\t\t\t\t\t\t\t\t\t<img decoding=\"async\" src=\"http:\/\/www.josemariatornay.com\/wp-content\/uploads\/elementor\/thumbs\/dios-n12q2fzgweb4iukf2oedyeuc84cvap0z7lzy2ymvzc.jpg\" title=\"dios\" alt=\"dios\" loading=\"lazy\" \/>\t\t\t\t\t\t\t\t\t\t\t\t\t<\/div>\n\t\t\t\t<\/div>\n\t\t\t\t\t<\/div>\n\t\t<\/div>\n\t\t\t\t<div class=\"elementor-column elementor-col-33 elementor-top-column elementor-element elementor-element-fa9uf2s\" data-id=\"fa9uf2s\" data-element_type=\"column\">\n\t\t\t<div class=\"elementor-widget-wrap elementor-element-populated\">\n\t\t\t\t\t\t<div class=\"elementor-element elementor-element-j4e712c elementor-widget elementor-widget-heading\" data-id=\"j4e712c\" data-element_type=\"widget\" data-widget_type=\"heading.default\">\n\t\t\t\t<div class=\"elementor-widget-container\">\n\t\t\t<style>\/*! elementor - v3.20.0 - 20-03-2024 *\/\n.elementor-heading-title{padding:0;margin:0;line-height:1}.elementor-widget-heading .elementor-heading-title[class*=elementor-size-]>a{color:inherit;font-size:inherit;line-height:inherit}.elementor-widget-heading .elementor-heading-title.elementor-size-small{font-size:15px}.elementor-widget-heading .elementor-heading-title.elementor-size-medium{font-size:19px}.elementor-widget-heading .elementor-heading-title.elementor-size-large{font-size:29px}.elementor-widget-heading .elementor-heading-title.elementor-size-xl{font-size:39px}.elementor-widget-heading .elementor-heading-title.elementor-size-xxl{font-size:59px}<\/style><h2 class=\"elementor-heading-title elementor-size-large\">\n\nCartas osadas y atrevidas al Creador<\/h2>\t\t<\/div>\n\t\t\t\t<\/div>\n\t\t\t\t\t<\/div>\n\t\t<\/div>\n\t\t\t\t<div class=\"elementor-column elementor-col-33 elementor-top-column elementor-element elementor-element-kjr821g\" data-id=\"kjr821g\" data-element_type=\"column\">\n\t\t\t<div class=\"elementor-widget-wrap elementor-element-populated\">\n\t\t\t\t\t\t<div class=\"elementor-element elementor-element-asmvvn3 elementor-widget elementor-widget-image\" data-id=\"asmvvn3\" data-element_type=\"widget\" data-widget_type=\"image.default\">\n\t\t\t\t<div class=\"elementor-widget-container\">\n\t\t\t\t\t\t\t\t\t\t\t\t\t<img decoding=\"async\" src=\"http:\/\/www.josemariatornay.com\/wp-content\/uploads\/elementor\/thumbs\/manoescribiendo-n12q6ylkcnvnw3exqjs789b9biz2z9kt54em61wwko.jpg\" title=\"manoescribiendo\" alt=\"manoescribiendo\" loading=\"lazy\" \/>\t\t\t\t\t\t\t\t\t\t\t\t\t<\/div>\n\t\t\t\t<\/div>\n\t\t\t\t\t<\/div>\n\t\t<\/div>\n\t\t\t\t\t<\/div>\n\t\t<\/section>\n\t\t\t\t<section class=\"elementor-section elementor-top-section elementor-element elementor-element-7ea3fda elementor-section-boxed elementor-section-height-default elementor-section-height-default\" data-id=\"7ea3fda\" data-element_type=\"section\">\n\t\t\t\t\t\t<div class=\"elementor-container elementor-column-gap-default\">\n\t\t\t\t\t<div class=\"elementor-column elementor-col-100 elementor-top-column elementor-element elementor-element-4773847\" data-id=\"4773847\" data-element_type=\"column\">\n\t\t\t<div class=\"elementor-widget-wrap elementor-element-populated\">\n\t\t\t\t\t\t<div class=\"elementor-element elementor-element-7a68afa elementor-widget elementor-widget-heading\" data-id=\"7a68afa\" data-element_type=\"widget\" data-widget_type=\"heading.default\">\n\t\t\t\t<div class=\"elementor-widget-container\">\n\t\t\t<h2 class=\"elementor-heading-title elementor-size-default\">Debajo de cada carta, coloco una versi\u00f3n m\u00e1s legible, pero como van dirigidas a quien van, me pareci\u00f3 oprotuno dejar esta versi\u00f3n caligr\u00e1fica tan elegante.<\/h2>\t\t<\/div>\n\t\t\t\t<\/div>\n\t\t\t\t\t<\/div>\n\t\t<\/div>\n\t\t\t\t\t<\/div>\n\t\t<\/section>\n\t\t\t\t<section class=\"elementor-section elementor-top-section elementor-element elementor-element-ye72jat elementor-section-boxed elementor-section-height-default elementor-section-height-default\" data-id=\"ye72jat\" data-element_type=\"section\">\n\t\t\t\t\t\t<div class=\"elementor-container elementor-column-gap-default\">\n\t\t\t\t\t<div class=\"elementor-column elementor-col-100 elementor-top-column elementor-element elementor-element-xswyzg7\" data-id=\"xswyzg7\" data-element_type=\"column\">\n\t\t\t<div class=\"elementor-widget-wrap elementor-element-populated\">\n\t\t\t\t\t\t<div class=\"elementor-element elementor-element-93rmh79 elementor-widget elementor-widget-heading\" data-id=\"93rmh79\" data-element_type=\"widget\" data-widget_type=\"heading.default\">\n\t\t\t\t<div class=\"elementor-widget-container\">\n\t\t\t<h2 class=\"elementor-heading-title elementor-size-default\">Pr\u00f3logo (De c\u00f3mo y por qu\u00e9 surge este osado atrevimiento)<\/h2>\t\t<\/div>\n\t\t\t\t<\/div>\n\t\t\t\t\t<\/div>\n\t\t<\/div>\n\t\t\t\t\t<\/div>\n\t\t<\/section>\n\t\t\t\t<section class=\"elementor-section elementor-top-section elementor-element elementor-element-22gh8di elementor-section-boxed elementor-section-height-default elementor-section-height-default\" data-id=\"22gh8di\" data-element_type=\"section\">\n\t\t\t\t\t\t<div class=\"elementor-container elementor-column-gap-default\">\n\t\t\t\t\t<div class=\"elementor-column elementor-col-100 elementor-top-column elementor-element elementor-element-anx2tm9\" data-id=\"anx2tm9\" data-element_type=\"column\">\n\t\t\t<div class=\"elementor-widget-wrap elementor-element-populated\">\n\t\t\t\t\t\t<div class=\"elementor-element elementor-element-dxuuuum elementor-widget elementor-widget-text-editor\" data-id=\"dxuuuum\" data-element_type=\"widget\" data-widget_type=\"text-editor.default\">\n\t\t\t\t<div class=\"elementor-widget-container\">\n\t\t\t<style>\/*! elementor - v3.20.0 - 20-03-2024 *\/\n.elementor-widget-text-editor.elementor-drop-cap-view-stacked .elementor-drop-cap{background-color:#69727d;color:#fff}.elementor-widget-text-editor.elementor-drop-cap-view-framed .elementor-drop-cap{color:#69727d;border:3px solid;background-color:transparent}.elementor-widget-text-editor:not(.elementor-drop-cap-view-default) .elementor-drop-cap{margin-top:8px}.elementor-widget-text-editor:not(.elementor-drop-cap-view-default) .elementor-drop-cap-letter{width:1em;height:1em}.elementor-widget-text-editor .elementor-drop-cap{float:left;text-align:center;line-height:1;font-size:50px}.elementor-widget-text-editor .elementor-drop-cap-letter{display:inline-block}<\/style>\t\t\t\t<p>Querido y Temido Creador:<br \/>Llevo mucho tiempo d\u00e1ndole vueltas a un tema que me obsesiona y no me parece honesto guardarlo en mis fronteras sin hacerte llegar a Ti, el m\u00e1ximo responsable, aunque s\u00f3lo sean unos ecos del desconsuelo que me provoca. Miras el mundo a cierta distancia y todo te parece en orden: desprende belleza, armon\u00eda, paz. Te vas acercando y vas comprendiendo que las cosas no son lo que parecen y que, aquel orden supuesto, est\u00e1 lleno de caos y de anarqu\u00eda; que aquella Creaci\u00f3n que parece, en la distancia, tan bien dispuesta, deja muchas cosas que desear.<br \/>Y lo peor es que el desasosiego aumenta cuando uno recuerda que el autor de este para\u00edso no es ning\u00fan indocumentado, ni ning\u00fan arquitecto sin papeles ni un maestro alba\u00f1il sin experiencia (bueno, lo de la falta de experiencia puede que sea la \u00fanica eximente que tengas, pues no creo que, antes de \u00e9ste, hayas andado por ah\u00ed haciendo mundos como si fueran churros. Incluso puede que tras la prueba nuestra hayas desistido de nuevos intentos). Por contra, el autor es alguien que no necesita papeles ni t\u00edtulos, ni acreditaciones, porque los tiene todos. En Tu naturaleza est\u00e1 el no carecer de nada; por tanto, no puedes carecer de t\u00edtulos. Para semejante obra, seguramente adem\u00e1s, actuar\u00edas sin permiso de obras, pero eso no es algo que, en principio, vaya en detrimento de la calidad del producto.<br \/>No me tomes por un loco, ni siquiera por un inconsciente. No tengo ninguna intenci\u00f3n de jug\u00e1rmela provocando tu ira, que ya en el Antiguo Testamento dejaste bien patente, pero s\u00ed debo correr cierto riesgo, siquiera sea por mantener viva la bandera de la libertad de pensamiento y de expresi\u00f3n que T\u00fa mismo tuviste a bien poner en nuestras cabezas y que, por cierto, tan poco uso se hace de ellas. Y cuando se usa se hace de forma equivocada y arbitraria: ah\u00ed tienes a tanto idiota occidental poni\u00e9ndonos a todos en el disparadero por defender un concepto peregrino de la libertad de expresi\u00f3n. De todas formas, no estar\u00eda mal que echaras un rato con tu hom\u00f3nimo y colega Al\u00e1 para que reduzca un poco el grado de fanatismo de sus seguidores. Ya hablaremos en otro cap\u00edtulo de esa man\u00eda Tuya de presentarte ante la humanidad en m\u00faltiples formas y que tanto jaleo tr\u00e1gico ha supuesto a lo largo de la historia.<br \/>No quiero cuestionar tu grandeza ni discutir tu omnipotencia, pero hay una serie de cuestiones que crean muchas dudas sobre el acierto de tu trabajo creador. \u00bfC\u00f3mo voy a reprocharte la creaci\u00f3n de este mundo si gracias a \u00e9l yo he tenido la oportunidad de pasar por aqu\u00ed y de conocer tantas y tantas cosas agradables, como la cerveza, los d\u00edas de fiesta, las manitas de cerdo o las victorias de mi equipo favorito? Pero el agradecimiento por tanto bien no puede alejarme del necesario e ineludible esp\u00edritu cr\u00edtico por tanto mal: \u00bfsi normalmente lo somos con los vecinos que molestan, los coches que no arrancan, los ordenadores que se cuelgan y hasta con nosotros mismos cada vez que no conseguimos acertar el m\u00e1s humilde de nuestros pron\u00f3sticos, c\u00f3mo voy a pasar por alto tanto dislate como se observa en tu magna obra, a Ti que hay que exigirte mucho m\u00e1s que a los pobres mortales?<br \/>Paso a citar muy someramente y sin \u00e1nimo exhaustivo, algunos de los temas sobre los que quiero enviarte mi protesta: permitir el polite\u00edsmo, la existencia del demonio, el reinado del mal; rodearte de fundamentalistas para Tu mayor gloria en la Tierra; permitir la variedad de razas, la desigual distribuci\u00f3n de los bienes de nuestro mundo com\u00fan, aceptar el dolor de los inocentes, hacer la vista gorda ante tanta injusticia, repartir la belleza y el talento de manera tan arbitraria, haber elegido a un tal Murphy para administrar todas y cada una de las peque\u00f1as cosas de esta vida\u2026no voy a seguir, porque estas listas exhaustivas son tan demoledoras que, puestas as\u00ed, anulan cuanto de bueno y hermoso hay en Tu creaci\u00f3n, que lo hay sin duda..<\/p>\t\t\t\t\t\t<\/div>\n\t\t\t\t<\/div>\n\t\t\t\t<div class=\"elementor-element elementor-element-2c64537 elementor-widget elementor-widget-heading\" data-id=\"2c64537\" data-element_type=\"widget\" data-widget_type=\"heading.default\">\n\t\t\t\t<div class=\"elementor-widget-container\">\n\t\t\t<h2 class=\"elementor-heading-title elementor-size-default\">Pr\u00f3logo (De c\u00f3mo y por qu\u00e9 surge este osado atrevimiento)<\/h2>\t\t<\/div>\n\t\t\t\t<\/div>\n\t\t\t\t\t<\/div>\n\t\t<\/div>\n\t\t\t\t\t<\/div>\n\t\t<\/section>\n\t\t\t\t<section class=\"elementor-section elementor-top-section elementor-element elementor-element-5094c2c elementor-section-boxed elementor-section-height-default elementor-section-height-default\" data-id=\"5094c2c\" data-element_type=\"section\">\n\t\t\t\t\t\t<div class=\"elementor-container elementor-column-gap-default\">\n\t\t\t\t\t<div class=\"elementor-column elementor-col-100 elementor-top-column elementor-element elementor-element-3ee11e3\" data-id=\"3ee11e3\" data-element_type=\"column\">\n\t\t\t<div class=\"elementor-widget-wrap elementor-element-populated\">\n\t\t\t\t\t\t<div class=\"elementor-element elementor-element-79308c2 elementor-widget elementor-widget-text-editor\" data-id=\"79308c2\" data-element_type=\"widget\" data-widget_type=\"text-editor.default\">\n\t\t\t\t<div class=\"elementor-widget-container\">\n\t\t\t\t\t\t\t<p>Querido y Temido Creador:<br \/>Llevo mucho tiempo d\u00e1ndole vueltas a un tema que me obsesiona y no me parece honesto guardarlo en mis fronteras sin hacerte llegar a Ti, el m\u00e1ximo responsable, aunque s\u00f3lo sean unos ecos del desconsuelo que me provoca. Miras el mundo a cierta distancia y todo te parece en orden: desprende belleza, armon\u00eda, paz. Te vas acercando y vas comprendiendo que las cosas no son lo que parecen y que, aquel orden supuesto, est\u00e1 lleno de caos y de anarqu\u00eda; que aquella Creaci\u00f3n que parece, en la distancia, tan bien dispuesta, deja muchas cosas que desear.<br \/>Y lo peor es que el desasosiego aumenta cuando uno recuerda que el autor de este para\u00edso no es ning\u00fan indocumentado, ni ning\u00fan arquitecto sin papeles ni un maestro alba\u00f1il sin experiencia (bueno, lo de la falta de experiencia puede que sea la \u00fanica eximente que tengas, pues no creo que, antes de \u00e9ste, hayas andado por ah\u00ed haciendo mundos como si fueran churros. Incluso puede que tras la prueba nuestra hayas desistido de nuevos intentos). Por contra, el autor es alguien que no necesita papeles ni t\u00edtulos, ni acreditaciones, porque los tiene todos. En Tu naturaleza est\u00e1 el no carecer de nada; por tanto, no puedes carecer de t\u00edtulos. Para semejante obra, seguramente adem\u00e1s, actuar\u00edas sin permiso de obras, pero eso no es algo que, en principio, vaya en detrimento de la calidad del producto.<br \/>No me tomes por un loco, ni siquiera por un inconsciente. No tengo ninguna intenci\u00f3n de jug\u00e1rmela provocando tu ira, que ya en el Antiguo Testamento dejaste bien patente, pero s\u00ed debo correr cierto riesgo, siquiera sea por mantener viva la bandera de la libertad de pensamiento y de expresi\u00f3n que T\u00fa mismo tuviste a bien poner en nuestras cabezas y que, por cierto, tan poco uso se hace de ellas. Y cuando se usa se hace de forma equivocada y arbitraria: ah\u00ed tienes a tanto idiota occidental poni\u00e9ndonos a todos en el disparadero por defender un concepto peregrino de la libertad de expresi\u00f3n. De todas formas, no estar\u00eda mal que echaras un rato con tu hom\u00f3nimo y colega Al\u00e1 para que reduzca un poco el grado de fanatismo de sus seguidores. Ya hablaremos en otro cap\u00edtulo de esa man\u00eda Tuya de presentarte ante la humanidad en m\u00faltiples formas y que tanto jaleo tr\u00e1gico ha supuesto a lo largo de la historia.<br \/>No quiero cuestionar tu grandeza ni discutir tu omnipotencia, pero hay una serie de cuestiones que crean muchas dudas sobre el acierto de tu trabajo creador. \u00bfC\u00f3mo voy a reprocharte la creaci\u00f3n de este mundo si gracias a \u00e9l yo he tenido la oportunidad de pasar por aqu\u00ed y de conocer tantas y tantas cosas agradables, como la cerveza, los d\u00edas de fiesta, las manitas de cerdo o las victorias de mi equipo favorito? Pero el agradecimiento por tanto bien no puede alejarme del necesario e ineludible esp\u00edritu cr\u00edtico por tanto mal: \u00bfsi normalmente lo somos con los vecinos que molestan, los coches que no arrancan, los ordenadores que se cuelgan y hasta con nosotros mismos cada vez que no conseguimos acertar el m\u00e1s humilde de nuestros pron\u00f3sticos, c\u00f3mo voy a pasar por alto tanto dislate como se observa en tu magna obra, a Ti que hay que exigirte mucho m\u00e1s que a los pobres mortales?<br \/>Paso a citar muy someramente y sin \u00e1nimo exhaustivo, algunos de los temas sobre los que quiero enviarte mi protesta: permitir el polite\u00edsmo, la existencia del demonio, el reinado del mal; rodearte de fundamentalistas para Tu mayor gloria en la Tierra; permitir la variedad de razas, la desigual distribuci\u00f3n de los bienes de nuestro mundo com\u00fan, aceptar el dolor de los inocentes, hacer la vista gorda ante tanta injusticia, repartir la belleza y el talento de manera tan arbitraria, haber elegido a un tal Murphy para administrar todas y cada una de las peque\u00f1as cosas de esta vida\u2026no voy a seguir, porque estas listas exhaustivas son tan demoledoras que, puestas as\u00ed, anulan cuanto de bueno y hermoso hay en Tu creaci\u00f3n, que lo hay sin duda..<\/p>\t\t\t\t\t\t<\/div>\n\t\t\t\t<\/div>\n\t\t\t\t\t<\/div>\n\t\t<\/div>\n\t\t\t\t\t<\/div>\n\t\t<\/section>\n\t\t\t\t<section class=\"elementor-section elementor-top-section elementor-element elementor-element-i3iomqp elementor-section-boxed elementor-section-height-default elementor-section-height-default\" data-id=\"i3iomqp\" data-element_type=\"section\">\n\t\t\t\t\t\t<div class=\"elementor-container elementor-column-gap-default\">\n\t\t\t\t\t<div class=\"elementor-column elementor-col-100 elementor-top-column elementor-element elementor-element-2nekb5j\" data-id=\"2nekb5j\" data-element_type=\"column\">\n\t\t\t<div class=\"elementor-widget-wrap elementor-element-populated\">\n\t\t\t\t\t\t<div class=\"elementor-element elementor-element-2rmqhqt elementor-widget elementor-widget-heading\" data-id=\"2rmqhqt\" data-element_type=\"widget\" data-widget_type=\"heading.default\">\n\t\t\t\t<div class=\"elementor-widget-container\">\n\t\t\t<h2 class=\"elementor-heading-title elementor-size-default\">EP\u00cdSTOLA PRIMERA \n(Del error de dise\u00f1ar diversos colores de piel)<\/h2>\t\t<\/div>\n\t\t\t\t<\/div>\n\t\t\t\t\t<\/div>\n\t\t<\/div>\n\t\t\t\t\t<\/div>\n\t\t<\/section>\n\t\t\t\t<section class=\"elementor-section elementor-top-section elementor-element elementor-element-m5j5i9l elementor-section-boxed elementor-section-height-default elementor-section-height-default\" data-id=\"m5j5i9l\" data-element_type=\"section\">\n\t\t\t\t\t\t<div class=\"elementor-container elementor-column-gap-default\">\n\t\t\t\t\t<div class=\"elementor-column elementor-col-100 elementor-top-column elementor-element elementor-element-7m1omio\" data-id=\"7m1omio\" data-element_type=\"column\">\n\t\t\t<div class=\"elementor-widget-wrap elementor-element-populated\">\n\t\t\t\t\t\t<div class=\"elementor-element elementor-element-c8jomtl elementor-widget elementor-widget-text-editor\" data-id=\"c8jomtl\" data-element_type=\"widget\" data-widget_type=\"text-editor.default\">\n\t\t\t\t<div class=\"elementor-widget-container\">\n\t\t\t\t\t\t\t<p><strong>Para empezar, y antes de entrar en pormenorizada materia, \u00bfc\u00f3mo se te pudo ocurrir crear al hombre usando diferentes colores? Eso hubiera sido comprensible si el responsable hubiera sido \u00c1ngel Acebes o Miguel \u00c1ngel Moratinos, pero T\u00fa, que conoces mejor que nadie el coraz\u00f3n humano, deber\u00edas haberte dado cuenta de que tal desvar\u00edo iba a traer un mont\u00f3n de problemas. \u00bfC\u00f3mo pudiste ser tan ingenuo? Y encima, hiciste escribir a tus copistas que lo hab\u00edas creado a tu imagen y semejanza. Debiste comprender que as\u00ed nos mandabas a la m\u00e1s estricta confusi\u00f3n sobre tu propio color y aspecto. Con lo f\u00e1cil que hubiera sido\u2026\u00a1todos negros! F\u00edjate la de problemas que habr\u00edas solucionado; de entrada, en la playa, aunque \u00a1qu\u00e9 desastre para el negocio de los protectores solares! Y de un plumazo habr\u00edas acabado con el racismo (\u00bfde qu\u00e9 se quejar\u00eda entonces Samuel Et\u00f3o?)<\/strong><\/p><p><strong>Y todo, por no prever las cosas. Y eso, a Ti, no es sensato que se te pasara por alto. A ver qu\u00e9 hubiera hecho Hitler si se hubiera visto en el pellejo de Nat King Cole y no en su marfile\u00f1a y repugnante piel aria. Claro que si nos hubieras regalado la piel morena nos habr\u00edamos quedado sin nataci\u00f3n en las olimpiadas, y sin waterpolo y dem\u00e1s deportes de agua. Pero hubiera merecido la pena. La ventaja de ser todos negros, hubiera compensado con creces las peque\u00f1as molestias que hubiera generado tan acertada medida. Hubieras terminado de golpe con ese miserable sentimiento de superioridad de tanto blanco, que les hace parecer m\u00e1s listos que el negro m\u00e1s premiado por la Academia de Hollywood, aunque su cociente intelectual pueda intercambiarse sin ning\u00fan problema con el de sus gatos. De paso, nos habr\u00edas dotado a la mayor\u00eda de unas condiciones magn\u00edficas para el baloncesto y para tocar la trompeta; y eso, hoy, con tanta precariedad laboral, ser\u00eda una ventaja.<\/strong><br \/><strong>Adem\u00e1s, f\u00edjate, no habr\u00edas tenido que cambiar de moldes ni usar distintos pinceles, pinturas o lo que sea que uses para estos menesteres. Pero no, puestos a ser complicados, \u00a1hala!, de distintos colores. \u00bfCu\u00e1l era la intenci\u00f3n? \u00bfDistinguirlos? Pero, si al principio hab\u00eda muy pocos. \u00bfConfundirlos para que no tuvieran conciencia de peligrosa unidad? Pero si eran ignorantes y sin posibilidades de afiliarse a Comisiones Obreras; no se les hubiera ocurrido de ninguna manera atentar contra tu poder. \u00bfAcaso lo que pretend\u00edas era justificar el posterior, famoso y ambiguo discurso de Tu Hijo sobre aquello de \u201che venido a traer la divisi\u00f3n\u2026\u201d? No s\u00e9, no s\u00e9; esto no hay por donde cogerlo. Y con ser el tema de importancia, ni con mucho es el que m\u00e1s la tiene. Esto no era m\u00e1s que una muestra y, en una muestra, no debe uno ser demasiado prolijo.<\/strong><br \/><strong>Disculpa de nuevo mi osad\u00eda, pero es que hay cosas que claman al cielo (nunca mejor dicho) y uno no puede permanecer callado. Al fin y al cabo, mi indignaci\u00f3n es tambi\u00e9n parte de tu obra. Y la verdad, no veo en esto tu Gracia por ninguna parte.<\/strong><\/p>\t\t\t\t\t\t<\/div>\n\t\t\t\t<\/div>\n\t\t\t\t<div class=\"elementor-element elementor-element-96be672 elementor-widget elementor-widget-heading\" data-id=\"96be672\" data-element_type=\"widget\" data-widget_type=\"heading.default\">\n\t\t\t\t<div class=\"elementor-widget-container\">\n\t\t\t<h2 class=\"elementor-heading-title elementor-size-default\">EP\u00cdSTOLA PRIMERA \n(Del error de dise\u00f1ar diversos colores de piel)<\/h2>\t\t<\/div>\n\t\t\t\t<\/div>\n\t\t\t\t<div class=\"elementor-element elementor-element-c110785 elementor-widget elementor-widget-text-editor\" data-id=\"c110785\" data-element_type=\"widget\" data-widget_type=\"text-editor.default\">\n\t\t\t\t<div class=\"elementor-widget-container\">\n\t\t\t\t\t\t\t<p>Para empezar, y antes de entrar en pormenorizada materia, \u00bfc\u00f3mo se te pudo ocurrir crear al hombre usando diferentes colores? Eso hubiera sido comprensible si el responsable hubiera sido \u00c1ngel Acebes o Miguel \u00c1ngel Moratinos, pero T\u00fa, que conoces mejor que nadie el coraz\u00f3n humano, deber\u00edas haberte dado cuenta de que tal desvar\u00edo iba a traer un mont\u00f3n de problemas. \u00bfC\u00f3mo pudiste ser tan ingenuo? Y encima, hiciste escribir a tus copistas que lo hab\u00edas creado a tu imagen y semejanza. Debiste comprender que as\u00ed nos mandabas a la m\u00e1s estricta confusi\u00f3n sobre tu propio color y aspecto. Con lo f\u00e1cil que hubiera sido\u2026\u00a1todos negros! F\u00edjate la de problemas que habr\u00edas solucionado; de entrada, en la playa, aunque \u00a1qu\u00e9 desastre para el negocio de los protectores solares! Y de un plumazo habr\u00edas acabado con el racismo (\u00bfde qu\u00e9 se quejar\u00eda entonces Samuel Et\u00f3o?)<\/p><p>Y todo, por no prever las cosas. Y eso, a Ti, no es sensato que se te pasara por alto. A ver qu\u00e9 hubiera hecho Hitler si se hubiera visto en el pellejo de Nat King Cole y no en su marfile\u00f1a y repugnante piel aria. Claro que si nos hubieras regalado la piel morena nos habr\u00edamos quedado sin nataci\u00f3n en las olimpiadas, y sin waterpolo y dem\u00e1s deportes de agua. Pero hubiera merecido la pena. La ventaja de ser todos negros, hubiera compensado con creces las peque\u00f1as molestias que hubiera generado tan acertada medida. Hubieras terminado de golpe con ese miserable sentimiento de superioridad de tanto blanco, que les hace parecer m\u00e1s listos que el negro m\u00e1s premiado por la Academia de Hollywood, aunque su cociente intelectual pueda intercambiarse sin ning\u00fan problema con el de sus gatos. De paso, nos habr\u00edas dotado a la mayor\u00eda de unas condiciones magn\u00edficas para el baloncesto y para tocar la trompeta; y eso, hoy, con tanta precariedad laboral, ser\u00eda una ventaja.<br \/>Adem\u00e1s, f\u00edjate, no habr\u00edas tenido que cambiar de moldes ni usar distintos pinceles, pinturas o lo que sea que uses para estos menesteres. Pero no, puestos a ser complicados, \u00a1hala!, de distintos colores. \u00bfCu\u00e1l era la intenci\u00f3n? \u00bfDistinguirlos? Pero, si al principio hab\u00eda muy pocos. \u00bfConfundirlos para que no tuvieran conciencia de peligrosa unidad? Pero si eran ignorantes y sin posibilidades de afiliarse a Comisiones Obreras; no se les hubiera ocurrido de ninguna manera atentar contra tu poder. \u00bfAcaso lo que pretend\u00edas era justificar el posterior, famoso y ambiguo discurso de Tu Hijo sobre aquello de \u201che venido a traer la divisi\u00f3n\u2026\u201d? No s\u00e9, no s\u00e9; esto no hay por donde cogerlo. Y con ser el tema de importancia, ni con mucho es el que m\u00e1s la tiene. Esto no era m\u00e1s que una muestra y, en una muestra, no debe uno ser demasiado prolijo.<br \/>Disculpa de nuevo mi osad\u00eda, pero es que hay cosas que claman al cielo (nunca mejor dicho) y uno no puede permanecer callado. Al fin y al cabo, mi indignaci\u00f3n es tambi\u00e9n parte de tu obra. Y la verdad, no veo en esto tu Gracia por ninguna parte.<\/p>\t\t\t\t\t\t<\/div>\n\t\t\t\t<\/div>\n\t\t\t\t\t<\/div>\n\t\t<\/div>\n\t\t\t\t\t<\/div>\n\t\t<\/section>\n\t\t\t\t<section class=\"elementor-section elementor-top-section elementor-element elementor-element-mqord2m elementor-section-boxed elementor-section-height-default elementor-section-height-default\" data-id=\"mqord2m\" data-element_type=\"section\">\n\t\t\t\t\t\t<div class=\"elementor-container elementor-column-gap-default\">\n\t\t\t\t\t<div class=\"elementor-column elementor-col-100 elementor-top-column elementor-element elementor-element-8qghmjc\" data-id=\"8qghmjc\" data-element_type=\"column\">\n\t\t\t<div class=\"elementor-widget-wrap elementor-element-populated\">\n\t\t\t\t\t\t<div class=\"elementor-element elementor-element-9r6aidu elementor-widget elementor-widget-heading\" data-id=\"9r6aidu\" data-element_type=\"widget\" data-widget_type=\"heading.default\">\n\t\t\t\t<div class=\"elementor-widget-container\">\n\t\t\t<h2 class=\"elementor-heading-title elementor-size-default\">EP\u00cdSTOLA SEGUNDA (De la complejidad de tu concepto y la multiplicidad de tus apariencias)<\/h2>\t\t<\/div>\n\t\t\t\t<\/div>\n\t\t\t\t\t<\/div>\n\t\t<\/div>\n\t\t\t\t\t<\/div>\n\t\t<\/section>\n\t\t\t\t<section class=\"elementor-section elementor-top-section elementor-element elementor-element-0m80jj9 elementor-section-boxed elementor-section-height-default elementor-section-height-default\" data-id=\"0m80jj9\" data-element_type=\"section\">\n\t\t\t\t\t\t<div class=\"elementor-container elementor-column-gap-default\">\n\t\t\t\t\t<div class=\"elementor-column elementor-col-100 elementor-top-column elementor-element elementor-element-sokymht\" data-id=\"sokymht\" data-element_type=\"column\">\n\t\t\t<div class=\"elementor-widget-wrap elementor-element-populated\">\n\t\t\t\t\t\t<div class=\"elementor-element elementor-element-wl9xxcu elementor-widget elementor-widget-text-editor\" data-id=\"wl9xxcu\" data-element_type=\"widget\" data-widget_type=\"text-editor.default\">\n\t\t\t\t<div class=\"elementor-widget-container\">\n\t\t\t\t\t\t\t<p>S\u00e9 bien que T\u00fa eres amigo del misterio, que todo lo que te rodea y T\u00fa mismo, a \u00e9l pertenec\u00e9is. Al menos, para nosotros los humanos, todos tus movimientos, naturalezas y dem\u00e1s, nos resulta arcano, imposible de apresar con nuestras limitadas luces, preparadas, en la mayor\u00eda de los casos, no mucho m\u00e1s que para descifrar las letras de las canciones de David Bisbal..<\/p><p>\u00bfC\u00f3mo podr\u00edamos aspirar con tan limitado bagaje a intentar acercarnos a Ti? Vana ilusi\u00f3n, proyecto descabellado. Tan descabellado como pretender que los pol\u00edticos utilicen un lenguaje inteligible o como convencer a Aznar de que su figura no es precisamente la de un adonis griego, por mucho que \u00e9l se empe\u00f1e en moverse como tal. Y, repito, aunque s\u00e9 que tu mundo es el misterio y que s\u00f3lo en \u00e9l puede habitar tu ambigua y descomunal existencia, no puedo comprender, otra vez, esa man\u00eda tuya por complicar los temas m\u00e1s inocentes. Porque, mira si te hubiera sido f\u00e1cil, sobre todo a Ti que todo lo puedes, presentarte como el Gran Jefe de los indios humanos, planteando tu unicidad y tu liderazgo incuestionables. Pues nada, a complicar: en cada cultura te muestras con un nombre, en cada \u00e9poca con una apariencia; incluso, con un car\u00e1cter diferente (hay que ver la mala leche que mostraste en todo el Antiguo Testamento; despu\u00e9s te arreglaste un poco. Ya hablaremos de eso). Tienes que entenderme: si ya es complicado Tu concepto, aceptar Tu existencia, asumir Tu omnipotencia, encima, nos lo pones imposible present\u00e1ndote de mil maneras, escondi\u00e9ndote tras mil m\u00e1scaras, ocult\u00e1ndote tras miles de nombres.<br \/>Esta es una tarea, compr\u00e9ndeme, que ser\u00eda casi imposible, incluso para Ti, imag\u00ednate para un pobre humano, contingente y pecador. Y adem\u00e1s, con el agravante de que esa pl\u00e9yade de alteridades ha generado, genera y generar\u00e1 conflictos harto dolorosos para los humanos que, en nombre de tus nombres han empapado, empapan y empapar\u00e1n la tierra con su mism\u00edsima sangre.<br \/>Bastante complicado me lo pone mi equipo cada fin de semana (sin duda es un milagro que te debo a Ti el que siga siendo del Real Madrid), bastante dif\u00edcil me lo deja la insufrible tendencia de todas las cosas a ponerse en mi contra (otro d\u00eda hablaremos de esa tu famosa ley de Murphy \u2013no te atreviste a darle Tu nombre-), como para que, encima, tenga uno que andar descifrando d\u00f3nde, cu\u00e1ndo, c\u00f3mo y en qu\u00e9 apariencia est\u00e1s en cada sitio; es decir, para intentar vislumbrar no m\u00e1s, tu verdadera realidad, tu verdadero rostro.<br \/>\u00bfTan complicado te era haber creado un Ministerio de asuntos (exteriores a Ti)? A no ser que no haya nada ajeno a Ti y que todo y todos no seamos m\u00e1s una parte, aunque sea residual, de Tu divina sustancia. Puro pante\u00edsmo, vaya. \u00a1Con lo que nos hubiera facilitado la imposible tarea dicho gabinete! Pero, nada, a tener a la gente con el alma en vilo, con\u2026en fin, con todo lo que supone de agobio y acojone.<\/p>\t\t\t\t\t\t<\/div>\n\t\t\t\t<\/div>\n\t\t\t\t<div class=\"elementor-element elementor-element-6898e4d elementor-widget elementor-widget-heading\" data-id=\"6898e4d\" data-element_type=\"widget\" data-widget_type=\"heading.default\">\n\t\t\t\t<div class=\"elementor-widget-container\">\n\t\t\t<h2 class=\"elementor-heading-title elementor-size-default\">EP\u00cdSTOLA SEGUNDA (De la complejidad de tu concepto y la multiplicidad de tus apariencias)<\/h2>\t\t<\/div>\n\t\t\t\t<\/div>\n\t\t\t\t<div class=\"elementor-element elementor-element-ab66bf1 elementor-widget elementor-widget-text-editor\" data-id=\"ab66bf1\" data-element_type=\"widget\" data-widget_type=\"text-editor.default\">\n\t\t\t\t<div class=\"elementor-widget-container\">\n\t\t\t\t\t\t\t<p>S\u00e9 bien que T\u00fa eres amigo del misterio, que todo lo que te rodea y T\u00fa mismo, a \u00e9l pertenec\u00e9is. Al menos, para nosotros los humanos, todos tus movimientos, naturalezas y dem\u00e1s, nos resulta arcano, imposible de apresar con nuestras limitadas luces, preparadas, en la mayor\u00eda de los casos, no mucho m\u00e1s que para descifrar las letras de las canciones de David Bisbal..<\/p><p>\u00bfC\u00f3mo podr\u00edamos aspirar con tan limitado bagaje a intentar acercarnos a Ti? Vana ilusi\u00f3n, proyecto descabellado. Tan descabellado como pretender que los pol\u00edticos utilicen un lenguaje inteligible o como convencer a Aznar de que su figura no es precisamente la de un adonis griego, por mucho que \u00e9l se empe\u00f1e en moverse como tal. Y, repito, aunque s\u00e9 que tu mundo es el misterio y que s\u00f3lo en \u00e9l puede habitar tu ambigua y descomunal existencia, no puedo comprender, otra vez, esa man\u00eda tuya por complicar los temas m\u00e1s inocentes. Porque, mira si te hubiera sido f\u00e1cil, sobre todo a Ti que todo lo puedes, presentarte como el Gran Jefe de los indios humanos, planteando tu unicidad y tu liderazgo incuestionables. Pues nada, a complicar: en cada cultura te muestras con un nombre, en cada \u00e9poca con una apariencia; incluso, con un car\u00e1cter diferente (hay que ver la mala leche que mostraste en todo el Antiguo Testamento; despu\u00e9s te arreglaste un poco. Ya hablaremos de eso). Tienes que entenderme: si ya es complicado Tu concepto, aceptar Tu existencia, asumir Tu omnipotencia, encima, nos lo pones imposible present\u00e1ndote de mil maneras, escondi\u00e9ndote tras mil m\u00e1scaras, ocult\u00e1ndote tras miles de nombres.<br \/>Esta es una tarea, compr\u00e9ndeme, que ser\u00eda casi imposible, incluso para Ti, imag\u00ednate para un pobre humano, contingente y pecador. Y adem\u00e1s, con el agravante de que esa pl\u00e9yade de alteridades ha generado, genera y generar\u00e1 conflictos harto dolorosos para los humanos que, en nombre de tus nombres han empapado, empapan y empapar\u00e1n la tierra con su mism\u00edsima sangre.<br \/>Bastante complicado me lo pone mi equipo cada fin de semana (sin duda es un milagro que te debo a Ti el que siga siendo del Real Madrid), bastante dif\u00edcil me lo deja la insufrible tendencia de todas las cosas a ponerse en mi contra (otro d\u00eda hablaremos de esa tu famosa ley de Murphy \u2013no te atreviste a darle Tu nombre-), como para que, encima, tenga uno que andar descifrando d\u00f3nde, cu\u00e1ndo, c\u00f3mo y en qu\u00e9 apariencia est\u00e1s en cada sitio; es decir, para intentar vislumbrar no m\u00e1s, tu verdadera realidad, tu verdadero rostro.<br \/>\u00bfTan complicado te era haber creado un Ministerio de asuntos (exteriores a Ti)? A no ser que no haya nada ajeno a Ti y que todo y todos no seamos m\u00e1s una parte, aunque sea residual, de Tu divina sustancia. Puro pante\u00edsmo, vaya. \u00a1Con lo que nos hubiera facilitado la imposible tarea dicho gabinete! Pero, nada, a tener a la gente con el alma en vilo, con\u2026en fin, con todo lo que supone de agobio y acojone.<\/p>\t\t\t\t\t\t<\/div>\n\t\t\t\t<\/div>\n\t\t\t\t\t<\/div>\n\t\t<\/div>\n\t\t\t\t\t<\/div>\n\t\t<\/section>\n\t\t\t\t<section class=\"elementor-section elementor-top-section elementor-element elementor-element-jev801h elementor-section-boxed elementor-section-height-default elementor-section-height-default\" data-id=\"jev801h\" data-element_type=\"section\">\n\t\t\t\t\t\t<div class=\"elementor-container elementor-column-gap-default\">\n\t\t\t\t\t<div class=\"elementor-column elementor-col-100 elementor-top-column elementor-element elementor-element-agcdv0a\" data-id=\"agcdv0a\" data-element_type=\"column\">\n\t\t\t<div class=\"elementor-widget-wrap elementor-element-populated\">\n\t\t\t\t\t\t<div class=\"elementor-element elementor-element-vhc433p elementor-widget elementor-widget-heading\" data-id=\"vhc433p\" data-element_type=\"widget\" data-widget_type=\"heading.default\">\n\t\t\t\t<div class=\"elementor-widget-container\">\n\t\t\t<h2 class=\"elementor-heading-title elementor-size-default\">EP\u00cdSTOLA TERCERA (De la injusticia de atribuirte solo lo bueno y positivo)<\/h2>\t\t<\/div>\n\t\t\t\t<\/div>\n\t\t\t\t\t<\/div>\n\t\t<\/div>\n\t\t\t\t\t<\/div>\n\t\t<\/section>\n\t\t\t\t<section class=\"elementor-section elementor-top-section elementor-element elementor-element-3mdcjhw elementor-section-boxed elementor-section-height-default elementor-section-height-default\" data-id=\"3mdcjhw\" data-element_type=\"section\">\n\t\t\t\t\t\t<div class=\"elementor-container elementor-column-gap-default\">\n\t\t\t\t\t<div class=\"elementor-column elementor-col-100 elementor-top-column elementor-element elementor-element-hwlkdmc\" data-id=\"hwlkdmc\" data-element_type=\"column\">\n\t\t\t<div class=\"elementor-widget-wrap elementor-element-populated\">\n\t\t\t\t\t\t<div class=\"elementor-element elementor-element-u7rmmuq elementor-widget elementor-widget-text-editor\" data-id=\"u7rmmuq\" data-element_type=\"widget\" data-widget_type=\"text-editor.default\">\n\t\t\t\t<div class=\"elementor-widget-container\">\n\t\t\t\t\t\t\t<p>Es un milagro, querido Hacedor, que hayas convencido a todos tus fieles de que eres responsable no m\u00e1s que de las cosas hermosas y agradables de esta vida; de las que llenan el esp\u00edritu y regocijan la carne. Para lo dem\u00e1s, lo feo y desagradable (aqu\u00ed meto a la mayor\u00eda de los pol\u00edticos y de los periodistas), lo doloroso y despreciable (y aqu\u00ed, a los vecinos, guardias municipales, etc.), hiciste que inventaran un personaje siniestro, un antidios peligroso y nefasto cuya misi\u00f3n ha sido y es poner en riesgo la maravillosa obra de tu Creaci\u00f3n.<\/p><p>Pero yo, que te tengo por Todopoderoso, no puedo admitir la existencia de ning\u00fan ser poniendo palos en las ruedas de tu obra ni zancadillas a los pasos de tu magno trabajo. Por tanto, tengo que manifestar que te tengo por responsable de lo bueno y de lo malo, porque si no, ser\u00eda jugar con demasiada ventaja y yo estoy seguro de que T\u00fa no te permites ni una sola trampa con tus queridos seres. Por otra parte, si aceptamos ese ventajismo, habr\u00eda que admitir que Dios podr\u00eda serlo cualquiera y eso no es posible por cuanto eres \u00fanico e insuperable.<\/p><p>Lo que rechazo pues, en esta carta, es la dram\u00e1tica ingenuidad que instalaste en el cerebro o en el coraz\u00f3n o dondequiera que radique nuestra racionalidad. Precisamente, por ser quien eres, habr\u00eda que exigirte mucho m\u00e1s y no perdonar y justificar todas y cada uno de tus lagunas creativas. Es bueno alzar la voz para que escuches y pedirte explicaciones, por lo menos para que veas que nosotros (que constituimos tu obra), aunque seamos seres ef\u00edmeros, que duramos menos que el C\u00e1diz en primera divisi\u00f3n, no somos, sin embargo, unos perfectos idiotas de los que no tengas ni el m\u00e1s m\u00ednimo motivo para enorgullecerte.<\/p><p>De modo que a paliar esa abnegaci\u00f3n que siempre he visto y veo a mi alrededor es a lo que vienen estas humildes invectivas que no tienen m\u00e1s que un \u00e1nimo estrictamente constructivo (por si a\u00fan estuvieras a tiempo de corregir algunas de estas anomal\u00edas).<br \/>Quedo a la espera de tus ineludibles correcciones, que ser\u00e1n todo lo bien recibidas que merecen tu grandeza y nuestra precariedad.<\/p>\t\t\t\t\t\t<\/div>\n\t\t\t\t<\/div>\n\t\t\t\t<div class=\"elementor-element elementor-element-89bb18a elementor-widget elementor-widget-heading\" data-id=\"89bb18a\" data-element_type=\"widget\" data-widget_type=\"heading.default\">\n\t\t\t\t<div class=\"elementor-widget-container\">\n\t\t\t<h2 class=\"elementor-heading-title elementor-size-default\">EP\u00cdSTOLA TERCERA (De la injusticia de atribuirte solo lo bueno y positivo)<\/h2>\t\t<\/div>\n\t\t\t\t<\/div>\n\t\t\t\t<div class=\"elementor-element elementor-element-33cfe81 elementor-widget elementor-widget-text-editor\" data-id=\"33cfe81\" data-element_type=\"widget\" data-widget_type=\"text-editor.default\">\n\t\t\t\t<div class=\"elementor-widget-container\">\n\t\t\t\t\t\t\t<p>Es un milagro, querido Hacedor, que hayas convencido a todos tus fieles de que eres responsable no m\u00e1s que de las cosas hermosas y agradables de esta vida; de las que llenan el esp\u00edritu y regocijan la carne. Para lo dem\u00e1s, lo feo y desagradable (aqu\u00ed meto a la mayor\u00eda de los pol\u00edticos y de los periodistas), lo doloroso y despreciable (y aqu\u00ed, a los vecinos, guardias municipales, etc.), hiciste que inventaran un personaje siniestro, un antidios peligroso y nefasto cuya misi\u00f3n ha sido y es poner en riesgo la maravillosa obra de tu Creaci\u00f3n.<\/p><p>Pero yo, que te tengo por Todopoderoso, no puedo admitir la existencia de ning\u00fan ser poniendo palos en las ruedas de tu obra ni zancadillas a los pasos de tu magno trabajo. Por tanto, tengo que manifestar que te tengo por responsable de lo bueno y de lo malo, porque si no, ser\u00eda jugar con demasiada ventaja y yo estoy seguro de que T\u00fa no te permites ni una sola trampa con tus queridos seres. Por otra parte, si aceptamos ese ventajismo, habr\u00eda que admitir que Dios podr\u00eda serlo cualquiera y eso no es posible por cuanto eres \u00fanico e insuperable.<\/p><p>Lo que rechazo pues, en esta carta, es la dram\u00e1tica ingenuidad que instalaste en el cerebro o en el coraz\u00f3n o dondequiera que radique nuestra racionalidad. Precisamente, por ser quien eres, habr\u00eda que exigirte mucho m\u00e1s y no perdonar y justificar todas y cada uno de tus lagunas creativas. Es bueno alzar la voz para que escuches y pedirte explicaciones, por lo menos para que veas que nosotros (que constituimos tu obra), aunque seamos seres ef\u00edmeros, que duramos menos que el C\u00e1diz en primera divisi\u00f3n, no somos, sin embargo, unos perfectos idiotas de los que no tengas ni el m\u00e1s m\u00ednimo motivo para enorgullecerte.<\/p><p>De modo que a paliar esa abnegaci\u00f3n que siempre he visto y veo a mi alrededor es a lo que vienen estas humildes invectivas que no tienen m\u00e1s que un \u00e1nimo estrictamente constructivo (por si a\u00fan estuvieras a tiempo de corregir algunas de estas anomal\u00edas).<br \/>Quedo a la espera de tus ineludibles correcciones, que ser\u00e1n todo lo bien recibidas que merecen tu grandeza y nuestra precariedad.<\/p>\t\t\t\t\t\t<\/div>\n\t\t\t\t<\/div>\n\t\t\t\t\t<\/div>\n\t\t<\/div>\n\t\t\t\t\t<\/div>\n\t\t<\/section>\n\t\t\t\t<section class=\"elementor-section elementor-top-section elementor-element elementor-element-jmd0zos elementor-section-boxed elementor-section-height-default elementor-section-height-default\" data-id=\"jmd0zos\" data-element_type=\"section\">\n\t\t\t\t\t\t<div class=\"elementor-container elementor-column-gap-default\">\n\t\t\t\t\t<div class=\"elementor-column elementor-col-100 elementor-top-column elementor-element elementor-element-gnh0ug2\" data-id=\"gnh0ug2\" data-element_type=\"column\">\n\t\t\t<div class=\"elementor-widget-wrap elementor-element-populated\">\n\t\t\t\t\t\t<div class=\"elementor-element elementor-element-y7ht4or elementor-widget elementor-widget-heading\" data-id=\"y7ht4or\" data-element_type=\"widget\" data-widget_type=\"heading.default\">\n\t\t\t\t<div class=\"elementor-widget-container\">\n\t\t\t<h2 class=\"elementor-heading-title elementor-size-default\">Ep\u00edstola Cuarta (De la injusticia de atribuirte solo lo bueno y positivo)<\/h2>\t\t<\/div>\n\t\t\t\t<\/div>\n\t\t\t\t\t<\/div>\n\t\t<\/div>\n\t\t\t\t\t<\/div>\n\t\t<\/section>\n\t\t\t\t<section class=\"elementor-section elementor-top-section elementor-element elementor-element-90valby elementor-section-boxed elementor-section-height-default elementor-section-height-default\" data-id=\"90valby\" data-element_type=\"section\">\n\t\t\t\t\t\t<div class=\"elementor-container elementor-column-gap-default\">\n\t\t\t\t\t<div class=\"elementor-column elementor-col-100 elementor-top-column elementor-element elementor-element-6gilo7p\" data-id=\"6gilo7p\" data-element_type=\"column\">\n\t\t\t<div class=\"elementor-widget-wrap elementor-element-populated\">\n\t\t\t\t\t\t<div class=\"elementor-element elementor-element-k7nn01u elementor-widget elementor-widget-text-editor\" data-id=\"k7nn01u\" data-element_type=\"widget\" data-widget_type=\"text-editor.default\">\n\t\t\t\t<div class=\"elementor-widget-container\">\n\t\t\t\t\t\t\t<p>Una de las cosas que me aturden sobremanera es esa condici\u00f3n que pusiste en nosotros que hace que nos sintamos siempre en permanente insatisfacci\u00f3n.. Ese sentimiento que lleva a tantos a la nefasta y perniciosa envidia. Ya puedes tener el mejor coche, que el que m\u00e1s te gusta es el del vecino, ese imb\u00e9cil que se pone las corbatas m\u00e1s horteras. Ya puedes haber hecho un esfuerzo extraordinario por comprarte el mejor GPS, que inmediatamente de tenerlo empezar\u00e1s a desear el pr\u00f3ximo que salga. Ya puedes tener el marido m\u00e1s maravilloso, que le ver\u00e1s m\u00e1s faltas que al m\u00e1s indecente de tus vecinos de apartamento de Marina Dors. Ya puedes disfrutar de la mujer m\u00e1s espl\u00e9ndida, cari\u00f1osa y divertida, guapa por fuera y por dentro, elegante y sexy, que t\u00fa estar\u00e1s siempre m\u00e1s pendiente de las salidas y entradas del \u201cyogur\u201d del 5\u00ba.<br \/>\u00a0\u00a0\u00a0\u00a0\u00a0\u00a0\u00a0\u00a0\u00a0\u00a0\u00a0\u00a0\u00a0\u00a0\u00a0\u00a0\u00a0\u00a0\u00a0\u00a0\u00a0\u00a0\u00a0\u00a0\u00a0\u00a0\u00a0\u00a0 Y es que este asunto no tiene soluci\u00f3n. El placer por las cosas tarda el tiempo que se invierte en conseguirlas y somos mucho m\u00e1s aficionados de lo que no tenemos y de lo que perdimos que de valorar, conservar y disfrutar lo que poseemos. Y eso, perd\u00f3name, me parece un error de dise\u00f1o, porque produce malestar y genera desasosiego, esa \u00edntima tribulaci\u00f3n\u00a0 que produce el no estar de acuerdo con las propias motivaciones y el no creerte ni t\u00fa mismo las propias justificaciones de los propios actos. Y de desasosiego ya tenemos bastante con el que nos provocan los hijos, los camareros y la circulaci\u00f3n.<br \/>\u00a0\u00a0\u00a0\u00a0\u00a0\u00a0\u00a0\u00a0\u00a0\u00a0\u00a0\u00a0\u00a0\u00a0\u00a0\u00a0\u00a0\u00a0\u00a0\u00a0\u00a0\u00a0\u00a0\u00a0\u00a0\u00a0\u00a0 De manera que, como el que no quiere la cosa, siempre estamos en permanente estado de desear aquello que no necesitamos o que no tenemos o que est\u00e1 fuera de nuestras posibilidades. Es decir, estamos en permanente estado de comportarnos como unos aut\u00e9nticos bobos, persiguiendo quimeras. Claro que, y tal vez este fuera tu objetivo, esto haya servido como el aut\u00e9ntico motor de la vida y de la historia. Esa permanente insatisfacci\u00f3n que anida en el alma de los hombres bien pudiera ser la ra\u00edz de sus posibilidades de transformaci\u00f3n y de progreso. \u00bfQu\u00e9 ser\u00eda de nosotros si nos mostr\u00e1ramos conformes con lo primero que encontr\u00e1ramos? La sociedad de consumo se ir\u00eda al carajo, las empresas empezar\u00edan a tambalearse y el sistema econ\u00f3mico que sustenta a la sociedad del bienestar comenzar\u00eda a desmoronarse. Andar\u00edamos sin ilusiones y mustios, como Acebes desde que ETA declar\u00f3 la tregua.<br \/>\u00a0\u00a0\u00a0\u00a0\u00a0\u00a0\u00a0\u00a0\u00a0\u00a0\u00a0\u00a0\u00a0\u00a0\u00a0\u00a0\u00a0\u00a0\u00a0\u00a0\u00a0\u00a0\u00a0\u00a0\u00a0\u00a0\u00a0 Por ello, y a\u00fan admitiendo que pudiera tratarse de un asunto que tiene tambi\u00e9n sus consecuencias positivas, quiero dejarte palmaria mi protesta por habernos colocado en esta tesitura de la b\u00fasqueda infructuosa de lo que jam\u00e1s nos proporciona m\u00e1s que una inmediata y superficial satisfacci\u00f3n.<br \/>\u00a0\u00a0\u00a0\u00a0\u00a0\u00a0\u00a0\u00a0\u00a0\u00a0\u00a0\u00a0\u00a0\u00a0\u00a0\u00a0\u00a0\u00a0\u00a0\u00a0\u00a0\u00a0\u00a0\u00a0\u00a0\u00a0\u00a0 Deseando que no te molesten en exceso mis escritos y esperando que sirvan para algo, me despido hasta la pr\u00f3xima, que tardar\u00e1 poco.<\/p>\t\t\t\t\t\t<\/div>\n\t\t\t\t<\/div>\n\t\t\t\t<div class=\"elementor-element elementor-element-fc96035 elementor-widget elementor-widget-heading\" data-id=\"fc96035\" data-element_type=\"widget\" data-widget_type=\"heading.default\">\n\t\t\t\t<div class=\"elementor-widget-container\">\n\t\t\t<h2 class=\"elementor-heading-title elementor-size-default\">Ep\u00edstola Cuarta (De la injusticia de atribuirte solo lo bueno y positivo)<\/h2>\t\t<\/div>\n\t\t\t\t<\/div>\n\t\t\t\t<div class=\"elementor-element elementor-element-1de81dc elementor-widget elementor-widget-text-editor\" data-id=\"1de81dc\" data-element_type=\"widget\" data-widget_type=\"text-editor.default\">\n\t\t\t\t<div class=\"elementor-widget-container\">\n\t\t\t\t\t\t\t<p>Una de las cosas que me aturden sobremanera es esa condici\u00f3n que pusiste en nosotros que hace que nos sintamos siempre en permanente insatisfacci\u00f3n.. Ese sentimiento que lleva a tantos a la nefasta y perniciosa envidia. Ya puedes tener el mejor coche, que el que m\u00e1s te gusta es el del vecino, ese imb\u00e9cil que se pone las corbatas m\u00e1s horteras. Ya puedes haber hecho un esfuerzo extraordinario por comprarte el mejor GPS, que inmediatamente de tenerlo empezar\u00e1s a desear el pr\u00f3ximo que salga. Ya puedes tener el marido m\u00e1s maravilloso, que le ver\u00e1s m\u00e1s faltas que al m\u00e1s indecente de tus vecinos de apartamento de Marina Dors. Ya puedes disfrutar de la mujer m\u00e1s espl\u00e9ndida, cari\u00f1osa y divertida, guapa por fuera y por dentro, elegante y sexy, que t\u00fa estar\u00e1s siempre m\u00e1s pendiente de las salidas y entradas del \u201cyogur\u201d del 5\u00ba.<br \/>\u00a0\u00a0\u00a0\u00a0\u00a0\u00a0\u00a0\u00a0\u00a0\u00a0\u00a0\u00a0\u00a0\u00a0\u00a0\u00a0\u00a0\u00a0\u00a0\u00a0\u00a0\u00a0\u00a0\u00a0\u00a0\u00a0\u00a0\u00a0 Y es que este asunto no tiene soluci\u00f3n. El placer por las cosas tarda el tiempo que se invierte en conseguirlas y somos mucho m\u00e1s aficionados de lo que no tenemos y de lo que perdimos que de valorar, conservar y disfrutar lo que poseemos. Y eso, perd\u00f3name, me parece un error de dise\u00f1o, porque produce malestar y genera desasosiego, esa \u00edntima tribulaci\u00f3n\u00a0 que produce el no estar de acuerdo con las propias motivaciones y el no creerte ni t\u00fa mismo las propias justificaciones de los propios actos. Y de desasosiego ya tenemos bastante con el que nos provocan los hijos, los camareros y la circulaci\u00f3n.<br \/>\u00a0\u00a0\u00a0\u00a0\u00a0\u00a0\u00a0\u00a0\u00a0\u00a0\u00a0\u00a0\u00a0\u00a0\u00a0\u00a0\u00a0\u00a0\u00a0\u00a0\u00a0\u00a0\u00a0\u00a0\u00a0\u00a0\u00a0 De manera que, como el que no quiere la cosa, siempre estamos en permanente estado de desear aquello que no necesitamos o que no tenemos o que est\u00e1 fuera de nuestras posibilidades. Es decir, estamos en permanente estado de comportarnos como unos aut\u00e9nticos bobos, persiguiendo quimeras. Claro que, y tal vez este fuera tu objetivo, esto haya servido como el aut\u00e9ntico motor de la vida y de la historia. Esa permanente insatisfacci\u00f3n que anida en el alma de los hombres bien pudiera ser la ra\u00edz de sus posibilidades de transformaci\u00f3n y de progreso. \u00bfQu\u00e9 ser\u00eda de nosotros si nos mostr\u00e1ramos conformes con lo primero que encontr\u00e1ramos? La sociedad de consumo se ir\u00eda al carajo, las empresas empezar\u00edan a tambalearse y el sistema econ\u00f3mico que sustenta a la sociedad del bienestar comenzar\u00eda a desmoronarse. Andar\u00edamos sin ilusiones y mustios, como Acebes desde que ETA declar\u00f3 la tregua.<br \/>\u00a0\u00a0\u00a0\u00a0\u00a0\u00a0\u00a0\u00a0\u00a0\u00a0\u00a0\u00a0\u00a0\u00a0\u00a0\u00a0\u00a0\u00a0\u00a0\u00a0\u00a0\u00a0\u00a0\u00a0\u00a0\u00a0\u00a0 Por ello, y a\u00fan admitiendo que pudiera tratarse de un asunto que tiene tambi\u00e9n sus consecuencias positivas, quiero dejarte palmaria mi protesta por habernos colocado en esta tesitura de la b\u00fasqueda infructuosa de lo que jam\u00e1s nos proporciona m\u00e1s que una inmediata y superficial satisfacci\u00f3n.<br \/>\u00a0\u00a0\u00a0\u00a0\u00a0\u00a0\u00a0\u00a0\u00a0\u00a0\u00a0\u00a0\u00a0\u00a0\u00a0\u00a0\u00a0\u00a0\u00a0\u00a0\u00a0\u00a0\u00a0\u00a0\u00a0\u00a0\u00a0 Deseando que no te molesten en exceso mis escritos y esperando que sirvan para algo, me despido hasta la pr\u00f3xima, que tardar\u00e1 poco.<\/p>\t\t\t\t\t\t<\/div>\n\t\t\t\t<\/div>\n\t\t\t\t\t<\/div>\n\t\t<\/div>\n\t\t\t\t\t<\/div>\n\t\t<\/section>\n\t\t\t\t<section class=\"elementor-section elementor-top-section elementor-element elementor-element-pxiznm8 elementor-section-boxed elementor-section-height-default elementor-section-height-default\" data-id=\"pxiznm8\" data-element_type=\"section\">\n\t\t\t\t\t\t<div class=\"elementor-container elementor-column-gap-default\">\n\t\t\t\t\t<div class=\"elementor-column elementor-col-100 elementor-top-column elementor-element elementor-element-jodaruy\" data-id=\"jodaruy\" data-element_type=\"column\">\n\t\t\t<div class=\"elementor-widget-wrap elementor-element-populated\">\n\t\t\t\t\t\t<div class=\"elementor-element elementor-element-q24ad4i elementor-widget elementor-widget-heading\" data-id=\"q24ad4i\" data-element_type=\"widget\" data-widget_type=\"heading.default\">\n\t\t\t\t<div class=\"elementor-widget-container\">\n\t\t\t<h2 class=\"elementor-heading-title elementor-size-default\">Ep\u00edstola Quinta (Del inmenso desequilibrio en el reparto de los bienes materiales y espirituales)<\/h2>\t\t<\/div>\n\t\t\t\t<\/div>\n\t\t\t\t\t<\/div>\n\t\t<\/div>\n\t\t\t\t\t<\/div>\n\t\t<\/section>\n\t\t\t\t<section class=\"elementor-section elementor-top-section elementor-element elementor-element-t22z5l9 elementor-section-boxed elementor-section-height-default elementor-section-height-default\" data-id=\"t22z5l9\" data-element_type=\"section\">\n\t\t\t\t\t\t<div class=\"elementor-container elementor-column-gap-default\">\n\t\t\t\t\t<div class=\"elementor-column elementor-col-100 elementor-top-column elementor-element elementor-element-6vq8ifv\" data-id=\"6vq8ifv\" data-element_type=\"column\">\n\t\t\t<div class=\"elementor-widget-wrap elementor-element-populated\">\n\t\t\t\t\t\t<div class=\"elementor-element elementor-element-o1oqhl2 elementor-widget elementor-widget-text-editor\" data-id=\"o1oqhl2\" data-element_type=\"widget\" data-widget_type=\"text-editor.default\">\n\t\t\t\t<div class=\"elementor-widget-container\">\n\t\t\t\t\t\t\t<p>Una de las ventajas de dirigirme a Ti a trav\u00e9s de estas misivas reside, sin duda, en el ahorro que supone en sellos, sobres y papel. Ser\u00eda ocioso emplearlos, por cuanto, lo mismo que nosotros somos capaces de descifrar m\u00e1s o menos el sentido de un texto garrapateado, Tu eres capaz de leer en el coraz\u00f3n de los humanos y, supongo que tambi\u00e9n en el de los animales, plantas y cosas. Por ello, estoy m\u00e1s que convencido de que T\u00fa conocer\u00edas estos desasosiegos m\u00edos , incluso, si yo no los plasmara aqu\u00ed.<br \/>\u00a0\u00a0\u00a0\u00a0\u00a0\u00a0\u00a0\u00a0\u00a0\u00a0\u00a0\u00a0\u00a0\u00a0\u00a0\u00a0 Hay muchos temas que, siendo discutibles, pueden tener un lado positivo que los redime de ser rechazables de forma radical, pero uno en concreto, se me hace insufrible aceptarlo y, ni siquiera, encontrarle un resquicio de justificaci\u00f3n. Me refiero al inmenso desequilibrio que estableciste en el reparto de los bienes materiales y espirituales. <br \/>\u00a0\u00a0\u00a0\u00a0\u00a0\u00a0\u00a0\u00a0\u00a0\u00a0\u00a0\u00a0\u00a0\u00a0\u00a0 \u00bfT\u00fa crees que tiene alg\u00fan vislumbre de sentido, viniendo adem\u00e1s el reparto de Ti, que dispones de todos los datos, que tienes acceso a la informaci\u00f3n m\u00e1s privilegiada, que hayas repartido\u00a0 (o hayas permitido que se repartan) las cosas de una manera tan torcida? \u00bfEs admisible que un uno por ciento de la humanidad disponga de m\u00e1s bienes que el noventa y nueve por ciento restante? \u00bfQu\u00e9 sentido ten\u00eda haber creado tanto mundo: el primero, el segundo, el tercero (los de \u00e9ste encima, negros)? \u00bfNo hubiera sido, incluso mejor para Ti, que te hubieras ahorrado tanta s\u00faplica, tanto rezo doliente, tanta miseria suplicante, un mundo s\u00f3lo, con un nivel de vida razonable para todo y cada uno de sus pobladores? Pero yo estoy seguro de que esto no ha sido obra tuya. T\u00fa tuviste que delegar en alguien para que se encargara de esta labor: \u00bftal vez en alg\u00fan concejal de Marbella? \u00bfQuiz\u00e1 en alg\u00fan Banco o sociedad gestora de Bolsa? Seguro que en el equipo de trabajo estaban Juli\u00e1n Mu\u00f1oz e Isabel Garc\u00eda Marcos. Es que si no, no se explica tanto desafuero ni tanta desigualdad fragrante y dolorosa.<br \/>\u00a0\u00a0\u00a0\u00a0\u00a0\u00a0\u00a0\u00a0\u00a0\u00a0\u00a0\u00a0\u00a0\u00a0 \u00bfY qu\u00e9 me dices de esa curiosa postraci\u00f3n del Sur respecto al Norte? Ocurre en la Tierra tomada en su conjunto (echa un vistazo al mapamundi), en cada continente, en cada pa\u00eds, en cada regi\u00f3n y, lo que resulta m\u00e1s incre\u00edble, incluso ocurre dentro de las mismas poblaciones. El Norte siempre rico y poderoso; el Sur, pobre y subordinado. Y, sin embargo, es en esas zonas donde pasean sus miserias la mayor\u00eda de tus fieles; tal vez porque buscan en Ti el consuelo y la alegr\u00eda que no encuentran en su vida cotidiana, aplastada por la voracidad y la indiferencia de los que m\u00e1s tienen. \u00bfEs que no pudiste darle la vuelta al mapa alguna vez? \u00bfEs que siempre se tienen que comer los mismos el pan duro? \u00bfEs que el caviar tiene que ser siempre para las mismas bocas? Y una vez hecho el desaguisado, \u00bfc\u00f3mo puedes ser indiferente a tanta iniquidad?<br \/>\u00a0\u00a0\u00a0\u00a0\u00a0\u00a0\u00a0\u00a0\u00a0\u00a0\u00a0\u00a0\u00a0\u00a0 Yo no quiero ser pesado; de esos apuntes que te he hecho ya puedes sacar T\u00fa sobradas conclusiones, sin que tenga que abusar demasiado de Tu precioso tiempo (aunque sea eterno), enumerando casos y explicitando detalles , para Ti de sobra conocidos, dada tu infinita sabidur\u00eda. Por cierto, me gustar\u00eda conocer tu Agenda y me encantar\u00eda que en ella dedicaras alg\u00fan tiempo y espacio a los medios de comunicaci\u00f3n: los humanos estamos deseando conocer muchas cosas de Ti. Pero se nota que te gustan muy poco los micr\u00f3fonos y las c\u00e1maras (en esto no te pareces nada a tu fiel el ministro Pepe Bono).<br \/>\u00a0\u00a0\u00a0\u00a0\u00a0\u00a0\u00a0\u00a0\u00a0\u00a0\u00a0\u00a0\u00a0\u00a0 Te dejo hasta la pr\u00f3xima, que abundar\u00e1 en este tema del reparto desigual y alucinante de los bienes materiales, intelectuales, morales, espirituales, etc\u00e9tera.<\/p>\t\t\t\t\t\t<\/div>\n\t\t\t\t<\/div>\n\t\t\t\t<div class=\"elementor-element elementor-element-72c3f00 elementor-widget elementor-widget-heading\" data-id=\"72c3f00\" data-element_type=\"widget\" data-widget_type=\"heading.default\">\n\t\t\t\t<div class=\"elementor-widget-container\">\n\t\t\t<h2 class=\"elementor-heading-title elementor-size-default\">Ep\u00edstola Quinta (Del inmenso desequilibrio en el reparto de los bienes materiales y espirituales)<\/h2>\t\t<\/div>\n\t\t\t\t<\/div>\n\t\t\t\t<div class=\"elementor-element elementor-element-62b12a4 elementor-widget elementor-widget-text-editor\" data-id=\"62b12a4\" data-element_type=\"widget\" data-widget_type=\"text-editor.default\">\n\t\t\t\t<div class=\"elementor-widget-container\">\n\t\t\t\t\t\t\t<p>Una de las ventajas de dirigirme a Ti a trav\u00e9s de estas misivas reside, sin duda, en el ahorro que supone en sellos, sobres y papel. Ser\u00eda ocioso emplearlos, por cuanto, lo mismo que nosotros somos capaces de descifrar m\u00e1s o menos el sentido de un texto garrapateado, Tu eres capaz de leer en el coraz\u00f3n de los humanos y, supongo que tambi\u00e9n en el de los animales, plantas y cosas. Por ello, estoy m\u00e1s que convencido de que T\u00fa conocer\u00edas estos desasosiegos m\u00edos , incluso, si yo no los plasmara aqu\u00ed.<br \/>\u00a0\u00a0\u00a0\u00a0\u00a0\u00a0\u00a0\u00a0\u00a0\u00a0\u00a0\u00a0\u00a0\u00a0\u00a0\u00a0 Hay muchos temas que, siendo discutibles, pueden tener un lado positivo que los redime de ser rechazables de forma radical, pero uno en concreto, se me hace insufrible aceptarlo y, ni siquiera, encontrarle un resquicio de justificaci\u00f3n. Me refiero al inmenso desequilibrio que estableciste en el reparto de los bienes materiales y espirituales. <br \/>\u00a0\u00a0\u00a0\u00a0\u00a0\u00a0\u00a0\u00a0\u00a0\u00a0\u00a0\u00a0\u00a0\u00a0\u00a0 \u00bfT\u00fa crees que tiene alg\u00fan vislumbre de sentido, viniendo adem\u00e1s el reparto de Ti, que dispones de todos los datos, que tienes acceso a la informaci\u00f3n m\u00e1s privilegiada, que hayas repartido\u00a0 (o hayas permitido que se repartan) las cosas de una manera tan torcida? \u00bfEs admisible que un uno por ciento de la humanidad disponga de m\u00e1s bienes que el noventa y nueve por ciento restante? \u00bfQu\u00e9 sentido ten\u00eda haber creado tanto mundo: el primero, el segundo, el tercero (los de \u00e9ste encima, negros)? \u00bfNo hubiera sido, incluso mejor para Ti, que te hubieras ahorrado tanta s\u00faplica, tanto rezo doliente, tanta miseria suplicante, un mundo s\u00f3lo, con un nivel de vida razonable para todo y cada uno de sus pobladores? Pero yo estoy seguro de que esto no ha sido obra tuya. T\u00fa tuviste que delegar en alguien para que se encargara de esta labor: \u00bftal vez en alg\u00fan concejal de Marbella? \u00bfQuiz\u00e1 en alg\u00fan Banco o sociedad gestora de Bolsa? Seguro que en el equipo de trabajo estaban Juli\u00e1n Mu\u00f1oz e Isabel Garc\u00eda Marcos. Es que si no, no se explica tanto desafuero ni tanta desigualdad fragrante y dolorosa.<br \/>\u00a0\u00a0\u00a0\u00a0\u00a0\u00a0\u00a0\u00a0\u00a0\u00a0\u00a0\u00a0\u00a0\u00a0 \u00bfY qu\u00e9 me dices de esa curiosa postraci\u00f3n del Sur respecto al Norte? Ocurre en la Tierra tomada en su conjunto (echa un vistazo al mapamundi), en cada continente, en cada pa\u00eds, en cada regi\u00f3n y, lo que resulta m\u00e1s incre\u00edble, incluso ocurre dentro de las mismas poblaciones. El Norte siempre rico y poderoso; el Sur, pobre y subordinado. Y, sin embargo, es en esas zonas donde pasean sus miserias la mayor\u00eda de tus fieles; tal vez porque buscan en Ti el consuelo y la alegr\u00eda que no encuentran en su vida cotidiana, aplastada por la voracidad y la indiferencia de los que m\u00e1s tienen. \u00bfEs que no pudiste darle la vuelta al mapa alguna vez? \u00bfEs que siempre se tienen que comer los mismos el pan duro? \u00bfEs que el caviar tiene que ser siempre para las mismas bocas? Y una vez hecho el desaguisado, \u00bfc\u00f3mo puedes ser indiferente a tanta iniquidad?<br \/>\u00a0\u00a0\u00a0\u00a0\u00a0\u00a0\u00a0\u00a0\u00a0\u00a0\u00a0\u00a0\u00a0\u00a0 Yo no quiero ser pesado; de esos apuntes que te he hecho ya puedes sacar T\u00fa sobradas conclusiones, sin que tenga que abusar demasiado de Tu precioso tiempo (aunque sea eterno), enumerando casos y explicitando detalles , para Ti de sobra conocidos, dada tu infinita sabidur\u00eda. Por cierto, me gustar\u00eda conocer tu Agenda y me encantar\u00eda que en ella dedicaras alg\u00fan tiempo y espacio a los medios de comunicaci\u00f3n: los humanos estamos deseando conocer muchas cosas de Ti. Pero se nota que te gustan muy poco los micr\u00f3fonos y las c\u00e1maras (en esto no te pareces nada a tu fiel el ministro Pepe Bono).<br \/>\u00a0\u00a0\u00a0\u00a0\u00a0\u00a0\u00a0\u00a0\u00a0\u00a0\u00a0\u00a0\u00a0\u00a0 Te dejo hasta la pr\u00f3xima, que abundar\u00e1 en este tema del reparto desigual y alucinante de los bienes materiales, intelectuales, morales, espirituales, etc\u00e9tera.<\/p>\t\t\t\t\t\t<\/div>\n\t\t\t\t<\/div>\n\t\t\t\t\t<\/div>\n\t\t<\/div>\n\t\t\t\t\t<\/div>\n\t\t<\/section>\n\t\t\t\t<section class=\"elementor-section elementor-top-section elementor-element elementor-element-7nkw8rj elementor-section-boxed elementor-section-height-default elementor-section-height-default\" data-id=\"7nkw8rj\" data-element_type=\"section\">\n\t\t\t\t\t\t<div class=\"elementor-container elementor-column-gap-default\">\n\t\t\t\t\t<div class=\"elementor-column elementor-col-100 elementor-top-column elementor-element elementor-element-agkmc34\" data-id=\"agkmc34\" data-element_type=\"column\">\n\t\t\t<div class=\"elementor-widget-wrap elementor-element-populated\">\n\t\t\t\t\t\t<div class=\"elementor-element elementor-element-y0pahas elementor-widget elementor-widget-heading\" data-id=\"y0pahas\" data-element_type=\"widget\" data-widget_type=\"heading.default\">\n\t\t\t\t<div class=\"elementor-widget-container\">\n\t\t\t<h2 class=\"elementor-heading-title elementor-size-default\">Ep\u00edstola Sexta (Del mismo tema de la quinta pero referido solo a los bienes espirituales)<\/h2>\t\t<\/div>\n\t\t\t\t<\/div>\n\t\t\t\t\t<\/div>\n\t\t<\/div>\n\t\t\t\t\t<\/div>\n\t\t<\/section>\n\t\t\t\t<section class=\"elementor-section elementor-top-section elementor-element elementor-element-dtlyn11 elementor-section-boxed elementor-section-height-default elementor-section-height-default\" data-id=\"dtlyn11\" data-element_type=\"section\">\n\t\t\t\t\t\t<div class=\"elementor-container elementor-column-gap-default\">\n\t\t\t\t\t<div class=\"elementor-column elementor-col-100 elementor-top-column elementor-element elementor-element-70fzntd\" data-id=\"70fzntd\" data-element_type=\"column\">\n\t\t\t<div class=\"elementor-widget-wrap elementor-element-populated\">\n\t\t\t\t\t\t<div class=\"elementor-element elementor-element-rgfv451 elementor-widget elementor-widget-text-editor\" data-id=\"rgfv451\" data-element_type=\"widget\" data-widget_type=\"text-editor.default\">\n\t\t\t\t<div class=\"elementor-widget-container\">\n\t\t\t\t\t\t\t<p>Si ya era gordo que en el campo de los bienes materiales, unos pocos naden en la m\u00e1s op\u00edpara de las abundancias y que la mayor\u00eda est\u00e9n m\u00e1s tiesos que la varilla de un cohete, no queda mejor parada tu dejadez constructiva en el tema del reparto de las neuronas y los bulbos raqu\u00eddeos. Que u nos sean capaces de emocionarse con Brahms y otros s\u00f3lo sean capaces de hacerlo con Julio Iglesias es una prueba del nefasto nivel del personaje o del equipo en quien confiaste para semejante empresa.<br \/>\u00a0\u00a0\u00a0\u00a0\u00a0\u00a0\u00a0\u00a0\u00a0\u00a0\u00a0\u00a0\u00a0\u00a0\u00a0\u00a0\u00a0\u00a0\u00a0\u00a0\u00a0\u00a0\u00a0\u00a0\u00a0\u00a0\u00a0\u00a0\u00a0\u00a0\u00a0\u00a0\u00a0\u00a0 No es de recibo, no, que unos hayan sido premiados con el tesoro de una sensibilidad fina y enriquecedora, que s\u00f3lo se conforma con los grandes men\u00fas est\u00e9ticos y que otros se conformen con un grado tal de vulgaridad que podr\u00eda ser compartido perfectamente por el m\u00e1s ingenuo de los primates. Esto de la tosquedad y la ordinariez es algo bien grave, pues para una vez que se vive, no es lo mismo pasar por este precioso (por breve y ef\u00edmero) trance vital apreciando lo que nos ennoblece que berreando por lo que nos convierte en aut\u00e9nticos energ\u00famenos.<br \/>Que no tiene l\u00f3gica que muchos no vean m\u00e1s all\u00e1 de un cent\u00edmetro de su nariz, como si el mundo terminara m\u00e1s ac\u00e1 de donde es capaz de llegar su mano. Que no stengan la m\u00e1s m\u00ednima aptitud para ponerse en otro lugar que no sea su miserable pellejo. Y que no es justo que semejantes sujetos se aprovechen de la grandeza de los que no entienden la vida m\u00e1s que como un ejercicio de comprensi\u00f3n y de generosidad. <br \/>\u00a0\u00a0\u00a0\u00a0\u00a0\u00a0\u00a0\u00a0\u00a0\u00a0\u00a0\u00a0\u00a0\u00a0\u00a0\u00a0\u00a0\u00a0\u00a0\u00a0\u00a0\u00a0\u00a0\u00a0\u00a0\u00a0\u00a0\u00a0\u00a0\u00a0\u00a0 \u00bfY la raz\u00f3n? \u00a1Qu\u00e9 tema m\u00e1s peliagudo! Te\u00f3ricamente, su uso es lo que nos diferencia del resto de los animales y, sin embargo, \u00bfen qu\u00e9 queda cuando nos enfrentamos a diario con el duro ejercicio de vivir? \u00bfCu\u00e1ntas decisiones tomamos los animales racionales guiados por nuestra m\u00e1s se\u00f1era y diferenciadora condici\u00f3n racional? Demos un peque\u00f1o repaso a lo que habitualmente hacemos y nos bastar\u00e1 para comprobar que, la gran mayor\u00eda de las veces, nuestros consejeros primordiales son la sinraz\u00f3n, el sentimiento, la costumbre, la nostalgia, la envidia, la ira, el desprecio, la venganza, el amor, la pasi\u00f3n&#8230;virtudes, como es natural, muy alejadas de las que cabr\u00eda esperar de un uso razonable de la raz\u00f3n.<br \/>\u00a0\u00a0\u00a0\u00a0\u00a0\u00a0\u00a0\u00a0\u00a0\u00a0\u00a0\u00a0\u00a0\u00a0\u00a0\u00a0\u00a0\u00a0\u00a0\u00a0\u00a0\u00a0\u00a0\u00a0\u00a0\u00a0\u00a0\u00a0\u00a0\u00a0 Pero as\u00ed somos los seres humanos dise\u00f1ados por Ti o por aqu\u00e9l a quien encargaste semejante y dura tarea. Somos as\u00ed y as\u00ed nos aceptamos e, incluso, nos queremos, pero, tal vez, no ser\u00eda demasiado atrevido reprocharte que no nos hayas enfocado de otra manera menos parad\u00f3jica y complicada.<br \/>\u00a0\u00a0\u00a0\u00a0\u00a0\u00a0\u00a0\u00a0\u00a0\u00a0\u00a0\u00a0\u00a0\u00a0\u00a0\u00a0\u00a0\u00a0\u00a0\u00a0\u00a0\u00a0\u00a0\u00a0\u00a0\u00a0\u00a0\u00a0\u00a0\u00a0 En fin, aqu\u00ed seguir\u00e9 plante\u00e1ndote dudas y reproches desde este rinc\u00f3n de mis ep\u00edstolas que, espero, te sirvan para mejorar futuras creaciones. Que hasta a Dios, y sobre todo a \u00c9l, hay que decirles las cosas claras. Con educaci\u00f3n, pero con valent\u00eda.<\/p>\t\t\t\t\t\t<\/div>\n\t\t\t\t<\/div>\n\t\t\t\t<div class=\"elementor-element elementor-element-bb4a449 elementor-widget elementor-widget-heading\" data-id=\"bb4a449\" data-element_type=\"widget\" data-widget_type=\"heading.default\">\n\t\t\t\t<div class=\"elementor-widget-container\">\n\t\t\t<h2 class=\"elementor-heading-title elementor-size-default\">Ep\u00edstola Sexta (Del mismo tema de la quinta pero referido solo a los bienes espirituales)<\/h2>\t\t<\/div>\n\t\t\t\t<\/div>\n\t\t\t\t<div class=\"elementor-element elementor-element-4d5260f elementor-widget elementor-widget-text-editor\" data-id=\"4d5260f\" data-element_type=\"widget\" data-widget_type=\"text-editor.default\">\n\t\t\t\t<div class=\"elementor-widget-container\">\n\t\t\t\t\t\t\t<p>Si ya era gordo que en el campo de los bienes materiales, unos pocos naden en la m\u00e1s op\u00edpara de las abundancias y que la mayor\u00eda est\u00e9n m\u00e1s tiesos que la varilla de un cohete, no queda mejor parada tu dejadez constructiva en el tema del reparto de las neuronas y los bulbos raqu\u00eddeos. Que u nos sean capaces de emocionarse con Brahms y otros s\u00f3lo sean capaces de hacerlo con Julio Iglesias es una prueba del nefasto nivel del personaje o del equipo en quien confiaste para semejante empresa.<br \/>\u00a0\u00a0\u00a0\u00a0\u00a0\u00a0\u00a0\u00a0\u00a0\u00a0\u00a0\u00a0\u00a0\u00a0\u00a0\u00a0\u00a0\u00a0\u00a0\u00a0\u00a0\u00a0\u00a0\u00a0\u00a0\u00a0\u00a0\u00a0\u00a0\u00a0\u00a0\u00a0\u00a0\u00a0 No es de recibo, no, que unos hayan sido premiados con el tesoro de una sensibilidad fina y enriquecedora, que s\u00f3lo se conforma con los grandes men\u00fas est\u00e9ticos y que otros se conformen con un grado tal de vulgaridad que podr\u00eda ser compartido perfectamente por el m\u00e1s ingenuo de los primates. Esto de la tosquedad y la ordinariez es algo bien grave, pues para una vez que se vive, no es lo mismo pasar por este precioso (por breve y ef\u00edmero) trance vital apreciando lo que nos ennoblece que berreando por lo que nos convierte en aut\u00e9nticos energ\u00famenos.<br \/>Que no tiene l\u00f3gica que muchos no vean m\u00e1s all\u00e1 de un cent\u00edmetro de su nariz, como si el mundo terminara m\u00e1s ac\u00e1 de donde es capaz de llegar su mano. Que no stengan la m\u00e1s m\u00ednima aptitud para ponerse en otro lugar que no sea su miserable pellejo. Y que no es justo que semejantes sujetos se aprovechen de la grandeza de los que no entienden la vida m\u00e1s que como un ejercicio de comprensi\u00f3n y de generosidad. <br \/>\u00a0\u00a0\u00a0\u00a0\u00a0\u00a0\u00a0\u00a0\u00a0\u00a0\u00a0\u00a0\u00a0\u00a0\u00a0\u00a0\u00a0\u00a0\u00a0\u00a0\u00a0\u00a0\u00a0\u00a0\u00a0\u00a0\u00a0\u00a0\u00a0\u00a0\u00a0 \u00bfY la raz\u00f3n? \u00a1Qu\u00e9 tema m\u00e1s peliagudo! Te\u00f3ricamente, su uso es lo que nos diferencia del resto de los animales y, sin embargo, \u00bfen qu\u00e9 queda cuando nos enfrentamos a diario con el duro ejercicio de vivir? \u00bfCu\u00e1ntas decisiones tomamos los animales racionales guiados por nuestra m\u00e1s se\u00f1era y diferenciadora condici\u00f3n racional? Demos un peque\u00f1o repaso a lo que habitualmente hacemos y nos bastar\u00e1 para comprobar que, la gran mayor\u00eda de las veces, nuestros consejeros primordiales son la sinraz\u00f3n, el sentimiento, la costumbre, la nostalgia, la envidia, la ira, el desprecio, la venganza, el amor, la pasi\u00f3n&#8230;virtudes, como es natural, muy alejadas de las que cabr\u00eda esperar de un uso razonable de la raz\u00f3n.<br \/>\u00a0\u00a0\u00a0\u00a0\u00a0\u00a0\u00a0\u00a0\u00a0\u00a0\u00a0\u00a0\u00a0\u00a0\u00a0\u00a0\u00a0\u00a0\u00a0\u00a0\u00a0\u00a0\u00a0\u00a0\u00a0\u00a0\u00a0\u00a0\u00a0\u00a0 Pero as\u00ed somos los seres humanos dise\u00f1ados por Ti o por aqu\u00e9l a quien encargaste semejante y dura tarea. Somos as\u00ed y as\u00ed nos aceptamos e, incluso, nos queremos, pero, tal vez, no ser\u00eda demasiado atrevido reprocharte que no nos hayas enfocado de otra manera menos parad\u00f3jica y complicada.<br \/>\u00a0\u00a0\u00a0\u00a0\u00a0\u00a0\u00a0\u00a0\u00a0\u00a0\u00a0\u00a0\u00a0\u00a0\u00a0\u00a0\u00a0\u00a0\u00a0\u00a0\u00a0\u00a0\u00a0\u00a0\u00a0\u00a0\u00a0\u00a0\u00a0\u00a0 En fin, aqu\u00ed seguir\u00e9 plante\u00e1ndote dudas y reproches desde este rinc\u00f3n de mis ep\u00edstolas que, espero, te sirvan para mejorar futuras creaciones. Que hasta a Dios, y sobre todo a \u00c9l, hay que decirles las cosas claras. Con educaci\u00f3n, pero con valent\u00eda.<\/p>\t\t\t\t\t\t<\/div>\n\t\t\t\t<\/div>\n\t\t\t\t\t<\/div>\n\t\t<\/div>\n\t\t\t\t\t<\/div>\n\t\t<\/section>\n\t\t\t\t<section class=\"elementor-section elementor-top-section elementor-element elementor-element-snfzfj3 elementor-section-boxed elementor-section-height-default elementor-section-height-default\" data-id=\"snfzfj3\" data-element_type=\"section\">\n\t\t\t\t\t\t<div class=\"elementor-container elementor-column-gap-default\">\n\t\t\t\t\t<div class=\"elementor-column elementor-col-100 elementor-top-column elementor-element elementor-element-4s2921y\" data-id=\"4s2921y\" data-element_type=\"column\">\n\t\t\t<div class=\"elementor-widget-wrap elementor-element-populated\">\n\t\t\t\t\t\t<div class=\"elementor-element elementor-element-3z74181 elementor-widget elementor-widget-heading\" data-id=\"3z74181\" data-element_type=\"widget\" data-widget_type=\"heading.default\">\n\t\t\t\t<div class=\"elementor-widget-container\">\n\t\t\t<h2 class=\"elementor-heading-title elementor-size-default\">Ep\u00edstola s\u00e9ptima (De tus inistros: tema \u00e1rduo y dif\u00edcil)<\/h2>\t\t<\/div>\n\t\t\t\t<\/div>\n\t\t\t\t\t<\/div>\n\t\t<\/div>\n\t\t\t\t\t<\/div>\n\t\t<\/section>\n\t\t\t\t<section class=\"elementor-section elementor-top-section elementor-element elementor-element-ly41pem elementor-section-boxed elementor-section-height-default elementor-section-height-default\" data-id=\"ly41pem\" data-element_type=\"section\">\n\t\t\t\t\t\t<div class=\"elementor-container elementor-column-gap-default\">\n\t\t\t\t\t<div class=\"elementor-column elementor-col-100 elementor-top-column elementor-element elementor-element-9r02xb5\" data-id=\"9r02xb5\" data-element_type=\"column\">\n\t\t\t<div class=\"elementor-widget-wrap elementor-element-populated\">\n\t\t\t\t\t\t<div class=\"elementor-element elementor-element-8dmra8u elementor-widget elementor-widget-text-editor\" data-id=\"8dmra8u\" data-element_type=\"widget\" data-widget_type=\"text-editor.default\">\n\t\t\t\t<div class=\"elementor-widget-container\">\n\t\t\t\t\t\t\t<p>Entro en un cap\u00edtulo duro de pelar, que, sin duda, me llevar\u00e1 varias ep\u00edstolas, mas estoy convencido de\u00a0 que, igual que las dem\u00e1s, ser\u00e1n bien recibidas por Tu suprema comprensi\u00f3n e inteligencia.<br \/>\u00a0\u00a0\u00a0\u00a0\u00a0\u00a0\u00a0\u00a0\u00a0\u00a0\u00a0\u00a0\u00a0\u00a0\u00a0\u00a0\u00a0\u00a0\u00a0\u00a0\u00a0 No te escribo desde el despecho ni desde el odio, sino desde la sincera preocupaci\u00f3n de alguien que conoce el contexto en el que se mueven tus ministros y que, durante una buena parte de su infancia y juventud, fue educado por ellos; a la mayor\u00eda de los cuales, profeso verdadero aprecio y agradecimiento. No hay pues acritud en lo que quiero exponerte, pero s\u00ed rabia y mucho desconsuelo por tanta conducta impropia y lamentable, por tanto testimonio inexistente, por tanta actitud deplorable y desintegradora.<br \/>\u00a0\u00a0\u00a0\u00a0\u00a0\u00a0\u00a0\u00a0\u00a0\u00a0\u00a0\u00a0\u00a0\u00a0\u00a0\u00a0\u00a0\u00a0\u00a0\u00a0\u00a0\u00a0 Pero hay un dato m\u00e1s que me obliga a ser a\u00fan m\u00e1s indulgente, y no es otro que la condici\u00f3n humana de tus ministros, tan humana como la del resto de los mortales y tan liviana condici\u00f3n como la del com\u00fan de nuestra especie. No son \u00e1ngeles tus ministros, ya lo s\u00e9 y, seguramente, no hubiera sido mala idea por tu parte, haberlos elegido de esa naturaleza, pero no fue as\u00ed y hay que aceptarlo; tal vez lo hiciste de esta manera para que todos nos sinti\u00e9ramos m\u00e1s due\u00f1os de nuestros propios asuntos, lo cual no podr\u00eda ocurrir si nuestro gobierno espiritual estuviera en manos de seres celestiales.<br \/>\u00a0\u00a0\u00a0\u00a0\u00a0\u00a0\u00a0\u00a0\u00a0\u00a0\u00a0\u00a0\u00a0\u00a0\u00a0\u00a0\u00a0\u00a0\u00a0\u00a0\u00a0 De manera que te escribo desde la comprensi\u00f3n y desde el elegido clima de buen humor con el que vengo plante\u00e1ndote estos espinosos temas desde la primera ep\u00edstola. Nuestra condici\u00f3n precaria y mortal ya es suficientemente dram\u00e1tica como para que, encima, nos pongamos tr\u00e1gicos, empleando un tono lastimero y quejumbroso. Para eso ya est\u00e1n los pol\u00edticos de la oposici\u00f3n, de cualquier oposici\u00f3n.<br \/>\u00a0\u00a0\u00a0\u00a0\u00a0\u00a0\u00a0\u00a0\u00a0\u00a0\u00a0\u00a0\u00a0\u00a0\u00a0\u00a0\u00a0\u00a0\u00a0\u00a0\u00a0 De manera que queda claro de qu\u00e9 te voy a hablar y en qu\u00e9 tono quiero hacerlo. Soy amigo de unos cuantos sacerdotes, otros cuantos de ellos condujeron mis primeros pasos intelectuales,\u00a0 morales y tambi\u00e9n religiosos y conozco por datos directos el valor encomiable y el trabajo abnegado y sincero de otros tales, mas el tono general del magisterio no deja por ello de ser preocupante. Y a ese sacerdote medio es al que dirijo mis reproches, sabedor, sin duda alguna, de que, por encima y por debajo, tambi\u00e9n hay en este ministerio, santos y demonios, que son una constante a lo largo de la historia y en todos los lugares. <br \/>\u00a0\u00a0\u00a0\u00a0\u00a0\u00a0\u00a0\u00a0\u00a0\u00a0\u00a0\u00a0\u00a0\u00a0\u00a0\u00a0\u00a0\u00a0\u00a0\u00a0 Empezaremos por Tus ministros y, m\u00e1s adelante, dedicar\u00e9 unas cuantas misivas a la Iglesia como instituci\u00f3n, y ah\u00ed, es probable, que, pese a mi firme voluntad, tenga que perder hasta el sentido del humor, ese que debe ser siempre el \u00faltimo sentido en perderse.<\/p>\t\t\t\t\t\t<\/div>\n\t\t\t\t<\/div>\n\t\t\t\t<div class=\"elementor-element elementor-element-b168c5b elementor-widget elementor-widget-heading\" data-id=\"b168c5b\" data-element_type=\"widget\" data-widget_type=\"heading.default\">\n\t\t\t\t<div class=\"elementor-widget-container\">\n\t\t\t<h2 class=\"elementor-heading-title elementor-size-default\">Ep\u00edstola s\u00e9ptima (De tus inistros: tema \u00e1rduo y dif\u00edcil)<\/h2>\t\t<\/div>\n\t\t\t\t<\/div>\n\t\t\t\t<div class=\"elementor-element elementor-element-e1315f6 elementor-widget elementor-widget-text-editor\" data-id=\"e1315f6\" data-element_type=\"widget\" data-widget_type=\"text-editor.default\">\n\t\t\t\t<div class=\"elementor-widget-container\">\n\t\t\t\t\t\t\t<p>Entro en un cap\u00edtulo duro de pelar, que, sin duda, me llevar\u00e1 varias ep\u00edstolas, mas estoy convencido de\u00a0 que, igual que las dem\u00e1s, ser\u00e1n bien recibidas por Tu suprema comprensi\u00f3n e inteligencia.<br \/>\u00a0\u00a0\u00a0\u00a0\u00a0\u00a0\u00a0\u00a0\u00a0\u00a0\u00a0\u00a0\u00a0\u00a0\u00a0\u00a0\u00a0\u00a0\u00a0\u00a0\u00a0 No te escribo desde el despecho ni desde el odio, sino desde la sincera preocupaci\u00f3n de alguien que conoce el contexto en el que se mueven tus ministros y que, durante una buena parte de su infancia y juventud, fue educado por ellos; a la mayor\u00eda de los cuales, profeso verdadero aprecio y agradecimiento. No hay pues acritud en lo que quiero exponerte, pero s\u00ed rabia y mucho desconsuelo por tanta conducta impropia y lamentable, por tanto testimonio inexistente, por tanta actitud deplorable y desintegradora.<br \/>\u00a0\u00a0\u00a0\u00a0\u00a0\u00a0\u00a0\u00a0\u00a0\u00a0\u00a0\u00a0\u00a0\u00a0\u00a0\u00a0\u00a0\u00a0\u00a0\u00a0\u00a0\u00a0 Pero hay un dato m\u00e1s que me obliga a ser a\u00fan m\u00e1s indulgente, y no es otro que la condici\u00f3n humana de tus ministros, tan humana como la del resto de los mortales y tan liviana condici\u00f3n como la del com\u00fan de nuestra especie. No son \u00e1ngeles tus ministros, ya lo s\u00e9 y, seguramente, no hubiera sido mala idea por tu parte, haberlos elegido de esa naturaleza, pero no fue as\u00ed y hay que aceptarlo; tal vez lo hiciste de esta manera para que todos nos sinti\u00e9ramos m\u00e1s due\u00f1os de nuestros propios asuntos, lo cual no podr\u00eda ocurrir si nuestro gobierno espiritual estuviera en manos de seres celestiales.<br \/>\u00a0\u00a0\u00a0\u00a0\u00a0\u00a0\u00a0\u00a0\u00a0\u00a0\u00a0\u00a0\u00a0\u00a0\u00a0\u00a0\u00a0\u00a0\u00a0\u00a0\u00a0 De manera que te escribo desde la comprensi\u00f3n y desde el elegido clima de buen humor con el que vengo plante\u00e1ndote estos espinosos temas desde la primera ep\u00edstola. Nuestra condici\u00f3n precaria y mortal ya es suficientemente dram\u00e1tica como para que, encima, nos pongamos tr\u00e1gicos, empleando un tono lastimero y quejumbroso. Para eso ya est\u00e1n los pol\u00edticos de la oposici\u00f3n, de cualquier oposici\u00f3n.<br \/>\u00a0\u00a0\u00a0\u00a0\u00a0\u00a0\u00a0\u00a0\u00a0\u00a0\u00a0\u00a0\u00a0\u00a0\u00a0\u00a0\u00a0\u00a0\u00a0\u00a0\u00a0 De manera que queda claro de qu\u00e9 te voy a hablar y en qu\u00e9 tono quiero hacerlo. Soy amigo de unos cuantos sacerdotes, otros cuantos de ellos condujeron mis primeros pasos intelectuales,\u00a0 morales y tambi\u00e9n religiosos y conozco por datos directos el valor encomiable y el trabajo abnegado y sincero de otros tales, mas el tono general del magisterio no deja por ello de ser preocupante. Y a ese sacerdote medio es al que dirijo mis reproches, sabedor, sin duda alguna, de que, por encima y por debajo, tambi\u00e9n hay en este ministerio, santos y demonios, que son una constante a lo largo de la historia y en todos los lugares. <br \/>\u00a0\u00a0\u00a0\u00a0\u00a0\u00a0\u00a0\u00a0\u00a0\u00a0\u00a0\u00a0\u00a0\u00a0\u00a0\u00a0\u00a0\u00a0\u00a0\u00a0 Empezaremos por Tus ministros y, m\u00e1s adelante, dedicar\u00e9 unas cuantas misivas a la Iglesia como instituci\u00f3n, y ah\u00ed, es probable, que, pese a mi firme voluntad, tenga que perder hasta el sentido del humor, ese que debe ser siempre el \u00faltimo sentido en perderse.<\/p>\t\t\t\t\t\t<\/div>\n\t\t\t\t<\/div>\n\t\t\t\t\t<\/div>\n\t\t<\/div>\n\t\t\t\t\t<\/div>\n\t\t<\/section>\n\t\t\t\t<\/div>\n\t\t","protected":false},"excerpt":{"rendered":"<p>Cartas osadas y atrevidas al Creador Debajo de cada carta, coloco una versi\u00f3n m\u00e1s legible, pero como van dirigidas a quien van, me pareci\u00f3 oprotuno dejar esta versi\u00f3n caligr\u00e1fica tan elegante. Pr\u00f3logo (De c\u00f3mo y por qu\u00e9 surge este osado atrevimiento) Querido y Temido Creador:Llevo mucho tiempo d\u00e1ndole vueltas a un tema que me obsesiona [&hellip;]<\/p>\n","protected":false},"author":1,"featured_media":0,"parent":0,"menu_order":0,"comment_status":"closed","ping_status":"closed","template":"","meta":{"_aioseop_title":"","_aioseop_description":"","ngg_post_thumbnail":0,"footnotes":""},"_links":{"self":[{"href":"http:\/\/www.josemariatornay.com\/index.php\/wp-json\/wp\/v2\/pages\/7740"}],"collection":[{"href":"http:\/\/www.josemariatornay.com\/index.php\/wp-json\/wp\/v2\/pages"}],"about":[{"href":"http:\/\/www.josemariatornay.com\/index.php\/wp-json\/wp\/v2\/types\/page"}],"author":[{"embeddable":true,"href":"http:\/\/www.josemariatornay.com\/index.php\/wp-json\/wp\/v2\/users\/1"}],"replies":[{"embeddable":true,"href":"http:\/\/www.josemariatornay.com\/index.php\/wp-json\/wp\/v2\/comments?post=7740"}],"version-history":[{"count":0,"href":"http:\/\/www.josemariatornay.com\/index.php\/wp-json\/wp\/v2\/pages\/7740\/revisions"}],"wp:attachment":[{"href":"http:\/\/www.josemariatornay.com\/index.php\/wp-json\/wp\/v2\/media?parent=7740"}],"curies":[{"name":"wp","href":"https:\/\/api.w.org\/{rel}","templated":true}]}}