{"id":7752,"date":"2016-11-28T19:58:01","date_gmt":"2016-11-28T18:58:01","guid":{"rendered":"http:\/\/www.josemariatornay.com\/?page_id=7752"},"modified":"2017-01-27T11:50:37","modified_gmt":"2017-01-27T10:50:37","slug":"cicerone-y-trovador-casas-y-museos","status":"publish","type":"page","link":"http:\/\/www.josemariatornay.com\/index.php\/cicerone-y-trovador-casas-y-museos\/","title":{"rendered":"Cicerone y Trovador: Casas y Museos 2"},"content":{"rendered":"<div class=\"art-content-layout\">\n<div class=\"art-content-layout-row\">\n<div class=\"art-layout-cell\" style=\"width: 25%\" >\n<p style=\"text-align: center;\"><img decoding=\"async\" width=\"87\" height=\"90\" alt=\"\" class=\"art-lightbox\" src=\"http:\/\/jmtornay.esy.es\/wp-content\/uploads\/2016\/11\/J.M\u00aaTornay-6.jpg\"><\/p>\n<\/p><\/div>\n<div class=\"art-layout-cell\" style=\"width: 50%\" >\n<p style=\"text-align: center;\"><span style=\"text-align: center; -webkit-border-horizontal-spacing: 2px; -webkit-border-vertical-spacing: 2px;\"><span style=\"font-size: 26px;\">EL CICERONE Y EL TROVADOR<\/span><\/p>\n<p><span style=\"font-size: 16px;\">Un paseo embriagador por nuestra RONDA, de ahora y de siempre<\/span><\/span><\/p>\n<\/p><\/div>\n<div class=\"art-layout-cell\" style=\"width: 25%\" >\n<p style=\"text-align: center;\"><img decoding=\"async\" width=\"100\" height=\"84\" alt=\"\" class=\"art-lightbox\" src=\"http:\/\/jmtornay.esy.es\/wp-content\/uploads\/2016\/11\/ortega-7.jpg\"><\/p>\n<\/p><\/div>\n<\/p><\/div>\n<\/div>\n<div class=\"art-content-layout\">\n<div class=\"art-content-layout-row\">\n<div class=\"art-layout-cell\" style=\"width: 100%\" >\n<p style=\"text-align: center;\"><span style=\"font-size: 20px;\">CASA DEL GIGANTE<\/span><\/p>\n<\/p><\/div>\n<\/p><\/div>\n<\/div>\n<div class=\"art-content-layout\">\n<div class=\"art-content-layout-row\">\n<div class=\"art-layout-cell\" style=\"width: 33%\" >\n        El Museo de la Casa del Gigante, situado frente al Palacio de los Marqueses de Moctezuma, en la Plaza de su mismo nombre, era antiguamente la Casa de los G\u00f3mez de las Cortinas, familia noble de Ronda que particip\u00f3 en la reconquista de la Ciudad y que ten\u00edan varias viviendas en la misma, una de ellas \u00e9sta, ahora Museo.\u2028<br \/>La casa, de origen \u00e1rabe, conserva en su interior un sal\u00f3n que estaba a la entrada de la misma y en el que se pueden ver una serie de estucados \u00e1rabes bastante bien conservados y un artesonado en Madera, de estilo mud\u00e9jar, recuperado en la actualidad. Es la \u00fanica casa en Ronda en la que se conservan estos restos de origen totalmente \u00e1rabe.<br \/>La casa ha estado abandonada durante una buena parte del siglo XX, ya que \u00e9sta familia viv\u00eda habitualmente en la que tienen al lado de la Puerta de la Ecijara, aunque realmente su residencia la tiene D. Mariano G\u00f3mez de las Cortinas en Granada; la casa de Ronda se la ha cuidado tradicionalmente la Familia Sede\u00f1o Lara, m\u00e1s conocida en Ronda por los \u201cPepe m\u00edo\u201d.\u2028<br \/>La Plaza del Gigante llevaba, antiguamente, el nombre de los Marqueses de Moctezuma, pero cuando las aguas de lluvia que bajaban por la calle de San Francisco, a veces en forma de riada, pusieron al descubierto la figura de un H\u00e9rcules de piedra berroque\u00f1a del siglo VII a.C. (lo que se ha investigado hace pocas fechas por un equipo de arque\u00f3logos de Madrid), D. Pedro Guerrero de Escalante, antiguo propietario, mand\u00f3 poner en la esquina izquierda de su casa la citada figura, y el pueblo le empez\u00f3 a llamar Casa del Gigante, por las dimensiones de la figura, y posteriormente Plaza del Gigante, que es el nombre que conserva en la actualidad.\u2028<br \/>Una vez expropiada la Casa por el Ayuntamiento, ha sido restaurada y abierta al p\u00fablico, hace dos a\u00f1os, como Museo. En \u00e9l se encuentran principalmente restos de vasijas de la \u00e9poca \u00e1rabe y una colecci\u00f3n El Museo de la Casa del Gigante, situado frente al Palacio de los Marqueses de Moctezuma, en la Plaza de su mismo nombre, era antiguamente la Casa de los G\u00f3mez de las Cortinas, familia noble de Ronda que particip\u00f3 en la reconquista de la Ciudad y que ten\u00edan varias viviendas en la misma, una de ellas \u00e9sta, ahora Museo.\u2028importante de la arqueolog\u00eda \u00e1ra\n    <\/div>\n<div class=\"art-layout-cell\" style=\"width: 34%\" >\n<p style=\"text-align: center;\"><img fetchpriority=\"high\" decoding=\"async\" width=\"286\" height=\"382\" alt=\"\" class=\"art-lightbox\" src=\"http:\/\/jmtornay.esy.es\/wp-content\/uploads\/2016\/11\/3-18.jpg\"><\/p>\n<p style=\"text-align: center;\">Sarc\u00f3fagos, estucados,<br \/>en la Casa del Gigante,<br \/>restos de un tiempo perdido,<br \/>de las grandezas de antes.<br \/>Ayer moros la moraron<br \/>con sus lujos deslumbrantes;<br \/>Casa que no es una casa,<br \/>gigante que no es gigante.<\/p>\n<p style=\"text-align: center;\"><img loading=\"lazy\" decoding=\"async\" width=\"288\" height=\"216\" alt=\"\" class=\"art-lightbox\" src=\"http:\/\/jmtornay.esy.es\/wp-content\/uploads\/2016\/11\/1-19.jpg\"><\/p>\n<\/p><\/div>\n<div class=\"art-layout-cell\" style=\"width: 33%\" >\n        <br \/>La casa, de origen \u00e1rabe, conserva en su interior un sal\u00f3n que estaba a la entrada de la misma y en el que se pueden ver una serie de estucados \u00e1rabes bastante bien conservados y un artesonado en Madera, de estilo mud\u00e9jar, recuperado en la actualidad. Es la \u00fanica casa en Ronda en la que se conservan estos restos de origen totalmente \u00e1rabe.<br \/>La casa ha estado abandonada durante una buena parte del siglo XX, ya que \u00e9sta familia viv\u00eda habitualmente en la que tienen al lado de la Puerta de la Ecijara, aunque realmente su residencia la tiene D. Mariano G\u00f3mez de las Cortinas en Granada; la casa de Ronda se la ha cuidado tradicionalmente la Familia Sede\u00f1o Lara, m\u00e1s conocida en Ronda por los \u201cPepe m\u00edo\u201d.\u2028<br \/>La Plaza del Gigante llevaba, antiguamente, el nombre de los Marqueses de Moctezuma, pero cuando las aguas de lluvia que bajaban por la calle de San Francisco, a veces en forma de riada, pusieron al descubierto la figura de un H\u00e9rcules de piedra berroque\u00f1a del siglo VII a.C. (lo que se ha investigado hace pocas fechas por un equipo de arque\u00f3logos de Madrid), D. Pedro Guerrero de Escalante, antiguo propietario, mand\u00f3 poner en la esquina izquierda de su casa la citada figura, y el pueblo le empez\u00f3 a llamar Casa del Gigante, por las dimensiones de la figura, y posteriormente Plaza del Gigante, que es el nombre que conserva en la actualidad.\u2028<br \/>Una vez expropiada la Casa por el Ayuntamiento, ha sido restaurada y abierta al p\u00fablico, hace dos a\u00f1os, como Museo. En \u00e9l se encuentran principalmente restos de vasijas de la \u00e9poca \u00e1rabe y una colecci\u00f3n importante de la arqueolog\u00eda \u00e1rabe.\u2028La figura se sustituy\u00f3 por una copia, y el original se expone, actualmente, en el Museo, como la pieza m\u00e1s importante del mismo.\u2028Se hizo una restauraci\u00f3n del artesonadoy tambi\u00e9n de la decoraci\u00f3n en estuco del sal\u00f3n principal y de otros que se han encontrado en la casa. Hay una muestra de artesonado antiguo, de igual forma expuesto como pieza de museo. En la casa se encontraron unos recipientes en forma de sarc\u00f3fagos, que se suponen de la \u00e9poca romana y que se encuentran expuestos. Con esta restauraci\u00f3n se ha recuperado uno de los edificios m\u00e1s importantes que Ronda tiene de la civilizaci\u00f3n musulmana. Ha sido otro de los Buenos trabajos de recuperaci\u00f3n que la municipalidad ha llevado a cabo.\n    <\/div>\n<\/p><\/div>\n<\/div>\n<div class=\"art-content-layout\">\n<div class=\"art-content-layout-row\">\n<div class=\"art-layout-cell\" style=\"width: 100%\" >\n<p style=\"text-align: center;\"><span style=\"font-size: 20px;\">CASA DE LOS HERN\u00c1NDEZ<\/span><\/p>\n<\/p><\/div>\n<\/p><\/div>\n<\/div>\n<div class=\"art-content-layout\">\n<div class=\"art-content-layout-row\">\n<div class=\"art-layout-cell\" style=\"width: 33%\" >\n        Justo por encima de la casa de vecinos donde yo naciera, en el n\u00famero 2 de la calle Santo Domingo, han vivido tradicionalmente los Hern\u00e1ndez.\u2028Ya hablamos de la Duquesa de Parcent en varios lugares de este libro y de la importancia que esta se\u00f1ora tuvo con su aportaci\u00f3n a las artesan\u00edas de Ronda. Ella, que era una inquieta y que adem\u00e1s quer\u00eda terminar de decorar su casa, trajo de Castilla a un buen n\u00famero de artesanos; con ellos termin\u00f3 su casa, hoy conocida como del Rey Moro, aunque la vivienda es muy moderna y nunca vivi\u00f3 en ella ning\u00fan Rey tal, pero esa es una historia que ya contamos en su lugar.\u2028<br \/>Ella, la Duquesa, trajo ebanistas, carpinteros, tallistas, tejedores, jardineros, bordadores, etc. Entre los tallistas se encontraba el padre de los hermanos Hern\u00e1ndez, Juan, Manolo y Antonio. A aqu\u00e9l le encarga la Duquesa la decoraci\u00f3n de su casa con artesonados, escaleras, puertas, muebles, etcetera, que a\u00fan hoy se mantienen a pesar de la ruina en la que se encuentra.\u2028<br \/>La duquesa le busc\u00f3 hospedaje a esta familia cerca de su casa, en distintas ubicaciones; se trataba de casas que ella le alquilaba a esta familia, hasta que encontraron una que hab\u00eda al comienzo de la calle, una casa amplia, con un hermoso patio de columnas, habitaciones abajo, que Hern\u00e1ndez padre, convirti\u00f3 enseguida en taller de carpinter\u00eda, talla, ebanister\u00eda y pintura. La parte alta la reserv\u00f3 para las habitaciones de su familia. Pasado el tiempo, los hijos la heredaron y en ella han vivido tradicionalmente.<br \/>Principalmente, Manolo y Juan, han sido los dos grandes artistas de la ebanister\u00eda y la talla y la pintura; de sus manos han salido algunas, maravillosas, para familias de Ronda y muebles castellanos para la incipiente Costa del Sol. Muchos pisos y apartamentos de la Costa salieron de las manos de los Hern\u00e1ndez<\/p>\n<p><img loading=\"lazy\" decoding=\"async\" width=\"240\" height=\"180\" alt=\"\" class=\"art-lightbox\" src=\"http:\/\/jmtornay.esy.es\/wp-content\/uploads\/2016\/11\/2-22.jpg\">\n    <\/div>\n<div class=\"art-layout-cell\" style=\"width: 34%\" >\n<p style=\"text-align: center;\"><img loading=\"lazy\" decoding=\"async\" width=\"263\" height=\"350\" alt=\"\" class=\"art-lightbox\" src=\"http:\/\/jmtornay.esy.es\/wp-content\/uploads\/2016\/11\/3-19.jpg\"><br \/>Una casa en ruinas<br \/>es un sue\u00f1o vencido;<br \/>una brutal venganza<br \/>que se toma el destino.<br \/>Una casa desierta;<br \/>sin risas ni gemidos<br \/>es un triste naufragio<br \/>donde habita el olvido.<br \/><img loading=\"lazy\" decoding=\"async\" width=\"240\" height=\"180\" alt=\"\" class=\"art-lightbox\" src=\"http:\/\/jmtornay.esy.es\/wp-content\/uploads\/2016\/11\/1-20.jpg\"><\/p>\n<\/p><\/div>\n<div class=\"art-layout-cell\" style=\"width: 33%\" >\n<p>Y tambi\u00e9n salieron de los pinceles de Juan verdaderas obras de arte.\u2028 De sus manos sali\u00f3, tambi\u00e9n, el antiguo trono del Cristo de la Sangre y algunos otros m\u00e1s que ellos realizaron para hermandades de Ronda, de Sevilla y M\u00e1laga.\u2028 Al final desparecieron los hijos y qued\u00f3 s\u00f3lo la hija, Carmela Hern\u00e1ndez, que ya muy avanzada de edad se retir\u00f3 a M\u00e1laga a vivir con sus sobrinos, pues Manolo y Juan, como tambi\u00e9n Carmela, eran solteros.Yo mantuve una relaci\u00f3n de vecindad con Manolo (\u00e9l fue el carpintero que me hizo el dormitorio para mi primer matrimonio, un dormitorio castellano envidia de muchos) y mucha con Carmela. Ella me dec\u00eda \u201cPepillo\u201d y le gustaba que le recordara mis tiempos de ni\u00f1o, que eran sus tiempos de mozuela. Esta familia, con sus trabajos, hizo bastante dinero y cuando se present\u00f3 la ocasi\u00f3n, Carmela, compr\u00f3 la casa que su padre le hab\u00eda decorado y la que hab\u00eda tra\u00eddo a su madre, a ella y a sus hermanos a Ronda No s\u00f3lo compr\u00f3 esa casa sino que hizo lo mismo con todas las de enfrente de la de la Duquesa y casi todo el Ruedo de Do\u00f1a Elvira. \u2028Ella se dedic\u00f3 a las antig\u00fcedades, a la muerte de sus hermanos e hizo una expoliaci\u00f3n importante de los muebles y objetos de decoraci\u00f3n para venderlos como tales. Descuid\u00f3 la casa y as\u00ed ha terminado en la ruina que es actualmente y que ha sido comprada por una compa\u00f1\u00eda alemana para construir un hotel de cinco estrellas. Eso han dicho, al menos.\u2028 Recuerdo lo mal que lo pas\u00f3 cuando tuvo que dejar Ronda por causa de su mala salud y del disgusto que le dieron unos ladronzuelos que asaltaron la casa y la dejaron a ella en muy mal estado. A ra\u00edz de esto, se fue a vivir con sus sobrimos y Antonio restaur\u00f3 la vivienda y la habita actualmente.<\/p>\n<p><img loading=\"lazy\" decoding=\"async\" width=\"240\" height=\"180\" alt=\"\" class=\"art-lightbox\" src=\"http:\/\/jmtornay.esy.es\/wp-content\/uploads\/2016\/11\/2-21.jpg\"><\/p>\n<\/p><\/div>\n<\/p><\/div>\n<\/div>\n<div class=\"art-content-layout\">\n<div class=\"art-content-layout-row\">\n<div class=\"art-layout-cell\" style=\"width: 100%\" >\n        <span style=\"font-size: 24px;\"><br \/><\/span>\n    <\/div>\n<\/p><\/div>\n<\/div>\n<div class=\"art-content-layout\">\n<div class=\"art-content-layout-row\">\n<div class=\"art-layout-cell\" style=\"width: 33%\" >\n<p><\/p>\n<\/p><\/div>\n<div class=\"art-layout-cell\" style=\"width: 34%\" >\n<p style=\"text-align: center;\"><span style=\"font-size: 20px;\">CASA DE DON BOSCO<\/span><\/p>\n<\/p><\/div>\n<div class=\"art-layout-cell\" style=\"width: 33%\" >\n<p><\/p>\n<\/p><\/div>\n<\/p><\/div>\n<\/div>\n<div class=\"art-content-layout\">\n<div class=\"art-content-layout-row\">\n<div class=\"art-layout-cell\" style=\"width: 33%\" >\n        En la calle Tenorio, descrita en otro cap\u00edtulo, se encuentra, a la altura del n\u00famero 20, la casa que fue propiedad de D. Francisco Granadinos P\u00e9rez y de su esposa, D\u00aa Dolores G\u00f3mez Mart\u00ednez, arquitecto \u00e9l y ama de casa ella.\u2028Este matrimonio s\u00f3lo se rompi\u00f3 al morir, en el a\u00f1o 1.934, D. Francisco, quedando D\u00aa Dolores desconsolada, pues se ve\u00eda totalmente sola, ya que el matrimonio no hab\u00eda tenido hijos. Al poco, la se\u00f1ora cay\u00f3 enferma y cuando se vio morir, mand\u00f3 que viniese el representante de los Salesianos de la Inspector\u00eda de C\u00f3rdoba, que a la saz\u00f3n lo era D. Francisco de la Hoz, y en el lecho de muerte le cedi\u00f3 en beneficio y como Fundaci\u00f3n, a la Congregaci\u00f3n de D. Bosco, su casa para que ellos la utilizaran como mansi\u00f3n de reposo para los salesianos enfermos o le dieran una utilidad seg\u00fan los principios de la Orden.\u2028<br \/>Entre los salesianos, la casa cogi\u00f3 mala fama, tanta, que le pusieron por apodo el \u201cmortero\u201d, as\u00ed que ninguno quer\u00eda venir a terminar sus d\u00edas en ella, por lo que con el tiempo fue perdiendo su prestigio en la Congregaci\u00f3n y s\u00f3lo ven\u00edan los que estaban muy mal o les recomendaban el aire de la sierra para sus pulmones.\u2028<br \/>La Inspector\u00eda de C\u00f3rdoba pens\u00f3 en la posibilidad de venderla, ya que realmente no ten\u00eda ninguna utilidad, pero en un Consejo inspectorial, al que asist\u00eda D. Gonzalo Huesa,\n    <\/div>\n<div class=\"art-layout-cell\" style=\"width: 34%\" >\n<p><\/p>\n<p><img loading=\"lazy\" decoding=\"async\" width=\"288\" height=\"216\" alt=\"\" class=\"art-lightbox\" src=\"http:\/\/jmtornay.esy.es\/wp-content\/uploads\/2016\/11\/1-21.jpg\"><\/p>\n<\/p><\/div>\n<div class=\"art-layout-cell\" style=\"width: 33%\" >\n        \u00e9ste propuso una iniciativa que entraba en los c\u00e1lculos previstos por la Fundaci\u00f3n y que era usar la casa para crear un centro juvenil, que es la filosof\u00eda de D. Bosco, entretener a los j\u00f3venes, sac\u00e1ndolos de las calles y d\u00e1ndoles acogida y actividades para su enriquecimiento espiritual. Oratorios Festivos, \u00a1vamos!<br \/>Despu\u00e9s de largas discusiones se le acept\u00f3 la idea y aqu\u00ed tienen ustedes al inquieto \u00abparidor de ideas\u00bb, en su ciudad natal, a mediados del mes de septiembre de 1.970, creando el T.E.S. de Ronda (Teatro Espa\u00f1ol Salesiano). La base fue un grupo de c\u00f3micos que exist\u00eda en Ronda bajo mi direcci\u00f3n, y que le sirvi\u00f3 para tomar la Casa de D. Bosco y convertirla en ese Centro Juvenil, que D. Bosco hubiera aplaudido; D. Gonzalo, como salesiano, estaba dispuesto a ofrecerla a D. Bosco como realizaci\u00f3n de recogimiento de la juventud ronde\u00f1a, pero sus superiores, posteriormente, con la excusa de arreglarla, dejaron a la juventud en la calle y a D. Gonzalo tambi\u00e9n.<br \/>En la actualidad, los salesianos, despu\u00e9s de ciento cinco a\u00f1os, han dejado Ronda, qued\u00e1ndose, tan solo, con la Casa y el Santuario de Mar\u00eda Auxiliadora. Ni colegios, ni juventud. \u00a1Pena!, porque la casa hubiese tenido la utilidad que D. Gonzalo le quer\u00eda dar y que la tuvo durante cinco a\u00f1os, pero\u2026 los intereses han ido por otros lares.\n    <\/div>\n<\/p><\/div>\n<\/div>\n<div class=\"art-content-layout\">\n<div class=\"art-content-layout-row\">\n<div class=\"art-layout-cell\" style=\"width: 33%\" >\n<p style=\"text-align: center;\"><img loading=\"lazy\" decoding=\"async\" width=\"279\" height=\"209\" alt=\"\" class=\"art-lightbox\" src=\"http:\/\/jmtornay.esy.es\/wp-content\/uploads\/2016\/11\/2-23.jpg\"><\/p>\n<\/p><\/div>\n<div class=\"art-layout-cell\" style=\"width: 34%\" >\n<p style=\"text-align: center;\"><img loading=\"lazy\" decoding=\"async\" width=\"288\" height=\"216\" alt=\"\" class=\"art-lightbox\" src=\"http:\/\/jmtornay.esy.es\/wp-content\/uploads\/2016\/11\/3-20.jpg\"><\/p>\n<\/p><\/div>\n<div class=\"art-layout-cell\" style=\"width: 33%\" >\n        <br \/>En tus jardines viven los mejores<br \/>instantes de ese tiempo irreverente,<br \/>primera juventud torpe, imprudente,<br \/>escarchada de dudas y temores.<\/p>\n<p>Cupido dispar\u00f3 desde tu fuente<br \/>hacia m\u00ed la saeta envenenada<br \/>que dej\u00f3 mi sustancia enamorada<br \/>de unos ojos y un cuerpo adolescentes.<\/p>\n<p>Una guitarra, un micro y un piano,<br \/>y el ritmo y el calor de unos amigos<br \/>transformaron mi vida en melod\u00eda.<\/p>\n<p>A\u00fan llevo aquellas notas en mi mano<br \/>y para siempre vivir\u00e1n conmigo<br \/>porque siguen sonando todav\u00eda.\n    <\/div>\n<\/p><\/div>\n<\/div>\n<div class=\"art-content-layout\">\n<div class=\"art-content-layout-row\">\n<div class=\"art-layout-cell\" style=\"width: 100%\" >\n<p style=\"text-align: center;\"><span style=\"font-size: 20px;\">CASA DE LOS MARTOS<\/span><\/p>\n<\/p><\/div>\n<\/p><\/div>\n<\/div>\n<div class=\"art-content-layout\">\n<div class=\"art-content-layout-row\">\n<div class=\"art-layout-cell\" style=\"width: 33%\" >\n        La casa que conocemos hoy con el nombre gen\u00e9rico de \u201cla Casa del Campillo\u201d, es propiedad de la familia Martos, en la actualidad de las nietas de D. Francisco Martos Crooke y de su Esposa D\u00aa Maria Avil\u00e9s-Casco. La casa, en sus or\u00edgenes, era una casita corriente adosada a la puerta de los Molinos, que compr\u00f3 el padre de D. Francisco , abogado malague\u00f1o que se traslad\u00f3 a Ronda con su familia. \u00c9l mand\u00f3 derruir la casa vieja y le encarg\u00f3 la obra a D. Andr\u00e9s Ram\u00edrez, un constructor afamado de Ronda que subcontrat\u00f3 la casa al abuelo de Rafael Aguilera Hormigo, Rafael Aguilera. Su hijo Francisco, heredero de la casa, se cas\u00f3 con una muchacha muy adinerada de Ronda, llamada Mar\u00eda Alejandra Avil\u00e9s-Casco (ella se hac\u00eda llamar Mar\u00eda-Alex y as\u00ed firmaba sus \u00f3leos), mientras que sus hermanas se casaron, Dolores, con un militar que lleg\u00f3 a General, G\u00f3mez L\u00f3pez y Ana con un miembro de los Ramos Paul.<br \/>Como an\u00e9cdota contar\u00e9 que el abuelo de los Martos, el que mand\u00f3 construir la casa, mantuvo un litigio con los hortelanos, porque destruy\u00f3 la puerta que hab\u00eda donde actualmente empieza el camino y que era la entrada y salida para acceder a los Molinos y a las huertas. Esto no gust\u00f3 a los hortelanos, que denunciaron el atropello, y la actitud del tal Martos, que los apedreaba cuando sub\u00edan por el camino. Pero la puerta no volvi\u00f3.\n    <\/div>\n<div class=\"art-layout-cell\" style=\"width: 34%\" >\n<p style=\"text-align: center;\"><img loading=\"lazy\" decoding=\"async\" width=\"288\" height=\"216\" alt=\"\" class=\"art-lightbox\" src=\"http:\/\/jmtornay.esy.es\/wp-content\/uploads\/2016\/11\/1-1-8.jpg\"><\/p>\n<\/p><\/div>\n<div class=\"art-layout-cell\" style=\"width: 33%\" >\n        En compensaci\u00f3n se puso el azulejo que vemos hoy en d\u00eda, con la inscripci\u00f3n \u201cCiudad de Ronda, Puerta de los Molinos\u201d.<br \/>La casa cuenta con una situaci\u00f3n estrat\u00e9gica envidiable y es una mansi\u00f3n se\u00f1orial con una estructura muy s\u00f3lida y unos trabajos en madera de caoba, sobre todo puertas y z\u00f3calos. Este Martos, que era muy buen abogado, gan\u00f3 un litigio con una familia de Cuba y se trajo bastante madera de caoba que luego utiliz\u00f3 para su casa. Adem\u00e1s de este detalle de las puertas, z\u00f3calos y muebles, la casa posee una riqueza importante en cer\u00e1micas de estilo sevillano y granadino.<br \/>El jard\u00edn, aunque peque\u00f1o, es muy coqueto y posee unas panor\u00e1micas del sector norte de Ronda que son una maravilla; se procur\u00f3 en alguna ocasi\u00f3n instalar alg\u00fan tipo de actividad de tipo tur\u00edstico por los nietos de la familia, pero todos los intentos han fracasado a m\u00e1s o menos plazo. Por su situaci\u00f3n, por sus instalaciones y sobre todo por la parcela importante que ocupa,, merecer\u00eda la pena que se tuviera en cuenta, por parte del Municipio, la posibilidad de recuperarla y ponerla en valor como parte del Patrimonio ronde\u00f1o. Los bajos estaban dedicados al servicio, las cocinas, los fregaderos, los gallineros y un peque\u00f1o huerto, que cuidaba la familia de los Carrasco, unos t\u00edos de Mar\u00eda de los \u00c1ngeles, mi primera mujer; as\u00ed que yo, con determinada frecuencia acud\u00eda con mi novia a visitar a sus t\u00edos, los caseros, de ah\u00ed que conociera un poco la casa.\n    <\/div>\n<\/p><\/div>\n<\/div>\n<div class=\"art-content-layout\">\n<div class=\"art-content-layout-row\">\n<div class=\"art-layout-cell\" style=\"width: 33%\" >\n<p style=\"text-align: center;\"><img loading=\"lazy\" decoding=\"async\" width=\"279\" height=\"209\" alt=\"\" class=\"art-lightbox\" src=\"http:\/\/jmtornay.esy.es\/wp-content\/uploads\/2016\/11\/2-24.jpg\"><\/p>\n<\/p><\/div>\n<div class=\"art-layout-cell\" style=\"width: 34%\" >\n<table class=\"art-article\" style=\"width: 100%;\">\n<tbody>\n<tr>\n<td style=\"width: 100%; text-align: center;\">En la casa de los Martos<br \/>una veleta traviesa<br \/>dice d\u00f3nde nace el viento:<br \/>en la campi\u00f1a, en la sierra;<br \/>flama tibia del levante,<br \/>hielo del norte que pela,<br \/>caricia del sur radiante,<br \/>del poniente, las tormentas.<br \/>A los vaivenes del mundo<br \/>responde d\u00f3cil su flecha.<br \/>Vientos que surcan los cielos,<br \/>vientos que agitan la tierra.<\/td>\n<\/tr>\n<\/tbody>\n<\/table><\/div>\n<div class=\"art-layout-cell\" style=\"width: 33%\" >\n<p style=\"text-align: center;\"><img loading=\"lazy\" decoding=\"async\" width=\"279\" height=\"209\" alt=\"\" class=\"art-lightbox\" src=\"http:\/\/jmtornay.esy.es\/wp-content\/uploads\/2016\/11\/3-21.jpg\"><\/p>\n<\/p><\/div>\n<\/p><\/div>\n<\/div>\n<div class=\"art-content-layout\">\n<div class=\"art-content-layout-row\">\n<div class=\"art-layout-cell\" style=\"width: 100%\" >\n<p style=\"text-align: center;\"><span style=\"font-size: 20px;\">CASA &nbsp;DE LOS CONDES DE MONTELIRIO<\/span><\/p>\n<\/p><\/div>\n<\/p><\/div>\n<\/div>\n<div class=\"art-content-layout\">\n<div class=\"art-content-layout-row\">\n<div class=\"art-layout-cell\" style=\"width: 33%\" >\n        La casa de los Condes de Montelirio es la que se ha reconvertido en Hotel y Restaurante con ese nombre, en la calle Tenorio.\u2028 Esta casa es una de las muchas que entraron en las particiones que los Reyes Cat\u00f3licos hicieron; \u00e9sta le toc\u00f3 a los Atienza, es decir a D. Mariano Atienza y Tello. \u00c9ste Atienza hered\u00f3 de los Aguados una fortuna inmensa y de ah\u00ed tambi\u00e9n hered\u00f3 el t\u00edtulo de Conde de Montelirio. Estos Aguados eran banqueros en Londres y eran inmensamente ricos, as\u00ed que con el dinero de su familiar, D. Mariano ampli\u00f3 su casa y la moderniz\u00f3, haciendo una mucho m\u00e1s acorde con el dinero y la posici\u00f3n social que le correspond\u00eda.\u2028 Cuando vino a ser Conde, el Atienza se convirti\u00f3 en un dandy, y con su chofer Guillermo (William), que era ingl\u00e9s, se recorr\u00eda en la \u00e9poca los lugares m\u00e1s importantes de juegos y carreras, incluidos Biarrizt y Niza, sin privarse, por supuesto, de sus flirteos con mujeres, a las que el dinero le hizo muy aficionado.\u2028<\/p>\n<table class=\"art-article\" style=\"width: 100%;\">\n<tbody>\n<tr>\n<td style=\"width: 100%;\"><\/td>\n<\/tr>\n<\/tbody>\n<\/table>\n<p>Los Condes de Montelirio eran los due\u00f1os de la finca del Duende, la que se conoce popularmente como Lourdes. Ah\u00ed mandaron construir una capilla dedicada a la Virgen de Lourdes, de la que ellos eran muy devotos y en la que siempre se ten\u00edan los ornamentos para la celebraci\u00f3n de la misa. De igual forma construyeron un mausoleo, en el que se hac\u00edan los enterramientos de los Atienza.\n    <\/div>\n<div class=\"art-layout-cell\" style=\"width: 34%\" >\n<p style=\"text-align: center;\"><img loading=\"lazy\" decoding=\"async\" width=\"288\" height=\"383\" alt=\"\" class=\"art-lightbox\" src=\"http:\/\/jmtornay.esy.es\/wp-content\/uploads\/2016\/11\/2-25.jpg\"><\/p>\n<\/p><\/div>\n<div class=\"art-layout-cell\" style=\"width: 33%\" >\n        La casa de los condes y sus propiedades las hered\u00f3 D. Rafael Atienza, hermano del Marqu\u00e9s de Salvatierra, D. Pablo Atienza, al que denominaba el pueblo con el sobrenombre de \u201cel marquesito\u201d. El p\u00fablico, con el tiempo, fue entrando, forzando cancelas y candados y ultrajando aquel lugar, de manera que D. Rafael, mand\u00f3 que los restos de sus antepasados se trasladaran a Ronda. Las \u00faltimas personas que yo recuerdo que han estado en ese lugar y han celebrado misa hemos sido los miembros del TES de Ronda que un buen d\u00eda organizamos una excursi\u00f3n y all\u00ed, Jos\u00e9 Mustaf\u00e1 (Pepe \u201cEl Moro\u201d) nos hizo un arroz de los suyos y D. Gonzalo Huesa ofici\u00f3 la Eucarist\u00eda.<br \/>En la actualidad, la casa ha sido vendida por los Atienza a una sociedad sevillana, que ha instalado en ella un hotel con el nombre de Montelirio. El Hotel conserva la estructura de la casa que estaba situada en la cornisa este del Tajo. Se ha hecho una restauraci\u00f3n espl\u00e9ndida y se han conservado las terrazas exteriores con unas vistas del Tajo y del Puente Nuevo que son una maravilla.\u2028 La fachada es la cl\u00e1sica de las casas solariegas de Ronda, austera, en piedra de canter\u00eda ronde\u00f1a y con una arco decorado de medio punto.\n    <\/div>\n<\/p><\/div>\n<\/div>\n<div class=\"art-content-layout\">\n<div class=\"art-content-layout-row\">\n<div class=\"art-layout-cell\" style=\"width: 50%\" >\n<table class=\"art-article\" style=\"width: 100%;\">\n<tbody>\n<tr>\n<td style=\"width: 100%; text-align: center;\">\n<p>Sobre alturas imposibles<br \/>entre El Tajo y la nostalgia<br \/>sigue brillando el encanto<br \/>y el resplandor de esta casa.<\/p>\n<p>Hunde sus luengas ra\u00edces<br \/>en una roca dorada<br \/>y desde su altura el r\u00edo<br \/>parece un hilo de plata.<\/td>\n<\/tr>\n<\/tbody>\n<\/table><\/div>\n<div class=\"art-layout-cell\" style=\"width: 50%\" >\n<p style=\"text-align: center;\"><img loading=\"lazy\" decoding=\"async\" width=\"400\" height=\"300\" alt=\"\" class=\"art-lightbox\" src=\"http:\/\/jmtornay.esy.es\/wp-content\/uploads\/2016\/11\/1-22.jpg\"><\/p>\n<\/p><\/div>\n<\/p><\/div>\n<\/div>\n<div class=\"art-content-layout\">\n<div class=\"art-content-layout-row\">\n<div class=\"art-layout-cell\" style=\"width: 100%\" >\n<p style=\"text-align: center;\"><span style=\"font-size: 20px;\">CASA DE LOS DUQUES &nbsp;DE AHUMADA<\/span><\/p>\n<\/p><\/div>\n<\/p><\/div>\n<\/div>\n<div class=\"art-content-layout\">\n<div class=\"art-content-layout-row\">\n<div class=\"art-layout-cell\" style=\"width: 33%\" >\n        La casa de los Duques de Ahumada se encuentra justo a la derecha de la primitiva iglesia de los Salesianos y frente a la casa de D. Francisco Hinojosa.\u2028 A pesar del t\u00edtulo, se hizo la demolici\u00f3n con la intenci\u00f3n de recuperarla, pero despu\u00e9s de m\u00e1s de veinte a\u00f1os, nadie se ha preocupado de ese tema. Sin embargo, el Ayuntamiento de la \u00e9poca, permiti\u00f3 la demolici\u00f3n, despu\u00e9s de haber segregado las caballerizas para hacer apartamentos y sin vigilar, para nada, la misma. De esta forma ha desaparecido de un \u201cgruazo\u201d una de las casa m\u00e1s emblem\u00e1ticas de Ronda.<br \/>\u2028No debemos olvidar que el Duque de Ahumada fue el fundador del Cuerpo de la Guardia Civil, de tanto prestigio en Espa\u00f1a.\u2028 Actualmente, es un solar lleno de hierbajos, con el brocal del antiguo pozo que hab\u00eda en el patio interior. La casa ocupaba toda la manzana, pero en su tiempo se segreg\u00f3 la parte trasera y las caballerizas y se hicieron unas casitas individuales en la parte posterior y en las caballerizas un bloque enorme, sin haber respetado los vol\u00famenes que ten\u00eda.\n    <\/div>\n<div class=\"art-layout-cell\" style=\"width: 34%\" >\n<p style=\"text-align: center;\"><img loading=\"lazy\" decoding=\"async\" width=\"187\" height=\"250\" alt=\"\" class=\"art-lightbox\" src=\"http:\/\/jmtornay.esy.es\/wp-content\/uploads\/2016\/11\/3-22.jpg\"><\/p>\n<\/p><\/div>\n<div class=\"art-layout-cell\" style=\"width: 33%\" >\n        La parte posterior de la casa era, as\u00ed mismo, propiedad de la familia Ahumada; se trataba de una serie de casitas adosadas; entre ellas, y en la del rinc\u00f3n, estuvo durante mucho tiempo el taller de un carpintero famoso de Ronda, llamado Juan Gonz\u00e1lez \u00abEl Sordo\u00bb.\u2028Y, asimismo, la casa que lindaba con la anterior se restaur\u00f3 tambi\u00e9n, ya adquirida por unos privados.<br \/>En esta casa se cuenta, y as\u00ed lo dec\u00eda una plaza que hab\u00eda situada en la fachada, \u201cvivi\u00f3 el beneficiario de Santa Mar\u00eda, el Maestro Vicente Espinel\u201d. Hoy se ha puesto una placa que rememora este detalle, aunque no est\u00e1 en la casa original, que era la de m\u00e1s abajo, sino en la de mi amigo Juan \u00abEl Sordo\u00bb. \u2028El \u00faltimo Duque se llam\u00f3 D. Diego Chico de Guzm\u00e1n y Mencos, que estaba casado con D\u00aa Ana Mar\u00eda Gir\u00f3n y Canthal. Estos duques tuvieron mucho tiempo de caseros a la familia Troyano, familia muy querida y reconocida en Ronda y que habitaban la casa en las largas temporadas en que los Duques no estaban en Ronda. De hecho, los \u00faltimos moradores han sido ellos.\u2028 Se ha conservado la fachada con la portada en piedra y el escudo de la familia de los Ahumada.\n    <\/div>\n<\/p><\/div>\n<\/div>\n<div class=\"art-content-layout\">\n<div class=\"art-content-layout-row\">\n<div class=\"art-layout-cell\" style=\"width: 50%\" >\n        <img loading=\"lazy\" decoding=\"async\" width=\"267\" height=\"200\" alt=\"\" class=\"art-lightbox\" src=\"http:\/\/jmtornay.esy.es\/wp-content\/uploads\/2016\/11\/2-26.jpg\"><br \/>En esta casa vivi\u00f3<br \/>y escribi\u00f3 el gran Don Vicente<br \/>Espinel, aquel ronde\u00f1o<br \/>de las letras un orfebre.<br \/>Gloria que Ronda dio al mundo,<br \/>regio fruto de su vientre.\n    <\/div>\n<div class=\"art-layout-cell\" style=\"width: 50%\" >\n<p style=\"text-align: justify;\"><img loading=\"lazy\" decoding=\"async\" width=\"400\" height=\"300\" alt=\"\" class=\"art-lightbox\" src=\"http:\/\/jmtornay.esy.es\/wp-content\/uploads\/2016\/11\/1-23.jpg\"><\/p>\n<\/p><\/div>\n<\/p><\/div>\n<\/div>\n<div class=\"art-content-layout\">\n<div class=\"art-content-layout-row\">\n<div class=\"art-layout-cell\" style=\"width: 100%\" >\n<p style=\"text-align: center;\"><span style=\"font-size: 20px;\">DE LOS CONDES DE SANTA POLA<\/span><\/p>\n<\/p><\/div>\n<\/p><\/div>\n<\/div>\n<div class=\"art-content-layout\">\n<div class=\"art-content-layout-row\">\n<div class=\"art-layout-cell\" style=\"width: 33%\" >\n        Lo recuerdo como si fuese ayer. Justo enfrente de mi casa natal. Un hombre alto, elegante, pulcro y su se\u00f1ora bajita, igual de elegante, con estilo de mujer que \u201chab\u00eda tenido\u201d, pero \u00a1ay! los a\u00f1os borran esas cosas a las que las mujeres se aferran tanto. \u2028Era el matrimonio que formaban los Condes de Santa Pola, los Antequera, familia de rancio abolengo nobiliario que hab\u00edan elegido Ronda para vivir sus veranos. Cuando llegaban era una fiesta: los coches, los ni\u00f1os, las criadas y los criados y un sin fin de cosas que bajaban de aquellos coches. Felicidad Cabezudo y Miguel , su marido, que viv\u00edan en la casa todo el a\u00f1o sal\u00edan con aquella alegr\u00eda a recibir a sus se\u00f1ores que se hab\u00edan acordado de regresar a este nido ronde\u00f1o de sus reposos.<br \/>La casa de los Condes de Santa Pola, hab\u00eda formado parte de la Mina de Ronda en los tiempos antiguos. Hay que tener en cuenta que la estructura de la Mina ocupaba casi toda la cornisa oeste de la garganta. Despu\u00e9s fue adquirido este espacio y privatizado, aunque conserva todav\u00eda en los bajos restos de estructuras \u00e1rabes, con arcos y construcci\u00f3n en ladrillo que hab\u00edan fabricado los \u00e1rabes y que formaban parte de la citada estructura de la Mina. Tambi\u00e9n se conservaba una aljibe que a los ni\u00f1os de entonces nos daba mucho miedo. \u2028<br \/>La casa es mas bien peque\u00f1a, pero suficiente para la familia. La portada es de piedra del Arroyo del Toro y tiene en el dintel el Escudo de Armas de los Santa Pola. Est\u00e1 distribuida de la siguiente manera: en la parte baja, un recibidor y a continuaci\u00f3n un pasillo con una serie de habitaciones a la izquierda y un sal\u00f3n al fondo con unas vistas preciosas e impresionantes de la garganta. A la derecha estaba situada la cocina.\n    <\/div>\n<div class=\"art-layout-cell\" style=\"width: 34%\" >\n<p style=\"text-align: center;\"><img loading=\"lazy\" decoding=\"async\" width=\"286\" height=\"382\" alt=\"\" class=\"art-lightbox\" src=\"http:\/\/jmtornay.esy.es\/wp-content\/uploads\/2016\/11\/2-27.jpg\"><\/p>\n<\/p><\/div>\n<div class=\"art-layout-cell\" style=\"width: 33%\" >\n        En la parte superior, las habitaciones de los ni\u00f1os, los cuartos de ba\u00f1o y, al final de pasillo, como en la planta anterior, la habitaci\u00f3n de los Condes, con las mismas vistas que el sal\u00f3n del piso bajo.<br \/>Posteriormente, la casa fue vendida a los Condes, que la convirtieron en su residencia de verano, o lo que en Ronda se ha conocido siempre como \u201ccasa solariega\u201d. A Ronda acudieron, como ya hemos dicho en alguna otra ocasi\u00f3n, muchas de estas familias que vinieron llamados por la situaci\u00f3n, por el clima y por la tranquilidad. Estos nobles acud\u00edan buscando la soledad de la sierra y el aire puro para los pulmones de sus hijos y de ellos mismos.\u2028 Pero esta familia era muy accesible, humilde, simp\u00e1tica y se codearon con nosotros sin ning\u00fan tipo de dificultas. Sobre todo los ni\u00f1os \u00e9ramos una pandilla de nervios gritones que pod\u00edamos volver loco al conde m\u00e1s pintado. Me acuerdo de Luciano, el mayor de los ni\u00f1os y c\u00f3mo baj\u00e1bamos por aquellas escaleras que conduc\u00edan a los s\u00f3tanos de la casa y con qu\u00e9 miedo entr\u00e1bamos en los recintos estrechos y l\u00f3bregos. Recuerdo que ellos ten\u00edan agua corriente y servicios, cuando en nuestras casas de vecinos s\u00f3lo hab\u00eda uno com\u00fan y un grifo de agua para todos. Alrededor de estos nobles siempre acud\u00edan las personas del servicio que habitaban las casas de alrededor que eran m\u00e1s humildes, pero dignas.\u2028<br \/>En la actualidad, el Conde es Luciano Antequera, aquel que de ni\u00f1o jugaba con nosotros, que ha vendido la casa a Jos\u00e9 Mu\u00f1oz, que la ha convertido en un restaurante asador que regenta mi amigo Nacho y su esposa, hija de mi amigo Tom\u00e1s Mayo, gran profesional que conserva en Ronda, a trav\u00e9s de sus hijos, su bien hacer en el mundo de la restauraci\u00f3n que aprendiera en el Hotel Ritz de Madrid.\n    <\/div>\n<\/p><\/div>\n<\/div>\n<div class=\"art-content-layout\">\n<div class=\"art-content-layout-row\">\n<div class=\"art-layout-cell\" style=\"width: 50%\" >\n<p style=\"text-align: center;\"><img loading=\"lazy\" decoding=\"async\" width=\"208\" height=\"299\" alt=\"\" class=\"art-lightbox\" src=\"http:\/\/jmtornay.esy.es\/wp-content\/uploads\/2016\/11\/3-23.jpg\"><\/p>\n<\/p><\/div>\n<div class=\"art-layout-cell\" style=\"width: 50%\" >\n<p>\u00a1Ay, ese rancio abolengo!<br \/>que envidiaban los vecinos;<br \/>que cuidaban los lacayos<br \/>con dedicaci\u00f3n y mimo.<\/p>\n<p>\u00a1Ay, ese rancio prestigio!<br \/>de veranos en el pueblo<br \/>acumulando calores<br \/>para aguantar el invierno.<br \/>Aquel ilustreportal<br \/>aquella eximia nobleza<br \/>hoy es un traj\u00edn de platos,<br \/>solaz de la clase media.\n    <\/div>\n<\/p><\/div>\n<\/div>\n<div class=\"art-content-layout\">\n<div class=\"art-content-layout-row\">\n<div class=\"art-layout-cell\" style=\"width: 100%\" >\n<p style=\"text-align: center;\"><span style=\"font-size: 20px;\">CASA DEL REY MORO<\/span><\/p>\n<\/p><\/div>\n<\/p><\/div>\n<\/div>\n<div class=\"art-content-layout\">\n<div class=\"art-content-layout-row\">\n<div class=\"art-layout-cell\" style=\"width: 33%\" >\n        La conocida como Casa del Rey Moro fue en origen una sucesi\u00f3n de viviendas, propiedad de los Marqueses de Salvatierra, que fueron vendidas a la Duquesa de Parcent para que \u00e9sta construyera la Casa Palacio de su nombre.\u2028 Est\u00e1 construida sobre lo que fuera el antiguo acceso a la mina de agua que hay en su fondo, a unos cien metros de profundidad. La as\u00ed llamada es un pasadizo que arranca de la propia casa baja, aprovechando una grieta de la roca. En la citada falla se hizo un pasaje de origen \u00e1rabe por el que a trav\u00e9s de m\u00e1s de doscientos escalones se acced\u00eda al nacimiento del r\u00edo Guadalev\u00edn, del que retomaba el agua para la ciudad y la casa. \u2028En la actualidad se ha restaurado el pasaje y arreglado el acceso a la mina, que se puede visitar, como igualmente los jardines que, aunque un poco deteriorados, tienen un encanto especial.<br \/>\u00c9stos son obra del dise\u00f1ador y bot\u00e1nico franc\u00e9s Forestier, personaje que fue tra\u00eddo por la Duquesa para dise\u00f1arlos y construirlos y los de la Plaza de la Ciudad o de la Duquesa de Parcent. Como cosa curiosa, el citado Forrestier, dise\u00f1\u00f3 los jardines de la Plaza utilizando la forma perimetral de la corona ducal, d\u00e1ndole en su interior la forma del escudo, hoy casi desaparecido, ya que al ser restaurados, no se ha tenido en cuenta este detalle.\u2028 La Duquesa, cuando termin\u00f3 su palacio, mand\u00f3 poner en la puerta de entrada del servicio un mosaico con la figura, supuesta, del Rey Abomelic I, de ah\u00ed que el pueblo llano la apodara con el nombre de \u201cRey Moro\u201d, con el que es conocido en la actualidad, m\u00e1s que por el de su ilustre inquilina.\u2028<br \/>La casa se encuentra en la conocida como calle o cuesta de Santo Domingo, y se extiende su fachada,a lo largo de la misma, aprovechando la curva que la cuesta hace y donde m\u00e1s de una vez nos hemos estrellado con las bicicletas que alquil\u00e1bamos en casa Peso.<br \/>La vivienda posee una distribuci\u00f3n muy irregular, ya que ha pasado por varios propietarios, que al ser tan grande, la han ido adaptando a sus necesidades y segregando apartamentos para alquilar.\n    <\/div>\n<div class=\"art-layout-cell\" style=\"width: 34%\" >\n<p style=\"text-align: center;\"><img loading=\"lazy\" decoding=\"async\" width=\"288\" height=\"352\" alt=\"\" class=\"art-lightbox\" src=\"http:\/\/jmtornay.esy.es\/wp-content\/uploads\/2016\/11\/2-28.jpg\"><br \/>Besos de moros altivos<br \/>y moras enamoradas<br \/>se acurrucan en sus piedras,<br \/>anhegados entre l\u00e1grimas;<br \/>leyendas que teji\u00f3 Ronda<br \/>alrededor de esta casa,<br \/>que no conoci\u00f3 princesas<br \/>ni majestades isl\u00e1micas.<\/p>\n<\/p><\/div>\n<div class=\"art-layout-cell\" style=\"width: 33%\" >\n        Pese a ello, a\u00fan conserva las obras que en madera hiciera el maestro Hern\u00e1ndez, principalmente escaleras y artesonados.<br \/>\u2028La casa posee, una vez que se accede por la puerta principal, un patio interior cerrado, ocho columnas de piedra, por el que, a trav\u00e9s de una enorme puerta vidriera, se sale a los jardines; \u00e9stos est\u00e1n hechos en distintos niveles y con fuentes y ca\u00eddas de aguas y un brocal de pozo en piedra de estilo cl\u00e1sico de un valor incalculable. A trav\u00e9s de estos desniveles se accede a la puerta de entrada de la mina, y asimismo a la salida que se encuentra totalmente al este y que viene a dar muy cerca del Arco de Felipe V. La bajada por el jard\u00edn es una gozada de vistas del Paseo de Cuenca y de la cornisa oeste de Ronda, con la profundidad de la garganta, el espejo del r\u00edo al fondo y la riqueza bot\u00e1nica que encierra. \u2028La casa tiene dos torretas que parecen dos minaretes por su forma y por estar construidos en ladrillo y en la fachada, un poco m\u00e1s arriba de la puerta de servicio, hay una hornacina con una imagen de la Virgen de la Paloma, patrona de Madrid, de donde era originaria la tal Duquesa. \u2028La puerta principal se encuentra un poco m\u00e1s abajo de la curva que forma la calle-cuesta y es de estilo barroco con un balc\u00f3n espl\u00e9ndido en hierro de forja ronde\u00f1a y el escudo de la familia justo debajo, que se encuentra destruido en la actualidad. La casa fue comprada al americano que la habit\u00f3 despu\u00e9s de la Duquesa, por un banquero ronde\u00f1o llamado D. Juan Gir\u00f3n, que a su vez la vendi\u00f3 a Carmela Hern\u00e1ndez, hija del ebanista y tallista que decor\u00f3 la casa originaria.<br \/>Esta compra se realiz\u00f3 por una cuesti\u00f3n rom\u00e1ntica ya que Carmela, estuvo pagando la casa, los cinco millones que cost\u00f3, en peque\u00f1os plazos durante muchos a\u00f1os, incluso despu\u00e9s de fallecer D. Juan Gir\u00f3n.\u2028 En la actualidad se est\u00e1 especulando con la posibilidad de instalar en ella, y en el entorno de la misma, un hotel de lujo promovido por una firma alemana, que ha ido comprando casi todas las casas que se encuentran en el entorno.\n    <\/div>\n<\/p><\/div>\n<\/div>\n<div class=\"art-content-layout\">\n<div class=\"art-content-layout-row\">\n<div class=\"art-layout-cell\" style=\"width: 50%\" >\n<p style=\"text-align: center;\"><img loading=\"lazy\" decoding=\"async\" width=\"332\" height=\"249\" alt=\"\" class=\"art-lightbox\" src=\"http:\/\/jmtornay.esy.es\/wp-content\/uploads\/2016\/11\/1-1-9-1.jpg\"><\/p>\n<\/p><\/div>\n<div class=\"art-layout-cell\" style=\"width: 50%\" >\n<p style=\"text-align: center;\"><img loading=\"lazy\" decoding=\"async\" width=\"332\" height=\"249\" alt=\"\" class=\"art-lightbox\" src=\"http:\/\/jmtornay.esy.es\/wp-content\/uploads\/2016\/11\/4-8.jpg\"><\/p>\n<\/p><\/div>\n<\/p><\/div>\n<\/div>\n<div class=\"art-content-layout\">\n<div class=\"art-content-layout-row\">\n<div class=\"art-layout-cell\" style=\"width: 100%\" >\n<p style=\"text-align: center;\"><span style=\"font-size: 20px;\">CUARTEL DE LA GUARDIA CIVIL<\/span><\/p>\n<\/p><\/div>\n<\/p><\/div>\n<\/div>\n<div class=\"art-content-layout\">\n<div class=\"art-content-layout-row\">\n<div class=\"art-layout-cell\" style=\"width: 33%\" >\n        En la Plaza del Ruedo de Do\u00f1a Elvira, la Duquesa de Parcent compr\u00f3 una casa que hab\u00eda en la esquina, justo enfrente de la suya, para poner sus cocheras y, asimismo, hacer una peque\u00f1a casita para el servicio. Tambi\u00e9n compr\u00f3 otra vivienda enorme, que estaba m\u00e1s arriba, en el rinc\u00f3n, que es la conocida como el cuartel. \u2028La causa de su nombre procede de que la Duquesa la cedi\u00f3 para que se alojara un batall\u00f3n de caballer\u00eda de la Guardia Civil que ven\u00eda al mando de un teniente y que deb\u00eda alojarse en Ronda. Desde esas fechas la casa pas\u00f3 a ser propiedad de dicho Cuerpo, hasta que casi arruinada se vendi\u00f3 a unos privados.\u2028<br \/>El cuartel, como nosotros lo conoc\u00edamos, era una Casa Cuartel de las t\u00edpicas que exist\u00edan en toda Espa\u00f1a. Eran viviendas muy mal dotadas y en las que las familias de los guardias malviv\u00edan. La ventaja era que ten\u00edan donde vivir y se ahorraban el pago de alquileres, y con el ef\u00edmero sueldo que ganaban manten\u00edan de mala manera a la familia.<br \/>En esta Casa Cuartel vivi\u00f3 una hermano de mi padre, cabo, casado con una hermana de mi madre. All\u00ed les conoc\u00ed en una de las visitas que ella hac\u00eda a sus hermanos ronde\u00f1os.\u2028 Por un suceso desgraciado que ocurri\u00f3 en Ronda y en el que intervino una pareja de dicho Cuerpo, el Ministro de Defensa de la \u00e9poca expuls\u00f3 a todo el destacamento de Ronda, incluido el cabo al mando.<br \/>Al teniente lo trasladaron de puesto. Entonces, los guardias se vieron en la calle, sin sueldo y sin oficio.\n    <\/div>\n<div class=\"art-layout-cell\" style=\"width: 34%\" >\n<p><img loading=\"lazy\" decoding=\"async\" width=\"288\" height=\"383\" alt=\"\" class=\"art-lightbox\" src=\"http:\/\/jmtornay.esy.es\/wp-content\/uploads\/2016\/11\/1-24.jpg\"><\/p>\n<\/p><\/div>\n<div class=\"art-layout-cell\" style=\"width: 33%\" >\n        Menos mal que por haberse dedicado a perseguir a los contrabandistas que ven\u00edan de Gibraltar, con sus matutes llenos de caf\u00e9, tabaco, az\u00facar, sedas, penicilinas, quesos de bola, edulcorantes, conjuntos de lana, etcetera, algunos de ellos, que hab\u00edan aprendido el oficio, se dedicaron a ser perseguidos por sus compa\u00f1eros, pues no les qued\u00f3 m\u00e1s remedio que dedicarse al contrabando.\u2028<br \/>Entre estos civiles hubo uno que era una persona maravillosa y que ten\u00eda tres hijos, estupendos ellos tambi\u00e9n, y que fueron durante muchos a\u00f1os compa\u00f1eros de travesuras y con los que a\u00fan conservo una buena amistad. Entre nuestras aventuras estaba una muy arriesgada: como la guardia civil persegu\u00eda a los contrabandistas, \u00e9stos, a la altura de la Estaci\u00f3n de la Indiana, le tiraban los matutes de tabaco, caf\u00e9, etc. a sus mujeres o a sus hijos, que los tomaban y se ve\u00edan a Ronda corriendo por los bajos del Tajo. \u2028En m\u00e1s de una ocasi\u00f3n \u00edbamos, estos amigos y yo mismo, a la estaci\u00f3n y recog\u00edamos la mercanc\u00eda para huir, cual alma que lleva el diablo, para evitar a los civiles. \u00c9ramos j\u00f3venes y de pies muy ligeros, as\u00ed que nunca tuvimos problemas, pero era demasiado aventurado, en opini\u00f3n de nuestras madres. \u00a1Qu\u00e9 remedio! Hab\u00eda que ayudar.\u2028En la actualidad, las cocheras siguen si\u00e9ndolo y la casa, muy deteriorada, la compraron al alim\u00f3n Antonio Aguilera (El Farfollito) y su cu\u00f1ado Antonio Troyano, as\u00ed que, hoy, son sus viudas las due\u00f1as de esta espl\u00e9ndida casa, aunque est\u00e9 en ruinas.\n    <\/div>\n<\/p><\/div>\n<\/div>\n<div class=\"art-content-layout\">\n<div class=\"art-content-layout-row\">\n<div class=\"art-layout-cell\" style=\"width: 33%\" >\n<p style=\"text-align: center;\"><img loading=\"lazy\" decoding=\"async\" width=\"279\" height=\"209\" alt=\"\" class=\"art-lightbox\" src=\"http:\/\/jmtornay.esy.es\/wp-content\/uploads\/2016\/11\/2-29.jpg\"><\/p>\n<\/p><\/div>\n<div class=\"art-layout-cell\" style=\"width: 34%\" >\n        <img loading=\"lazy\" decoding=\"async\" width=\"129\" height=\"129\" alt=\"\" class=\"art-lightbox\" src=\"http:\/\/jmtornay.esy.es\/wp-content\/uploads\/2016\/11\/Escudo.jpg\"><\/p>\n<p>En tiempo de bandidos<br \/>y bandoleros,<br \/>en esta casa moraban<br \/>los picoletos.<br \/>Tricornios y guerreras<br \/>en los balcones<br \/>y detr\u00e1s de las rejas<br \/>vidas de pobres\n    <\/div>\n<div class=\"art-layout-cell\" style=\"width: 33%\" >\n<p><img loading=\"lazy\" decoding=\"async\" width=\"279\" height=\"209\" alt=\"\" class=\"art-lightbox\" src=\"http:\/\/jmtornay.esy.es\/wp-content\/uploads\/2016\/11\/3-24.jpg\"><\/p>\n<\/p><\/div>\n<\/p><\/div>\n<\/div>\n<div class=\"art-content-layout\">\n<div class=\"art-content-layout-row\">\n<div class=\"art-layout-cell\" style=\"width: 100%\" >\n<p style=\"text-align: center;\"><span style=\"font-size: 20px;\">MUSEO DEL VINO<\/span><\/p>\n<\/p><\/div>\n<\/p><\/div>\n<\/div>\n<div class=\"art-content-layout\">\n<div class=\"art-content-layout-row\">\n<div class=\"art-layout-cell\" style=\"width: 33%\" >\n        Este museo se encuentra enclavado en la calle Gonz\u00e1lez Campos, n\u00famero, 2. Es un callej\u00f3n que sale de la calle Armi\u00f1an, a la derecha y llega a las espaldas de la catedral. \u2028En la antig\u00fcedad se llamaba \u00abAlrededores de Santa Mar\u00eda\u00bb. Pues ah\u00ed est\u00e1 enclavado este museo, en esta antigua bodega de Ronda, de la familia de los Narv\u00e1ez. La sede, en su \u00e9poca \u00e1rabe, form\u00f3 parte de la conocida como Casa del Gigante. Fue tambi\u00e9n propiedad del Duque de Ahumada, que la segreg\u00f3 para hacer una casa de vecinos, que los Narv\u00e1ez, en el siglo XX, convirtieron en bodega. Los due\u00f1os actuales son los propietarios de las bodegas \u00abLa Sangre de Ronda\u00bb, instaladores del Museo.<br \/>La casa conserva algunos restos de la \u00e9poca romana y \u00e1rabe. Fue un peque\u00f1o palacete Nazar\u00ed en el siglo XIV. En la actualidad se ha recuperado el patio columnado que pose\u00eda y que estaba tapado por necesidades de espacio y, de igual forma, la galer\u00eda alta con unas balconadas en madera de muy buen gusto.\u2028 Todo lo que es museo verdadero est\u00e1 situado en la parte alta de la casa, cerrado por esa galer\u00eda de madera y cristal que le da un determinado cach\u00e9 de calidad y recogimiento.<br \/>A los visitantes los suelen invitar a una degustaci\u00f3n de sus vinos, lo cual va incluido en la entrada. El Museo hace, a trav\u00e9s de paneles de informaci\u00f3n escrita, un recorrido por la historia del precioso n\u00e9ctar en nuestra zona y se remonta \u00e9sta a casi 6.000 a\u00f1os de tradici\u00f3n. Hace una rese\u00f1a a la ciudad romana de Acinipo (en griego quiere decir el lugar del vino), por existir en esa zona una cantidad importante de vi\u00f1edos, hoy desaparecidos, aunque se empieza a retomar la labor, que ya los romanos explotaban para enviarlos a la capital del Impertio.\n    <\/div>\n<div class=\"art-layout-cell\" style=\"width: 34%\" >\n<p style=\"text-align: center;\"><img loading=\"lazy\" decoding=\"async\" width=\"288\" height=\"216\" alt=\"\" class=\"art-lightbox\" src=\"http:\/\/jmtornay.esy.es\/wp-content\/uploads\/2016\/11\/1-25.jpg\"><br \/><img loading=\"lazy\" decoding=\"async\" width=\"226\" height=\"170\" alt=\"\" class=\"art-lightbox\" src=\"http:\/\/jmtornay.esy.es\/wp-content\/uploads\/2016\/11\/2-1-1.jpg\"><\/p>\n<\/p><\/div>\n<div class=\"art-layout-cell\" style=\"width: 33%\" >\n        Hay unas \u00e1nforas, supongo que recuperadas de las muchas que quedaron tragadas por el mar, como demostraci\u00f3n e aquellos env\u00edos. Tambi\u00e9n utiliza la palabra guadalev\u00edn, de origen \u00e1rabe y nombre de nuestro r\u00edo, para hacer un s\u00edmil entre huad, r\u00edo en \u00e1rabe, y levin, que ellos dicen vino. Pero esto est\u00e1 cogido por los pelos y con demasiado inter\u00e9s, ya que el Guadalev\u00edn de Ronda quiere decir en \u00e1rabe \u201cr\u00edo del reques\u00f3n\u201d o de la leche agria, que es como lo llamaron los \u00e1rabes.<br \/>Est\u00e1n expuestos una serie de utensilios que se utilizaron en su tiempo para la recogida de la uva, para el tratamiento de las cepas, la construcci\u00f3n de las barricas, la fabricaci\u00f3n de corchos para los tapones y alambiques para la extracci\u00f3n de alcohol de los que en la Serran\u00eda eran muy c\u00e9lebres y los hab\u00eda en gran abundancia.\u2028<br \/>Habla luego de los distintos tipos de vinos y del tratamiento que se sigue para llegar a ellos, desde los blancos, los rosados a los tintos que son los m\u00e1s famosos y los de m\u00e1s calidad.<br \/>Lo cierto es que a trav\u00e9s de los siglos nos ha llegado este legado que los ronde\u00f1os ten\u00edamos olvidado por el castigo que sufrimos con la filoxera, que hizo que desaparecieran las pocas bodegas que quedaban en Ronda a mediados del siglo pasado. Nombrar\u00e9 como recuerdo, la ya mencionada de los Narv\u00e1ez, la de los P\u00e9rez S\u00e1nchez y su famoso Fino PUSA, la de Romero, la Verdad y alguna otra que me habr\u00e9 dejado en el tintero.\n    <\/div>\n<\/p><\/div>\n<\/div>\n<div class=\"art-content-layout\">\n<div class=\"art-content-layout-row\">\n<div class=\"art-layout-cell\" style=\"width: 33%\" >\n<p><img loading=\"lazy\" decoding=\"async\" width=\"279\" height=\"209\" alt=\"\" class=\"art-lightbox\" src=\"http:\/\/jmtornay.esy.es\/wp-content\/uploads\/2016\/11\/3-25.jpg\"><\/p>\n<\/p><\/div>\n<div class=\"art-layout-cell\" style=\"width: 34%\" >\n<table class=\"art-article\" style=\"width: 100%;\">\n<tbody>\n<tr>\n<td style=\"width: 100%; text-align: center;\">Es n\u00e9ctar que refuerza los olvidos,<br \/>que aviva y edulcora los recuerdos,<br \/>que apaga la prudencia de los cuerdos<br \/>y da marcha a los tristes y aburridos.<\/p>\n<p>Enturbia la raz\u00f3n y el buen sentido,<br \/>se cisca en la abstinencia y en la dieta,<br \/>convierte en libertino al sobrio asceta<br \/>y en buf\u00f3n al gendarme desabrido.<\/p>\n<p>Es campana que llama a la pereza,<br \/>sirena que convoca a la alegr\u00eda,<br \/>que sienta en un columpio a la cabeza<\/p>\n<p>y alienta la amistad y la armon\u00eda,<br \/>que espanta poco a poco la tristeza<br \/>y transforma la prosa en poes\u00eda.<\/td>\n<\/tr>\n<\/tbody>\n<\/table><\/div>\n<div class=\"art-layout-cell\" style=\"width: 33%\" >\n<p style=\"text-align: center;\"><img loading=\"lazy\" decoding=\"async\" width=\"158\" height=\"210\" alt=\"\" class=\"art-lightbox\" src=\"http:\/\/jmtornay.esy.es\/wp-content\/uploads\/2016\/11\/4-9.jpg\"><\/p>\n<\/p><\/div>\n<\/p><\/div>\n<\/div>\n","protected":false},"excerpt":{"rendered":"<p>EL CICERONE Y EL TROVADOR Un paseo embriagador por nuestra RONDA, de ahora y de siempre CASA DEL GIGANTE El Museo de la Casa del Gigante, situado frente al Palacio de los Marqueses de Moctezuma, en la Plaza de su mismo nombre, era antiguamente la Casa de los G\u00f3mez de las Cortinas, familia noble de [&hellip;]<\/p>\n","protected":false},"author":1,"featured_media":0,"parent":0,"menu_order":0,"comment_status":"closed","ping_status":"closed","template":"","meta":{"_aioseop_title":"","_aioseop_description":"","ngg_post_thumbnail":0,"footnotes":""},"_links":{"self":[{"href":"http:\/\/www.josemariatornay.com\/index.php\/wp-json\/wp\/v2\/pages\/7752"}],"collection":[{"href":"http:\/\/www.josemariatornay.com\/index.php\/wp-json\/wp\/v2\/pages"}],"about":[{"href":"http:\/\/www.josemariatornay.com\/index.php\/wp-json\/wp\/v2\/types\/page"}],"author":[{"embeddable":true,"href":"http:\/\/www.josemariatornay.com\/index.php\/wp-json\/wp\/v2\/users\/1"}],"replies":[{"embeddable":true,"href":"http:\/\/www.josemariatornay.com\/index.php\/wp-json\/wp\/v2\/comments?post=7752"}],"version-history":[{"count":0,"href":"http:\/\/www.josemariatornay.com\/index.php\/wp-json\/wp\/v2\/pages\/7752\/revisions"}],"wp:attachment":[{"href":"http:\/\/www.josemariatornay.com\/index.php\/wp-json\/wp\/v2\/media?parent=7752"}],"curies":[{"name":"wp","href":"https:\/\/api.w.org\/{rel}","templated":true}]}}