{"id":9274,"date":"2016-12-13T19:00:35","date_gmt":"2016-12-13T18:00:35","guid":{"rendered":"http:\/\/www.josemariatornay.com\/?page_id=9274"},"modified":"2018-09-12T14:51:09","modified_gmt":"2018-09-12T13:51:09","slug":"mi-ronda-sentimental-2","status":"publish","type":"page","link":"http:\/\/www.josemariatornay.com\/index.php\/mi-ronda-sentimental-2\/","title":{"rendered":"Mi Ronda sentimental"},"content":{"rendered":"\t\t<div data-elementor-type=\"wp-page\" data-elementor-id=\"9274\" class=\"elementor elementor-9274 elementor-bc-flex-widget\">\n\t\t\t\t\t\t<section class=\"elementor-section elementor-top-section elementor-element elementor-element-axlgbes elementor-section-boxed elementor-section-height-default elementor-section-height-default\" data-id=\"axlgbes\" data-element_type=\"section\" data-settings=\"{&quot;background_background&quot;:&quot;classic&quot;}\">\n\t\t\t\t\t\t<div class=\"elementor-container elementor-column-gap-default\">\n\t\t\t\t\t<div class=\"elementor-column elementor-col-100 elementor-top-column elementor-element elementor-element-2gcif5s\" data-id=\"2gcif5s\" data-element_type=\"column\">\n\t\t\t<div class=\"elementor-widget-wrap elementor-element-populated\">\n\t\t\t\t\t\t<div class=\"elementor-element elementor-element-0tea428 elementor-widget elementor-widget-heading\" data-id=\"0tea428\" data-element_type=\"widget\" data-widget_type=\"heading.default\">\n\t\t\t\t<div class=\"elementor-widget-container\">\n\t\t\t<style>\/*! elementor - v3.20.0 - 20-03-2024 *\/\n.elementor-heading-title{padding:0;margin:0;line-height:1}.elementor-widget-heading .elementor-heading-title[class*=elementor-size-]>a{color:inherit;font-size:inherit;line-height:inherit}.elementor-widget-heading .elementor-heading-title.elementor-size-small{font-size:15px}.elementor-widget-heading .elementor-heading-title.elementor-size-medium{font-size:19px}.elementor-widget-heading .elementor-heading-title.elementor-size-large{font-size:29px}.elementor-widget-heading .elementor-heading-title.elementor-size-xl{font-size:39px}.elementor-widget-heading .elementor-heading-title.elementor-size-xxl{font-size:59px}<\/style><h2 class=\"elementor-heading-title elementor-size-small\">LO QUE EL VIENTO SE LLEV\u00d3 I<\/h2>\t\t<\/div>\n\t\t\t\t<\/div>\n\t\t\t\t<div class=\"elementor-element elementor-element-777vfo9 elementor-widget elementor-widget-text-editor\" data-id=\"777vfo9\" data-element_type=\"widget\" data-widget_type=\"text-editor.default\">\n\t\t\t\t<div class=\"elementor-widget-container\">\n\t\t\t<style>\/*! elementor - v3.20.0 - 20-03-2024 *\/\n.elementor-widget-text-editor.elementor-drop-cap-view-stacked .elementor-drop-cap{background-color:#69727d;color:#fff}.elementor-widget-text-editor.elementor-drop-cap-view-framed .elementor-drop-cap{color:#69727d;border:3px solid;background-color:transparent}.elementor-widget-text-editor:not(.elementor-drop-cap-view-default) .elementor-drop-cap{margin-top:8px}.elementor-widget-text-editor:not(.elementor-drop-cap-view-default) .elementor-drop-cap-letter{width:1em;height:1em}.elementor-widget-text-editor .elementor-drop-cap{float:left;text-align:center;line-height:1;font-size:50px}.elementor-widget-text-editor .elementor-drop-cap-letter{display:inline-block}<\/style>\t\t\t\t<p>La nostalgia es una enfermedad de la memoria. Sufrir por elpasado es tan necio como anhelar el futuro. Nuestra vida no tiene m\u00e1s realidad que el presente, ese que se va diluyendo como un azucarillo y que, sin darnos cuenta, va convirtiendo en pret\u00e9rito cada futuro que nos vamos encontrando. Lo que quiero presentar en esta secci\u00f3n no es m\u00e1s que un testimonio personal y gr\u00e1fico de aquellas cosas, sensaciones, personajes y territorios que han ido desapareciendo al paso aniquilador del tiempo y del hombre. Pero sin a\u00f1oranzas.<\/p><hr \/><p>\u00a0<\/p>\t\t\t\t\t\t<\/div>\n\t\t\t\t<\/div>\n\t\t\t\t\t<\/div>\n\t\t<\/div>\n\t\t\t\t\t<\/div>\n\t\t<\/section>\n\t\t\t\t<section class=\"elementor-section elementor-top-section elementor-element elementor-element-vj1prkt elementor-section-boxed elementor-section-height-default elementor-section-height-default\" data-id=\"vj1prkt\" data-element_type=\"section\">\n\t\t\t\t\t\t<div class=\"elementor-container elementor-column-gap-default\">\n\t\t\t\t\t<div class=\"elementor-column elementor-col-50 elementor-top-column elementor-element elementor-element-e8b8afv\" data-id=\"e8b8afv\" data-element_type=\"column\">\n\t\t\t<div class=\"elementor-widget-wrap elementor-element-populated\">\n\t\t\t\t\t\t<div class=\"elementor-element elementor-element-rf4fslo elementor-widget elementor-widget-image\" data-id=\"rf4fslo\" data-element_type=\"widget\" data-widget_type=\"image.default\">\n\t\t\t\t<div class=\"elementor-widget-container\">\n\t\t\t<style>\/*! elementor - v3.20.0 - 20-03-2024 *\/\n.elementor-widget-image{text-align:center}.elementor-widget-image a{display:inline-block}.elementor-widget-image a img[src$=\".svg\"]{width:48px}.elementor-widget-image img{vertical-align:middle;display:inline-block}<\/style>\t\t\t\t\t\t\t\t\t\t<img decoding=\"async\" src=\"http:\/\/www.josemariatornay.com\/wp-content\/uploads\/elementor\/thumbs\/miprimeracasa-opo4ebs65vj6j4uklg6eroa32ea8o0ae3d2e0zqzww.jpg\" title=\"miprimeracasa\" alt=\"miprimeracasa\" loading=\"lazy\" \/>\t\t\t\t\t\t\t\t\t\t\t\t\t<\/div>\n\t\t\t\t<\/div>\n\t\t\t\t\t<\/div>\n\t\t<\/div>\n\t\t\t\t<div class=\"elementor-column elementor-col-50 elementor-top-column elementor-element elementor-element-fz2ju6q\" data-id=\"fz2ju6q\" data-element_type=\"column\">\n\t\t\t<div class=\"elementor-widget-wrap elementor-element-populated\">\n\t\t\t\t\t\t<div class=\"elementor-element elementor-element-ju3tghw elementor-widget elementor-widget-text-editor\" data-id=\"ju3tghw\" data-element_type=\"widget\" data-widget_type=\"text-editor.default\">\n\t\t\t\t<div class=\"elementor-widget-container\">\n\t\t\t\t\t\t\t<p>Ah\u00ed sigue en pie, firme gracias a las vigas de hormig\u00f3n y a las inyecciones de nuevos materiales, pero mi casa ya no est\u00e1: aqu\u00e9lla de 1963 ha desaparecido porque ya se fueron las gentes que le daban vida y aliento. Lo que pronto ser\u00e1 un hotel era un patio de vecinos: \u00bfseis, siete? No recuerdo bien. S\u00ed tengo presente a Pepe \u00abel relojero\u00bb, \u00a1qu\u00e9 elemento! y a Lozano y sus interminables peroratas por las calles al calor del vino pele\u00f3n. Cu\u00e1ntos ratos detr\u00e1s de ese balc\u00f3n esperando la llegada a la Plaza Duquesa de Parcent, de los dos o tres coches que hab\u00eda en Ronda. Para m\u00ed, gente de campo, aqu\u00e9llos peque\u00f1os veh\u00edculos eran todo un acontecimiento.. Hab\u00eda un 600 negro que era de uso militar que ven\u00eda todos los d\u00eda (hay que tener en cuanta que, donde hoy est\u00e1 el Ayuntamiento, hab\u00eda un edificio del ej\u00e9rcito: la Zona de reclutamiento, creo que era). Hoy es imposible hacer una foto sin que aparezcan estos artefactos tan \u00fatiles y tan diab\u00f3licos.<\/p>\t\t\t\t\t\t<\/div>\n\t\t\t\t<\/div>\n\t\t\t\t\t<\/div>\n\t\t<\/div>\n\t\t\t\t\t<\/div>\n\t\t<\/section>\n\t\t\t\t<section class=\"elementor-section elementor-top-section elementor-element elementor-element-iz8h6k5 elementor-section-boxed elementor-section-height-default elementor-section-height-default\" data-id=\"iz8h6k5\" data-element_type=\"section\">\n\t\t\t\t\t\t<div class=\"elementor-container elementor-column-gap-default\">\n\t\t\t\t\t<div class=\"elementor-column elementor-col-50 elementor-top-column elementor-element elementor-element-lui1r4d\" data-id=\"lui1r4d\" data-element_type=\"column\">\n\t\t\t<div class=\"elementor-widget-wrap elementor-element-populated\">\n\t\t\t\t\t\t<div class=\"elementor-element elementor-element-rbpfymy elementor-widget elementor-widget-text-editor\" data-id=\"rbpfymy\" data-element_type=\"widget\" data-widget_type=\"text-editor.default\">\n\t\t\t\t<div class=\"elementor-widget-container\">\n\t\t\t\t\t\t\t<p>Y el viento se llev\u00f3 tambi\u00e9n el carb\u00f3n y al carbonero; en esa peque\u00f1a puerta, junto al Se\u00f1or del Perd\u00f3n, los vecinos adquir\u00edan el combustible a paletadas para sus humildes braseros. Tiempo de cisco y de mujeres prendiendo la \u00abcopa\u00bb en las puertas de las casas. De badila y de saba\u00f1ones. De olor permanente a quemado en las casas.A\u00fan tengo en la memoria las manos y la cara negra de aqu\u00e9l joven carbonero (a\u00fan vive y vende carb\u00f3n en el Barrio de San Francisco, pero ya en sacos y en plan manufacturado para barbacoas).El gas, la electricidad y dem\u00e1s bienes de progreso acabaron con su penoso trabajo, pero entonces era un elemnento esencial en nuestras modestas vidas cotidianas. Es curioso, la puerta y el interior siguen como estaban; algo inconcebible en estos tiempos en los que antes de desaparecer algo ya tiene asignada una nueva funci\u00f3n generadora de recursos econ\u00f3micos.<\/p>\t\t\t\t\t\t<\/div>\n\t\t\t\t<\/div>\n\t\t\t\t\t<\/div>\n\t\t<\/div>\n\t\t\t\t<div class=\"elementor-column elementor-col-50 elementor-top-column elementor-element elementor-element-i5lubxp\" data-id=\"i5lubxp\" data-element_type=\"column\">\n\t\t\t<div class=\"elementor-widget-wrap elementor-element-populated\">\n\t\t\t\t\t\t<div class=\"elementor-element elementor-element-lvd2xrq elementor-widget elementor-widget-image\" data-id=\"lvd2xrq\" data-element_type=\"widget\" data-widget_type=\"image.default\">\n\t\t\t\t<div class=\"elementor-widget-container\">\n\t\t\t\t\t\t\t\t\t\t\t\t\t<img decoding=\"async\" src=\"http:\/\/www.josemariatornay.com\/wp-content\/uploads\/elementor\/thumbs\/carbonero-opo4djl12ruifje97j2yhcwfkl0xy0spmn1howvxlc.jpg\" title=\"carbonero\" alt=\"carbonero\" loading=\"lazy\" \/>\t\t\t\t\t\t\t\t\t\t\t\t\t<\/div>\n\t\t\t\t<\/div>\n\t\t\t\t\t<\/div>\n\t\t<\/div>\n\t\t\t\t\t<\/div>\n\t\t<\/section>\n\t\t\t\t<section class=\"elementor-section elementor-top-section elementor-element elementor-element-wumgd44 elementor-section-boxed elementor-section-height-default elementor-section-height-default\" data-id=\"wumgd44\" data-element_type=\"section\">\n\t\t\t\t\t\t<div class=\"elementor-container elementor-column-gap-default\">\n\t\t\t\t\t<div class=\"elementor-column elementor-col-50 elementor-top-column elementor-element elementor-element-oo84vvv\" data-id=\"oo84vvv\" data-element_type=\"column\">\n\t\t\t<div class=\"elementor-widget-wrap elementor-element-populated\">\n\t\t\t\t\t\t<div class=\"elementor-element elementor-element-gp5wkbh elementor-widget elementor-widget-image\" data-id=\"gp5wkbh\" data-element_type=\"widget\" data-widget_type=\"image.default\">\n\t\t\t\t<div class=\"elementor-widget-container\">\n\t\t\t\t\t\t\t\t\t\t\t\t\t<img decoding=\"async\" src=\"http:\/\/www.josemariatornay.com\/wp-content\/uploads\/elementor\/thumbs\/callejonmuertos-opo4db4hd9ixj1qjkxfbcx1a846n0qv4lh64df8h5c.jpg\" title=\"callejonmuertos\" alt=\"callejonmuertos\" loading=\"lazy\" \/>\t\t\t\t\t\t\t\t\t\t\t\t\t<\/div>\n\t\t\t\t<\/div>\n\t\t\t\t\t<\/div>\n\t\t<\/div>\n\t\t\t\t<div class=\"elementor-column elementor-col-50 elementor-top-column elementor-element elementor-element-6i5c3wz\" data-id=\"6i5c3wz\" data-element_type=\"column\">\n\t\t\t<div class=\"elementor-widget-wrap elementor-element-populated\">\n\t\t\t\t\t\t<div class=\"elementor-element elementor-element-rhj1s1y elementor-widget elementor-widget-text-editor\" data-id=\"rhj1s1y\" data-element_type=\"widget\" data-widget_type=\"text-editor.default\">\n\t\t\t\t<div class=\"elementor-widget-container\">\n\t\t\t\t\t\t\t<p>Y se llev\u00f3 \u00abel callej\u00f3n de los muertos\u00bb y dej\u00f3 un moderno patio de vecinos respetuoso con el entorno. (Hoy las cosas son tan respetuosas con el entorno que resultan fr\u00edas y excesivamente calculadas). Aqu\u00e9l callej\u00f3n era m\u00e1gico: \u00a1cu\u00e1ntas leyendas circulaban sobre \u00e9l! \u00a1Qu\u00e9 escalofr\u00edos produc\u00eda su obligado paso!<br \/>Su tr\u00e1nsito era un aldabonazo para las conciencias: unos sobre otros se apilaban multidud de f\u00e9retros (entonces los llam\u00e1bamos \u00abcajas de muertos\u00bb), embalajes para la otra vida, para el otro mundo, que se pod\u00edan vislumbrar tras la puerta entreabierta. A veces se intu\u00eda alg\u00fan operario, al que consider\u00e1bamos enviado del infierno. Pocos se atrev\u00edan a pasar por all\u00ed en solitario. \u00a1Cu\u00e1ntas bromas no habr\u00e1 urdido mi amigo Antonio Becerra en este t\u00e9trico entorno! Encima, lindaba con la iglesia, donde te recordaban sin cesar que eras polvo y aqu\u00ed, en este callej\u00f3n, pod\u00edas comprobar que la cosa iba en serio.<\/p>\t\t\t\t\t\t<\/div>\n\t\t\t\t<\/div>\n\t\t\t\t\t<\/div>\n\t\t<\/div>\n\t\t\t\t\t<\/div>\n\t\t<\/section>\n\t\t\t\t<section class=\"elementor-section elementor-top-section elementor-element elementor-element-f9mibfb elementor-section-boxed elementor-section-height-default elementor-section-height-default\" data-id=\"f9mibfb\" data-element_type=\"section\">\n\t\t\t\t\t\t<div class=\"elementor-container elementor-column-gap-default\">\n\t\t\t\t\t<div class=\"elementor-column elementor-col-50 elementor-top-column elementor-element elementor-element-diiml92\" data-id=\"diiml92\" data-element_type=\"column\">\n\t\t\t<div class=\"elementor-widget-wrap elementor-element-populated\">\n\t\t\t\t\t\t<div class=\"elementor-element elementor-element-85c3kb9 elementor-widget elementor-widget-text-editor\" data-id=\"85c3kb9\" data-element_type=\"widget\" data-widget_type=\"text-editor.default\">\n\t\t\t\t<div class=\"elementor-widget-container\">\n\t\t\t\t\t\t\t<p>No ha corrido mejor suerte mi Colegio. Ahora acaba de cerrar definitivamente (a\u00f1o 2004), pero ya hace d\u00e9cadas que desapareci\u00f3. Lo hizo cuando perdi\u00f3 su identidad y pas\u00f3 de mano en mano hasta llegar a su estado actual.No hay nostalgia en estas palabras por un determinado tipo de educaci\u00f3n que tampoco ten\u00eda ya sentido desde hace bastante tiempo, sino pesar por el abandono de unas estupendas instalaciones que ser\u00edan muy \u00fatiles para el presente y el futuro de esta ciudad. All\u00ed hizo uno sus primeros pinitos deportivos, sus primeros ensayos teatrales y sus primeras piruetas musicales. \u00bfC\u00f3mo no tener en el coraz\u00f3n semejante caldo de cultivo? \u00a1Qu\u00e9 tardes de domingo compartiendo cartel con las m\u00e1s ilustres estrellas de Hollywood! El Gordo y el Flaco me marcaron para siempre. \u00abLa barca sin pescador\u00bb me inyect\u00f3 el suficiente veneno como para que a\u00fan siga enamorado del teatro. Aquel patio de losetas fue el Bernab\u00e9u que a\u00fan conserva mis desmarques y mis goles espectaculares. Sue\u00f1os que siguen vivos, porque los sue\u00f1os no desaparecen hasta que no lo hace el que los alimenta. Y medallas, en aquellas espl\u00e9ndidas olimpiadas que nos transportaban a escenarios hel\u00e9nicos&#8230;<\/p>\t\t\t\t\t\t<\/div>\n\t\t\t\t<\/div>\n\t\t\t\t\t<\/div>\n\t\t<\/div>\n\t\t\t\t<div class=\"elementor-column elementor-col-50 elementor-top-column elementor-element elementor-element-e7naulc\" data-id=\"e7naulc\" data-element_type=\"column\">\n\t\t\t<div class=\"elementor-widget-wrap elementor-element-populated\">\n\t\t\t\t\t\t<div class=\"elementor-element elementor-element-kuh334c elementor-widget elementor-widget-image\" data-id=\"kuh334c\" data-element_type=\"widget\" data-widget_type=\"image.default\">\n\t\t\t\t<div class=\"elementor-widget-container\">\n\t\t\t\t\t\t\t\t\t\t\t\t\t<img decoding=\"async\" src=\"http:\/\/www.josemariatornay.com\/wp-content\/uploads\/elementor\/thumbs\/castillo-opo4dszcjenvjgbf9e8sf6ucczlftm5fgpkt1z7hi8.jpg\" title=\"castillo\" alt=\"castillo\" loading=\"lazy\" \/>\t\t\t\t\t\t\t\t\t\t\t\t\t<\/div>\n\t\t\t\t<\/div>\n\t\t\t\t\t<\/div>\n\t\t<\/div>\n\t\t\t\t\t<\/div>\n\t\t<\/section>\n\t\t\t\t<section class=\"elementor-section elementor-top-section elementor-element elementor-element-64vfvcj elementor-section-boxed elementor-section-height-default elementor-section-height-default\" data-id=\"64vfvcj\" data-element_type=\"section\">\n\t\t\t\t\t\t<div class=\"elementor-container elementor-column-gap-default\">\n\t\t\t\t\t<div class=\"elementor-column elementor-col-50 elementor-top-column elementor-element elementor-element-i2wht4t\" data-id=\"i2wht4t\" data-element_type=\"column\">\n\t\t\t<div class=\"elementor-widget-wrap elementor-element-populated\">\n\t\t\t\t\t\t<div class=\"elementor-element elementor-element-m7j4i3l elementor-widget elementor-widget-image\" data-id=\"m7j4i3l\" data-element_type=\"widget\" data-widget_type=\"image.default\">\n\t\t\t\t<div class=\"elementor-widget-container\">\n\t\t\t\t\t\t\t\t\t\t\t\t\t<img decoding=\"async\" src=\"http:\/\/www.josemariatornay.com\/wp-content\/uploads\/elementor\/thumbs\/micalle-opo4e2dsvgk8vqmy5r7hv85ngaga7yvcd837ag424w.jpg\" title=\"micalle\" alt=\"micalle\" loading=\"lazy\" \/>\t\t\t\t\t\t\t\t\t\t\t\t\t<\/div>\n\t\t\t\t<\/div>\n\t\t\t\t\t<\/div>\n\t\t<\/div>\n\t\t\t\t<div class=\"elementor-column elementor-col-50 elementor-top-column elementor-element elementor-element-cm7j79r\" data-id=\"cm7j79r\" data-element_type=\"column\">\n\t\t\t<div class=\"elementor-widget-wrap elementor-element-populated\">\n\t\t\t\t\t\t<div class=\"elementor-element elementor-element-at1djfl elementor-widget elementor-widget-text-editor\" data-id=\"at1djfl\" data-element_type=\"widget\" data-widget_type=\"text-editor.default\">\n\t\t\t\t<div class=\"elementor-widget-container\">\n\t\t\t\t\t\t\t<p>Y mi calle sigue ah\u00ed, con el mismo z\u00f3calo y los mismos balcones y las mismas ventanas. Pero hay algo que la ha hecho desaparecer y que ahora sea otra: los coches han ocupado el lugar de las personas y los contenedores de basura, el espacio de mi segundo campo de deportes. Aqu\u00ed, entonces, pon\u00eda yo en pr\u00e1ctica lo que en \u00abEl Castillo\u00bb aprend\u00edamos de manejo de la pelota y de estrategia para salir airoso en espacios reducidos. Hoy tengo la suerte de vivir en la misma calle, aunque en distinta casa. El disco parece indicar que los ni\u00f1os ya han perdido el espacio vital que ten\u00edan en las calles; ahora andan en otros menesteres menos ecol\u00f3gicos. Lo mismo pas\u00f3 con el rellano de la \u00abPuerta de \u00c1vila\u00bb y con la Plaz de la Paz, aut\u00e9ntico estadio irregular con dos porter\u00edas asim\u00e9tricas que, a veces, eran puertas de sendas cocheras. En lo que era una de ellas, est\u00e1 ahora mi ventana, mirador de bodas y procesiones.<\/p>\t\t\t\t\t\t<\/div>\n\t\t\t\t<\/div>\n\t\t\t\t\t<\/div>\n\t\t<\/div>\n\t\t\t\t\t<\/div>\n\t\t<\/section>\n\t\t\t\t<section class=\"elementor-section elementor-top-section elementor-element elementor-element-9fzn156 elementor-section-boxed elementor-section-height-default elementor-section-height-default\" data-id=\"9fzn156\" data-element_type=\"section\">\n\t\t\t\t\t\t<div class=\"elementor-container elementor-column-gap-default\">\n\t\t\t\t\t<div class=\"elementor-column elementor-col-100 elementor-top-column elementor-element elementor-element-1xutvqj\" data-id=\"1xutvqj\" data-element_type=\"column\">\n\t\t\t<div class=\"elementor-widget-wrap elementor-element-populated\">\n\t\t\t\t\t\t<div class=\"elementor-element elementor-element-z2enduh elementor-widget elementor-widget-heading\" data-id=\"z2enduh\" data-element_type=\"widget\" data-widget_type=\"heading.default\">\n\t\t\t\t<div class=\"elementor-widget-container\">\n\t\t\t<h2 class=\"elementor-heading-title elementor-size-small\">LO QUE EL VIENTO SE LLEV\u00d3 II<\/h2>\t\t<\/div>\n\t\t\t\t<\/div>\n\t\t\t\t<div class=\"elementor-element elementor-element-v5oxljw elementor-widget elementor-widget-text-editor\" data-id=\"v5oxljw\" data-element_type=\"widget\" data-widget_type=\"text-editor.default\">\n\t\t\t\t<div class=\"elementor-widget-container\">\n\t\t\t\t\t\t\t<p>Y se ha ido llevando muchas cosas y personas y sentimientos y sensaciones&#8230;pero, los que hemos tenido la suerte de crecer en un barrio como \u00e9ste, monumental y antiguo, hemos visto menos cambios de lo habitual, al menos en el paisaje urbano. Muchas cosas siguen estando ah\u00ed (ya lo veremos en la secci\u00f3n LO QUE EL VIENTO SE OLVID\u00d3). Eso facilita la tarea de la memoria, pero tambi\u00e9n hace que los recuerdos siempre esst\u00e9n a flor de piel, incluso cuando no se solicitan y, a veces, hasta duelen como peque\u00f1os aguijones en el alma.<\/p>\t\t\t\t\t\t<\/div>\n\t\t\t\t<\/div>\n\t\t\t\t\t<\/div>\n\t\t<\/div>\n\t\t\t\t\t<\/div>\n\t\t<\/section>\n\t\t\t\t<section class=\"elementor-section elementor-top-section elementor-element elementor-element-0lbt7ss elementor-section-boxed elementor-section-height-default elementor-section-height-default\" data-id=\"0lbt7ss\" data-element_type=\"section\">\n\t\t\t\t\t\t<div class=\"elementor-container elementor-column-gap-default\">\n\t\t\t\t\t<div class=\"elementor-column elementor-col-100 elementor-top-column elementor-element elementor-element-z0p8f4u\" data-id=\"z0p8f4u\" data-element_type=\"column\">\n\t\t\t<div class=\"elementor-widget-wrap elementor-element-populated\">\n\t\t\t\t\t\t<div class=\"elementor-element elementor-element-vpm923w elementor-widget-divider--view-line elementor-widget elementor-widget-divider\" data-id=\"vpm923w\" data-element_type=\"widget\" data-widget_type=\"divider.default\">\n\t\t\t\t<div class=\"elementor-widget-container\">\n\t\t\t<style>\/*! elementor - v3.20.0 - 20-03-2024 *\/\n.elementor-widget-divider{--divider-border-style:none;--divider-border-width:1px;--divider-color:#0c0d0e;--divider-icon-size:20px;--divider-element-spacing:10px;--divider-pattern-height:24px;--divider-pattern-size:20px;--divider-pattern-url:none;--divider-pattern-repeat:repeat-x}.elementor-widget-divider .elementor-divider{display:flex}.elementor-widget-divider .elementor-divider__text{font-size:15px;line-height:1;max-width:95%}.elementor-widget-divider .elementor-divider__element{margin:0 var(--divider-element-spacing);flex-shrink:0}.elementor-widget-divider .elementor-icon{font-size:var(--divider-icon-size)}.elementor-widget-divider .elementor-divider-separator{display:flex;margin:0;direction:ltr}.elementor-widget-divider--view-line_icon .elementor-divider-separator,.elementor-widget-divider--view-line_text .elementor-divider-separator{align-items:center}.elementor-widget-divider--view-line_icon .elementor-divider-separator:after,.elementor-widget-divider--view-line_icon .elementor-divider-separator:before,.elementor-widget-divider--view-line_text .elementor-divider-separator:after,.elementor-widget-divider--view-line_text .elementor-divider-separator:before{display:block;content:\"\";border-block-end:0;flex-grow:1;border-block-start:var(--divider-border-width) var(--divider-border-style) var(--divider-color)}.elementor-widget-divider--element-align-left .elementor-divider .elementor-divider-separator>.elementor-divider__svg:first-of-type{flex-grow:0;flex-shrink:100}.elementor-widget-divider--element-align-left .elementor-divider-separator:before{content:none}.elementor-widget-divider--element-align-left .elementor-divider__element{margin-left:0}.elementor-widget-divider--element-align-right .elementor-divider .elementor-divider-separator>.elementor-divider__svg:last-of-type{flex-grow:0;flex-shrink:100}.elementor-widget-divider--element-align-right .elementor-divider-separator:after{content:none}.elementor-widget-divider--element-align-right .elementor-divider__element{margin-right:0}.elementor-widget-divider--element-align-start .elementor-divider .elementor-divider-separator>.elementor-divider__svg:first-of-type{flex-grow:0;flex-shrink:100}.elementor-widget-divider--element-align-start .elementor-divider-separator:before{content:none}.elementor-widget-divider--element-align-start .elementor-divider__element{margin-inline-start:0}.elementor-widget-divider--element-align-end .elementor-divider .elementor-divider-separator>.elementor-divider__svg:last-of-type{flex-grow:0;flex-shrink:100}.elementor-widget-divider--element-align-end .elementor-divider-separator:after{content:none}.elementor-widget-divider--element-align-end .elementor-divider__element{margin-inline-end:0}.elementor-widget-divider:not(.elementor-widget-divider--view-line_text):not(.elementor-widget-divider--view-line_icon) .elementor-divider-separator{border-block-start:var(--divider-border-width) var(--divider-border-style) var(--divider-color)}.elementor-widget-divider--separator-type-pattern{--divider-border-style:none}.elementor-widget-divider--separator-type-pattern.elementor-widget-divider--view-line .elementor-divider-separator,.elementor-widget-divider--separator-type-pattern:not(.elementor-widget-divider--view-line) .elementor-divider-separator:after,.elementor-widget-divider--separator-type-pattern:not(.elementor-widget-divider--view-line) .elementor-divider-separator:before,.elementor-widget-divider--separator-type-pattern:not([class*=elementor-widget-divider--view]) .elementor-divider-separator{width:100%;min-height:var(--divider-pattern-height);-webkit-mask-size:var(--divider-pattern-size) 100%;mask-size:var(--divider-pattern-size) 100%;-webkit-mask-repeat:var(--divider-pattern-repeat);mask-repeat:var(--divider-pattern-repeat);background-color:var(--divider-color);-webkit-mask-image:var(--divider-pattern-url);mask-image:var(--divider-pattern-url)}.elementor-widget-divider--no-spacing{--divider-pattern-size:auto}.elementor-widget-divider--bg-round{--divider-pattern-repeat:round}.rtl .elementor-widget-divider .elementor-divider__text{direction:rtl}.e-con-inner>.elementor-widget-divider,.e-con>.elementor-widget-divider{width:var(--container-widget-width,100%);--flex-grow:var(--container-widget-flex-grow)}<\/style>\t\t<div class=\"elementor-divider\">\n\t\t\t<span class=\"elementor-divider-separator\">\n\t\t\t\t\t\t<\/span>\n\t\t<\/div>\n\t\t\t\t<\/div>\n\t\t\t\t<\/div>\n\t\t\t\t\t<\/div>\n\t\t<\/div>\n\t\t\t\t\t<\/div>\n\t\t<\/section>\n\t\t\t\t<section class=\"elementor-section elementor-top-section elementor-element elementor-element-d6ijrau elementor-section-boxed elementor-section-height-default elementor-section-height-default\" data-id=\"d6ijrau\" data-element_type=\"section\">\n\t\t\t\t\t\t<div class=\"elementor-container elementor-column-gap-default\">\n\t\t\t\t\t<div class=\"elementor-column elementor-col-50 elementor-top-column elementor-element elementor-element-3rdo9tx\" data-id=\"3rdo9tx\" data-element_type=\"column\">\n\t\t\t<div class=\"elementor-widget-wrap elementor-element-populated\">\n\t\t\t\t\t\t<div class=\"elementor-element elementor-element-n26m65o elementor-widget elementor-widget-text-editor\" data-id=\"n26m65o\" data-element_type=\"widget\" data-widget_type=\"text-editor.default\">\n\t\t\t\t<div class=\"elementor-widget-container\">\n\t\t\t\t\t\t\t<p>Cuando yo sal\u00eda de mi casa, por la puerta que ha sido sustituida por ese hueco enladrillado, giraba a la derecha y me encontraba con aqu\u00e9lla puerta negra, que sigue igual que entonces. Es una peque\u00f1a puerta, humilde, de hierro, ajena a la grandeza de los dem\u00e1s accesos de la Iglesia Mayor. No es casualidad que por ella entrara y saliera el m\u00e1s insigne de sus rectores: D. Antolio Gamboa. Su figura y su persona casaban bien con esta entrada, pero su trabajo era grande, imponente, ejemplar. L\u00e1stima que este tipo de ejemplos no cundan. Muy al contrario, el apostolado ha elegido despu\u00e9s otros caminos menos modestos.<\/p>\t\t\t\t\t\t<\/div>\n\t\t\t\t<\/div>\n\t\t\t\t\t<\/div>\n\t\t<\/div>\n\t\t\t\t<div class=\"elementor-column elementor-col-50 elementor-top-column elementor-element elementor-element-pjk3s6g\" data-id=\"pjk3s6g\" data-element_type=\"column\">\n\t\t\t<div class=\"elementor-widget-wrap elementor-element-populated\">\n\t\t\t\t\t\t<div class=\"elementor-element elementor-element-q6z9a0t elementor-widget elementor-widget-image\" data-id=\"q6z9a0t\" data-element_type=\"widget\" data-widget_type=\"image.default\">\n\t\t\t\t<div class=\"elementor-widget-container\">\n\t\t\t\t\t\t\t\t\t\t\t\t\t<img decoding=\"async\" src=\"http:\/\/www.josemariatornay.com\/wp-content\/uploads\/elementor\/thumbs\/sacristia-opo4d0s9a34hr1hf39m6txq7hydi14qhlb8v2webj0.jpg\" title=\"sacristia\" alt=\"sacristia\" loading=\"lazy\" \/>\t\t\t\t\t\t\t\t\t\t\t\t\t<\/div>\n\t\t\t\t<\/div>\n\t\t\t\t\t<\/div>\n\t\t<\/div>\n\t\t\t\t\t<\/div>\n\t\t<\/section>\n\t\t\t\t<section class=\"elementor-section elementor-top-section elementor-element elementor-element-fhc71u4 elementor-section-boxed elementor-section-height-default elementor-section-height-default\" data-id=\"fhc71u4\" data-element_type=\"section\">\n\t\t\t\t\t\t<div class=\"elementor-container elementor-column-gap-default\">\n\t\t\t\t\t<div class=\"elementor-column elementor-col-50 elementor-top-column elementor-element elementor-element-f8q7k6q\" data-id=\"f8q7k6q\" data-element_type=\"column\">\n\t\t\t<div class=\"elementor-widget-wrap elementor-element-populated\">\n\t\t\t\t\t\t<div class=\"elementor-element elementor-element-v8hc7h1 elementor-widget elementor-widget-image\" data-id=\"v8hc7h1\" data-element_type=\"widget\" data-widget_type=\"image.default\">\n\t\t\t\t<div class=\"elementor-widget-container\">\n\t\t\t\t\t\t\t\t\t\t\t\t\t<img decoding=\"async\" src=\"http:\/\/www.josemariatornay.com\/wp-content\/uploads\/elementor\/thumbs\/santateresa01-opo4csbpkkswujtpgnyjphv25hj73uswk5dhreqv30.jpg\" title=\"santateresa01\" alt=\"santateresa01\" loading=\"lazy\" \/>\t\t\t\t\t\t\t\t\t\t\t\t\t<\/div>\n\t\t\t\t<\/div>\n\t\t\t\t\t<\/div>\n\t\t<\/div>\n\t\t\t\t<div class=\"elementor-column elementor-col-50 elementor-top-column elementor-element elementor-element-81mwi4q\" data-id=\"81mwi4q\" data-element_type=\"column\">\n\t\t\t<div class=\"elementor-widget-wrap elementor-element-populated\">\n\t\t\t\t\t\t<div class=\"elementor-element elementor-element-2je9f60 elementor-widget elementor-widget-text-editor\" data-id=\"2je9f60\" data-element_type=\"widget\" data-widget_type=\"text-editor.default\">\n\t\t\t\t<div class=\"elementor-widget-container\">\n\t\t\t\t\t\t\t<p>Un breve trecho me pon\u00eda frente a la entrada principal de mi colegio (nunca dej\u00f3 de serlo; incluso, durante un largo periodo -del 80 al 92- tuve la maravillosa experiencia de dirigirlo). Creo recordar que los alumnos ten\u00edamos el privilegio de entrar por esta puerta. Los d\u00edas de fiesta lo hac\u00edamos por la trasera, que da al Campillo, para nuestro f\u00fatbol de todos los domingos. Yo s\u00f3lo ten\u00eda 10 a\u00f1os y, m\u00e1s que jugar en serio, aprend\u00eda viendo c\u00f3mo lo hac\u00edan aquellos magos gigantes del bal\u00f3n. Aqu\u00ed pas\u00e9 un curso; luego me incorpor\u00e9 al Castillo. Hace poco le\u00ed un libro dedicado a D. Abraham y reviv\u00ed muchos de aquellos espacios y personajes.<\/p>\t\t\t\t\t\t<\/div>\n\t\t\t\t<\/div>\n\t\t\t\t\t<\/div>\n\t\t<\/div>\n\t\t\t\t\t<\/div>\n\t\t<\/section>\n\t\t\t\t<section class=\"elementor-section elementor-top-section elementor-element elementor-element-nh10j2x elementor-section-boxed elementor-section-height-default elementor-section-height-default\" data-id=\"nh10j2x\" data-element_type=\"section\">\n\t\t\t\t\t\t<div class=\"elementor-container elementor-column-gap-default\">\n\t\t\t\t\t<div class=\"elementor-column elementor-col-50 elementor-top-column elementor-element elementor-element-xp1i8fy\" data-id=\"xp1i8fy\" data-element_type=\"column\">\n\t\t\t<div class=\"elementor-widget-wrap elementor-element-populated\">\n\t\t\t\t\t\t<div class=\"elementor-element elementor-element-vdclslf elementor-widget elementor-widget-text-editor\" data-id=\"vdclslf\" data-element_type=\"widget\" data-widget_type=\"text-editor.default\">\n\t\t\t\t<div class=\"elementor-widget-container\">\n\t\t\t\t\t\t\t<p>Justo enfrente de la entrada principal del Colegio estaban las puertas de la Casa del Gigante. Siempre cerrada una y tapiada la otra. Dentro crec\u00eda un naranjo que hac\u00eda rebosar sus frutos por los bordes de las altas paredes. Tambi\u00e9n peleaba por ense\u00f1ar sus reto\u00f1os un anciano olivo. A lo largo de los a\u00f1os, creo recordar que, al menos, un par de veces, se habilit\u00f3 como sala de fiestas, bailes y bar. Nunca dur\u00f3 mucho tal actividad, tal vez por las protestas de los vecinos. Hoy se hay convertido en un coqueto museo y en el centro de la plaza luce el busto de Vicente Espinel, que anteriormente estaba en la plaza Duquesa de Parcent (actual Ayuntamiento).<\/p>\t\t\t\t\t\t<\/div>\n\t\t\t\t<\/div>\n\t\t\t\t\t<\/div>\n\t\t<\/div>\n\t\t\t\t<div class=\"elementor-column elementor-col-50 elementor-top-column elementor-element elementor-element-qham379\" data-id=\"qham379\" data-element_type=\"column\">\n\t\t\t<div class=\"elementor-widget-wrap elementor-element-populated\">\n\t\t\t\t\t\t<div class=\"elementor-element elementor-element-teo274z elementor-widget elementor-widget-image\" data-id=\"teo274z\" data-element_type=\"widget\" data-widget_type=\"image.default\">\n\t\t\t\t<div class=\"elementor-widget-container\">\n\t\t\t\t\t\t\t\t\t\t\t\t\t<img decoding=\"async\" src=\"http:\/\/www.josemariatornay.com\/wp-content\/uploads\/elementor\/thumbs\/gigante-opo4chzhheerau8q51hng2gzm8y5r6nuuq75hd66zg.jpg\" title=\"gigante\" alt=\"gigante\" loading=\"lazy\" \/>\t\t\t\t\t\t\t\t\t\t\t\t\t<\/div>\n\t\t\t\t<\/div>\n\t\t\t\t\t<\/div>\n\t\t<\/div>\n\t\t\t\t\t<\/div>\n\t\t<\/section>\n\t\t\t\t<section class=\"elementor-section elementor-top-section elementor-element elementor-element-ajeslyv elementor-section-boxed elementor-section-height-default elementor-section-height-default\" data-id=\"ajeslyv\" data-element_type=\"section\">\n\t\t\t\t\t\t<div class=\"elementor-container elementor-column-gap-default\">\n\t\t\t\t\t<div class=\"elementor-column elementor-col-50 elementor-top-column elementor-element elementor-element-lpcoh79\" data-id=\"lpcoh79\" data-element_type=\"column\">\n\t\t\t<div class=\"elementor-widget-wrap elementor-element-populated\">\n\t\t\t\t\t\t<div class=\"elementor-element elementor-element-dkwbi7a elementor-widget elementor-widget-image\" data-id=\"dkwbi7a\" data-element_type=\"widget\" data-widget_type=\"image.default\">\n\t\t\t\t<div class=\"elementor-widget-container\">\n\t\t\t\t\t\t\t\t\t\t\t\t\t<img decoding=\"async\" src=\"http:\/\/www.josemariatornay.com\/wp-content\/uploads\/elementor\/thumbs\/santateresa01-1-opo4bz6popp0un016td4277rqjith8l8455fvty2fw.jpg\" title=\"santateresa01\" alt=\"santateresa01\" loading=\"lazy\" \/>\t\t\t\t\t\t\t\t\t\t\t\t\t<\/div>\n\t\t\t\t<\/div>\n\t\t\t\t\t<\/div>\n\t\t<\/div>\n\t\t\t\t<div class=\"elementor-column elementor-col-50 elementor-top-column elementor-element elementor-element-2gn9iu7\" data-id=\"2gn9iu7\" data-element_type=\"column\">\n\t\t\t<div class=\"elementor-widget-wrap elementor-element-populated\">\n\t\t\t\t\t\t<div class=\"elementor-element elementor-element-pj1rhu9 elementor-widget elementor-widget-text-editor\" data-id=\"pj1rhu9\" data-element_type=\"widget\" data-widget_type=\"text-editor.default\">\n\t\t\t\t<div class=\"elementor-widget-container\">\n\t\t\t\t\t\t\t<p>Avanzando por el callej\u00f3n que lleva a la Iglesia Mayor, a unos treinta o cuarenta metros de la entrada principal, se encontraba la puerta de entrada a la Capilla del Colegio. Antes del acceso a \u00e9sta, te encontrabas con un precioso jard\u00edn de altos \u00e1rboles y plantas siempre muy bien cuidadas. Hoy aqu\u00e9llos est\u00e1n ya muy descarnados por el tiempo, aunque los jardines siguen estando tan mimados como entonces. La capilla era de visita obligada. La misa era diaria y, a veces, una cerenonia especial en la que se daba por parte del sacerdote de turno, la bendici\u00f3n en plan solemne. Hoy est\u00e1 dedicada al museo Joaqu\u00edn Peinado.<\/p>\t\t\t\t\t\t<\/div>\n\t\t\t\t<\/div>\n\t\t\t\t\t<\/div>\n\t\t<\/div>\n\t\t\t\t\t<\/div>\n\t\t<\/section>\n\t\t\t\t<section class=\"elementor-section elementor-top-section elementor-element elementor-element-gnosfwt elementor-section-boxed elementor-section-height-default elementor-section-height-default\" data-id=\"gnosfwt\" data-element_type=\"section\">\n\t\t\t\t\t\t<div class=\"elementor-container elementor-column-gap-default\">\n\t\t\t\t\t<div class=\"elementor-column elementor-col-50 elementor-top-column elementor-element elementor-element-5w0tjrq\" data-id=\"5w0tjrq\" data-element_type=\"column\">\n\t\t\t<div class=\"elementor-widget-wrap elementor-element-populated\">\n\t\t\t\t\t\t<div class=\"elementor-element elementor-element-ixrhnmg elementor-widget elementor-widget-text-editor\" data-id=\"ixrhnmg\" data-element_type=\"widget\" data-widget_type=\"text-editor.default\">\n\t\t\t\t<div class=\"elementor-widget-container\">\n\t\t\t\t\t\t\t<p>Hab\u00eda en la capilla dos puertas en la esquinas donde estaba ubicado el altar. Una era practicable y llevaba a la sacrist\u00eda y por ella entraban y sal\u00edan los celebrantes y ac\u00f3litos. La otra, en el otro extremo, era m\u00e1gica. Estaba pintada (era virtual), imitando a la otra real y hac\u00eda posible que nuestra imaginaci\u00f3n calenturienta y convenientemente atizada por los curas, inventara mil y una historias sobre los tesoros que escond\u00eda.<br \/>Volviendo la espalda a esta puerta de entrada al jard\u00edn y a la capilla, me encontraba con la imponente mole de la Iglesia Mayor y con el callej\u00f3n que, despu\u00e9s, y durante varios a\u00f1os, me llevar\u00eda a mi otro Colegio: El Castillo.<\/p>\t\t\t\t\t\t<\/div>\n\t\t\t\t<\/div>\n\t\t\t\t\t<\/div>\n\t\t<\/div>\n\t\t\t\t<div class=\"elementor-column elementor-col-50 elementor-top-column elementor-element elementor-element-esxhtgq\" data-id=\"esxhtgq\" data-element_type=\"column\">\n\t\t\t<div class=\"elementor-widget-wrap elementor-element-populated\">\n\t\t\t\t\t\t<div class=\"elementor-element elementor-element-24psxr9 elementor-widget elementor-widget-image\" data-id=\"24psxr9\" data-element_type=\"widget\" data-widget_type=\"image.default\">\n\t\t\t\t<div class=\"elementor-widget-container\">\n\t\t\t\t\t\t\t\t\t\t\t\t\t<img decoding=\"async\" src=\"http:\/\/www.josemariatornay.com\/wp-content\/uploads\/elementor\/thumbs\/calledbosco-opo4c9ixrw36ecl0ifu0bmlu9s3utwq9tkbs5viqjg.jpg\" title=\"calledbosco\" alt=\"calledbosco\" loading=\"lazy\" \/>\t\t\t\t\t\t\t\t\t\t\t\t\t<\/div>\n\t\t\t\t<\/div>\n\t\t\t\t\t<\/div>\n\t\t<\/div>\n\t\t\t\t\t<\/div>\n\t\t<\/section>\n\t\t\t\t<section class=\"elementor-section elementor-top-section elementor-element elementor-element-f8hpk3f elementor-section-boxed elementor-section-height-default elementor-section-height-default\" data-id=\"f8hpk3f\" data-element_type=\"section\">\n\t\t\t\t\t\t<div class=\"elementor-container elementor-column-gap-default\">\n\t\t\t\t\t<div class=\"elementor-column elementor-col-100 elementor-top-column elementor-element elementor-element-kli60p7\" data-id=\"kli60p7\" data-element_type=\"column\">\n\t\t\t<div class=\"elementor-widget-wrap elementor-element-populated\">\n\t\t\t\t\t\t<div class=\"elementor-element elementor-element-9sw85oi elementor-widget elementor-widget-heading\" data-id=\"9sw85oi\" data-element_type=\"widget\" data-widget_type=\"heading.default\">\n\t\t\t\t<div class=\"elementor-widget-container\">\n\t\t\t<h2 class=\"elementor-heading-title elementor-size-small\">LO QUE EL VIENTO SE LLEV\u00d3 III<\/h2>\t\t<\/div>\n\t\t\t\t<\/div>\n\t\t\t\t<div class=\"elementor-element elementor-element-emsna21 elementor-widget elementor-widget-text-editor\" data-id=\"emsna21\" data-element_type=\"widget\" data-widget_type=\"text-editor.default\">\n\t\t\t\t<div class=\"elementor-widget-container\">\n\t\t\t\t\t\t\t<p>La verdad es que si tuviera fotos de la calle Armi\u00f1\u00e1n de hace cuarenta a\u00f1os no habr\u00eda muchas diferencias apreciables con las que aqu\u00ed pongo, reci\u00e9n salidas del horno. El paisaje es parecido (ah\u00ed est\u00e1 el minarete para atestiguarlo), pero la gente ha cambiado: a los que han ido desapareciendo para siempre se han unido los que cambiaron su residencia por razones diversas.<\/p>\t\t\t\t\t\t<\/div>\n\t\t\t\t<\/div>\n\t\t\t\t\t<\/div>\n\t\t<\/div>\n\t\t\t\t\t<\/div>\n\t\t<\/section>\n\t\t\t\t<section class=\"elementor-section elementor-top-section elementor-element elementor-element-r9st9u9 elementor-section-boxed elementor-section-height-default elementor-section-height-default\" data-id=\"r9st9u9\" data-element_type=\"section\">\n\t\t\t\t\t\t<div class=\"elementor-container elementor-column-gap-default\">\n\t\t\t\t\t<div class=\"elementor-column elementor-col-100 elementor-top-column elementor-element elementor-element-4czrvtw\" data-id=\"4czrvtw\" data-element_type=\"column\">\n\t\t\t<div class=\"elementor-widget-wrap elementor-element-populated\">\n\t\t\t\t\t\t<div class=\"elementor-element elementor-element-7pb116u elementor-widget-divider--view-line elementor-widget elementor-widget-divider\" data-id=\"7pb116u\" data-element_type=\"widget\" data-widget_type=\"divider.default\">\n\t\t\t\t<div class=\"elementor-widget-container\">\n\t\t\t\t\t<div class=\"elementor-divider\">\n\t\t\t<span class=\"elementor-divider-separator\">\n\t\t\t\t\t\t<\/span>\n\t\t<\/div>\n\t\t\t\t<\/div>\n\t\t\t\t<\/div>\n\t\t\t\t\t<\/div>\n\t\t<\/div>\n\t\t\t\t\t<\/div>\n\t\t<\/section>\n\t\t\t\t<section class=\"elementor-section elementor-top-section elementor-element elementor-element-cdq8br2 elementor-section-boxed elementor-section-height-default elementor-section-height-default\" data-id=\"cdq8br2\" data-element_type=\"section\">\n\t\t\t\t\t\t<div class=\"elementor-container elementor-column-gap-default\">\n\t\t\t\t\t<div class=\"elementor-column elementor-col-50 elementor-top-column elementor-element elementor-element-c9kj8rz\" data-id=\"c9kj8rz\" data-element_type=\"column\">\n\t\t\t<div class=\"elementor-widget-wrap elementor-element-populated\">\n\t\t\t\t\t\t<div class=\"elementor-element elementor-element-95es5b8 elementor-widget elementor-widget-image\" data-id=\"95es5b8\" data-element_type=\"widget\" data-widget_type=\"image.default\">\n\t\t\t\t<div class=\"elementor-widget-container\">\n\t\t\t\t\t\t\t\t\t\t\t\t\t<img decoding=\"async\" src=\"http:\/\/www.josemariatornay.com\/wp-content\/uploads\/elementor\/thumbs\/clinicavet-opo4bgdxw0zaefrc8l8kobyjuu3h7aildk3qaapxwc.jpg\" title=\"clinicavet\" alt=\"clinicavet\" loading=\"lazy\" \/>\t\t\t\t\t\t\t\t\t\t\t\t\t<\/div>\n\t\t\t\t<\/div>\n\t\t\t\t\t<\/div>\n\t\t<\/div>\n\t\t\t\t<div class=\"elementor-column elementor-col-50 elementor-top-column elementor-element elementor-element-ujxsvhd\" data-id=\"ujxsvhd\" data-element_type=\"column\">\n\t\t\t<div class=\"elementor-widget-wrap elementor-element-populated\">\n\t\t\t\t\t\t<div class=\"elementor-element elementor-element-9v7fib2 elementor-widget elementor-widget-text-editor\" data-id=\"9v7fib2\" data-element_type=\"widget\" data-widget_type=\"text-editor.default\">\n\t\t\t\t<div class=\"elementor-widget-container\">\n\t\t\t\t\t\t\t<p>Y una cosa que no aparecer\u00eda en una imagen de aquellos tiempos ser\u00eda esa reata de coches, permanente, insistente, a cualquier hora del d\u00eda y de la noche.<br \/>A la izquierda y junto al Juzgado, sigue estando \u00abLa Jaulita\u00bb. M\u00e1s all\u00e1, desapareci\u00f3 el famoso cartel de la CL\u00cdNICA VETERINARIA DE JOS\u00c9 MEJ\u00cdAS CLAZADO\u00bb. El letrero debi\u00f3 sobrevivir durante mucho tiempo a la cl\u00ednica pues yo no llegu\u00e9 a conocer este local como tal, sino como almac\u00e9n de aceitunas. En la acera de enfrente hab\u00eda un estanco, regentado por Pepe V\u00e1zquez. All\u00ed se criaron y crecieron sus hijos, mis amigos Miguel \u00c1ngel, Tere, Mari&#8230;<\/p>\t\t\t\t\t\t<\/div>\n\t\t\t\t<\/div>\n\t\t\t\t\t<\/div>\n\t\t<\/div>\n\t\t\t\t\t<\/div>\n\t\t<\/section>\n\t\t\t\t<section class=\"elementor-section elementor-top-section elementor-element elementor-element-2gy4tph elementor-section-boxed elementor-section-height-default elementor-section-height-default\" data-id=\"2gy4tph\" data-element_type=\"section\">\n\t\t\t\t\t\t<div class=\"elementor-container elementor-column-gap-default\">\n\t\t\t\t\t<div class=\"elementor-column elementor-col-50 elementor-top-column elementor-element elementor-element-n7nz37u\" data-id=\"n7nz37u\" data-element_type=\"column\">\n\t\t\t<div class=\"elementor-widget-wrap elementor-element-populated\">\n\t\t\t\t\t\t<div class=\"elementor-element elementor-element-8qneiph elementor-widget elementor-widget-text-editor\" data-id=\"8qneiph\" data-element_type=\"widget\" data-widget_type=\"text-editor.default\">\n\t\t\t\t<div class=\"elementor-widget-container\">\n\t\t\t\t\t\t\t<p>Siguiendo hacia arriba, en la direcci\u00f3n del Puente Nuevo, nos encontramos en la esquina del minarete con una tienda que, en aqu\u00e9llos tiempos, fue una churrer\u00eda. \u00a1Qu\u00e9 sabor le daba a la calle entera! \u00a1Qu\u00e9 ambiente por las ma\u00f1anas! \u00a1Esas mujeres volviendo a sus casas con el papel\u00f3n aceitoso y los que quedaban en ellas, anhelantes ante la inminente presencia del rico manjar! Aquello no dur\u00f3 mucho; pronto se convirti\u00f3 en la t\u00edpica tienda de barrio que vende de todo y as\u00ed sigue, con Crist\u00f3bal a la cabeza.<br \/>Y m\u00e1s all\u00e1, el minarete, como paradigma de la presencia de lo antiguo de verdad, como rastro de ancestrales vecinos que fueron forjando esta calle entra\u00f1able y hoy absolutamente congestionada. La \u00faltima reforma no remedi\u00f3 nada. Tal vez el bolsillo de algunos.<\/p>\t\t\t\t\t\t<\/div>\n\t\t\t\t<\/div>\n\t\t\t\t\t<\/div>\n\t\t<\/div>\n\t\t\t\t<div class=\"elementor-column elementor-col-50 elementor-top-column elementor-element elementor-element-qnamdne\" data-id=\"qnamdne\" data-element_type=\"column\">\n\t\t\t<div class=\"elementor-widget-wrap elementor-element-populated\">\n\t\t\t\t\t\t<div class=\"elementor-element elementor-element-9m3u45k elementor-widget elementor-widget-image\" data-id=\"9m3u45k\" data-element_type=\"widget\" data-widget_type=\"image.default\">\n\t\t\t\t<div class=\"elementor-widget-container\">\n\t\t\t\t\t\t\t\t\t\t\t\t\t<img decoding=\"async\" src=\"http:\/\/www.josemariatornay.com\/wp-content\/uploads\/elementor\/thumbs\/churreria-opo4bqq5z7dk1gt6fffyn6imgudct51vlodmyxllt0.jpg\" title=\"churreria\" alt=\"churreria\" loading=\"lazy\" \/>\t\t\t\t\t\t\t\t\t\t\t\t\t<\/div>\n\t\t\t\t<\/div>\n\t\t\t\t\t<\/div>\n\t\t<\/div>\n\t\t\t\t\t<\/div>\n\t\t<\/section>\n\t\t\t\t<section class=\"elementor-section elementor-top-section elementor-element elementor-element-c5g92wr elementor-section-boxed elementor-section-height-default elementor-section-height-default\" data-id=\"c5g92wr\" data-element_type=\"section\">\n\t\t\t\t\t\t<div class=\"elementor-container elementor-column-gap-default\">\n\t\t\t\t\t<div class=\"elementor-column elementor-col-50 elementor-top-column elementor-element elementor-element-pd3thtb\" data-id=\"pd3thtb\" data-element_type=\"column\">\n\t\t\t<div class=\"elementor-widget-wrap elementor-element-populated\">\n\t\t\t\t\t\t<div class=\"elementor-element elementor-element-0kvd6ku elementor-widget elementor-widget-image\" data-id=\"0kvd6ku\" data-element_type=\"widget\" data-widget_type=\"image.default\">\n\t\t\t\t<div class=\"elementor-widget-container\">\n\t\t\t\t\t\t\t\t\t\t\t\t\t<img decoding=\"async\" src=\"http:\/\/www.josemariatornay.com\/wp-content\/uploads\/elementor\/thumbs\/panaderia-opo4b7xe6inphy3mlzkxjw3eid96a0l0ce8cyt2hgc.jpg\" title=\"panaderia\" alt=\"panaderia\" loading=\"lazy\" \/>\t\t\t\t\t\t\t\t\t\t\t\t\t<\/div>\n\t\t\t\t<\/div>\n\t\t\t\t\t<\/div>\n\t\t<\/div>\n\t\t\t\t<div class=\"elementor-column elementor-col-50 elementor-top-column elementor-element elementor-element-qpopo3t\" data-id=\"qpopo3t\" data-element_type=\"column\">\n\t\t\t<div class=\"elementor-widget-wrap elementor-element-populated\">\n\t\t\t\t\t\t<div class=\"elementor-element elementor-element-mmvu475 elementor-widget elementor-widget-text-editor\" data-id=\"mmvu475\" data-element_type=\"widget\" data-widget_type=\"text-editor.default\">\n\t\t\t\t<div class=\"elementor-widget-container\">\n\t\t\t\t\t\t\t<p>Y enfrenre, en la misma plaza, tenemos la panader\u00eda. Hoy no es m\u00e1s que un despacho de pan convencional, un despacho de pan m\u00e1s. Pero entonces ten\u00eda su horno interior y all\u00ed se amasaba y se coc\u00eda y se vend\u00eda. Luego incorpor\u00f3 m\u00e1s productos a la venta y se fue convirtiendo en una tienda como otra cualquiera y as\u00ed fue perdiendo todo el sabor que tuvo y que yo a\u00fan llevo encima.<br \/>Hoy, esta calle como el resto del barrio de La Ciudad, se ha convertido en un enorme bazar de antig\u00fcedades y de tenderetes de souvenirs y garitos de bebidas y comidas r\u00e1pidas para turistas. Est\u00e1n completamente desnaturalizados.<\/p>\t\t\t\t\t\t<\/div>\n\t\t\t\t<\/div>\n\t\t\t\t\t<\/div>\n\t\t<\/div>\n\t\t\t\t\t<\/div>\n\t\t<\/section>\n\t\t\t\t<section class=\"elementor-section elementor-top-section elementor-element elementor-element-mr0njaf elementor-section-boxed elementor-section-height-default elementor-section-height-default\" data-id=\"mr0njaf\" data-element_type=\"section\">\n\t\t\t\t\t\t<div class=\"elementor-container elementor-column-gap-default\">\n\t\t\t\t\t<div class=\"elementor-column elementor-col-50 elementor-top-column elementor-element elementor-element-ckglyzo\" data-id=\"ckglyzo\" data-element_type=\"column\">\n\t\t\t<div class=\"elementor-widget-wrap elementor-element-populated\">\n\t\t\t\t\t\t<div class=\"elementor-element elementor-element-vfhszyt elementor-widget elementor-widget-text-editor\" data-id=\"vfhszyt\" data-element_type=\"widget\" data-widget_type=\"text-editor.default\">\n\t\t\t\t<div class=\"elementor-widget-container\">\n\t\t\t\t\t\t\t<p>En este portal ribeteado de rojo o en la siguiente puerta, no recuerdo bien, hab\u00eda una peque\u00f1a escalinata que conduc\u00eda a un comercio, para m\u00ed, m\u00e1gico. Sin duda el que m\u00e1s me gustaba visitar. Era una papeler\u00eda (\u00a1Cu\u00e1ntas pesetas en folios gast\u00e9 all\u00ed!). Mi afici\u00f3n favorita era machacar folios con la m\u00e1quina Olivetti que me hab\u00eda dejado mi hermano.\u00a1Con qu\u00e9 poco se conformaba uno entonces! Ya no ha vuelto a haber en mi barrio una librer\u00eda, ni una papeler\u00eda siquiera. Yo estuve m\u00e1s de una vez tentado de embarcarme en el negocio, pero nunca lleg\u00f3 a cuajar. Adem\u00e1s, los locales de esta zona est\u00e1n m\u00e1s que adjudicados aun antes de ser construidos. Los que no estamos en el meollo del negocio, lo tenemos pr\u00e1cticamente imposible. Al menos, esta papeler\u00eda, mi papeler\u00eda, a\u00fan sigue proporcion\u00e1ndome hermosas sensaciones.<\/p>\t\t\t\t\t\t<\/div>\n\t\t\t\t<\/div>\n\t\t\t\t\t<\/div>\n\t\t<\/div>\n\t\t\t\t<div class=\"elementor-column elementor-col-50 elementor-top-column elementor-element elementor-element-p6c1n8q\" data-id=\"p6c1n8q\" data-element_type=\"column\">\n\t\t\t<div class=\"elementor-widget-wrap elementor-element-populated\">\n\t\t\t\t\t\t<div class=\"elementor-element elementor-element-59ea9vo elementor-widget elementor-widget-image\" data-id=\"59ea9vo\" data-element_type=\"widget\" data-widget_type=\"image.default\">\n\t\t\t\t<div class=\"elementor-widget-container\">\n\t\t\t\t\t\t\t\t\t\t\t\t\t<img decoding=\"async\" src=\"http:\/\/www.josemariatornay.com\/wp-content\/uploads\/elementor\/thumbs\/papeleria-opo4ayj0a6awbi7pkhdwpo1slwdx9mqt8g9adc3x34.jpg\" title=\"papeleria\" alt=\"papeleria\" loading=\"lazy\" \/>\t\t\t\t\t\t\t\t\t\t\t\t\t<\/div>\n\t\t\t\t<\/div>\n\t\t\t\t\t<\/div>\n\t\t<\/div>\n\t\t\t\t\t<\/div>\n\t\t<\/section>\n\t\t\t\t<section class=\"elementor-section elementor-top-section elementor-element elementor-element-58nnhul elementor-section-boxed elementor-section-height-default elementor-section-height-default\" data-id=\"58nnhul\" data-element_type=\"section\">\n\t\t\t\t\t\t<div class=\"elementor-container elementor-column-gap-default\">\n\t\t\t\t\t<div class=\"elementor-column elementor-col-50 elementor-top-column elementor-element elementor-element-sv3c243\" data-id=\"sv3c243\" data-element_type=\"column\">\n\t\t\t<div class=\"elementor-widget-wrap elementor-element-populated\">\n\t\t\t\t\t\t<div class=\"elementor-element elementor-element-pilu458 elementor-widget elementor-widget-image\" data-id=\"pilu458\" data-element_type=\"widget\" data-widget_type=\"image.default\">\n\t\t\t\t<div class=\"elementor-widget-container\">\n\t\t\t\t\t\t\t\t\t\t\t\t\t<img decoding=\"async\" src=\"http:\/\/www.josemariatornay.com\/wp-content\/uploads\/elementor\/thumbs\/luciano-opo4ap4mdtxz1quxnrge60u6mntu02idlt6nd9ucws.jpg\" title=\"luciano\" alt=\"luciano\" loading=\"lazy\" \/>\t\t\t\t\t\t\t\t\t\t\t\t\t<\/div>\n\t\t\t\t<\/div>\n\t\t\t\t\t<\/div>\n\t\t<\/div>\n\t\t\t\t<div class=\"elementor-column elementor-col-50 elementor-top-column elementor-element elementor-element-upop78e\" data-id=\"upop78e\" data-element_type=\"column\">\n\t\t\t<div class=\"elementor-widget-wrap elementor-element-populated\">\n\t\t\t\t\t\t<div class=\"elementor-element elementor-element-i4y29si elementor-widget elementor-widget-text-editor\" data-id=\"i4y29si\" data-element_type=\"widget\" data-widget_type=\"text-editor.default\">\n\t\t\t\t<div class=\"elementor-widget-container\">\n\t\t\t\t\t\t\t<p>En esta imagen no hay ni un coche:\u00a1milagro! \u00bfC\u00f3mo han podico convertir esta artera esencial en un aut\u00e9ntico cuello de bottea insufrible?Los pol\u00edticos, en general, act\u00faan sin ninguna responsabilidad. A ver qui\u00e9n arregla esto ahora. Tal vez para compensar, ahora quieren eliminar la circulaci\u00f3n del resto del barrio. Pero no ofrecen alternativas para los aparcamientos actuales. Son unos irresponsables, repito. Al final, se marchan y nadie les pide cuentas.<br \/>En el actual bar Luciano (que, por ciero, tambi\u00e9n ha sucumbido a la moda tur\u00edstica), yo he conocido alguna que otra taberna t\u00edpica (Narv\u00e1ez, Mosquera). Ya no quedan bares.<\/p>\t\t\t\t\t\t<\/div>\n\t\t\t\t<\/div>\n\t\t\t\t\t<\/div>\n\t\t<\/div>\n\t\t\t\t\t<\/div>\n\t\t<\/section>\n\t\t\t\t<section class=\"elementor-section elementor-top-section elementor-element elementor-element-oemdrdx elementor-section-boxed elementor-section-height-default elementor-section-height-default\" data-id=\"oemdrdx\" data-element_type=\"section\">\n\t\t\t\t\t\t<div class=\"elementor-container elementor-column-gap-default\">\n\t\t\t\t\t<div class=\"elementor-column elementor-col-50 elementor-top-column elementor-element elementor-element-cbjcmfa\" data-id=\"cbjcmfa\" data-element_type=\"column\">\n\t\t\t<div class=\"elementor-widget-wrap elementor-element-populated\">\n\t\t\t\t\t\t<div class=\"elementor-element elementor-element-7kuwsid elementor-widget elementor-widget-text-editor\" data-id=\"7kuwsid\" data-element_type=\"widget\" data-widget_type=\"text-editor.default\">\n\t\t\t\t<div class=\"elementor-widget-container\">\n\t\t\t\t\t\t\t<p>En la pr\u00f3xima entrega seguir\u00e9 desde aqu\u00ed hasta el Puente Nuevo, recordando lo que el viento se llev\u00f3 de esta magn\u00edfica calle Armi\u00f1\u00e1n (no me gusta decir de Armi\u00f1\u00e1n, porque las calles son, deben ser de todos). Pero antes quiero revivir los recuerdos que se renuevan al mirar esa magn\u00edfica portada de piedra que hoy da la entrada a un bloque de apartamentos. En su d\u00eda fue un acceso mucho m\u00e1s modesto, a un patio t\u00edpico de vecinos, con el patio en el centro y las casas a los lados. Recuerdo que en la pared de la entrada se anunciaba una peluquer\u00eda. Curiosamente, hoy que hay m\u00e1s cabezas que arreglar y m\u00e1s dinero en los bolsillos, no ha quedado ni una en todo el barrio. En aquel tiempo, adem\u00e1s, hab\u00eda otra, justo en mi calle, San Juan de Letr\u00e1n, en la esquina que da a la plaza de \u00c1vila.<\/p>\t\t\t\t\t\t<\/div>\n\t\t\t\t<\/div>\n\t\t\t\t\t<\/div>\n\t\t<\/div>\n\t\t\t\t<div class=\"elementor-column elementor-col-50 elementor-top-column elementor-element elementor-element-qf6nzc5\" data-id=\"qf6nzc5\" data-element_type=\"column\">\n\t\t\t<div class=\"elementor-widget-wrap elementor-element-populated\">\n\t\t\t\t\t\t<div class=\"elementor-element elementor-element-4rdvunk elementor-widget elementor-widget-image\" data-id=\"4rdvunk\" data-element_type=\"widget\" data-widget_type=\"image.default\">\n\t\t\t\t<div class=\"elementor-widget-container\">\n\t\t\t\t\t\t\t\t\t\t\t\t\t<img decoding=\"async\" src=\"http:\/\/www.josemariatornay.com\/wp-content\/uploads\/elementor\/thumbs\/peluqueria-opo4afq8hhl5vaz0m99dbsskq6ykzoo6hv7krsvsjk.jpg\" title=\"peluqueria\" alt=\"peluqueria\" loading=\"lazy\" \/>\t\t\t\t\t\t\t\t\t\t\t\t\t<\/div>\n\t\t\t\t<\/div>\n\t\t\t\t\t<\/div>\n\t\t<\/div>\n\t\t\t\t\t<\/div>\n\t\t<\/section>\n\t\t\t\t<section class=\"elementor-section elementor-top-section elementor-element elementor-element-fm1he69 elementor-section-boxed elementor-section-height-default elementor-section-height-default\" data-id=\"fm1he69\" data-element_type=\"section\">\n\t\t\t\t\t\t<div class=\"elementor-container elementor-column-gap-default\">\n\t\t\t\t\t<div class=\"elementor-column elementor-col-100 elementor-top-column elementor-element elementor-element-7dc585p\" data-id=\"7dc585p\" data-element_type=\"column\">\n\t\t\t<div class=\"elementor-widget-wrap elementor-element-populated\">\n\t\t\t\t\t\t<div class=\"elementor-element elementor-element-cl0wdfg elementor-widget elementor-widget-heading\" data-id=\"cl0wdfg\" data-element_type=\"widget\" data-widget_type=\"heading.default\">\n\t\t\t\t<div class=\"elementor-widget-container\">\n\t\t\t<h2 class=\"elementor-heading-title elementor-size-small\">LO QUE EL VIENTO SE LLEV\u00d3 IV<\/h2>\t\t<\/div>\n\t\t\t\t<\/div>\n\t\t\t\t<div class=\"elementor-element elementor-element-ufq9pil elementor-widget elementor-widget-text-editor\" data-id=\"ufq9pil\" data-element_type=\"widget\" data-widget_type=\"text-editor.default\">\n\t\t\t\t<div class=\"elementor-widget-container\">\n\t\t\t\t\t\t\t<p>Este \u00faltimo tramo de la calle Armi\u00f1\u00e1n es el que m\u00e1s ha sufrido los embates del viento de la historia. Hoy s\u00f3lo se mantiene la fachada de algunas casas se\u00f1oriales, pero los negocios fueron cambiando de actividad o, sencillamente, desapareciendo.<\/p>\t\t\t\t\t\t<\/div>\n\t\t\t\t<\/div>\n\t\t\t\t\t<\/div>\n\t\t<\/div>\n\t\t\t\t\t<\/div>\n\t\t<\/section>\n\t\t\t\t<section class=\"elementor-section elementor-top-section elementor-element elementor-element-selyp5t elementor-section-boxed elementor-section-height-default elementor-section-height-default\" data-id=\"selyp5t\" data-element_type=\"section\">\n\t\t\t\t\t\t<div class=\"elementor-container elementor-column-gap-default\">\n\t\t\t\t\t<div class=\"elementor-column elementor-col-50 elementor-top-column elementor-element elementor-element-v2dv1z1\" data-id=\"v2dv1z1\" data-element_type=\"column\">\n\t\t\t<div class=\"elementor-widget-wrap elementor-element-populated\">\n\t\t\t\t\t\t<div class=\"elementor-element elementor-element-nz6788j elementor-widget elementor-widget-image\" data-id=\"nz6788j\" data-element_type=\"widget\" data-widget_type=\"image.default\">\n\t\t\t\t<div class=\"elementor-widget-container\">\n\t\t\t\t\t\t\t\t\t\t\t\t\t<img decoding=\"async\" src=\"http:\/\/www.josemariatornay.com\/wp-content\/uploads\/elementor\/thumbs\/tiendecita-opo4a6bul58eqitj0cxlcabyv3xr3w13n9sadmkq2w.jpg\" title=\"tiendecita\" alt=\"tiendecita\" loading=\"lazy\" \/>\t\t\t\t\t\t\t\t\t\t\t\t\t<\/div>\n\t\t\t\t<\/div>\n\t\t\t\t\t<\/div>\n\t\t<\/div>\n\t\t\t\t<div class=\"elementor-column elementor-col-50 elementor-top-column elementor-element elementor-element-8fj5c2p\" data-id=\"8fj5c2p\" data-element_type=\"column\">\n\t\t\t<div class=\"elementor-widget-wrap elementor-element-populated\">\n\t\t\t\t\t\t<div class=\"elementor-element elementor-element-geskx9b elementor-widget elementor-widget-text-editor\" data-id=\"geskx9b\" data-element_type=\"widget\" data-widget_type=\"text-editor.default\">\n\t\t\t\t<div class=\"elementor-widget-container\">\n\t\t\t\t\t\t\t<p>Y el viento se llev\u00f3 tambi\u00e9n una tienda entra\u00f1able que hab\u00eda aqu\u00ed (la tiendecita). Hoy su lugar es ocupado por las necesidades de la servidumbre de nuestro presente: el turismo. De cualquier rinc\u00f3n sale un peque\u00f1o negocio (peque\u00f1o en tama\u00f1o, no en beneficios). Hoy ha sido sustituida como tienda por otra que se abri\u00f3 hace algunos a\u00f1os, en la acera de enfrente. La tienda de Isabel (\u00a1c\u00f3mo habla esta mujer! Justo enfrente, sigue estando el callej\u00f3n de San Antonio que, adem\u00e1s de dar acceso a la viviendas que sigue habiendo en la zona, sirve de entrada a una cochera comunitaria. En la secci\u00f3n LO QUE EL VIENTO NOS DEJ\u00d3 volveremos a este lugar.<br \/>Mar\u00eda se llamaba la se\u00f1ora que regentabla \u00abla tiendecita\u00bb; luego, la sustituy\u00f3, su hija, tambi\u00e9n Mar\u00eda. Todo el d\u00eda est\u00e1bamos de la casa a la tienda. Siempre faltaba algo.<\/p>\t\t\t\t\t\t<\/div>\n\t\t\t\t<\/div>\n\t\t\t\t\t<\/div>\n\t\t<\/div>\n\t\t\t\t\t<\/div>\n\t\t<\/section>\n\t\t\t\t<section class=\"elementor-section elementor-top-section elementor-element elementor-element-reixr27 elementor-section-boxed elementor-section-height-default elementor-section-height-default\" data-id=\"reixr27\" data-element_type=\"section\">\n\t\t\t\t\t\t<div class=\"elementor-container elementor-column-gap-default\">\n\t\t\t\t\t<div class=\"elementor-column elementor-col-50 elementor-top-column elementor-element elementor-element-p2zaotb\" data-id=\"p2zaotb\" data-element_type=\"column\">\n\t\t\t<div class=\"elementor-widget-wrap elementor-element-populated\">\n\t\t\t\t\t\t<div class=\"elementor-element elementor-element-7bagpex elementor-widget elementor-widget-text-editor\" data-id=\"7bagpex\" data-element_type=\"widget\" data-widget_type=\"text-editor.default\">\n\t\t\t\t<div class=\"elementor-widget-container\">\n\t\t\t\t\t\t\t<p>Tambi\u00e9n nos quedamos sin la barber\u00eda que hab\u00eda en esta zona; creo que estaba en la puerta color madera que se observa en el centro de la imagen. Se acced\u00eda, de eso estoy seguro, a trav\u00e9s de algunos escalones. Esta es la zona en la que, durante a\u00f1os, se coloc\u00f3 un sem\u00e1foro, a uno y o otro lado del estrechamiento. Sem\u00e1for en realidad innecesario pues antes de colocarlos, los veh\u00edculos se cruzaban perfectamente; bastaba con recuir un poco la velocidad. Luego, con los sem\u00e1foros, se convirti\u00f3 en un tap\u00f3n lamentable en la arteria m\u00e1s transitada de la ciudad. El retanqueo de hace unos a\u00f1os hizo posible la normal circulaci\u00f3n al evitar el estrechamiento, pero, lamentable e increiblemente, \u00e9ste se traslad\u00f3 cien metros m\u00e1s hacia el barrio de San Francisco.<\/p>\t\t\t\t\t\t<\/div>\n\t\t\t\t<\/div>\n\t\t\t\t\t<\/div>\n\t\t<\/div>\n\t\t\t\t<div class=\"elementor-column elementor-col-50 elementor-top-column elementor-element elementor-element-yyk2ljk\" data-id=\"yyk2ljk\" data-element_type=\"column\">\n\t\t\t<div class=\"elementor-widget-wrap elementor-element-populated\">\n\t\t\t\t\t\t<div class=\"elementor-element elementor-element-lja41zp elementor-widget elementor-widget-image\" data-id=\"lja41zp\" data-element_type=\"widget\" data-widget_type=\"image.default\">\n\t\t\t\t<div class=\"elementor-widget-container\">\n\t\t\t\t\t\t\t\t\t\t\t\t\t<img decoding=\"async\" src=\"http:\/\/www.josemariatornay.com\/wp-content\/uploads\/elementor\/thumbs\/barberia-opo49xvavmwpqpoyijjgifatfvelxfpa3etcnjm9ts.jpg\" title=\"barberia\" alt=\"barberia\" loading=\"lazy\" \/>\t\t\t\t\t\t\t\t\t\t\t\t\t<\/div>\n\t\t\t\t<\/div>\n\t\t\t\t\t<\/div>\n\t\t<\/div>\n\t\t\t\t\t<\/div>\n\t\t<\/section>\n\t\t\t\t<section class=\"elementor-section elementor-top-section elementor-element elementor-element-2pk7r8d elementor-section-boxed elementor-section-height-default elementor-section-height-default\" data-id=\"2pk7r8d\" data-element_type=\"section\">\n\t\t\t\t\t\t<div class=\"elementor-container elementor-column-gap-default\">\n\t\t\t\t\t<div class=\"elementor-column elementor-col-50 elementor-top-column elementor-element elementor-element-trhxpju\" data-id=\"trhxpju\" data-element_type=\"column\">\n\t\t\t<div class=\"elementor-widget-wrap elementor-element-populated\">\n\t\t\t\t\t\t<div class=\"elementor-element elementor-element-azv4bqo elementor-widget elementor-widget-image\" data-id=\"azv4bqo\" data-element_type=\"widget\" data-widget_type=\"image.default\">\n\t\t\t\t<div class=\"elementor-widget-container\">\n\t\t\t\t\t\t\t\t\t\t\t\t\t<img decoding=\"async\" src=\"http:\/\/www.josemariatornay.com\/wp-content\/uploads\/elementor\/thumbs\/matias-opo495o56lu642kcit7wabzznp40n3sg8vskgjfkx0.jpg\" title=\"matias\" alt=\"matias\" loading=\"lazy\" \/>\t\t\t\t\t\t\t\t\t\t\t\t\t<\/div>\n\t\t\t\t<\/div>\n\t\t\t\t\t<\/div>\n\t\t<\/div>\n\t\t\t\t<div class=\"elementor-column elementor-col-50 elementor-top-column elementor-element elementor-element-d9462k9\" data-id=\"d9462k9\" data-element_type=\"column\">\n\t\t\t<div class=\"elementor-widget-wrap elementor-element-populated\">\n\t\t\t\t\t\t<div class=\"elementor-element elementor-element-uxme1j4 elementor-widget elementor-widget-text-editor\" data-id=\"uxme1j4\" data-element_type=\"widget\" data-widget_type=\"text-editor.default\">\n\t\t\t\t<div class=\"elementor-widget-container\">\n\t\t\t\t\t\t\t<p>Y enfrente a la derecha, ten\u00edamos el bar de Mat\u00edas. \u00a1Cu\u00e1nta vida hab\u00eda en esta esquina. Ten\u00eda un despacho de vino en el zagu\u00e1n que hab\u00eda detr\u00e1s y que daba acceso a la vivienda. Con el tiempo, el bar desapareci\u00f3 y coloc\u00f3 un carrillo de chucher\u00edas en la zona que ocupaba el despacho de vino. Despu\u00e9s de una temporada en la que el local se us\u00f3 para venta de pieles finas, hoy ha vuelto a ser un bar, pero, por supuesto, sin el saber que ten\u00eda aqu\u00e9l m\u00edtico de Mat\u00edas. El retanqueo del edifico ha posibilitado una zona porticada, que se ha convertido en un peque\u00f1o paseo comercial, por supuesto enfocado hacia los visitantes nacion ales y extranjeros. En ese p\u00f3rtico, hacia el centro, se encontraba la casa donde naci\u00f3 don Francisco Giner de los R\u00edos, un santo laico. Yo invito a conocer, al menos, su vida.<\/p>\t\t\t\t\t\t<\/div>\n\t\t\t\t<\/div>\n\t\t\t\t\t<\/div>\n\t\t<\/div>\n\t\t\t\t\t<\/div>\n\t\t<\/section>\n\t\t\t\t<section class=\"elementor-section elementor-top-section elementor-element elementor-element-2j8b6j8 elementor-section-boxed elementor-section-height-default elementor-section-height-default\" data-id=\"2j8b6j8\" data-element_type=\"section\">\n\t\t\t\t\t\t<div class=\"elementor-container elementor-column-gap-default\">\n\t\t\t\t\t<div class=\"elementor-column elementor-col-50 elementor-top-column elementor-element elementor-element-o3s3t52\" data-id=\"o3s3t52\" data-element_type=\"column\">\n\t\t\t<div class=\"elementor-widget-wrap elementor-element-populated\">\n\t\t\t\t\t\t<div class=\"elementor-element elementor-element-5esvhkq elementor-widget elementor-widget-text-editor\" data-id=\"5esvhkq\" data-element_type=\"widget\" data-widget_type=\"text-editor.default\">\n\t\t\t\t<div class=\"elementor-widget-container\">\n\t\t\t\t\t\t\t<p>Aqu\u00ed hab\u00eda una farmacia. Es cursiosa la variedad de comercios que hab\u00eda en esta zona de La Ciudad. Hoy no hay ninguna variedad, s\u00f3lo monoton\u00eda: tinglados para turistas. Justo donde estaba la farmacia, creo que se llamaba Garc\u00e9s, que fue trasladada a otra zona de Ronda, hoy hay una tienda de recuerdos. La farmacia vol\u00f3, aunque los arcos siguen como estaban, testigos impasibles del paso de un tiempo al que ellos parecen indiferentes. Al fondo, ya cerca del Puente Nuevo, sigue habiendo un tenderete de antig\u00fcedades que tambi\u00e9n lleva mucho tiempo contemplando la historia desde la altura que le permiten sus escalones. Enfrente de la parte que da a la calle Tenoria estaba la casa de Pedro P\u00e9rez Clotet, luego convertida, a lo largo de los a\u00f1os, en una serie de negocios de hosteler\u00eda.<\/p>\t\t\t\t\t\t<\/div>\n\t\t\t\t<\/div>\n\t\t\t\t\t<\/div>\n\t\t<\/div>\n\t\t\t\t<div class=\"elementor-column elementor-col-50 elementor-top-column elementor-element elementor-element-d5akft7\" data-id=\"d5akft7\" data-element_type=\"column\">\n\t\t\t<div class=\"elementor-widget-wrap elementor-element-populated\">\n\t\t\t\t\t\t<div class=\"elementor-element elementor-element-qdjw87x elementor-widget elementor-widget-image\" data-id=\"qdjw87x\" data-element_type=\"widget\" data-widget_type=\"image.default\">\n\t\t\t\t<div class=\"elementor-widget-container\">\n\t\t\t\t\t\t\t\t\t\t\t\t\t<img decoding=\"async\" src=\"http:\/\/www.josemariatornay.com\/wp-content\/uploads\/elementor\/thumbs\/arcos-opo49f2j2y71c66ozxa5z9mlljtos2trm6bf9b1n6s.jpg\" title=\"arcos\" alt=\"arcos\" loading=\"lazy\" \/>\t\t\t\t\t\t\t\t\t\t\t\t\t<\/div>\n\t\t\t\t<\/div>\n\t\t\t\t\t<\/div>\n\t\t<\/div>\n\t\t\t\t\t<\/div>\n\t\t<\/section>\n\t\t\t\t<section class=\"elementor-section elementor-top-section elementor-element elementor-element-773cvf4 elementor-section-boxed elementor-section-height-default elementor-section-height-default\" data-id=\"773cvf4\" data-element_type=\"section\">\n\t\t\t\t\t\t<div class=\"elementor-container elementor-column-gap-default\">\n\t\t\t\t\t<div class=\"elementor-column elementor-col-50 elementor-top-column elementor-element elementor-element-0yarnkf\" data-id=\"0yarnkf\" data-element_type=\"column\">\n\t\t\t<div class=\"elementor-widget-wrap elementor-element-populated\">\n\t\t\t\t\t\t<div class=\"elementor-element elementor-element-oa97vnj elementor-widget elementor-widget-image\" data-id=\"oa97vnj\" data-element_type=\"widget\" data-widget_type=\"image.default\">\n\t\t\t\t<div class=\"elementor-widget-container\">\n\t\t\t\t\t\t\t\t\t\t\t\t\t<img decoding=\"async\" src=\"http:\/\/www.josemariatornay.com\/wp-content\/uploads\/elementor\/thumbs\/carrillo-opo49ogwzajuim2m1fh6tho7i0oxsgnyq4ahus07k0.jpg\" title=\"carrillo\" alt=\"carrillo\" loading=\"lazy\" \/>\t\t\t\t\t\t\t\t\t\t\t\t\t<\/div>\n\t\t\t\t<\/div>\n\t\t\t\t\t<\/div>\n\t\t<\/div>\n\t\t\t\t<div class=\"elementor-column elementor-col-50 elementor-top-column elementor-element elementor-element-ydj0m47\" data-id=\"ydj0m47\" data-element_type=\"column\">\n\t\t\t<div class=\"elementor-widget-wrap elementor-element-populated\">\n\t\t\t\t\t\t<div class=\"elementor-element elementor-element-t3nm94v elementor-widget elementor-widget-text-editor\" data-id=\"t3nm94v\" data-element_type=\"widget\" data-widget_type=\"text-editor.default\">\n\t\t\t\t<div class=\"elementor-widget-container\">\n\t\t\t\t\t\t\t<p>Y enfrente, durante mucho tiempo, completaba el c\u00edrculo de negocios, el m\u00e1s modesto de todos: un carrillo. De este edicifio sal\u00edan y en \u00e9l se encerraban muchas procesiones que, al correr de los tiempos, fueron asent\u00e1ndose en las distintas parroquias. Era la famosa iglesia de Santo Domingo, hoy convertida en sala de exposiciones, congresos, etc. Yo nunca la conoc\u00ed como Iglesia. La conoc\u00ed, por la parte de atr\u00e1s como almac\u00e9n de tronos y por la parte del Puente Nuevo, como local de una cooperativa de carpinteros, que tambi\u00e9n fue devorada por el viento (creo que se traslad\u00f3 al nuevo pol\u00edgono industrial). Siempre apareci\u00f3 como un edificio desvencijado y abandonado, que se us\u00f3 mucho pero al que se le dedic\u00f3 poqu\u00edsimo mantenimiento. Hoy ha quedado convertido en una aut\u00e9ntica maravilla.<\/p>\t\t\t\t\t\t<\/div>\n\t\t\t\t<\/div>\n\t\t\t\t\t<\/div>\n\t\t<\/div>\n\t\t\t\t\t<\/div>\n\t\t<\/section>\n\t\t\t\t<section class=\"elementor-section elementor-top-section elementor-element elementor-element-kuy4ulj elementor-section-boxed elementor-section-height-default elementor-section-height-default\" data-id=\"kuy4ulj\" data-element_type=\"section\">\n\t\t\t\t\t\t<div class=\"elementor-container elementor-column-gap-default\">\n\t\t\t\t\t<div class=\"elementor-column elementor-col-100 elementor-top-column elementor-element elementor-element-fh66hqm\" data-id=\"fh66hqm\" data-element_type=\"column\">\n\t\t\t<div class=\"elementor-widget-wrap elementor-element-populated\">\n\t\t\t\t\t\t<div class=\"elementor-element elementor-element-1zrrai0 elementor-widget elementor-widget-heading\" data-id=\"1zrrai0\" data-element_type=\"widget\" data-widget_type=\"heading.default\">\n\t\t\t\t<div class=\"elementor-widget-container\">\n\t\t\t<h2 class=\"elementor-heading-title elementor-size-small\">LO QUE EL VIENTO SE LLEV\u00d3 V<\/h2>\t\t<\/div>\n\t\t\t\t<\/div>\n\t\t\t\t<div class=\"elementor-element elementor-element-34iaeip elementor-widget elementor-widget-text-editor\" data-id=\"34iaeip\" data-element_type=\"widget\" data-widget_type=\"text-editor.default\">\n\t\t\t\t<div class=\"elementor-widget-container\">\n\t\t\t\t\t\t\t<p>La parte Este del barrio de \u00abLa Ciudad\u00bb, mi barrio, por razones que no alcanzo a entender, no ha gozado nunca del favor publicitario que siempre ha tenido la parte oeste. La calle Armi\u00f1\u00e1n traza una frontera real entre lo que se considera de inter\u00e9s tur\u00edstico (todo lo que queda a la derecha, en el sentido que va hacia el barrio de San Francisco) y lo que se considera prescindible desde ese punto de vista. De todas formas, no es esta zona la que m\u00e1s ha sufrido los embates del viento de la historia.<\/p>\t\t\t\t\t\t<\/div>\n\t\t\t\t<\/div>\n\t\t\t\t\t<\/div>\n\t\t<\/div>\n\t\t\t\t\t<\/div>\n\t\t<\/section>\n\t\t\t\t<section class=\"elementor-section elementor-top-section elementor-element elementor-element-lmfq2z3 elementor-section-boxed elementor-section-height-default elementor-section-height-default\" data-id=\"lmfq2z3\" data-element_type=\"section\">\n\t\t\t\t\t\t<div class=\"elementor-container elementor-column-gap-default\">\n\t\t\t\t\t<div class=\"elementor-column elementor-col-100 elementor-top-column elementor-element elementor-element-iwydwkv\" data-id=\"iwydwkv\" data-element_type=\"column\">\n\t\t\t<div class=\"elementor-widget-wrap elementor-element-populated\">\n\t\t\t\t\t\t<div class=\"elementor-element elementor-element-pnvw9vx elementor-widget-divider--view-line elementor-widget elementor-widget-divider\" data-id=\"pnvw9vx\" data-element_type=\"widget\" data-widget_type=\"divider.default\">\n\t\t\t\t<div class=\"elementor-widget-container\">\n\t\t\t\t\t<div class=\"elementor-divider\">\n\t\t\t<span class=\"elementor-divider-separator\">\n\t\t\t\t\t\t<\/span>\n\t\t<\/div>\n\t\t\t\t<\/div>\n\t\t\t\t<\/div>\n\t\t\t\t\t<\/div>\n\t\t<\/div>\n\t\t\t\t\t<\/div>\n\t\t<\/section>\n\t\t\t\t<section class=\"elementor-section elementor-top-section elementor-element elementor-element-86p01cj elementor-section-boxed elementor-section-height-default elementor-section-height-default\" data-id=\"86p01cj\" data-element_type=\"section\">\n\t\t\t\t\t\t<div class=\"elementor-container elementor-column-gap-default\">\n\t\t\t\t\t<div class=\"elementor-column elementor-col-50 elementor-top-column elementor-element elementor-element-rr5x71v\" data-id=\"rr5x71v\" data-element_type=\"column\">\n\t\t\t<div class=\"elementor-widget-wrap elementor-element-populated\">\n\t\t\t\t\t\t<div class=\"elementor-element elementor-element-3tv2sml elementor-widget elementor-widget-text-editor\" data-id=\"3tv2sml\" data-element_type=\"widget\" data-widget_type=\"text-editor.default\">\n\t\t\t\t<div class=\"elementor-widget-container\">\n\t\t\t\t\t\t\t<p>Y as\u00ed es. Mientras por la calle Tenorio desfilan a diario cientos de turistas con sus c\u00e1maras en ristre, en esta zona de las llamadas Murallas del Carmen, apaenas se ven, desperdigadas, algunas parejas que m\u00e1s parece que hayan llegado all\u00ed por despiste que por la llamada de alg\u00fan reclamo publicitario.<br \/>Esta es la vista que se aprecia desde la bajada que hay siguiendo la prolongaci\u00f3n de la bajada de la plaza de Santa Mar\u00eda la Mayor, pasando por el callej\u00f3n que circundaba lo que, antiguamente, fue el conocido como Hospital Viejo.<br \/>La verdad es que esa desatenci\u00f3n tur\u00edstica, cuando menos, es curiosa, pues la zona es realmente espectacular, de una belleza noble y serena. Por supuesto, se mantiene igual desde hace much\u00edsimo tiempo.<\/p>\t\t\t\t\t\t<\/div>\n\t\t\t\t<\/div>\n\t\t\t\t\t<\/div>\n\t\t<\/div>\n\t\t\t\t<div class=\"elementor-column elementor-col-50 elementor-top-column elementor-element elementor-element-mfgj2ta\" data-id=\"mfgj2ta\" data-element_type=\"column\">\n\t\t\t<div class=\"elementor-widget-wrap elementor-element-populated\">\n\t\t\t\t\t\t<div class=\"elementor-element elementor-element-uc31a91 elementor-widget elementor-widget-image\" data-id=\"uc31a91\" data-element_type=\"widget\" data-widget_type=\"image.default\">\n\t\t\t\t<div class=\"elementor-widget-container\">\n\t\t\t\t\t\t\t\t\t\t\t\t\t<img decoding=\"async\" src=\"http:\/\/www.josemariatornay.com\/wp-content\/uploads\/elementor\/thumbs\/bajada-opo48x7lh3il7kwmw7k95w4ub89pptuv7px751s4h0.jpg\" title=\"bajada\" alt=\"bajada\" loading=\"lazy\" \/>\t\t\t\t\t\t\t\t\t\t\t\t\t<\/div>\n\t\t\t\t<\/div>\n\t\t\t\t\t<\/div>\n\t\t<\/div>\n\t\t\t\t\t<\/div>\n\t\t<\/section>\n\t\t\t\t<section class=\"elementor-section elementor-top-section elementor-element elementor-element-aliv7me elementor-section-boxed elementor-section-height-default elementor-section-height-default\" data-id=\"aliv7me\" data-element_type=\"section\">\n\t\t\t\t\t\t<div class=\"elementor-container elementor-column-gap-default\">\n\t\t\t\t\t<div class=\"elementor-column elementor-col-50 elementor-top-column elementor-element elementor-element-rpj4ayd\" data-id=\"rpj4ayd\" data-element_type=\"column\">\n\t\t\t<div class=\"elementor-widget-wrap elementor-element-populated\">\n\t\t\t\t\t\t<div class=\"elementor-element elementor-element-qua5ssd elementor-widget elementor-widget-image\" data-id=\"qua5ssd\" data-element_type=\"widget\" data-widget_type=\"image.default\">\n\t\t\t\t<div class=\"elementor-widget-container\">\n\t\t\t\t\t\t\t\t\t\t\t\t\t<img decoding=\"async\" src=\"http:\/\/www.josemariatornay.com\/wp-content\/uploads\/elementor\/thumbs\/murallas01-opo48mvddx4dm7l84z841r5rqlu98kip8y72npjygw.jpg\" title=\"murallas01\" alt=\"murallas01\" loading=\"lazy\" \/>\t\t\t\t\t\t\t\t\t\t\t\t\t<\/div>\n\t\t\t\t<\/div>\n\t\t\t\t\t<\/div>\n\t\t<\/div>\n\t\t\t\t<div class=\"elementor-column elementor-col-50 elementor-top-column elementor-element elementor-element-f7af86u\" data-id=\"f7af86u\" data-element_type=\"column\">\n\t\t\t<div class=\"elementor-widget-wrap elementor-element-populated\">\n\t\t\t\t\t\t<div class=\"elementor-element elementor-element-23xjrl1 elementor-widget elementor-widget-text-editor\" data-id=\"23xjrl1\" data-element_type=\"widget\" data-widget_type=\"text-editor.default\">\n\t\t\t\t<div class=\"elementor-widget-container\">\n\t\t\t\t\t\t\t<p>Igual, aunque m\u00e1s o menos limpia, pues ha habido \u00e9pocas en las que el abandono hac\u00eda que aqu\u00ed los jaramagos camparan por sus respetos.<br \/>Hoy est\u00e1, al menos, libre de hierbajos y con cierto nivel de higiene, aunque se echa de menos alg\u00fan servicio para que la gente no utilice sus preciosos rincones para sus desahogos personales. <br \/>La piedra, sigue como siempre; la limpieza, bastante mejor. <br \/>En los \u00faltimos tiempos cobr\u00f3 la zona cierto relive, sobre todo en verano, al instalarse un bar que atra\u00eda a bastante personal que, de otra forma, no hubiera conocido jam\u00e1s que en su pueblo existe semejante maravilla. Hoy ya ha desaparecido ese tinglado y vuelve a ser un circuito tur\u00edstico fantasma. \u00bfQu\u00e9 pasa con los gu\u00efas?<\/p>\t\t\t\t\t\t<\/div>\n\t\t\t\t<\/div>\n\t\t\t\t\t<\/div>\n\t\t<\/div>\n\t\t\t\t\t<\/div>\n\t\t<\/section>\n\t\t\t\t<section class=\"elementor-section elementor-top-section elementor-element elementor-element-b472c4q elementor-section-boxed elementor-section-height-default elementor-section-height-default\" data-id=\"b472c4q\" data-element_type=\"section\">\n\t\t\t\t\t\t<div class=\"elementor-container elementor-column-gap-default\">\n\t\t\t\t\t<div class=\"elementor-column elementor-col-50 elementor-top-column elementor-element elementor-element-oozl31o\" data-id=\"oozl31o\" data-element_type=\"column\">\n\t\t\t<div class=\"elementor-widget-wrap elementor-element-populated\">\n\t\t\t\t\t\t<div class=\"elementor-element elementor-element-d63xbus elementor-widget elementor-widget-text-editor\" data-id=\"d63xbus\" data-element_type=\"widget\" data-widget_type=\"text-editor.default\">\n\t\t\t\t<div class=\"elementor-widget-container\">\n\t\t\t\t\t\t\t<p>\u00bfCuriosamente, aqu\u00ed no hay ni un s\u00f3lo negocio de venta de nada, ni tienda, ni bar, ni restaurante. Todo eso campea en la otra parte, de la calle Armi\u00f1\u00e1n hacia la cornisa del Tajo. All\u00ed s\u00ed hay negocio. \u00bfTendr\u00e1 eso algo que ver con el aspecto des\u00e9rtico de esta parte? Tal vez, pero, hace cuarenta a\u00f1os tambi\u00e9n viv\u00edamos de espaldas a esta zona. Venir aqu\u00ed era una aut\u00e9ntica excursi\u00f3n y, no deja de ser alucinate, teniendo en cuenta que no hay m\u00e1s distancia hasta aqu\u00ed desde la calle Armi\u00f1\u00e1n, que hasta El Campillo, verdadero centro de paso de los visitantes. Luego es algo que viene de lejos. \u00bfY las vistas espectaculares desde la muralla? <br \/>Desde hace unos a\u00f1os, siete u ocho, al menos durante unos d\u00edas, se rehabilita este espacio, como consecuencia de la celebraci\u00f3n aqu\u00ed del famoso Corpus Chiquito.<\/p>\t\t\t\t\t\t<\/div>\n\t\t\t\t<\/div>\n\t\t\t\t\t<\/div>\n\t\t<\/div>\n\t\t\t\t<div class=\"elementor-column elementor-col-50 elementor-top-column elementor-element elementor-element-9ogynt0\" data-id=\"9ogynt0\" data-element_type=\"column\">\n\t\t\t<div class=\"elementor-widget-wrap elementor-element-populated\">\n\t\t\t\t\t\t<div class=\"elementor-element elementor-element-onlso97 elementor-widget elementor-widget-image\" data-id=\"onlso97\" data-element_type=\"widget\" data-widget_type=\"image.default\">\n\t\t\t\t<div class=\"elementor-widget-container\">\n\t\t\t\t\t\t\t\t\t\t\t\t\t<img decoding=\"async\" src=\"http:\/\/www.josemariatornay.com\/wp-content\/uploads\/elementor\/thumbs\/murallas03-opo46nfmyiel3ugzq4cgs96qlbmczkn3n4m66ohvls.jpg\" title=\"murallas03\" alt=\"murallas03\" loading=\"lazy\" \/>\t\t\t\t\t\t\t\t\t\t\t\t\t<\/div>\n\t\t\t\t<\/div>\n\t\t\t\t\t<\/div>\n\t\t<\/div>\n\t\t\t\t\t<\/div>\n\t\t<\/section>\n\t\t\t\t<section class=\"elementor-section elementor-top-section elementor-element elementor-element-mizh8pa elementor-section-boxed elementor-section-height-default elementor-section-height-default\" data-id=\"mizh8pa\" data-element_type=\"section\">\n\t\t\t\t\t\t<div class=\"elementor-container elementor-column-gap-default\">\n\t\t\t\t\t<div class=\"elementor-column elementor-col-50 elementor-top-column elementor-element elementor-element-fpu1zuq\" data-id=\"fpu1zuq\" data-element_type=\"column\">\n\t\t\t<div class=\"elementor-widget-wrap elementor-element-populated\">\n\t\t\t\t\t\t<div class=\"elementor-element elementor-element-db4bi55 elementor-widget elementor-widget-image\" data-id=\"db4bi55\" data-element_type=\"widget\" data-widget_type=\"image.default\">\n\t\t\t\t<div class=\"elementor-widget-container\">\n\t\t\t\t\t\t\t\t\t\t\t\t\t<img decoding=\"async\" src=\"http:\/\/www.josemariatornay.com\/wp-content\/uploads\/elementor\/thumbs\/murallas01-1-opo46wu0uurgby3c78eqh6tcj6c14jof0f50zg3xvk.jpg\" title=\"murallas01\" alt=\"murallas01\" loading=\"lazy\" \/>\t\t\t\t\t\t\t\t\t\t\t\t\t<\/div>\n\t\t\t\t<\/div>\n\t\t\t\t\t<\/div>\n\t\t<\/div>\n\t\t\t\t<div class=\"elementor-column elementor-col-50 elementor-top-column elementor-element elementor-element-1w4fabo\" data-id=\"1w4fabo\" data-element_type=\"column\">\n\t\t\t<div class=\"elementor-widget-wrap elementor-element-populated\">\n\t\t\t\t\t\t<div class=\"elementor-element elementor-element-nijcua3 elementor-widget elementor-widget-text-editor\" data-id=\"nijcua3\" data-element_type=\"widget\" data-widget_type=\"text-editor.default\">\n\t\t\t\t<div class=\"elementor-widget-container\">\n\t\t\t\t\t\t\t<p>Aqu\u00e9lla fue una decisi\u00f3n dif\u00edcil, de la que yo particip\u00e9, estando en la Junta Directiva de la Asociaci\u00f3n de Vecinos. En colaboraci\u00f3n con el Ayuntamiento conseguimos vencer resistencias y traernos esta fiesta popular a Las Murallas. Respond\u00edamos as\u00ed a las protestas de muchos vecinos del ligar de celebraci\u00f3n anterior que no reun\u00eda condiciones de espacio y de higiene. Pero hab\u00eda otros muchos que consideraban un atentado acabar con una sagrada tradici\u00f3n. \u00a1Como ciempre!<br \/>Pero el cambio era imprescindible y, aunque se perdiera sabor, se gan\u00f3 un escenario espectacular, donde hab\u00eda m\u00e1s comodidad y sitio para ofrecer otras nuchas atracciones que sobrepasaran la simple barra que completaba por s\u00ed sola la fiesta en el emplazamiento anterior.<\/p>\t\t\t\t\t\t<\/div>\n\t\t\t\t<\/div>\n\t\t\t\t\t<\/div>\n\t\t<\/div>\n\t\t\t\t\t<\/div>\n\t\t<\/section>\n\t\t\t\t<section class=\"elementor-section elementor-top-section elementor-element elementor-element-hwhyxeg elementor-section-boxed elementor-section-height-default elementor-section-height-default\" data-id=\"hwhyxeg\" data-element_type=\"section\">\n\t\t\t\t\t\t<div class=\"elementor-container elementor-column-gap-default\">\n\t\t\t\t\t<div class=\"elementor-column elementor-col-50 elementor-top-column elementor-element elementor-element-l9atcl6\" data-id=\"l9atcl6\" data-element_type=\"column\">\n\t\t\t<div class=\"elementor-widget-wrap elementor-element-populated\">\n\t\t\t\t\t\t<div class=\"elementor-element elementor-element-lt65p9i elementor-widget elementor-widget-text-editor\" data-id=\"lt65p9i\" data-element_type=\"widget\" data-widget_type=\"text-editor.default\">\n\t\t\t\t<div class=\"elementor-widget-container\">\n\t\t\t\t\t\t\t<p>Y ahora (estamos en 2006), otra Junta Directiva -curiosamente, toda ella formada por mujeres -, ha tenido la feliz idea de traer aqu\u00ed, tambi\u00e9n en Navidad, una serie de actividades que han ensanchado el campo de posibilidades de estos ancestrales rincones. <br \/>Desde las \u00faltimas fiestas navide\u00f1as parece que se va a perpetuar la representaci\u00f3n de un magn\u00edfico Bel\u00e9n viviente y, alrededor de este acto central, toda una serie de actividades artesanales, exposiciones, fiesta sinfantiles, grupos musicales, etc\u00e9tera.<br \/>Por fin se est\u00e1 consiguiendo que la gente le da la cara a este lugar privilegiado al que, desde siempre (tan s\u00f3lo se ha celbrado alg\u00fan espect\u00e1culo espor\u00e1dico), los ronde\u00f1os le hemos dado la espalda de forma sistem\u00e1tica.<\/p>\t\t\t\t\t\t<\/div>\n\t\t\t\t<\/div>\n\t\t\t\t\t<\/div>\n\t\t<\/div>\n\t\t\t\t<div class=\"elementor-column elementor-col-50 elementor-top-column elementor-element elementor-element-v8rq3f2\" data-id=\"v8rq3f2\" data-element_type=\"column\">\n\t\t\t<div class=\"elementor-widget-wrap elementor-element-populated\">\n\t\t\t\t\t\t<div class=\"elementor-element elementor-element-6qj4a1z elementor-widget elementor-widget-image\" data-id=\"6qj4a1z\" data-element_type=\"widget\" data-widget_type=\"image.default\">\n\t\t\t\t<div class=\"elementor-widget-container\">\n\t\t\t\t\t\t\t\t\t\t\t\t\t<img decoding=\"async\" src=\"http:\/\/www.josemariatornay.com\/wp-content\/uploads\/elementor\/thumbs\/paisaje-opo46ez390307cta3iotntbl8us22apilyqsv6uf5s.jpg\" title=\"paisaje\" alt=\"paisaje\" loading=\"lazy\" \/>\t\t\t\t\t\t\t\t\t\t\t\t\t<\/div>\n\t\t\t\t<\/div>\n\t\t\t\t\t<\/div>\n\t\t<\/div>\n\t\t\t\t\t<\/div>\n\t\t<\/section>\n\t\t\t\t<section class=\"elementor-section elementor-top-section elementor-element elementor-element-wjvxgup elementor-section-boxed elementor-section-height-default elementor-section-height-default\" data-id=\"wjvxgup\" data-element_type=\"section\">\n\t\t\t\t\t\t<div class=\"elementor-container elementor-column-gap-default\">\n\t\t\t\t\t<div class=\"elementor-column elementor-col-100 elementor-top-column elementor-element elementor-element-7xhtxx7\" data-id=\"7xhtxx7\" data-element_type=\"column\">\n\t\t\t<div class=\"elementor-widget-wrap elementor-element-populated\">\n\t\t\t\t\t\t<div class=\"elementor-element elementor-element-exc6926 elementor-widget elementor-widget-heading\" data-id=\"exc6926\" data-element_type=\"widget\" data-widget_type=\"heading.default\">\n\t\t\t\t<div class=\"elementor-widget-container\">\n\t\t\t<h2 class=\"elementor-heading-title elementor-size-medium\">LO QUE EL VIENTO SE LLEV\u00d3 VI<\/h2>\t\t<\/div>\n\t\t\t\t<\/div>\n\t\t\t\t<div class=\"elementor-element elementor-element-32ag20m elementor-widget elementor-widget-text-editor\" data-id=\"32ag20m\" data-element_type=\"widget\" data-widget_type=\"text-editor.default\">\n\t\t\t\t<div class=\"elementor-widget-container\">\n\t\t\t\t\t\t\t<p>De todos los tramos de la calle Armi\u00f1\u00e1n, \u00e9ste es el que menos ha sufrido los embates del tiempo con su viento destructor. La parte de atr\u00e1s del castillo, que va circundando la calle hasta las murallas del Barrio de San Francisco, permanece tal cual. Lo dem\u00e1s, salvo m\u00ednimos retoques en las aceras y en algunas casas, sigue los mismo que hace 40 a\u00f1os&#8230;y supongo que igual que en m\u00e1s a\u00f1os atr\u00e1s.<\/p>\t\t\t\t\t\t<\/div>\n\t\t\t\t<\/div>\n\t\t\t\t\t<\/div>\n\t\t<\/div>\n\t\t\t\t\t<\/div>\n\t\t<\/section>\n\t\t\t\t<section class=\"elementor-section elementor-top-section elementor-element elementor-element-1l73fck elementor-section-boxed elementor-section-height-default elementor-section-height-default\" data-id=\"1l73fck\" data-element_type=\"section\">\n\t\t\t\t\t\t<div class=\"elementor-container elementor-column-gap-default\">\n\t\t\t\t\t<div class=\"elementor-column elementor-col-100 elementor-top-column elementor-element elementor-element-pnhrjs8\" data-id=\"pnhrjs8\" data-element_type=\"column\">\n\t\t\t<div class=\"elementor-widget-wrap elementor-element-populated\">\n\t\t\t\t\t\t<div class=\"elementor-element elementor-element-0k9u86d elementor-widget-divider--view-line elementor-widget elementor-widget-divider\" data-id=\"0k9u86d\" data-element_type=\"widget\" data-widget_type=\"divider.default\">\n\t\t\t\t<div class=\"elementor-widget-container\">\n\t\t\t\t\t<div class=\"elementor-divider\">\n\t\t\t<span class=\"elementor-divider-separator\">\n\t\t\t\t\t\t<\/span>\n\t\t<\/div>\n\t\t\t\t<\/div>\n\t\t\t\t<\/div>\n\t\t\t\t\t<\/div>\n\t\t<\/div>\n\t\t\t\t\t<\/div>\n\t\t<\/section>\n\t\t\t\t<section class=\"elementor-section elementor-top-section elementor-element elementor-element-umw6ece elementor-section-boxed elementor-section-height-default elementor-section-height-default\" data-id=\"umw6ece\" data-element_type=\"section\">\n\t\t\t\t\t\t<div class=\"elementor-container elementor-column-gap-default\">\n\t\t\t\t\t<div class=\"elementor-column elementor-col-50 elementor-top-column elementor-element elementor-element-vvsu7qr\" data-id=\"vvsu7qr\" data-element_type=\"column\">\n\t\t\t<div class=\"elementor-widget-wrap elementor-element-populated\">\n\t\t\t\t\t\t<div class=\"elementor-element elementor-element-gq4v1hv elementor-widget elementor-widget-image\" data-id=\"gq4v1hv\" data-element_type=\"widget\" data-widget_type=\"image.default\">\n\t\t\t\t<div class=\"elementor-widget-container\">\n\t\t\t\t\t\t\t\t\t\t\t\t\t<img decoding=\"async\" src=\"http:\/\/www.josemariatornay.com\/wp-content\/uploads\/elementor\/thumbs\/hospitalviejo-opo3u8yas7ffyq7ykv7x8lfsgolfjxlpv3abfjjdlw.jpg\" title=\"hospitalviejo\" alt=\"hospitalviejo\" loading=\"lazy\" \/>\t\t\t\t\t\t\t\t\t\t\t\t\t<\/div>\n\t\t\t\t<\/div>\n\t\t\t\t\t<\/div>\n\t\t<\/div>\n\t\t\t\t<div class=\"elementor-column elementor-col-50 elementor-top-column elementor-element elementor-element-xxv4a41\" data-id=\"xxv4a41\" data-element_type=\"column\">\n\t\t\t<div class=\"elementor-widget-wrap elementor-element-populated\">\n\t\t\t\t\t\t<div class=\"elementor-element elementor-element-ownx8hi elementor-widget elementor-widget-text-editor\" data-id=\"ownx8hi\" data-element_type=\"widget\" data-widget_type=\"text-editor.default\">\n\t\t\t\t<div class=\"elementor-widget-container\">\n\t\t\t\t\t\t\t<p>Bajando la cuesta de Santa Mar\u00eda hacia la calle Armi\u00f1\u00e1n, el viento se llev\u00f3 un legendario hospital, supongo que el primero que dio servivio sanitario a Ronda. Hay hasta leyendas de alg\u00fan personaje que trabaj\u00f3 en \u00e9l. Mi amigo Jos\u00e9 M\u00aa Ortega se lo sabe todo esto, como sabio que es de la peque\u00f1a y de la gran historia de nuestra ciudad. Ahora hay aqu\u00ed una entrada a las murallas de la parte Este y el Museo del Bandolero, que ya veremos cuando tratemos lo que nos han tra\u00eddos los tiempos nuevos, en la secci\u00f3n LO QUE EL VIENTO NOS DEJ\u00d3. En la otra acera se encuentra el edificio del Juzgado. Creo que cuando tenga tiempo me pondr\u00e9 a fotografiar y comentar los monumentos (de todo tipo) que atesora nuestro pueblo. No quiero que sean s\u00f3lo iglesias y palacios. Espero encontrar otros tambi\u00e9n interesantes.<\/p>\t\t\t\t\t\t<\/div>\n\t\t\t\t<\/div>\n\t\t\t\t\t<\/div>\n\t\t<\/div>\n\t\t\t\t\t<\/div>\n\t\t<\/section>\n\t\t\t\t<section class=\"elementor-section elementor-top-section elementor-element elementor-element-4qmylj7 elementor-section-boxed elementor-section-height-default elementor-section-height-default\" data-id=\"4qmylj7\" data-element_type=\"section\">\n\t\t\t\t\t\t<div class=\"elementor-container elementor-column-gap-default\">\n\t\t\t\t\t<div class=\"elementor-column elementor-col-50 elementor-top-column elementor-element elementor-element-p0zvkqg\" data-id=\"p0zvkqg\" data-element_type=\"column\">\n\t\t\t<div class=\"elementor-widget-wrap elementor-element-populated\">\n\t\t\t\t\t\t<div class=\"elementor-element elementor-element-3w2d008 elementor-widget elementor-widget-text-editor\" data-id=\"3w2d008\" data-element_type=\"widget\" data-widget_type=\"text-editor.default\">\n\t\t\t\t<div class=\"elementor-widget-container\">\n\t\t\t\t\t\t\t<p>Se me ha borrado por completo la imagen de lo que campeaba aqu\u00ed donde, ahora y desde no hace muchos a\u00f1os, existen estos bonitos arcos y soportales, como es natural, dedicados al comercio menor que genera nuestra condici\u00f3n de ciudad tur\u00edstica. S\u00e9 que enfrente, aparte del peque\u00f1o local del carbonero (ya citado en el cap\u00edtulo I) hab\u00eda una m\u00ednima capillita donde se expon\u00edan una serie de ex-votos que a m\u00ed me produc\u00edan un cierto sentimiento de malestar, por la crudeza del simbolismo y de los mismos objetos. Tambi\u00e9n enfrente y durante alg\u00fan tiempo, no s\u00e9 precisar, hab\u00eda un local abierto desde donde sal\u00edo alguna vez la Hermandad del Ecce Homo, hoy ubicada para su preparaci\u00f3n y salida en la Plaza de la Paz (mi plaza).<\/p>\t\t\t\t\t\t<\/div>\n\t\t\t\t<\/div>\n\t\t\t\t\t<\/div>\n\t\t<\/div>\n\t\t\t\t<div class=\"elementor-column elementor-col-50 elementor-top-column elementor-element elementor-element-pqb3tmi\" data-id=\"pqb3tmi\" data-element_type=\"column\">\n\t\t\t<div class=\"elementor-widget-wrap elementor-element-populated\">\n\t\t\t\t\t\t<div class=\"elementor-element elementor-element-scgvvdz elementor-widget elementor-widget-image\" data-id=\"scgvvdz\" data-element_type=\"widget\" data-widget_type=\"image.default\">\n\t\t\t\t<div class=\"elementor-widget-container\">\n\t\t\t\t\t\t\t\t\t\t\t\t\t<img decoding=\"async\" src=\"http:\/\/www.josemariatornay.com\/wp-content\/uploads\/elementor\/thumbs\/clinicavet-1-opo3rmyfsrunmejmyiuqltzozdrvx0ubngy71a3r30.jpg\" title=\"clinicavet\" alt=\"clinicavet\" loading=\"lazy\" \/>\t\t\t\t\t\t\t\t\t\t\t\t\t<\/div>\n\t\t\t\t<\/div>\n\t\t\t\t\t<\/div>\n\t\t<\/div>\n\t\t\t\t\t<\/div>\n\t\t<\/section>\n\t\t\t\t<section class=\"elementor-section elementor-top-section elementor-element elementor-element-a3iywuu elementor-section-boxed elementor-section-height-default elementor-section-height-default\" data-id=\"a3iywuu\" data-element_type=\"section\">\n\t\t\t\t\t\t<div class=\"elementor-container elementor-column-gap-default\">\n\t\t\t\t\t<div class=\"elementor-column elementor-col-50 elementor-top-column elementor-element elementor-element-0idtbxu\" data-id=\"0idtbxu\" data-element_type=\"column\">\n\t\t\t<div class=\"elementor-widget-wrap elementor-element-populated\">\n\t\t\t\t\t\t<div class=\"elementor-element elementor-element-0vjssi7 elementor-widget elementor-widget-image\" data-id=\"0vjssi7\" data-element_type=\"widget\" data-widget_type=\"image.default\">\n\t\t\t\t<div class=\"elementor-widget-container\">\n\t\t\t\t\t\t\t\t\t\t\t\t\t<img decoding=\"async\" src=\"http:\/\/www.josemariatornay.com\/wp-content\/uploads\/elementor\/thumbs\/escuelita-1-opo3rdk1wfhufynpx0nprly32wwmwn04jiz4ft56ps.jpg\" title=\"escuelita-1\" alt=\"escuelita-1\" loading=\"lazy\" \/>\t\t\t\t\t\t\t\t\t\t\t\t\t<\/div>\n\t\t\t\t<\/div>\n\t\t\t\t\t<\/div>\n\t\t<\/div>\n\t\t\t\t<div class=\"elementor-column elementor-col-50 elementor-top-column elementor-element elementor-element-386ic4c\" data-id=\"386ic4c\" data-element_type=\"column\">\n\t\t\t<div class=\"elementor-widget-wrap elementor-element-populated\">\n\t\t\t\t\t\t<div class=\"elementor-element elementor-element-uurm0n8 elementor-widget elementor-widget-text-editor\" data-id=\"uurm0n8\" data-element_type=\"widget\" data-widget_type=\"text-editor.default\">\n\t\t\t\t<div class=\"elementor-widget-container\">\n\t\t\t\t\t\t\t<p>Y aqu\u00ed est\u00e1n las famosas \u00abEscalerillas\u00bb. Ellas siguen, ah\u00ed, en su sitio, dando acceso a la Plaza Duquesa de Parcent desde la calle Armi\u00f1an. Pero lo que ya no est\u00e1 es una humilde, muy humilde escuelita que se encontraba justo al comienzo de la escalinata, donde hoy hay una entrada trasera al Ayuntamiento. All\u00ed estudiaban los m\u00e1s humildes hijos de nuestro pueblo, aqu\u00e9llos que no pod\u00edan acceder a las Escuelas y Colegios de pago que regentaban los Salesianos (entonces no hab\u00eda escuelas p\u00fablicas ni ense\u00f1anza gratuita).<br \/>Hoy como ayer, compruebo que estas escaleras m\u00edticas son muy poco utilizadas. \u00bfCon el encanto que tienen y la historia que arrastran! Para los que viv\u00edamos en \u00abLa Ciudad\u00bb era como una frontera. Bajar por ellas era como introducirse en otro mundo.<\/p>\t\t\t\t\t\t<\/div>\n\t\t\t\t<\/div>\n\t\t\t\t\t<\/div>\n\t\t<\/div>\n\t\t\t\t\t<\/div>\n\t\t<\/section>\n\t\t\t\t<section class=\"elementor-section elementor-top-section elementor-element elementor-element-ox30yrg elementor-section-boxed elementor-section-height-default elementor-section-height-default\" data-id=\"ox30yrg\" data-element_type=\"section\">\n\t\t\t\t\t\t<div class=\"elementor-container elementor-column-gap-default\">\n\t\t\t\t\t<div class=\"elementor-column elementor-col-50 elementor-top-column elementor-element elementor-element-vijfz40\" data-id=\"vijfz40\" data-element_type=\"column\">\n\t\t\t<div class=\"elementor-widget-wrap elementor-element-populated\">\n\t\t\t\t\t\t<div class=\"elementor-element elementor-element-zcg4106 elementor-widget elementor-widget-text-editor\" data-id=\"zcg4106\" data-element_type=\"widget\" data-widget_type=\"text-editor.default\">\n\t\t\t\t<div class=\"elementor-widget-container\">\n\t\t\t\t\t\t\t<p>Y es que entonces las distancias eran mucho m\u00e1s dilatadas. Hoy todo se ha hecho m\u00e1s peque\u00f1o. As\u00ed lo han querido los vientos que nos han ido trayendo mejores medios para movernos con rapidez y comodidad.<br \/>Curiosamente, hace cuarenta a\u00f1os hab\u00eda un servicio de autobuses urbanos mucho m\u00e1s eficaz y mejor organizado que el actual.<br \/>En esa esquina del z\u00f3calo oscuro, un poco m\u00e1s abajo de los soportales, hace poco que desapareci\u00f3 una farmacia. No recuerdo cuando empez\u00f3 a funcionar, pero tengo la impresi\u00f3n que no es de la \u00e9poca de la escuelita, sino muy posterior. Es xurioso, en \u00abLa Ciudad\u00bb llegaron a convivir dos boticas.<\/p>\t\t\t\t\t\t<\/div>\n\t\t\t\t<\/div>\n\t\t\t\t\t<\/div>\n\t\t<\/div>\n\t\t\t\t<div class=\"elementor-column elementor-col-50 elementor-top-column elementor-element elementor-element-z1gu9qg\" data-id=\"z1gu9qg\" data-element_type=\"column\">\n\t\t\t<div class=\"elementor-widget-wrap elementor-element-populated\">\n\t\t\t\t\t\t<div class=\"elementor-element elementor-element-pqjby8v elementor-widget elementor-widget-image\" data-id=\"pqjby8v\" data-element_type=\"widget\" data-widget_type=\"image.default\">\n\t\t\t\t<div class=\"elementor-widget-container\">\n\t\t\t\t\t\t\t\t\t\t\t\t\t<img decoding=\"async\" src=\"http:\/\/www.josemariatornay.com\/wp-content\/uploads\/elementor\/thumbs\/farmacia-1-opo3r53i6x67ht9kut4tsghxp27wurvf90jyx0u8d8.jpg\" title=\"farmacia-1\" alt=\"farmacia-1\" loading=\"lazy\" \/>\t\t\t\t\t\t\t\t\t\t\t\t\t<\/div>\n\t\t\t\t<\/div>\n\t\t\t\t\t<\/div>\n\t\t<\/div>\n\t\t\t\t\t<\/div>\n\t\t<\/section>\n\t\t\t\t<section class=\"elementor-section elementor-top-section elementor-element elementor-element-dyda7y1 elementor-section-boxed elementor-section-height-default elementor-section-height-default\" data-id=\"dyda7y1\" data-element_type=\"section\">\n\t\t\t\t\t\t<div class=\"elementor-container elementor-column-gap-default\">\n\t\t\t\t\t<div class=\"elementor-column elementor-col-50 elementor-top-column elementor-element elementor-element-xk5mgac\" data-id=\"xk5mgac\" data-element_type=\"column\">\n\t\t\t<div class=\"elementor-widget-wrap elementor-element-populated\">\n\t\t\t\t\t\t<div class=\"elementor-element elementor-element-zvkycw1 elementor-widget elementor-widget-image\" data-id=\"zvkycw1\" data-element_type=\"widget\" data-widget_type=\"image.default\">\n\t\t\t\t<div class=\"elementor-widget-container\">\n\t\t\t\t\t\t\t\t\t\t\t\t\t<img decoding=\"async\" src=\"http:\/\/www.josemariatornay.com\/wp-content\/uploads\/elementor\/thumbs\/campofutbol-opo3qvp4aktebddntaxsy8gbslcnue1852kwbjvo00.jpg\" title=\"campofutbol\" alt=\"campofutbol\" loading=\"lazy\" \/>\t\t\t\t\t\t\t\t\t\t\t\t\t<\/div>\n\t\t\t\t<\/div>\n\t\t\t\t\t<\/div>\n\t\t<\/div>\n\t\t\t\t<div class=\"elementor-column elementor-col-50 elementor-top-column elementor-element elementor-element-rxepvcg\" data-id=\"rxepvcg\" data-element_type=\"column\">\n\t\t\t<div class=\"elementor-widget-wrap elementor-element-populated\">\n\t\t\t\t\t\t<div class=\"elementor-element elementor-element-51b34go elementor-widget elementor-widget-text-editor\" data-id=\"51b34go\" data-element_type=\"widget\" data-widget_type=\"text-editor.default\">\n\t\t\t\t<div class=\"elementor-widget-container\">\n\t\t\t\t\t\t\t<p>Donde ahora hay un picadero, entonces hubo un teatro de los sue\u00f1os, un peque\u00f1o Maracan\u00e1 de tierra, pero m\u00e1gico, donde crecimos emulando a Gento y a Amacio, a Fust\u00e9 y a Mendoza. Era propiedad de los Salesianos. Ten\u00eda sus porter\u00edas y todo, pero un peque\u00f1o problema: la tapia del lado que daba al campo era muy baja y el due\u00f1o de aqu\u00e9l estaba en permanente estado de sofoco y cabreo. La felicidad nunca es completa.<br \/>Aqu\u00ed se hicieron buenos futbolistas. Recuerdo a \u00abGigi\u00bb Vela, a Miguel\u00edan&#8230;a muchos que, a los m\u00e1s peque\u00f1os, nos asombraban con sus regates y sus palomitas y eso que los balones eran una aut\u00e9nticamente lamentables.<br \/>Hoy, que abundan la sinstalaciones deportivas: canchas, pistas, campos de f\u00fatbol&#8230;hay much\u00edsima menos afici\u00f3n. Paradojas de la vida.<\/p>\t\t\t\t\t\t<\/div>\n\t\t\t\t<\/div>\n\t\t\t\t\t<\/div>\n\t\t<\/div>\n\t\t\t\t\t<\/div>\n\t\t<\/section>\n\t\t\t\t<section class=\"elementor-section elementor-top-section elementor-element elementor-element-sgphft2 elementor-section-boxed elementor-section-height-default elementor-section-height-default\" data-id=\"sgphft2\" data-element_type=\"section\">\n\t\t\t\t\t\t<div class=\"elementor-container elementor-column-gap-default\">\n\t\t\t\t\t<div class=\"elementor-column elementor-col-100 elementor-top-column elementor-element elementor-element-yt4b4pf\" data-id=\"yt4b4pf\" data-element_type=\"column\">\n\t\t\t<div class=\"elementor-widget-wrap elementor-element-populated\">\n\t\t\t\t\t\t<div class=\"elementor-element elementor-element-osy83kc elementor-widget elementor-widget-heading\" data-id=\"osy83kc\" data-element_type=\"widget\" data-widget_type=\"heading.default\">\n\t\t\t\t<div class=\"elementor-widget-container\">\n\t\t\t<h2 class=\"elementor-heading-title elementor-size-medium\">LO QUE EL VIENTO SE LLEV\u00d3 VII<\/h2>\t\t<\/div>\n\t\t\t\t<\/div>\n\t\t\t\t<div class=\"elementor-element elementor-element-xxlckct elementor-widget elementor-widget-text-editor\" data-id=\"xxlckct\" data-element_type=\"widget\" data-widget_type=\"text-editor.default\">\n\t\t\t\t<div class=\"elementor-widget-container\">\n\t\t\t\t\t\t\t<p>La parte Oeste de La Ciudad se ha mantenido sustancialmente igual a lo largo de los a\u00f1os, por algo estamos en la parte nobre de nuetsra ciudad, en su casco hist\u00f3rico, Pero algunas cosas han volado. Veamos los efectos del viento.<\/p>\t\t\t\t\t\t<\/div>\n\t\t\t\t<\/div>\n\t\t\t\t\t<\/div>\n\t\t<\/div>\n\t\t\t\t\t<\/div>\n\t\t<\/section>\n\t\t\t\t<section class=\"elementor-section elementor-top-section elementor-element elementor-element-jqn4mfz elementor-section-boxed elementor-section-height-default elementor-section-height-default\" data-id=\"jqn4mfz\" data-element_type=\"section\">\n\t\t\t\t\t\t<div class=\"elementor-container elementor-column-gap-default\">\n\t\t\t\t\t<div class=\"elementor-column elementor-col-100 elementor-top-column elementor-element elementor-element-fexg3um\" data-id=\"fexg3um\" data-element_type=\"column\">\n\t\t\t<div class=\"elementor-widget-wrap elementor-element-populated\">\n\t\t\t\t\t\t<div class=\"elementor-element elementor-element-rxs6s8d elementor-widget-divider--view-line elementor-widget elementor-widget-divider\" data-id=\"rxs6s8d\" data-element_type=\"widget\" data-widget_type=\"divider.default\">\n\t\t\t\t<div class=\"elementor-widget-container\">\n\t\t\t\t\t<div class=\"elementor-divider\">\n\t\t\t<span class=\"elementor-divider-separator\">\n\t\t\t\t\t\t<\/span>\n\t\t<\/div>\n\t\t\t\t<\/div>\n\t\t\t\t<\/div>\n\t\t\t\t\t<\/div>\n\t\t<\/div>\n\t\t\t\t\t<\/div>\n\t\t<\/section>\n\t\t\t\t<section class=\"elementor-section elementor-top-section elementor-element elementor-element-hc9o1df elementor-section-boxed elementor-section-height-default elementor-section-height-default\" data-id=\"hc9o1df\" data-element_type=\"section\">\n\t\t\t\t\t\t<div class=\"elementor-container elementor-column-gap-default\">\n\t\t\t\t\t<div class=\"elementor-column elementor-col-50 elementor-top-column elementor-element elementor-element-3t6fkro\" data-id=\"3t6fkro\" data-element_type=\"column\">\n\t\t\t<div class=\"elementor-widget-wrap elementor-element-populated\">\n\t\t\t\t\t\t<div class=\"elementor-element elementor-element-p3rlhwi elementor-widget elementor-widget-text-editor\" data-id=\"p3rlhwi\" data-element_type=\"widget\" data-widget_type=\"text-editor.default\">\n\t\t\t\t<div class=\"elementor-widget-container\">\n\t\t\t\t\t\t\t<p>Y el viento se llev\u00f3 esta casa de Don Bosco, bueno, la casa no; se llev\u00f3 todo lo que Don Gonzalo fue capaz de crear a su alrededor a base confiar en la creatividad y en el talento de un pu\u00f1ado de j\u00f3venes que supieron rentabilizar la confianza que se pon\u00eda en sus manos. Vol\u00f3 todo aqu\u00e9llo y se lo llev\u00f3 el viento provocado por quienes m\u00e1s ten\u00edan que haber cuidado de la gente que hab\u00eda all\u00ed dentro: los salesianos. Nunca comprendieron la verdadera labor que se estaba realizando all\u00ed: talleres diversos, m\u00fasica, teatro y, sobre todo, una aut\u00e9ntica formaci\u00f3n integral como no se ha dado en ning\u00fan centro de este tipo en la historia de Ronda. Hoy es residencia de algunos miembros de dicha comunidad y fuente de ingresos, aprovechando la mina tur\u00edstica. Una vez m\u00e1s, el inter\u00e9s particular prevaleci\u00f3 sobre el com\u00fan.<\/p>\t\t\t\t\t\t<\/div>\n\t\t\t\t<\/div>\n\t\t\t\t\t<\/div>\n\t\t<\/div>\n\t\t\t\t<div class=\"elementor-column elementor-col-50 elementor-top-column elementor-element elementor-element-g1g1ilj\" data-id=\"g1g1ilj\" data-element_type=\"column\">\n\t\t\t<div class=\"elementor-widget-wrap elementor-element-populated\">\n\t\t\t\t\t\t<div class=\"elementor-element elementor-element-33im9g3 elementor-widget elementor-widget-image\" data-id=\"33im9g3\" data-element_type=\"widget\" data-widget_type=\"image.default\">\n\t\t\t\t<div class=\"elementor-widget-container\">\n\t\t\t\t\t\t\t\t\t\t\t\t\t<img decoding=\"async\" src=\"http:\/\/www.josemariatornay.com\/wp-content\/uploads\/elementor\/thumbs\/tes-opo3qn8kl2htevpy6pa5tsl6g4icx43n3wpj0287k0.jpg\" title=\"tes\" alt=\"tes\" loading=\"lazy\" \/>\t\t\t\t\t\t\t\t\t\t\t\t\t<\/div>\n\t\t\t\t<\/div>\n\t\t\t\t\t<\/div>\n\t\t<\/div>\n\t\t\t\t\t<\/div>\n\t\t<\/section>\n\t\t\t\t<section class=\"elementor-section elementor-top-section elementor-element elementor-element-x97w8f7 elementor-section-boxed elementor-section-height-default elementor-section-height-default\" data-id=\"x97w8f7\" data-element_type=\"section\">\n\t\t\t\t\t\t<div class=\"elementor-container elementor-column-gap-default\">\n\t\t\t\t\t<div class=\"elementor-column elementor-col-50 elementor-top-column elementor-element elementor-element-nxmm6wy\" data-id=\"nxmm6wy\" data-element_type=\"column\">\n\t\t\t<div class=\"elementor-widget-wrap elementor-element-populated\">\n\t\t\t\t\t\t<div class=\"elementor-element elementor-element-h64wx73 elementor-widget elementor-widget-image\" data-id=\"h64wx73\" data-element_type=\"widget\" data-widget_type=\"image.default\">\n\t\t\t\t<div class=\"elementor-widget-container\">\n\t\t\t\t\t\t\t\t\t\t\t\t\t<img decoding=\"async\" src=\"http:\/\/www.josemariatornay.com\/wp-content\/uploads\/elementor\/thumbs\/tallaadolfo-opo3qdu6oq4y6s3lpl7w4uyki9sos52bqm6o7am5a8.jpg\" title=\"tallaadolfo\" alt=\"tallaadolfo\" loading=\"lazy\" \/>\t\t\t\t\t\t\t\t\t\t\t\t\t<\/div>\n\t\t\t\t<\/div>\n\t\t\t\t\t<\/div>\n\t\t<\/div>\n\t\t\t\t<div class=\"elementor-column elementor-col-50 elementor-top-column elementor-element elementor-element-7i2aqr3\" data-id=\"7i2aqr3\" data-element_type=\"column\">\n\t\t\t<div class=\"elementor-widget-wrap elementor-element-populated\">\n\t\t\t\t\t\t<div class=\"elementor-element elementor-element-gdirdhn elementor-widget elementor-widget-text-editor\" data-id=\"gdirdhn\" data-element_type=\"widget\" data-widget_type=\"text-editor.default\">\n\t\t\t\t<div class=\"elementor-widget-container\">\n\t\t\t\t\t\t\t<p>Junto a las actividades antes citadas, se recuperaron fiestas ancestrales, como El Corpus Chiquito; se reflotaron Cofrad\u00edas, como El Se\u00f1or Orando en el Huerto o la Pollinica. Por cierto, a\u00fan se conserva, y con mayor vitalidad que nunca, el grupo de teatro que all\u00ed germin\u00f3. Y saliendo de la Casa de Don Bosco (el TES como se le conoc\u00eda popularmente) hacia El Campillo, creo recordar que en la esquina que aqu\u00ed est\u00e1 tapiada de blanco, ten\u00eda su centro de trabajo un tallista de categor\u00eda internacional (Adolfo, creo que se llamaba). Tambi\u00e9n colabor\u00f3 en los talleres que se organizaban en el TES. En este \u00e1mbito, peque\u00f1o en espacio, enorme en pespectivas e ilusiones, pas\u00e9 yo buena parte de mi primera juventud, junto a amigos que se han quedado conmigo para siempre, pese a los estragos que en los afectos suele hacer el tiempo.<\/p>\t\t\t\t\t\t<\/div>\n\t\t\t\t<\/div>\n\t\t\t\t\t<\/div>\n\t\t<\/div>\n\t\t\t\t\t<\/div>\n\t\t<\/section>\n\t\t\t\t<section class=\"elementor-section elementor-top-section elementor-element elementor-element-l7flvkk elementor-section-boxed elementor-section-height-default elementor-section-height-default\" data-id=\"l7flvkk\" data-element_type=\"section\">\n\t\t\t\t\t\t<div class=\"elementor-container elementor-column-gap-default\">\n\t\t\t\t\t<div class=\"elementor-column elementor-col-50 elementor-top-column elementor-element elementor-element-jm7vf2o\" data-id=\"jm7vf2o\" data-element_type=\"column\">\n\t\t\t<div class=\"elementor-widget-wrap elementor-element-populated\">\n\t\t\t\t\t\t<div class=\"elementor-element elementor-element-qgzkft2 elementor-widget elementor-widget-text-editor\" data-id=\"qgzkft2\" data-element_type=\"widget\" data-widget_type=\"text-editor.default\">\n\t\t\t\t<div class=\"elementor-widget-container\">\n\t\t\t\t\t\t\t<p>Y un poco m\u00e1s hacia El Campillo se encontraba la puerta de nuestro estadio particular, all\u00ed donde los domingos, pon\u00edamos a prueba las habilidades futbol\u00edsticas que \u00edbamos atesorando durante la semana. Dentro hab\u00eda un campo de tierra que nos convert\u00eda en h\u00e9roes invencibles. Hoy es la entrada del Conservatorio de M\u00fasica. Esta plaza de El Campillo, por cierto, era mo m\u00e1s que un rect\u00e1ngulo de tierra, sin fuentes, ni estatuas, ni jardines, por lo que, a falta de otras instalaciones, la aprovech\u00e1bamos para utilizarla tambi\u00e9n como campo de deportes. Hoy la transitan turistas y sus bancos sirven para que las gentes de la zona tomen pl\u00e1cidamente el tibioy pl\u00e1cido sol de la tarde que llega desde ese poniente donde cada atardecer es una nueva , diferente y \u00fanica pincelada de color natural.<\/p>\t\t\t\t\t\t<\/div>\n\t\t\t\t<\/div>\n\t\t\t\t\t<\/div>\n\t\t<\/div>\n\t\t\t\t<div class=\"elementor-column elementor-col-50 elementor-top-column elementor-element elementor-element-yev42uv\" data-id=\"yev42uv\" data-element_type=\"column\">\n\t\t\t<div class=\"elementor-widget-wrap elementor-element-populated\">\n\t\t\t\t\t\t<div class=\"elementor-element elementor-element-5dmpcdk elementor-widget elementor-widget-image\" data-id=\"5dmpcdk\" data-element_type=\"widget\" data-widget_type=\"image.default\">\n\t\t\t\t<div class=\"elementor-widget-container\">\n\t\t\t\t\t\t\t\t\t\t\t\t\t<img decoding=\"async\" src=\"http:\/\/www.josemariatornay.com\/wp-content\/uploads\/elementor\/thumbs\/steresafutbol-opo3q4fssds2yoh98h5mfxbykf30n610dbntej030g.jpg\" title=\"steresafutbol\" alt=\"steresafutbol\" loading=\"lazy\" \/>\t\t\t\t\t\t\t\t\t\t\t\t\t<\/div>\n\t\t\t\t<\/div>\n\t\t\t\t\t<\/div>\n\t\t<\/div>\n\t\t\t\t\t<\/div>\n\t\t<\/section>\n\t\t\t\t<section class=\"elementor-section elementor-top-section elementor-element elementor-element-i8hmhve elementor-section-boxed elementor-section-height-default elementor-section-height-default\" data-id=\"i8hmhve\" data-element_type=\"section\">\n\t\t\t\t\t\t<div class=\"elementor-container elementor-column-gap-default\">\n\t\t\t\t\t<div class=\"elementor-column elementor-col-50 elementor-top-column elementor-element elementor-element-pem1m4r\" data-id=\"pem1m4r\" data-element_type=\"column\">\n\t\t\t<div class=\"elementor-widget-wrap elementor-element-populated\">\n\t\t\t\t\t\t<div class=\"elementor-element elementor-element-ve870sf elementor-widget elementor-widget-image\" data-id=\"ve870sf\" data-element_type=\"widget\" data-widget_type=\"image.default\">\n\t\t\t\t<div class=\"elementor-widget-container\">\n\t\t\t\t\t\t\t\t\t\t\t\t\t<img decoding=\"async\" src=\"http:\/\/www.josemariatornay.com\/wp-content\/uploads\/elementor\/thumbs\/carpintrafalito-opo3pmkv6j3mu3774rfpmju7a3j1kx23yv9la9qkao.jpg\" title=\"carpintrafalito\" alt=\"carpintrafalito\" loading=\"lazy\" \/>\t\t\t\t\t\t\t\t\t\t\t\t\t<\/div>\n\t\t\t\t<\/div>\n\t\t\t\t\t<\/div>\n\t\t<\/div>\n\t\t\t\t<div class=\"elementor-column elementor-col-50 elementor-top-column elementor-element elementor-element-eaaxkya\" data-id=\"eaaxkya\" data-element_type=\"column\">\n\t\t\t<div class=\"elementor-widget-wrap elementor-element-populated\">\n\t\t\t\t\t\t<div class=\"elementor-element elementor-element-os4fxfy elementor-widget elementor-widget-text-editor\" data-id=\"os4fxfy\" data-element_type=\"widget\" data-widget_type=\"text-editor.default\">\n\t\t\t\t<div class=\"elementor-widget-container\">\n\t\t\t\t\t\t\t<p>En este callej\u00f3, que rodea la parte de atr\u00e1s del Colegio de Santa Teresa, estaba, justo en la puerta que tapa el coche, una carpinter\u00eda que regentaba el padre de mi querido amigo \u00abRafalito\u00bb (\u00a1qu\u00e9 personaje! L\u00e1stima que no podamos disfrutarlo en el grupo de teatro). Despu\u00e9s, creo recordar, fue un local que fue usado como bar. como tienda de puertas antiguas, e incluso, como BINGO. Una cosa incre\u00edble; fue en la \u00e9poca aquella del boom de ese tipo de juegos.Nunca han durado mucho los negocios aqu\u00ed , sin duda por la rec\u00f3ndita ubicaci\u00f3n que lo deja a la espalda de casi todo. Yo usaba este callej\u00f3, como un tramo m\u00e1s del circuito urbano que sol\u00eda montar para mis paseos en una destartalada bicicleta. No eran tiempos de muchos juguetes y menos de veh\u00edculos, aunque fueran los humildes de dos ruedas.<\/p>\t\t\t\t\t\t<\/div>\n\t\t\t\t<\/div>\n\t\t\t\t\t<\/div>\n\t\t<\/div>\n\t\t\t\t\t<\/div>\n\t\t<\/section>\n\t\t\t\t<section class=\"elementor-section elementor-top-section elementor-element elementor-element-glzko0u elementor-section-boxed elementor-section-height-default elementor-section-height-default\" data-id=\"glzko0u\" data-element_type=\"section\">\n\t\t\t\t\t\t<div class=\"elementor-container elementor-column-gap-default\">\n\t\t\t\t\t<div class=\"elementor-column elementor-col-50 elementor-top-column elementor-element elementor-element-mvoacjb\" data-id=\"mvoacjb\" data-element_type=\"column\">\n\t\t\t<div class=\"elementor-widget-wrap elementor-element-populated\">\n\t\t\t\t\t\t<div class=\"elementor-element elementor-element-0xvytv6 elementor-widget elementor-widget-text-editor\" data-id=\"0xvytv6\" data-element_type=\"widget\" data-widget_type=\"text-editor.default\">\n\t\t\t\t<div class=\"elementor-widget-container\">\n\t\t\t\t\t\t\t<p>Por cierto, con la bicicleta hab\u00eda que aprender r\u00e1pidamente una habilidad especial para ir por la raya de enmedio de la calle y as\u00ed evitar las piedras, generadoras de lastimantes vibraciones. Hoy lo siguen eludiendo las se\u00f1oras con tacones, que caminan como en la pasarela para eludirlas. Aqu\u00ed, en una de esas dos ventanas, durante a\u00f1os, se colocaba de forma permanente una se\u00f1ora que, cual maceta, permanec\u00eda all\u00ed durante todo el d\u00eda. Pertenec\u00eda al paisaje urbano como un elemnto m\u00e1s perfectamente integrado en el conmtexto. La calle se llama San Juan Bosco y es la que hay entre la parte de atr\u00e1s de la Iglesia Mayor y la puerta de la capilla de Sta. Teresa. M\u00e1s adelante, en el estrechamiento de estas casas con la Iglesia Mayor, los d\u00edas de levante, se produc\u00eda un ventarr\u00f3n de mil demonios.<\/p>\t\t\t\t\t\t<\/div>\n\t\t\t\t<\/div>\n\t\t\t\t\t<\/div>\n\t\t<\/div>\n\t\t\t\t<div class=\"elementor-column elementor-col-50 elementor-top-column elementor-element elementor-element-zd60bbu\" data-id=\"zd60bbu\" data-element_type=\"column\">\n\t\t\t<div class=\"elementor-widget-wrap elementor-element-populated\">\n\t\t\t\t\t\t<div class=\"elementor-element elementor-element-z9rb7vl elementor-widget elementor-widget-image\" data-id=\"z9rb7vl\" data-element_type=\"widget\" data-widget_type=\"image.default\">\n\t\t\t\t<div class=\"elementor-widget-container\">\n\t\t\t\t\t\t\t\t\t\t\t\t\t<img decoding=\"async\" src=\"http:\/\/www.josemariatornay.com\/wp-content\/uploads\/elementor\/thumbs\/mujerventana-opo3pv1ew1f7qkuwrd3cqzpcmkdci6zp014ylre0qo.jpg\" title=\"mujerventana\" alt=\"mujerventana\" loading=\"lazy\" \/>\t\t\t\t\t\t\t\t\t\t\t\t\t<\/div>\n\t\t\t\t<\/div>\n\t\t\t\t\t<\/div>\n\t\t<\/div>\n\t\t\t\t\t<\/div>\n\t\t<\/section>\n\t\t\t\t<section class=\"elementor-section elementor-top-section elementor-element elementor-element-82inw50 elementor-section-boxed elementor-section-height-default elementor-section-height-default\" data-id=\"82inw50\" data-element_type=\"section\">\n\t\t\t\t\t\t<div class=\"elementor-container elementor-column-gap-default\">\n\t\t\t\t\t<div class=\"elementor-column elementor-col-50 elementor-top-column elementor-element elementor-element-elx73aq\" data-id=\"elx73aq\" data-element_type=\"column\">\n\t\t\t<div class=\"elementor-widget-wrap elementor-element-populated\">\n\t\t\t\t\t\t<div class=\"elementor-element elementor-element-adpdyte elementor-widget elementor-widget-image\" data-id=\"adpdyte\" data-element_type=\"widget\" data-widget_type=\"image.default\">\n\t\t\t\t<div class=\"elementor-widget-container\">\n\t\t\t\t\t\t\t\t\t\t\t\t\t<img decoding=\"async\" src=\"http:\/\/www.josemariatornay.com\/wp-content\/uploads\/elementor\/thumbs\/Aytmto-opo3p3s3dudwdvyi6jb68okzee3payzh8a7voqifr4.jpg\" title=\"aytmto\" alt=\"aytmto\" loading=\"lazy\" \/>\t\t\t\t\t\t\t\t\t\t\t\t\t<\/div>\n\t\t\t\t<\/div>\n\t\t\t\t\t<\/div>\n\t\t<\/div>\n\t\t\t\t<div class=\"elementor-column elementor-col-50 elementor-top-column elementor-element elementor-element-8sgukvu\" data-id=\"8sgukvu\" data-element_type=\"column\">\n\t\t\t<div class=\"elementor-widget-wrap elementor-element-populated\">\n\t\t\t\t\t\t<div class=\"elementor-element elementor-element-zqiepm7 elementor-widget elementor-widget-text-editor\" data-id=\"zqiepm7\" data-element_type=\"widget\" data-widget_type=\"text-editor.default\">\n\t\t\t\t<div class=\"elementor-widget-container\">\n\t\t\t\t\t\t\t<p>De esta plaza, que trato en la siguiente vi\u00f1eta, vol\u00f3 para siempre la tranquilidad desde que, un mal d\u00eda, decidieron las sabias mentes de los pol\u00edticos traer hasta este precioso edificio el Excelent\u00edsimo Ayuntamiento. Desde entonces se han multiplicado los coches, los humos, los ruidos y los atascos en la calle Armi\u00f1\u00e1n. <br \/>Anteriormente, la casa que hoy aloja el Consistorio, fue la sede de la Caja de Reclutas, donde te sorteaban (a m\u00ed me sortearon, como si fuera el Gordo de Navidad) y te daban los papeles y el destino donde te correspond\u00eda servir (?) a la Patria. Cosas de los tiempos pasados, hoy afortunadamente liquidadas. <br \/>Pese a su espl\u00e9ndido aspecto, la verdad es que, por dentro, es bastante limitado y cumple con ciertos problemas sus actuales funciones.<\/p>\t\t\t\t\t\t<\/div>\n\t\t\t\t<\/div>\n\t\t\t\t\t<\/div>\n\t\t<\/div>\n\t\t\t\t\t<\/div>\n\t\t<\/section>\n\t\t\t\t<section class=\"elementor-section elementor-top-section elementor-element elementor-element-0nesmtu elementor-section-boxed elementor-section-height-default elementor-section-height-default\" data-id=\"0nesmtu\" data-element_type=\"section\">\n\t\t\t\t\t\t<div class=\"elementor-container elementor-column-gap-default\">\n\t\t\t\t\t<div class=\"elementor-column elementor-col-50 elementor-top-column elementor-element elementor-element-db8injw\" data-id=\"db8injw\" data-element_type=\"column\">\n\t\t\t<div class=\"elementor-widget-wrap elementor-element-populated\">\n\t\t\t\t\t\t<div class=\"elementor-element elementor-element-ke0bcro elementor-widget elementor-widget-text-editor\" data-id=\"ke0bcro\" data-element_type=\"widget\" data-widget_type=\"text-editor.default\">\n\t\t\t\t<div class=\"elementor-widget-container\">\n\t\t\t\t\t\t\t<p>Esta maravillosa plaza, llamada indistintamente de La Ciudad, \u00faltimamente del Ayuntamiento y oficialmente Duquesa de Parcent, est\u00e1 presidida actualmente por la titular de la misma: la famosa duquesa. Pero hasta no hace mucho tiempo fue presidida por Don Vicente Espinel, cuyo busto salud\u00e9 yo a diario porque estaba en el paso que me llevaba a mi colegio, El Castillo. Es lo \u00fanico f\u00edsico que ha volado de esta plaza, aunque ha venido a caer cerca: ahora se encuentra en la puerta del antiguo Colegio de Santa Teresa y de la Casa del Gigante. Lo dem\u00e1s sigue como estaba, con los \u00e1rboles un poco m\u00e1s esbeltos y el suelo, creo que modificado. Por cierto, no s\u00e9 qui\u00e9n me dijo alguna vez (no s\u00e9 si responder\u00e1 a la realidad) que la palmera que se ve en la foto de arriba ten\u00eda exactamente la edad de Encarna, la sacristana.<\/p>\t\t\t\t\t\t<\/div>\n\t\t\t\t<\/div>\n\t\t\t\t\t<\/div>\n\t\t<\/div>\n\t\t\t\t<div class=\"elementor-column elementor-col-50 elementor-top-column elementor-element elementor-element-c9pqugy\" data-id=\"c9pqugy\" data-element_type=\"column\">\n\t\t\t<div class=\"elementor-widget-wrap elementor-element-populated\">\n\t\t\t\t\t\t<div class=\"elementor-element elementor-element-4mj9jrs elementor-widget elementor-widget-image\" data-id=\"4mj9jrs\" data-element_type=\"widget\" data-widget_type=\"image.default\">\n\t\t\t\t<div class=\"elementor-widget-container\">\n\t\t\t\t\t\t\t\t\t\t\t\t\t<img decoding=\"async\" src=\"http:\/\/www.josemariatornay.com\/wp-content\/uploads\/elementor\/thumbs\/vespinel-opo3pc8n3cphadm7t4ytd4g4quy088x29g39085w74.jpg\" title=\"vespinel\" alt=\"vespinel\" loading=\"lazy\" \/>\t\t\t\t\t\t\t\t\t\t\t\t\t<\/div>\n\t\t\t\t<\/div>\n\t\t\t\t\t<\/div>\n\t\t<\/div>\n\t\t\t\t\t<\/div>\n\t\t<\/section>\n\t\t\t\t<section class=\"elementor-section elementor-top-section elementor-element elementor-element-jmzx1o1 elementor-section-boxed elementor-section-height-default elementor-section-height-default\" data-id=\"jmzx1o1\" data-element_type=\"section\">\n\t\t\t\t\t\t<div class=\"elementor-container elementor-column-gap-default\">\n\t\t\t\t\t<div class=\"elementor-column elementor-col-100 elementor-top-column elementor-element elementor-element-rqvfyts\" data-id=\"rqvfyts\" data-element_type=\"column\">\n\t\t\t<div class=\"elementor-widget-wrap elementor-element-populated\">\n\t\t\t\t\t\t<div class=\"elementor-element elementor-element-sesrusw elementor-widget elementor-widget-heading\" data-id=\"sesrusw\" data-element_type=\"widget\" data-widget_type=\"heading.default\">\n\t\t\t\t<div class=\"elementor-widget-container\">\n\t\t\t<h2 class=\"elementor-heading-title elementor-size-medium\">LO QUE EL VIENTO SE LLEV\u00d3 VIII<\/h2>\t\t<\/div>\n\t\t\t\t<\/div>\n\t\t\t\t<div class=\"elementor-element elementor-element-0oexhdt elementor-widget elementor-widget-text-editor\" data-id=\"0oexhdt\" data-element_type=\"widget\" data-widget_type=\"text-editor.default\">\n\t\t\t\t<div class=\"elementor-widget-container\">\n\t\t\t\t\t\t\t<p>La plaza de Espa\u00f1a, puerta de entrada a la Ronda m\u00e1s moderna, ha sufrido tantos cambios que se hace complicado reflejarlos en toda su magnitud. Pero a m\u00ed lo que me interesa es dar unos cuantos retazos sentimentales, sin que lleguen a ser nost\u00e1lgicos.<\/p>\t\t\t\t\t\t<\/div>\n\t\t\t\t<\/div>\n\t\t\t\t\t<\/div>\n\t\t<\/div>\n\t\t\t\t\t<\/div>\n\t\t<\/section>\n\t\t\t\t<section class=\"elementor-section elementor-top-section elementor-element elementor-element-dyxltw0 elementor-section-boxed elementor-section-height-default elementor-section-height-default\" data-id=\"dyxltw0\" data-element_type=\"section\">\n\t\t\t\t\t\t<div class=\"elementor-container elementor-column-gap-default\">\n\t\t\t\t\t<div class=\"elementor-column elementor-col-100 elementor-top-column elementor-element elementor-element-2imk3iq\" data-id=\"2imk3iq\" data-element_type=\"column\">\n\t\t\t<div class=\"elementor-widget-wrap elementor-element-populated\">\n\t\t\t\t\t\t<div class=\"elementor-element elementor-element-lsrzdie elementor-widget-divider--view-line elementor-widget elementor-widget-divider\" data-id=\"lsrzdie\" data-element_type=\"widget\" data-widget_type=\"divider.default\">\n\t\t\t\t<div class=\"elementor-widget-container\">\n\t\t\t\t\t<div class=\"elementor-divider\">\n\t\t\t<span class=\"elementor-divider-separator\">\n\t\t\t\t\t\t<\/span>\n\t\t<\/div>\n\t\t\t\t<\/div>\n\t\t\t\t<\/div>\n\t\t\t\t\t<\/div>\n\t\t<\/div>\n\t\t\t\t\t<\/div>\n\t\t<\/section>\n\t\t\t\t<section class=\"elementor-section elementor-top-section elementor-element elementor-element-nw3xpk7 elementor-section-boxed elementor-section-height-default elementor-section-height-default\" data-id=\"nw3xpk7\" data-element_type=\"section\">\n\t\t\t\t\t\t<div class=\"elementor-container elementor-column-gap-default\">\n\t\t\t\t\t<div class=\"elementor-column elementor-col-50 elementor-top-column elementor-element elementor-element-yge2d7r\" data-id=\"yge2d7r\" data-element_type=\"column\">\n\t\t\t<div class=\"elementor-widget-wrap elementor-element-populated\">\n\t\t\t\t\t\t<div class=\"elementor-element elementor-element-7g5yb4z elementor-widget elementor-widget-image\" data-id=\"7g5yb4z\" data-element_type=\"widget\" data-widget_type=\"image.default\">\n\t\t\t\t<div class=\"elementor-widget-container\">\n\t\t\t\t\t\t\t\t\t\t\t\t\t<img decoding=\"async\" src=\"http:\/\/www.josemariatornay.com\/wp-content\/uploads\/elementor\/thumbs\/bargonzalo-1-n16bs907g3v4d34n1uzd5hjs2l3vccwxrinui1t5gc.jpg\" title=\"bargonzalo\" alt=\"bargonzalo\" loading=\"lazy\" \/>\t\t\t\t\t\t\t\t\t\t\t\t\t<\/div>\n\t\t\t\t<\/div>\n\t\t\t\t\t<\/div>\n\t\t<\/div>\n\t\t\t\t<div class=\"elementor-column elementor-col-50 elementor-top-column elementor-element elementor-element-xyc4x51\" data-id=\"xyc4x51\" data-element_type=\"column\">\n\t\t\t<div class=\"elementor-widget-wrap elementor-element-populated\">\n\t\t\t\t\t\t<div class=\"elementor-element elementor-element-vcl0dl8 elementor-widget elementor-widget-text-editor\" data-id=\"vcl0dl8\" data-element_type=\"widget\" data-widget_type=\"text-editor.default\">\n\t\t\t\t<div class=\"elementor-widget-container\">\n\t\t\t\t\t\t\t<p>Esta esquina estaba presidida por un bar m\u00edtico, el \u00abBar Gonzalo\u00bb. Con un sabor decimon\u00f3nico que supo mantener hasta el final de sus d\u00edas. Ol\u00eda a aguardiente y a caf\u00e9 cargado y calentito. Lugar de tratos y de reuniones de parroquianos. Preferentemente de hombres. Recuerdo su alto mostrador. Tal vez lo recuerdo m\u00e1s grande de lo que en realidad era, como suele ocurrir con los recuerdos tan lejanos: volvemos a ver las cosas con el tama\u00f1o relativo que les confer\u00eda nuestra peque\u00f1a estatura y nuestros ojos limpios. A la derecha se atisba la entrada de la calle Nueva, a la que tambi\u00e9n le faltan algunas cosas entra\u00f1ables, como la famosa Droguer\u00eda y Ferreter\u00eda.<\/p>\t\t\t\t\t\t<\/div>\n\t\t\t\t<\/div>\n\t\t\t\t\t<\/div>\n\t\t<\/div>\n\t\t\t\t\t<\/div>\n\t\t<\/section>\n\t\t\t\t<section class=\"elementor-section elementor-top-section elementor-element elementor-element-b0a90z0 elementor-section-boxed elementor-section-height-default elementor-section-height-default\" data-id=\"b0a90z0\" data-element_type=\"section\">\n\t\t\t\t\t\t<div class=\"elementor-container elementor-column-gap-default\">\n\t\t\t\t\t<div class=\"elementor-column elementor-col-50 elementor-top-column elementor-element elementor-element-zc6yzm4\" data-id=\"zc6yzm4\" data-element_type=\"column\">\n\t\t\t<div class=\"elementor-widget-wrap elementor-element-populated\">\n\t\t\t\t\t\t<div class=\"elementor-element elementor-element-ao7iflo elementor-widget elementor-widget-text-editor\" data-id=\"ao7iflo\" data-element_type=\"widget\" data-widget_type=\"text-editor.default\">\n\t\t\t\t<div class=\"elementor-widget-container\">\n\t\t\t\t\t\t\t<p>Aqu\u00ed, a la derecha y muy cerca del Bar Gonzalo, donde hoy se vende la cer\u00e1mica de mi amigo Jos\u00e9 Antonio Jurado, hab\u00eda una peque\u00f1a carnicer\u00eda. Era del padre de mi amigo Torelli, compa\u00f1ero de colegio, all\u00e1 en los a\u00f1os del bachillerato en El Castillo. Entonces se ve\u00edan mejor los comercios, tal vez porque eran menos y porque los coches no tapaban sus fachadas. A la derecha arranca la calle Villanueva, donde viv\u00eda mi amigo Paco Coines y donde ten\u00eda su asiento una legendaria discoteca: \u00abEl trabuco\u00bb. Se acced\u00eda a ella bajando unos escalones empinados y sombr\u00edos. No s\u00e9 si un d\u00eda me meter\u00e9 por estas calles secundarias para ver los cambios.<\/p>\t\t\t\t\t\t<\/div>\n\t\t\t\t<\/div>\n\t\t\t\t\t<\/div>\n\t\t<\/div>\n\t\t\t\t<div class=\"elementor-column elementor-col-50 elementor-top-column elementor-element elementor-element-4kvjnfo\" data-id=\"4kvjnfo\" data-element_type=\"column\">\n\t\t\t<div class=\"elementor-widget-wrap elementor-element-populated\">\n\t\t\t\t\t\t<div class=\"elementor-element elementor-element-q52ioyc elementor-widget elementor-widget-image\" data-id=\"q52ioyc\" data-element_type=\"widget\" data-widget_type=\"image.default\">\n\t\t\t\t<div class=\"elementor-widget-container\">\n\t\t\t\t\t\t\t\t\t\t\t\t\t<img decoding=\"async\" src=\"http:\/\/www.josemariatornay.com\/wp-content\/uploads\/elementor\/thumbs\/torelli-2-n16btriughxr2gxg7ijq63siixn5qsxdb0i0c3kbfg.jpg\" title=\"torelli\" alt=\"torelli\" loading=\"lazy\" \/>\t\t\t\t\t\t\t\t\t\t\t\t\t<\/div>\n\t\t\t\t<\/div>\n\t\t\t\t\t<\/div>\n\t\t<\/div>\n\t\t\t\t\t<\/div>\n\t\t<\/section>\n\t\t\t\t<section class=\"elementor-section elementor-top-section elementor-element elementor-element-adqlh94 elementor-section-boxed elementor-section-height-default elementor-section-height-default\" data-id=\"adqlh94\" data-element_type=\"section\">\n\t\t\t\t\t\t<div class=\"elementor-container elementor-column-gap-default\">\n\t\t\t\t\t<div class=\"elementor-column elementor-col-50 elementor-top-column elementor-element elementor-element-rc68tdt\" data-id=\"rc68tdt\" data-element_type=\"column\">\n\t\t\t<div class=\"elementor-widget-wrap elementor-element-populated\">\n\t\t\t\t\t\t<div class=\"elementor-element elementor-element-ppb2vj9 elementor-widget elementor-widget-image\" data-id=\"ppb2vj9\" data-element_type=\"widget\" data-widget_type=\"image.default\">\n\t\t\t\t<div class=\"elementor-widget-container\">\n\t\t\t\t\t\t\t\t\t\t\t\t\t<img decoding=\"async\" width=\"226\" height=\"170\" src=\"http:\/\/www.josemariatornay.com\/wp-content\/uploads\/2016\/12\/baroliva-1.jpg\" class=\"attachment-large size-large wp-image-9705\" alt=\"\" \/>\t\t\t\t\t\t\t\t\t\t\t\t\t<\/div>\n\t\t\t\t<\/div>\n\t\t\t\t\t<\/div>\n\t\t<\/div>\n\t\t\t\t<div class=\"elementor-column elementor-col-50 elementor-top-column elementor-element elementor-element-6q1wae0\" data-id=\"6q1wae0\" data-element_type=\"column\">\n\t\t\t<div class=\"elementor-widget-wrap elementor-element-populated\">\n\t\t\t\t\t\t<div class=\"elementor-element elementor-element-pcb1bhh elementor-widget elementor-widget-text-editor\" data-id=\"pcb1bhh\" data-element_type=\"widget\" data-widget_type=\"text-editor.default\">\n\t\t\t\t<div class=\"elementor-widget-container\">\n\t\t\t\t\t\t\t<p>Y justo en la esquina siguiente y vecino al mism\u00edsimo Puente, nos encontr\u00e1bamos con un bar tambi\u00e9n t\u00edpico y con sabor a\u00f1ejo: el \u00abBar Oliva\u00bb. Su caracter\u00edstica b\u00e1sica es que era un bar de desayunos. Los clientes compraban los churros en la calle Villanueva, los churros de Juan Alba, como no pod\u00eda ser de otra manera, a unos veinte o treinta metros y, con el papel\u00f3n, se acercaba a este bar para mojarlos y acompa\u00f1arlos en\/con el caf\u00e9 o el chocolate. En sus \u00faltimos a\u00f1os, antes del cierre, puso una terraza, donde ahora est\u00e1 la furgoneta blanca, donde se tostaban al sol los turistas, especialmente ellas, que se levantaban tras la sesi\u00f3n coloradas como tomates o salmonetes.<\/p>\t\t\t\t\t\t<\/div>\n\t\t\t\t<\/div>\n\t\t\t\t\t<\/div>\n\t\t<\/div>\n\t\t\t\t\t<\/div>\n\t\t<\/section>\n\t\t\t\t<section class=\"elementor-section elementor-top-section elementor-element elementor-element-u1386n5 elementor-section-boxed elementor-section-height-default elementor-section-height-default\" data-id=\"u1386n5\" data-element_type=\"section\">\n\t\t\t\t\t\t<div class=\"elementor-container elementor-column-gap-default\">\n\t\t\t\t\t<div class=\"elementor-column elementor-col-50 elementor-top-column elementor-element elementor-element-trk09y6\" data-id=\"trk09y6\" data-element_type=\"column\">\n\t\t\t<div class=\"elementor-widget-wrap elementor-element-populated\">\n\t\t\t\t\t\t<div class=\"elementor-element elementor-element-yf8f5f2 elementor-widget elementor-widget-text-editor\" data-id=\"yf8f5f2\" data-element_type=\"widget\" data-widget_type=\"text-editor.default\">\n\t\t\t\t<div class=\"elementor-widget-container\">\n\t\t\t\t\t\t\t<p>En la otra parte de la Plaza de Espa\u00f1a, donde hoy arranca ese magn\u00edfico paseo que bordea la cornisa del Tajo, hab\u00eda un cine de verano. Desde fuera se pod\u00edan o\u00edr las voces de Raquel Welch, Rod Hudson, Gregory Peck y dem\u00e1s mosntruos de Hollywood, resolviendo sus cuitas y sembrando sue\u00f1os en las humildes existencias del personal de la \u00e9poca. \u00c9poca, por cierto, m\u00e1s dura y exigente que la actual. Luego pas\u00f3 a estar ocupado este lugar por un \u00abparking\u00bb que, creo recordar, regentaba el famoso Hamido (no s\u00e9 si se escribe as\u00ed), tras jubilarse como guardia municipal: un personaje muy conocido en el paisaje humano de aquel tiempo. <\/p>\t\t\t\t\t\t<\/div>\n\t\t\t\t<\/div>\n\t\t\t\t\t<\/div>\n\t\t<\/div>\n\t\t\t\t<div class=\"elementor-column elementor-col-50 elementor-top-column elementor-element elementor-element-9xz1x0d\" data-id=\"9xz1x0d\" data-element_type=\"column\">\n\t\t\t<div class=\"elementor-widget-wrap elementor-element-populated\">\n\t\t\t\t\t\t<div class=\"elementor-element elementor-element-8znbjx4 elementor-widget elementor-widget-image\" data-id=\"8znbjx4\" data-element_type=\"widget\" data-widget_type=\"image.default\">\n\t\t\t\t<div class=\"elementor-widget-container\">\n\t\t\t\t\t\t\t\t\t\t\t\t\t<img decoding=\"async\" width=\"226\" height=\"170\" src=\"http:\/\/www.josemariatornay.com\/wp-content\/uploads\/2016\/12\/cinehamido-1.jpg\" class=\"attachment-large size-large wp-image-9707\" alt=\"\" \/>\t\t\t\t\t\t\t\t\t\t\t\t\t<\/div>\n\t\t\t\t<\/div>\n\t\t\t\t\t<\/div>\n\t\t<\/div>\n\t\t\t\t\t<\/div>\n\t\t<\/section>\n\t\t\t\t<section class=\"elementor-section elementor-top-section elementor-element elementor-element-3etu2c9 elementor-section-boxed elementor-section-height-default elementor-section-height-default\" data-id=\"3etu2c9\" data-element_type=\"section\">\n\t\t\t\t\t\t<div class=\"elementor-container elementor-column-gap-default\">\n\t\t\t\t\t<div class=\"elementor-column elementor-col-50 elementor-top-column elementor-element elementor-element-jn5amkp\" data-id=\"jn5amkp\" data-element_type=\"column\">\n\t\t\t<div class=\"elementor-widget-wrap elementor-element-populated\">\n\t\t\t\t\t\t<div class=\"elementor-element elementor-element-iv6o0lw elementor-widget elementor-widget-image\" data-id=\"iv6o0lw\" data-element_type=\"widget\" data-widget_type=\"image.default\">\n\t\t\t\t<div class=\"elementor-widget-container\">\n\t\t\t\t\t\t\t\t\t\t\t\t\t<img decoding=\"async\" width=\"226\" height=\"170\" src=\"http:\/\/www.josemariatornay.com\/wp-content\/uploads\/2016\/12\/plazaabastos.jpg\" class=\"attachment-large size-large wp-image-9708\" alt=\"\" \/>\t\t\t\t\t\t\t\t\t\t\t\t\t<\/div>\n\t\t\t\t<\/div>\n\t\t\t\t\t<\/div>\n\t\t<\/div>\n\t\t\t\t<div class=\"elementor-column elementor-col-50 elementor-top-column elementor-element elementor-element-9bvgrk0\" data-id=\"9bvgrk0\" data-element_type=\"column\">\n\t\t\t<div class=\"elementor-widget-wrap elementor-element-populated\">\n\t\t\t\t\t\t<div class=\"elementor-element elementor-element-jjy9i71 elementor-widget elementor-widget-text-editor\" data-id=\"jjy9i71\" data-element_type=\"widget\" data-widget_type=\"text-editor.default\">\n\t\t\t\t<div class=\"elementor-widget-container\">\n\t\t\t\t\t\t\t<p>Donde hoy campea el moderno y glamouroso Parador de Ronda, el viento se llev\u00f3, pese a las resistencias, dos instituciones de la ciudad: la Plaza de Abastos y el Ayuntamiento. A la Plaza se acced\u00eda por un tunel que hab\u00eda debajo de los pisos del Ayuntamiento, justo al lado de la Farmacia, que a\u00fan sigue viva. \u00a1Qu\u00e9 ambiente m\u00e1s alucinante se viv\u00eda all\u00ed dentro!, con los vendedores pregonando sus productos y un aluvi\u00f3n de olores, sabores, tenderetes. Hab\u00eda un frutero que siempre me regalaba un pl\u00e1tano cuando iba con mi padre.<br \/>En la torre de este edificio estaba el famoso bar\u00f3metro, tan preciso y eficaz en los pron\u00f3sticos.<\/p>\t\t\t\t\t\t<\/div>\n\t\t\t\t<\/div>\n\t\t\t\t\t<\/div>\n\t\t<\/div>\n\t\t\t\t\t<\/div>\n\t\t<\/section>\n\t\t\t\t<section class=\"elementor-section elementor-top-section elementor-element elementor-element-3zsd4ck elementor-section-boxed elementor-section-height-default elementor-section-height-default\" data-id=\"3zsd4ck\" data-element_type=\"section\">\n\t\t\t\t\t\t<div class=\"elementor-container elementor-column-gap-default\">\n\t\t\t\t\t<div class=\"elementor-column elementor-col-50 elementor-top-column elementor-element elementor-element-az33aav\" data-id=\"az33aav\" data-element_type=\"column\">\n\t\t\t<div class=\"elementor-widget-wrap elementor-element-populated\">\n\t\t\t\t\t\t<div class=\"elementor-element elementor-element-79exqig elementor-widget elementor-widget-text-editor\" data-id=\"79exqig\" data-element_type=\"widget\" data-widget_type=\"text-editor.default\">\n\t\t\t\t<div class=\"elementor-widget-container\">\n\t\t\t\t\t\t\t<p>Y dejo para el final, el sitio, cuya desaparici\u00f3n me humedece m\u00e1s los ojos: la famosa, entra\u00f1able y nunca bien ponderada Barber\u00eda de Pepe Palmero. Lo mejor de este establecimiento (y supongo que de los dem\u00e1s de su categor\u00eda) era que por el precio de un pelado, te ibas perfectamente informado de todo lo que se coc\u00eda en los bajos fondos y en los altos cielos de Ronda. \u00a1Qui\u00e9 nivel de informaci\u00f3n, de gracia y de humor se manejaba por all\u00ed! Aparte del due\u00f1o, recuerdo, en especial, a Leveque, con su espalda cargado, tal vez viciada por su misma profesi\u00f3n. Hab\u00eda tertulianos (ellos no sab\u00edan que lo eran) permanentes y otros ocasionales. \u00a1Un lujo!<\/p>\t\t\t\t\t\t<\/div>\n\t\t\t\t<\/div>\n\t\t\t\t\t<\/div>\n\t\t<\/div>\n\t\t\t\t<div class=\"elementor-column elementor-col-50 elementor-top-column elementor-element elementor-element-4ooslmd\" data-id=\"4ooslmd\" data-element_type=\"column\">\n\t\t\t<div class=\"elementor-widget-wrap elementor-element-populated\">\n\t\t\t\t\t\t<div class=\"elementor-element elementor-element-52dsdae elementor-widget elementor-widget-image\" data-id=\"52dsdae\" data-element_type=\"widget\" data-widget_type=\"image.default\">\n\t\t\t\t<div class=\"elementor-widget-container\">\n\t\t\t\t\t\t\t\t\t\t\t\t\t<img loading=\"lazy\" decoding=\"async\" width=\"226\" height=\"170\" src=\"http:\/\/www.josemariatornay.com\/wp-content\/uploads\/2016\/12\/palmero-1.jpg\" class=\"attachment-large size-large wp-image-9709\" alt=\"\" \/>\t\t\t\t\t\t\t\t\t\t\t\t\t<\/div>\n\t\t\t\t<\/div>\n\t\t\t\t\t<\/div>\n\t\t<\/div>\n\t\t\t\t\t<\/div>\n\t\t<\/section>\n\t\t\t\t<section class=\"elementor-section elementor-top-section elementor-element elementor-element-vjjhuer elementor-section-boxed elementor-section-height-default elementor-section-height-default\" data-id=\"vjjhuer\" data-element_type=\"section\">\n\t\t\t\t\t\t<div class=\"elementor-container elementor-column-gap-default\">\n\t\t\t\t\t<div class=\"elementor-column elementor-col-100 elementor-top-column elementor-element elementor-element-7tjqhea\" data-id=\"7tjqhea\" data-element_type=\"column\">\n\t\t\t<div class=\"elementor-widget-wrap elementor-element-populated\">\n\t\t\t\t\t\t<div class=\"elementor-element elementor-element-sqgcml0 elementor-widget-divider--view-line elementor-widget elementor-widget-divider\" data-id=\"sqgcml0\" data-element_type=\"widget\" data-widget_type=\"divider.default\">\n\t\t\t\t<div class=\"elementor-widget-container\">\n\t\t\t\t\t<div class=\"elementor-divider\">\n\t\t\t<span class=\"elementor-divider-separator\">\n\t\t\t\t\t\t<\/span>\n\t\t<\/div>\n\t\t\t\t<\/div>\n\t\t\t\t<\/div>\n\t\t\t\t\t<\/div>\n\t\t<\/div>\n\t\t\t\t\t<\/div>\n\t\t<\/section>\n\t\t\t\t<section class=\"elementor-section elementor-top-section elementor-element elementor-element-h4b8avj elementor-section-boxed elementor-section-height-default elementor-section-height-default\" data-id=\"h4b8avj\" data-element_type=\"section\">\n\t\t\t\t\t\t<div class=\"elementor-container elementor-column-gap-default\">\n\t\t\t\t\t<div class=\"elementor-column elementor-col-100 elementor-top-column elementor-element elementor-element-mr138dd\" data-id=\"mr138dd\" data-element_type=\"column\">\n\t\t\t<div class=\"elementor-widget-wrap elementor-element-populated\">\n\t\t\t\t\t\t<div class=\"elementor-element elementor-element-1ocmsy9 elementor-widget elementor-widget-heading\" data-id=\"1ocmsy9\" data-element_type=\"widget\" data-widget_type=\"heading.default\">\n\t\t\t\t<div class=\"elementor-widget-container\">\n\t\t\t<h2 class=\"elementor-heading-title elementor-size-medium\">LO QUE EL VIENTO NOS DEJ\u00d3 I<\/h2>\t\t<\/div>\n\t\t\t\t<\/div>\n\t\t\t\t<div class=\"elementor-element elementor-element-kr0gi1g elementor-widget elementor-widget-text-editor\" data-id=\"kr0gi1g\" data-element_type=\"widget\" data-widget_type=\"text-editor.default\">\n\t\t\t\t<div class=\"elementor-widget-container\">\n\t\t\t\t\t\t\t<p>En la secci\u00f3n \u00abLo que el viento se llev\u00f3\u00bb paso yo revista a aquellas cosas que han ido desapareciendo con el tiempo. El mismo tiempo que, en su lugar, ha puesto otras, no siempre mejores, ni tampoco peores; siempre distintas (LO QUE EL VIENTO NOS DEJ\u00d3 o NOS TRAJO). Ya algunos de esos cambios se reflejaban en esa secci\u00f3n; ahora har\u00e9 hincapi\u00e9 en los que considero m\u00e1s significativos, sean del signo que sean.<\/p>\t\t\t\t\t\t<\/div>\n\t\t\t\t<\/div>\n\t\t\t\t\t<\/div>\n\t\t<\/div>\n\t\t\t\t\t<\/div>\n\t\t<\/section>\n\t\t\t\t<section class=\"elementor-section elementor-top-section elementor-element elementor-element-fxf9rnh elementor-section-boxed elementor-section-height-default elementor-section-height-default\" data-id=\"fxf9rnh\" data-element_type=\"section\">\n\t\t\t\t\t\t<div class=\"elementor-container elementor-column-gap-default\">\n\t\t\t\t\t<div class=\"elementor-column elementor-col-100 elementor-top-column elementor-element elementor-element-jelck62\" data-id=\"jelck62\" data-element_type=\"column\">\n\t\t\t<div class=\"elementor-widget-wrap elementor-element-populated\">\n\t\t\t\t\t\t<div class=\"elementor-element elementor-element-dgr0sbi elementor-widget-divider--view-line elementor-widget elementor-widget-divider\" data-id=\"dgr0sbi\" data-element_type=\"widget\" data-widget_type=\"divider.default\">\n\t\t\t\t<div class=\"elementor-widget-container\">\n\t\t\t\t\t<div class=\"elementor-divider\">\n\t\t\t<span class=\"elementor-divider-separator\">\n\t\t\t\t\t\t<\/span>\n\t\t<\/div>\n\t\t\t\t<\/div>\n\t\t\t\t<\/div>\n\t\t\t\t\t<\/div>\n\t\t<\/div>\n\t\t\t\t\t<\/div>\n\t\t<\/section>\n\t\t\t\t<section class=\"elementor-section elementor-top-section elementor-element elementor-element-n9mtqm4 elementor-section-boxed elementor-section-height-default elementor-section-height-default\" data-id=\"n9mtqm4\" data-element_type=\"section\">\n\t\t\t\t\t\t<div class=\"elementor-container elementor-column-gap-default\">\n\t\t\t\t\t<div class=\"elementor-column elementor-col-50 elementor-top-column elementor-element elementor-element-jslynpm\" data-id=\"jslynpm\" data-element_type=\"column\">\n\t\t\t<div class=\"elementor-widget-wrap elementor-element-populated\">\n\t\t\t\t\t\t<div class=\"elementor-element elementor-element-5pyoleh elementor-widget elementor-widget-image\" data-id=\"5pyoleh\" data-element_type=\"widget\" data-widget_type=\"image.default\">\n\t\t\t\t<div class=\"elementor-widget-container\">\n\t\t\t\t\t\t\t\t\t\t\t\t\t<img loading=\"lazy\" decoding=\"async\" width=\"226\" height=\"170\" src=\"http:\/\/www.josemariatornay.com\/wp-content\/uploads\/2016\/12\/turistas.jpg\" class=\"attachment-large size-large wp-image-9712\" alt=\"\" \/>\t\t\t\t\t\t\t\t\t\t\t\t\t<\/div>\n\t\t\t\t<\/div>\n\t\t\t\t\t<\/div>\n\t\t<\/div>\n\t\t\t\t<div class=\"elementor-column elementor-col-50 elementor-top-column elementor-element elementor-element-yrw10j9\" data-id=\"yrw10j9\" data-element_type=\"column\">\n\t\t\t<div class=\"elementor-widget-wrap elementor-element-populated\">\n\t\t\t\t\t\t<div class=\"elementor-element elementor-element-777hzja elementor-widget elementor-widget-text-editor\" data-id=\"777hzja\" data-element_type=\"widget\" data-widget_type=\"text-editor.default\">\n\t\t\t\t<div class=\"elementor-widget-container\">\n\t\t\t\t\t\t\t<p>Una de las cosas que los \u00faltimos tiempos nos ha tra\u00eddo ha sido la dictadura de un turismo avasallador que est\u00e1 acabando, de forma irremediable, con todas nuestras se\u00f1as de identidad. No dudo de las ventajas que esta masiva e indiscriminada afluencia de for\u00e1neos tiene para la econom\u00eda de algunos de mis convecinos (por ellos, sinceramente me alegro), pero la devastaci\u00f3n que provoca no puede ser ignorada. \u00c9sta de la derecha es una imagen habitual por las calles y callejones del Casco Hist\u00f3rico. Hace cuarenta a\u00f1os se ve\u00edan en solitario o por parejas y eran un elemento ex\u00f3tico.<\/p>\t\t\t\t\t\t<\/div>\n\t\t\t\t<\/div>\n\t\t\t\t\t<\/div>\n\t\t<\/div>\n\t\t\t\t\t<\/div>\n\t\t<\/section>\n\t\t\t\t<section class=\"elementor-section elementor-top-section elementor-element elementor-element-vqcldv7 elementor-section-boxed elementor-section-height-default elementor-section-height-default\" data-id=\"vqcldv7\" data-element_type=\"section\">\n\t\t\t\t\t\t<div class=\"elementor-container elementor-column-gap-default\">\n\t\t\t\t\t<div class=\"elementor-column elementor-col-50 elementor-top-column elementor-element elementor-element-yx6s81b\" data-id=\"yx6s81b\" data-element_type=\"column\">\n\t\t\t<div class=\"elementor-widget-wrap elementor-element-populated\">\n\t\t\t\t\t\t<div class=\"elementor-element elementor-element-y2kpwk6 elementor-widget elementor-widget-text-editor\" data-id=\"y2kpwk6\" data-element_type=\"widget\" data-widget_type=\"text-editor.default\">\n\t\t\t\t<div class=\"elementor-widget-container\">\n\t\t\t\t\t\t\t<p>Hoy suponen un elemento que ha vuelto inc\u00f3moda la ciudad, que la ha encarecido y que la ha convertido, sin m\u00e1s, en un destino tur\u00edstico de moda como tantos otros. Y en ese contexto, quedan justificadas im\u00e1genes como la de la izquierda: tenderete tras tenderete, la calle queda absorbida por el negocio monocorde de los recuerdos, el refresco y la comida r\u00e1pida y precocinada. No es nuevo ni es malo el turismo, pero s\u00ed es novedosa esta masificaci\u00f3n de for\u00e1neos y no son tan positivas las consecuencias demoledoras que provoca, entre ellas la incomodidad para moverse por estos espacios abarrotados de personas y reclamos.<\/p>\t\t\t\t\t\t<\/div>\n\t\t\t\t<\/div>\n\t\t\t\t\t<\/div>\n\t\t<\/div>\n\t\t\t\t<div class=\"elementor-column elementor-col-50 elementor-top-column elementor-element elementor-element-374ndqt\" data-id=\"374ndqt\" data-element_type=\"column\">\n\t\t\t<div class=\"elementor-widget-wrap elementor-element-populated\">\n\t\t\t\t\t\t<div class=\"elementor-element elementor-element-kyl6uz0 elementor-widget elementor-widget-image\" data-id=\"kyl6uz0\" data-element_type=\"widget\" data-widget_type=\"image.default\">\n\t\t\t\t<div class=\"elementor-widget-container\">\n\t\t\t\t\t\t\t\t\t\t\t\t\t<img loading=\"lazy\" decoding=\"async\" width=\"226\" height=\"170\" src=\"http:\/\/www.josemariatornay.com\/wp-content\/uploads\/2016\/12\/soportales.jpg\" class=\"attachment-large size-large wp-image-9714\" alt=\"\" \/>\t\t\t\t\t\t\t\t\t\t\t\t\t<\/div>\n\t\t\t\t<\/div>\n\t\t\t\t\t<\/div>\n\t\t<\/div>\n\t\t\t\t\t<\/div>\n\t\t<\/section>\n\t\t\t\t<section class=\"elementor-section elementor-top-section elementor-element elementor-element-5l3ddvj elementor-section-boxed elementor-section-height-default elementor-section-height-default\" data-id=\"5l3ddvj\" data-element_type=\"section\">\n\t\t\t\t\t\t<div class=\"elementor-container elementor-column-gap-default\">\n\t\t\t\t\t<div class=\"elementor-column elementor-col-50 elementor-top-column elementor-element elementor-element-pxh3m98\" data-id=\"pxh3m98\" data-element_type=\"column\">\n\t\t\t<div class=\"elementor-widget-wrap elementor-element-populated\">\n\t\t\t\t\t\t<div class=\"elementor-element elementor-element-w7khtau elementor-widget elementor-widget-image\" data-id=\"w7khtau\" data-element_type=\"widget\" data-widget_type=\"image.default\">\n\t\t\t\t<div class=\"elementor-widget-container\">\n\t\t\t\t\t\t\t\t\t\t\t\t\t<img loading=\"lazy\" decoding=\"async\" width=\"226\" height=\"170\" src=\"http:\/\/www.josemariatornay.com\/wp-content\/uploads\/2016\/12\/coches.jpg\" class=\"attachment-large size-large wp-image-9715\" alt=\"\" \/>\t\t\t\t\t\t\t\t\t\t\t\t\t<\/div>\n\t\t\t\t<\/div>\n\t\t\t\t\t<\/div>\n\t\t<\/div>\n\t\t\t\t<div class=\"elementor-column elementor-col-50 elementor-top-column elementor-element elementor-element-ok6n50w\" data-id=\"ok6n50w\" data-element_type=\"column\">\n\t\t\t<div class=\"elementor-widget-wrap elementor-element-populated\">\n\t\t\t\t\t\t<div class=\"elementor-element elementor-element-4ogjfbi elementor-widget elementor-widget-text-editor\" data-id=\"4ogjfbi\" data-element_type=\"widget\" data-widget_type=\"text-editor.default\">\n\t\t\t\t<div class=\"elementor-widget-container\">\n\t\t\t\t\t\t\t<p>Y nos ha traido, de una manera, paulatina al principio y desbordada en los \u00faltimos a\u00f1os, una acumulaci\u00f3n de veh\u00edculos que ya hacen insostenible el estado de la circulaci\u00f3n en toda la ciudad. Sin previsi\u00f3n, nuestros constructores y autoridades, no han sabido solventar el problema de los aparcamientos creando espacios adecuados.<br \/>As\u00ed, por ejemplo, esta plaza que nos serv\u00eda de campo de f\u00fatbol, hace mucho que cambi\u00f3 la alegr\u00eda de las voces infantiles por el rugir bronco, estridente y contaminador de los motores y tubos de escape. Estamos hablando de la plaza del beato Diego, en la calle San Juan de Letr\u00e1n.<\/p>\t\t\t\t\t\t<\/div>\n\t\t\t\t<\/div>\n\t\t\t\t\t<\/div>\n\t\t<\/div>\n\t\t\t\t\t<\/div>\n\t\t<\/section>\n\t\t\t\t<section class=\"elementor-section elementor-top-section elementor-element elementor-element-yiwxmdu elementor-section-boxed elementor-section-height-default elementor-section-height-default\" data-id=\"yiwxmdu\" data-element_type=\"section\">\n\t\t\t\t\t\t<div class=\"elementor-container elementor-column-gap-default\">\n\t\t\t\t\t<div class=\"elementor-column elementor-col-50 elementor-top-column elementor-element elementor-element-ij9verr\" data-id=\"ij9verr\" data-element_type=\"column\">\n\t\t\t<div class=\"elementor-widget-wrap elementor-element-populated\">\n\t\t\t\t\t\t<div class=\"elementor-element elementor-element-0d9xq3r elementor-widget elementor-widget-text-editor\" data-id=\"0d9xq3r\" data-element_type=\"widget\" data-widget_type=\"text-editor.default\">\n\t\t\t\t<div class=\"elementor-widget-container\">\n\t\t\t\t\t\t\t<p>Y como una consecuencia l\u00f3gica, han proliferado los hoteles, las casas de turismo rural, e incluso, los hoteles en pleno campo. Todos de calidad y ofreciendo unos servicios adecuados y modernos, que hacen olvidar las antiguas pensiones de mala muerte y de escasa higiene.<br \/>El turismo que usa estos espacios s\u00ed que deja riqueza en la ciudad; el de bocadillo y visita fugaz no crea m\u00e1s que malestar e incomodidad.<br \/>Este hotel, ubicado en pleno coraz\u00f3n del casco hist\u00f3rico es una aut\u00e9ntica preciosidad; con muy pocas habitaciones, pero con un enorme encanto por su enclave y su decoraci\u00f3n.<\/p>\t\t\t\t\t\t<\/div>\n\t\t\t\t<\/div>\n\t\t\t\t\t<\/div>\n\t\t<\/div>\n\t\t\t\t<div class=\"elementor-column elementor-col-50 elementor-top-column elementor-element elementor-element-b43gl2n\" data-id=\"b43gl2n\" data-element_type=\"column\">\n\t\t\t<div class=\"elementor-widget-wrap elementor-element-populated\">\n\t\t\t\t\t\t<div class=\"elementor-element elementor-element-2enn5o9 elementor-widget elementor-widget-image\" data-id=\"2enn5o9\" data-element_type=\"widget\" data-widget_type=\"image.default\">\n\t\t\t\t<div class=\"elementor-widget-container\">\n\t\t\t\t\t\t\t\t\t\t\t\t\t<img loading=\"lazy\" decoding=\"async\" width=\"226\" height=\"170\" src=\"http:\/\/www.josemariatornay.com\/wp-content\/uploads\/2016\/12\/hotelsangabriel.jpg\" class=\"attachment-large size-large wp-image-9716\" alt=\"\" \/>\t\t\t\t\t\t\t\t\t\t\t\t\t<\/div>\n\t\t\t\t<\/div>\n\t\t\t\t\t<\/div>\n\t\t<\/div>\n\t\t\t\t\t<\/div>\n\t\t<\/section>\n\t\t\t\t<section class=\"elementor-section elementor-top-section elementor-element elementor-element-rprdkrj elementor-section-boxed elementor-section-height-default elementor-section-height-default\" data-id=\"rprdkrj\" data-element_type=\"section\">\n\t\t\t\t\t\t<div class=\"elementor-container elementor-column-gap-default\">\n\t\t\t\t\t<div class=\"elementor-column elementor-col-50 elementor-top-column elementor-element elementor-element-gnp0b2d\" data-id=\"gnp0b2d\" data-element_type=\"column\">\n\t\t\t<div class=\"elementor-widget-wrap elementor-element-populated\">\n\t\t\t\t\t\t<div class=\"elementor-element elementor-element-xgt25rm elementor-widget elementor-widget-image\" data-id=\"xgt25rm\" data-element_type=\"widget\" data-widget_type=\"image.default\">\n\t\t\t\t<div class=\"elementor-widget-container\">\n\t\t\t\t\t\t\t\t\t\t\t\t\t<img loading=\"lazy\" decoding=\"async\" width=\"226\" height=\"170\" src=\"http:\/\/www.josemariatornay.com\/wp-content\/uploads\/2016\/12\/gente.jpg\" class=\"attachment-large size-large wp-image-9717\" alt=\"\" \/>\t\t\t\t\t\t\t\t\t\t\t\t\t<\/div>\n\t\t\t\t<\/div>\n\t\t\t\t\t<\/div>\n\t\t<\/div>\n\t\t\t\t<div class=\"elementor-column elementor-col-50 elementor-top-column elementor-element elementor-element-luest48\" data-id=\"luest48\" data-element_type=\"column\">\n\t\t\t<div class=\"elementor-widget-wrap elementor-element-populated\">\n\t\t\t\t\t\t<div class=\"elementor-element elementor-element-znhj4n7 elementor-widget elementor-widget-text-editor\" data-id=\"znhj4n7\" data-element_type=\"widget\" data-widget_type=\"text-editor.default\">\n\t\t\t\t<div class=\"elementor-widget-container\">\n\t\t\t\t\t\t\t<p>Y tambi\u00e9n como consecuencia de la renovaci\u00f3n positiva que generan los nuevos vientos,nos encontramos con una gente m\u00e1s moderna y adaptada a los tiempos. Con m\u00e1s universitarios y con m\u00e1s t\u00edtulos superiores. Con m\u00e1s medios econ\u00f3micos, pero tambi\u00e9n con m\u00e1s conciencia ecol\u00f3gica. Con una calidad de vida que hace que ni las imaginaciones m\u00e1s activas sean capaces de recordar al personal desarrapado y con alpargates que pateaba esta misma calle no hace tantas d\u00e9cadas. Cosas de la clase media, que ahora es capaz de gozar de lo que antes tan s\u00f3lo era privilegio de unos pocos insolidiarios, refugiados en su est\u00e9ril caridad.<\/p>\t\t\t\t\t\t<\/div>\n\t\t\t\t<\/div>\n\t\t\t\t\t<\/div>\n\t\t<\/div>\n\t\t\t\t\t<\/div>\n\t\t<\/section>\n\t\t\t\t<section class=\"elementor-section elementor-top-section elementor-element elementor-element-ajuo51x elementor-section-boxed elementor-section-height-default elementor-section-height-default\" data-id=\"ajuo51x\" data-element_type=\"section\">\n\t\t\t\t\t\t<div class=\"elementor-container elementor-column-gap-default\">\n\t\t\t\t\t<div class=\"elementor-column elementor-col-100 elementor-top-column elementor-element elementor-element-43gcz4x\" data-id=\"43gcz4x\" data-element_type=\"column\">\n\t\t\t<div class=\"elementor-widget-wrap elementor-element-populated\">\n\t\t\t\t\t\t<div class=\"elementor-element elementor-element-u9ze0po elementor-widget elementor-widget-heading\" data-id=\"u9ze0po\" data-element_type=\"widget\" data-widget_type=\"heading.default\">\n\t\t\t\t<div class=\"elementor-widget-container\">\n\t\t\t<h2 class=\"elementor-heading-title elementor-size-medium\">LO QUE EL VIENTO NOS TRAJO II<\/h2>\t\t<\/div>\n\t\t\t\t<\/div>\n\t\t\t\t<div class=\"elementor-element elementor-element-lvijwg0 elementor-widget elementor-widget-text-editor\" data-id=\"lvijwg0\" data-element_type=\"widget\" data-widget_type=\"text-editor.default\">\n\t\t\t\t<div class=\"elementor-widget-container\">\n\t\t\t\t\t\t\t<p>Soy un cuadro de texto. Haz click en el bot\u00f3n editar para cambiar este texto. Lorem ipsum dolor sit amet, consectetur adipiscing elit. Ut elit tellus, luctus nec ullamcorper mattis, pulvinar dapibus leo.<\/p>\t\t\t\t\t\t<\/div>\n\t\t\t\t<\/div>\n\t\t\t\t\t<\/div>\n\t\t<\/div>\n\t\t\t\t\t<\/div>\n\t\t<\/section>\n\t\t\t\t<section class=\"elementor-section elementor-top-section elementor-element elementor-element-n3kjv1l elementor-section-boxed elementor-section-height-default elementor-section-height-default\" data-id=\"n3kjv1l\" data-element_type=\"section\">\n\t\t\t\t\t\t<div class=\"elementor-container elementor-column-gap-default\">\n\t\t\t\t\t<div class=\"elementor-column elementor-col-50 elementor-top-column elementor-element elementor-element-hv39tui\" data-id=\"hv39tui\" data-element_type=\"column\">\n\t\t\t<div class=\"elementor-widget-wrap elementor-element-populated\">\n\t\t\t\t\t\t<div class=\"elementor-element elementor-element-sjjr2co elementor-widget elementor-widget-text-editor\" data-id=\"sjjr2co\" data-element_type=\"widget\" data-widget_type=\"text-editor.default\">\n\t\t\t\t<div class=\"elementor-widget-container\">\n\t\t\t\t\t\t\t<p>Una de las cosas m\u00e1s pol\u00e9micas que han tra\u00eddo lo nuevos tiempos recientes es el famoso \u00abbotell\u00f3n\u00bb. Los j\u00f3venes, como siempre, inventan algo que no es del gusto de los mayores. Esto es una constante hist\u00f3rica: rebeld\u00eda de unos y desencanto e incomprensi\u00f3n de los otros. Tal vez el problema est\u00e1 en el nombre, que suena a alcohol, pero me consta que una buena parte de la gente que se re\u00fane en esas fiestas no lo hace motivada por \u00e9l, sino por el placer de la reuni\u00f3n, por el sentimiento de que all\u00ed est\u00e1 el ambiente. Sin duda, la mala fama procede de esa minor\u00eda que, como ocurre entre los mayores, se desboca y desnaturaliza el verdadero sentido de las cosas. Seguramente el origen est\u00e9 en que el bienestar actual ha ocasionado unos precios en bares y pubs, que son prohibitivos para la juventud.<\/p>\t\t\t\t\t\t<\/div>\n\t\t\t\t<\/div>\n\t\t\t\t\t<\/div>\n\t\t<\/div>\n\t\t\t\t<div class=\"elementor-column elementor-col-50 elementor-top-column elementor-element elementor-element-9wm1w5l\" data-id=\"9wm1w5l\" data-element_type=\"column\">\n\t\t\t<div class=\"elementor-widget-wrap elementor-element-populated\">\n\t\t\t\t\t\t<div class=\"elementor-element elementor-element-zro6mo6 elementor-widget elementor-widget-image\" data-id=\"zro6mo6\" data-element_type=\"widget\" data-widget_type=\"image.default\">\n\t\t\t\t<div class=\"elementor-widget-container\">\n\t\t\t\t\t\t\t\t\t\t\t\t\t<img loading=\"lazy\" decoding=\"async\" width=\"226\" height=\"170\" src=\"http:\/\/www.josemariatornay.com\/wp-content\/uploads\/2016\/12\/botellona.jpg\" class=\"attachment-large size-large wp-image-9718\" alt=\"\" \/>\t\t\t\t\t\t\t\t\t\t\t\t\t<\/div>\n\t\t\t\t<\/div>\n\t\t\t\t\t<\/div>\n\t\t<\/div>\n\t\t\t\t\t<\/div>\n\t\t<\/section>\n\t\t\t\t<section class=\"elementor-section elementor-top-section elementor-element elementor-element-2nye6bt elementor-section-boxed elementor-section-height-default elementor-section-height-default\" data-id=\"2nye6bt\" data-element_type=\"section\">\n\t\t\t\t\t\t<div class=\"elementor-container elementor-column-gap-default\">\n\t\t\t\t\t<div class=\"elementor-column elementor-col-50 elementor-top-column elementor-element elementor-element-erfg5g6\" data-id=\"erfg5g6\" data-element_type=\"column\">\n\t\t\t<div class=\"elementor-widget-wrap elementor-element-populated\">\n\t\t\t\t\t\t<div class=\"elementor-element elementor-element-uszpn6q elementor-widget elementor-widget-image\" data-id=\"uszpn6q\" data-element_type=\"widget\" data-widget_type=\"image.default\">\n\t\t\t\t<div class=\"elementor-widget-container\">\n\t\t\t\t\t\t\t\t\t\t\t\t\t<img loading=\"lazy\" decoding=\"async\" width=\"226\" height=\"170\" src=\"http:\/\/www.josemariatornay.com\/wp-content\/uploads\/2016\/12\/contenedores.jpg\" class=\"attachment-large size-large wp-image-9719\" alt=\"\" \/>\t\t\t\t\t\t\t\t\t\t\t\t\t<\/div>\n\t\t\t\t<\/div>\n\t\t\t\t\t<\/div>\n\t\t<\/div>\n\t\t\t\t<div class=\"elementor-column elementor-col-50 elementor-top-column elementor-element elementor-element-xhb5bj8\" data-id=\"xhb5bj8\" data-element_type=\"column\">\n\t\t\t<div class=\"elementor-widget-wrap elementor-element-populated\">\n\t\t\t\t\t\t<div class=\"elementor-element elementor-element-0ypiyoq elementor-widget elementor-widget-text-editor\" data-id=\"0ypiyoq\" data-element_type=\"widget\" data-widget_type=\"text-editor.default\">\n\t\t\t\t<div class=\"elementor-widget-container\">\n\t\t\t\t\t\t\t<p>Y poco a poco, fueron desapareciendo las peligrosas c\u00e1scaras de pl\u00e1tano y los l\u00e1nguidos papeles de nuestras calles. Y donde hab\u00eda tolerancia hacia un cierto nivel de suciedad, apareci\u00f3 una preocupaci\u00f3n por la higiene y la limpieza en el \u00e1mbito com\u00fan (es de suponer que lo mismo ha ido ocurriendo en el espacio privado, afortunadamente tambi\u00e9n). Las basuras se fueron concentrando en lugares apropiados, los contenedores se volvieron menos impactantes y los limpios \u00abpascks\u00bb fuyeron sustituyendo a los embutidos en papel de estraza.<br \/>Buenas cosas de los nuevos tiempos, aunque se a\u00f1oren los papelones de churros y los panes de a kilo, las patatas sin bolsa y los bocadillos enga\u00f1osos de la feria, desbordantes de jam\u00f3n.<\/p>\t\t\t\t\t\t<\/div>\n\t\t\t\t<\/div>\n\t\t\t\t\t<\/div>\n\t\t<\/div>\n\t\t\t\t\t<\/div>\n\t\t<\/section>\n\t\t\t\t<section class=\"elementor-section elementor-top-section elementor-element elementor-element-i0wyzb8 elementor-section-boxed elementor-section-height-default elementor-section-height-default\" data-id=\"i0wyzb8\" data-element_type=\"section\">\n\t\t\t\t\t\t<div class=\"elementor-container elementor-column-gap-default\">\n\t\t\t\t\t<div class=\"elementor-column elementor-col-50 elementor-top-column elementor-element elementor-element-skbni40\" data-id=\"skbni40\" data-element_type=\"column\">\n\t\t\t<div class=\"elementor-widget-wrap elementor-element-populated\">\n\t\t\t\t\t\t<div class=\"elementor-element elementor-element-0mei4d1 elementor-widget elementor-widget-text-editor\" data-id=\"0mei4d1\" data-element_type=\"widget\" data-widget_type=\"text-editor.default\">\n\t\t\t\t<div class=\"elementor-widget-container\">\n\t\t\t\t\t\t\t<p>Y como un tributo ieludible al progreso y tambi\u00e9n a la falta de previsi\u00f3n, nuestras arterias colectivas se fueron llenando de nervios de acero, portadores de progreso y de enormes comodidades, pero tambi\u00e9n de fealdad (ahora se llama impacto visual, \u00a1qu\u00e9 le vamos a hacer!) en las fachadas, a la vez que iban coronando las intersecciones con sus combadas figuras. <br \/>Y lo peor es que en las sucesivas reformas que se han ido haciendo de las calles, nunca se ha tenido la previsi\u00f3n de dejar las fachadas limpias, ocultando los cables bajo tierra. No ser\u00e1 por dinero, pues \u00e9ste suele gastarse a espuertas en actividades y obras de escasa o nula enjundia. <br \/>A lo mejor, alg\u00fan d\u00eda me decido y abro en esta p\u00e1gina una secci\u00f3n de barbaridades municipales.<\/p>\t\t\t\t\t\t<\/div>\n\t\t\t\t<\/div>\n\t\t\t\t\t<\/div>\n\t\t<\/div>\n\t\t\t\t<div class=\"elementor-column elementor-col-50 elementor-top-column elementor-element elementor-element-h7mptsq\" data-id=\"h7mptsq\" data-element_type=\"column\">\n\t\t\t<div class=\"elementor-widget-wrap elementor-element-populated\">\n\t\t\t\t\t\t<div class=\"elementor-element elementor-element-gd7l9ui elementor-widget elementor-widget-image\" data-id=\"gd7l9ui\" data-element_type=\"widget\" data-widget_type=\"image.default\">\n\t\t\t\t<div class=\"elementor-widget-container\">\n\t\t\t\t\t\t\t\t\t\t\t\t\t<img loading=\"lazy\" decoding=\"async\" width=\"226\" height=\"170\" src=\"http:\/\/www.josemariatornay.com\/wp-content\/uploads\/2016\/12\/cables.jpg\" class=\"attachment-large size-large wp-image-9721\" alt=\"\" \/>\t\t\t\t\t\t\t\t\t\t\t\t\t<\/div>\n\t\t\t\t<\/div>\n\t\t\t\t\t<\/div>\n\t\t<\/div>\n\t\t\t\t\t<\/div>\n\t\t<\/section>\n\t\t\t\t<section class=\"elementor-section elementor-top-section elementor-element elementor-element-kivgz25 elementor-section-boxed elementor-section-height-default elementor-section-height-default\" data-id=\"kivgz25\" data-element_type=\"section\">\n\t\t\t\t\t\t<div class=\"elementor-container elementor-column-gap-default\">\n\t\t\t\t\t<div class=\"elementor-column elementor-col-50 elementor-top-column elementor-element elementor-element-8n4s8za\" data-id=\"8n4s8za\" data-element_type=\"column\">\n\t\t\t<div class=\"elementor-widget-wrap elementor-element-populated\">\n\t\t\t\t\t\t<div class=\"elementor-element elementor-element-mbln782 elementor-widget elementor-widget-image\" data-id=\"mbln782\" data-element_type=\"widget\" data-widget_type=\"image.default\">\n\t\t\t\t<div class=\"elementor-widget-container\">\n\t\t\t\t\t\t\t\t\t\t\t\t\t<img loading=\"lazy\" decoding=\"async\" width=\"253\" height=\"170\" src=\"http:\/\/www.josemariatornay.com\/wp-content\/uploads\/2016\/12\/super.jpg\" class=\"attachment-large size-large wp-image-9722\" alt=\"\" \/>\t\t\t\t\t\t\t\t\t\t\t\t\t<\/div>\n\t\t\t\t<\/div>\n\t\t\t\t\t<\/div>\n\t\t<\/div>\n\t\t\t\t<div class=\"elementor-column elementor-col-50 elementor-top-column elementor-element elementor-element-h1d2w8g\" data-id=\"h1d2w8g\" data-element_type=\"column\">\n\t\t\t<div class=\"elementor-widget-wrap elementor-element-populated\">\n\t\t\t\t\t\t<div class=\"elementor-element elementor-element-axeyt27 elementor-widget elementor-widget-text-editor\" data-id=\"axeyt27\" data-element_type=\"widget\" data-widget_type=\"text-editor.default\">\n\t\t\t\t<div class=\"elementor-widget-container\">\n\t\t\t\t\t\t\t<p>Fueron los primeros testimonios que tuvo Ronda de aut\u00e9ntica modernidad. Recuerdo que hace treinta a\u00f1os, cuando uno iba a M\u00e1laga, se quedaba alucinado con aquellas grandes superficies, que nos parec\u00edan un sue\u00f1o imposible para nuestra ciudad.<br \/>Ahora, pasado ya un tiempo, a\u00fan podemos aspirar a crecer un poco m\u00e1s. Ronda necesita competencia, que despierte a su dormido y estancado comercio y lo ponga en \u00f3rbita. Los consumidores siempre saldremos ganando en esas batallas. <br \/>Que no siga perpetu\u00e1ndose la famosa leyenda negra de que en Ronda no quer\u00eda invertir nadie porque los mismos ronde\u00f1os se encargaban de abortar cualquier iniciativa de progreso.<\/p>\t\t\t\t\t\t<\/div>\n\t\t\t\t<\/div>\n\t\t\t\t\t<\/div>\n\t\t<\/div>\n\t\t\t\t\t<\/div>\n\t\t<\/section>\n\t\t\t\t<section class=\"elementor-section elementor-top-section elementor-element elementor-element-4j0fmhy elementor-section-boxed elementor-section-height-default elementor-section-height-default\" data-id=\"4j0fmhy\" data-element_type=\"section\">\n\t\t\t\t\t\t<div class=\"elementor-container elementor-column-gap-default\">\n\t\t\t\t\t<div class=\"elementor-column elementor-col-50 elementor-top-column elementor-element elementor-element-jc3d4pk\" data-id=\"jc3d4pk\" data-element_type=\"column\">\n\t\t\t<div class=\"elementor-widget-wrap elementor-element-populated\">\n\t\t\t\t\t\t<div class=\"elementor-element elementor-element-acz6s7u elementor-widget elementor-widget-text-editor\" data-id=\"acz6s7u\" data-element_type=\"widget\" data-widget_type=\"text-editor.default\">\n\t\t\t\t<div class=\"elementor-widget-container\">\n\t\t\t\t\t\t\t<p>En la din\u00e1mica de aumentar el n\u00famero y la longitud de las fiestas, a lo largo de los \u00faltimos a\u00f1os se han ido recuperando algunas y engrandeciendo otras. Una de las que parece haberse asentado de forma definitiva es \u00e9sta de la imagen: la romer\u00eda de la Virgen de la Cabeza. Pese al calor de la \u00e9poca en la que se celebra, hay una buena parte de los ronde\u00f1os que se pone en peregrinaci\u00f3n en busca de un buen d\u00eda de campo, amigos y copas. Por contra, parece que languidece una que, tal vez, sea m\u00e1s antigua: la romer\u00eda de los Molinos; sus accesos son m\u00e1s complicados y, en estos tiempos, no estamos mucho por soportar incomodidades. Como novedad, en la \u00faltima Navidad, se mont\u00f3 un Bel\u00e9n viviente en La Ciudad.<\/p>\t\t\t\t\t\t<\/div>\n\t\t\t\t<\/div>\n\t\t\t\t\t<\/div>\n\t\t<\/div>\n\t\t\t\t<div class=\"elementor-column elementor-col-50 elementor-top-column elementor-element elementor-element-4qtamvh\" data-id=\"4qtamvh\" data-element_type=\"column\">\n\t\t\t<div class=\"elementor-widget-wrap elementor-element-populated\">\n\t\t\t\t\t\t<div class=\"elementor-element elementor-element-j3eatyv elementor-widget elementor-widget-image\" data-id=\"j3eatyv\" data-element_type=\"widget\" data-widget_type=\"image.default\">\n\t\t\t\t<div class=\"elementor-widget-container\">\n\t\t\t\t\t\t\t\t\t\t\t\t\t<img loading=\"lazy\" decoding=\"async\" width=\"255\" height=\"170\" src=\"http:\/\/www.josemariatornay.com\/wp-content\/uploads\/2016\/12\/fiestas.jpg\" class=\"attachment-large size-large wp-image-9723\" alt=\"\" \/>\t\t\t\t\t\t\t\t\t\t\t\t\t<\/div>\n\t\t\t\t<\/div>\n\t\t\t\t\t<\/div>\n\t\t<\/div>\n\t\t\t\t\t<\/div>\n\t\t<\/section>\n\t\t\t\t<section class=\"elementor-section elementor-top-section elementor-element elementor-element-58lej47 elementor-section-boxed elementor-section-height-default elementor-section-height-default\" data-id=\"58lej47\" data-element_type=\"section\">\n\t\t\t\t\t\t<div class=\"elementor-container elementor-column-gap-default\">\n\t\t\t\t\t<div class=\"elementor-column elementor-col-100 elementor-top-column elementor-element elementor-element-ovy8l1l\" data-id=\"ovy8l1l\" data-element_type=\"column\">\n\t\t\t<div class=\"elementor-widget-wrap elementor-element-populated\">\n\t\t\t\t\t\t<div class=\"elementor-element elementor-element-56dyieq elementor-widget elementor-widget-heading\" data-id=\"56dyieq\" data-element_type=\"widget\" data-widget_type=\"heading.default\">\n\t\t\t\t<div class=\"elementor-widget-container\">\n\t\t\t<h2 class=\"elementor-heading-title elementor-size-medium\">LO QUE EL VIENTO NOS TRAJO III<\/h2>\t\t<\/div>\n\t\t\t\t<\/div>\n\t\t\t\t\t<\/div>\n\t\t<\/div>\n\t\t\t\t\t<\/div>\n\t\t<\/section>\n\t\t\t\t<section class=\"elementor-section elementor-top-section elementor-element elementor-element-y5rfg5a elementor-section-boxed elementor-section-height-default elementor-section-height-default\" data-id=\"y5rfg5a\" data-element_type=\"section\">\n\t\t\t\t\t\t<div class=\"elementor-container elementor-column-gap-default\">\n\t\t\t\t\t<div class=\"elementor-column elementor-col-50 elementor-top-column elementor-element elementor-element-bftapdd\" data-id=\"bftapdd\" data-element_type=\"column\">\n\t\t\t<div class=\"elementor-widget-wrap elementor-element-populated\">\n\t\t\t\t\t\t<div class=\"elementor-element elementor-element-dmkwnpo elementor-widget elementor-widget-image\" data-id=\"dmkwnpo\" data-element_type=\"widget\" data-widget_type=\"image.default\">\n\t\t\t\t<div class=\"elementor-widget-container\">\n\t\t\t\t\t\t\t\t\t\t\t\t\t<img loading=\"lazy\" decoding=\"async\" width=\"213\" height=\"170\" src=\"http:\/\/www.josemariatornay.com\/wp-content\/uploads\/2016\/12\/Columna.jpg\" class=\"attachment-large size-large wp-image-9724\" alt=\"\" \/>\t\t\t\t\t\t\t\t\t\t\t\t\t<\/div>\n\t\t\t\t<\/div>\n\t\t\t\t\t<\/div>\n\t\t<\/div>\n\t\t\t\t<div class=\"elementor-column elementor-col-50 elementor-top-column elementor-element elementor-element-w5gem5h\" data-id=\"w5gem5h\" data-element_type=\"column\">\n\t\t\t<div class=\"elementor-widget-wrap elementor-element-populated\">\n\t\t\t\t\t\t<div class=\"elementor-element elementor-element-edh0ont elementor-widget elementor-widget-text-editor\" data-id=\"edh0ont\" data-element_type=\"widget\" data-widget_type=\"text-editor.default\">\n\t\t\t\t<div class=\"elementor-widget-container\">\n\t\t\t\t\t\t\t<p>Y el viento nos ha ido dejando una Semana Santa m\u00e1s organizada y m\u00e1s pulcra. Se nota que la mejora general del nivel de vida tambi\u00e9n se ha reflejado en ella. Yo recuerdo a cofrad\u00edas que consegu\u00edan salir a la calle con m\u00e1s voiluntad que otra cosa. Con pocos enseres, con el m\u00ednimo ornato. Per los \u00faltimos a\u00f1os setenta empezaron a traer orden y lujo, de forma paulatina, pero inexorable. Hoy, incluso, hay nuevas hermandades que ya han logrado abrirse un hueco entre las cl\u00e1sicas para pasear sus devociones o sus vanidades o lo que sea&#8230;en estas cosas, nunca se sabe bien cu\u00e1l es la motivaci\u00f3n que mueve a las voluntades. Curiosamente, pese a los vientos de libertad, tambie\u00e9n han surgido unos reaccionarios a\u00fan m\u00e1s intransigentes, aquellos que han resistido los vientos modernizadores.<\/p>\t\t\t\t\t\t<\/div>\n\t\t\t\t<\/div>\n\t\t\t\t\t<\/div>\n\t\t<\/div>\n\t\t\t\t\t<\/div>\n\t\t<\/section>\n\t\t\t\t<section class=\"elementor-section elementor-top-section elementor-element elementor-element-idrlkx6 elementor-section-boxed elementor-section-height-default elementor-section-height-default\" data-id=\"idrlkx6\" data-element_type=\"section\">\n\t\t\t\t\t\t<div class=\"elementor-container elementor-column-gap-default\">\n\t\t\t\t\t<div class=\"elementor-column elementor-col-50 elementor-top-column elementor-element elementor-element-hwmzo4o\" data-id=\"hwmzo4o\" data-element_type=\"column\">\n\t\t\t<div class=\"elementor-widget-wrap elementor-element-populated\">\n\t\t\t\t\t\t<div class=\"elementor-element elementor-element-p10dnem elementor-widget elementor-widget-text-editor\" data-id=\"p10dnem\" data-element_type=\"widget\" data-widget_type=\"text-editor.default\">\n\t\t\t\t<div class=\"elementor-widget-container\">\n\t\t\t\t\t\t\t<p>Tambi\u00e9n, tras muchas d\u00e9cadas de autoritarismo desp\u00f3tico, tuvimos la oportunidad de acceder a un un Ayuntamiento democr\u00e1tico; tal vez tan incompetente como aqu\u00e9l, pero elegido por todos, dentro deun sistema imperfecto pero, de momento, insustituible. Tambi\u00e9n hemos ido logrando un pueblo mas vertebrado: asociaciones, clubes, talleres, grupos&#8230;han ido aport\u00e1ndonos a todos la posiblilidad de que, a trav\u00e9s de ellos, canalicemos nuestroas inquietudes, nuestros desvelos y nuestras aficiones. <br \/>En aquellos tiempos en los que un grupo de m\u00e1s de dos personas era considerado subversido y objeto de persecuci\u00f3n e ilegalidad, han dado paso a una sociedad estructurada, donde el di\u00e1logo y el consenso han sustituido a la imposici\u00f3n y el capricho. Esto es un logro muy importante y del que apenas se habla, tal vez porque no es algo material.<\/p>\t\t\t\t\t\t<\/div>\n\t\t\t\t<\/div>\n\t\t\t\t\t<\/div>\n\t\t<\/div>\n\t\t\t\t<div class=\"elementor-column elementor-col-50 elementor-top-column elementor-element elementor-element-qh09myj\" data-id=\"qh09myj\" data-element_type=\"column\">\n\t\t\t<div class=\"elementor-widget-wrap elementor-element-populated\">\n\t\t\t\t\t\t<div class=\"elementor-element elementor-element-awl320e elementor-widget elementor-widget-image\" data-id=\"awl320e\" data-element_type=\"widget\" data-widget_type=\"image.default\">\n\t\t\t\t<div class=\"elementor-widget-container\">\n\t\t\t\t\t\t\t\t\t\t\t\t\t<img loading=\"lazy\" decoding=\"async\" width=\"226\" height=\"170\" src=\"http:\/\/www.josemariatornay.com\/wp-content\/uploads\/2016\/12\/Aytmto-1.jpg\" class=\"attachment-large size-large wp-image-9725\" alt=\"\" \/>\t\t\t\t\t\t\t\t\t\t\t\t\t<\/div>\n\t\t\t\t<\/div>\n\t\t\t\t\t<\/div>\n\t\t<\/div>\n\t\t\t\t\t<\/div>\n\t\t<\/section>\n\t\t\t\t<section class=\"elementor-section elementor-top-section elementor-element elementor-element-3fn4afg elementor-section-boxed elementor-section-height-default elementor-section-height-default\" data-id=\"3fn4afg\" data-element_type=\"section\">\n\t\t\t\t\t\t<div class=\"elementor-container elementor-column-gap-default\">\n\t\t\t\t\t<div class=\"elementor-column elementor-col-50 elementor-top-column elementor-element elementor-element-3ql6q8o\" data-id=\"3ql6q8o\" data-element_type=\"column\">\n\t\t\t<div class=\"elementor-widget-wrap elementor-element-populated\">\n\t\t\t\t\t\t<div class=\"elementor-element elementor-element-dm4vfg0 elementor-widget elementor-widget-image\" data-id=\"dm4vfg0\" data-element_type=\"widget\" data-widget_type=\"image.default\">\n\t\t\t\t<div class=\"elementor-widget-container\">\n\t\t\t\t\t\t\t\t\t\t\t\t\t<img loading=\"lazy\" decoding=\"async\" width=\"226\" height=\"170\" src=\"http:\/\/www.josemariatornay.com\/wp-content\/uploads\/2016\/12\/tiendagitanos.jpg\" class=\"attachment-large size-large wp-image-9726\" alt=\"\" \/>\t\t\t\t\t\t\t\t\t\t\t\t\t<\/div>\n\t\t\t\t<\/div>\n\t\t\t\t\t<\/div>\n\t\t<\/div>\n\t\t\t\t<div class=\"elementor-column elementor-col-50 elementor-top-column elementor-element elementor-element-wjphk2z\" data-id=\"wjphk2z\" data-element_type=\"column\">\n\t\t\t<div class=\"elementor-widget-wrap elementor-element-populated\">\n\t\t\t\t\t\t<div class=\"elementor-element elementor-element-uz942aw elementor-widget elementor-widget-text-editor\" data-id=\"uz942aw\" data-element_type=\"widget\" data-widget_type=\"text-editor.default\">\n\t\t\t\t<div class=\"elementor-widget-container\">\n\t\t\t\t\t\t\t<p>Y nos trajo algo que no es novedad, porque la etnia gitana, afincada en Ronda desde hace mucho tiempo, siempre se hab\u00eda dedicado al negocio de almoneda. Pero, de forma paulatina, casi sin darnos cuenta, ha llenado nuestro casco hist\u00f3rico de tiendas y tenderetes atestados de muebles y enseres antiguos. Alguien ha proclamado que La Ciudad tiene ya un papel semejante al barrio del Sacromonte granadino. <br \/>Si ha estos negocios, sumamos los surgidos ante el reclamo de la masiva afluencia de forasteros, nos encontramos que, este barrio de La Ciudad, que lleg\u00f3 a estar despoblado, casi abandonado, hoy presenta un aspecto vivo y din\u00e1mico, de una enorme actividad comercial y de movimiento de gentes.<\/p>\t\t\t\t\t\t<\/div>\n\t\t\t\t<\/div>\n\t\t\t\t\t<\/div>\n\t\t<\/div>\n\t\t\t\t\t<\/div>\n\t\t<\/section>\n\t\t\t\t<section class=\"elementor-section elementor-top-section elementor-element elementor-element-19ayv8p elementor-section-boxed elementor-section-height-default elementor-section-height-default\" data-id=\"19ayv8p\" data-element_type=\"section\">\n\t\t\t\t\t\t<div class=\"elementor-container elementor-column-gap-default\">\n\t\t\t\t\t<div class=\"elementor-column elementor-col-50 elementor-top-column elementor-element elementor-element-q0fvaq1\" data-id=\"q0fvaq1\" data-element_type=\"column\">\n\t\t\t<div class=\"elementor-widget-wrap elementor-element-populated\">\n\t\t\t\t\t\t<div class=\"elementor-element elementor-element-5cwp3vk elementor-widget elementor-widget-text-editor\" data-id=\"5cwp3vk\" data-element_type=\"widget\" data-widget_type=\"text-editor.default\">\n\t\t\t\t<div class=\"elementor-widget-container\">\n\t\t\t\t\t\t\t<p>Los restaurantes se han multiplicado de forma tan vertiginosa, que ser\u00eda ardua la tarea de intentar hacer un inventario fiable de los mismos. Hace treinta o cuarenta a\u00f1os, eran unos pocos, casi testimoniales y, por supuesto, para uso de visitantes.Visitantes a los que ve\u00edamos como extraterrestres, porque para nosotros viajar era sin\u00f3nimo de estar enfermo. Los ronde\u00f1os, apenas nos permit\u00edamos alg\u00fan peque\u00f1o lujo, en forma de paella, los domingos. Hoy, ventas y restaurantes, mayoritariamente ocupados por mis conciudadanos, que una vez abandonados aquellos tiempos de penuriasy escaceses , se echan a la calle a celebrar los buenos tiempos que corren en lo econ\u00f3mico. <br \/>Todo esto es de celebrar, por mucho que la nostalgia tire de uno hacia atr\u00e1s y rememore con gusto aqu\u00e9llos olores a guisos y coina que se pod\u00edan disfrutar por nuestras queridas calles.<\/p>\t\t\t\t\t\t<\/div>\n\t\t\t\t<\/div>\n\t\t\t\t\t<\/div>\n\t\t<\/div>\n\t\t\t\t<div class=\"elementor-column elementor-col-50 elementor-top-column elementor-element elementor-element-ibjo7fr\" data-id=\"ibjo7fr\" data-element_type=\"column\">\n\t\t\t<div class=\"elementor-widget-wrap elementor-element-populated\">\n\t\t\t\t\t\t<div class=\"elementor-element elementor-element-h5ap4zb elementor-widget elementor-widget-image\" data-id=\"h5ap4zb\" data-element_type=\"widget\" data-widget_type=\"image.default\">\n\t\t\t\t<div class=\"elementor-widget-container\">\n\t\t\t\t\t\t\t\t\t\t\t\t\t<img loading=\"lazy\" decoding=\"async\" width=\"226\" height=\"170\" src=\"http:\/\/www.josemariatornay.com\/wp-content\/uploads\/2016\/12\/restaurt..jpg\" class=\"attachment-large size-large wp-image-9728\" alt=\"\" \/>\t\t\t\t\t\t\t\t\t\t\t\t\t<\/div>\n\t\t\t\t<\/div>\n\t\t\t\t\t<\/div>\n\t\t<\/div>\n\t\t\t\t\t<\/div>\n\t\t<\/section>\n\t\t\t\t<section class=\"elementor-section elementor-top-section elementor-element elementor-element-j6qjeh4 elementor-section-boxed elementor-section-height-default elementor-section-height-default\" data-id=\"j6qjeh4\" data-element_type=\"section\">\n\t\t\t\t\t\t<div class=\"elementor-container elementor-column-gap-default\">\n\t\t\t\t\t<div class=\"elementor-column elementor-col-50 elementor-top-column elementor-element elementor-element-ychb0bu\" data-id=\"ychb0bu\" data-element_type=\"column\">\n\t\t\t<div class=\"elementor-widget-wrap elementor-element-populated\">\n\t\t\t\t\t\t<div class=\"elementor-element elementor-element-h4dm3j7 elementor-widget elementor-widget-image\" data-id=\"h4dm3j7\" data-element_type=\"widget\" data-widget_type=\"image.default\">\n\t\t\t\t<div class=\"elementor-widget-container\">\n\t\t\t\t\t\t\t\t\t\t\t\t\t<img loading=\"lazy\" decoding=\"async\" width=\"165\" height=\"170\" src=\"http:\/\/www.josemariatornay.com\/wp-content\/uploads\/2016\/12\/carnaval.jpg\" class=\"attachment-large size-large wp-image-9729\" alt=\"\" \/>\t\t\t\t\t\t\t\t\t\t\t\t\t<\/div>\n\t\t\t\t<\/div>\n\t\t\t\t\t<\/div>\n\t\t<\/div>\n\t\t\t\t<div class=\"elementor-column elementor-col-50 elementor-top-column elementor-element elementor-element-4r53moy\" data-id=\"4r53moy\" data-element_type=\"column\">\n\t\t\t<div class=\"elementor-widget-wrap elementor-element-populated\">\n\t\t\t\t\t\t<div class=\"elementor-element elementor-element-qiy0er6 elementor-widget elementor-widget-text-editor\" data-id=\"qiy0er6\" data-element_type=\"widget\" data-widget_type=\"text-editor.default\">\n\t\t\t\t<div class=\"elementor-widget-container\">\n\t\t\t\t\t\t\t<p>Buena parte de los cambios que apunto tuvieron su empuj\u00f3n definitivo con la llegada de la democracia, en la segunda mitad de los setenta. En este contexto, una de las fiestas que se recuper\u00f3 fue la de los carnavales, que al parecer, en Ronda, hab\u00edan tenido cierto predicamento en los tiempos predictatoriales de la Rep\u00fablica. <br \/>Lo cierto, entiendo yo, que tras unos primeros a\u00f1os de cierto esplendor, en el que estuvieron comprometidos gente del mundo del arte y de la creatividad, luego, poco a poco, han ido languideciendo y convirti\u00e9ndose en un solaz de adolescentes, sin que reflejen apenas el m\u00e1s m\u00ednimo nivel. De hecho, en la calle, casi no tienen repercusi\u00f3n, a lo que colabora en gran medida el hecho de que nuestro clima, en esa \u00e9poca del a\u00f1o, es poco dado a expansiones al aire libre.<\/p>\t\t\t\t\t\t<\/div>\n\t\t\t\t<\/div>\n\t\t\t\t\t<\/div>\n\t\t<\/div>\n\t\t\t\t\t<\/div>\n\t\t<\/section>\n\t\t\t\t<section class=\"elementor-section elementor-top-section elementor-element elementor-element-ikjsq62 elementor-section-boxed elementor-section-height-default elementor-section-height-default\" data-id=\"ikjsq62\" data-element_type=\"section\">\n\t\t\t\t\t\t<div class=\"elementor-container elementor-column-gap-default\">\n\t\t\t\t\t<div class=\"elementor-column elementor-col-100 elementor-top-column elementor-element elementor-element-tav4jox\" data-id=\"tav4jox\" data-element_type=\"column\">\n\t\t\t<div class=\"elementor-widget-wrap elementor-element-populated\">\n\t\t\t\t\t\t<div class=\"elementor-element elementor-element-1ei9jkn elementor-widget elementor-widget-heading\" data-id=\"1ei9jkn\" data-element_type=\"widget\" data-widget_type=\"heading.default\">\n\t\t\t\t<div class=\"elementor-widget-container\">\n\t\t\t<h2 class=\"elementor-heading-title elementor-size-medium\">LO QUE EL VIENTO NOS DEJ\u00d3 IV<\/h2>\t\t<\/div>\n\t\t\t\t<\/div>\n\t\t\t\t\t<\/div>\n\t\t<\/div>\n\t\t\t\t\t<\/div>\n\t\t<\/section>\n\t\t\t\t<section class=\"elementor-section elementor-top-section elementor-element elementor-element-tvnp7tp elementor-section-boxed elementor-section-height-default elementor-section-height-default\" data-id=\"tvnp7tp\" data-element_type=\"section\">\n\t\t\t\t\t\t<div class=\"elementor-container elementor-column-gap-default\">\n\t\t\t\t\t<div class=\"elementor-column elementor-col-50 elementor-top-column elementor-element elementor-element-n6jsmtj\" data-id=\"n6jsmtj\" data-element_type=\"column\">\n\t\t\t<div class=\"elementor-widget-wrap elementor-element-populated\">\n\t\t\t\t\t\t<div class=\"elementor-element elementor-element-c4irkhf elementor-widget elementor-widget-text-editor\" data-id=\"c4irkhf\" data-element_type=\"widget\" data-widget_type=\"text-editor.default\">\n\t\t\t\t<div class=\"elementor-widget-container\">\n\t\t\t\t\t\t\t<p>Y el viento nos ha tra\u00eddo un nuevo concepto de hosteler\u00eda, adaptado a los tiempos y, sobre todo, a nuestra condcici\u00f3n de ciudad receptora de turismo a granel. Las barras han sido sustituidas por las terrazas y las rubias espectaculares (la imagen es de la terraza del Bar de David, en la Plaza Duquesa de Parcent) a los parroquianos corrientes y molientes. Por este lado el cambio ha ido a mejor; no ha sido as\u00ed por lo que respecta a la tradici\u00f3n del tapeo, que se est\u00e1 perdiendo en la misma medida en que est\u00e1 ganando terreno la comida r\u00e1pida y adaptada a los gustos for\u00e1neos. L\u00e1stima, as\u00ed los extranjeros nunca llegar\u00e1n a conocer y gustar una de nuestras costumbres m\u00e1s y ricas y sabrosas.<br \/>S\u00f3lo en los barrios perif\u00e9ricos est\u00e1n quedando bares de copa y tapa. En el centro ya son un recuerdo del pasado.<\/p>\t\t\t\t\t\t<\/div>\n\t\t\t\t<\/div>\n\t\t\t\t\t<\/div>\n\t\t<\/div>\n\t\t\t\t<div class=\"elementor-column elementor-col-50 elementor-top-column elementor-element elementor-element-z49ih1g\" data-id=\"z49ih1g\" data-element_type=\"column\">\n\t\t\t<div class=\"elementor-widget-wrap elementor-element-populated\">\n\t\t\t\t\t\t<div class=\"elementor-element elementor-element-14bavp8 elementor-widget elementor-widget-image\" data-id=\"14bavp8\" data-element_type=\"widget\" data-widget_type=\"image.default\">\n\t\t\t\t<div class=\"elementor-widget-container\">\n\t\t\t\t\t\t\t\t\t\t\t\t\t<img loading=\"lazy\" decoding=\"async\" width=\"226\" height=\"170\" src=\"http:\/\/www.josemariatornay.com\/wp-content\/uploads\/2016\/12\/terrazarubia.jpg\" class=\"attachment-large size-large wp-image-9730\" alt=\"\" \/>\t\t\t\t\t\t\t\t\t\t\t\t\t<\/div>\n\t\t\t\t<\/div>\n\t\t\t\t\t<\/div>\n\t\t<\/div>\n\t\t\t\t\t<\/div>\n\t\t<\/section>\n\t\t\t\t<section class=\"elementor-section elementor-top-section elementor-element elementor-element-hvkq6ud elementor-section-boxed elementor-section-height-default elementor-section-height-default\" data-id=\"hvkq6ud\" data-element_type=\"section\">\n\t\t\t\t\t\t<div class=\"elementor-container elementor-column-gap-default\">\n\t\t\t\t\t<div class=\"elementor-column elementor-col-50 elementor-top-column elementor-element elementor-element-g8wrqsa\" data-id=\"g8wrqsa\" data-element_type=\"column\">\n\t\t\t<div class=\"elementor-widget-wrap elementor-element-populated\">\n\t\t\t\t\t\t<div class=\"elementor-element elementor-element-6ewihml elementor-widget elementor-widget-image\" data-id=\"6ewihml\" data-element_type=\"widget\" data-widget_type=\"image.default\">\n\t\t\t\t<div class=\"elementor-widget-container\">\n\t\t\t\t\t\t\t\t\t\t\t\t\t<img loading=\"lazy\" decoding=\"async\" width=\"226\" height=\"170\" src=\"http:\/\/www.josemariatornay.com\/wp-content\/uploads\/2016\/12\/feriasepbre.jpg\" class=\"attachment-large size-large wp-image-9732\" alt=\"\" \/>\t\t\t\t\t\t\t\t\t\t\t\t\t<\/div>\n\t\t\t\t<\/div>\n\t\t\t\t\t<\/div>\n\t\t<\/div>\n\t\t\t\t<div class=\"elementor-column elementor-col-50 elementor-top-column elementor-element elementor-element-ri2lo7v\" data-id=\"ri2lo7v\" data-element_type=\"column\">\n\t\t\t<div class=\"elementor-widget-wrap elementor-element-populated\">\n\t\t\t\t\t\t<div class=\"elementor-element elementor-element-gyl4k5h elementor-widget elementor-widget-text-editor\" data-id=\"gyl4k5h\" data-element_type=\"widget\" data-widget_type=\"text-editor.default\">\n\t\t\t\t<div class=\"elementor-widget-container\">\n\t\t\t\t\t\t\t<p>Los vientos vienen enganchando una fiesta con otra, de forma que ya lo extraordinario son los pocos d\u00edas libres que quedan entre ellas. <br \/>En esa din\u00e1mica, la feria de septiembre pas\u00f3 a tener una duraci\u00f3n de 7 d\u00edas, dejando en el olvido los m\u00edticos tres d\u00edas de hace algunas d\u00e9cadas. Recuerdo que esta feria siempre se celebraba de forma fija durante los d\u00edas 8, 9 y 10 de septiembre, sin importar en los d\u00edas de la semana que cayeran. Sin duda, era un vestigio del origen que, con toda seguridad, estar\u00eda en los tres d\u00e7ias t\u00edpicos dedicados a la feria del ganado que se celebraba de forma itinerante en distintos pueblos importantes de Andaluc\u00ed y, supongo que tambi\u00e9n, en el resto de Espa\u00f1a.<br \/>M\u00e1s d\u00edas, m\u00e1s diversi\u00f3n, m\u00e1s gastos&#8230;y la famosa y pol\u00e9mica feria del centro. <\/p>\t\t\t\t\t\t<\/div>\n\t\t\t\t<\/div>\n\t\t\t\t\t<\/div>\n\t\t<\/div>\n\t\t\t\t\t<\/div>\n\t\t<\/section>\n\t\t\t\t<section class=\"elementor-section elementor-top-section elementor-element elementor-element-8mjgxeu elementor-section-boxed elementor-section-height-default elementor-section-height-default\" data-id=\"8mjgxeu\" data-element_type=\"section\">\n\t\t\t\t\t\t<div class=\"elementor-container elementor-column-gap-default\">\n\t\t\t\t\t<div class=\"elementor-column elementor-col-50 elementor-top-column elementor-element elementor-element-pm9jzvm\" data-id=\"pm9jzvm\" data-element_type=\"column\">\n\t\t\t<div class=\"elementor-widget-wrap elementor-element-populated\">\n\t\t\t\t\t\t<div class=\"elementor-element elementor-element-u4tv7zf elementor-widget elementor-widget-text-editor\" data-id=\"u4tv7zf\" data-element_type=\"widget\" data-widget_type=\"text-editor.default\">\n\t\t\t\t<div class=\"elementor-widget-container\">\n\t\t\t\t\t\t\t<p>Y aqu\u00e9lla feria de mayo, que era un anticipio de la de septiembre, paralela tambi\u00e9n a la del ganado, pr\u00e1cticamente desapareci\u00f3.<br \/>Afortunadamente, desde hace unos a\u00f1os se ha recuperado como feria de muestras y de maquinaria. En un estupendo ambiente y durante tres d\u00edas, se nos ofrece la ocasi\u00f3n de probar tapas y embutidos, diversos platos, vinos, tractores, m\u00e1quinas de jard\u00ed y obesrvar lo \u00faltimo en muebles, depuraci\u00f3n de piscines, etc\u00e9tera, etc\u00e9tera.<br \/>Pero aquella feria de hace treinta a\u00f1os tambi\u00e9n ten\u00eda su encanto. Los colegios, por una vez, dejaban libre una de las tardes y era como una explosi\u00f3n de libertad sentirse liberado de una obligaci\u00f3n escolar que nos ataba pr\u00e1cticamente los siete d\u00edas de la semana.<\/p>\t\t\t\t\t\t<\/div>\n\t\t\t\t<\/div>\n\t\t\t\t\t<\/div>\n\t\t<\/div>\n\t\t\t\t<div class=\"elementor-column elementor-col-50 elementor-top-column elementor-element elementor-element-y901dyn\" data-id=\"y901dyn\" data-element_type=\"column\">\n\t\t\t<div class=\"elementor-widget-wrap elementor-element-populated\">\n\t\t\t\t\t\t<div class=\"elementor-element elementor-element-sigszrs elementor-widget elementor-widget-image\" data-id=\"sigszrs\" data-element_type=\"widget\" data-widget_type=\"image.default\">\n\t\t\t\t<div class=\"elementor-widget-container\">\n\t\t\t\t\t\t\t\t\t\t\t\t\t<img loading=\"lazy\" decoding=\"async\" width=\"226\" height=\"170\" src=\"http:\/\/www.josemariatornay.com\/wp-content\/uploads\/2016\/12\/feriamayo.jpg\" class=\"attachment-large size-large wp-image-9733\" alt=\"\" \/>\t\t\t\t\t\t\t\t\t\t\t\t\t<\/div>\n\t\t\t\t<\/div>\n\t\t\t\t\t<\/div>\n\t\t<\/div>\n\t\t\t\t\t<\/div>\n\t\t<\/section>\n\t\t\t\t<section class=\"elementor-section elementor-top-section elementor-element elementor-element-3r7wafx elementor-section-boxed elementor-section-height-default elementor-section-height-default\" data-id=\"3r7wafx\" data-element_type=\"section\">\n\t\t\t\t\t\t<div class=\"elementor-container elementor-column-gap-default\">\n\t\t\t\t\t<div class=\"elementor-column elementor-col-50 elementor-top-column elementor-element elementor-element-isgge8u\" data-id=\"isgge8u\" data-element_type=\"column\">\n\t\t\t<div class=\"elementor-widget-wrap elementor-element-populated\">\n\t\t\t\t\t\t<div class=\"elementor-element elementor-element-43vp0fw elementor-widget elementor-widget-image\" data-id=\"43vp0fw\" data-element_type=\"widget\" data-widget_type=\"image.default\">\n\t\t\t\t<div class=\"elementor-widget-container\">\n\t\t\t\t\t\t\t\t\t\t\t\t\t<img loading=\"lazy\" decoding=\"async\" width=\"214\" height=\"170\" src=\"http:\/\/www.josemariatornay.com\/wp-content\/uploads\/2016\/12\/goyesca.jpg\" class=\"attachment-large size-large wp-image-9734\" alt=\"\" \/>\t\t\t\t\t\t\t\t\t\t\t\t\t<\/div>\n\t\t\t\t<\/div>\n\t\t\t\t\t<\/div>\n\t\t<\/div>\n\t\t\t\t<div class=\"elementor-column elementor-col-50 elementor-top-column elementor-element elementor-element-kmaqcnk\" data-id=\"kmaqcnk\" data-element_type=\"column\">\n\t\t\t<div class=\"elementor-widget-wrap elementor-element-populated\">\n\t\t\t\t\t\t<div class=\"elementor-element elementor-element-vll71h2 elementor-widget elementor-widget-text-editor\" data-id=\"vll71h2\" data-element_type=\"widget\" data-widget_type=\"text-editor.default\">\n\t\t\t\t<div class=\"elementor-widget-container\">\n\t\t\t\t\t\t\t<p>Y, los vientos trajeron tambi\u00e9n una corrida Goyesca, tradicional se\u00f1a de identidad de esta ciudad, progresivamente decadente. Desde que el maestero, Antonio Ord\u00f3\u00f1ez, dej\u00f3 de vestirse de torero, la corrida goyescxa fue perdiendo cach\u00e9. Tras su desparici\u00f3n f\u00edsica, ya como empresario, paso a manos de indocuimentados que has conseguido descafeinarla por completo y convertirla en un coto privado de la familia. <br \/>Con el Maestro, esta fiesta era el colof\u00f3n de la temporada taurina espa\u00f1ola y a ella acud\u00eda aquellos diestros que hab\u00edan mostrado a lo largo de la misma las mejores condiciones art\u00edsiticas. S\u00f3lo ven\u00edan los n\u00fameros uno. Hoy, vienen los n\u00fameros que hagan falta, con tal de que no falte el peque\u00f1o empresario, al que se le puede aplicar, como torero, cualquier calificativo menos el de artista, que era el que justificaba la presencia aqu\u00ed.<\/p>\t\t\t\t\t\t<\/div>\n\t\t\t\t<\/div>\n\t\t\t\t\t<\/div>\n\t\t<\/div>\n\t\t\t\t\t<\/div>\n\t\t<\/section>\n\t\t\t\t<section class=\"elementor-section elementor-top-section elementor-element elementor-element-ywk2e4r elementor-section-boxed elementor-section-height-default elementor-section-height-default\" data-id=\"ywk2e4r\" data-element_type=\"section\">\n\t\t\t\t\t\t<div class=\"elementor-container elementor-column-gap-default\">\n\t\t\t\t\t<div class=\"elementor-column elementor-col-50 elementor-top-column elementor-element elementor-element-yaff31t\" data-id=\"yaff31t\" data-element_type=\"column\">\n\t\t\t<div class=\"elementor-widget-wrap elementor-element-populated\">\n\t\t\t\t\t\t<div class=\"elementor-element elementor-element-2rzhepv elementor-widget elementor-widget-text-editor\" data-id=\"2rzhepv\" data-element_type=\"widget\" data-widget_type=\"text-editor.default\">\n\t\t\t\t<div class=\"elementor-widget-container\">\n\t\t\t\t\t\t\t<p>Y poco a poco, el viento fue sembrando nuestras calles y rincones con motivos esculturales, m\u00e1s o menos acertados, tanto en su ejecuci\u00f3n est\u00e9tica como en la elecci\u00f3n del tema o del lugar. Soy partidario de estos monumentos porque que hacen ciudad, le dan categor\u00eda y sirve para honrar, la mayor\u00eda de las veces, la memoria de ilustres personajes. Soy partidario, adem\u00e1s, de la escultura civil, que se dedica a figuras poco conflictivas y que generan consenso alrededor de ellas. En la medida de lo posible, se debe evitar el homenaje pol\u00edtico y religioso, porque suelen crear disputas y desacuerdos, poco aconsejables en espacios como las calles, que son de todos. Pero de calidad, y \u00e9sta no siempre se consigue: no hay m\u00e1s que darse una vuelta por la Plaza del Socorro, donde el grupo escult\u00f3rico de la fuente, invita a pedir \u00a1socorro!<\/p>\t\t\t\t\t\t<\/div>\n\t\t\t\t<\/div>\n\t\t\t\t\t<\/div>\n\t\t<\/div>\n\t\t\t\t<div class=\"elementor-column elementor-col-50 elementor-top-column elementor-element elementor-element-ov3uk9q\" data-id=\"ov3uk9q\" data-element_type=\"column\">\n\t\t\t<div class=\"elementor-widget-wrap elementor-element-populated\">\n\t\t\t\t\t\t<div class=\"elementor-element elementor-element-g6d5jqe elementor-widget elementor-widget-image\" data-id=\"g6d5jqe\" data-element_type=\"widget\" data-widget_type=\"image.default\">\n\t\t\t\t<div class=\"elementor-widget-container\">\n\t\t\t\t\t\t\t\t\t\t\t\t\t<img loading=\"lazy\" decoding=\"async\" width=\"226\" height=\"170\" src=\"http:\/\/www.josemariatornay.com\/wp-content\/uploads\/2016\/12\/escultura.jpg\" class=\"attachment-large size-large wp-image-9735\" alt=\"\" \/>\t\t\t\t\t\t\t\t\t\t\t\t\t<\/div>\n\t\t\t\t<\/div>\n\t\t\t\t\t<\/div>\n\t\t<\/div>\n\t\t\t\t\t<\/div>\n\t\t<\/section>\n\t\t\t\t<section class=\"elementor-section elementor-top-section elementor-element elementor-element-9786g09 elementor-section-boxed elementor-section-height-default elementor-section-height-default\" data-id=\"9786g09\" data-element_type=\"section\">\n\t\t\t\t\t\t<div class=\"elementor-container elementor-column-gap-default\">\n\t\t\t\t\t<div class=\"elementor-column elementor-col-100 elementor-top-column elementor-element elementor-element-06w6zlx\" data-id=\"06w6zlx\" data-element_type=\"column\">\n\t\t\t<div class=\"elementor-widget-wrap elementor-element-populated\">\n\t\t\t\t\t\t<div class=\"elementor-element elementor-element-05kujlg elementor-widget elementor-widget-heading\" data-id=\"05kujlg\" data-element_type=\"widget\" data-widget_type=\"heading.default\">\n\t\t\t\t<div class=\"elementor-widget-container\">\n\t\t\t<h2 class=\"elementor-heading-title elementor-size-medium\">LO QUE EL VIENTO SE OLVID\u00d3 I<\/h2>\t\t<\/div>\n\t\t\t\t<\/div>\n\t\t\t\t<div class=\"elementor-element elementor-element-18jfr0k elementor-widget elementor-widget-text-editor\" data-id=\"18jfr0k\" data-element_type=\"widget\" data-widget_type=\"text-editor.default\">\n\t\t\t\t<div class=\"elementor-widget-container\">\n\t\t\t\t\t\t\t<p>Me ocupo aqu\u00ed de lo que estaba y ha seguido estando; invulnerable a la acci\u00f3n erosiva de los a\u00f1os, al trabajo de combusti\u00f3n que las sucesivas generaciones provocan, al paso demoledor de las modas caprichosas. No todo lo que ha quedado ha sido positivo; algunas no hubiera estado mal que desaparecieran. Otras siguen ah\u00ed para nuestro solaz y disfrute.<\/p>\t\t\t\t\t\t<\/div>\n\t\t\t\t<\/div>\n\t\t\t\t\t<\/div>\n\t\t<\/div>\n\t\t\t\t\t<\/div>\n\t\t<\/section>\n\t\t\t\t<section class=\"elementor-section elementor-top-section elementor-element elementor-element-yyan8eg elementor-section-boxed elementor-section-height-default elementor-section-height-default\" data-id=\"yyan8eg\" data-element_type=\"section\">\n\t\t\t\t\t\t<div class=\"elementor-container elementor-column-gap-default\">\n\t\t\t\t\t<div class=\"elementor-column elementor-col-50 elementor-top-column elementor-element elementor-element-a0u0d7w\" data-id=\"a0u0d7w\" data-element_type=\"column\">\n\t\t\t<div class=\"elementor-widget-wrap elementor-element-populated\">\n\t\t\t\t\t\t<div class=\"elementor-element elementor-element-7c1fbyv elementor-widget elementor-widget-image\" data-id=\"7c1fbyv\" data-element_type=\"widget\" data-widget_type=\"image.default\">\n\t\t\t\t<div class=\"elementor-widget-container\">\n\t\t\t\t\t\t\t\t\t\t\t\t\t<img loading=\"lazy\" decoding=\"async\" width=\"233\" height=\"175\" src=\"http:\/\/www.josemariatornay.com\/wp-content\/uploads\/2016\/12\/carreteras-1.jpg\" class=\"attachment-large size-large wp-image-9739\" alt=\"\" \/>\t\t\t\t\t\t\t\t\t\t\t\t\t<\/div>\n\t\t\t\t<\/div>\n\t\t\t\t\t<\/div>\n\t\t<\/div>\n\t\t\t\t<div class=\"elementor-column elementor-col-50 elementor-top-column elementor-element elementor-element-67bjv8r\" data-id=\"67bjv8r\" data-element_type=\"column\">\n\t\t\t<div class=\"elementor-widget-wrap elementor-element-populated\">\n\t\t\t\t\t\t<div class=\"elementor-element elementor-element-ikzikm8 elementor-widget elementor-widget-text-editor\" data-id=\"ikzikm8\" data-element_type=\"widget\" data-widget_type=\"text-editor.default\">\n\t\t\t\t<div class=\"elementor-widget-container\">\n\t\t\t\t\t\t\t<p>Una de las cosas que el viento se olvid\u00f3 de traernos fue un sistema moderno y adecuado de comunicaciones. Por supuesto que estas carreteras, comparadas con las de hace cuarenta a\u00f1os, son magn\u00edficas, pero no son suficientes. No se ha dado el salto de calidad imprescindible para entrar de lleno en la modernidad, para que dejemos de una vez este maldito aislamiento que ha condicionado, no s\u00f3lo nuestro desarrollo, sino incluso nuestro car\u00e1cter.Da la impresi\u00f3n de que en este tema se va parcheando sobre la marcha y nunca se llega a ninguna parte, porque se trabaja sin visi\u00f3n de futuro y las v\u00edas de comunicaci\u00f3n se van quedando obsoleta antes de que cumplan m\u00ednimamente su funci\u00f3n.<\/p>\t\t\t\t\t\t<\/div>\n\t\t\t\t<\/div>\n\t\t\t\t\t<\/div>\n\t\t<\/div>\n\t\t\t\t\t<\/div>\n\t\t<\/section>\n\t\t\t\t<section class=\"elementor-section elementor-top-section elementor-element elementor-element-8hlldrq elementor-section-boxed elementor-section-height-default elementor-section-height-default\" data-id=\"8hlldrq\" data-element_type=\"section\">\n\t\t\t\t\t\t<div class=\"elementor-container elementor-column-gap-default\">\n\t\t\t\t\t<div class=\"elementor-column elementor-col-50 elementor-top-column elementor-element elementor-element-6cf6bts\" data-id=\"6cf6bts\" data-element_type=\"column\">\n\t\t\t<div class=\"elementor-widget-wrap elementor-element-populated\">\n\t\t\t\t\t\t<div class=\"elementor-element elementor-element-wry8jdr elementor-widget elementor-widget-text-editor\" data-id=\"wry8jdr\" data-element_type=\"widget\" data-widget_type=\"text-editor.default\">\n\t\t\t\t<div class=\"elementor-widget-container\">\n\t\t\t\t\t\t\t<p>\u00a1Qu\u00e9 tiendas aquellas! Tejidos Porras, Muebles G\u00e1lvez, Librer\u00eda X Grande y X Chico. Los Madrile\u00f1os, L\u00f3pez, M\u00e9rida, Confiter\u00eda Harillo, Castro, \u00d3ptica Baca&#8230; En aquel tiempo cumpl\u00edan de sobra su papel. Lo malo es que seguimos donde est\u00e1bamos. \u00a1Qu\u00e9 poco ha evolucionado nuestro comercio. Sigue siendo, en l\u00edneas generales, pueblerino y de corto alcance. Y encima, la gente se mueve hoy con m\u00e1s facilidad y busca fuera lo que aqu\u00ed no encuentra. No hay que lamentarlo, porque eso es se\u00f1al de bienestar y de libertad de elecci\u00f3n. Nuestros comerciantes no deben quejarse por ello, sino mejorar y luchar por competir con todo lo que se le ponga en su camino. Esa es la tarea, no quejarse ni pedir protecci\u00f3n oficial.<\/p>\t\t\t\t\t\t<\/div>\n\t\t\t\t<\/div>\n\t\t\t\t\t<\/div>\n\t\t<\/div>\n\t\t\t\t<div class=\"elementor-column elementor-col-50 elementor-top-column elementor-element elementor-element-xq3t9qm\" data-id=\"xq3t9qm\" data-element_type=\"column\">\n\t\t\t<div class=\"elementor-widget-wrap elementor-element-populated\">\n\t\t\t\t\t\t<div class=\"elementor-element elementor-element-8efr82y elementor-widget elementor-widget-image\" data-id=\"8efr82y\" data-element_type=\"widget\" data-widget_type=\"image.default\">\n\t\t\t\t<div class=\"elementor-widget-container\">\n\t\t\t\t\t\t\t\t\t\t\t\t\t<img loading=\"lazy\" decoding=\"async\" width=\"233\" height=\"175\" src=\"http:\/\/www.josemariatornay.com\/wp-content\/uploads\/2016\/12\/tiendas.jpg\" class=\"attachment-large size-large wp-image-9740\" alt=\"\" \/>\t\t\t\t\t\t\t\t\t\t\t\t\t<\/div>\n\t\t\t\t<\/div>\n\t\t\t\t\t<\/div>\n\t\t<\/div>\n\t\t\t\t\t<\/div>\n\t\t<\/section>\n\t\t\t\t<section class=\"elementor-section elementor-top-section elementor-element elementor-element-yomtadn elementor-section-boxed elementor-section-height-default elementor-section-height-default\" data-id=\"yomtadn\" data-element_type=\"section\">\n\t\t\t\t\t\t<div class=\"elementor-container elementor-column-gap-default\">\n\t\t\t\t\t<div class=\"elementor-column elementor-col-50 elementor-top-column elementor-element elementor-element-p5z33iz\" data-id=\"p5z33iz\" data-element_type=\"column\">\n\t\t\t<div class=\"elementor-widget-wrap elementor-element-populated\">\n\t\t\t\t\t\t<div class=\"elementor-element elementor-element-xu9nsrp elementor-widget elementor-widget-image\" data-id=\"xu9nsrp\" data-element_type=\"widget\" data-widget_type=\"image.default\">\n\t\t\t\t<div class=\"elementor-widget-container\">\n\t\t\t\t\t\t\t\t\t\t\t\t\t<img loading=\"lazy\" decoding=\"async\" width=\"261\" height=\"175\" src=\"http:\/\/www.josemariatornay.com\/wp-content\/uploads\/2016\/12\/politicos.jpg\" class=\"attachment-large size-large wp-image-9741\" alt=\"\" \/>\t\t\t\t\t\t\t\t\t\t\t\t\t<\/div>\n\t\t\t\t<\/div>\n\t\t\t\t\t<\/div>\n\t\t<\/div>\n\t\t\t\t<div class=\"elementor-column elementor-col-50 elementor-top-column elementor-element elementor-element-1rg9zdp\" data-id=\"1rg9zdp\" data-element_type=\"column\">\n\t\t\t<div class=\"elementor-widget-wrap elementor-element-populated\">\n\t\t\t\t\t\t<div class=\"elementor-element elementor-element-otfcy8y elementor-widget elementor-widget-text-editor\" data-id=\"otfcy8y\" data-element_type=\"widget\" data-widget_type=\"text-editor.default\">\n\t\t\t\t<div class=\"elementor-widget-container\">\n\t\t\t\t\t\t\t<p>Y pueblerina y amanerada es tambi\u00e9n nuestra clase pol\u00edtica. El viento tambi\u00e9n se olvid\u00f3 de traernos unos pol\u00edticos brillantes y eficaces. Por contra, siempre hemos padecido a un personal que se empe\u00f1a en trocar la gesti\u00f3n (que debe ser lo propio de un Ayuntamiento) por la contienda ideol\u00f3gica (m\u00e1s propia de la alta pol\u00edtica estatal o auton\u00f3mica). Claro que, al menos, los vientos democr\u00e1ticos nos trajeron la posibilidad de elegirlos y no tener que soportar al pelota de turno del gobernador civil o al cacique recalcitrante de anta\u00f1o. No a\u00f1oro a ninguno de aquellos personajes, de manera que no se entienda que la cr\u00edtica a los actuales conlleva ning\u00fan sentimiento de nostalgia. Pero, desde luego, nuestros ediles han sido, son y, me temo que ser\u00e1n, bastante mejorables.<\/p>\t\t\t\t\t\t<\/div>\n\t\t\t\t<\/div>\n\t\t\t\t\t<\/div>\n\t\t<\/div>\n\t\t\t\t\t<\/div>\n\t\t<\/section>\n\t\t\t\t<section class=\"elementor-section elementor-top-section elementor-element elementor-element-ki9tr2z elementor-section-boxed elementor-section-height-default elementor-section-height-default\" data-id=\"ki9tr2z\" data-element_type=\"section\">\n\t\t\t\t\t\t<div class=\"elementor-container elementor-column-gap-default\">\n\t\t\t\t\t<div class=\"elementor-column elementor-col-50 elementor-top-column elementor-element elementor-element-s54g3p0\" data-id=\"s54g3p0\" data-element_type=\"column\">\n\t\t\t<div class=\"elementor-widget-wrap elementor-element-populated\">\n\t\t\t\t\t\t<div class=\"elementor-element elementor-element-0pzfy1r elementor-widget elementor-widget-text-editor\" data-id=\"0pzfy1r\" data-element_type=\"widget\" data-widget_type=\"text-editor.default\">\n\t\t\t\t<div class=\"elementor-widget-container\">\n\t\t\t\t\t\t\t<p>Y ah\u00ed sigue, ajena a los avatares del tiempo y al descuido de sus \u00bfcuidadores?, generando un chorro de oro por dentro y coronada de jaramagos por fuera. \u00a1Qu\u00e9 paradoja! No queda nada para su mantenimiento.Y, sin embargo, ah\u00ed sigue resistiendo, afortunadamente, testigo de tantos siglos y de tanto mediocre sacralizado. Ella es, sin duda, el paradigma de lo que el viento se olvid\u00f3 de llevarse.<br \/>Sirva su esplendorosa imagen como ejemplo del resto de monumentos religiosos que el viento no se llev\u00f3 y que siguen jalonando (aunque no son abundantes los de aut\u00e9ntico valor) de arte nuestro patrimonio. Yo, en concreto, me cri\u00e9 y crec\u00ed pr\u00e1cticamente a su sombra, por lo que llevo en m\u00ed, muy bien archivados, todas y cada uno de sus rincones y recovecos.<\/p>\t\t\t\t\t\t<\/div>\n\t\t\t\t<\/div>\n\t\t\t\t\t<\/div>\n\t\t<\/div>\n\t\t\t\t<div class=\"elementor-column elementor-col-50 elementor-top-column elementor-element elementor-element-cf6yp6k\" data-id=\"cf6yp6k\" data-element_type=\"column\">\n\t\t\t<div class=\"elementor-widget-wrap elementor-element-populated\">\n\t\t\t\t\t\t<div class=\"elementor-element elementor-element-jr76db6 elementor-widget elementor-widget-image\" data-id=\"jr76db6\" data-element_type=\"widget\" data-widget_type=\"image.default\">\n\t\t\t\t<div class=\"elementor-widget-container\">\n\t\t\t\t\t\t\t\t\t\t\t\t\t<img loading=\"lazy\" decoding=\"async\" width=\"233\" height=\"175\" src=\"http:\/\/www.josemariatornay.com\/wp-content\/uploads\/2016\/12\/imayor.jpg\" class=\"attachment-large size-large wp-image-9742\" alt=\"\" \/>\t\t\t\t\t\t\t\t\t\t\t\t\t<\/div>\n\t\t\t\t<\/div>\n\t\t\t\t\t<\/div>\n\t\t<\/div>\n\t\t\t\t\t<\/div>\n\t\t<\/section>\n\t\t\t\t<section class=\"elementor-section elementor-top-section elementor-element elementor-element-wr7p2am elementor-section-boxed elementor-section-height-default elementor-section-height-default\" data-id=\"wr7p2am\" data-element_type=\"section\">\n\t\t\t\t\t\t<div class=\"elementor-container elementor-column-gap-default\">\n\t\t\t\t\t<div class=\"elementor-column elementor-col-50 elementor-top-column elementor-element elementor-element-blyz6hh\" data-id=\"blyz6hh\" data-element_type=\"column\">\n\t\t\t<div class=\"elementor-widget-wrap elementor-element-populated\">\n\t\t\t\t\t\t<div class=\"elementor-element elementor-element-l39h5r2 elementor-widget elementor-widget-image\" data-id=\"l39h5r2\" data-element_type=\"widget\" data-widget_type=\"image.default\">\n\t\t\t\t<div class=\"elementor-widget-container\">\n\t\t\t\t\t\t\t\t\t\t\t\t\t<img loading=\"lazy\" decoding=\"async\" width=\"233\" height=\"175\" src=\"http:\/\/www.josemariatornay.com\/wp-content\/uploads\/2016\/12\/mariaaux.jpg\" class=\"attachment-large size-large wp-image-9744\" alt=\"\" \/>\t\t\t\t\t\t\t\t\t\t\t\t\t<\/div>\n\t\t\t\t<\/div>\n\t\t\t\t\t<\/div>\n\t\t<\/div>\n\t\t\t\t<div class=\"elementor-column elementor-col-50 elementor-top-column elementor-element elementor-element-5sgu2v7\" data-id=\"5sgu2v7\" data-element_type=\"column\">\n\t\t\t<div class=\"elementor-widget-wrap elementor-element-populated\">\n\t\t\t\t\t\t<div class=\"elementor-element elementor-element-sa43kan elementor-widget elementor-widget-text-editor\" data-id=\"sa43kan\" data-element_type=\"widget\" data-widget_type=\"text-editor.default\">\n\t\t\t\t<div class=\"elementor-widget-container\">\n\t\t\t\t\t\t\t<p>Y aunque he querido simbolizar en la catedral al resto de construcciones religiosas, no puedo evitar dedicar una menci\u00f3n especial a la que, sin tanta brillantez arquitect\u00f3nica y sin tanto pedigr\u00ed hist\u00f3rico, fue durante un dilatado tiempo de mi vida, un lugar de visita cotidiana, demasiado cotidiana tal vez. Aqu\u00e9llas novenas a Mar\u00eda Auxiliadora, aqu\u00e9llas misas, aqu\u00e9llas bendiciones previas a la pel\u00edcula del domingo, ya pertenecen a un pasado que nunca volver\u00e1, pero la familiar y querida iglesia de la mayor\u00eda de los ronde\u00f1os, sigue ofreciendo su mismo aspecto, el mismo que contemplaban nuestros infantiles e impresionables ojos. No me importa que el viento, al olvidarla, la haya dejado entre nosotros, pero, m\u00e9jor hubiera sido que tambi\u00e9n se hubiera olvidado de las desagradables campanas el\u00e9ctr\u00f3nicas.<\/p>\t\t\t\t\t\t<\/div>\n\t\t\t\t<\/div>\n\t\t\t\t\t<\/div>\n\t\t<\/div>\n\t\t\t\t\t<\/div>\n\t\t<\/section>\n\t\t\t\t<section class=\"elementor-section elementor-top-section elementor-element elementor-element-yyx9dyn elementor-section-boxed elementor-section-height-default elementor-section-height-default\" data-id=\"yyx9dyn\" data-element_type=\"section\">\n\t\t\t\t\t\t<div class=\"elementor-container elementor-column-gap-default\">\n\t\t\t\t\t<div class=\"elementor-column elementor-col-100 elementor-top-column elementor-element elementor-element-37zw8ne\" data-id=\"37zw8ne\" data-element_type=\"column\">\n\t\t\t<div class=\"elementor-widget-wrap elementor-element-populated\">\n\t\t\t\t\t\t<div class=\"elementor-element elementor-element-knszvo6 elementor-widget elementor-widget-heading\" data-id=\"knszvo6\" data-element_type=\"widget\" data-widget_type=\"heading.default\">\n\t\t\t\t<div class=\"elementor-widget-container\">\n\t\t\t<h2 class=\"elementor-heading-title elementor-size-medium\">LO QUE EL VIENTO SE OLVID\u00d3 II<\/h2>\t\t<\/div>\n\t\t\t\t<\/div>\n\t\t\t\t<div class=\"elementor-element elementor-element-ejkczvh elementor-widget elementor-widget-text-editor\" data-id=\"ejkczvh\" data-element_type=\"widget\" data-widget_type=\"text-editor.default\">\n\t\t\t\t<div class=\"elementor-widget-container\">\n\t\t\t\t\t\t\t<p>Son las aut\u00e9nticas joyas de la corona de esta ciudad tocada por los dioses. Dif\u00edcilmente los vientos podr\u00e1n con tanta belleza y ah\u00ed seguir\u00e1n, firmes, apoyadas en sus legendarias vicisitudes.<\/p>\t\t\t\t\t\t<\/div>\n\t\t\t\t<\/div>\n\t\t\t\t\t<\/div>\n\t\t<\/div>\n\t\t\t\t\t<\/div>\n\t\t<\/section>\n\t\t\t\t<section class=\"elementor-section elementor-top-section elementor-element elementor-element-6iwc7vu elementor-section-boxed elementor-section-height-default elementor-section-height-default\" data-id=\"6iwc7vu\" data-element_type=\"section\">\n\t\t\t\t\t\t<div class=\"elementor-container elementor-column-gap-default\">\n\t\t\t\t\t<div class=\"elementor-column elementor-col-50 elementor-top-column elementor-element elementor-element-miwu654\" data-id=\"miwu654\" data-element_type=\"column\">\n\t\t\t<div class=\"elementor-widget-wrap elementor-element-populated\">\n\t\t\t\t\t\t<div class=\"elementor-element elementor-element-l903oat elementor-widget elementor-widget-text-editor\" data-id=\"l903oat\" data-element_type=\"widget\" data-widget_type=\"text-editor.default\">\n\t\t\t\t<div class=\"elementor-widget-container\">\n\t\t\t\t\t\t\t<p>Y se olvid\u00f3, afortunadamente, de llevarse esta joya de la arquitectura y de la tauromaquia, aut\u00e9ntico s\u00edmbolo del arte del toreo. Yo tuve el privilegio de asitir a aqu\u00e9llas goyescas m\u00edticas de finales de los 60 y principios de los 70, cuando Antonio Ord\u00f3\u00f1ez, incluso ya retirado, se vest\u00eda cada a\u00f1o para dictar su c\u00e1tedra en este coso emblem\u00e1tico. Luego la Goyesca se fue convirtiendo, poco a poco, en un asunto social m\u00e1s que taurino y yo me fui retirando de acudir a la cita anual.<br \/>Lamentablemente, esta preciosidad sigue en manos de la Real Maestranza de Caballer\u00eda, un aut\u00e9ntico f\u00f3sil que nadie sabe a qu\u00e9 intereses sirve y que tiene usurpado el uso y propiedad que debiera corresponder al pueblo de Ronda.<\/p>\t\t\t\t\t\t<\/div>\n\t\t\t\t<\/div>\n\t\t\t\t\t<\/div>\n\t\t<\/div>\n\t\t\t\t<div class=\"elementor-column elementor-col-50 elementor-top-column elementor-element elementor-element-v55xs87\" data-id=\"v55xs87\" data-element_type=\"column\">\n\t\t\t<div class=\"elementor-widget-wrap elementor-element-populated\">\n\t\t\t\t\t\t<div class=\"elementor-element elementor-element-dpp5jpk elementor-widget elementor-widget-image\" data-id=\"dpp5jpk\" data-element_type=\"widget\" data-widget_type=\"image.default\">\n\t\t\t\t<div class=\"elementor-widget-container\">\n\t\t\t\t\t\t\t\t\t\t\t\t\t<img loading=\"lazy\" decoding=\"async\" width=\"233\" height=\"175\" src=\"http:\/\/www.josemariatornay.com\/wp-content\/uploads\/2016\/12\/plazatoros.jpg\" class=\"attachment-large size-large wp-image-9746\" alt=\"\" \/>\t\t\t\t\t\t\t\t\t\t\t\t\t<\/div>\n\t\t\t\t<\/div>\n\t\t\t\t\t<\/div>\n\t\t<\/div>\n\t\t\t\t\t<\/div>\n\t\t<\/section>\n\t\t\t\t<section class=\"elementor-section elementor-top-section elementor-element elementor-element-5q8muqs elementor-section-boxed elementor-section-height-default elementor-section-height-default\" data-id=\"5q8muqs\" data-element_type=\"section\">\n\t\t\t\t\t\t<div class=\"elementor-container elementor-column-gap-default\">\n\t\t\t\t\t<div class=\"elementor-column elementor-col-50 elementor-top-column elementor-element elementor-element-77b33vq\" data-id=\"77b33vq\" data-element_type=\"column\">\n\t\t\t<div class=\"elementor-widget-wrap elementor-element-populated\">\n\t\t\t\t\t\t<div class=\"elementor-element elementor-element-h0mppio elementor-widget elementor-widget-image\" data-id=\"h0mppio\" data-element_type=\"widget\" data-widget_type=\"image.default\">\n\t\t\t\t<div class=\"elementor-widget-container\">\n\t\t\t\t\t\t\t\t\t\t\t\t\t<img loading=\"lazy\" decoding=\"async\" width=\"233\" height=\"175\" src=\"http:\/\/www.josemariatornay.com\/wp-content\/uploads\/2016\/12\/puente.jpg\" class=\"attachment-large size-large wp-image-9748\" alt=\"\" \/>\t\t\t\t\t\t\t\t\t\t\t\t\t<\/div>\n\t\t\t\t<\/div>\n\t\t\t\t\t<\/div>\n\t\t<\/div>\n\t\t\t\t<div class=\"elementor-column elementor-col-50 elementor-top-column elementor-element elementor-element-fd655vb\" data-id=\"fd655vb\" data-element_type=\"column\">\n\t\t\t<div class=\"elementor-widget-wrap elementor-element-populated\">\n\t\t\t\t\t\t<div class=\"elementor-element elementor-element-ozzkc0l elementor-widget elementor-widget-text-editor\" data-id=\"ozzkc0l\" data-element_type=\"widget\" data-widget_type=\"text-editor.default\">\n\t\t\t\t<div class=\"elementor-widget-container\">\n\t\t\t\t\t\t\t<p>\u00bfY este aut\u00e9ntico mito de reconocimiento mundial? Sin duda debe de ser uno de los monumentos m\u00e1s fotografiados de la Tierra. Y ah\u00ed sigue firme, pese a los vientos, pese a los a\u00f1os, al peso de la historia y al de los coches. Yo, que bajo cada d\u00eda hasta el pie del r\u00edo responsable de la inmensa grieta que el puente salva, no dejo de sentirme admirado, estremecido ante tanta belleza. Tal vez el secreto de su encanto est\u00e9 en la armon\u00eda de su estructura: tiene la altura exacta, la anchura exacta, la proporci\u00f3n perfecta en todos y cada uno de sus elementos. Un aut\u00e9ntico prodigio que sigue vivo entre nodotros y que todos los ronde\u00f1os tenemos bien interiorizado. Elegir la vista era delicado porque ten\u00eda la intenci\u00f3n de evitar el t\u00f3pico de la foto tradicional. Espero haber acertado con la que he seleccionado.<\/p>\t\t\t\t\t\t<\/div>\n\t\t\t\t<\/div>\n\t\t\t\t\t<\/div>\n\t\t<\/div>\n\t\t\t\t\t<\/div>\n\t\t<\/section>\n\t\t\t\t<section class=\"elementor-section elementor-top-section elementor-element elementor-element-2beudbg elementor-section-boxed elementor-section-height-default elementor-section-height-default\" data-id=\"2beudbg\" data-element_type=\"section\">\n\t\t\t\t\t\t<div class=\"elementor-container elementor-column-gap-default\">\n\t\t\t\t\t<div class=\"elementor-column elementor-col-50 elementor-top-column elementor-element elementor-element-2x9gcdk\" data-id=\"2x9gcdk\" data-element_type=\"column\">\n\t\t\t<div class=\"elementor-widget-wrap elementor-element-populated\">\n\t\t\t\t\t\t<div class=\"elementor-element elementor-element-mn3luzm elementor-widget elementor-widget-text-editor\" data-id=\"mn3luzm\" data-element_type=\"widget\" data-widget_type=\"text-editor.default\">\n\t\t\t\t<div class=\"elementor-widget-container\">\n\t\t\t\t\t\t\t<p>Aunque aqu\u00ed, a la derecha, he colocado una instant\u00e1nea de la Iglesia de la Paz, patrona de Ronda, en ella he querido simbolizar a todo el conjunto hist\u00f3rico art\u00edstico de La Ciudad, el barrio monumental de esta localidad. Este barrio tambi\u00e9n permanece impert\u00e9rrito al aniquilador efecto de los vientos temporales. La historia se ha detenido aqu\u00ed, como si quisiera recrearse ante tanto esplendor.<br \/>Los pocos cambios que en esta zona se han producido, est\u00e1n reflejados en mi secci\u00f3n LO QUE EL VIENTO SE LLEV\u00d3, un cap\u00edtulo hermano de este que tiene ante ti y que puedes curiosear volviendo atr\u00e1s, a la secci\u00f3n MI RONDA SENTIMENTAL.<br \/>Barrio serio, sobrio y elegante, hoy en manifiesto estado de repoblaci\u00f3n, tras una \u00e9poca de decadencia.<\/p>\t\t\t\t\t\t<\/div>\n\t\t\t\t<\/div>\n\t\t\t\t\t<\/div>\n\t\t<\/div>\n\t\t\t\t<div class=\"elementor-column elementor-col-50 elementor-top-column elementor-element elementor-element-eazn3t5\" data-id=\"eazn3t5\" data-element_type=\"column\">\n\t\t\t<div class=\"elementor-widget-wrap elementor-element-populated\">\n\t\t\t\t\t\t<div class=\"elementor-element elementor-element-7afn2zl elementor-widget elementor-widget-image\" data-id=\"7afn2zl\" data-element_type=\"widget\" data-widget_type=\"image.default\">\n\t\t\t\t<div class=\"elementor-widget-container\">\n\t\t\t\t\t\t\t\t\t\t\t\t\t<img loading=\"lazy\" decoding=\"async\" width=\"233\" height=\"175\" src=\"http:\/\/www.josemariatornay.com\/wp-content\/uploads\/2016\/12\/laciudad.jpg\" class=\"attachment-large size-large wp-image-9749\" alt=\"\" \/>\t\t\t\t\t\t\t\t\t\t\t\t\t<\/div>\n\t\t\t\t<\/div>\n\t\t\t\t\t<\/div>\n\t\t<\/div>\n\t\t\t\t\t<\/div>\n\t\t<\/section>\n\t\t\t\t<section class=\"elementor-section elementor-top-section elementor-element elementor-element-1c35vnz elementor-section-boxed elementor-section-height-default elementor-section-height-default\" data-id=\"1c35vnz\" data-element_type=\"section\">\n\t\t\t\t\t\t<div class=\"elementor-container elementor-column-gap-default\">\n\t\t\t\t\t<div class=\"elementor-column elementor-col-50 elementor-top-column elementor-element elementor-element-dfnbamx\" data-id=\"dfnbamx\" data-element_type=\"column\">\n\t\t\t<div class=\"elementor-widget-wrap elementor-element-populated\">\n\t\t\t\t\t\t<div class=\"elementor-element elementor-element-mwjxhl2 elementor-widget elementor-widget-image\" data-id=\"mwjxhl2\" data-element_type=\"widget\" data-widget_type=\"image.default\">\n\t\t\t\t<div class=\"elementor-widget-container\">\n\t\t\t\t\t\t\t\t\t\t\t\t\t<img loading=\"lazy\" decoding=\"async\" width=\"233\" height=\"175\" src=\"http:\/\/www.josemariatornay.com\/wp-content\/uploads\/2016\/12\/paisaje-1.jpg\" class=\"attachment-large size-large wp-image-9750\" alt=\"\" \/>\t\t\t\t\t\t\t\t\t\t\t\t\t<\/div>\n\t\t\t\t<\/div>\n\t\t\t\t\t<\/div>\n\t\t<\/div>\n\t\t\t\t<div class=\"elementor-column elementor-col-50 elementor-top-column elementor-element elementor-element-ddrqr89\" data-id=\"ddrqr89\" data-element_type=\"column\">\n\t\t\t<div class=\"elementor-widget-wrap elementor-element-populated\">\n\t\t\t\t\t\t<div class=\"elementor-element elementor-element-o6nsvei elementor-widget elementor-widget-text-editor\" data-id=\"o6nsvei\" data-element_type=\"widget\" data-widget_type=\"text-editor.default\">\n\t\t\t\t<div class=\"elementor-widget-container\">\n\t\t\t\t\t\t\t<p>Pero no todo ha sido obra del hombre y de su taelnto creador; tambi\u00e9n la naturaleza ha puesto de su parte para regalarnos un emplazamiento \u00fanico y una situaci\u00f3n privilegiada. Por cualquier mirador que te asomes, el paisaje te asombra con estampas de impresi\u00f3n. Es imposible no sacar buenas fotograf\u00edas desde ellos. La c\u00e1mara apenas pone nada. Todo lo hace el sitio, la luz, el color&#8230;<br \/>Esta ciudad, circundada de montes y trincheras naturales, no ser\u00eda igual, ni en su historia ni en el temperamento de sus gente, si estuviera situada en otro emplazamiento menos espectacular, m\u00e1s anodino, m\u00e1s vulgar.<br \/>Los riscos han marcado nuestra personalidad para bien y para mal.<\/p>\t\t\t\t\t\t<\/div>\n\t\t\t\t<\/div>\n\t\t\t\t\t<\/div>\n\t\t<\/div>\n\t\t\t\t\t<\/div>\n\t\t<\/section>\n\t\t\t\t<section class=\"elementor-section elementor-top-section elementor-element elementor-element-8s6drod elementor-section-boxed elementor-section-height-default elementor-section-height-default\" data-id=\"8s6drod\" data-element_type=\"section\">\n\t\t\t\t\t\t<div class=\"elementor-container elementor-column-gap-default\">\n\t\t\t\t\t<div class=\"elementor-column elementor-col-50 elementor-top-column elementor-element elementor-element-qtobphz\" data-id=\"qtobphz\" data-element_type=\"column\">\n\t\t\t<div class=\"elementor-widget-wrap elementor-element-populated\">\n\t\t\t\t\t\t<div class=\"elementor-element elementor-element-mcc75d7 elementor-widget elementor-widget-text-editor\" data-id=\"mcc75d7\" data-element_type=\"widget\" data-widget_type=\"text-editor.default\">\n\t\t\t\t<div class=\"elementor-widget-container\">\n\t\t\t\t\t\t\t<p>Y tambi\u00e9n han condicionado nuestro (sub)desarrollo econ\u00f3mico. Seguimos esperando el cord\u00f3n umbilical que nos ligue definitivamente al progreso y a la modernidad. Mientras tanto, nos consolamos con este aut\u00e9ntico pulm\u00f3n colectivo, en el mism\u00edsimo centro de la ciudad. Sin duda, se trata de una de las mejores joyas de las que disfrutamos. Pasear por sus jardines a primeras horas de la ma\u00f1ana sigue siendo un aut\u00e9ntico placer de dioses. Aqu\u00ed, los amantes han venido siempre a servir al amor. Para\u00edso de ni\u00f1os, viejos y enamorados.<\/p>\t\t\t\t\t\t<\/div>\n\t\t\t\t<\/div>\n\t\t\t\t\t<\/div>\n\t\t<\/div>\n\t\t\t\t<div class=\"elementor-column elementor-col-50 elementor-top-column elementor-element elementor-element-08n7hm7\" data-id=\"08n7hm7\" data-element_type=\"column\">\n\t\t\t<div class=\"elementor-widget-wrap elementor-element-populated\">\n\t\t\t\t\t\t<div class=\"elementor-element elementor-element-verfbo0 elementor-widget elementor-widget-image\" data-id=\"verfbo0\" data-element_type=\"widget\" data-widget_type=\"image.default\">\n\t\t\t\t<div class=\"elementor-widget-container\">\n\t\t\t\t\t\t\t\t\t\t\t\t\t<img loading=\"lazy\" decoding=\"async\" width=\"262\" height=\"175\" src=\"http:\/\/www.josemariatornay.com\/wp-content\/uploads\/2016\/12\/alameda.jpg\" class=\"attachment-large size-large wp-image-9751\" alt=\"\" \/>\t\t\t\t\t\t\t\t\t\t\t\t\t<\/div>\n\t\t\t\t<\/div>\n\t\t\t\t\t<\/div>\n\t\t<\/div>\n\t\t\t\t\t<\/div>\n\t\t<\/section>\n\t\t\t\t<\/div>\n\t\t","protected":false},"excerpt":{"rendered":"<p>LO QUE EL VIENTO SE LLEV\u00d3 I La nostalgia es una enfermedad de la memoria. Sufrir por elpasado es tan necio como anhelar el futuro. Nuestra vida no tiene m\u00e1s realidad que el presente, ese que se va diluyendo como un azucarillo y que, sin darnos cuenta, va convirtiendo en pret\u00e9rito cada futuro que nos [&hellip;]<\/p>\n","protected":false},"author":1,"featured_media":0,"parent":0,"menu_order":0,"comment_status":"closed","ping_status":"closed","template":"","meta":{"_aioseop_title":"","_aioseop_description":"","ngg_post_thumbnail":0,"footnotes":""},"_links":{"self":[{"href":"http:\/\/www.josemariatornay.com\/index.php\/wp-json\/wp\/v2\/pages\/9274"}],"collection":[{"href":"http:\/\/www.josemariatornay.com\/index.php\/wp-json\/wp\/v2\/pages"}],"about":[{"href":"http:\/\/www.josemariatornay.com\/index.php\/wp-json\/wp\/v2\/types\/page"}],"author":[{"embeddable":true,"href":"http:\/\/www.josemariatornay.com\/index.php\/wp-json\/wp\/v2\/users\/1"}],"replies":[{"embeddable":true,"href":"http:\/\/www.josemariatornay.com\/index.php\/wp-json\/wp\/v2\/comments?post=9274"}],"version-history":[{"count":0,"href":"http:\/\/www.josemariatornay.com\/index.php\/wp-json\/wp\/v2\/pages\/9274\/revisions"}],"wp:attachment":[{"href":"http:\/\/www.josemariatornay.com\/index.php\/wp-json\/wp\/v2\/media?parent=9274"}],"curies":[{"name":"wp","href":"https:\/\/api.w.org\/{rel}","templated":true}]}}