{"id":5375,"date":"2016-11-21T22:23:59","date_gmt":"2016-11-21T21:23:59","guid":{"rendered":"http:\/\/www.josemariatornay.com\/index.php\/mis-libros\/sonetos-de-oro\/"},"modified":"2018-10-07T15:40:06","modified_gmt":"2018-10-07T14:40:06","slug":"sonetos-de-oro","status":"publish","type":"page","link":"https:\/\/www.josemariatornay.com\/index.php\/sonetos-de-oro\/","title":{"rendered":"Sonetos de oro"},"content":{"rendered":"\t\t<div data-elementor-type=\"wp-post\" data-elementor-id=\"5375\" class=\"elementor elementor-5375 elementor-bc-flex-widget\">\n\t\t\t\t\t\t<section class=\"elementor-section elementor-top-section elementor-element elementor-element-b09f9d9 elementor-section-boxed elementor-section-height-default elementor-section-height-default\" data-id=\"b09f9d9\" data-element_type=\"section\">\n\t\t\t\t\t\t<div class=\"elementor-container elementor-column-gap-default\">\n\t\t\t\t\t<div class=\"elementor-column elementor-col-100 elementor-top-column elementor-element elementor-element-d611db8\" data-id=\"d611db8\" data-element_type=\"column\">\n\t\t\t<div class=\"elementor-widget-wrap elementor-element-populated\">\n\t\t\t\t\t\t<div class=\"elementor-element elementor-element-e96ad61 elementor-widget elementor-widget-heading\" data-id=\"e96ad61\" data-element_type=\"widget\" data-widget_type=\"heading.default\">\n\t\t\t\t<div class=\"elementor-widget-container\">\n\t\t\t<style>\/*! elementor - v3.20.0 - 20-03-2024 *\/\n.elementor-heading-title{padding:0;margin:0;line-height:1}.elementor-widget-heading .elementor-heading-title[class*=elementor-size-]>a{color:inherit;font-size:inherit;line-height:inherit}.elementor-widget-heading .elementor-heading-title.elementor-size-small{font-size:15px}.elementor-widget-heading .elementor-heading-title.elementor-size-medium{font-size:19px}.elementor-widget-heading .elementor-heading-title.elementor-size-large{font-size:29px}.elementor-widget-heading .elementor-heading-title.elementor-size-xl{font-size:39px}.elementor-widget-heading .elementor-heading-title.elementor-size-xxl{font-size:59px}<\/style><h2 class=\"elementor-heading-title elementor-size-default\">SONETOS DE ORO<\/h2>\t\t<\/div>\n\t\t\t\t<\/div>\n\t\t\t\t\t<\/div>\n\t\t<\/div>\n\t\t\t\t\t<\/div>\n\t\t<\/section>\n\t\t\t\t<section class=\"elementor-section elementor-top-section elementor-element elementor-element-f2a7048 elementor-section-boxed elementor-section-height-default elementor-section-height-default\" data-id=\"f2a7048\" data-element_type=\"section\">\n\t\t\t\t\t\t<div class=\"elementor-container elementor-column-gap-default\">\n\t\t\t\t\t<div class=\"elementor-column elementor-col-50 elementor-top-column elementor-element elementor-element-2be4bc5\" data-id=\"2be4bc5\" data-element_type=\"column\">\n\t\t\t<div class=\"elementor-widget-wrap elementor-element-populated\">\n\t\t\t\t\t\t<div class=\"elementor-element elementor-element-bf4e6e9 elementor-widget elementor-widget-heading\" data-id=\"bf4e6e9\" data-element_type=\"widget\" data-widget_type=\"heading.default\">\n\t\t\t\t<div class=\"elementor-widget-container\">\n\t\t\t<h2 class=\"elementor-heading-title elementor-size-default\"><a href=\"https:\/\/wp.me\/a8aYP9-4mz\">Bajar en pdf<\/a><\/h2>\t\t<\/div>\n\t\t\t\t<\/div>\n\t\t\t\t\t<\/div>\n\t\t<\/div>\n\t\t\t\t<div class=\"elementor-column elementor-col-50 elementor-top-column elementor-element elementor-element-d630b2b\" data-id=\"d630b2b\" data-element_type=\"column\">\n\t\t\t<div class=\"elementor-widget-wrap elementor-element-populated\">\n\t\t\t\t\t\t<div class=\"elementor-element elementor-element-784ddaa elementor-widget elementor-widget-heading\" data-id=\"784ddaa\" data-element_type=\"widget\" data-widget_type=\"heading.default\">\n\t\t\t\t<div class=\"elementor-widget-container\">\n\t\t\t<h2 class=\"elementor-heading-title elementor-size-default\"><a href=\"http:\/\/www.lulu.com\/shop\/jos%C3%A9-mar%C3%ADa-tornay-ruiz\/sonetos-de-oro\/paperback\/product-23826284.html\">Comprar en papel<\/a><\/h2>\t\t<\/div>\n\t\t\t\t<\/div>\n\t\t\t\t\t<\/div>\n\t\t<\/div>\n\t\t\t\t\t<\/div>\n\t\t<\/section>\n\t\t\t\t<section class=\"elementor-section elementor-top-section elementor-element elementor-element-4a96 elementor-section-boxed elementor-section-height-default elementor-section-height-default\" data-id=\"4a96\" data-element_type=\"section\">\n\t\t\t\t\t\t<div class=\"elementor-container elementor-column-gap-default\">\n\t\t\t\t\t<div class=\"elementor-column elementor-col-100 elementor-top-column elementor-element elementor-element-4049\" data-id=\"4049\" data-element_type=\"column\">\n\t\t\t<div class=\"elementor-widget-wrap elementor-element-populated\">\n\t\t\t\t\t\t<div class=\"elementor-element elementor-element-64f elementor-widget elementor-widget-text-editor\" data-id=\"64f\" data-element_type=\"widget\" data-widget_type=\"text-editor.default\">\n\t\t\t\t<div class=\"elementor-widget-container\">\n\t\t\t<style>\/*! elementor - v3.20.0 - 20-03-2024 *\/\n.elementor-widget-text-editor.elementor-drop-cap-view-stacked .elementor-drop-cap{background-color:#69727d;color:#fff}.elementor-widget-text-editor.elementor-drop-cap-view-framed .elementor-drop-cap{color:#69727d;border:3px solid;background-color:transparent}.elementor-widget-text-editor:not(.elementor-drop-cap-view-default) .elementor-drop-cap{margin-top:8px}.elementor-widget-text-editor:not(.elementor-drop-cap-view-default) .elementor-drop-cap-letter{width:1em;height:1em}.elementor-widget-text-editor .elementor-drop-cap{float:left;text-align:center;line-height:1;font-size:50px}.elementor-widget-text-editor .elementor-drop-cap-letter{display:inline-block}<\/style>\t\t\t\t<div class=\"art-content-layout\"><div class=\"art-content-layout-row\"><div class=\"art-layout-cell\" style=\"width: 25%;\"><p style=\"text-align: center;\"><img decoding=\"async\" class=\"art-lightbox\" src=\"http:\/\/www.josemariatornay.com\/wp-content\/uploads\/2016\/11\/Portada-4.jpg\" alt=\"\" width=\"180\" height=\"120\" \/><\/p><\/div><div class=\"art-layout-cell\" style=\"width: 75%;\"><p><span style=\"font-size: 12px;\">Los genios de la literatura espa\u00f1ola, las obras y los personajes, que han llenado nuestras vidas de sue\u00f1os y nuestros sue\u00f1os de contenido, merec\u00edan este homenaje, que ocupar\u00e1, espero, los 365 d\u00edas del a\u00f1os 2015, octavo de la famosa crisis, que consist\u00eda en desmontar pieza a pieza el famoso Estado de Bienestar. Ya queda menos.<\/span><\/p><\/div><\/div><\/div><div class=\"art-content-layout\"><div class=\"art-content-layout-row\"><div class=\"art-layout-cell\" style=\"width: 25%;\"><p style=\"text-align: center;\">MANUEL V\u00c1ZQUEZ MONTALB\u00c1N<br \/> <img decoding=\"async\" class=\"art-lightbox\" src=\"http:\/\/www.josemariatornay.com\/wp-content\/uploads\/2016\/11\/vazquezmontalban.jpg\" alt=\"\" width=\"127\" height=\"200\" \/><\/p><\/div><div class=\"art-layout-cell\" style=\"width: 25%;\">Maestro consumado en la imposible<br \/> tarea cotidiana de vivir,<br \/> en ese mar de hacer y de sentir,<br \/> de querer alcanzar lo inaccesible.<br \/> Luchador contumaz, infatigable,<br \/> en defensa de pr\u00f3vidos valores<br \/> humanos, generosos, superiores,<br \/> tit\u00e1n contra el fascismo miserable.<br \/> Gastr\u00f3nomo entendido y practicante,<br \/> ant\u00f3logo, poeta y ensayista,<br \/> fustigador, ir\u00f3nico, humorista;<br \/> hablador y ret\u00f3rico brillante,<br \/> experto y gran cul\u00e9, funambulista,<br \/> con talla y estatura de gigante.<\/div><div class=\"art-layout-cell\" style=\"width: 25%;\"><p style=\"text-align: center;\">GONZALO TORRENTE BALLESTER<br \/> <img decoding=\"async\" class=\"art-lightbox\" src=\"http:\/\/www.josemariatornay.com\/wp-content\/uploads\/2016\/11\/torrenteballester.jpg\" alt=\"\" width=\"148\" height=\"209\" \/><\/p><\/div><div class=\"art-layout-cell\" style=\"width: 25%;\">Marinero frustrado en alta tierra,<br \/> Espa\u00f1ol en la Espa\u00f1a desolada,<br \/> agreste, taciturna, silenciada,<br \/> novelista de guerra y de postguerra.<br \/> Derram\u00f3 su simiente por la Tierra<br \/> en hijos y en novelas expresada,<br \/> timidez de miope en la mirada,<br \/> errante que a la clara luz se aferra.<br \/> Prol\u00edfico plum\u00edfero y cercano<br \/> sembrador de fecundas emociones,<br \/> verdades, aventuras, sensaciones,<br \/> con su pluma erudita de escribano.<br \/> Eminente y devoto tertuliano,<br \/> experto en esperanzas e ilusiones.<\/div><\/div><\/div><div class=\"art-content-layout\"><div class=\"art-content-layout-row\"><div class=\"art-layout-cell\" style=\"width: 25%;\">Amigo Tirso, padre de esta historia,<br \/> gloria a ti, memorable dramaturgo,<br \/> encerrado en la piel de un demiurgo<br \/> creador de una obra tan notoria.<br \/> Esp\u00edritu sublime que se eleva<br \/> por aquellas noveles bambalinas<br \/> del corral de comedias en ruinas<br \/> de aquellos servidores de la gleba.<br \/> Disc\u00edpulo de Lope, religioso,<br \/> esp\u00edritu valiente que mantiene<br \/> las reglas del maestro teatral,<br \/> volvi\u00e9ndolo a\u00fan m\u00e1s recio, m\u00e1s hermoso.<br \/> Su nombre con orgullo a\u00fan lo tiene<br \/> en su frente un teatro nacional.<\/div><div class=\"art-layout-cell\" style=\"width: 25%;\"><p style=\"text-align: center;\">TIRSO DE MOLINA<img loading=\"lazy\" decoding=\"async\" class=\"art-lightbox\" src=\"http:\/\/www.josemariatornay.com\/wp-content\/uploads\/2016\/11\/tirsodemolina.jpg\" alt=\"\" width=\"136\" height=\"200\" \/><\/p><\/div><div class=\"art-layout-cell\" style=\"width: 25%;\">Alma pura, frugal y vehemente,<br \/> esencia angelical y apasionada,<br \/> vasalla de su Dios enamorada,<br \/> anclada con tristeza a su presente.<br \/> Humilde pecadora y penitente,<br \/> por regalo del Cielo, iluminada,<br \/> piadosa, algo m\u00e1s, alucinada,<br \/> corona de martirio hay en su frente.<br \/> Pluma ardiente, ser\u00e1fica escritora,<br \/> va mezclando el trabajo y la oraci\u00f3n,<br \/> abrazada a la cruz, su devoci\u00f3n,<br \/> plena por esa fe que la devora.<br \/> Senda y camino fue de perfecci\u00f3n<br \/> el ejemplo ideal de la doctora.<\/div><div class=\"art-layout-cell\" style=\"width: 25%;\"><p style=\"text-align: center;\">SANTA TERESA DE JES\u00daS<img loading=\"lazy\" decoding=\"async\" class=\"art-lightbox\" src=\"http:\/\/www.josemariatornay.com\/wp-content\/uploads\/2016\/11\/santateresa.jpg\" alt=\"\" width=\"96\" height=\"179\" \/><\/p><\/div><\/div><\/div><div class=\"art-content-layout\"><div class=\"art-content-layout-row\"><div class=\"art-layout-cell\" style=\"width: 25%;\"><p style=\"text-align: center;\">ZALACA\u00cdN EL AVENTURERO<img loading=\"lazy\" decoding=\"async\" class=\"art-lightbox\" src=\"http:\/\/www.josemariatornay.com\/wp-content\/uploads\/2016\/11\/zalacain.jpg\" alt=\"\" width=\"115\" height=\"177\" \/><\/p><\/div><div class=\"art-layout-cell\" style=\"width: 25%;\">Mart\u00edn Zalaca\u00edn, aventurero<br \/> tiene su casa ondeando entre las olas<br \/> de esas costas abruptas espa\u00f1olas,<br \/> audaz y temerario marinero.<br \/> Su verdad y su mundo es la aventura,<br \/> su fuerza y su valor son su equipaje,<br \/> la persona adherida al personaje,<br \/> el h\u00e9roe encadenado a la locura.<br \/> Sus convicciones firmes, primordiales<br \/> van detr\u00e1s de su recio coraz\u00f3n,<br \/> l\u00edmpido, generoso, juguet\u00f3n,<br \/> al son de sus arrestos naturales.<br \/> Sencillo y barojiano hombre de acci\u00f3n,<br \/> persiguiendo sus viejos ideales.<\/div><div class=\"art-layout-cell\" style=\"width: 25%;\"><p style=\"text-align: center;\">TIEMPO DE SILENC<img loading=\"lazy\" decoding=\"async\" class=\"art-lightbox\" src=\"http:\/\/www.josemariatornay.com\/wp-content\/uploads\/2016\/11\/tiempodesilencio.jpg\" alt=\"\" width=\"120\" height=\"180\" \/><\/p><\/div><div class=\"art-layout-cell\" style=\"width: 25%;\">Una historia sencilla, intrascendente,<br \/> pero que lleva dentro tantas cosas,<br \/> unas que gritan y otras silenciosas,<br \/> que empieza una novela diferente.<br \/> Un Madrid de tugurios y chabolas<br \/> y un Madrid de caf\u00e9s y burgues\u00eda<br \/> y en el centro, girando, la agon\u00eda<br \/> de la pobres miserias espa\u00f1olas.<br \/> Mart\u00edn Santos, rendido joyciano,<br \/> de una forma distinta e imprevista,<br \/> ir\u00f3nica, grotesca y rupturista,<br \/> irrumpe con un arduo castellano<br \/> en su prosa barroca de secano<br \/> de estilo enmara\u00f1ado y vanguardista.<\/div><\/div><\/div><div class=\"art-content-layout\"><div class=\"art-content-layout-row\"><div class=\"art-layout-cell\" style=\"width: 25%;\">Como el gran don Manuel avizorando<br \/> la nueva luz err\u00e1tica y quim\u00e9rica,<br \/> albor de su Galicia y de su Am\u00e9rica,<br \/> inunda mis rincones retozando.<br \/> Del libro al mundo paso dibujando<br \/> la escarlata lun\u00e1tica y mist\u00e9rica<br \/> y la palabra l\u00facida y fren\u00e9tica<br \/> pasa miles de aromas dibujando.<br \/> Insigne Bradom\u00edn, all\u00ed en tu hoguera<br \/> arde la dulce flor de una princesa,<br \/> eterna candidez que ama y espera<br \/> con su p\u00e1lida tez, boca de fresa.<br \/> Sonata de naciente primavera,<br \/> deidad que lastima cuando besa.<\/div><div class=\"art-layout-cell\" style=\"width: 25%;\"><p style=\"text-align: center;\">SONATA DE PRIMAVERA<img loading=\"lazy\" decoding=\"async\" class=\"art-lightbox\" src=\"http:\/\/www.josemariatornay.com\/wp-content\/uploads\/2016\/11\/sonatadeprimavera.jpg\" alt=\"\" width=\"125\" height=\"179\" \/><\/p><\/div><div class=\"art-layout-cell\" style=\"width: 25%;\">Bebe Juan de la fuente cristalina<br \/> que mana del Cantar de los Cantares,<br \/> esa antorcha sagrada que ilumina<br \/> los rincones de todos los pesares.<br \/> A solas sufre Juan la noche oscura<br \/> y de su pluma milagrosa mana<br \/> una prosa divina m\u00e1s que humana,<br \/> un alma inmaculada m\u00e1s que pura.<br \/> Con la cruz y su verso como espada<br \/> a los campos se ech\u00f3 con Teresita<br \/> a reformar la Orden Carmelita,<br \/> atizando la llama enamorada<br \/> de amor viva radiante fecundada,<br \/> ese fuego que el alma necesita.<\/div><div class=\"art-layout-cell\" style=\"width: 25%;\"><p style=\"text-align: center;\">SAN JUAN DE LA CRUZ<img loading=\"lazy\" decoding=\"async\" class=\"art-lightbox\" src=\"http:\/\/www.josemariatornay.com\/wp-content\/uploads\/2016\/11\/sanjuandelacruz.jpg\" alt=\"\" width=\"130\" height=\"179\" \/><\/p><\/div><\/div><\/div><div class=\"art-content-layout\"><div class=\"art-content-layout-row\"><div class=\"art-layout-cell\" style=\"width: 25%;\"><p style=\"text-align: center;\">SONATA DE OTO\u00d1O<\/p><\/div><div class=\"art-layout-cell\" style=\"width: 25%;\">Arrullan el aire los leves helechos,<br \/> princesas azules, juvenil tesoro,<br \/> peinan en la fuente cabellos de oro<br \/> celando pasiones en sus albos pechos.<span style=\"font-size: 10px;\"><br \/> En las lindes frescas de broncos barbechos<\/span><br \/> reina con su amable fronda el sicomoro<br \/> y un reguero aflora su caudal sonoro<br \/> vistiendo el paisaje de lindos asechos.<br \/> Mariposas tenues, breves levedades,<br \/> retozan sutiles, felices, livianas<br \/> y un suspiro vuela portando ansiedades,<br \/> mientras vuelan bajo lascivas sotanas.<br \/> Un marqu\u00e9s exhibe nobles vanidades<br \/> y besos y olvidos rondan las ventanas.<\/div><div class=\"art-layout-cell\" style=\"width: 25%;\"><p style=\"text-align: center;\">SONATA DE INVIERNO<img loading=\"lazy\" decoding=\"async\" class=\"art-lightbox\" src=\"http:\/\/www.josemariatornay.com\/wp-content\/uploads\/2016\/11\/sonetodeinvierno.jpg\" alt=\"\" width=\"129\" height=\"180\" \/><\/p><\/div><div class=\"art-layout-cell\" style=\"width: 25%;\">Besa el Sol los barrocos ventanales<br \/> y un rayo que atraviesa juguet\u00f3n,<br \/> palpa con refulgente fruici\u00f3n,<br \/> la trasparente tez de los cristales.<br \/> Con regusto de mieles ancestrales<br \/> se acurruca temblando en un rinc\u00f3n,<br \/> mientras sigue meciendo al coraz\u00f3n<br \/> la canci\u00f3n de los vientos oto\u00f1ales.<br \/> Elitista, orgulloso y engre\u00eddo,<br \/> el marqu\u00e9s escabroso y lacerado,<br \/> esclavo del placer, enamorado,<br \/> flirtea con la monja, presumido<br \/> y un h\u00e1lito de un pecho estremecido,<br \/> se escapa con aromas de pecado.<\/div><\/div><\/div><div class=\"art-content-layout\"><div class=\"art-content-layout-row\"><div class=\"art-layout-cell\" style=\"width: 25%;\">Preboste de la est\u00e9tica esnobista,<br \/> pros\u00e9lito del ritmo parnasiano,<br \/> Verlaine y V\u00edctor Hugo americano,<br \/> l\u00edder de la camada modernista.<br \/> Sus versos son un pl\u00e1cido vergel<br \/> de nelumbos, magnolias y jazmines,<br \/> de elegantes y pl\u00e1cidos jazmines<br \/> pintados por su orf\u00e9brico pincel.<br \/> Topacios, esmeraldas y diamantes<br \/> se atropellan sembrando sus renglones,<br \/> alegres como el son de las campanas.<br \/> Efusivos e intr\u00e9pidos amantes,<br \/> Lo designan desde sus corazones,<br \/> pr\u00edncipe de las letras castellanas.<\/div><div class=\"art-layout-cell\" style=\"width: 25%;\"><p style=\"text-align: center;\">RUB\u00c9N DAR\u00cdO<img loading=\"lazy\" decoding=\"async\" class=\"art-lightbox\" src=\"http:\/\/www.josemariatornay.com\/wp-content\/uploads\/2016\/11\/rubendario.jpg\" alt=\"\" width=\"200\" height=\"184\" \/><\/p><\/div><div class=\"art-layout-cell\" style=\"width: 25%;\">Pascual, impetuoso, parricida,<br \/> v\u00edctima de una negra trayectoria,<br \/> violenta, brutal, contradictoria,<br \/> forzado a las cloacas de la vida.<br \/> Relato truculento y tremendista,<br \/> que busca lo grotesco y repulsivo,<br \/> lo oscuro, tenebroso y primitivo<br \/> del alma derrotada y derrotista.<br \/> Perdido y pobre carne de ca\u00f1\u00f3n,<br \/> inculto, virulento y miserable,<br \/> condenado a una ruin marginaci\u00f3n<br \/> dolorosa, mezquina e implacable.<br \/> Su s\u00f3rdida y fan\u00e1tica pasi\u00f3n<br \/> lo lleva a un amargura interminable.<\/div><div class=\"art-layout-cell\" style=\"width: 25%;\"><p style=\"text-align: center;\">PASCUAL DUARTE<img loading=\"lazy\" decoding=\"async\" class=\"art-lightbox\" src=\"http:\/\/www.josemariatornay.com\/wp-content\/uploads\/2016\/11\/pascualduarte.jpg\" alt=\"\" width=\"218\" height=\"160\" \/><\/p><\/div><\/div><\/div><div class=\"art-content-layout\"><div class=\"art-content-layout-row\"><div class=\"art-layout-cell\" style=\"width: 25%;\"><p style=\"text-align: center;\">NIEBLA<img loading=\"lazy\" decoding=\"async\" class=\"art-lightbox\" src=\"http:\/\/www.josemariatornay.com\/wp-content\/uploads\/2016\/11\/niebla-miguel-de-unamuno-trabalibros2.jpg\" alt=\"\" width=\"179\" height=\"179\" \/><\/p><\/div><div class=\"art-layout-cell\" style=\"width: 25%;\">\u00bfSer o no ser? \u00bfEsencia o existencia?<br \/> Preguntas sin respuesta, confusiones,<br \/> congojas, dudas y vacilaciones,<br \/> colgadas en la red de la conciencia.<br \/> Novela que es nivola; un personaje,<br \/> que se enfrenta a su autor, a su destino,<br \/> con la fe de un devoto peregrino<br \/> y solo con su fe como equipaje.<br \/> Augusto no soporta la obsesi\u00f3n<br \/> de vivir sin vivir su propia vida,<br \/> pues para no ser t\u00fa, mejor ninguno.<br \/> Por eso se resiste a la ficci\u00f3n,<br \/> con terrible dictamen suicida,<br \/> de no ser m\u00e1s que un sue\u00f1o de Unamuno.<\/div><div class=\"art-layout-cell\" style=\"width: 25%;\"><p style=\"text-align: center;\">PEPE CARVALHO<img loading=\"lazy\" decoding=\"async\" class=\"art-lightbox\" src=\"http:\/\/www.josemariatornay.com\/wp-content\/uploads\/2016\/11\/pepecarvalho.jpg\" alt=\"\" width=\"179\" height=\"179\" \/><\/p><\/div><div class=\"art-layout-cell\" style=\"width: 25%;\">Atrevido, gallego y socarr\u00f3n,<br \/> detective, brib\u00f3n, contradictorio,<br \/> extravagante, culto, perentorio,<br \/> mitad sentimental, mitad cabr\u00f3n.<br \/> Se pasa el poco tiempo que le sobra<br \/> condenando sus libros a la hoguera,<br \/> deshojando su ajada primavera.<br \/> con los ojos astutos de una cobra.<br \/> Comunista y amigo de la CIA,<br \/> figura disfrazada de amargura<br \/> envuelta en un aroma cotidiano.<br \/> Con Bisc\u00fater, su buena compa\u00f1\u00eda<br \/> no hace ascos a un plato de asadura<br \/> ni a un sabroso chorizo benaojano.<\/div><\/div><\/div><div class=\"art-content-layout\"><div class=\"art-content-layout-row\"><div class=\"art-layout-cell\" style=\"width: 25%;\">Ese amor cegador, pecaminoso<br \/> tiene en ascuas el alma de Pepita,<br \/> esa triste y moh\u00edna margarita,<br \/> crecida en un vivero silencioso.<br \/> Amor que contraviene aquel decoro<br \/> de aquella sociedad dieciochesca,<br \/> m\u00e1s pendiente del bulo y de la gresca,<br \/> que del me quieres, te quiero, te adoro.<br \/> Pobres almas y c\u00e1ndidos despojos,<br \/> cargados de pudores y amarguras<br \/> de palios, confesiones y cerrojos<br \/> a toda exaltaci\u00f3n de las oscuras<br \/> verdades que penetran por los ojos<br \/> humildes de las pobres criaturas.<\/div><div class=\"art-layout-cell\" style=\"width: 25%;\"><p style=\"text-align: center;\"><img loading=\"lazy\" decoding=\"async\" class=\"art-lightbox\" src=\"http:\/\/www.josemariatornay.com\/wp-content\/uploads\/2016\/11\/pepitajimenez.jpg\" alt=\"\" width=\"134\" height=\"179\" \/><\/p><\/div><div class=\"art-layout-cell\" style=\"width: 25%;\">Aquellas \u201cFollas novas\u201d incitaban<br \/> a los chistes, las bromas y las chanzas<br \/> en aquellas antiguas ense\u00f1anzas,<br \/> que los curas de ayer nos inculcaban.<br \/> Pero detr\u00e1s de aquella travesura,<br \/> descubrimos la flor de Rosal\u00eda,<br \/> deshojada por gris melancol\u00eda,<br \/> en la pl\u00e1cida luz de su lectura.<br \/> Precursora, rom\u00e1ntica y moderna,<br \/> gallega, pitonisa inevitable,<br \/> ind\u00f3mita, cercana, dulce, tierna,<br \/> luchadora e intr\u00e9pida, indomable,<br \/> original, buc\u00f3lica y eterna<br \/> buscando simplemente lo inefable.<\/div><div class=\"art-layout-cell\" style=\"width: 25%;\"><p style=\"text-align: center;\">ROSAL\u00cdA DE CASTRO<br \/> <img loading=\"lazy\" decoding=\"async\" class=\"art-lightbox\" src=\"http:\/\/www.josemariatornay.com\/wp-content\/uploads\/2016\/11\/rosaliadecastro.jpg\" alt=\"\" width=\"200\" height=\"188\" \/><\/p><\/div><\/div><\/div><div class=\"art-content-layout\"><div class=\"art-content-layout-row\"><div class=\"art-layout-cell\" style=\"width: 25%;\"><p style=\"text-align: center;\">RAM\u00d3N J. S\u00c9NDER<\/p><p style=\"text-align: center;\"><img loading=\"lazy\" decoding=\"async\" class=\"art-lightbox\" src=\"http:\/\/www.josemariatornay.com\/wp-content\/uploads\/2016\/11\/sender.jpg\" alt=\"\" width=\"162\" height=\"189\" \/><\/p><\/div><div class=\"art-layout-cell\" style=\"width: 25%;\">Para este luchador infatigable<br \/> no hubo nunca un momento de respiro,<br \/> los hechos lo pusieron siempre a tiro,<br \/> la vida fue con \u00e9l siempre implacable.<br \/> Buscado perseguido, y exiliado,<br \/> en M\u00e9xico encontr\u00f3 puertas abiertas,<br \/> en Estado Unidos, nuevas puertas<br \/> y en su pa\u00eds apenas recordado.<br \/> Su r\u00e9quiem, dolorido e indignado,<br \/> es una historia tr\u00e1gica y rotunda,<br \/> ejemplo de esa hez nauseabunda,<span style=\"font-size: 9px;\"><br \/> que nuestro pueblo engendra en su costado;<\/span><br \/> otra muestra del odio desbocado<br \/> de la Espa\u00f1a m\u00e1s negra y m\u00e1s profunda.<\/div><div class=\"art-layout-cell\" style=\"width: 25%;\"><p style=\"text-align: center;\">MIGUEL DE UNAMUNO<img loading=\"lazy\" decoding=\"async\" class=\"art-lightbox\" src=\"http:\/\/www.josemariatornay.com\/wp-content\/uploads\/2016\/11\/unamuno.jpg\" alt=\"\" width=\"151\" height=\"189\" \/><\/p><\/div><div class=\"art-layout-cell\" style=\"width: 25%;\">A lomos de una duda peregrina<br \/> cabalga Don Miguel cual Don Quijote,<br \/> de nuestros sabios, sumo sacerdote,<br \/> que hacia la luz del alma se encamina.<br \/> Su mirada las nuestras ilumina,<br \/> de los zafios y lerdos, duro azote,<br \/> somete como un diestro en su capote<br \/> todo aquello que explora y examina.<br \/> del paraninfo salmantino,<br \/> enfrentado al poder, la sinraz\u00f3n,<br \/> tir\u00f3 fronteras, desbroz\u00f3 el camino<br \/> y en tiempos de dislate y confusi\u00f3n<br \/> supo ver con astucia de adivino<br \/> que hay que unir al cerebro el coraz\u00f3n.<\/div><\/div><\/div><div class=\"art-content-layout\"><div class=\"art-content-layout-row\"><div class=\"art-layout-cell\" style=\"width: 25%;\">Insensible y ajena, indiferente,<br \/> emerge la pret\u00e9rita escalera,<br \/> viendo pasar, sin m\u00e1s, a su manera,<br \/> la vida cotidiana del presente.<br \/> Presente de humillados y vencidos,<br \/> futuro de siniestros vencedores,<br \/> carrusel de miserias y dolores,<br \/> de mentiras y miedos extendidos.<br \/> All\u00ed donde triunfaban los Quintero,<br \/> all\u00ed donde mandaba Benavente,<br \/> comenz\u00f3 a desplegarse la simiente<br \/> y empez\u00f3 a arder la llama de este Buero,<br \/> perspicaz, penetrante y elocuente,<br \/> de una pobre escalera mensajero.<\/div><div class=\"art-layout-cell\" style=\"width: 25%;\"><p style=\"text-align: center;\">HISTORIA DE UNA ESCALERA<img loading=\"lazy\" decoding=\"async\" class=\"art-lightbox\" src=\"http:\/\/www.josemariatornay.com\/wp-content\/uploads\/2016\/11\/historiadeunaescalera.jpg\" alt=\"\" width=\"158\" height=\"179\" \/><\/p><\/div><div class=\"art-layout-cell\" style=\"width: 25%;\">Retrato del teatro itinerante,<br \/> de la Espa\u00f1a de chusma y pandereta,<br \/> de malta y polvorones a peseta,<br \/> de vuelva usted ma\u00f1ana, Dios mediante.<br \/> De c\u00f3micos grotescos y groseros,<br \/> vendiendo sus miserias en manada,<br \/> viendo irse su pan por la llegada<br \/> del \u201cjod\u00edo y rufi\u00e1n peliculero\u201d.<br \/> Los Hermanos Lumi\u00e8re apretujando<br \/> a los pobres hambrientos de la escena,<br \/> de poca colaci\u00f3n y mucha pena,<br \/> por los hoscos caminos transitando.<br \/> De m\u00e1s sombras que luces disfrutando,<br \/> cada cual amarrado a su condena.<\/div><div class=\"art-layout-cell\" style=\"width: 25%;\"><p style=\"text-align: center;\"><img loading=\"lazy\" decoding=\"async\" class=\"art-lightbox\" src=\"http:\/\/www.josemariatornay.com\/wp-content\/uploads\/2016\/11\/elviajeaningunaparte.jpg\" alt=\"\" width=\"138\" height=\"200\" \/><\/p><\/div><\/div><\/div><div class=\"art-content-layout\"><div class=\"art-content-layout-row\"><div class=\"art-layout-cell\" style=\"width: 25%;\"><p style=\"text-align: center;\">FRANCISCO DE QUEVEDO<br \/> <img loading=\"lazy\" decoding=\"async\" class=\"art-lightbox\" src=\"http:\/\/www.josemariatornay.com\/wp-content\/uploads\/2016\/11\/quevedo.jpg\" alt=\"\" width=\"147\" height=\"180\" \/><\/p><\/div><div class=\"art-layout-cell\" style=\"width: 25%;\">Sat\u00edrico, burl\u00f3n, procaz, sus Sue\u00f1os<br \/> son una burla atroz contra los vicios<br \/> de los hombres, sus torpes estropicios,<br \/> sus males y sus s\u00f3rdidos empe\u00f1os.<br \/> Mordaz y poderoso caballero,<br \/> Maestro del concepto y la iron\u00eda,<br \/> Can\u00f3nigo de laica letan\u00eda<br \/> pesimista estramb\u00f3tico y certero.<br \/> Poeta entre notables potentados<br \/> es flor en el esti\u00e9rcol del olvido,<br \/> un cardo deslenguado y atrevido<br \/> en jardines floridos y cuidados;<br \/> un remedio eficaz contra el ruido,<br \/> que enturbia los designios m\u00e1s sagrados.<\/div><div class=\"art-layout-cell\" style=\"width: 25%;\"><p style=\"text-align: center;\">P\u00cdO BAROJA<br \/> <img loading=\"lazy\" decoding=\"async\" class=\"art-lightbox\" src=\"http:\/\/www.josemariatornay.com\/wp-content\/uploads\/2016\/11\/piobaroja.jpg\" alt=\"\" width=\"144\" height=\"180\" \/><\/p><\/div><div class=\"art-layout-cell\" style=\"width: 25%;\">Este doctor de boina vascongada,<br \/> taciturno, agorero y pesimista,<br \/> un poco taumaturgo y alquimista,<br \/> tiene luz y tristeza en la mirada.<br \/> Pluma fiel de nobleza aquilatada,<br \/> pintor de fina brocha realista<br \/> esc\u00e9ptico, andar\u00edn, casi anarquista,<br \/> indagador profundo de la nada.<br \/> Liberal, escalpelo y descre\u00eddo<br \/> de los males del alma cirujano,<br \/> espa\u00f1ol, ambulante y perseguido,<br \/> solter\u00f3n, insolente y cartujano,<br \/> dict\u00f3 la soluci\u00f3n contra el olvido:<br \/> solo la acci\u00f3n redime al ser humano.<\/div><\/div><\/div><div class=\"art-content-layout\"><div class=\"art-content-layout-row\"><div class=\"art-layout-cell\" style=\"width: 25%;\">Diputado, acad\u00e9mico, cronista<br \/> de la Espa\u00f1a del siglo diecinueve,<br \/> un retrato que ense\u00f1a y que conmueve,<br \/> pintado por la luz novelista.<br \/> Inmensos Episodios Nacionales,<br \/> de lengua fresca, recia y variada,<br \/> presencia viva que siembra su mirada<br \/> sobre nuestros pecados inmortales.<br \/> Benito, empedernido solter\u00f3n,<br \/> bohemio de los p\u00e1ramos canarios,<br \/> amigo del burdel y de los varios<br \/> placeres que regala el coraz\u00f3n.<br \/> Por Madrid aun retoza su pasi\u00f3n<br \/> asida a los amores mercenarios.<\/div><div class=\"art-layout-cell\" style=\"width: 25%;\"><p style=\"text-align: center;\">P\u00c9REZ GALD\u00d3S<br \/> <img loading=\"lazy\" decoding=\"async\" class=\"art-lightbox\" src=\"http:\/\/www.josemariatornay.com\/wp-content\/uploads\/2016\/11\/galdos.jpg\" alt=\"\" width=\"139\" height=\"190\" \/><\/p><\/div><div class=\"art-layout-cell\" style=\"width: 25%;\">Don Jos\u00e9, yo soy yo y mi circunstancia,<br \/> mi formas de sentir y mis valores,<br \/> mis dudas, mis congojas, mis amores,<br \/> y lo dem\u00e1s carece de importancia.<br \/> Para ver hay que asirse a la distancia,<br \/> que ofrece la lejana perspectiva,<br \/> la verdad no es cerrada ni objetiva,<br \/> pues depende de mi y de su sustancia.<br \/> Ortega espectador, historicista,<br \/> testigo de una Espa\u00f1a invertebrada,<br \/> orfebre de la lengua y estilista,<br \/> bistur\u00ed insobornable en la mirada.<br \/> Cuidadoso y brillante vitalista,<br \/> forjador de la lengua como espada.<\/div><div class=\"art-layout-cell\" style=\"width: 25%;\"><p style=\"text-align: center;\">ORTEGA Y GASSET<br \/> <img loading=\"lazy\" decoding=\"async\" class=\"art-lightbox\" src=\"http:\/\/www.josemariatornay.com\/wp-content\/uploads\/2016\/11\/ortegaygasset.jpg\" alt=\"\" width=\"144\" height=\"184\" \/><\/p><\/div><\/div><\/div><div class=\"art-content-layout\"><div class=\"art-content-layout-row\"><div class=\"art-layout-cell\" style=\"width: 25%;\"><p style=\"text-align: center;\">PABLOS, EL BUSC\u00d3N<br \/> <img loading=\"lazy\" decoding=\"async\" class=\"art-lightbox\" src=\"http:\/\/www.josemariatornay.com\/wp-content\/uploads\/2016\/11\/Pablos,%20El%20Busc%c3%b3n.jpg\" alt=\"\" width=\"201\" height=\"179\" \/><\/p><\/div><div class=\"art-layout-cell\" style=\"width: 25%;\">\u00bfQu\u00e9 busca este Busc\u00f3n atormentado,<br \/> reto\u00f1o de un ladr\u00f3n y de una bruja?<br \/> \u00bfQu\u00e9 quiere este lun\u00e1tico granuja<br \/> sin casa, sin familia y sin cuidado?<br \/> Fam\u00e9lico, ladino, desgraciado,<br \/> amargo buscador impenitente,<br \/> incauto que se lleva la corriente,<br \/> y viene al mundo ya predestinado.<br \/> De fracaso en fracaso fracasando,<br \/> inevitable carne de ca\u00f1\u00f3n,<br \/> su mundo lo va \u00e9l mismo fabricando<br \/> al ritmo de su propio coraz\u00f3n.<br \/> Pirata que subsiste trampeando,<br \/> respondiendo a su innata condici\u00f3n.<\/div><div class=\"art-layout-cell\" style=\"width: 25%;\"><p style=\"text-align: center;\">MIGUEL MIHURA<img loading=\"lazy\" decoding=\"async\" class=\"art-lightbox\" src=\"http:\/\/www.josemariatornay.com\/wp-content\/uploads\/2016\/11\/mihura.jpg\" alt=\"\" width=\"175\" height=\"185\" \/><\/p><\/div><div class=\"art-layout-cell\" style=\"width: 25%;\">Desde el mirador de su Codorniz<br \/> puso en solfa los h\u00e1bitos mezquinos,<br \/> peque\u00f1os, malolientes, peregrinos<br \/> de una naci\u00f3n taca\u00f1a e infeliz.<br \/> Las lacras de una pobre sociedad:<br \/> la crueldad, la mugre, la indecencia,<br \/> m\u00e1s la frivolidad, la decadencia,<br \/> el vicio, los rencores, la maldad.<br \/> Ab\u00falico, indolente, perezoso,<br \/> Mihura parodiaba en el papel<br \/> con Tono, con Neville y con Jardiel<br \/> un mundo corrompido tenebroso.<br \/> Tres sombreros de copa en el cartel,<br \/> absurdo don Miguel, maravilloso.<\/div><\/div><\/div><div class=\"art-content-layout\"><div class=\"art-content-layout-row\"><div class=\"art-layout-cell\" style=\"width: 25%;\">Ap\u00f3crifo, poeta, modernista,<br \/> alumno de Mart\u00edn, complementario<br \/> de Antonio, aquel maestro, su contrario,<br \/> fil\u00f3sofo, ret\u00f3rico, humanista.<br \/> Metaf\u00edsico, esc\u00e9ptico, coplero,<br \/> ret\u00f3rico, sofista, unamuniano,<br \/> presumido, locuaz, pirandeliano,<br \/> personaje, aunque falso, verdadero.<br \/> Su rictus dolorido y taciturno<br \/> refleja su talante pesimista,<br \/> de maestro orteguiano e ingenioso,<br \/> laico, cursi, lun\u00e1tico y nocturno.<br \/> \u00a1Ay, don Juan de Mairena acrisolado<br \/> por la luz y la pluma de Machado!<\/div><div class=\"art-layout-cell\" style=\"width: 25%;\"><p style=\"text-align: center;\">ANTONIO MACHADO<br \/> <img loading=\"lazy\" decoding=\"async\" class=\"art-lightbox\" src=\"http:\/\/www.josemariatornay.com\/wp-content\/uploads\/2016\/11\/machado.jpg\" alt=\"\" width=\"145\" height=\"189\" \/><\/p><\/div><div class=\"art-layout-cell\" style=\"width: 25%;\"><p style=\"text-align: center;\"><img loading=\"lazy\" decoding=\"async\" class=\"art-lightbox\" src=\"http:\/\/www.josemariatornay.com\/wp-content\/uploads\/2016\/11\/lacolmena.jpg\" alt=\"\" width=\"144\" height=\"200\" \/><\/p><\/div><div class=\"art-layout-cell\" style=\"width: 25%;\">En un Madrid desierto, devastado,<br \/> vencido por la hoz de la locura,<br \/> La Colmena es la historia de esa dura<br \/> Raz\u00f3n de ser de un pueblo desolado.<br \/> Por esas las calles pasan de costado<br \/> tipos con la tristeza en la figura<br \/> y el alma mustia llena de amargura,<br \/> prendidos a la noria del pasado.<br \/> Cr\u00f3nica amarga de ese tiempo amargo,<br \/> retrato de un pa\u00eds empobrecido<br \/> con el cuerpo clavado en el letargo<br \/> y el esp\u00edritu an\u00e9mico y dormido.<br \/> El miedo triunfador y, sin embargo,<br \/> la rabia del dolor encallecido.<\/div><\/div><\/div><div class=\"art-content-layout\"><div class=\"art-content-layout-row\"><div class=\"art-layout-cell\" style=\"width: 25%;\"><p style=\"text-align: center;\">MIGUEL HERN\u00c1NDEZ<br \/> <img loading=\"lazy\" decoding=\"async\" class=\"art-lightbox\" src=\"http:\/\/www.josemariatornay.com\/wp-content\/uploads\/2016\/11\/miguelhernandez.jpg\" alt=\"\" width=\"164\" height=\"189\" \/><\/p><\/div><div class=\"art-layout-cell\" style=\"width: 25%;\">Yo quiero se llorando el hortelano<br \/> del fruto de la flor de tu simiente,<br \/> para sentir lo mismo que t\u00fa sientes<br \/> compa\u00f1ero Miguel, amigo, hermano.<br \/> Y contigo en la brecha, mano a mano,<br \/> con los labios, los ojos y la frente,<br \/> construir un poema diferente,<br \/> que convierta tu invierno en mi verano.<br \/> Volver\u00e1s a mi huerto y a mi higuera<br \/> por los altos andamios de las rosas<br \/> y a la grupa de luz de aquel lucero.<br \/> Te espero como el viejo al sol espera,<br \/> que tengo que contarte muchas cosas,<br \/> compa\u00f1ero del alma, compa\u00f1ero.<\/div><div class=\"art-layout-cell\" style=\"width: 25%;\">Un sabio que creci\u00f3 entre bambalinas,<br \/> entre c\u00f3micos, luces y telones,<br \/> entre intrigas, manejos y traiciones,<br \/> en una Espa\u00f1a triste y en ruinas.<br \/> De joven fue ferviente comunista,<br \/> pero tras los desastres percibidos<br \/> y los golpes cobardes recibidos<br \/> se convirti\u00f3 en vital posibilista.<br \/> Poeta y dramaturgo condenado,<br \/> -recuerdo aquella imagen de Miguel<br \/> pudri\u00e9ndose en la c\u00e1rcel junto a \u00e9l \u2013<br \/> a muerte por rebelde imaginado.<br \/> Dej\u00f3 su impronta sobria en el papel,<br \/> marcando un rumbo libre y recordado.<\/div><div class=\"art-layout-cell\" style=\"width: 25%;\"><p style=\"text-align: center;\">ANTONIO BUERO VALLEJO<br \/> <img loading=\"lazy\" decoding=\"async\" class=\"art-lightbox\" src=\"http:\/\/www.josemariatornay.com\/wp-content\/uploads\/2016\/11\/buerovallejo.jpg\" alt=\"\" width=\"111\" height=\"179\" \/><\/p><\/div><\/div><\/div><div class=\"art-content-layout\"><div class=\"art-content-layout-row\"><div class=\"art-layout-cell\" style=\"width: 25%;\">Esa importancia de la intrascendencia,<br \/> que Ferlosio dict\u00f3 desde el Jarama,<br \/> convirti\u00f3 a su novela en una dama<br \/> moderna y saturada de influencia.<br \/> Realismo social, avanzadilla<br \/> de otro estilo, otra est\u00e9tica, otra forma<br \/> de combatir imp\u00e1vido a la norma,<br \/> a trav\u00e9s del solaz de una pandilla.<br \/> Un hito fue en Espa\u00f1a su salida;<br \/> su estilo sobrio y parco, un desaf\u00edo.<br \/> Eternamente amada y discutida<br \/> por su modo fren\u00e9tico y sombr\u00edo<br \/> de oponer el sol breve de la vida<br \/> a la esencia impert\u00e9rrita del r\u00edo.<\/div><div class=\"art-layout-cell\" style=\"width: 25%;\"><p style=\"text-align: center;\"><img loading=\"lazy\" decoding=\"async\" class=\"art-lightbox\" src=\"http:\/\/www.josemariatornay.com\/wp-content\/uploads\/2016\/11\/eljarama.jpg\" alt=\"\" width=\"134\" height=\"200\" \/><\/p><\/div><div class=\"art-layout-cell\" style=\"width: 25%;\"><p style=\"text-align: center;\">LARRA<br \/> <img loading=\"lazy\" decoding=\"async\" class=\"art-lightbox\" src=\"http:\/\/www.josemariatornay.com\/wp-content\/uploads\/2016\/11\/larra.jpg\" alt=\"\" width=\"145\" height=\"189\" \/><\/p><\/div><div class=\"art-layout-cell\" style=\"width: 25%;\">Agudo observador de las costumbres<br \/> de un pueblo somnoliento, adormilado,<br \/> de sus vicios, su cuerpo apolillado,<br \/> sus lacras y sus rancias podredumbres.<br \/> Feroz demoledor de un patriotismo<br \/> vetusto, visceral y anquilosado<br \/> en las arcas a\u00f1ejas del pasado,<br \/> aut\u00e9ntico fantasma de s\u00ed mismo.<br \/> Ese F\u00edgaro, Duende, Bachiller,<br \/> gast\u00f3 su corta vida con ardor,<br \/> peleando con fe contra el amor,<br \/> intentando so\u00f1ar y comprender.<br \/> Pobrecito e hipercr\u00edtico Hablador<br \/> vencido por la piel de una mujer.<\/div><\/div><\/div><div class=\"art-content-layout\"><div class=\"art-content-layout-row\"><div class=\"art-layout-cell\" style=\"width: 25%;\"><p style=\"text-align: center;\">MAX ESTRELLA<br \/> <img loading=\"lazy\" decoding=\"async\" class=\"art-lightbox\" src=\"http:\/\/www.josemariatornay.com\/wp-content\/uploads\/2016\/11\/maxestrella.jpg\" alt=\"\" width=\"125\" height=\"185\" \/><\/p><\/div><div class=\"art-layout-cell\" style=\"width: 25%;\">Andaluz hiperb\u00f3lico y errante<br \/> trovador de sentidos madrigales,<br \/> de romances y endechas oto\u00f1ales,<br \/> con alma de poeta y de tunante.<br \/> Don Latino de H\u00edspalis mediante,<br \/> la flor de los poetas nacionales<br \/> transita los siniestros arrabales<br \/> con alma de bohemio trashumante.<br \/> Experto en el traj\u00edn de los madriles,<br \/> de borrachos bribones y de putas,<br \/> de lun\u00e1ticos, locos, marginados.<br \/> Enfrentado a ministros y alguaciles,<br \/> enfrascado en querellas y disputas,<br \/> cerebro sin igual, privilegiado.<\/div><div class=\"art-layout-cell\" style=\"width: 25%;\">Su querida y hollada Barcelona<br \/> por sus pies de curioso paseante<br \/> es la dama lujoso y elegante,<br \/> que lo mima, lo nutre y lo apasiona.<br \/> Por sus calles, fant\u00e1stica, atraviesa,<br \/> la chica de las bragas refulgentes,<br \/> y en su seno germinan las simientes<br \/> de las \u00faltimas tardes con Teresa.<br \/> Si alguna vez te dicen que ca\u00ed,<br \/> preg\u00fantale a Mars\u00e9 por esa guerra,<br \/> que llevan los humanos en su seno;<br \/> en su mundo rec\u00f3ndito aprend\u00ed<br \/> la gris fatalidad de la posguerra,<br \/> sus miedos, sus rencores, su veneno.<\/div><div class=\"art-layout-cell\" style=\"width: 25%;\"><p style=\"text-align: center;\">JUAN MARS\u00c9<br \/> <img loading=\"lazy\" decoding=\"async\" class=\"art-lightbox\" src=\"http:\/\/www.josemariatornay.com\/wp-content\/uploads\/2016\/11\/juanmarse.jpg\" alt=\"\" width=\"120\" height=\"184\" \/><\/p><\/div><\/div><\/div><div class=\"art-content-layout\"><div class=\"art-content-layout-row\"><div class=\"art-layout-cell\" style=\"width: 25%;\">Su prosa sabe a mirto y mejorana,<br \/> a arroyos cristalinos y a torrentes,<br \/> a terrenos abruptos y a pendientes<br \/> y al Sol madrugador de la ma\u00f1ana.<br \/> Los montes en la pluma de Pereda<br \/> respiran como el mirlo y la cig\u00fce\u00f1a<br \/> y el alma transparente de una pe\u00f1a<br \/> descansa en un rinc\u00f3n de la vereda.<br \/> A este sencillo y sobrio novelista<br \/> nada de la monta\u00f1a le es ajeno,<br \/> su ser se mimetiza en el terreno,<br \/> aut\u00e9ntico y feliz protagonista.<br \/> Conservador, neur\u00f3tico, humanista,<br \/> nost\u00e1lgico, buc\u00f3lico y ameno.<\/div><div class=\"art-layout-cell\" style=\"width: 25%;\"><p style=\"text-align: center;\">JOS\u00c9 M\u00aa DE PEREDA<br \/> <img loading=\"lazy\" decoding=\"async\" class=\"art-lightbox\" src=\"http:\/\/www.josemariatornay.com\/wp-content\/uploads\/2016\/11\/pereda.jpg\" alt=\"\" width=\"134\" height=\"190\" \/><\/p><\/div><div class=\"art-layout-cell\" style=\"width: 25%;\"><p style=\"text-align: center;\">BALTASAR GRACI\u00c1N<img loading=\"lazy\" decoding=\"async\" class=\"art-lightbox\" src=\"http:\/\/www.josemariatornay.com\/wp-content\/uploads\/2016\/11\/gracian.jpg\" alt=\"\" width=\"200\" height=\"184\" \/><\/p><\/div><div class=\"art-layout-cell\" style=\"width: 25%;\">Valiente y soberano critic\u00f3n,<br \/> sentencioso, brillante y conceptista<br \/> lac\u00f3nico y sard\u00f3nico aforista;<br \/> el lujo sometido a la raz\u00f3n.<br \/> Melanc\u00f3lico, denso y concentrado<br \/> orfebre minucioso del lenguaje,<br \/> curioso y perseguido personaje,<br \/> de su tiempo adalid adelantado.<br \/> Polemista tit\u00e1nico y terrible<br \/> del existencialismo precursor,<br \/> a la vez, y a la par, tierno y sensible<br \/> y elocuente y locuaz predicador.<br \/> Y lleg\u00f3 a conquistar un imposible:<br \/> ser un creyente librepensador.<\/div><\/div><\/div><div class=\"art-content-layout\"><div class=\"art-content-layout-row\"><div class=\"art-layout-cell\" style=\"width: 25%;\"><p style=\"text-align: center;\">TRISTANA<br \/> <img loading=\"lazy\" decoding=\"async\" class=\"art-lightbox\" src=\"http:\/\/www.josemariatornay.com\/wp-content\/uploads\/2016\/11\/tristana.jpg\" alt=\"\" width=\"131\" height=\"184\" \/><\/p><\/div><div class=\"art-layout-cell\" style=\"width: 25%;\">\u00a1Esas pobres mujeres galdosianas,<br \/> objetos que pasaron por la vida<br \/> como seres de suerte pervertida<br \/> y cuyo ejemplo viene a ser Tristana!<br \/> Mujeres sin presente ni ma\u00f1ana,<br \/> enjauladas, deshechas, oprimidas;<br \/> mientras lloran su suerte de vencidas,<br \/> su existencia se va por la ventana.<br \/> Tristana, como Carmen y Mar\u00eda,<br \/> Tristana, pobre lirio desolado,<br \/> condenada al af\u00e1n de cada d\u00eda<br \/> de parecer un Sol limpio y honrado.<br \/> Mujer que se debate en la agon\u00eda,<br \/> que empareja la honra y el pecado.<\/div><div class=\"art-layout-cell\" style=\"width: 25%;\">M\u00e1rtir de una pasi\u00f3n desordenada,<br \/> sembrada por el rabo del demonio<br \/> disfrazado de amiga de Sempronio,<br \/> alcahueta mal\u00e9fica y taimada.<br \/> Por culpa de la magia de la vieja<br \/> perdi\u00f3se Melibea por su conjuro<br \/> en un infierno tr\u00e1gico y oscuro<br \/> vencida por la hiel de su conseja.<br \/> Lujuria incandescente por las venas<br \/> corre de la buc\u00f3lica doncella,<br \/> entregada al arbitrio de su suerte.<br \/> Un ardor loco de pasi\u00f3n terrena<br \/> la atrapa, la devora y la atropella<br \/> y acaba con el triunfo de la muerte.<\/div><div class=\"art-layout-cell\" style=\"width: 25%;\"><p style=\"text-align: center;\">MELIBEA<br \/> <img loading=\"lazy\" decoding=\"async\" class=\"art-lightbox\" src=\"http:\/\/www.josemariatornay.com\/wp-content\/uploads\/2016\/11\/melibea.png\" alt=\"\" width=\"130\" height=\"184\" \/><\/p><\/div><\/div><\/div><div class=\"art-content-layout\"><div class=\"art-content-layout-row\"><div class=\"art-layout-cell\" style=\"width: 25%;\">Jaca fiel, legendaria que a su due\u00f1o<br \/> llev\u00f3 por los senderos castellanos,<br \/> esos campos que moros y cristianos<br \/> lucharon cuerpo a cuerpo con empe\u00f1o.<br \/> Babieca, viejo nombre misterioso,<br \/> si de bobo o de baba no se sabe<br \/> de do viene un apodo tan suave<br \/> a un roc\u00edn tan pujante y poderoso.<br \/> Con gusto de cronista embelesado<br \/> termino con asombro este soneto<br \/> para que su prosapia no se pierda.<br \/> Aunque tenga el prestigio bien ganado,<br \/> all\u00ed donde reposa su esqueleto<br \/> un monolito humilde lo recuerda.<\/div><div class=\"art-layout-cell\" style=\"width: 25%;\"><p style=\"text-align: center;\">BABIECA<br \/> <img loading=\"lazy\" decoding=\"async\" class=\"art-lightbox\" src=\"http:\/\/www.josemariatornay.com\/wp-content\/uploads\/2016\/11\/babieca.jpg\" alt=\"\" width=\"157\" height=\"184\" \/><\/p><\/div><div class=\"art-layout-cell\" style=\"width: 25%;\">De ese Madrid m\u00e1s s\u00f3rdido y oscuro,<br \/> don Ram\u00f3n recupera a Max Estrella,<br \/> brillante peregrino de alma bella<br \/> en un mundo insaciable y sin futuro.<br \/> Sus Luces de Bohemia son los faros<br \/> para entender las tripas de esta Espa\u00f1a,<br \/> por siempre contrahecha, ruda, extra\u00f1a,<br \/> madrastra de sus hijos m\u00e1s preclaros.<br \/> Grotesco carrusel de desventuras<br \/> nos muestra en esos tristes firmamentos<br \/> de estrellas apagadas, de amarguras,<br \/> que solo irradian agrios argumentos.<br \/> Luces que est\u00e1n cargadas de amargura,<br \/> reina y se\u00f1ora de los esperpentos.<\/div><div class=\"art-layout-cell\" style=\"width: 25%;\"><p style=\"text-align: center;\">LUCES DE BOHEMIA<br \/> <img loading=\"lazy\" decoding=\"async\" class=\"art-lightbox\" src=\"http:\/\/www.josemariatornay.com\/wp-content\/uploads\/2016\/11\/lucesdebohemia.jpg\" alt=\"\" width=\"149\" height=\"185\" \/><\/p><\/div><\/div><\/div><div class=\"art-content-layout\"><div class=\"art-content-layout-row\"><div class=\"art-layout-cell\" style=\"width: 25%;\"><p style=\"text-align: center;\">EL \u00c1RBOL DE LA CIENCIA<br \/> <img loading=\"lazy\" decoding=\"async\" class=\"art-lightbox\" src=\"http:\/\/www.josemariatornay.com\/wp-content\/uploads\/2016\/11\/elarboldelaciencia.jpg\" alt=\"\" width=\"116\" height=\"185\" \/><\/p><\/div><div class=\"art-layout-cell\" style=\"width: 25%;\">Del jard\u00edn de Baroja \u00e1rbol frondoso,<br \/> que bebe de ra\u00edces suculentas,<br \/> agitado por vientos y tormentas,<br \/> ce\u00f1ido por un suelo generoso.<br \/> El \u00e1rbol misterioso de la ciencia,<br \/> retrato existencial de Andr\u00e9s Hurtado,<br \/> de un Madrid proletario y desalmado,<br \/> del t\u00fanel marginal de la conciencia.<br \/> Atestado de un fruto tan amargo,<br \/> tan repleto de tedio y agon\u00eda,<br \/> que a pesar de ser fruto es, sin embargo,<br \/> nocivo para el dios de la alegr\u00eda.<br \/> Conformismo, excitaci\u00f3n, letargo,<br \/> implacable y falaz melancol\u00eda.<\/div><div class=\"art-layout-cell\" style=\"width: 25%;\"><p style=\"text-align: center;\"><img loading=\"lazy\" decoding=\"async\" class=\"art-lightbox\" src=\"http:\/\/www.josemariatornay.com\/wp-content\/uploads\/2016\/11\/donaperfecta.jpg\" alt=\"\" width=\"134\" height=\"200\" \/><\/p><\/div><div class=\"art-layout-cell\" style=\"width: 25%;\">Muere en su red moral do\u00f1a Perfecta,<br \/> esa esclava febril de una verdad,<br \/> disfrazada de orgullo y vanidad,<br \/> bajo su frente perniciosa y recta.<br \/> En ella se refleja esa funesta<br \/> bajeza de oprimir la libertad,<br \/> de confundir amor y caridad,<br \/> de transmutar el cielo por la cuesta.<br \/> Espejo de la Espa\u00f1a de Gald\u00f3s<br \/> en la que el juego de la hipocres\u00eda<br \/> entona la terrible melod\u00eda,<br \/> de mezclar a los c\u00e9sares con Dios.<br \/> Novela por entregas, realista,<br \/> escrita por un ciego ilusionista.<\/div><\/div><\/div><div class=\"art-content-layout\"><div class=\"art-content-layout-row\"><div class=\"art-layout-cell\" style=\"width: 25%;\">Pol\u00edglota, poeta y toledano,<br \/> que en Italia bebi\u00f3 la nueva est\u00e9tica,<br \/> los nuevos metros de la miel po\u00e9tica<br \/> que trajo para bien del castellano.<br \/> Esta nueva bandera que enarbola<br \/> cuando en N\u00e1poles el bardo desembarca<br \/> marida con los versos de Petrarca<br \/> para cambiar la m\u00e9trica espa\u00f1ola.<br \/> Caballero, febril y seductor<br \/> de Guiomares, Beatrices, Magdalenas,<br \/> inocentes y tiernas azucenas,<br \/> que bajaron al pozo de su amor.<br \/> Un soneto, un terceto a manos llenas<br \/> reclamo yo a las musas en su honor.<\/div><div class=\"art-layout-cell\" style=\"width: 25%;\"><p style=\"text-align: center;\">GARCILASO DE LA VEGA<br \/> <img loading=\"lazy\" decoding=\"async\" class=\"art-lightbox\" src=\"http:\/\/www.josemariatornay.com\/wp-content\/uploads\/2016\/11\/garcilaso.jpg\" alt=\"\" width=\"141\" height=\"185\" \/><\/p><\/div><div class=\"art-layout-cell\" style=\"width: 25%;\">Este espa\u00f1ol franc\u00e9s estrafalario,<br \/> con pinta de tah\u00far del Missisipi<br \/> de esp\u00edritu rebelde, mitad hippy,<br \/> mitad chocante revolucionario,<br \/> bebe en fuentes ocultas, tenebrosas,<br \/> salta modas, tendencias y fronteras,<br \/> rompe moldes, modales y maneras<br \/> al ritmo de sus musas caprichosas.<br \/> Bohemio, bebedor, surrealista,<br \/> Arrabal suburbano y pendenciero,<br \/> exiliado, bohemio, pinturero,<br \/> refrescante, fant\u00e1stico, egotista.<br \/> Su agudeza protege con esmero<br \/> su l\u00fadica coraza de alquimista.<\/div><div class=\"art-layout-cell\" style=\"width: 25%;\"><p style=\"text-align: center;\">FERNANDO ARRABAL<br \/> <img loading=\"lazy\" decoding=\"async\" class=\"art-lightbox\" src=\"http:\/\/www.josemariatornay.com\/wp-content\/uploads\/2016\/11\/arrabal.jpg\" alt=\"\" width=\"135\" height=\"185\" \/><\/p><\/div><\/div><\/div><div class=\"art-content-layout\"><div class=\"art-content-layout-row\"><div class=\"art-layout-cell\" style=\"width: 25%;\"><p style=\"text-align: center;\">G\u00d3MEZ DE LA SERNA<br \/> <img loading=\"lazy\" decoding=\"async\" class=\"art-lightbox\" src=\"http:\/\/www.josemariatornay.com\/wp-content\/uploads\/2016\/11\/gomezdelaserna.jpg\" alt=\"\" width=\"128\" height=\"185\" \/><\/p><\/div><div class=\"art-layout-cell\" style=\"width: 25%;\">Ram\u00f3n, ese bohemio tertuliano,<br \/> Ram\u00f3n, ese jugoso vanguardista,<br \/> original, rebelde, nihilista,<br \/> sabroso fruto del jard\u00edn hispano.<br \/> Fecundo revoltoso impenitente,<br \/> viajero, sagaz, surrealista,<br \/> heterodoxo, cr\u00edtico, anarquista,<br \/> amigo de lo nuevo, disidente.<br \/> A lomos de su aguda greguer\u00eda,<br \/> -met\u00e1fora sutil, gr\u00e1cil y alada-,<br \/> puso en solfa con acre algarab\u00edaa<br \/> aquella sociedad anquilosada,<br \/> Sarc\u00e1stico, sard\u00f3nico, vig\u00eda<br \/> de una Espa\u00f1a desierta y desolada.<\/div><div class=\"art-layout-cell\" style=\"width: 25%;\"><p style=\"text-align: center;\">GERARDO DIEGO<br \/> <img loading=\"lazy\" decoding=\"async\" class=\"art-lightbox\" src=\"http:\/\/www.josemariatornay.com\/wp-content\/uploads\/2016\/11\/gerardodiego.jpg\" alt=\"\" width=\"121\" height=\"184\" \/><\/p><\/div><div class=\"art-layout-cell\" style=\"width: 25%;\">Este tradicional y vanguardista<br \/> poeta reluciente y recordado,<br \/> salt\u00f3 con sus poemas del pasado<br \/> al futuro inventor creacionista.<br \/> Inquieto profesor y hasta ultra\u00edsta,<br \/> trovador del camino caminado,<br \/> id\u00edlico pintor de lo so\u00f1ado,<br \/> cazador de la imagen imprevista.<br \/> Ilustrado y simpar renovador,<br \/> elev\u00f3 al cielo a su cipr\u00e9s de Silos,<br \/> fundador de prol\u00edficos estilos,<br \/> de los toros amigo, encantador<br \/> de palabras, de versos, con amor<br \/> enganchados al aura de sus hilos.<\/div><\/div><\/div><div class=\"art-content-layout\"><div class=\"art-content-layout-row\"><div class=\"art-layout-cell\" style=\"width: 25%;\">LOS SANTOS INOCENTES<br \/> La Espa\u00f1a de charanga y campanario<br \/> la Espa\u00f1a de los pobres indigentes<br \/> la Espa\u00f1a de los santos inocentes,<br \/> la tierra del abuso milenario.<br \/> La extrema y extremada Extremadura<br \/> profunda de dehesas y cortijos,<br \/> de injusticias, esclavos, crucifijos,<br \/> abrumando a las pobres criaturas.<br \/> El feudo del se\u00f1or y el se\u00f1orito<br \/> con la bota en el cuello de Azar\u00edas,<br \/> de Paco bajo el Sol del mediod\u00eda,<br \/> sin un llanto, una queja, sin un grito.<br \/> Protesta de Delibes, osad\u00eda<br \/> ante el dolor profundo e infinito.<\/div><div class=\"art-layout-cell\" style=\"width: 25%;\"><p style=\"text-align: center;\"><img loading=\"lazy\" decoding=\"async\" class=\"art-lightbox\" src=\"http:\/\/www.josemariatornay.com\/wp-content\/uploads\/2016\/11\/lossantosinocentes.jpg\" alt=\"\" width=\"140\" height=\"200\" \/><\/p><\/div><div class=\"art-layout-cell\" style=\"width: 25%;\">Este noble en su tiempo conocido<br \/> fue de fama y grandeza tan notoria,<br \/> que ha pasado impert\u00e9rrito a la historia<br \/> sin precisar siquiera de apellido.<br \/> Infante conceptista y atrevido,<br \/> goz\u00f3 de los favores de la gloria,<br \/> en tiempos en que el rol de la memoria<br \/> era mandar las cosas al olvido.<br \/> Duque, Se\u00f1or y h\u00e1bil intrigante<br \/> moralista y sabroso consejero,<br \/> del Conde Lucanor acompa\u00f1ante,<br \/> brillante educador y hasta guerrero<br \/> alerta y en extremo vigilante<br \/> por formar al perfecto caballero.<\/div><div class=\"art-layout-cell\" style=\"width: 25%;\"><p style=\"text-align: center;\">DON JUAN MANUEL<br \/> <img loading=\"lazy\" decoding=\"async\" class=\"art-lightbox\" src=\"http:\/\/www.josemariatornay.com\/wp-content\/uploads\/2016\/11\/donjuanmanuel.jpg\" alt=\"\" width=\"226\" height=\"170\" \/><\/p><\/div><\/div><\/div><div class=\"art-content-layout\"><div class=\"art-content-layout-row\"><div class=\"art-layout-cell\" style=\"width: 25%;\"><p style=\"text-align: center;\">IRIARTE Y SAMANIEGO<br \/> <img loading=\"lazy\" decoding=\"async\" class=\"art-lightbox\" src=\"http:\/\/www.josemariatornay.com\/wp-content\/uploads\/2016\/11\/iriarteysamaniego.jpg\" alt=\"\" width=\"143\" height=\"200\" \/><\/p><\/div><div class=\"art-layout-cell\" style=\"width: 25%;\">Pareja que parece solo uno<br \/> pero son dos, amigos y rivales,<br \/> luchando por los mismo ideales,<br \/> en lucha que no ganar\u00e1 ninguno.<br \/> Fabulosos y tiernos ilustrados,<br \/> que trascienden su tiempo y su memoria,<br \/> abrazando los dos una notoria<br \/> resonancia de vates recordados.<br \/> \u00a1Esos dos nombres en una misma senda,<br \/> caminantes en un mismo camino!<br \/> dos ojos, dos razones, imagino,<br \/> clavados en la cruz de una leyenda.<br \/> Dos varones para una misma prenda,<br \/> dos pr\u00f3jimos para un mismo destino.<\/div><div class=\"art-layout-cell\" style=\"width: 25%;\"><p style=\"text-align: center;\"><img loading=\"lazy\" decoding=\"async\" class=\"art-lightbox\" src=\"http:\/\/www.josemariatornay.com\/wp-content\/uploads\/2016\/11\/yerma.jpg\" alt=\"\" width=\"171\" height=\"200\" \/><\/p><\/div><div class=\"art-layout-cell\" style=\"width: 25%;\">Tragedia psicol\u00f3gica y rural,<br \/> ejemplo de la est\u00e9tica lorquiana,<br \/> tremendamente l\u00facida y humana,<br \/> vanguardia del teatro nacional.<br \/> Conjugaci\u00f3n de mito y poes\u00eda,<br \/> de s\u00edmbolos po\u00e9ticos y eternos,<br \/> de leche, rosa y g\u00e9lidos inviernos,<br \/> de roca, arena, sombra y agon\u00eda.<br \/> Yerma, desierta, v\u00edctima y verdugo<br \/> a solas ante el v\u00e9rtigo insensato,<br \/> cuello blanco propicio para el yugo<br \/> del miedo, la modestia y el recato.<br \/> Yerma, negra, terrible violeta<br \/> forzada a la estrechez de una maceta.<\/div><\/div><\/div><div class=\"art-content-layout\"><div class=\"art-content-layout-row\"><div class=\"art-layout-cell\" style=\"width: 25%;\">Alma dulce y alada mariposa,<br \/> con cara de rapaz enamorada<br \/> del mundo, de la vida; su mirada<br \/> sabe darle su sitio a cada cosa.Lanza<br \/> al mundo sus dardos, sus cantares,<br \/> sabrosas y punzantes melod\u00edas,<br \/> se\u00f1ora del pa\u00eds de la alegr\u00eda,<br \/> a pesar de todos los pesares.<br \/> Una voz exclusiva, diferente<br \/> hablando del amor, la soledad,<br \/> buscando deconstruir la realidad<br \/> esencial, cotidiana, contingente.<br \/> Frescura y claridad en su inocente<br \/> luminosa pasi\u00f3n de la verdad.<\/div><div class=\"art-layout-cell\" style=\"width: 25%;\"><p style=\"text-align: center;\">GLORIA FUERTES<br \/> <img loading=\"lazy\" decoding=\"async\" class=\"art-lightbox\" src=\"http:\/\/www.josemariatornay.com\/wp-content\/uploads\/2016\/11\/gloriafuertes.jpg\" alt=\"\" width=\"119\" height=\"195\" \/><\/p><\/div><div class=\"art-layout-cell\" style=\"width: 25%;\">Entre el retiro y el aburrimiento,<br \/> la escrupulosidad y el erotismo,<br \/> la vanagloria y el alto misticismo,<br \/> Ana Ozores se quema a fuego lento.<br \/> En un pueblo con aire de convento<br \/> pone su suerte al borde del abismo<br \/> y aquejada de inquieto bovarismo<br \/> vive su doble vida y su tormento.<br \/> Hip\u00f3critas, corruptos y truhanes<br \/> conforman la Vetusta decadente,<br \/> trasunto de la paz del cementerio,<br \/> inh\u00f3spita prisi\u00f3n de sus afanes.<br \/> Lev\u00edtica ciudad que lentamente<br \/> la lleva paso a paso al adulterio.<\/div><div class=\"art-layout-cell\" style=\"width: 25%;\"><p style=\"text-align: center;\">LA REGENTA<br \/> <img loading=\"lazy\" decoding=\"async\" class=\"art-lightbox\" src=\"http:\/\/www.josemariatornay.com\/wp-content\/uploads\/2016\/11\/laregenta.jpg\" alt=\"\" width=\"142\" height=\"184\" \/><\/p><\/div><\/div><\/div><div class=\"art-content-layout\"><div class=\"art-content-layout-row\"><div class=\"art-layout-cell\" style=\"width: 25%;\"><p style=\"text-align: center;\">JAVIER MAR\u00cdAS<br \/> <img loading=\"lazy\" decoding=\"async\" class=\"art-lightbox\" src=\"http:\/\/www.josemariatornay.com\/wp-content\/uploads\/2016\/11\/javiermarias.jpg\" alt=\"\" width=\"129\" height=\"184\" \/><\/p><\/div><div class=\"art-layout-cell\" style=\"width: 25%;\">Conoce como nadie el alma humana<br \/> y sabe que la vida es un lamento,<br \/> que los sue\u00f1os son flores de un momento,<br \/> que todo ayer espera su ma\u00f1ana.<br \/> Y sabe lo que cuesta una manzana,<br \/> que toda lucha tiene su argumento,<br \/> que vivir es estar en movimiento<br \/> y no permanecer tras la ventana.<br \/> Adalid de la prosa innovadora,<br \/> madridista fan\u00e1tico y sist\u00e9mico,<br \/> audaz discutidor sagaz, pol\u00e9mico,<br \/> cabeza bienpensante y pensadora.<br \/> Su pluma es eficaz reveladora<br \/> del insigne y sat\u00edrico acad\u00e9mico.<\/div><div class=\"art-layout-cell\" style=\"width: 25%;\"><p style=\"text-align: center;\"><img loading=\"lazy\" decoding=\"async\" class=\"art-lightbox\" src=\"http:\/\/www.josemariatornay.com\/wp-content\/uploads\/2016\/11\/rimas.jpg\" alt=\"\" width=\"133\" height=\"200\" \/><\/p><\/div><div class=\"art-layout-cell\" style=\"width: 25%;\">Vendr\u00e1n las Rimas tiernas a arrullarme,<br \/> subir\u00e1n por la escala de mis huesos,<br \/> arder\u00e1n en la llama de mis besos,<br \/> volver\u00e1n como siempre a enamorarme.<br \/> Tornar\u00e1n sus arpegios a mi boca,<br \/> ansiosa por sentirlos nuevamente,<br \/> y en ella, con arrobo, lentamente,<br \/> volverlos a amasar con dicha loca.<br \/> Volver\u00e1n los suspiros, las espinas<br \/> y el arpa encontrar\u00e1 la dulce mano,<br \/> ataviada de c\u00e1lido verano,<br \/> que le arranque las notas cristalinas.<br \/> y a mi balc\u00f3n florido, cotidiano,<br \/> volver\u00e1n las oscuras golondrinas.<\/div><\/div><\/div><div class=\"art-content-layout\"><div class=\"art-content-layout-row\"><div class=\"art-layout-cell\" style=\"width: 25%;\">Quiere ser mi caballo Rocinante<br \/> para enfrentar los riesgos de la ruta,<br \/> no sea que aparezca un hi de puta<br \/> y se lleve mis huesos por delante.<br \/> Roc\u00edn audaz de caballero andante<br \/> glorioso en la tit\u00e1nica disputa<br \/> no hay nadie contra el mal que le discuta<br \/> su bravura y su af\u00e1n de caminante.<br \/> Quijote generoso me convierto<br \/> a lomos de su b\u00e9lica montura<br \/> y a desfacer tit\u00e1nicos entuertos<br \/> me echo en brazos de pr\u00f3vida locura,<br \/> a luchar contra el mundo a cielo abierto<br \/> en mi fiel y gentil cabalgadura.<\/div><div class=\"art-layout-cell\" style=\"width: 25%;\"><p style=\"text-align: center;\"><img loading=\"lazy\" decoding=\"async\" class=\"art-lightbox\" src=\"http:\/\/www.josemariatornay.com\/wp-content\/uploads\/2016\/11\/rocinante.jpg\" alt=\"\" width=\"200\" height=\"200\" \/><\/p><\/div><div class=\"art-layout-cell\" style=\"width: 25%;\">Amigo Juan Ram\u00f3n, voz transparente,<br \/> sutil embajador, casi divino,<br \/> del verso como encaje cristalino,<br \/> que no podr\u00e1 llevarse la corriente.<br \/> Sensible, sensitivo, contingente,<br \/> en busca de los dioses peregrino,<br \/> en su propia sustancia clandestino,<br \/> a fuerza de luchar contra el presente.<br \/> Antorcha de las nuevas novedades<br \/> oscuro buscador de claridad,<br \/> deseante de viejas soledades,<br \/> cazador pertinaz de la verdad.<br \/> Poeta de purezas y ansiedades<br \/> en busca de la propia eternidad.<\/div><div class=\"art-layout-cell\" style=\"width: 25%;\"><p style=\"text-align: center;\">JUAN RAM\u00d3N JIM\u00c9NEZ<br \/> <img loading=\"lazy\" decoding=\"async\" class=\"art-lightbox\" src=\"http:\/\/www.josemariatornay.com\/wp-content\/uploads\/2016\/11\/juanramonjimenez.jpg\" alt=\"\" width=\"134\" height=\"184\" \/><\/p><\/div><\/div><\/div><div class=\"art-content-layout\"><div class=\"art-content-layout-row\"><div class=\"art-layout-cell\" style=\"width: 25%;\"><p style=\"text-align: center;\">ANTONIO BUERO VALLEJO<br \/> <img loading=\"lazy\" decoding=\"async\" class=\"art-lightbox\" src=\"http:\/\/www.josemariatornay.com\/wp-content\/uploads\/2016\/11\/buerovallejo-2.jpg\" alt=\"\" width=\"116\" height=\"185\" \/><\/p><\/div><div class=\"art-layout-cell\" style=\"width: 25%;\">Un sabio que creci\u00f3 entre bambalinas,<br \/> entre c\u00f3micos, luces y telones,<br \/> entre intrigas, manejos y traiciones,<br \/> en una Espa\u00f1a triste y en ruinas.<br \/> De joven fue ferviente comunista,<br \/> pero tras los desastres percibidos<br \/> y los golpes cobardes recibidos<br \/> se convirti\u00f3 en vital posibilista.<br \/> Poeta y dramaturgo condenado,<br \/> -recuerdo aquella imagen de Miguel<br \/> pudri\u00e9ndose en la c\u00e1rcel junto a \u00e9l \u2013<br \/> a muerte por rebelde imaginado.<br \/> Dej\u00f3 su impronta sobria en el papel,<br \/> marcando un rumbo libre y recordado.<\/div><div class=\"art-layout-cell\" style=\"width: 25%;\"><p style=\"text-align: center;\">FEDERICO GARC\u00cdA LORCA<br \/> <img loading=\"lazy\" decoding=\"async\" class=\"art-lightbox\" src=\"http:\/\/www.josemariatornay.com\/wp-content\/uploads\/2016\/11\/federico_garcia_lorca1.jpg\" alt=\"\" width=\"145\" height=\"184\" \/><\/p><\/div><div class=\"art-layout-cell\" style=\"width: 25%;\">Devu\u00e9lveme los versos, Federico,<br \/> que robaste a los dioses, oportuno,<br \/> devu\u00e9lveme los versos uno a uno<br \/> devu\u00e9lvelos, por Dios, te lo suplico.<br \/> Reg\u00e1lame el arpegio del jilguero<br \/> y pr\u00e9stame tu voz enamorada,<br \/> dame una pizca as\u00ed de tu mirada<br \/> y un \u00e1tomo sin m\u00e1s de tu aguacero.<br \/> Y no olvides las penas del gitano<br \/> ni la sal en la llaga neoyorquina,<br \/> ni la piel de la tarde que termina,<br \/> ni el fuego de tu aliento provinciano.<br \/> y d\u00e9janos tambi\u00e9n tu voz, hermano,<br \/> para que ayude a andar al que camina.<\/div><\/div><\/div><div class=\"art-content-layout\"><div class=\"art-content-layout-row\"><div class=\"art-layout-cell\" style=\"width: 25%;\">Retorcido, barroco, culterano,<br \/> oscuro, tenebroso y enigm\u00e1tico,<br \/> cordob\u00e9s polif\u00e9mico y enf\u00e1tico,<br \/> insigne labrador del castellano.<br \/> Prol\u00edfico, ret\u00f3rico y mundano,<br \/> ampuloso, tit\u00e1nico, sat\u00edrico,<br \/> belicoso, simp\u00e1tico y on\u00edrico,<br \/> de las letras hispanas soberano.<br \/> Amante de los toros y el placer,<br \/> Pr\u00edncipe de la Luz en sus letrillas,<br \/> oscuridad dif\u00edcil de encender;<br \/> provoca en sus devotos pesadillas,<br \/> intentar su cosecha esclarecer<br \/> y solo comprenderlo en sus letrillas.<\/div><div class=\"art-layout-cell\" style=\"width: 25%;\"><p style=\"text-align: center;\">LUIS DE G\u00d3NGORA<br \/> <img loading=\"lazy\" decoding=\"async\" class=\"art-lightbox\" src=\"http:\/\/www.josemariatornay.com\/wp-content\/uploads\/2016\/11\/gongora.jpg\" alt=\"\" width=\"149\" height=\"185\" \/><\/p><\/div><div class=\"art-layout-cell\" style=\"width: 25%;\"><span style=\"font-size: 9px;\"><br \/> Un hombre siempre enfrente de un sistema,<\/span><br \/> que incita desafueros y atentados<br \/> contra pobres, humildes y olvidados,<br \/> igual que una obsesi\u00f3n, un monotema.<br \/> As\u00ed anduvo Vicente por la vida,<br \/> al lado de la tropa, de la gente,<br \/> esa que sufre d\u00f3cil e inocente,<br \/> esa que sufre a solas y se olvida.<br \/> Agitador, Dant\u00f3n republicano,<br \/> pol\u00edtico, escritor, don Juan Tenorio,<br \/> envuelto en una toga de notorio<br \/> defensor del humilde ciudadano.<br \/> De ca\u00f1as y de barro cirujano,<br \/> narrador celestial y perentorio.<\/div><div class=\"art-layout-cell\" style=\"width: 25%;\"><p style=\"text-align: center;\">BLASCO IB\u00c1\u00d1EZ<br \/> <img loading=\"lazy\" decoding=\"async\" class=\"art-lightbox\" src=\"http:\/\/www.josemariatornay.com\/wp-content\/uploads\/2016\/11\/blasco-ibanez.jpg\" alt=\"\" width=\"152\" height=\"185\" \/><\/p><\/div><\/div><\/div><div class=\"art-content-layout\"><div class=\"art-content-layout-row\"><div class=\"art-layout-cell\" style=\"width: 25%;\"><p style=\"text-align: center;\">VALLE-INCL\u00c1N<br \/> <img loading=\"lazy\" decoding=\"async\" class=\"art-lightbox\" src=\"http:\/\/www.josemariatornay.com\/wp-content\/uploads\/2016\/11\/valleinclan.jpg\" alt=\"\" width=\"191\" height=\"185\" \/><\/p><\/div><div class=\"art-layout-cell\" style=\"width: 25%;\">Este gallego de barba de chivo,<br \/> de sangre caliente y prosa nirvana,<br \/> verbo radiante, fugaz filigrana,<br \/> fulano simpar, gomoso y altivo.<br \/> Pomposo y rimbombante esteticista,<br \/> a la vez perifr\u00e1stico y sensible,<br \/> esplendente hasta extremos imposibles<br \/> de su propia cosecha modernista.<br \/> Bohemio de caf\u00e9 y de biblioteca,<br \/> vanguardista en un arte decadente,<br \/> ex\u00f3tico y extra\u00f1o ciudadano,<br \/> descre\u00eddo y amante de lo azteca,<br \/> ceceante, bocazas y valiente,<br \/> carlista y, a la vez, republicano.<\/div><div class=\"art-layout-cell\" style=\"width: 25%;\"><p style=\"text-align: center;\">TERESA PANZA<br \/> <img loading=\"lazy\" decoding=\"async\" class=\"art-lightbox\" src=\"http:\/\/www.josemariatornay.com\/wp-content\/uploads\/2016\/11\/teresapanza.jpg\" alt=\"\" width=\"122\" height=\"184\" \/><\/p><\/div><div class=\"art-layout-cell\" style=\"width: 25%;\">\u00a1Ay, Teresa, por Dios, ay, qu\u00e9 tortura!<br \/> perder de esta manera a su marido<br \/> por seguir a un lun\u00e1tico perdido<br \/> en sus torpes y locas desventuras.<br \/> \u00a1Ay, Sancho, \u00bfad\u00f3nde vas tan de repente<br \/> siguiendo las locuras del Quijote,<br \/> ese ingenuo y curioso monigote?<br \/> \u00a1pobre, Sanchito, ingenuo e inocente!<br \/> A cargo de un exiguo patrimonio<br \/> la deja ese flem\u00e1tico escudero,<br \/> que abandona la paz del matrimonio,<br \/> para mudarse en necio viajero,<br \/> siguiendo a ese chiflado del demonio,<br \/> iluso temerario y justiciero.<\/div><\/div><\/div><div class=\"art-content-layout\"><div class=\"art-content-layout-row\"><div class=\"art-layout-cell\" style=\"width: 25%;\">Sujeto colectivo que aparece<br \/> por Lope dibujado en esta escena;<br \/> es el pueblo pac\u00edfico que pena<br \/> la infamia y la opresi\u00f3n que no merece.<br \/> Ese pueblo que mata con sus manos<br \/> al p\u00e9rfido rufi\u00e1n que lo encadena,<br \/> que sufre su injusticia y su condena,<br \/> es el pueblo decente y soberano.<br \/> Un pueblo solidario y atrevido,<br \/> que lucha con ardor todos a una,<br \/> que ampara al compatriota perseguido,<br \/> que tiene en su coraje su fortuna;<br \/> ese pueblo que no ser\u00e1 vencido,<br \/> sin\u00f3nimo de honor: Fuenteovejuna.<\/div><div class=\"art-layout-cell\" style=\"width: 25%;\"><p style=\"text-align: center;\">FUENTEOVEJUNA<br \/> <img loading=\"lazy\" decoding=\"async\" class=\"art-lightbox\" src=\"http:\/\/www.josemariatornay.com\/wp-content\/uploads\/2016\/11\/fuenteovejuna.jpg\" alt=\"\" width=\"200\" height=\"168\" \/><\/p><\/div><div class=\"art-layout-cell\" style=\"width: 25%;\">Barcelona en el centro, Barcelona,<br \/> de su obra, su vida y su armon\u00eda,<br \/> un farol incendiando de utop\u00eda<br \/> desde el eje brioso de la lona.<br \/> Porque lucha es la forma de vivir,<br \/> de arreglar los asuntos personales<br \/> de aquellos personajes marginales<br \/> cuyo solo objetivo es resistir.<br \/> Soci\u00f3logo, abogado, traductor,<br \/> que paga siempre a gusto la factura,<br \/> de transitar la intr\u00e9pida<br \/> pintar con palabras el dolor.<br \/> Mendoza, fugitivo y desertor<br \/> del territorio hostil de la amargura.<\/div><div class=\"art-layout-cell\" style=\"width: 25%;\"><p style=\"text-align: center;\">EDUARDO MENDOZA<br \/> <img loading=\"lazy\" decoding=\"async\" class=\"art-lightbox\" src=\"http:\/\/www.josemariatornay.com\/wp-content\/uploads\/2016\/11\/eduardomendoza.jpg\" alt=\"\" width=\"200\" height=\"186\" \/><\/p><\/div><\/div><\/div><div class=\"art-content-layout\"><div class=\"art-content-layout-row\"><div class=\"art-layout-cell\" style=\"width: 25%;\"><p style=\"text-align: center;\">AVIRANETA<br \/> <img loading=\"lazy\" decoding=\"async\" class=\"art-lightbox\" src=\"http:\/\/www.josemariatornay.com\/wp-content\/uploads\/2016\/11\/avinareta.jpg\" alt=\"\" width=\"129\" height=\"185\" \/><\/p><\/div><div class=\"art-layout-cell\" style=\"width: 25%;\">Este arquetipo del aventurero,<br \/> pintado por la pluma de Baroja,<br \/> liberal y de barba pelirroja,<br \/> mas\u00f3n confeso, bizco y guerrillero,<br \/> combati\u00f3 contra tirios y troyanos,<br \/> luch\u00f3 contra el simpar Napole\u00f3n<br \/> y se opuso a la terca sinraz\u00f3n<br \/> con la pasi\u00f3n rumbosa de sus manos.<br \/> Amigo de Espartero, generoso,<br \/> un vascongado recio, de verdad,<br \/> un personaje libre, misterioso,<br \/> venciendo por la acci\u00f3n su soledad.<br \/> un tit\u00e1n deslumbrante y contagioso<br \/> defendiendo con fe la libertad.<\/div><div class=\"art-layout-cell\" style=\"width: 25%;\"><p style=\"text-align: center;\">GONZALO DE BERCEO<br \/> <img loading=\"lazy\" decoding=\"async\" class=\"art-lightbox\" src=\"http:\/\/www.josemariatornay.com\/wp-content\/uploads\/2016\/11\/berceo.jpg\" alt=\"\" width=\"116\" height=\"185\" \/><\/p><\/div><div class=\"art-layout-cell\" style=\"width: 25%;\">Primero de los cl\u00e9rigos poetas,<br \/> entre velas, inciensos y capillas,<br \/> escribiendo postrado de rodillas<br \/> para gloria de Dios y sus profetas.<br \/> Plegarias venerables y discretas<br \/> odas cultas, pero a la vez sencillas,<br \/> cantando de la Virgen maravillas,<br \/> rezos que son clarines y trompetas.<br \/> Presb\u00edtero de San Mill\u00e1n vecino,<br \/> maestro del Mester de clerec\u00eda,<br \/> art\u00edfice de la cuaderna v\u00eda,<br \/> orfebre del ilustre alejandrino,<br \/> loando la grandeza de Mar\u00eda<br \/> por todos los rincones del camino.<\/div><\/div><\/div><div class=\"art-content-layout\"><div class=\"art-content-layout-row\"><div class=\"art-layout-cell\" style=\"width: 25%;\">Hechicera mal\u00e9fica y perversa<br \/> funesta mercenaria del amor,<br \/> mal servidora del mejor postor,<br \/> que todo lo que toca tergiversa.<br \/> Vecina del demonio, prisionera<br \/> del vicio del pecado y del dinero,<br \/> rufi\u00e1n y poderoso caballero,<br \/> que vuelve al alma ruin y traicionera.<br \/> Alcahueta sin par, trotaconventos,<br \/> criada del amor y su contrario,<br \/> que mulle con af\u00e1n los sentimientos<br \/> sin saber que su af\u00e1n no es necesario,<br \/> <span style=\"font-size: 9px;\"><br \/> pues hasta un necio aprende en un momento<\/span><br \/> que el amor no precisa intermediario.<\/div><div class=\"art-layout-cell\" style=\"width: 25%;\"><p style=\"text-align: center;\"><img loading=\"lazy\" decoding=\"async\" class=\"art-lightbox\" src=\"http:\/\/www.josemariatornay.com\/wp-content\/uploads\/2016\/11\/lacelestina.jpg\" alt=\"\" width=\"140\" height=\"200\" \/><\/p><\/div><div class=\"art-layout-cell\" style=\"width: 25%;\">La honradez, las intrigas, el decoro,<br \/> la infamia, la maldad, la alevos\u00eda,<br \/> la traici\u00f3n, la impiedad, la felon\u00eda,<br \/> la vileza, la fe, la plata, el oro.<br \/> La ambici\u00f3n insaciable y el poder,<br \/> la nobleza, el escarnio y el amor,<br \/> el orgullo, la fama y el honor,<br \/> el drama, la tragedia y el deber.<br \/> Alcalde singular de Zalamea,<br \/> otro pueblo testigo de un pecado,<br \/> pueblo viejo, perdido y olvidado,<br \/> con alma prehist\u00f3rica de aldea.<br \/> Pedro Crespo, crecido en la pelea,<br \/> ministro del garrote m\u00e1s bien dado.<\/div><div class=\"art-layout-cell\" style=\"width: 25%;\"><p style=\"text-align: center;\"><img loading=\"lazy\" decoding=\"async\" class=\"art-lightbox\" src=\"http:\/\/www.josemariatornay.com\/wp-content\/uploads\/2016\/11\/elalcaldedezalamea.jpg\" alt=\"\" width=\"119\" height=\"200\" \/><\/p><\/div><\/div><\/div><div class=\"art-content-layout\"><div class=\"art-content-layout-row\"><div class=\"art-layout-cell\" style=\"width: 25%;\"><p style=\"text-align: center;\">SEGISMUNDO<br \/> <img loading=\"lazy\" decoding=\"async\" class=\"art-lightbox\" src=\"http:\/\/www.josemariatornay.com\/wp-content\/uploads\/2016\/11\/segismundo.jpg\" alt=\"\" width=\"214\" height=\"140\" \/><\/p><\/div><div class=\"art-layout-cell\" style=\"width: 25%;\">Este afligido m\u00e1rtir del destino<br \/> mitad hombre, mitad terrible fiera,<br \/> es de esos personajes que imagino<br \/> bajando mansamente mi escalera.<br \/> A fuerza de famoso es entra\u00f1able,<br \/> a base de mentira, verdadero;<br \/> Segismundo es amigo, compa\u00f1ero,<br \/> y lo mismo que todos, vulnerable.<br \/> Vengativo al principio, luego humano,<br \/> va buscando sin luz la libertad,<br \/> en un emocionante mano a mano<br \/> contra un mundo desierto de piedad<br \/> y all\u00ed, como un asunto cotidiano,<br \/> busca con desenfreno su verdad.<\/div><div class=\"art-layout-cell\" style=\"width: 25%;\"><p style=\"text-align: center;\">CALDER\u00d3N DE LA BARCA<br \/> <img loading=\"lazy\" decoding=\"async\" class=\"art-lightbox\" src=\"http:\/\/www.josemariatornay.com\/wp-content\/uploads\/2016\/11\/calderon.jpg\" alt=\"\" width=\"200\" height=\"175\" \/><\/p><\/div><div class=\"art-layout-cell\" style=\"width: 25%;\">Militar, religioso y pendenciero<br \/> de una Espa\u00f1a profunda y agorera,<br \/> del altar y el incienso prisionera<br \/> re\u00f1idor, belicoso y caballero.<br \/> La vida es un teatro de apariencias,<br \/> una ficci\u00f3n, un sue\u00f1o solamente,<br \/> ligado a un Dios cercano y providente,<br \/> domador celestial de las conciencias.<br \/> Ampuloso, antit\u00e9tico y ret\u00f3rico,<br \/> ampuloso, solemne y pesimista,<br \/> hiperb\u00f3lico, locuaz, racionalista,<br \/> culterano, pomposo y metaf\u00f3rico.<br \/> Calder\u00f3n so\u00f1ador, idealista,<br \/> recargado, excesivo y aleg\u00f3rico.<\/div><\/div><\/div><div class=\"art-content-layout\"><div class=\"art-content-layout-row\"><div class=\"art-layout-cell\" style=\"width: 25%;\">Adonis insolente y caprichoso,<br \/> tr\u00e1gico Ad\u00e1n cubierto de hermosura,<br \/> no exento de inocencia y de ternura,<br \/> de cr\u00e1pula falaz y lujurioso.<br \/> Jugador de ese riesgo peligroso<br \/> que mezcla la efusi\u00f3n y la aventura<br \/> combinaci\u00f3n de amor y de locura,<br \/> de p\u00f3cimas y filtros milagros.<br \/> \u00bfLoco amor o tan solo aventurero?,<br \/> \u00bfconquistador o recto coraz\u00f3n?<br \/> \u00bfNoble gentil o sangre de bohemio?<br \/> En cualquier caso, ardiente caballero.<br \/> No respet\u00f3 las reglas su pasi\u00f3n<br \/> y le esper\u00f3 la muerte como premio.<\/div><div class=\"art-layout-cell\" style=\"width: 25%;\"><p style=\"text-align: center;\">CALIXTO<br \/> <img loading=\"lazy\" decoding=\"async\" class=\"art-lightbox\" src=\"http:\/\/www.josemariatornay.com\/wp-content\/uploads\/2016\/11\/calixto.png\" alt=\"\" width=\"133\" height=\"190\" \/><\/p><\/div><div class=\"art-layout-cell\" style=\"width: 25%;\">Una flor en el p\u00e1ramo viejo<br \/> del medievo feroz, olvidado,<br \/> que incorpora en su fruto dorado<br \/> el sabor ancestral de lo a\u00f1ejo.<br \/> Ese libro que endulza el amor,<br \/> Buen amor de su propia cosecha,<br \/> es aguda y po\u00e9tica flecha<br \/> disparada con arte mayor,<br \/> Juan Ruiz, Arcipreste de Hita<br \/> otra cumbre feraz, elevada,<br \/> escondida, mas nunca olvidada,<br \/> medieval, pero nunca marchita,<br \/> de esa Hispania fecunda y bendita,<br \/> que antepone la pluma a la espada.<\/div><div class=\"art-layout-cell\" style=\"width: 25%;\"><p style=\"text-align: center;\">ARCIPRESTE DE HITA<br \/> <img loading=\"lazy\" decoding=\"async\" class=\"art-lightbox\" src=\"http:\/\/www.josemariatornay.com\/wp-content\/uploads\/2016\/11\/arciprestedehita.jpg\" alt=\"\" width=\"116\" height=\"184\" \/><\/p><\/div><\/div><\/div><div class=\"art-content-layout\"><div class=\"art-content-layout-row\"><div class=\"art-layout-cell\" style=\"width: 25%;\"><p style=\"text-align: center;\">AZOR\u00cdN<br \/> <img loading=\"lazy\" decoding=\"async\" class=\"art-lightbox\" src=\"http:\/\/www.josemariatornay.com\/wp-content\/uploads\/2016\/11\/azorin.jpg\" alt=\"\" width=\"122\" height=\"184\" \/><\/p><\/div><div class=\"art-layout-cell\" style=\"width: 25%;\">De joven, ide\u00f3logo anarquista,<br \/> de viejo, liberal conservador,<br \/> de esta tierra, inmortal espectador,<br \/> y siempre, siempre, recio novelista.<br \/> De joven, seguidor de aquel krausista,<br \/> Giner, ronde\u00f1o y puro venerable,<br \/> de mayor, un cin\u00e9filo insaciable,<br \/> pac\u00edfico ilustrado y humanista.<br \/> \u00a1Cu\u00e1nto a\u00f1ora esta Espa\u00f1a tu escritura!<br \/> Lac\u00f3nica, desnuda y elegante,<br \/> concreta, siempre huyendo de la oscura<br \/> vanidad de la frase rimbombante;<br \/> esa pluma genial, firme y segura<br \/> cazadora precisa del instante.<\/div><div class=\"art-layout-cell\" style=\"width: 25%;\"><p style=\"text-align: center;\">ESPRONCEDA<br \/> <img loading=\"lazy\" decoding=\"async\" class=\"art-lightbox\" src=\"http:\/\/www.josemariatornay.com\/wp-content\/uploads\/2016\/11\/espronceda.jpg\" alt=\"\" width=\"162\" height=\"190\" \/><\/p><\/div><div class=\"art-layout-cell\" style=\"width: 25%;\">Rom\u00e1ntico de traza universal,<br \/> poeta y natural de Almendralejo,<br \/> Pueblo blanco, adem\u00e1s de pueblo viejo<br \/> para este ciudadano liberal.<br \/> Rebelde agitador, que aun siendo mozo<br \/> fund\u00f3 la sociedad \u201cLos Numantinos\u201d,<br \/> con otros dos egregios bizantinos,<br \/> que les cost\u00f3 a los tres el calabozo.<br \/> Este joven con aire byroniano<br \/> deline\u00f3 una fant\u00e1stica Espa\u00f1a<br \/> en la historieta de Sancho Salda\u00f1a,<br \/> valiente y revoltoso ciudadano.<br \/> Turbulento pirata castellano,<br \/> extra\u00f1o en esta tierra tan extra\u00f1a.<\/div><\/div><\/div><div class=\"art-content-layout\"><div class=\"art-content-layout-row\"><div class=\"art-layout-cell\" style=\"width: 25%;\">La Espa\u00f1a m\u00e1s siniestra, m\u00e1s aciaga<br \/> pintada por la pluma adolescente<br \/> de Carmen Laforet, esa vidente,<br \/> que supo ver un mundo que naufraga.<br \/> Posguerra, pobreza, estancamiento,<br \/> miseria, suciedad y violencia,<br \/> una flecha lanzada a la conciencia,<br \/> un exorcismo contra el sufrimiento.<br \/> Transita amargamente la tristeza<br \/> por las p\u00e1ginas negras de esta historia<br \/> tremenda de una patria anonadada,<br \/> donde el odio, la rabia y la pobreza<br \/> son la regla brutal, obligatoria ,<br \/> que llevan a la angustia de la nada.<\/div><div class=\"art-layout-cell\" style=\"width: 25%;\"><p style=\"text-align: center;\">CARMEN LAFORET<br \/> <img loading=\"lazy\" decoding=\"async\" class=\"art-lightbox\" src=\"http:\/\/www.josemariatornay.com\/wp-content\/uploads\/2016\/11\/Carmen-Laforet-1.jpg\" alt=\"\" width=\"109\" height=\"188\" \/><\/p><\/div><div class=\"art-layout-cell\" style=\"width: 25%;\">Perito en el suburbio escatol\u00f3gico<br \/> fundador estelar del tremendismo,<br \/> creador de otras modas y otros ismos,<br \/> fullero, desahogado y demag\u00f3gico.<br \/> Camilo, m\u00e1s censor que censurado<br \/> tiene extensa la piel y alma zumbona<br \/> y agarrado al cipote de Archidona<br \/> transita como un lince su pasado.<br \/> Histri\u00f3nico, gamberro, visceral,<br \/> viajero, procaz, conservador,<br \/> revoltoso, sagaz, provocador,<br \/> perverso, malicioso, original,<br \/> iconoclasta, ladino, innovador,<br \/> farsante y rompedor, pero genial.<\/div><div class=\"art-layout-cell\" style=\"width: 25%;\"><p style=\"text-align: center;\">CAMILO JOS\u00c9 CELA<br \/> <img loading=\"lazy\" decoding=\"async\" class=\"art-lightbox\" src=\"http:\/\/www.josemariatornay.com\/wp-content\/uploads\/2016\/11\/cela.jpg\" alt=\"\" width=\"134\" height=\"184\" \/><\/p><\/div><\/div><\/div><div class=\"art-content-layout\"><div class=\"art-content-layout-row\"><div class=\"art-layout-cell\" style=\"width: 25%;\"><p style=\"text-align: center;\">SANCHO PANZA<br \/> <img loading=\"lazy\" decoding=\"async\" class=\"art-lightbox\" src=\"http:\/\/www.josemariatornay.com\/wp-content\/uploads\/2016\/11\/sanchopanza.jpg\" alt=\"\" width=\"213\" height=\"159\" \/><\/p><\/div><div class=\"art-layout-cell\" style=\"width: 25%;\">\u00a1Ay, Sancho, amigo, cu\u00e1nta desventura<br \/> por secundar al bueno de Quijano<br \/> y los dos contra el mundo mano a mano,<br \/> t\u00fa tan sensato y \u00e9l con su locura!<br \/> Tu regordeta y pl\u00e1cida figura<br \/> ce\u00f1ida a la afilada de tu hermano,<br \/> me muestra tu grandeza de aldeano,<br \/> repleto de prudencia y de cordura<br \/> De Don Quijote cruz de la balanza,<br \/> arbitra sensatez a troche y moche<br \/> en la batalla contra los tunantes<br \/> y a lomos del jumento, Sancho Panza<br \/> se pasa el d\u00eda y parte de la noche<br \/> convirtiendo en molinos los gigantes.<\/div><div class=\"art-layout-cell\" style=\"width: 25%;\"><p style=\"text-align: center;\">GUSTAVO ADOLFO BECQUER<br \/> <img loading=\"lazy\" decoding=\"async\" class=\"art-lightbox\" src=\"http:\/\/www.josemariatornay.com\/wp-content\/uploads\/2016\/11\/becquer.jpg\" alt=\"\" width=\"154\" height=\"185\" \/><\/p><\/div><div class=\"art-layout-cell\" style=\"width: 25%;\">Volver\u00e1n las oscuras golondrinas,<br \/> y seguir\u00e9 envolvi\u00e9ndome en tus versos,<br \/> forjadores de amables universos,<br \/> que con la luz del alba t\u00fa iluminas.<br \/> Volver\u00e1n tus tupidas madreselvas<br \/> a trepar por mis tapias recordadas,<br \/> a subir por mis dichas olvidadas,<br \/> que esperan que gozosas las envuelvas.<br \/> Volver\u00e1s compungido de tristeza,<br \/> envuelto en ese amor desesperado,<br \/> vecino del dolor, que en tu cabeza<br \/> se convierte en un lirio delicado.<br \/> Volver\u00e1s otra vez a la proeza<br \/> de tornar el amor a mi costado.<\/div><\/div><\/div><div class=\"art-content-layout\"><div class=\"art-content-layout-row\"><div class=\"art-layout-cell\" style=\"width: 25%;\">Una saga que cruza la Albufera<br \/> humilde, miserable y valenciana,<br \/> duro tropel de gentes sin ma\u00f1ana,<br \/> de la mar y la tierra prisionera.<br \/> Recorrido imparcial, naturalista<br \/> por esas marisme\u00f1as tosquedades,<br \/> repletas de antiqu\u00edsimas verdades,<br \/> con detalles de corte costumbrista.<br \/> All\u00ed, la vanidad, el adulterio,<br \/> la miseria y la pena son la norma;<br \/> la mentira es el \u00fanico misterio,<br \/> la soledad, un viento que deforma;<br \/> una masa poblando un cementerio,<br \/> que con ca\u00f1as y barro se conforma.<\/div><div class=\"art-layout-cell\" style=\"width: 25%;\"><p style=\"text-align: center;\"><img loading=\"lazy\" decoding=\"async\" class=\"art-lightbox\" src=\"http:\/\/www.josemariatornay.com\/wp-content\/uploads\/2016\/11\/canasybarro.jpg\" alt=\"\" width=\"120\" height=\"190\" \/><\/p><\/div><div class=\"art-layout-cell\" style=\"width: 25%;\">Porta Alonso Quijano en su cabeza<br \/> carretas de acendrada gallard\u00eda,<br \/> quintales de impoluta bonhom\u00eda<br \/> y un \u00e1tomo perverso de tristeza.<br \/> La punta de su lanza en escudero<br \/> lo empuja a territorios muy lejanos,<br \/> a facer la justicia con sus manos,<br \/> generoso y radiante caballero.<br \/> Quijote lenguaraz y caminante,<br \/> que se enfrenta a los vivos y a los muertos,<br \/> terror de malandrines y gigantes,<br \/> que busca la batalla a campo abierto<br \/> y a lomos de su bravo Rocinante.<br \/> desbarata quim\u00e9ricos entuertos.<\/div><div class=\"art-layout-cell\" style=\"width: 25%;\"><p style=\"text-align: center;\">ALONSO QUIJAO<br \/> <img loading=\"lazy\" decoding=\"async\" class=\"art-lightbox\" src=\"http:\/\/www.josemariatornay.com\/wp-content\/uploads\/2016\/11\/alonsoquijano.jpg\" alt=\"\" width=\"141\" height=\"189\" \/><\/p><\/div><\/div><\/div><div class=\"art-content-layout\"><div class=\"art-content-layout-row\"><div class=\"art-layout-cell\" style=\"width: 25%;\"><p style=\"text-align: center;\">TRES SOMBREROS DE COPA<br \/> <img loading=\"lazy\" decoding=\"async\" class=\"art-lightbox\" src=\"http:\/\/www.josemariatornay.com\/wp-content\/uploads\/2016\/11\/tressombrerosdecopa.jpg\" alt=\"\" width=\"132\" height=\"184\" \/><\/p><\/div><div class=\"art-layout-cell\" style=\"width: 25%;\">Tres sombreros, tres actos imborrables<br \/> de un genio incomprendido de la escena,<br \/> tres cuadros de color y de verbena,<br \/> de un autor sin razones razonables.<br \/> Una obra maestra, solo un genio<br \/> fue capaz de casar musa y humor<br \/> el tono chispeante y el dolor,<br \/> bailando en la terraza del proscenio.<br \/> Un humor asociado al desatino,<br \/> ese absurdo que traza una frontera,<br \/> una nueva comedia, otra manera,<br \/> otro agujero abierto en el camino.<br \/> un teatro brillante y genuino<br \/> una brisa de eterna primavera.<\/div><div class=\"art-layout-cell\" style=\"width: 25%;\"><p style=\"text-align: center;\">DO\u00d1A IN\u00c9S<br \/> <img loading=\"lazy\" decoding=\"async\" class=\"art-lightbox\" src=\"http:\/\/www.josemariatornay.com\/wp-content\/uploads\/2016\/11\/donaines.jpg\" alt=\"\" width=\"124\" height=\"185\" \/><\/p><\/div><div class=\"art-layout-cell\" style=\"width: 25%;\">La pu\u00f1alada de la tentaci\u00f3n<br \/> se clava en el costado de la hermana,<br \/> resuelta y entregada a la cristiana,<br \/> venerable y bendita devoci\u00f3n.<br \/> El demonio ha clavado el aguij\u00f3n<br \/> del pecado a trav\u00e9s de la ventana,<br \/> mientras suena a lo lejos la campana<br \/> y en el pecho su herido coraz\u00f3n.<br \/> En el alma de In\u00e9s tan limpia y pura<br \/> se instala la semilla del pecado,<br \/> y la noche m\u00e1s t\u00e9trica y oscura<br \/> se esparce por su cuerpo enamorado.<br \/> Don Juan espera, tr\u00e1gica figura<br \/> el fruto del amor m\u00e1s deseado.<\/div><\/div><\/div><div class=\"art-content-layout\"><div class=\"art-content-layout-row\"><div class=\"art-layout-cell\" style=\"width: 25%;\">Calder\u00f3n, encomiando con empe\u00f1o<br \/> la pobre libertad frente al destino,<br \/> elev\u00f3 hasta el umbral de lo divino<br \/> el tema de la vida como sue\u00f1o.<br \/> Cautivo en una cueva es Segismundo,<br \/> apartado del tiempo y sus prebendas<br \/> por su padre por miedo a las leyendas,<br \/> que lo anuncian salvaje y furibundo.<br \/> Pecado original, expiaci\u00f3n,<br \/> azar, fatalidad, libre albedr\u00edo,<br \/> orgullo, vanidad, poder sombr\u00edo,<br \/> fatal destino, predestinaci\u00f3n.<br \/> Un sabio dibujando en el roc\u00edo<br \/> la eterna y enigm\u00e1tica canci\u00f3n.<\/div><div class=\"art-layout-cell\" style=\"width: 25%;\"><p style=\"text-align: center;\">LA VIDA ES SUE\u00d1O<img loading=\"lazy\" decoding=\"async\" class=\"art-lightbox\" src=\"http:\/\/www.josemariatornay.com\/wp-content\/uploads\/2016\/11\/lavidaessueno.jpg\" alt=\"\" width=\"116\" height=\"185\" \/><\/p><\/div><div class=\"art-layout-cell\" style=\"width: 25%;\">Alumno provechoso de Cansino,<br \/> de los grandes, maestro aventajado,<br \/> fue por ellos querido y admirado,<br \/> fue vecino de donde soy vecino.<br \/> Ronde\u00f1o y estudiante salmantino,<br \/> poeta prestigioso e imitado,<br \/> \u00a1ay, acogido, a veces, a sagrado,<br \/> por lances variados del destino!<br \/> Un trovador, soldado y escudero<br \/> devoto de burdeles y figones<br \/> y sacerdote luego que brib\u00f3n,<br \/> con pinta de botijo, caballero,<br \/> cantor y guitarrista por razones<br \/> que nos cuenta en su Marcos de Obreg\u00f3n.<\/div><div class=\"art-layout-cell\" style=\"width: 25%;\"><p style=\"text-align: center;\">VICENTE ESPINEL<br \/> <img loading=\"lazy\" decoding=\"async\" class=\"art-lightbox\" src=\"http:\/\/www.josemariatornay.com\/wp-content\/uploads\/2016\/11\/vicenteespinel.jpg\" alt=\"\" width=\"151\" height=\"185\" \/><\/p><\/div><\/div><\/div><div class=\"art-content-layout\"><div class=\"art-content-layout-row\"><div class=\"art-layout-cell\" style=\"width: 25%;\"><p style=\"text-align: center;\">EL LAZARILLO DE TORMES<br \/> <img loading=\"lazy\" decoding=\"async\" class=\"art-lightbox\" src=\"http:\/\/www.josemariatornay.com\/wp-content\/uploads\/2016\/11\/lazarillo.jpg\" alt=\"\" width=\"149\" height=\"200\" \/><\/p><\/div><div class=\"art-layout-cell\" style=\"width: 25%;\">Este L\u00e1zaro errante y pesimista,<br \/> pescuezo de cordel y de guada\u00f1a,<br \/> es espejo de aquella triste Espa\u00f1a,<br \/> brutal, desangelada y anarquista.<br \/> Personaje intrigante, equilibrista,<br \/> que tiene en la barriga telara\u00f1as,<br \/> y escala cuesta abajo una monta\u00f1a<br \/> si se lo pide su alma oportunista.<br \/> Cornudo, maniobrero y mercenario,<br \/> al albur del destino y de los vientos,<br \/> p\u00edcaro, deslenguado y funcionario<br \/> del mal vivir, del timo y de los cuentos.<br \/> Par\u00e1sito siniestro y necesario<br \/> bellaco de los bajos sentimientos.<\/div><div class=\"art-layout-cell\" style=\"width: 25%;\"><p style=\"text-align: center;\">ANTONIO MU\u00d1OZ MOLINA<br \/> <img loading=\"lazy\" decoding=\"async\" class=\"art-lightbox\" src=\"http:\/\/www.josemariatornay.com\/wp-content\/uploads\/2016\/11\/munozmolina.jpg\" alt=\"\" width=\"200\" height=\"200\" \/><\/p><\/div><div class=\"art-layout-cell\" style=\"width: 25%;\">En M\u00e1gina, su \u00dabeda natal,<br \/> discurre cenital su fantas\u00eda<br \/> de jiennense de p\u00e1tina brav\u00eda,<br \/> de gloria literaria universal.<br \/> Para este neoyorkino madrile\u00f1o<br \/> una p\u00e1gina es blanco es la aventura,<br \/> que media entre el deleite y la locura,<br \/> un riesgo, una ansiedad, un bien, un sue\u00f1o.<br \/> Un jinete polaco que transita<br \/> el mundo como un simple ciudadano,<br \/> un indiscreto Robinson urbano<br \/> con voluntad rebelde e infinita.<br \/> Ese dios terrenal que necesita<br \/> sumergirse en el mundo cotidiano.<\/div><\/div><\/div><div class=\"art-content-layout\"><div class=\"art-content-layout-row\"><div class=\"art-layout-cell\" style=\"width: 25%;\">Objeto de un amor letal, plat\u00f3nico,<br \/> ideal de amor del loco caballero,<br \/> ausente del tama\u00f1o desafuero<br \/> que va sembrando el caballero histri\u00f3nico.<br \/> Amor exagerado y anacr\u00f3nico<br \/> producto de un juicio prisionero<br \/> de un tiempo de aventuras y escudero<br \/> rechonchete, flem\u00e1tico y sard\u00f3nico.<br \/> Novia infeliz del caballero andante,<br \/> condenada a un papel que no desea<br \/> y hundi\u00e9ndose en su cuita poco a poco:<br \/> como Aldonza, no conocer amante<br \/> y como dulce y bella Dulcinea,<br \/> ser solamente la ilusi\u00f3n de un loco.<\/div><div class=\"art-layout-cell\" style=\"width: 25%;\"><p style=\"text-align: center;\">DULCINEA<br \/> <img loading=\"lazy\" decoding=\"async\" class=\"art-lightbox\" src=\"http:\/\/www.josemariatornay.com\/wp-content\/uploads\/2016\/11\/dulcinea.jpg\" alt=\"\" width=\"118\" height=\"184\" \/><\/p><\/div><div class=\"art-layout-cell\" style=\"width: 25%;\">\u00a1Silencio! Grita Bernarda, \u00a1a callar!<br \/> \u00a1Silencio!, Ya esta casa no precisa,<br \/> \u00a1Silencio! Ni el cascabel de una risa,<br \/> \u00a1Silencio! Y queda prohibido amar.<br \/> \u00a1Silencio! Voz de esa Espa\u00f1a profunda<br \/> pintada de oraci\u00f3n, rosario y misa,<br \/> colmada de esa moral indecisa<br \/> est\u00e9ril, solitaria y vagabunda.<br \/> Silencioso clamor del fanatismo<br \/> exaltado, brutal y violento,<br \/> babosa secreci\u00f3n, inmovilismo,<br \/> que impugna, ciego, todo movimiento.<br \/> Envidia y odio, reino del machismo,<br \/> silencio anquilosado y polvoriento.<\/div><div class=\"art-layout-cell\" style=\"width: 25%;\"><p style=\"text-align: center;\">BERNARDA ALBA<br \/> <img loading=\"lazy\" decoding=\"async\" class=\"art-lightbox\" src=\"http:\/\/www.josemariatornay.com\/wp-content\/uploads\/2016\/11\/bernardaalba.jpg\" alt=\"\" width=\"122\" height=\"184\" \/><\/p><\/div><\/div><\/div><div class=\"art-content-layout\"><div class=\"art-content-layout-row\"><div class=\"art-layout-cell\" style=\"width: 25%;\"><p style=\"text-align: center;\">ALFONSO X EL SABIO<img loading=\"lazy\" decoding=\"async\" class=\"art-lightbox\" src=\"http:\/\/www.josemariatornay.com\/wp-content\/uploads\/2016\/11\/alfosox.jpg\" alt=\"\" width=\"185\" height=\"185\" \/><\/p><\/div><div class=\"art-layout-cell\" style=\"width: 25%;\">\u00bfSabio y rey? Parece incongruencia,<br \/> mas no lo es, pardiez, os lo aseguro,<br \/> si doy un paso m\u00e1s, hasta lo juro,<br \/> porque este rey s\u00ed que era una eminencia.<br \/> Protegi\u00f3 con ardor la inteligencia,<br \/> visionario mirando hacia el futuro,<br \/> un rey preclaro para un tiempo oscuro,<br \/> defensor de las letras y la ciencia.<br \/> Puso en marcha el moderno castellano,<br \/> \u00e9l mismo se atrevi\u00f3 con cancioneros;<br \/> ilustrado y sensible soberano<br \/> junt\u00f3se con los sabios pioneros,<br \/> y en un tiempo de espadas en la mano<br \/> \u00e9l supo abrir po\u00e9ticos senderos.<\/div><div class=\"art-layout-cell\" style=\"width: 25%;\"><p style=\"text-align: center;\">DON JUAN<br \/> <img loading=\"lazy\" decoding=\"async\" class=\"art-lightbox\" src=\"http:\/\/www.josemariatornay.com\/wp-content\/uploads\/2016\/11\/donjuan.jpg\" alt=\"\" width=\"129\" height=\"185\" \/><\/p><\/div><div class=\"art-layout-cell\" style=\"width: 25%;\">No lo detiene el aura del convento<br \/> ni la luz virginal de una chiquilla,<br \/> burlador incansable de Sevilla,<br \/> de la pasi\u00f3n, intr\u00e9pido instrumento.<br \/> Proezas singulares, maravillas<br \/> dibujaba en las p\u00e1ginas del viento ,<br \/> conquistas de un instante, de un momento,<br \/> raz\u00f3n de amor trucada en pesadilla.<br \/> Perchas puso en los altos aguaderos,<br \/> pertinaz cazador empedernido,<br \/> seductor orgulloso y altanero,<br \/> llegaba hasta a buscarlas en el nido.<br \/> Fugaz como su amor envilecido,<br \/> de sus pobres instintos prisionero.<\/div><\/div><\/div><div class=\"art-content-layout\"><div class=\"art-content-layout-row\"><div class=\"art-layout-cell\" style=\"width: 25%;\">Este enorme teatro que es el mundo<br \/> pandem\u00f3nium de luces y apariencia,<br \/> esconde oscuridad tras su conciencia,<br \/> y un desaz\u00f3n tir\u00e1nico y profundo.<br \/> Carrusel de ruidosas vanidades,<br \/> que confunden al rico y al villano,<br \/> que enredan al piadoso y al mundano<br \/> y las vejeces con las novedades.<br \/> La vida es un teatro donde todos<br \/> los hombres van haciendo su papel<br \/> y lo suelen hacer de tantos modos,<br \/> que no es f\u00e1cil saber si \u00e9ste o aqu\u00e9l,<br \/> disfrazados con nombres, con apodos,<br \/> es el sabio, el cretino, el bueno o el cruel.<\/div><div class=\"art-layout-cell\" style=\"width: 25%;\"><p style=\"text-align: center;\">EL GRAN TEATRO DEL MUNDO<br \/> <img loading=\"lazy\" decoding=\"async\" class=\"art-lightbox\" src=\"http:\/\/www.josemariatornay.com\/wp-content\/uploads\/2016\/11\/elgranteatrodelmundo.jpg\" alt=\"\" width=\"108\" height=\"184\" \/><\/p><\/div><div class=\"art-layout-cell\" style=\"width: 25%;\">Platero es una bola de algod\u00f3n,<br \/> que rueda por los campos de Moguer,<br \/> peluche cari\u00f1oso y juguet\u00f3n<br \/> instalado en mi alma sin querer.<br \/> Platero retoz\u00f3n y transparente,<br \/> pollino disfrazado de ternura,<br \/> llevo un retrato fiel de su figura<br \/> colgado en el antesala de mi mente.<br \/> Amigo inseparable de aquel ni\u00f1o,<br \/> que a\u00fan llevo incorporado en mi equipaje,<br \/> ra\u00edz de mi po\u00e9tico lamento;<br \/> solo puedo pagarle con cari\u00f1o:<br \/> me prest\u00f3 su mirada y su lenguaje,<br \/> para hacerme sentir lo que a\u00fan hoy siento.<\/div><div class=\"art-layout-cell\" style=\"width: 25%;\"><p style=\"text-align: center;\">PLATERO Y YO<br \/> <img loading=\"lazy\" decoding=\"async\" class=\"art-lightbox\" src=\"http:\/\/www.josemariatornay.com\/wp-content\/uploads\/2016\/11\/platero.jpg\" alt=\"\" width=\"120\" height=\"190\" \/><\/p><\/div><\/div><\/div><div class=\"art-content-layout\"><div class=\"art-content-layout-row\"><div class=\"art-layout-cell\" style=\"width: 25%;\"><p style=\"text-align: center;\">ATONIO MACHADO<br \/> <img loading=\"lazy\" decoding=\"async\" class=\"art-lightbox\" src=\"http:\/\/www.josemariatornay.com\/wp-content\/uploads\/2016\/11\/machado-2.jpg\" alt=\"\" width=\"153\" height=\"200\" \/><\/p><\/div><div class=\"art-layout-cell\" style=\"width: 25%;\">Al principio, moderno modernista,<br \/> alumno de Giner, aquel ronde\u00f1o<br \/> perseguidor incansable de un sue\u00f1o,<br \/> y como Antonio, aut\u00e9ntico krausista.<br \/> Este sabio, formal y generoso<br \/> puso en verso mis dudas y tus penas,<br \/> mis amargas derrotas, tus colmenas,<br \/> con su pulso certero y silencioso.<br \/> Este mortal sensible, humano y bueno,<br \/> v\u00edctima del rencor de aquel presente,<br \/> se atrac\u00f3 del hisp\u00e1nico veneno,<br \/> que lo fue asesinando lentamente;<br \/> y todo por aquel error obsceno<br \/> de so\u00f1ar una Espa\u00f1a diferente.<\/div><div class=\"art-layout-cell\" style=\"width: 25%;\"><p style=\"text-align: center;\">DON QUIJOTE<br \/> <img loading=\"lazy\" decoding=\"async\" class=\"art-lightbox\" src=\"http:\/\/www.josemariatornay.com\/wp-content\/uploads\/2016\/11\/donquijote.jpg\" alt=\"\" width=\"140\" height=\"190\" \/><\/p><\/div><div class=\"art-layout-cell\" style=\"width: 25%;\">Sus p\u00e1ginas te llevan por la senda,<br \/> que te transporta al coraz\u00f3n humano,<br \/> esa guerra entre opuestos, mano a mano,<br \/> que no existe erudito que comprenda.<br \/> Perla del idioma castellano,<br \/> libro que ya no es libro, que es leyenda;<br \/> no hay luz que su lectura no te encienda,<br \/> de entre todos los libros soberano.<br \/> Pegujal que es trigal y no barbecho,<br \/> tratado de la humana trayectoria,<br \/> espejo del placer y del provecho<br \/> de la humana verdad contradictoria;<br \/> valores tan sublimes que lo han hecho<br \/> el libro m\u00e1s grandioso de la historia.<\/div><\/div><\/div><div class=\"art-content-layout\"><div class=\"art-content-layout-row\"><div class=\"art-layout-cell\" style=\"width: 25%;\">A lomos de Babieca, su caballo,<br \/> cabalga El Cid los campos de Castilla,<br \/> caballero sin par sobre su silla,<br \/> su lanza rompe el viento como un rayo.<br \/> Siembra el pavor en moros y cristianos<br \/> su estampa colosal y gigantesca,<br \/> vasallo de inservibles soberanos,<br \/> campe\u00f3n de la grey caballeresca.<br \/> Este recio y tenaz Campeador,<br \/> a veces malquerido y desterrado<br \/> por la infamia soez de su se\u00f1or,<br \/> es de Espa\u00f1a esplendor de su pasado,<br \/> de las huestes morunas vencedor,<br \/> mito andante querido y recordado.<\/div><div class=\"art-layout-cell\" style=\"width: 25%;\"><p style=\"text-align: center;\">EL CID<\/p><p style=\"text-align: center;\"><img loading=\"lazy\" decoding=\"async\" class=\"art-lightbox\" src=\"http:\/\/www.josemariatornay.com\/wp-content\/uploads\/2016\/11\/elcid.jpg\" alt=\"\" width=\"213\" height=\"159\" \/><\/p><\/div><div class=\"art-layout-cell\" style=\"width: 25%;\">Ese manco pre\u00f1aba sus entra\u00f1as<br \/> con las miserias y las desventuras,<br \/> que asolaban las l\u00f3bregas y oscuras<br \/> verdades de una pobre y triste Espa\u00f1a.<br \/> Y acometi\u00f3 la colosal proeza<br \/> de trocar la congoja en hermosura,<br \/> de mudar en juicio la locura,<br \/> de templar con los libros su cabeza.<br \/> Su pluma fue m\u00e1s fuerte que su espada<br \/> su ingenio m\u00e1s rotundo que su gloria,<br \/> su prosa tan audaz como su vida<br \/> y en su recia verdad idealizada<br \/> se palpa la derrota y la victoria<br \/> del hombre revolc\u00e1ndose en su herida.<\/div><div class=\"art-layout-cell\" style=\"width: 25%;\"><p style=\"text-align: center;\">CERVANTES<br \/> <img loading=\"lazy\" decoding=\"async\" class=\"art-lightbox\" src=\"http:\/\/www.josemariatornay.com\/wp-content\/uploads\/2016\/11\/cervantes.jpg\" alt=\"\" width=\"200\" height=\"177\" \/><\/p><\/div><\/div><\/div><div class=\"art-content-layout\">\u00a0<\/div>\t\t\t\t\t\t<\/div>\n\t\t\t\t<\/div>\n\t\t\t\t\t<\/div>\n\t\t<\/div>\n\t\t\t\t\t<\/div>\n\t\t<\/section>\n\t\t\t\t<\/div>\n\t\t","protected":false},"excerpt":{"rendered":"<p>SONETOS DE ORO Bajar en pdf Comprar en papel Los genios de la literatura espa\u00f1ola, las obras y los personajes, que han llenado nuestras vidas de sue\u00f1os y nuestros sue\u00f1os de contenido, merec\u00edan este homenaje, que ocupar\u00e1, espero, los 365 d\u00edas del a\u00f1os 2015, octavo de la famosa crisis, que consist\u00eda en desmontar pieza a [&hellip;]<\/p>\n","protected":false},"author":1,"featured_media":0,"parent":0,"menu_order":24,"comment_status":"closed","ping_status":"closed","template":"","meta":{"_aioseop_title":"","_aioseop_description":"","ngg_post_thumbnail":0,"footnotes":""},"_links":{"self":[{"href":"https:\/\/www.josemariatornay.com\/index.php\/wp-json\/wp\/v2\/pages\/5375"}],"collection":[{"href":"https:\/\/www.josemariatornay.com\/index.php\/wp-json\/wp\/v2\/pages"}],"about":[{"href":"https:\/\/www.josemariatornay.com\/index.php\/wp-json\/wp\/v2\/types\/page"}],"author":[{"embeddable":true,"href":"https:\/\/www.josemariatornay.com\/index.php\/wp-json\/wp\/v2\/users\/1"}],"replies":[{"embeddable":true,"href":"https:\/\/www.josemariatornay.com\/index.php\/wp-json\/wp\/v2\/comments?post=5375"}],"version-history":[{"count":0,"href":"https:\/\/www.josemariatornay.com\/index.php\/wp-json\/wp\/v2\/pages\/5375\/revisions"}],"wp:attachment":[{"href":"https:\/\/www.josemariatornay.com\/index.php\/wp-json\/wp\/v2\/media?parent=5375"}],"curies":[{"name":"wp","href":"https:\/\/api.w.org\/{rel}","templated":true}]}}